{"id":739,"date":"2016-06-18T20:30:21","date_gmt":"2016-06-18T20:30:21","guid":{"rendered":"http:\/\/abayanalistas.net\/en\/?page_id=739"},"modified":"2016-11-21T20:59:11","modified_gmt":"2016-11-21T20:59:11","slug":"informes","status":"publish","type":"page","link":"https:\/\/abayanalistas.net\/en\/informes\/","title":{"rendered":"REPORTS"},"content":{"rendered":"<p><div class=\"fusion-fullwidth fullwidth-box nonhundred-percent-fullwidth non-hundred-percent-height-scrolling fusion-equal-height-columns\"  style='background-color: #eeb624;background-position: left top;background-repeat: no-repeat;padding-top:2%;padding-right:5%;padding-bottom:2%;padding-left:5%;border-top-width:0px;border-bottom-width:0px;border-color:#eae9e9;border-top-style:solid;border-bottom-style:solid;'><div class=\"fusion-builder-row fusion-row \"><div  class=\"fusion-layout-column fusion_builder_column fusion_builder_column_1_1  fusion-one-full fusion-column-first fusion-column-last fusion-column-no-min-height 1_1\"  style='margin-top:0px;margin-bottom:0px;'>\n\t\t\t\t\t<div class=\"fusion-column-wrapper\" style=\"background-position:left top;background-repeat:no-repeat;-webkit-background-size:cover;-moz-background-size:cover;-o-background-size:cover;background-size:cover;\"   data-bg-url=\"\">\n\t\t\t\t\t\t<div class=\"fusion-text\"><h3><span style=\"color: #ffffff;\">Our extensive and heterogeneous list of reports and publications speaks for itself about our career in consulting<\/span><\/h3>\n<\/div><div class=\"fusion-clearfix\"><\/div>\n\n\t\t\t\t\t<\/div>\n\t\t\t\t<\/div><\/div><\/div><div class=\"fusion-bg-parallax\"  data-bg-align=\"left top\" data-direction=\"left\" data-mute=\"false\" data-opacity=\"100\" data-velocity=\"-0.7\" data-mobile-enabled=\"true\" data-break_parents=\"0\" data-bg-image=\"http:\/\/abayanalistas.net\/en\/wp-content\/uploads\/informes.jpg\" data-bg-repeat=\"false\" data-bg-height=\"\" data-bg-width=\"\"><\/div><div class=\"fusion-fullwidth fullwidth-box fusion-parallax-left nonhundred-percent-fullwidth non-hundred-percent-height-scrolling\"  style='background-color: rgba(255,255,255,0);background-image: url(\"http:\/\/abayanalistas.net\/en\/wp-content\/uploads\/informes.jpg\");background-position: left top;background-repeat: no-repeat;padding-top:120px;padding-right:5%;padding-bottom:120px;padding-left:5%;border-top-width:0px;border-bottom-width:0px;border-color:#eae9e9;border-top-style:solid;border-bottom-style:solid;-webkit-background-size:cover;-moz-background-size:cover;-o-background-size:cover;background-size:cover;background-attachment:left;'><div class=\"fusion-builder-row fusion-row \"><div  class=\"fusion-layout-column fusion_builder_column fusion_builder_column_1_2  fusion-one-half fusion-column-first 1_2\"  style='margin-top:0px;margin-bottom:20px;width:48%; margin-right: 4%;'>\n\t\t\t\t\t<div class=\"fusion-column-wrapper\" style=\"background-position:left top;background-repeat:no-repeat;-webkit-background-size:cover;-moz-background-size:cover;-o-background-size:cover;background-size:cover;\"   data-bg-url=\"\">\n\t\t\t\t\t\t<div class=\"fusion-column-content-centered\"><div class=\"fusion-column-content\"><div class=\"fusion-text\"><p><span style=\"color: #ffffff;\">Abay develops tailor-made methodologies, both for obtaining first quantitative approaches in social issues, as well as for the evaluation of real impacts in reference to regulations, actions, programs or policies.<\/span><\/p>\n<\/div><\/div><\/div><div class=\"fusion-clearfix\"><\/div>\n\n\t\t\t\t\t<\/div>\n\t\t\t\t<\/div><\/div><\/div><div class=\"fusion-fullwidth fullwidth-box nonhundred-percent-fullwidth non-hundred-percent-height-scrolling fusion-equal-height-columns\"  style='background-color: rgba(255,255,255,0);background-position: left top;background-repeat: no-repeat;padding-top:5%;padding-right:5%;padding-bottom:5%;padding-left:5%;border-top-width:0px;border-bottom-width:0px;border-color:#eae9e9;border-top-style:solid;border-bottom-style:solid;'><div class=\"fusion-builder-row fusion-row \"><div  class=\"fusion-layout-column fusion_builder_column fusion_builder_column_1_1  fusion-one-full fusion-column-first fusion-column-last fusion-column-no-min-height 1_1\"  style='margin-top:0px;margin-bottom:0px;'>\n\t\t\t\t\t<div class=\"fusion-column-wrapper\" style=\"background-position:left top;background-repeat:no-repeat;-webkit-background-size:cover;-moz-background-size:cover;-o-background-size:cover;background-size:cover;\"   data-bg-url=\"\">\n\t\t\t\t\t\t<style type=\"text\/css\">.fusion-portfolio-wrapper#fusion-portfolio-1 .fusion-portfolio-content{  text-align: left; }<\/style><div class=\"fusion-recent-works fusion-portfolio-element fusion-portfolio fusion-portfolio-1 fusion-portfolio-grid fusion-portfolio-paging-none fusion-portfolio-four fusion-portfolio-unboxed fusion-portfolio-text fusion-portfolio-rollover fusion-animated\" data-id=\"-rw-1\" data-columns=\"four\" data-animationType=\"fadeInDown\" data-animationDuration=\"1\" data-animationOffset=\"100%\"><div role=\"menubar\"><ul class=\"fusion-filters\" role=\"menu\" aria-label=\"filters\"><li role=\"menuitem\" class=\"fusion-filter fusion-filter-all fusion-active\"><a href=\"#\" data-filter=\"*\">All<\/a><\/li><li role=\"menuitem\" class=\"fusion-filter fusion-hidden\"><a href=\"#\" data-filter=\".gender\">Gender<\/a><\/li><li role=\"menuitem\" class=\"fusion-filter fusion-hidden\"><a href=\"#\" data-filter=\".impact-and-policy-evaluation\">Impact and Policy Evaluation<\/a><\/li><li role=\"menuitem\" class=\"fusion-filter fusion-hidden\"><a href=\"#\" data-filter=\".sector-studies\">Sector Studies<\/a><\/li><li role=\"menuitem\" class=\"fusion-filter fusion-hidden\"><a href=\"#\" data-filter=\".sme-and-entrepreneurship\">SME and Entrepreneurship<\/a><\/li><li role=\"menuitem\" class=\"fusion-filter fusion-hidden\"><a href=\"#\" data-filter=\".social-topics\">Social topics<\/a><\/li><li role=\"menuitem\" class=\"fusion-filter fusion-hidden\"><a href=\"#\" data-filter=\".sustainability\">Sustainability<\/a><\/li><li role=\"menuitem\" class=\"fusion-filter fusion-hidden\"><a href=\"#\" data-filter=\".featured\">\u263c<\/a><\/li><\/ul><\/div><style type=\"text\/css\">.fusion-portfolio-1 .fusion-portfolio-wrapper .fusion-col-spacing{padding:15px;}<\/style><div class=\"fusion-portfolio-wrapper\" id=\"fusion-portfolio-1\" data-picturesize=\"auto\" data-pages=\"1\" style=\"margin:-15px;\"><article id=\"portfolio-1-post-2899\" class=\"fusion-portfolio-post sme-and-entrepreneurship fusion-col-spacing post-2899\"><div class=\"fusion-portfolio-content-wrapper\" style=\"border:none;\"><span class=\"vcard rich-snippet-hidden\"><span class=\"fn\"><a href=\"https:\/\/abayanalistas.net\/en\/author\/abay\/\" title=\"Posts by Abay\" rel=\"author\">Abay<\/a><\/span><\/span><span class=\"updated rich-snippet-hidden\">2016-12-26T20:55:54+00:00<\/span>\n\n<div  class=\"fusion-image-wrapper\" aria-haspopup=\"true\">\n\t\n\t\n\t\t\n\t\t\t\t\t<img loading=\"lazy\" decoding=\"async\" width=\"900\" height=\"1273\" src=\"https:\/\/abayanalistas.net\/en\/wp-content\/uploads\/III-Informe-financiacion-pyme-1-200x283.jpg\" class=\"attachment-full size-full wp-post-image\" alt=\"III Informe financiacion pyme 1\" srcset=\"https:\/\/abayanalistas.net\/en\/wp-content\/uploads\/III-Informe-financiacion-pyme-1-200x283.jpg 200w, https:\/\/abayanalistas.net\/en\/wp-content\/uploads\/III-Informe-financiacion-pyme-1-400x566.jpg 400w, https:\/\/abayanalistas.net\/en\/wp-content\/uploads\/III-Informe-financiacion-pyme-1-600x849.jpg 600w, https:\/\/abayanalistas.net\/en\/wp-content\/uploads\/III-Informe-financiacion-pyme-1-800x1132.jpg 800w, https:\/\/abayanalistas.net\/en\/wp-content\/uploads\/III-Informe-financiacion-pyme-1.jpg 900w\" sizes=\"(min-width: 2200px) 100vw, (min-width: 1106px) 270px, (min-width: 1044px) 360px, (min-width: 982px) 540px, (min-width: 920px) 982px, \" \/>\n\t\n\n\t\t<div class=\"fusion-rollover\">\n\t<div class=\"fusion-rollover-content\">\n\n\t\t\t\t\t\t\t\t\t\t\t\t\t\t<a class=\"fusion-rollover-link\" href=\"https:\/\/abayanalistas.net\/en\/portfolio\/iii-informe-la-financiacion-de-la-pyme-en-espana-resultados-de-septiembre-de-2016\/\">III INFORME \u201cLA FINANCIACI\u00d3N DE LA PYME EN ESPA\u00d1A\u201d Resultados de septiembre de 2016<\/a>\n\t\t\t\n\t\t\t\t\t\t\t\t\n\t\t\t\t\n\t\t\t\t\t\t\t\t\t\t\t\t<h4 class=\"fusion-rollover-title\">\n\t\t\t\t\t<a href=\"https:\/\/abayanalistas.net\/en\/portfolio\/iii-informe-la-financiacion-de-la-pyme-en-espana-resultados-de-septiembre-de-2016\/\">\n\t\t\t\t\t\tIII INFORME \u201cLA FINANCIACI\u00d3N DE LA PYME EN ESPA\u00d1A\u201d Resultados de septiembre de 2016\t\t\t\t\t<\/a>\n\t\t\t\t<\/h4>\n\t\t\t\n\t\t\t\t\t\t\t\t\n\t\t\n\t\t\t\t<a class=\"fusion-link-wrapper\" href=\"https:\/\/abayanalistas.net\/en\/portfolio\/iii-informe-la-financiacion-de-la-pyme-en-espana-resultados-de-septiembre-de-2016\/\" aria-label=\"III INFORME \u201cLA FINANCIACI\u00d3N DE LA PYME EN ESPA\u00d1A\u201d Resultados de septiembre de 2016\"><\/a>\n\t<\/div>\n<\/div>\n\n\t\n<\/div>\n<div class=\"fusion-portfolio-content\"><h2 class=\"entry-title fusion-post-title\"><a href=\"https:\/\/abayanalistas.net\/en\/portfolio\/iii-informe-la-financiacion-de-la-pyme-en-espana-resultados-de-septiembre-de-2016\/\">III INFORME \u201cLA FINANCIACI\u00d3N DE LA PYME EN ESPA\u00d1A\u201d Resultados de septiembre de 2016<\/a><\/h2><div class=\"fusion-portfolio-meta\"><a href=\"https:\/\/abayanalistas.net\/en\/portfolio_category\/sme-and-entrepreneurship\/\" rel=\"tag\">SME and Entrepreneurship<\/a><\/div><div class=\"fusion-post-content\"><p>CESGAR ha publicado el II informe sobre financiaci\u00f3n de la pyme espa\u00f1ola que Abay Analistas ha hecho para ellos.<\/p><\/div><\/div><\/div><\/article><article id=\"portfolio-1-post-2662\" class=\"fusion-portfolio-post sustainability fusion-col-spacing post-2662\"><div class=\"fusion-portfolio-content-wrapper\" style=\"border:none;\"><span class=\"vcard rich-snippet-hidden\"><span class=\"fn\"><a href=\"https:\/\/abayanalistas.net\/en\/author\/abay\/\" title=\"Posts by Abay\" rel=\"author\">Abay<\/a><\/span><\/span><span class=\"updated rich-snippet-hidden\">2016-11-21T19:52:23+00:00<\/span>\n\n<div  class=\"fusion-image-wrapper\" aria-haspopup=\"true\">\n\t\n\t\n\t\t\n\t\t\t\t\t<img loading=\"lazy\" decoding=\"async\" width=\"900\" height=\"1273\" src=\"https:\/\/abayanalistas.net\/en\/wp-content\/uploads\/Transicion-cuenca-minera-Teruel-1-200x283.jpg\" class=\"attachment-full size-full wp-post-image\" alt=\"El proceso de transici\u00f3n en la cuenca minera de Teruel\" srcset=\"https:\/\/abayanalistas.net\/en\/wp-content\/uploads\/Transicion-cuenca-minera-Teruel-1-200x283.jpg 200w, https:\/\/abayanalistas.net\/en\/wp-content\/uploads\/Transicion-cuenca-minera-Teruel-1-400x566.jpg 400w, https:\/\/abayanalistas.net\/en\/wp-content\/uploads\/Transicion-cuenca-minera-Teruel-1-600x849.jpg 600w, https:\/\/abayanalistas.net\/en\/wp-content\/uploads\/Transicion-cuenca-minera-Teruel-1-800x1132.jpg 800w, https:\/\/abayanalistas.net\/en\/wp-content\/uploads\/Transicion-cuenca-minera-Teruel-1.jpg 900w\" sizes=\"(min-width: 2200px) 100vw, (min-width: 1106px) 270px, (min-width: 1044px) 360px, (min-width: 982px) 540px, (min-width: 920px) 982px, \" \/>\n\t\n\n\t\t<div class=\"fusion-rollover\">\n\t<div class=\"fusion-rollover-content\">\n\n\t\t\t\t\t\t\t\t\t\t\t\t\t\t<a class=\"fusion-rollover-link\" href=\"https:\/\/abayanalistas.net\/en\/portfolio\/proceso-transicion-la-cuenca-minera-teruel\/\">El proceso de transici\u00f3n en la cuenca minera de Teruel<\/a>\n\t\t\t\n\t\t\t\t\t\t\t\t\n\t\t\t\t\n\t\t\t\t\t\t\t\t\t\t\t\t<h4 class=\"fusion-rollover-title\">\n\t\t\t\t\t<a href=\"https:\/\/abayanalistas.net\/en\/portfolio\/proceso-transicion-la-cuenca-minera-teruel\/\">\n\t\t\t\t\t\tEl proceso de transici\u00f3n en la cuenca minera de Teruel\t\t\t\t\t<\/a>\n\t\t\t\t<\/h4>\n\t\t\t\n\t\t\t\t\t\t\t\t\n\t\t\n\t\t\t\t<a class=\"fusion-link-wrapper\" href=\"https:\/\/abayanalistas.net\/en\/portfolio\/proceso-transicion-la-cuenca-minera-teruel\/\" aria-label=\"El proceso de transici\u00f3n en la cuenca minera de Teruel\"><\/a>\n\t<\/div>\n<\/div>\n\n\t\n<\/div>\n<div class=\"fusion-portfolio-content\"><h2 class=\"entry-title fusion-post-title\"><a href=\"https:\/\/abayanalistas.net\/en\/portfolio\/proceso-transicion-la-cuenca-minera-teruel\/\">El proceso de transici\u00f3n en la cuenca minera de Teruel<\/a><\/h2><div class=\"fusion-portfolio-meta\"><a href=\"https:\/\/abayanalistas.net\/en\/portfolio_category\/sustainability\/\" rel=\"tag\">Sustainability<\/a><\/div><div class=\"fusion-post-content\"><p>Abay Analistas ha elaborado el informe \"El proceso de transici\u00f3n en la cuenca minera de Teruel\" para Greenpeace.<\/p><\/div><\/div><\/div><\/article><article id=\"portfolio-1-post-2623\" class=\"fusion-portfolio-post sustainability fusion-col-spacing post-2623\"><div class=\"fusion-portfolio-content-wrapper\" style=\"border:none;\"><span class=\"vcard rich-snippet-hidden\"><span class=\"fn\"><a href=\"https:\/\/abayanalistas.net\/en\/author\/abay\/\" title=\"Posts by Abay\" rel=\"author\">Abay<\/a><\/span><\/span><span class=\"updated rich-snippet-hidden\">2016-11-21T19:52:23+00:00<\/span>\n\n<div  class=\"fusion-image-wrapper\" aria-haspopup=\"true\">\n\t\n\t\n\t\t\n\t\t\t\t\t<img loading=\"lazy\" decoding=\"async\" width=\"900\" height=\"900\" src=\"https:\/\/abayanalistas.net\/en\/wp-content\/uploads\/cierre-nucleares_resumen-ejecutivo-1-200x200.jpg\" class=\"attachment-full size-full wp-post-image\" alt=\"El inevitable cierre de las centrales nucleares espa\u00f1olas: una oportunidad econ\u00f3mica y social-1\" srcset=\"https:\/\/abayanalistas.net\/en\/wp-content\/uploads\/cierre-nucleares_resumen-ejecutivo-1-200x200.jpg 200w, https:\/\/abayanalistas.net\/en\/wp-content\/uploads\/cierre-nucleares_resumen-ejecutivo-1-400x400.jpg 400w, https:\/\/abayanalistas.net\/en\/wp-content\/uploads\/cierre-nucleares_resumen-ejecutivo-1-600x600.jpg 600w, https:\/\/abayanalistas.net\/en\/wp-content\/uploads\/cierre-nucleares_resumen-ejecutivo-1-800x800.jpg 800w, https:\/\/abayanalistas.net\/en\/wp-content\/uploads\/cierre-nucleares_resumen-ejecutivo-1.jpg 900w\" sizes=\"(min-width: 2200px) 100vw, (min-width: 1106px) 270px, (min-width: 1044px) 360px, (min-width: 982px) 540px, (min-width: 920px) 982px, \" \/>\n\t\n\n\t\t<div class=\"fusion-rollover\">\n\t<div class=\"fusion-rollover-content\">\n\n\t\t\t\t\t\t\t\t\t\t\t\t\t\t<a class=\"fusion-rollover-link\" href=\"https:\/\/abayanalistas.net\/en\/portfolio\/impacto-economico-del-desmantelamiento-nuclear-espana\/\">El impacto econ\u00f3mico del desmantelamiento nuclear en Espa\u00f1a<\/a>\n\t\t\t\n\t\t\t\t\t\t\t\t\n\t\t\t\t\n\t\t\t\t\t\t\t\t\t\t\t\t<h4 class=\"fusion-rollover-title\">\n\t\t\t\t\t<a href=\"https:\/\/abayanalistas.net\/en\/portfolio\/impacto-economico-del-desmantelamiento-nuclear-espana\/\">\n\t\t\t\t\t\tEl impacto econ\u00f3mico del desmantelamiento nuclear en Espa\u00f1a\t\t\t\t\t<\/a>\n\t\t\t\t<\/h4>\n\t\t\t\n\t\t\t\t\t\t\t\t\n\t\t\n\t\t\t\t<a class=\"fusion-link-wrapper\" href=\"https:\/\/abayanalistas.net\/en\/portfolio\/impacto-economico-del-desmantelamiento-nuclear-espana\/\" aria-label=\"El impacto econ\u00f3mico del desmantelamiento nuclear en Espa\u00f1a\"><\/a>\n\t<\/div>\n<\/div>\n\n\t\n<\/div>\n<div class=\"fusion-portfolio-content\"><h2 class=\"entry-title fusion-post-title\"><a href=\"https:\/\/abayanalistas.net\/en\/portfolio\/impacto-economico-del-desmantelamiento-nuclear-espana\/\">El impacto econ\u00f3mico del desmantelamiento nuclear en Espa\u00f1a<\/a><\/h2><div class=\"fusion-portfolio-meta\"><a href=\"https:\/\/abayanalistas.net\/en\/portfolio_category\/sustainability\/\" rel=\"tag\">Sustainability<\/a><\/div><div class=\"fusion-post-content\"><p>Abay Analistas ha elaborado el informe \"El impacto econ\u00f3mico del desmantelamiento nuclear en Espa\u00f1a\" para Greenpeace.\r\nEl cierre progresivo de las instalaciones nucleares es una de las demandas de Greenpeace. Las centrales nucleares crean residuos nucleares peligrosos para la salud y el medio ambiente que tardan cientos de a\u00f1os en degradarse, y los accidentes nucleares arruinan regiones vast\u00edsimas.<\/p><\/div><\/div><\/div><\/article><article id=\"portfolio-1-post-2599\" class=\"fusion-portfolio-post social-topics fusion-col-spacing post-2599\"><div class=\"fusion-portfolio-content-wrapper\" style=\"border:none;\"><span class=\"vcard rich-snippet-hidden\"><span class=\"fn\"><a href=\"https:\/\/abayanalistas.net\/en\/author\/abay\/\" title=\"Posts by Abay\" rel=\"author\">Abay<\/a><\/span><\/span><span class=\"updated rich-snippet-hidden\">2016-11-21T19:52:24+00:00<\/span>\n\n<div  class=\"fusion-image-wrapper\" aria-haspopup=\"true\">\n\t\n\t\n\t\t\n\t\t\t\t\t<img loading=\"lazy\" decoding=\"async\" width=\"900\" height=\"1273\" src=\"https:\/\/abayanalistas.net\/en\/wp-content\/uploads\/necesita-mejorar-1-200x283.jpg\" class=\"attachment-full size-full wp-post-image\" alt=\"\" srcset=\"https:\/\/abayanalistas.net\/en\/wp-content\/uploads\/necesita-mejorar-1-200x283.jpg 200w, https:\/\/abayanalistas.net\/en\/wp-content\/uploads\/necesita-mejorar-1-400x566.jpg 400w, https:\/\/abayanalistas.net\/en\/wp-content\/uploads\/necesita-mejorar-1-600x849.jpg 600w, https:\/\/abayanalistas.net\/en\/wp-content\/uploads\/necesita-mejorar-1-800x1132.jpg 800w, https:\/\/abayanalistas.net\/en\/wp-content\/uploads\/necesita-mejorar-1.jpg 900w\" sizes=\"(min-width: 2200px) 100vw, (min-width: 1106px) 270px, (min-width: 1044px) 360px, (min-width: 982px) 540px, (min-width: 920px) 982px, \" \/>\n\t\n\n\t\t<div class=\"fusion-rollover\">\n\t<div class=\"fusion-rollover-content\">\n\n\t\t\t\t\t\t\t\t\t\t\t\t\t\t<a class=\"fusion-rollover-link\" href=\"https:\/\/abayanalistas.net\/en\/portfolio\/necesita-mejorar\/\">Necesita mejorar, por un sistema educativo que no deje a nadie atr\u00e1s<\/a>\n\t\t\t\n\t\t\t\t\t\t\t\t\n\t\t\t\t\n\t\t\t\t\t\t\t\t\t\t\t\t<h4 class=\"fusion-rollover-title\">\n\t\t\t\t\t<a href=\"https:\/\/abayanalistas.net\/en\/portfolio\/necesita-mejorar\/\">\n\t\t\t\t\t\tNecesita mejorar, por un sistema educativo que no deje a nadie atr\u00e1s\t\t\t\t\t<\/a>\n\t\t\t\t<\/h4>\n\t\t\t\n\t\t\t\t\t\t\t\t\n\t\t\n\t\t\t\t<a class=\"fusion-link-wrapper\" href=\"https:\/\/abayanalistas.net\/en\/portfolio\/necesita-mejorar\/\" aria-label=\"Necesita mejorar, por un sistema educativo que no deje a nadie atr\u00e1s\"><\/a>\n\t<\/div>\n<\/div>\n\n\t\n<\/div>\n<div class=\"fusion-portfolio-content\"><h2 class=\"entry-title fusion-post-title\"><a href=\"https:\/\/abayanalistas.net\/en\/portfolio\/necesita-mejorar\/\">Necesita mejorar, por un sistema educativo que no deje a nadie atr\u00e1s<\/a><\/h2><div class=\"fusion-portfolio-meta\"><a href=\"https:\/\/abayanalistas.net\/en\/portfolio_category\/social-topics\/\" rel=\"tag\">Social topics<\/a><\/div><div class=\"fusion-post-content\"><p>Abay Analistas ha colaborado en la elaboraci\u00f3n de este informe que ha sido realizado en base a la investigaci\u00f3n \u2018Los principios de un sistema educativo que no deje a nadie atr\u00e1s\u2019, dirigida por Aina Tarabini y Xavier Bonal, del Grupo de Investigaci\u00f3n en Globalizaci\u00f3n, Educaci\u00f3n y Pol\u00edticas Sociales, de la Universidad Aut\u00f3noma de Barcelona.<\/p><\/div><\/div><\/div><\/article><article id=\"portfolio-1-post-2108\" class=\"fusion-portfolio-post sme-and-entrepreneurship featured fusion-col-spacing post-2108\"><div class=\"fusion-portfolio-content-wrapper\" style=\"border:none;\"><span class=\"vcard rich-snippet-hidden\"><span class=\"fn\"><a href=\"https:\/\/abayanalistas.net\/en\/author\/abay\/\" title=\"Posts by Abay\" rel=\"author\">Abay<\/a><\/span><\/span><span class=\"updated rich-snippet-hidden\">2016-11-21T19:52:24+00:00<\/span>\n\n<div  class=\"fusion-image-wrapper\" aria-haspopup=\"true\">\n\t\n\t\n\t\t\n\t\t\t\t\t<img loading=\"lazy\" decoding=\"async\" width=\"900\" height=\"1273\" src=\"https:\/\/abayanalistas.net\/en\/wp-content\/uploads\/financiacion-pyme-2015-1-200x283.jpg\" class=\"attachment-full size-full wp-post-image\" alt=\"\" srcset=\"https:\/\/abayanalistas.net\/en\/wp-content\/uploads\/financiacion-pyme-2015-1-200x283.jpg 200w, https:\/\/abayanalistas.net\/en\/wp-content\/uploads\/financiacion-pyme-2015-1-400x566.jpg 400w, https:\/\/abayanalistas.net\/en\/wp-content\/uploads\/financiacion-pyme-2015-1-600x849.jpg 600w, https:\/\/abayanalistas.net\/en\/wp-content\/uploads\/financiacion-pyme-2015-1-800x1132.jpg 800w, https:\/\/abayanalistas.net\/en\/wp-content\/uploads\/financiacion-pyme-2015-1.jpg 900w\" sizes=\"(min-width: 2200px) 100vw, (min-width: 1106px) 270px, (min-width: 1044px) 360px, (min-width: 982px) 540px, (min-width: 920px) 982px, \" \/>\n\t\n\n\t\t<div class=\"fusion-rollover\">\n\t<div class=\"fusion-rollover-content\">\n\n\t\t\t\t\t\t\t\t\t\t\t\t\t\t<a class=\"fusion-rollover-link\" href=\"https:\/\/abayanalistas.net\/en\/portfolio\/situacion-de-las-pymes-y-autonomos-en-relacion-con-la-financiacion-ajena\/\">Situaci\u00f3n de las Pymes y aut\u00f3nomos en relaci\u00f3n con la financiaci\u00f3n ajena<\/a>\n\t\t\t\n\t\t\t\t\t\t\t\t\n\t\t\t\t\n\t\t\t\t\t\t\t\t\t\t\t\t<h4 class=\"fusion-rollover-title\">\n\t\t\t\t\t<a href=\"https:\/\/abayanalistas.net\/en\/portfolio\/situacion-de-las-pymes-y-autonomos-en-relacion-con-la-financiacion-ajena\/\">\n\t\t\t\t\t\tSituaci\u00f3n de las Pymes y aut\u00f3nomos en relaci\u00f3n con la financiaci\u00f3n ajena\t\t\t\t\t<\/a>\n\t\t\t\t<\/h4>\n\t\t\t\n\t\t\t\t\t\t\t\t\n\t\t\n\t\t\t\t<a class=\"fusion-link-wrapper\" href=\"https:\/\/abayanalistas.net\/en\/portfolio\/situacion-de-las-pymes-y-autonomos-en-relacion-con-la-financiacion-ajena\/\" aria-label=\"Situaci\u00f3n de las Pymes y aut\u00f3nomos en relaci\u00f3n con la financiaci\u00f3n ajena\"><\/a>\n\t<\/div>\n<\/div>\n\n\t\n<\/div>\n<div class=\"fusion-portfolio-content\"><h2 class=\"entry-title fusion-post-title\"><a href=\"https:\/\/abayanalistas.net\/en\/portfolio\/situacion-de-las-pymes-y-autonomos-en-relacion-con-la-financiacion-ajena\/\">Situaci\u00f3n de las Pymes y aut\u00f3nomos en relaci\u00f3n con la financiaci\u00f3n ajena<\/a><\/h2><div class=\"fusion-portfolio-meta\"><a href=\"https:\/\/abayanalistas.net\/en\/portfolio_category\/sme-and-entrepreneurship\/\" rel=\"tag\">SME and Entrepreneurship<\/a>, <a href=\"https:\/\/abayanalistas.net\/en\/portfolio_category\/featured\/\" rel=\"tag\">\u263c<\/a><\/div><div class=\"fusion-post-content\"><p>Abay Analistas ha llevado a cabo un estudio para CESGAR (Confederaci\u00f3n Espa\u00f1ola de Garant\u00eda Rec\u00edproca) que ha permitido elaborar una aproximaci\u00f3n global sobre el acceso a financiaci\u00f3n de pymes y aut\u00f3nomos, aportando informaci\u00f3n anal\u00edtica y de prospectiva sobre la situaci\u00f3n actual, las necesidades y demandas del sector. Asimismo, el estudio ha permitido valorar la posici\u00f3n de las Sociedades de Garant\u00eda Rec\u00edprocas en este \u00e1mbito.<\/p><\/div><\/div><\/div><\/article><article id=\"portfolio-1-post-970\" class=\"fusion-portfolio-post sector-studies sme-and-entrepreneurship fusion-col-spacing post-970\"><div class=\"fusion-portfolio-content-wrapper\" style=\"border:none;\"><span class=\"vcard rich-snippet-hidden\"><span class=\"fn\"><a href=\"https:\/\/abayanalistas.net\/en\/author\/abay\/\" title=\"Posts by Abay\" rel=\"author\">Abay<\/a><\/span><\/span><span class=\"updated rich-snippet-hidden\">2016-11-21T19:52:24+00:00<\/span>\n\n<div  class=\"fusion-image-wrapper\" aria-haspopup=\"true\">\n\t\n\t\n\t\t\n\t\t\t\t\t<img loading=\"lazy\" decoding=\"async\" width=\"900\" height=\"1273\" src=\"https:\/\/abayanalistas.net\/en\/wp-content\/uploads\/Fomento-presencia-economia-social-1-200x283.jpg\" class=\"attachment-full size-full wp-post-image\" alt=\"\" srcset=\"https:\/\/abayanalistas.net\/en\/wp-content\/uploads\/Fomento-presencia-economia-social-1-200x283.jpg 200w, https:\/\/abayanalistas.net\/en\/wp-content\/uploads\/Fomento-presencia-economia-social-1-400x566.jpg 400w, https:\/\/abayanalistas.net\/en\/wp-content\/uploads\/Fomento-presencia-economia-social-1-600x849.jpg 600w, https:\/\/abayanalistas.net\/en\/wp-content\/uploads\/Fomento-presencia-economia-social-1-800x1132.jpg 800w, https:\/\/abayanalistas.net\/en\/wp-content\/uploads\/Fomento-presencia-economia-social-1.jpg 900w\" sizes=\"(min-width: 2200px) 100vw, (min-width: 1106px) 270px, (min-width: 1044px) 360px, (min-width: 982px) 540px, (min-width: 920px) 982px, \" \/>\n\t\n\n\t\t<div class=\"fusion-rollover\">\n\t<div class=\"fusion-rollover-content\">\n\n\t\t\t\t\t\t\t\t\t\t\t\t\t\t<a class=\"fusion-rollover-link\" href=\"https:\/\/abayanalistas.net\/en\/portfolio\/fomento-de-la-presencia-de-la-economia-social-en-el-emprendimiento-de-base-tecnologica-y-otras-actividades-emergentes\/\">Fomento de la presencia de la econom\u00eda social en el emprendimiento de base tecnol\u00f3gica y otras actividades emergentes<\/a>\n\t\t\t\n\t\t\t\t\t\t\t\t\n\t\t\t\t\n\t\t\t\t\t\t\t\t\t\t\t\t<h4 class=\"fusion-rollover-title\">\n\t\t\t\t\t<a href=\"https:\/\/abayanalistas.net\/en\/portfolio\/fomento-de-la-presencia-de-la-economia-social-en-el-emprendimiento-de-base-tecnologica-y-otras-actividades-emergentes\/\">\n\t\t\t\t\t\tFomento de la presencia de la econom\u00eda social en el emprendimiento de base tecnol\u00f3gica y otras actividades emergentes\t\t\t\t\t<\/a>\n\t\t\t\t<\/h4>\n\t\t\t\n\t\t\t\t\t\t\t\t\n\t\t\n\t\t\t\t<a class=\"fusion-link-wrapper\" href=\"https:\/\/abayanalistas.net\/en\/portfolio\/fomento-de-la-presencia-de-la-economia-social-en-el-emprendimiento-de-base-tecnologica-y-otras-actividades-emergentes\/\" aria-label=\"Fomento de la presencia de la econom\u00eda social en el emprendimiento de base tecnol\u00f3gica y otras actividades emergentes\"><\/a>\n\t<\/div>\n<\/div>\n\n\t\n<\/div>\n<div class=\"fusion-portfolio-content\"><h2 class=\"entry-title fusion-post-title\"><a href=\"https:\/\/abayanalistas.net\/en\/portfolio\/fomento-de-la-presencia-de-la-economia-social-en-el-emprendimiento-de-base-tecnologica-y-otras-actividades-emergentes\/\">Fomento de la presencia de la econom\u00eda social en el emprendimiento de base tecnol\u00f3gica y otras actividades emergentes<\/a><\/h2><div class=\"fusion-portfolio-meta\"><a href=\"https:\/\/abayanalistas.net\/en\/portfolio_category\/sector-studies\/\" rel=\"tag\">Sector Studies<\/a>, <a href=\"https:\/\/abayanalistas.net\/en\/portfolio_category\/sme-and-entrepreneurship\/\" rel=\"tag\">SME and Entrepreneurship<\/a><\/div><div class=\"fusion-post-content\"><p>Hay plena coincidencia sobre la importancia de las transformaciones sociales y econ\u00f3micas que las nuevas tecnolog\u00edas, especialmente las Tecnolog\u00edas de la Informaci\u00f3n y la Comunicaci\u00f3n (TIC), han originado en las \u00faltimas d\u00e9cadas.<\/p><\/div><\/div><\/div><\/article><article id=\"portfolio-1-post-1071\" class=\"fusion-portfolio-post sector-studies sme-and-entrepreneurship fusion-col-spacing post-1071\"><div class=\"fusion-portfolio-content-wrapper\" style=\"border:none;\"><span class=\"vcard rich-snippet-hidden\"><span class=\"fn\"><a href=\"https:\/\/abayanalistas.net\/en\/author\/abay\/\" title=\"Posts by Abay\" rel=\"author\">Abay<\/a><\/span><\/span><span class=\"updated rich-snippet-hidden\">2016-11-21T19:52:24+00:00<\/span>\n\n<div  class=\"fusion-image-wrapper\" aria-haspopup=\"true\">\n\t\n\t\n\t\t\n\t\t\t\t\t<img loading=\"lazy\" decoding=\"async\" width=\"900\" height=\"1273\" src=\"https:\/\/abayanalistas.net\/en\/wp-content\/uploads\/Informe-competitividad-artesano-1-200x283.jpg\" class=\"attachment-full size-full wp-post-image\" alt=\"\" srcset=\"https:\/\/abayanalistas.net\/en\/wp-content\/uploads\/Informe-competitividad-artesano-1-200x283.jpg 200w, https:\/\/abayanalistas.net\/en\/wp-content\/uploads\/Informe-competitividad-artesano-1-400x566.jpg 400w, https:\/\/abayanalistas.net\/en\/wp-content\/uploads\/Informe-competitividad-artesano-1-600x849.jpg 600w, https:\/\/abayanalistas.net\/en\/wp-content\/uploads\/Informe-competitividad-artesano-1-800x1132.jpg 800w, https:\/\/abayanalistas.net\/en\/wp-content\/uploads\/Informe-competitividad-artesano-1.jpg 900w\" sizes=\"(min-width: 2200px) 100vw, (min-width: 1106px) 270px, (min-width: 1044px) 360px, (min-width: 982px) 540px, (min-width: 920px) 982px, \" \/>\n\t\n\n\t\t<div class=\"fusion-rollover\">\n\t<div class=\"fusion-rollover-content\">\n\n\t\t\t\t\t\t\t\t\t\t\t\t\t\t<a class=\"fusion-rollover-link\" href=\"https:\/\/abayanalistas.net\/en\/portfolio\/situacion-de-la-artesania-en-espana\/\">Situaci\u00f3n de la artesan\u00eda en Espa\u00f1a<\/a>\n\t\t\t\n\t\t\t\t\t\t\t\t\n\t\t\t\t\n\t\t\t\t\t\t\t\t\t\t\t\t<h4 class=\"fusion-rollover-title\">\n\t\t\t\t\t<a href=\"https:\/\/abayanalistas.net\/en\/portfolio\/situacion-de-la-artesania-en-espana\/\">\n\t\t\t\t\t\tSituaci\u00f3n de la artesan\u00eda en Espa\u00f1a\t\t\t\t\t<\/a>\n\t\t\t\t<\/h4>\n\t\t\t\n\t\t\t\t\t\t\t\t\n\t\t\n\t\t\t\t<a class=\"fusion-link-wrapper\" href=\"https:\/\/abayanalistas.net\/en\/portfolio\/situacion-de-la-artesania-en-espana\/\" aria-label=\"Situaci\u00f3n de la artesan\u00eda en Espa\u00f1a\"><\/a>\n\t<\/div>\n<\/div>\n\n\t\n<\/div>\n<div class=\"fusion-portfolio-content\"><h2 class=\"entry-title fusion-post-title\"><a href=\"https:\/\/abayanalistas.net\/en\/portfolio\/situacion-de-la-artesania-en-espana\/\">Situaci\u00f3n de la artesan\u00eda en Espa\u00f1a<\/a><\/h2><div class=\"fusion-portfolio-meta\"><a href=\"https:\/\/abayanalistas.net\/en\/portfolio_category\/sector-studies\/\" rel=\"tag\">Sector Studies<\/a>, <a href=\"https:\/\/abayanalistas.net\/en\/portfolio_category\/sme-and-entrepreneurship\/\" rel=\"tag\">SME and Entrepreneurship<\/a><\/div><div class=\"fusion-post-content\"><p>En los \u00faltimos a\u00f1os, el sector de la artesan\u00eda ha conocido un importante proceso de transformaci\u00f3n como consecuencia, por una parte, de su adaptaci\u00f3n a una coyuntura econ\u00f3mica desfavorable, y por otra, de la irrupci\u00f3n y consolidaci\u00f3n de las nuevas tecnolog\u00edas de la informaci\u00f3n y la comunicaci\u00f3n y de la globalizaci\u00f3n de la oferta y de la demanda.<\/p><\/div><\/div><\/div><\/article><article id=\"portfolio-1-post-1816\" class=\"fusion-portfolio-post impact-and-policy-evaluation social-topics sustainability featured fusion-col-spacing post-1816\"><div class=\"fusion-portfolio-content-wrapper\" style=\"border:none;\"><span class=\"vcard rich-snippet-hidden\"><span class=\"fn\"><a href=\"https:\/\/abayanalistas.net\/en\/author\/abay\/\" title=\"Posts by Abay\" rel=\"author\">Abay<\/a><\/span><\/span><span class=\"updated rich-snippet-hidden\">2016-11-21T19:52:25+00:00<\/span>\n\n<div  class=\"fusion-image-wrapper\" aria-haspopup=\"true\">\n\t\n\t\n\t\t\n\t\t\t\t\t<img loading=\"lazy\" decoding=\"async\" width=\"900\" height=\"1273\" src=\"https:\/\/abayanalistas.net\/en\/wp-content\/uploads\/equidad-educativa-iluminando-futuro-1-200x283.jpg\" class=\"attachment-full size-full wp-post-image\" alt=\"\" srcset=\"https:\/\/abayanalistas.net\/en\/wp-content\/uploads\/equidad-educativa-iluminando-futuro-1-200x283.jpg 200w, https:\/\/abayanalistas.net\/en\/wp-content\/uploads\/equidad-educativa-iluminando-futuro-1-400x566.jpg 400w, https:\/\/abayanalistas.net\/en\/wp-content\/uploads\/equidad-educativa-iluminando-futuro-1-600x849.jpg 600w, https:\/\/abayanalistas.net\/en\/wp-content\/uploads\/equidad-educativa-iluminando-futuro-1-800x1132.jpg 800w, https:\/\/abayanalistas.net\/en\/wp-content\/uploads\/equidad-educativa-iluminando-futuro-1.jpg 900w\" sizes=\"(min-width: 2200px) 100vw, (min-width: 1106px) 270px, (min-width: 1044px) 360px, (min-width: 982px) 540px, (min-width: 920px) 982px, \" \/>\n\t\n\n\t\t<div class=\"fusion-rollover\">\n\t<div class=\"fusion-rollover-content\">\n\n\t\t\t\t\t\t\t\t\t\t\t\t\t\t<a class=\"fusion-rollover-link\" href=\"https:\/\/abayanalistas.net\/en\/portfolio\/iluminando-el-futuro-indice-de-save-the-children-sobre-equidad-educativa-en-espana-por-comunidades-autonomas\/\">Iluminando el futuro (\u00edndice de Save the Children sobre equidad educativa en Espa\u00f1a por comunidades aut\u00f3nomas)<\/a>\n\t\t\t\n\t\t\t\t\t\t\t\t\n\t\t\t\t\n\t\t\t\t\t\t\t\t\t\t\t\t<h4 class=\"fusion-rollover-title\">\n\t\t\t\t\t<a href=\"https:\/\/abayanalistas.net\/en\/portfolio\/iluminando-el-futuro-indice-de-save-the-children-sobre-equidad-educativa-en-espana-por-comunidades-autonomas\/\">\n\t\t\t\t\t\tIluminando el futuro (\u00edndice de Save the Children sobre equidad educativa en Espa\u00f1a por comunidades aut\u00f3nomas)\t\t\t\t\t<\/a>\n\t\t\t\t<\/h4>\n\t\t\t\n\t\t\t\t\t\t\t\t\n\t\t\n\t\t\t\t<a class=\"fusion-link-wrapper\" href=\"https:\/\/abayanalistas.net\/en\/portfolio\/iluminando-el-futuro-indice-de-save-the-children-sobre-equidad-educativa-en-espana-por-comunidades-autonomas\/\" aria-label=\"Iluminando el futuro (\u00edndice de Save the Children sobre equidad educativa en Espa\u00f1a por comunidades aut\u00f3nomas)\"><\/a>\n\t<\/div>\n<\/div>\n\n\t\n<\/div>\n<div class=\"fusion-portfolio-content\"><h2 class=\"entry-title fusion-post-title\"><a href=\"https:\/\/abayanalistas.net\/en\/portfolio\/iluminando-el-futuro-indice-de-save-the-children-sobre-equidad-educativa-en-espana-por-comunidades-autonomas\/\">Iluminando el futuro (\u00edndice de Save the Children sobre equidad educativa en Espa\u00f1a por comunidades aut\u00f3nomas)<\/a><\/h2><div class=\"fusion-portfolio-meta\"><a href=\"https:\/\/abayanalistas.net\/en\/portfolio_category\/impact-and-policy-evaluation\/\" rel=\"tag\">Impact and Policy Evaluation<\/a>, <a href=\"https:\/\/abayanalistas.net\/en\/portfolio_category\/social-topics\/\" rel=\"tag\">Social topics<\/a>, <a href=\"https:\/\/abayanalistas.net\/en\/portfolio_category\/sustainability\/\" rel=\"tag\">Sustainability<\/a>, <a href=\"https:\/\/abayanalistas.net\/en\/portfolio_category\/featured\/\" rel=\"tag\">\u263c<\/a><\/div><div class=\"fusion-post-content\"><p>Save the Children es testigo en todo el mundo de c\u00f3mo la pobreza est\u00e1 privando a las ni\u00f1as y los ni\u00f1os de oportunidades educativas. Sabemos que la educaci\u00f3n tiene una fuerza extraordinaria para compensar la pobreza y la desigualdad. <\/p><\/div><\/div><\/div><\/article><article id=\"portfolio-1-post-1699\" class=\"fusion-portfolio-post gender fusion-col-spacing post-1699\"><div class=\"fusion-portfolio-content-wrapper\" style=\"border:none;\"><span class=\"vcard rich-snippet-hidden\"><span class=\"fn\"><a href=\"https:\/\/abayanalistas.net\/en\/author\/abay\/\" title=\"Posts by Abay\" rel=\"author\">Abay<\/a><\/span><\/span><span class=\"updated rich-snippet-hidden\">2016-11-21T19:52:25+00:00<\/span>\n\n<div  class=\"fusion-image-wrapper\" aria-haspopup=\"true\">\n\t\n\t\n\t\t\n\t\t\t\t\t<img loading=\"lazy\" decoding=\"async\" width=\"900\" height=\"1274\" src=\"https:\/\/abayanalistas.net\/en\/wp-content\/uploads\/informe-espana-2015-1-200x283.jpg\" class=\"attachment-full size-full wp-post-image\" alt=\"\" srcset=\"https:\/\/abayanalistas.net\/en\/wp-content\/uploads\/informe-espana-2015-1-200x283.jpg 200w, https:\/\/abayanalistas.net\/en\/wp-content\/uploads\/informe-espana-2015-1-400x566.jpg 400w, https:\/\/abayanalistas.net\/en\/wp-content\/uploads\/informe-espana-2015-1-600x849.jpg 600w, https:\/\/abayanalistas.net\/en\/wp-content\/uploads\/informe-espana-2015-1-800x1132.jpg 800w, https:\/\/abayanalistas.net\/en\/wp-content\/uploads\/informe-espana-2015-1.jpg 900w\" sizes=\"(min-width: 2200px) 100vw, (min-width: 1106px) 270px, (min-width: 1044px) 360px, (min-width: 982px) 540px, (min-width: 920px) 982px, \" \/>\n\t\n\n\t\t<div class=\"fusion-rollover\">\n\t<div class=\"fusion-rollover-content\">\n\n\t\t\t\t\t\t\t\t\t\t\t\t\t\t<a class=\"fusion-rollover-link\" href=\"https:\/\/abayanalistas.net\/en\/portfolio\/los-retos-en-el-camino-hacia-la-igualdad-de-genero\/\">Los retos en el camino hacia la igualdad de g\u00e9nero<\/a>\n\t\t\t\n\t\t\t\t\t\t\t\t\n\t\t\t\t\n\t\t\t\t\t\t\t\t\t\t\t\t<h4 class=\"fusion-rollover-title\">\n\t\t\t\t\t<a href=\"https:\/\/abayanalistas.net\/en\/portfolio\/los-retos-en-el-camino-hacia-la-igualdad-de-genero\/\">\n\t\t\t\t\t\tLos retos en el camino hacia la igualdad de g\u00e9nero\t\t\t\t\t<\/a>\n\t\t\t\t<\/h4>\n\t\t\t\n\t\t\t\t\t\t\t\t\n\t\t\n\t\t\t\t<a class=\"fusion-link-wrapper\" href=\"https:\/\/abayanalistas.net\/en\/portfolio\/los-retos-en-el-camino-hacia-la-igualdad-de-genero\/\" aria-label=\"Los retos en el camino hacia la igualdad de g\u00e9nero\"><\/a>\n\t<\/div>\n<\/div>\n\n\t\n<\/div>\n<div class=\"fusion-portfolio-content\"><h2 class=\"entry-title fusion-post-title\"><a href=\"https:\/\/abayanalistas.net\/en\/portfolio\/los-retos-en-el-camino-hacia-la-igualdad-de-genero\/\">Los retos en el camino hacia la igualdad de g\u00e9nero<\/a><\/h2><div class=\"fusion-portfolio-meta\"><a href=\"https:\/\/abayanalistas.net\/en\/portfolio_category\/gender\/\" rel=\"tag\">Gender<\/a><\/div><div class=\"fusion-post-content\"><p>Las m\u00faltiples dimensiones que construyen, dan forma y atraviesan la desigualdad de g\u00e9nero son tantas y tienen muchas ramificaciones.<\/p><\/div><\/div><\/div><\/article><article id=\"portfolio-1-post-2120\" class=\"fusion-portfolio-post social-topics featured fusion-col-spacing post-2120\"><div class=\"fusion-portfolio-content-wrapper\" style=\"border:none;\"><span class=\"vcard rich-snippet-hidden\"><span class=\"fn\"><a href=\"https:\/\/abayanalistas.net\/en\/author\/abay\/\" title=\"Posts by Abay\" rel=\"author\">Abay<\/a><\/span><\/span><span class=\"updated rich-snippet-hidden\">2016-11-21T19:52:25+00:00<\/span>\n\n<div  class=\"fusion-image-wrapper\" aria-haspopup=\"true\">\n\t\n\t\n\t\t\n\t\t\t\t\t<img loading=\"lazy\" decoding=\"async\" width=\"900\" height=\"1273\" src=\"https:\/\/abayanalistas.net\/en\/wp-content\/uploads\/economia-social-resumen-ejecutivo-1-200x283.jpg\" class=\"attachment-full size-full wp-post-image\" alt=\"\" srcset=\"https:\/\/abayanalistas.net\/en\/wp-content\/uploads\/economia-social-resumen-ejecutivo-1-200x283.jpg 200w, https:\/\/abayanalistas.net\/en\/wp-content\/uploads\/economia-social-resumen-ejecutivo-1-400x566.jpg 400w, https:\/\/abayanalistas.net\/en\/wp-content\/uploads\/economia-social-resumen-ejecutivo-1-600x849.jpg 600w, https:\/\/abayanalistas.net\/en\/wp-content\/uploads\/economia-social-resumen-ejecutivo-1-800x1132.jpg 800w, https:\/\/abayanalistas.net\/en\/wp-content\/uploads\/economia-social-resumen-ejecutivo-1.jpg 900w\" sizes=\"(min-width: 2200px) 100vw, (min-width: 1106px) 270px, (min-width: 1044px) 360px, (min-width: 982px) 540px, (min-width: 920px) 982px, \" \/>\n\t\n\n\t\t<div class=\"fusion-rollover\">\n\t<div class=\"fusion-rollover-content\">\n\n\t\t\t\t\t\t\t\t\t\t\t\t\t\t<a class=\"fusion-rollover-link\" href=\"https:\/\/abayanalistas.net\/en\/portfolio\/las-empresas-de-la-economia-social-como-palanca-para-la-creacion-de-empleo-de-personas-con-discapacidad\/\">Las empresas de la Econom\u00eda social como palanca para la creaci\u00f3n de empleo de personas con discapacidad<\/a>\n\t\t\t\n\t\t\t\t\t\t\t\t\n\t\t\t\t\n\t\t\t\t\t\t\t\t\t\t\t\t<h4 class=\"fusion-rollover-title\">\n\t\t\t\t\t<a href=\"https:\/\/abayanalistas.net\/en\/portfolio\/las-empresas-de-la-economia-social-como-palanca-para-la-creacion-de-empleo-de-personas-con-discapacidad\/\">\n\t\t\t\t\t\tLas empresas de la Econom\u00eda social como palanca para la creaci\u00f3n de empleo de personas con discapacidad\t\t\t\t\t<\/a>\n\t\t\t\t<\/h4>\n\t\t\t\n\t\t\t\t\t\t\t\t\n\t\t\n\t\t\t\t<a class=\"fusion-link-wrapper\" href=\"https:\/\/abayanalistas.net\/en\/portfolio\/las-empresas-de-la-economia-social-como-palanca-para-la-creacion-de-empleo-de-personas-con-discapacidad\/\" aria-label=\"Las empresas de la Econom\u00eda social como palanca para la creaci\u00f3n de empleo de personas con discapacidad\"><\/a>\n\t<\/div>\n<\/div>\n\n\t\n<\/div>\n<div class=\"fusion-portfolio-content\"><h2 class=\"entry-title fusion-post-title\"><a href=\"https:\/\/abayanalistas.net\/en\/portfolio\/las-empresas-de-la-economia-social-como-palanca-para-la-creacion-de-empleo-de-personas-con-discapacidad\/\">Las empresas de la Econom\u00eda social como palanca para la creaci\u00f3n de empleo de personas con discapacidad<\/a><\/h2><div class=\"fusion-portfolio-meta\"><a href=\"https:\/\/abayanalistas.net\/en\/portfolio_category\/social-topics\/\" rel=\"tag\">Social topics<\/a>, <a href=\"https:\/\/abayanalistas.net\/en\/portfolio_category\/featured\/\" rel=\"tag\">\u263c<\/a><\/div><div class=\"fusion-post-content\"><p>Abay Analistas ha realizado este proyecto, para la Fundaci\u00f3n ONCE y en el que ha colaborado CEPES en el que se ha analizado la presencia y posici\u00f3n de las personas con discapacidad en la Econom\u00eda social y el cumplimiento de la cuota de reserva en las entidades y empresas que la conforman. <\/p><\/div><\/div><\/div><\/article><article id=\"portfolio-1-post-1843\" class=\"fusion-portfolio-post social-topics fusion-col-spacing post-1843\"><div class=\"fusion-portfolio-content-wrapper\" style=\"border:none;\"><span class=\"vcard rich-snippet-hidden\"><span class=\"fn\"><a href=\"https:\/\/abayanalistas.net\/en\/author\/abay\/\" title=\"Posts by Abay\" rel=\"author\">Abay<\/a><\/span><\/span><span class=\"updated rich-snippet-hidden\">2016-11-21T19:52:26+00:00<\/span>\n\n<div  class=\"fusion-image-wrapper\" aria-haspopup=\"true\">\n\t\n\t\n\t\t\n\t\t\t\t\t<img loading=\"lazy\" decoding=\"async\" width=\"900\" height=\"1273\" src=\"https:\/\/abayanalistas.net\/en\/wp-content\/uploads\/cuota-reserva-1-200x283.jpg\" class=\"attachment-full size-full wp-post-image\" alt=\"\" srcset=\"https:\/\/abayanalistas.net\/en\/wp-content\/uploads\/cuota-reserva-1-200x283.jpg 200w, https:\/\/abayanalistas.net\/en\/wp-content\/uploads\/cuota-reserva-1-400x566.jpg 400w, https:\/\/abayanalistas.net\/en\/wp-content\/uploads\/cuota-reserva-1-600x849.jpg 600w, https:\/\/abayanalistas.net\/en\/wp-content\/uploads\/cuota-reserva-1-800x1132.jpg 800w, https:\/\/abayanalistas.net\/en\/wp-content\/uploads\/cuota-reserva-1.jpg 900w\" sizes=\"(min-width: 2200px) 100vw, (min-width: 1106px) 270px, (min-width: 1044px) 360px, (min-width: 982px) 540px, (min-width: 920px) 982px, \" \/>\n\t\n\n\t\t<div class=\"fusion-rollover\">\n\t<div class=\"fusion-rollover-content\">\n\n\t\t\t\t\t\t\t\t\t\t\t\t\t\t<a class=\"fusion-rollover-link\" href=\"https:\/\/abayanalistas.net\/en\/portfolio\/informe-de-resultados-de-cuota-de-reserva\/\">Informe de resultados de cuota de reserva<\/a>\n\t\t\t\n\t\t\t\t\t\t\t\t\n\t\t\t\t\n\t\t\t\t\t\t\t\t\t\t\t\t<h4 class=\"fusion-rollover-title\">\n\t\t\t\t\t<a href=\"https:\/\/abayanalistas.net\/en\/portfolio\/informe-de-resultados-de-cuota-de-reserva\/\">\n\t\t\t\t\t\tInforme de resultados de cuota de reserva\t\t\t\t\t<\/a>\n\t\t\t\t<\/h4>\n\t\t\t\n\t\t\t\t\t\t\t\t\n\t\t\n\t\t\t\t<a class=\"fusion-link-wrapper\" href=\"https:\/\/abayanalistas.net\/en\/portfolio\/informe-de-resultados-de-cuota-de-reserva\/\" aria-label=\"Informe de resultados de cuota de reserva\"><\/a>\n\t<\/div>\n<\/div>\n\n\t\n<\/div>\n<div class=\"fusion-portfolio-content\"><h2 class=\"entry-title fusion-post-title\"><a href=\"https:\/\/abayanalistas.net\/en\/portfolio\/informe-de-resultados-de-cuota-de-reserva\/\">Informe de resultados de cuota de reserva<\/a><\/h2><div class=\"fusion-portfolio-meta\"><a href=\"https:\/\/abayanalistas.net\/en\/portfolio_category\/social-topics\/\" rel=\"tag\">Social topics<\/a><\/div><div class=\"fusion-post-content\"><p>Las cuotas de reserva de empleo para colectivos con dificultades de acceso y permanencia en el mismo son una forma de acci\u00f3n positiva, orientada a proveer un mayor nivel de garant\u00edas para la efectiva integraci\u00f3n de dichos colectivos en el mercado laboral.<\/p><\/div><\/div><\/div><\/article><article id=\"portfolio-1-post-1830\" class=\"fusion-portfolio-post social-topics fusion-col-spacing post-1830\"><div class=\"fusion-portfolio-content-wrapper\" style=\"border:none;\"><span class=\"vcard rich-snippet-hidden\"><span class=\"fn\"><a href=\"https:\/\/abayanalistas.net\/en\/author\/abay\/\" title=\"Posts by Abay\" rel=\"author\">Abay<\/a><\/span><\/span><span class=\"updated rich-snippet-hidden\">2016-11-21T19:52:27+00:00<\/span>\n\n<div  class=\"fusion-image-wrapper\" aria-haspopup=\"true\">\n\t\n\t\n\t\t\n\t\t\t\t\t<img loading=\"lazy\" decoding=\"async\" width=\"900\" height=\"1273\" src=\"https:\/\/abayanalistas.net\/en\/wp-content\/uploads\/Diagnostico-situacion-empleo-1-200x283.jpg\" class=\"attachment-full size-full wp-post-image\" alt=\"\" srcset=\"https:\/\/abayanalistas.net\/en\/wp-content\/uploads\/Diagnostico-situacion-empleo-1-200x283.jpg 200w, https:\/\/abayanalistas.net\/en\/wp-content\/uploads\/Diagnostico-situacion-empleo-1-400x566.jpg 400w, https:\/\/abayanalistas.net\/en\/wp-content\/uploads\/Diagnostico-situacion-empleo-1-600x849.jpg 600w, https:\/\/abayanalistas.net\/en\/wp-content\/uploads\/Diagnostico-situacion-empleo-1-800x1132.jpg 800w, https:\/\/abayanalistas.net\/en\/wp-content\/uploads\/Diagnostico-situacion-empleo-1.jpg 900w\" sizes=\"(min-width: 2200px) 100vw, (min-width: 1106px) 270px, (min-width: 1044px) 360px, (min-width: 982px) 540px, (min-width: 920px) 982px, \" \/>\n\t\n\n\t\t<div class=\"fusion-rollover\">\n\t<div class=\"fusion-rollover-content\">\n\n\t\t\t\t\t\t\t\t\t\t\t\t\t\t<a class=\"fusion-rollover-link\" href=\"https:\/\/abayanalistas.net\/en\/portfolio\/diagnostico-de-situacion-del-empleo-de-las-personas-con-discapacidad-en-las-empresas-de-economia-social\/\">Diagn\u00f3stico de situaci\u00f3n del empleo de las personas con discapacidad en las empresas de Econom\u00eda Social<\/a>\n\t\t\t\n\t\t\t\t\t\t\t\t\n\t\t\t\t\n\t\t\t\t\t\t\t\t\t\t\t\t<h4 class=\"fusion-rollover-title\">\n\t\t\t\t\t<a href=\"https:\/\/abayanalistas.net\/en\/portfolio\/diagnostico-de-situacion-del-empleo-de-las-personas-con-discapacidad-en-las-empresas-de-economia-social\/\">\n\t\t\t\t\t\tDiagn\u00f3stico de situaci\u00f3n del empleo de las personas con discapacidad en las empresas de Econom\u00eda Social\t\t\t\t\t<\/a>\n\t\t\t\t<\/h4>\n\t\t\t\n\t\t\t\t\t\t\t\t\n\t\t\n\t\t\t\t<a class=\"fusion-link-wrapper\" href=\"https:\/\/abayanalistas.net\/en\/portfolio\/diagnostico-de-situacion-del-empleo-de-las-personas-con-discapacidad-en-las-empresas-de-economia-social\/\" aria-label=\"Diagn\u00f3stico de situaci\u00f3n del empleo de las personas con discapacidad en las empresas de Econom\u00eda Social\"><\/a>\n\t<\/div>\n<\/div>\n\n\t\n<\/div>\n<div class=\"fusion-portfolio-content\"><h2 class=\"entry-title fusion-post-title\"><a href=\"https:\/\/abayanalistas.net\/en\/portfolio\/diagnostico-de-situacion-del-empleo-de-las-personas-con-discapacidad-en-las-empresas-de-economia-social\/\">Diagn\u00f3stico de situaci\u00f3n del empleo de las personas con discapacidad en las empresas de Econom\u00eda Social<\/a><\/h2><div class=\"fusion-portfolio-meta\"><a href=\"https:\/\/abayanalistas.net\/en\/portfolio_category\/social-topics\/\" rel=\"tag\">Social topics<\/a><\/div><div class=\"fusion-post-content\"><p>El Informe Mundial sobre la Discapacidad de la Organizaci\u00f3n Mundial de la Salud (OMS), estima que m\u00e1s de mil millones de personas en el mundo tienen alg\u00fan tipo de discapacidad.<\/p><\/div><\/div><\/div><\/article><article id=\"portfolio-1-post-1204\" class=\"fusion-portfolio-post social-topics fusion-col-spacing post-1204\"><div class=\"fusion-portfolio-content-wrapper\" style=\"border:none;\"><span class=\"vcard rich-snippet-hidden\"><span class=\"fn\"><a href=\"https:\/\/abayanalistas.net\/en\/author\/abay\/\" title=\"Posts by Abay\" rel=\"author\">Abay<\/a><\/span><\/span><span class=\"updated rich-snippet-hidden\">2016-11-21T19:52:27+00:00<\/span>\n\n<div  class=\"fusion-image-wrapper\" aria-haspopup=\"true\">\n\t\n\t\n\t\t\n\t\t\t\t\t<img loading=\"lazy\" decoding=\"async\" width=\"900\" height=\"1273\" src=\"https:\/\/abayanalistas.net\/en\/wp-content\/uploads\/Lineas-actuacion-1-200x283.jpg\" class=\"attachment-full size-full wp-post-image\" alt=\"\" srcset=\"https:\/\/abayanalistas.net\/en\/wp-content\/uploads\/Lineas-actuacion-1-200x283.jpg 200w, https:\/\/abayanalistas.net\/en\/wp-content\/uploads\/Lineas-actuacion-1-400x566.jpg 400w, https:\/\/abayanalistas.net\/en\/wp-content\/uploads\/Lineas-actuacion-1-600x849.jpg 600w, https:\/\/abayanalistas.net\/en\/wp-content\/uploads\/Lineas-actuacion-1-800x1132.jpg 800w, https:\/\/abayanalistas.net\/en\/wp-content\/uploads\/Lineas-actuacion-1.jpg 900w\" sizes=\"(min-width: 2200px) 100vw, (min-width: 1106px) 270px, (min-width: 1044px) 360px, (min-width: 982px) 540px, (min-width: 920px) 982px, \" \/>\n\t\n\n\t\t<div class=\"fusion-rollover\">\n\t<div class=\"fusion-rollover-content\">\n\n\t\t\t\t\t\t\t\t\t\t\t\t\t\t<a class=\"fusion-rollover-link\" href=\"https:\/\/abayanalistas.net\/en\/portfolio\/las-empresas-de-la-economia-social-como-palanca-de-creacion-de-empleo-para-las-personas-con-discapacidad-lineas-de-actuacion-prioritarias-a-partir-de-los-resultados-del-proyecto\/\">Las empresas de la econom\u00eda social como palanca de creaci\u00f3n de empleo para las personas con discapacidad. L\u00edneas de actuaci\u00f3n prioritarias a partir de los resultados del proyecto<\/a>\n\t\t\t\n\t\t\t\t\t\t\t\t\n\t\t\t\t\n\t\t\t\t\t\t\t\t\t\t\t\t<h4 class=\"fusion-rollover-title\">\n\t\t\t\t\t<a href=\"https:\/\/abayanalistas.net\/en\/portfolio\/las-empresas-de-la-economia-social-como-palanca-de-creacion-de-empleo-para-las-personas-con-discapacidad-lineas-de-actuacion-prioritarias-a-partir-de-los-resultados-del-proyecto\/\">\n\t\t\t\t\t\tLas empresas de la econom\u00eda social como palanca de creaci\u00f3n de empleo para las personas con discapacidad. L\u00edneas de actuaci\u00f3n prioritarias a partir de los resultados del proyecto\t\t\t\t\t<\/a>\n\t\t\t\t<\/h4>\n\t\t\t\n\t\t\t\t\t\t\t\t\n\t\t\n\t\t\t\t<a class=\"fusion-link-wrapper\" href=\"https:\/\/abayanalistas.net\/en\/portfolio\/las-empresas-de-la-economia-social-como-palanca-de-creacion-de-empleo-para-las-personas-con-discapacidad-lineas-de-actuacion-prioritarias-a-partir-de-los-resultados-del-proyecto\/\" aria-label=\"Las empresas de la econom\u00eda social como palanca de creaci\u00f3n de empleo para las personas con discapacidad. L\u00edneas de actuaci\u00f3n prioritarias a partir de los resultados del proyecto\"><\/a>\n\t<\/div>\n<\/div>\n\n\t\n<\/div>\n<div class=\"fusion-portfolio-content\"><h2 class=\"entry-title fusion-post-title\"><a href=\"https:\/\/abayanalistas.net\/en\/portfolio\/las-empresas-de-la-economia-social-como-palanca-de-creacion-de-empleo-para-las-personas-con-discapacidad-lineas-de-actuacion-prioritarias-a-partir-de-los-resultados-del-proyecto\/\">Las empresas de la econom\u00eda social como palanca de creaci\u00f3n de empleo para las personas con discapacidad. L\u00edneas de actuaci\u00f3n prioritarias a partir de los resultados del proyecto<\/a><\/h2><div class=\"fusion-portfolio-meta\"><a href=\"https:\/\/abayanalistas.net\/en\/portfolio_category\/social-topics\/\" rel=\"tag\">Social topics<\/a><\/div><div class=\"fusion-post-content\"><p>Las empresas de Econom\u00eda social se caracterizan por una serie de principios diferenciales a los de las empresas ordinarias, entre los que cabe destacar la valorizaci\u00f3n del ser humano y la generaci\u00f3n de valor social por encima de los resultados econ\u00f3micos o financieros.<\/p><\/div><\/div><\/div><\/article><article id=\"portfolio-1-post-949\" class=\"fusion-portfolio-post sustainability featured fusion-col-spacing post-949\"><div class=\"fusion-portfolio-content-wrapper\" style=\"border:none;\"><span class=\"vcard rich-snippet-hidden\"><span class=\"fn\"><a href=\"https:\/\/abayanalistas.net\/en\/author\/abay\/\" title=\"Posts by Abay\" rel=\"author\">Abay<\/a><\/span><\/span><span class=\"updated rich-snippet-hidden\">2016-11-21T19:52:30+00:00<\/span>\n\n<div  class=\"fusion-image-wrapper\" aria-haspopup=\"true\">\n\t\n\t\n\t\t\n\t\t\t\t\t<img loading=\"lazy\" decoding=\"async\" width=\"900\" height=\"900\" src=\"https:\/\/abayanalistas.net\/en\/wp-content\/uploads\/recuperacion_economica_1-200x200.jpg\" class=\"attachment-full size-full wp-post-image\" alt=\"\" srcset=\"https:\/\/abayanalistas.net\/en\/wp-content\/uploads\/recuperacion_economica_1-200x200.jpg 200w, https:\/\/abayanalistas.net\/en\/wp-content\/uploads\/recuperacion_economica_1-400x400.jpg 400w, https:\/\/abayanalistas.net\/en\/wp-content\/uploads\/recuperacion_economica_1-600x600.jpg 600w, https:\/\/abayanalistas.net\/en\/wp-content\/uploads\/recuperacion_economica_1-800x800.jpg 800w, https:\/\/abayanalistas.net\/en\/wp-content\/uploads\/recuperacion_economica_1.jpg 900w\" sizes=\"(min-width: 2200px) 100vw, (min-width: 1106px) 270px, (min-width: 1044px) 360px, (min-width: 982px) 540px, (min-width: 920px) 982px, \" \/>\n\t\n\n\t\t<div class=\"fusion-rollover\">\n\t<div class=\"fusion-rollover-content\">\n\n\t\t\t\t\t\t\t\t\t\t\t\t\t\t<a class=\"fusion-rollover-link\" href=\"https:\/\/abayanalistas.net\/en\/portfolio\/recuperacion-economica-renovables\/\">La recuperaci\u00f3n econ\u00f3mica con renovables<\/a>\n\t\t\t\n\t\t\t\t\t\t\t\t\n\t\t\t\t\n\t\t\t\t\t\t\t\t\t\t\t\t<h4 class=\"fusion-rollover-title\">\n\t\t\t\t\t<a href=\"https:\/\/abayanalistas.net\/en\/portfolio\/recuperacion-economica-renovables\/\">\n\t\t\t\t\t\tLa recuperaci\u00f3n econ\u00f3mica con renovables\t\t\t\t\t<\/a>\n\t\t\t\t<\/h4>\n\t\t\t\n\t\t\t\t\t\t\t\t\n\t\t\n\t\t\t\t<a class=\"fusion-link-wrapper\" href=\"https:\/\/abayanalistas.net\/en\/portfolio\/recuperacion-economica-renovables\/\" aria-label=\"La recuperaci\u00f3n econ\u00f3mica con renovables\"><\/a>\n\t<\/div>\n<\/div>\n\n\t\n<\/div>\n<div class=\"fusion-portfolio-content\"><h2 class=\"entry-title fusion-post-title\"><a href=\"https:\/\/abayanalistas.net\/en\/portfolio\/recuperacion-economica-renovables\/\">La recuperaci\u00f3n econ\u00f3mica con renovables<\/a><\/h2><div class=\"fusion-portfolio-meta\"><a href=\"https:\/\/abayanalistas.net\/en\/portfolio_category\/sustainability\/\" rel=\"tag\">Sustainability<\/a>, <a href=\"https:\/\/abayanalistas.net\/en\/portfolio_category\/featured\/\" rel=\"tag\">\u263c<\/a><\/div><div class=\"fusion-post-content\"><p>Este informe, basado en dos estudios realizados para Greenpeace Espa\u00f1a, analiza la contribuci\u00f3n que las energ\u00edas limpias podr\u00edan hacer a la recuperaci\u00f3n econ\u00f3mica.<\/p><\/div><\/div><\/div><\/article><article id=\"portfolio-1-post-1977\" class=\"fusion-portfolio-post sustainability fusion-col-spacing post-1977\"><div class=\"fusion-portfolio-content-wrapper\" style=\"border:none;\"><span class=\"vcard rich-snippet-hidden\"><span class=\"fn\"><a href=\"https:\/\/abayanalistas.net\/en\/author\/abay\/\" title=\"Posts by Abay\" rel=\"author\">Abay<\/a><\/span><\/span><span class=\"updated rich-snippet-hidden\">2016-11-21T19:52:30+00:00<\/span>\n\n<div  class=\"fusion-image-wrapper\" aria-haspopup=\"true\">\n\t\n\t\n\t\t\n\t\t\t\t\t<img loading=\"lazy\" decoding=\"async\" width=\"900\" height=\"1273\" src=\"https:\/\/abayanalistas.net\/en\/wp-content\/uploads\/ER-Economia-1-200x283.jpg\" class=\"attachment-full size-full wp-post-image\" alt=\"\" srcset=\"https:\/\/abayanalistas.net\/en\/wp-content\/uploads\/ER-Economia-1-200x283.jpg 200w, https:\/\/abayanalistas.net\/en\/wp-content\/uploads\/ER-Economia-1-400x566.jpg 400w, https:\/\/abayanalistas.net\/en\/wp-content\/uploads\/ER-Economia-1-600x849.jpg 600w, https:\/\/abayanalistas.net\/en\/wp-content\/uploads\/ER-Economia-1-800x1132.jpg 800w, https:\/\/abayanalistas.net\/en\/wp-content\/uploads\/ER-Economia-1.jpg 900w\" sizes=\"(min-width: 2200px) 100vw, (min-width: 1106px) 270px, (min-width: 1044px) 360px, (min-width: 982px) 540px, (min-width: 920px) 982px, \" \/>\n\t\n\n\t\t<div class=\"fusion-rollover\">\n\t<div class=\"fusion-rollover-content\">\n\n\t\t\t\t\t\t\t\t\t\t\t\t\t\t<a class=\"fusion-rollover-link\" href=\"https:\/\/abayanalistas.net\/en\/portfolio\/la-recuperacion-economica-con-renovables\/\">El impacto de las energ\u00edas renovables en la econom\u00eda con el horizonte de 2030<\/a>\n\t\t\t\n\t\t\t\t\t\t\t\t\n\t\t\t\t\n\t\t\t\t\t\t\t\t\t\t\t\t<h4 class=\"fusion-rollover-title\">\n\t\t\t\t\t<a href=\"https:\/\/abayanalistas.net\/en\/portfolio\/la-recuperacion-economica-con-renovables\/\">\n\t\t\t\t\t\tEl impacto de las energ\u00edas renovables en la econom\u00eda con el horizonte de 2030\t\t\t\t\t<\/a>\n\t\t\t\t<\/h4>\n\t\t\t\n\t\t\t\t\t\t\t\t\n\t\t\n\t\t\t\t<a class=\"fusion-link-wrapper\" href=\"https:\/\/abayanalistas.net\/en\/portfolio\/la-recuperacion-economica-con-renovables\/\" aria-label=\"El impacto de las energ\u00edas renovables en la econom\u00eda con el horizonte de 2030\"><\/a>\n\t<\/div>\n<\/div>\n\n\t\n<\/div>\n<div class=\"fusion-portfolio-content\"><h2 class=\"entry-title fusion-post-title\"><a href=\"https:\/\/abayanalistas.net\/en\/portfolio\/la-recuperacion-economica-con-renovables\/\">El impacto de las energ\u00edas renovables en la econom\u00eda con el horizonte de 2030<\/a><\/h2><div class=\"fusion-portfolio-meta\"><a href=\"https:\/\/abayanalistas.net\/en\/portfolio_category\/sustainability\/\" rel=\"tag\">Sustainability<\/a><\/div><div class=\"fusion-post-content\"><p>El proyecto que aqu\u00ed se presenta pretende contribuir al debate y la toma de decisiones sobre el modelo energ\u00e9tico espa\u00f1ol actual y el modelo energ\u00e9tico sostenible al que se debe avanzar con urgencia por apremiantes motivos ambientales, pero como se ver\u00e1 a lo largo de este informe, tambi\u00e9n por s\u00f3lidos argumentos econ\u00f3micos y sociales.<\/p><\/div><\/div><\/div><\/article><article id=\"portfolio-1-post-1971\" class=\"fusion-portfolio-post sustainability fusion-col-spacing post-1971\"><div class=\"fusion-portfolio-content-wrapper\" style=\"border:none;\"><span class=\"vcard rich-snippet-hidden\"><span class=\"fn\"><a href=\"https:\/\/abayanalistas.net\/en\/author\/abay\/\" title=\"Posts by Abay\" rel=\"author\">Abay<\/a><\/span><\/span><span class=\"updated rich-snippet-hidden\">2016-11-21T19:52:31+00:00<\/span>\n\n<div  class=\"fusion-image-wrapper\" aria-haspopup=\"true\">\n\t\n\t\n\t\t\n\t\t\t\t\t<img loading=\"lazy\" decoding=\"async\" width=\"900\" height=\"1273\" src=\"https:\/\/abayanalistas.net\/en\/wp-content\/uploads\/ER-Hogares-1-200x283.jpg\" class=\"attachment-full size-full wp-post-image\" alt=\"\" srcset=\"https:\/\/abayanalistas.net\/en\/wp-content\/uploads\/ER-Hogares-1-200x283.jpg 200w, https:\/\/abayanalistas.net\/en\/wp-content\/uploads\/ER-Hogares-1-400x566.jpg 400w, https:\/\/abayanalistas.net\/en\/wp-content\/uploads\/ER-Hogares-1-600x849.jpg 600w, https:\/\/abayanalistas.net\/en\/wp-content\/uploads\/ER-Hogares-1-800x1132.jpg 800w, https:\/\/abayanalistas.net\/en\/wp-content\/uploads\/ER-Hogares-1.jpg 900w\" sizes=\"(min-width: 2200px) 100vw, (min-width: 1106px) 270px, (min-width: 1044px) 360px, (min-width: 982px) 540px, (min-width: 920px) 982px, \" \/>\n\t\n\n\t\t<div class=\"fusion-rollover\">\n\t<div class=\"fusion-rollover-content\">\n\n\t\t\t\t\t\t\t\t\t\t\t\t\t\t<a class=\"fusion-rollover-link\" href=\"https:\/\/abayanalistas.net\/en\/portfolio\/el-impacto-de-las-energias-renovables-en-los-hogares\/\">El impacto de las energ\u00edas renovables en los hogares<\/a>\n\t\t\t\n\t\t\t\t\t\t\t\t\n\t\t\t\t\n\t\t\t\t\t\t\t\t\t\t\t\t<h4 class=\"fusion-rollover-title\">\n\t\t\t\t\t<a href=\"https:\/\/abayanalistas.net\/en\/portfolio\/el-impacto-de-las-energias-renovables-en-los-hogares\/\">\n\t\t\t\t\t\tEl impacto de las energ\u00edas renovables en los hogares\t\t\t\t\t<\/a>\n\t\t\t\t<\/h4>\n\t\t\t\n\t\t\t\t\t\t\t\t\n\t\t\n\t\t\t\t<a class=\"fusion-link-wrapper\" href=\"https:\/\/abayanalistas.net\/en\/portfolio\/el-impacto-de-las-energias-renovables-en-los-hogares\/\" aria-label=\"El impacto de las energ\u00edas renovables en los hogares\"><\/a>\n\t<\/div>\n<\/div>\n\n\t\n<\/div>\n<div class=\"fusion-portfolio-content\"><h2 class=\"entry-title fusion-post-title\"><a href=\"https:\/\/abayanalistas.net\/en\/portfolio\/el-impacto-de-las-energias-renovables-en-los-hogares\/\">El impacto de las energ\u00edas renovables en los hogares<\/a><\/h2><div class=\"fusion-portfolio-meta\"><a href=\"https:\/\/abayanalistas.net\/en\/portfolio_category\/sustainability\/\" rel=\"tag\">Sustainability<\/a><\/div><div class=\"fusion-post-content\"><p>El proyecto que aqu\u00ed se presenta pretende contribuir al debate y la toma de decisiones sobre el modelo energ\u00e9tico espa\u00f1ol actual y el modelo energ\u00e9tico sostenible al que se debe avanzar con urgencia por apremiantes motivos ambientales, pero como se ver\u00e1 a lo largo de este informe, tambi\u00e9n por s\u00f3lidos argumentos econ\u00f3micos y sociales.<\/p><\/div><\/div><\/div><\/article><article id=\"portfolio-1-post-1078\" class=\"fusion-portfolio-post impact-and-policy-evaluation sector-studies sme-and-entrepreneurship fusion-col-spacing post-1078\"><div class=\"fusion-portfolio-content-wrapper\" style=\"border:none;\"><span class=\"vcard rich-snippet-hidden\"><span class=\"fn\"><a href=\"https:\/\/abayanalistas.net\/en\/author\/abay\/\" title=\"Posts by Abay\" rel=\"author\">Abay<\/a><\/span><\/span><span class=\"updated rich-snippet-hidden\">2016-11-21T19:52:31+00:00<\/span>\n\n<div  class=\"fusion-image-wrapper\" aria-haspopup=\"true\">\n\t\n\t\n\t\t\n\t\t\t\t\t<img loading=\"lazy\" decoding=\"async\" width=\"900\" height=\"1273\" src=\"https:\/\/abayanalistas.net\/en\/wp-content\/uploads\/EOI-Artesania-Andalucia-1-200x283.jpg\" class=\"attachment-full size-full wp-post-image\" alt=\"\" srcset=\"https:\/\/abayanalistas.net\/en\/wp-content\/uploads\/EOI-Artesania-Andalucia-1-200x283.jpg 200w, https:\/\/abayanalistas.net\/en\/wp-content\/uploads\/EOI-Artesania-Andalucia-1-400x566.jpg 400w, https:\/\/abayanalistas.net\/en\/wp-content\/uploads\/EOI-Artesania-Andalucia-1-600x849.jpg 600w, https:\/\/abayanalistas.net\/en\/wp-content\/uploads\/EOI-Artesania-Andalucia-1-800x1132.jpg 800w, https:\/\/abayanalistas.net\/en\/wp-content\/uploads\/EOI-Artesania-Andalucia-1.jpg 900w\" sizes=\"(min-width: 2200px) 100vw, (min-width: 1106px) 270px, (min-width: 1044px) 360px, (min-width: 982px) 540px, (min-width: 920px) 982px, \" \/>\n\t\n\n\t\t<div class=\"fusion-rollover\">\n\t<div class=\"fusion-rollover-content\">\n\n\t\t\t\t\t\t\t\t\t\t\t\t\t\t<a class=\"fusion-rollover-link\" href=\"https:\/\/abayanalistas.net\/en\/portfolio\/analisis-situacion-artesano-andalucia\/\">An\u00e1lisis de la competitividad del sector artesano en Andaluc\u00eda<\/a>\n\t\t\t\n\t\t\t\t\t\t\t\t\n\t\t\t\t\n\t\t\t\t\t\t\t\t\t\t\t\t<h4 class=\"fusion-rollover-title\">\n\t\t\t\t\t<a href=\"https:\/\/abayanalistas.net\/en\/portfolio\/analisis-situacion-artesano-andalucia\/\">\n\t\t\t\t\t\tAn\u00e1lisis de la competitividad del sector artesano en Andaluc\u00eda\t\t\t\t\t<\/a>\n\t\t\t\t<\/h4>\n\t\t\t\n\t\t\t\t\t\t\t\t\n\t\t\n\t\t\t\t<a class=\"fusion-link-wrapper\" href=\"https:\/\/abayanalistas.net\/en\/portfolio\/analisis-situacion-artesano-andalucia\/\" aria-label=\"An\u00e1lisis de la competitividad del sector artesano en Andaluc\u00eda\"><\/a>\n\t<\/div>\n<\/div>\n\n\t\n<\/div>\n<div class=\"fusion-portfolio-content\"><h2 class=\"entry-title fusion-post-title\"><a href=\"https:\/\/abayanalistas.net\/en\/portfolio\/analisis-situacion-artesano-andalucia\/\">An\u00e1lisis de la competitividad del sector artesano en Andaluc\u00eda<\/a><\/h2><div class=\"fusion-portfolio-meta\"><a href=\"https:\/\/abayanalistas.net\/en\/portfolio_category\/impact-and-policy-evaluation\/\" rel=\"tag\">Impact and Policy Evaluation<\/a>, <a href=\"https:\/\/abayanalistas.net\/en\/portfolio_category\/sector-studies\/\" rel=\"tag\">Sector Studies<\/a>, <a href=\"https:\/\/abayanalistas.net\/en\/portfolio_category\/sme-and-entrepreneurship\/\" rel=\"tag\">SME and Entrepreneurship<\/a><\/div><div class=\"fusion-post-content\"><p>La artesan\u00eda se ha considerado tradicionalmente como un elemento de la identidad colectiva de los pueblos\r\nsiendo una de las v\u00edas de preservaci\u00f3n del patrimonio cultural y etnogr\u00e1fico de mayor relevancia.<\/p><\/div><\/div><\/div><\/article><article id=\"portfolio-1-post-1694\" class=\"fusion-portfolio-post gender sme-and-entrepreneurship fusion-col-spacing post-1694\"><div class=\"fusion-portfolio-content-wrapper\" style=\"border:none;\"><span class=\"vcard rich-snippet-hidden\"><span class=\"fn\"><a href=\"https:\/\/abayanalistas.net\/en\/author\/abay\/\" title=\"Posts by Abay\" rel=\"author\">Abay<\/a><\/span><\/span><span class=\"updated rich-snippet-hidden\">2016-11-21T19:52:32+00:00<\/span>\n\n<div  class=\"fusion-image-wrapper\" aria-haspopup=\"true\">\n\t\n\t\n\t\t\n\t\t\t\t\t<img loading=\"lazy\" decoding=\"async\" width=\"900\" height=\"418\" src=\"https:\/\/abayanalistas.net\/en\/wp-content\/uploads\/emprendedoras-200x93.jpg\" class=\"attachment-full size-full wp-post-image\" alt=\"\" srcset=\"https:\/\/abayanalistas.net\/en\/wp-content\/uploads\/emprendedoras-200x93.jpg 200w, https:\/\/abayanalistas.net\/en\/wp-content\/uploads\/emprendedoras-400x186.jpg 400w, https:\/\/abayanalistas.net\/en\/wp-content\/uploads\/emprendedoras-600x279.jpg 600w, https:\/\/abayanalistas.net\/en\/wp-content\/uploads\/emprendedoras-800x372.jpg 800w, https:\/\/abayanalistas.net\/en\/wp-content\/uploads\/emprendedoras.jpg 900w\" sizes=\"(min-width: 2200px) 100vw, (min-width: 1106px) 270px, (min-width: 1044px) 360px, (min-width: 982px) 540px, (min-width: 920px) 982px, \" \/>\n\t\n\n\t\t<div class=\"fusion-rollover\">\n\t<div class=\"fusion-rollover-content\">\n\n\t\t\t\t\t\t\t\t\t\t\t\t\t\t<a class=\"fusion-rollover-link\" href=\"https:\/\/abayanalistas.net\/en\/portfolio\/analisis-y-diagnostico-del-emprendimiento-en-femenino-en-galicia-emprendedoras-galicia\/\">An\u00e1lisis y diagn\u00f3stico del emprendimiento en femenino en Galicia&#8221; Emprendedoras Galicia<\/a>\n\t\t\t\n\t\t\t\t\t\t\t\t\n\t\t\t\t\n\t\t\t\t\t\t\t\t\t\t\t\t<h4 class=\"fusion-rollover-title\">\n\t\t\t\t\t<a href=\"https:\/\/abayanalistas.net\/en\/portfolio\/analisis-y-diagnostico-del-emprendimiento-en-femenino-en-galicia-emprendedoras-galicia\/\">\n\t\t\t\t\t\tAn\u00e1lisis y diagn\u00f3stico del emprendimiento en femenino en Galicia&#8221; Emprendedoras Galicia\t\t\t\t\t<\/a>\n\t\t\t\t<\/h4>\n\t\t\t\n\t\t\t\t\t\t\t\t\n\t\t\n\t\t\t\t<a class=\"fusion-link-wrapper\" href=\"https:\/\/abayanalistas.net\/en\/portfolio\/analisis-y-diagnostico-del-emprendimiento-en-femenino-en-galicia-emprendedoras-galicia\/\" aria-label=\"An\u00e1lisis y diagn\u00f3stico del emprendimiento en femenino en Galicia&#8221; Emprendedoras Galicia\"><\/a>\n\t<\/div>\n<\/div>\n\n\t\n<\/div>\n<div class=\"fusion-portfolio-content\"><h2 class=\"entry-title fusion-post-title\"><a href=\"https:\/\/abayanalistas.net\/en\/portfolio\/analisis-y-diagnostico-del-emprendimiento-en-femenino-en-galicia-emprendedoras-galicia\/\">An\u00e1lisis y diagn\u00f3stico del emprendimiento en femenino en Galicia&#8221; Emprendedoras Galicia<\/a><\/h2><div class=\"fusion-portfolio-meta\"><a href=\"https:\/\/abayanalistas.net\/en\/portfolio_category\/gender\/\" rel=\"tag\">Gender<\/a>, <a href=\"https:\/\/abayanalistas.net\/en\/portfolio_category\/sme-and-entrepreneurship\/\" rel=\"tag\">SME and Entrepreneurship<\/a><\/div><div class=\"fusion-post-content\"><p>Abay Analistas ha colaborado en este proyecto, promovido por la Fundaci\u00f3n EOI y la Secretaria Xeral da Igualdade de la Xunta de Galicia, en la fase de diagn\u00f3stico de la situaci\u00f3n de las emprendedoras y empresarias gallegas, as\u00ed como en la selecci\u00f3n de los contenidos de la plataforma \"Emprendedoras Galicia\", proyecto dirigido a impulsar la innovaci\u00f3n y la competitividad de las iniciativas empresariales lideradas por mujeres.<\/p><\/div><\/div><\/div><\/article><article id=\"portfolio-1-post-1227\" class=\"fusion-portfolio-post sector-studies sustainability fusion-col-spacing post-1227\"><div class=\"fusion-portfolio-content-wrapper\" style=\"border:none;\"><span class=\"vcard rich-snippet-hidden\"><span class=\"fn\"><a href=\"https:\/\/abayanalistas.net\/en\/author\/abay\/\" title=\"Posts by Abay\" rel=\"author\">Abay<\/a><\/span><\/span><span class=\"updated rich-snippet-hidden\">2016-11-21T19:52:32+00:00<\/span>\n\n<div  class=\"fusion-image-wrapper\" aria-haspopup=\"true\">\n\t\n\t\n\t\t\n\t\t\t\t\t<img loading=\"lazy\" decoding=\"async\" width=\"900\" height=\"900\" src=\"https:\/\/abayanalistas.net\/en\/wp-content\/uploads\/ResumenEmpleo_a_bordo-1-200x200.jpg\" class=\"attachment-full size-full wp-post-image\" alt=\"\" srcset=\"https:\/\/abayanalistas.net\/en\/wp-content\/uploads\/ResumenEmpleo_a_bordo-1-200x200.jpg 200w, https:\/\/abayanalistas.net\/en\/wp-content\/uploads\/ResumenEmpleo_a_bordo-1-400x400.jpg 400w, https:\/\/abayanalistas.net\/en\/wp-content\/uploads\/ResumenEmpleo_a_bordo-1-600x600.jpg 600w, https:\/\/abayanalistas.net\/en\/wp-content\/uploads\/ResumenEmpleo_a_bordo-1-800x800.jpg 800w, https:\/\/abayanalistas.net\/en\/wp-content\/uploads\/ResumenEmpleo_a_bordo-1.jpg 900w\" sizes=\"(min-width: 2200px) 100vw, (min-width: 1106px) 270px, (min-width: 1044px) 360px, (min-width: 982px) 540px, (min-width: 920px) 982px, \" \/>\n\t\n\n\t\t<div class=\"fusion-rollover\">\n\t<div class=\"fusion-rollover-content\">\n\n\t\t\t\t\t\t\t\t\t\t\t\t\t\t<a class=\"fusion-rollover-link\" href=\"https:\/\/abayanalistas.net\/en\/portfolio\/empleo-a-bordo-impacto-socioeconomico-de-un-modelo-pesquero-sostenible\/\">Empleo A Bordo. Impacto socioecon\u00f3mico de un modelo pesquero sostenible<\/a>\n\t\t\t\n\t\t\t\t\t\t\t\t\n\t\t\t\t\n\t\t\t\t\t\t\t\t\t\t\t\t<h4 class=\"fusion-rollover-title\">\n\t\t\t\t\t<a href=\"https:\/\/abayanalistas.net\/en\/portfolio\/empleo-a-bordo-impacto-socioeconomico-de-un-modelo-pesquero-sostenible\/\">\n\t\t\t\t\t\tEmpleo A Bordo. Impacto socioecon\u00f3mico de un modelo pesquero sostenible\t\t\t\t\t<\/a>\n\t\t\t\t<\/h4>\n\t\t\t\n\t\t\t\t\t\t\t\t\n\t\t\n\t\t\t\t<a class=\"fusion-link-wrapper\" href=\"https:\/\/abayanalistas.net\/en\/portfolio\/empleo-a-bordo-impacto-socioeconomico-de-un-modelo-pesquero-sostenible\/\" aria-label=\"Empleo A Bordo. Impacto socioecon\u00f3mico de un modelo pesquero sostenible\"><\/a>\n\t<\/div>\n<\/div>\n\n\t\n<\/div>\n<div class=\"fusion-portfolio-content\"><h2 class=\"entry-title fusion-post-title\"><a href=\"https:\/\/abayanalistas.net\/en\/portfolio\/empleo-a-bordo-impacto-socioeconomico-de-un-modelo-pesquero-sostenible\/\">Empleo A Bordo. Impacto socioecon\u00f3mico de un modelo pesquero sostenible<\/a><\/h2><div class=\"fusion-portfolio-meta\"><a href=\"https:\/\/abayanalistas.net\/en\/portfolio_category\/sector-studies\/\" rel=\"tag\">Sector Studies<\/a>, <a href=\"https:\/\/abayanalistas.net\/en\/portfolio_category\/sustainability\/\" rel=\"tag\">Sustainability<\/a><\/div><div class=\"fusion-post-content\"><p>El informe \u201cEmpleo A Bordo\u201d se corresponde con la segunda parte de un proyecto m\u00e1s amplio  sobre  pesca sostenible que hemos realizado para Greenpeace Espa\u00f1a.<\/p><\/div><\/div><\/div><\/article><article id=\"portfolio-1-post-1677\" class=\"fusion-portfolio-post gender fusion-col-spacing post-1677\"><div class=\"fusion-portfolio-content-wrapper\" style=\"border:none;\"><span class=\"vcard rich-snippet-hidden\"><span class=\"fn\"><a href=\"https:\/\/abayanalistas.net\/en\/author\/abay\/\" title=\"Posts by Abay\" rel=\"author\">Abay<\/a><\/span><\/span><span class=\"updated rich-snippet-hidden\">2016-11-21T19:52:33+00:00<\/span>\n\n<div  class=\"fusion-image-wrapper\" aria-haspopup=\"true\">\n\t\n\t\n\t\t\n\t\t\t\t\t<img loading=\"lazy\" decoding=\"async\" width=\"900\" height=\"1272\" src=\"https:\/\/abayanalistas.net\/en\/wp-content\/uploads\/presencia_mujeres_2012-1-200x283.jpg\" class=\"attachment-full size-full wp-post-image\" alt=\"\" srcset=\"https:\/\/abayanalistas.net\/en\/wp-content\/uploads\/presencia_mujeres_2012-1-200x283.jpg 200w, https:\/\/abayanalistas.net\/en\/wp-content\/uploads\/presencia_mujeres_2012-1-400x565.jpg 400w, https:\/\/abayanalistas.net\/en\/wp-content\/uploads\/presencia_mujeres_2012-1-600x848.jpg 600w, https:\/\/abayanalistas.net\/en\/wp-content\/uploads\/presencia_mujeres_2012-1-800x1131.jpg 800w, https:\/\/abayanalistas.net\/en\/wp-content\/uploads\/presencia_mujeres_2012-1.jpg 900w\" sizes=\"(min-width: 2200px) 100vw, (min-width: 1106px) 270px, (min-width: 1044px) 360px, (min-width: 982px) 540px, (min-width: 920px) 982px, \" \/>\n\t\n\n\t\t<div class=\"fusion-rollover\">\n\t<div class=\"fusion-rollover-content\">\n\n\t\t\t\t\t\t\t\t\t\t\t\t\t\t<a class=\"fusion-rollover-link\" href=\"https:\/\/abayanalistas.net\/en\/portfolio\/presencia-de-mujeres-en-puestos-de-responsabilidad-y-competitividad-empresarial\/\">Presencia de mujeres en puestos de responsabilidad y competitividad empresarial<\/a>\n\t\t\t\n\t\t\t\t\t\t\t\t\n\t\t\t\t\n\t\t\t\t\t\t\t\t\t\t\t\t<h4 class=\"fusion-rollover-title\">\n\t\t\t\t\t<a href=\"https:\/\/abayanalistas.net\/en\/portfolio\/presencia-de-mujeres-en-puestos-de-responsabilidad-y-competitividad-empresarial\/\">\n\t\t\t\t\t\tPresencia de mujeres en puestos de responsabilidad y competitividad empresarial\t\t\t\t\t<\/a>\n\t\t\t\t<\/h4>\n\t\t\t\n\t\t\t\t\t\t\t\t\n\t\t\n\t\t\t\t<a class=\"fusion-link-wrapper\" href=\"https:\/\/abayanalistas.net\/en\/portfolio\/presencia-de-mujeres-en-puestos-de-responsabilidad-y-competitividad-empresarial\/\" aria-label=\"Presencia de mujeres en puestos de responsabilidad y competitividad empresarial\"><\/a>\n\t<\/div>\n<\/div>\n\n\t\n<\/div>\n<div class=\"fusion-portfolio-content\"><h2 class=\"entry-title fusion-post-title\"><a href=\"https:\/\/abayanalistas.net\/en\/portfolio\/presencia-de-mujeres-en-puestos-de-responsabilidad-y-competitividad-empresarial\/\">Presencia de mujeres en puestos de responsabilidad y competitividad empresarial<\/a><\/h2><div class=\"fusion-portfolio-meta\"><a href=\"https:\/\/abayanalistas.net\/en\/portfolio_category\/gender\/\" rel=\"tag\">Gender<\/a><\/div><div class=\"fusion-post-content\"><p> Presencia de mujeres en puestos de responsabilidad\u00a0y competitividad empresarial  El creciente inter\u00e9s por la diversidad en las plantillas El concepto de diversidad, que tiene su origen en la realidad social, se ha trasladado [...]<\/p><\/div><\/div><\/div><\/article><article id=\"portfolio-1-post-1810\" class=\"fusion-portfolio-post social-topics fusion-col-spacing post-1810\"><div class=\"fusion-portfolio-content-wrapper\" style=\"border:none;\"><span class=\"vcard rich-snippet-hidden\"><span class=\"fn\"><a href=\"https:\/\/abayanalistas.net\/en\/author\/abay\/\" title=\"Posts by Abay\" rel=\"author\">Abay<\/a><\/span><\/span><span class=\"updated rich-snippet-hidden\">2016-11-21T19:52:33+00:00<\/span>\n\n<div  class=\"fusion-image-wrapper\" aria-haspopup=\"true\">\n\t\n\t\n\t\t\n\t\t\t\t\t<img loading=\"lazy\" decoding=\"async\" width=\"900\" height=\"1184\" src=\"https:\/\/abayanalistas.net\/en\/wp-content\/uploads\/calidad-vida-discapacidad-intelectual-1-200x263.jpg\" class=\"attachment-full size-full wp-post-image\" alt=\"\" srcset=\"https:\/\/abayanalistas.net\/en\/wp-content\/uploads\/calidad-vida-discapacidad-intelectual-1-200x263.jpg 200w, https:\/\/abayanalistas.net\/en\/wp-content\/uploads\/calidad-vida-discapacidad-intelectual-1-400x526.jpg 400w, https:\/\/abayanalistas.net\/en\/wp-content\/uploads\/calidad-vida-discapacidad-intelectual-1-600x789.jpg 600w, https:\/\/abayanalistas.net\/en\/wp-content\/uploads\/calidad-vida-discapacidad-intelectual-1-800x1052.jpg 800w, https:\/\/abayanalistas.net\/en\/wp-content\/uploads\/calidad-vida-discapacidad-intelectual-1.jpg 900w\" sizes=\"(min-width: 2200px) 100vw, (min-width: 1106px) 270px, (min-width: 1044px) 360px, (min-width: 982px) 540px, (min-width: 920px) 982px, \" \/>\n\t\n\n\t\t<div class=\"fusion-rollover\">\n\t<div class=\"fusion-rollover-content\">\n\n\t\t\t\t\t\t\t\t\t\t\t\t\t\t<a class=\"fusion-rollover-link\" href=\"https:\/\/abayanalistas.net\/en\/portfolio\/primer-panel-de-indicadores-de-calidad-de-vida-de-personas-con-discapacidad-intelectual-en-aragon\/\">Primer panel de indicadores de calidad de vida de personas con discapacidad intelectual en Arag\u00f3n<\/a>\n\t\t\t\n\t\t\t\t\t\t\t\t\n\t\t\t\t\n\t\t\t\t\t\t\t\t\t\t\t\t<h4 class=\"fusion-rollover-title\">\n\t\t\t\t\t<a href=\"https:\/\/abayanalistas.net\/en\/portfolio\/primer-panel-de-indicadores-de-calidad-de-vida-de-personas-con-discapacidad-intelectual-en-aragon\/\">\n\t\t\t\t\t\tPrimer panel de indicadores de calidad de vida de personas con discapacidad intelectual en Arag\u00f3n\t\t\t\t\t<\/a>\n\t\t\t\t<\/h4>\n\t\t\t\n\t\t\t\t\t\t\t\t\n\t\t\n\t\t\t\t<a class=\"fusion-link-wrapper\" href=\"https:\/\/abayanalistas.net\/en\/portfolio\/primer-panel-de-indicadores-de-calidad-de-vida-de-personas-con-discapacidad-intelectual-en-aragon\/\" aria-label=\"Primer panel de indicadores de calidad de vida de personas con discapacidad intelectual en Arag\u00f3n\"><\/a>\n\t<\/div>\n<\/div>\n\n\t\n<\/div>\n<div class=\"fusion-portfolio-content\"><h2 class=\"entry-title fusion-post-title\"><a href=\"https:\/\/abayanalistas.net\/en\/portfolio\/primer-panel-de-indicadores-de-calidad-de-vida-de-personas-con-discapacidad-intelectual-en-aragon\/\">Primer panel de indicadores de calidad de vida de personas con discapacidad intelectual en Arag\u00f3n<\/a><\/h2><div class=\"fusion-portfolio-meta\"><a href=\"https:\/\/abayanalistas.net\/en\/portfolio_category\/social-topics\/\" rel=\"tag\">Social topics<\/a><\/div><div class=\"fusion-post-content\"><p>En el \u00e1mbito de las pol\u00edticas y actuaciones sociales, como en otros, cada vez hay m\u00e1s inter\u00e9s por el impacto real de las mismas, es decir, por conocer su capacidad para mejorar y transformar la vida de las personas a las que se dirigen.<\/p><\/div><\/div><\/div><\/article><article id=\"portfolio-1-post-1495\" class=\"fusion-portfolio-post sector-studies fusion-col-spacing post-1495\"><div class=\"fusion-portfolio-content-wrapper\" style=\"border:none;\"><span class=\"vcard rich-snippet-hidden\"><span class=\"fn\"><a href=\"https:\/\/abayanalistas.net\/en\/author\/abay\/\" title=\"Posts by Abay\" rel=\"author\">Abay<\/a><\/span><\/span><span class=\"updated rich-snippet-hidden\">2016-11-21T19:52:33+00:00<\/span>\n\n<div  class=\"fusion-image-wrapper\" aria-haspopup=\"true\">\n\t\n\t\n\t\t\n\t\t\t\t\t<img loading=\"lazy\" decoding=\"async\" width=\"900\" height=\"1277\" src=\"https:\/\/abayanalistas.net\/en\/wp-content\/uploads\/Service-concepts-Service-Integration-1-200x284.jpg\" class=\"attachment-full size-full wp-post-image\" alt=\"\" srcset=\"https:\/\/abayanalistas.net\/en\/wp-content\/uploads\/Service-concepts-Service-Integration-1-200x284.jpg 200w, https:\/\/abayanalistas.net\/en\/wp-content\/uploads\/Service-concepts-Service-Integration-1-400x568.jpg 400w, https:\/\/abayanalistas.net\/en\/wp-content\/uploads\/Service-concepts-Service-Integration-1-600x851.jpg 600w, https:\/\/abayanalistas.net\/en\/wp-content\/uploads\/Service-concepts-Service-Integration-1-800x1135.jpg 800w, https:\/\/abayanalistas.net\/en\/wp-content\/uploads\/Service-concepts-Service-Integration-1.jpg 900w\" sizes=\"(min-width: 2200px) 100vw, (min-width: 1106px) 270px, (min-width: 1044px) 360px, (min-width: 982px) 540px, (min-width: 920px) 982px, \" \/>\n\t\n\n\t\t<div class=\"fusion-rollover\">\n\t<div class=\"fusion-rollover-content\">\n\n\t\t\t\t\t\t\t\t\t\t\t\t\t\t<a class=\"fusion-rollover-link\" href=\"https:\/\/abayanalistas.net\/en\/portfolio\/service-concepts-and-service-integration-in-costa-del-sol\/\">Service concepts and Service Integration in Costa del Sol<\/a>\n\t\t\t\n\t\t\t\t\t\t\t\t\n\t\t\t\t\n\t\t\t\t\t\t\t\t\t\t\t\t<h4 class=\"fusion-rollover-title\">\n\t\t\t\t\t<a href=\"https:\/\/abayanalistas.net\/en\/portfolio\/service-concepts-and-service-integration-in-costa-del-sol\/\">\n\t\t\t\t\t\tService concepts and Service Integration in Costa del Sol\t\t\t\t\t<\/a>\n\t\t\t\t<\/h4>\n\t\t\t\n\t\t\t\t\t\t\t\t\n\t\t\n\t\t\t\t<a class=\"fusion-link-wrapper\" href=\"https:\/\/abayanalistas.net\/en\/portfolio\/service-concepts-and-service-integration-in-costa-del-sol\/\" aria-label=\"Service concepts and Service Integration in Costa del Sol\"><\/a>\n\t<\/div>\n<\/div>\n\n\t\n<\/div>\n<div class=\"fusion-portfolio-content\"><h2 class=\"entry-title fusion-post-title\"><a href=\"https:\/\/abayanalistas.net\/en\/portfolio\/service-concepts-and-service-integration-in-costa-del-sol\/\">Service concepts and Service Integration in Costa del Sol<\/a><\/h2><div class=\"fusion-portfolio-meta\"><a href=\"https:\/\/abayanalistas.net\/en\/portfolio_category\/sector-studies\/\" rel=\"tag\">Sector Studies<\/a><\/div><div class=\"fusion-post-content\"><p>According to the specialized literature, health and well-being services are a holistic definition that comprises health, doctor, nursing, social, household management, and any other alternative services. <\/p><\/div><\/div><\/div><\/article><article id=\"portfolio-1-post-1943\" class=\"fusion-portfolio-post impact-and-policy-evaluation sector-studies sustainability fusion-col-spacing post-1943\"><div class=\"fusion-portfolio-content-wrapper\" style=\"border:none;\"><span class=\"vcard rich-snippet-hidden\"><span class=\"fn\"><a href=\"https:\/\/abayanalistas.net\/en\/author\/abay\/\" title=\"Posts by Abay\" rel=\"author\">Abay<\/a><\/span><\/span><span class=\"updated rich-snippet-hidden\">2016-11-21T19:52:34+00:00<\/span>\n\n<div  class=\"fusion-image-wrapper\" aria-haspopup=\"true\">\n\t\n\t\n\t\t\n\t\t\t\t\t<img loading=\"lazy\" decoding=\"async\" width=\"900\" height=\"1273\" src=\"https:\/\/abayanalistas.net\/en\/wp-content\/uploads\/CO2-200x283.jpg\" class=\"attachment-full size-full wp-post-image\" alt=\"\" srcset=\"https:\/\/abayanalistas.net\/en\/wp-content\/uploads\/CO2-200x283.jpg 200w, https:\/\/abayanalistas.net\/en\/wp-content\/uploads\/CO2-400x566.jpg 400w, https:\/\/abayanalistas.net\/en\/wp-content\/uploads\/CO2-600x849.jpg 600w, https:\/\/abayanalistas.net\/en\/wp-content\/uploads\/CO2-800x1132.jpg 800w, https:\/\/abayanalistas.net\/en\/wp-content\/uploads\/CO2.jpg 900w\" sizes=\"(min-width: 2200px) 100vw, (min-width: 1106px) 270px, (min-width: 1044px) 360px, (min-width: 982px) 540px, (min-width: 920px) 982px, \" \/>\n\t\n\n\t\t<div class=\"fusion-rollover\">\n\t<div class=\"fusion-rollover-content\">\n\n\t\t\t\t\t\t\t\t\t\t\t\t\t\t<a class=\"fusion-rollover-link\" href=\"https:\/\/abayanalistas.net\/en\/portfolio\/el-impacto-economico-de-un-programa-de-captura-transporte-y-almacenamiento-geologico-de-co2-2\/\">El impacto econ\u00f3mico de un programa de captura, transporte y almacenamiento geol\u00f3gico de CO2<\/a>\n\t\t\t\n\t\t\t\t\t\t\t\t\n\t\t\t\t\n\t\t\t\t\t\t\t\t\t\t\t\t<h4 class=\"fusion-rollover-title\">\n\t\t\t\t\t<a href=\"https:\/\/abayanalistas.net\/en\/portfolio\/el-impacto-economico-de-un-programa-de-captura-transporte-y-almacenamiento-geologico-de-co2-2\/\">\n\t\t\t\t\t\tEl impacto econ\u00f3mico de un programa de captura, transporte y almacenamiento geol\u00f3gico de CO2\t\t\t\t\t<\/a>\n\t\t\t\t<\/h4>\n\t\t\t\n\t\t\t\t\t\t\t\t\n\t\t\n\t\t\t\t<a class=\"fusion-link-wrapper\" href=\"https:\/\/abayanalistas.net\/en\/portfolio\/el-impacto-economico-de-un-programa-de-captura-transporte-y-almacenamiento-geologico-de-co2-2\/\" aria-label=\"El impacto econ\u00f3mico de un programa de captura, transporte y almacenamiento geol\u00f3gico de CO2\"><\/a>\n\t<\/div>\n<\/div>\n\n\t\n<\/div>\n<div class=\"fusion-portfolio-content\"><h2 class=\"entry-title fusion-post-title\"><a href=\"https:\/\/abayanalistas.net\/en\/portfolio\/el-impacto-economico-de-un-programa-de-captura-transporte-y-almacenamiento-geologico-de-co2-2\/\">El impacto econ\u00f3mico de un programa de captura, transporte y almacenamiento geol\u00f3gico de CO2<\/a><\/h2><div class=\"fusion-portfolio-meta\"><a href=\"https:\/\/abayanalistas.net\/en\/portfolio_category\/impact-and-policy-evaluation\/\" rel=\"tag\">Impact and Policy Evaluation<\/a>, <a href=\"https:\/\/abayanalistas.net\/en\/portfolio_category\/sector-studies\/\" rel=\"tag\">Sector Studies<\/a>, <a href=\"https:\/\/abayanalistas.net\/en\/portfolio_category\/sustainability\/\" rel=\"tag\">Sustainability<\/a><\/div><div class=\"fusion-post-content\"><p>El protocolo de Kyoto contra el calentamiento global lucha contra el calentamiento global del planeta. En \u00e9l se detallan unos objetivos obligatorios y cuantificados de limitaci\u00f3n y reducci\u00f3n de gases de efecto invernadero, entre ellos el di\u00f3xido de carbono (CO2).<\/p><\/div><\/div><\/div><\/article><article id=\"portfolio-1-post-1684\" class=\"fusion-portfolio-post gender fusion-col-spacing post-1684\"><div class=\"fusion-portfolio-content-wrapper\" style=\"border:none;\"><span class=\"vcard rich-snippet-hidden\"><span class=\"fn\"><a href=\"https:\/\/abayanalistas.net\/en\/author\/abay\/\" title=\"Posts by Abay\" rel=\"author\">Abay<\/a><\/span><\/span><span class=\"updated rich-snippet-hidden\">2016-11-21T19:52:34+00:00<\/span>\n\n<div  class=\"fusion-image-wrapper\" aria-haspopup=\"true\">\n\t\n\t\n\t\t\n\t\t\t\t\t<img loading=\"lazy\" decoding=\"async\" width=\"900\" height=\"1268\" src=\"https:\/\/abayanalistas.net\/en\/wp-content\/uploads\/informe-espana-2013-1-200x282.jpg\" class=\"attachment-full size-full wp-post-image\" alt=\"\" srcset=\"https:\/\/abayanalistas.net\/en\/wp-content\/uploads\/informe-espana-2013-1-200x282.jpg 200w, https:\/\/abayanalistas.net\/en\/wp-content\/uploads\/informe-espana-2013-1-400x564.jpg 400w, https:\/\/abayanalistas.net\/en\/wp-content\/uploads\/informe-espana-2013-1-600x845.jpg 600w, https:\/\/abayanalistas.net\/en\/wp-content\/uploads\/informe-espana-2013-1-800x1127.jpg 800w, https:\/\/abayanalistas.net\/en\/wp-content\/uploads\/informe-espana-2013-1.jpg 900w\" sizes=\"(min-width: 2200px) 100vw, (min-width: 1106px) 270px, (min-width: 1044px) 360px, (min-width: 982px) 540px, (min-width: 920px) 982px, \" \/>\n\t\n\n\t\t<div class=\"fusion-rollover\">\n\t<div class=\"fusion-rollover-content\">\n\n\t\t\t\t\t\t\t\t\t\t\t\t\t\t<a class=\"fusion-rollover-link\" href=\"https:\/\/abayanalistas.net\/en\/portfolio\/informe-espana-las-mujeres-otra-vez-en-la-encrucijada\/\">Informe Espa\u00f1a &#8220;Las mujeres: otra vez en la encrucijada&#8221;<\/a>\n\t\t\t\n\t\t\t\t\t\t\t\t\n\t\t\t\t\n\t\t\t\t\t\t\t\t\t\t\t\t<h4 class=\"fusion-rollover-title\">\n\t\t\t\t\t<a href=\"https:\/\/abayanalistas.net\/en\/portfolio\/informe-espana-las-mujeres-otra-vez-en-la-encrucijada\/\">\n\t\t\t\t\t\tInforme Espa\u00f1a &#8220;Las mujeres: otra vez en la encrucijada&#8221;\t\t\t\t\t<\/a>\n\t\t\t\t<\/h4>\n\t\t\t\n\t\t\t\t\t\t\t\t\n\t\t\n\t\t\t\t<a class=\"fusion-link-wrapper\" href=\"https:\/\/abayanalistas.net\/en\/portfolio\/informe-espana-las-mujeres-otra-vez-en-la-encrucijada\/\" aria-label=\"Informe Espa\u00f1a &#8220;Las mujeres: otra vez en la encrucijada&#8221;\"><\/a>\n\t<\/div>\n<\/div>\n\n\t\n<\/div>\n<div class=\"fusion-portfolio-content\"><h2 class=\"entry-title fusion-post-title\"><a href=\"https:\/\/abayanalistas.net\/en\/portfolio\/informe-espana-las-mujeres-otra-vez-en-la-encrucijada\/\">Informe Espa\u00f1a &#8220;Las mujeres: otra vez en la encrucijada&#8221;<\/a><\/h2><div class=\"fusion-portfolio-meta\"><a href=\"https:\/\/abayanalistas.net\/en\/portfolio_category\/gender\/\" rel=\"tag\">Gender<\/a><\/div><div class=\"fusion-post-content\"><p>En este cap\u00edtulo del Informe Espa\u00f1a 2013, realizado para la Fundaci\u00f3n Encuentro, se analiza la repercusi\u00f3n de la crisis econ\u00f3mica sobre las mujeres espa\u00f1olas en relaci\u00f3n con varios aspectos considerados de especial relevancia.<\/p><\/div><\/div><\/div><\/article><article id=\"portfolio-1-post-1455\" class=\"fusion-portfolio-post sector-studies sustainability fusion-col-spacing post-1455\"><div class=\"fusion-portfolio-content-wrapper\" style=\"border:none;\"><span class=\"vcard rich-snippet-hidden\"><span class=\"fn\"><a href=\"https:\/\/abayanalistas.net\/en\/author\/abay\/\" title=\"Posts by Abay\" rel=\"author\">Abay<\/a><\/span><\/span><span class=\"updated rich-snippet-hidden\">2016-11-21T19:52:34+00:00<\/span>\n\n<div  class=\"fusion-image-wrapper\" aria-haspopup=\"true\">\n\t\n\t\n\t\t\n\t\t\t\t\t<img loading=\"lazy\" decoding=\"async\" width=\"900\" height=\"900\" src=\"https:\/\/abayanalistas.net\/en\/wp-content\/uploads\/empleoabordo01-200x200.jpg\" class=\"attachment-full size-full wp-post-image\" alt=\"Empleo a Bordo. An\u00e1lisis del empleo en el sector pesquero espa\u00f1ol y su impacto socioecon\u00f3mico-1\" srcset=\"https:\/\/abayanalistas.net\/en\/wp-content\/uploads\/empleoabordo01-200x200.jpg 200w, https:\/\/abayanalistas.net\/en\/wp-content\/uploads\/empleoabordo01-400x400.jpg 400w, https:\/\/abayanalistas.net\/en\/wp-content\/uploads\/empleoabordo01-600x600.jpg 600w, https:\/\/abayanalistas.net\/en\/wp-content\/uploads\/empleoabordo01-800x800.jpg 800w, https:\/\/abayanalistas.net\/en\/wp-content\/uploads\/empleoabordo01.jpg 900w\" sizes=\"(min-width: 2200px) 100vw, (min-width: 1106px) 270px, (min-width: 1044px) 360px, (min-width: 982px) 540px, (min-width: 920px) 982px, \" \/>\n\t\n\n\t\t<div class=\"fusion-rollover\">\n\t<div class=\"fusion-rollover-content\">\n\n\t\t\t\t\t\t\t\t\t\t\t\t\t\t<a class=\"fusion-rollover-link\" href=\"https:\/\/abayanalistas.net\/en\/portfolio\/empleo-a-bordo-analisis-del-empleo-en-el-sector-pesquero-espanol-y-su-impacto-socioeconomico\/\">Empleo a Bordo. An\u00e1lisis del empleo en el sector pesquero espa\u00f1ol y su impacto socioecon\u00f3mico.<\/a>\n\t\t\t\n\t\t\t\t\t\t\t\t\n\t\t\t\t\n\t\t\t\t\t\t\t\t\t\t\t\t<h4 class=\"fusion-rollover-title\">\n\t\t\t\t\t<a href=\"https:\/\/abayanalistas.net\/en\/portfolio\/empleo-a-bordo-analisis-del-empleo-en-el-sector-pesquero-espanol-y-su-impacto-socioeconomico\/\">\n\t\t\t\t\t\tEmpleo a Bordo. An\u00e1lisis del empleo en el sector pesquero espa\u00f1ol y su impacto socioecon\u00f3mico.\t\t\t\t\t<\/a>\n\t\t\t\t<\/h4>\n\t\t\t\n\t\t\t\t\t\t\t\t\n\t\t\n\t\t\t\t<a class=\"fusion-link-wrapper\" href=\"https:\/\/abayanalistas.net\/en\/portfolio\/empleo-a-bordo-analisis-del-empleo-en-el-sector-pesquero-espanol-y-su-impacto-socioeconomico\/\" aria-label=\"Empleo a Bordo. An\u00e1lisis del empleo en el sector pesquero espa\u00f1ol y su impacto socioecon\u00f3mico.\"><\/a>\n\t<\/div>\n<\/div>\n\n\t\n<\/div>\n<div class=\"fusion-portfolio-content\"><h2 class=\"entry-title fusion-post-title\"><a href=\"https:\/\/abayanalistas.net\/en\/portfolio\/empleo-a-bordo-analisis-del-empleo-en-el-sector-pesquero-espanol-y-su-impacto-socioeconomico\/\">Empleo a Bordo. An\u00e1lisis del empleo en el sector pesquero espa\u00f1ol y su impacto socioecon\u00f3mico.<\/a><\/h2><div class=\"fusion-portfolio-meta\"><a href=\"https:\/\/abayanalistas.net\/en\/portfolio_category\/sector-studies\/\" rel=\"tag\">Sector Studies<\/a>, <a href=\"https:\/\/abayanalistas.net\/en\/portfolio_category\/sustainability\/\" rel=\"tag\">Sustainability<\/a><\/div><div class=\"fusion-post-content\"><p>El informe \u201cEmpleo A Bordo\u201d se corresponde con la primera parte de un proyecto m\u00e1s amplio sobre pesca sostenible que estamos realizando para Greenpeace Espa\u00f1a.<\/p><\/div><\/div><\/div><\/article><article id=\"portfolio-1-post-1937\" class=\"fusion-portfolio-post impact-and-policy-evaluation sustainability fusion-col-spacing post-1937\"><div class=\"fusion-portfolio-content-wrapper\" style=\"border:none;\"><span class=\"vcard rich-snippet-hidden\"><span class=\"fn\"><a href=\"https:\/\/abayanalistas.net\/en\/author\/abay\/\" title=\"Posts by Abay\" rel=\"author\">Abay<\/a><\/span><\/span><span class=\"updated rich-snippet-hidden\">2016-11-21T19:52:34+00:00<\/span>\n\n<div  class=\"fusion-image-wrapper\" aria-haspopup=\"true\">\n\t\n\t\n\t\t\n\t\t\t\t\t<img loading=\"lazy\" decoding=\"async\" width=\"900\" height=\"506\" src=\"https:\/\/abayanalistas.net\/en\/wp-content\/uploads\/ecovalue-200x112.jpg\" class=\"attachment-full size-full wp-post-image\" alt=\"\" srcset=\"https:\/\/abayanalistas.net\/en\/wp-content\/uploads\/ecovalue-200x112.jpg 200w, https:\/\/abayanalistas.net\/en\/wp-content\/uploads\/ecovalue-400x225.jpg 400w, https:\/\/abayanalistas.net\/en\/wp-content\/uploads\/ecovalue-600x337.jpg 600w, https:\/\/abayanalistas.net\/en\/wp-content\/uploads\/ecovalue-800x450.jpg 800w, https:\/\/abayanalistas.net\/en\/wp-content\/uploads\/ecovalue.jpg 900w\" sizes=\"(min-width: 2200px) 100vw, (min-width: 1106px) 270px, (min-width: 1044px) 360px, (min-width: 982px) 540px, (min-width: 920px) 982px, \" \/>\n\t\n\n\t\t<div class=\"fusion-rollover\">\n\t<div class=\"fusion-rollover-content\">\n\n\t\t\t\t\t\t\t\t\t\t\t\t\t\t<a class=\"fusion-rollover-link\" href=\"https:\/\/abayanalistas.net\/en\/portfolio\/modelo-ecovalue\/\">Modelo Ecovalue<\/a>\n\t\t\t\n\t\t\t\t\t\t\t\t\n\t\t\t\t\n\t\t\t\t\t\t\t\t\t\t\t\t<h4 class=\"fusion-rollover-title\">\n\t\t\t\t\t<a href=\"https:\/\/abayanalistas.net\/en\/portfolio\/modelo-ecovalue\/\">\n\t\t\t\t\t\tModelo Ecovalue\t\t\t\t\t<\/a>\n\t\t\t\t<\/h4>\n\t\t\t\n\t\t\t\t\t\t\t\t\n\t\t\n\t\t\t\t<a class=\"fusion-link-wrapper\" href=\"https:\/\/abayanalistas.net\/en\/portfolio\/modelo-ecovalue\/\" aria-label=\"Modelo Ecovalue\"><\/a>\n\t<\/div>\n<\/div>\n\n\t\n<\/div>\n<div class=\"fusion-portfolio-content\"><h2 class=\"entry-title fusion-post-title\"><a href=\"https:\/\/abayanalistas.net\/en\/portfolio\/modelo-ecovalue\/\">Modelo Ecovalue<\/a><\/h2><div class=\"fusion-portfolio-meta\"><a href=\"https:\/\/abayanalistas.net\/en\/portfolio_category\/impact-and-policy-evaluation\/\" rel=\"tag\">Impact and Policy Evaluation<\/a>, <a href=\"https:\/\/abayanalistas.net\/en\/portfolio_category\/sustainability\/\" rel=\"tag\">Sustainability<\/a><\/div><div class=\"fusion-post-content\"><p>Las energ\u00edas renovables representan una opci\u00f3n ambientalmente sostenible de energ\u00eda y aportan una parte creciente de la producci\u00f3n energ\u00e9tica en varios pa\u00edses.<\/p><\/div><\/div><\/div><\/article><article id=\"portfolio-1-post-1803\" class=\"fusion-portfolio-post social-topics fusion-col-spacing post-1803\"><div class=\"fusion-portfolio-content-wrapper\" style=\"border:none;\"><span class=\"vcard rich-snippet-hidden\"><span class=\"fn\"><a href=\"https:\/\/abayanalistas.net\/en\/author\/abay\/\" title=\"Posts by Abay\" rel=\"author\">Abay<\/a><\/span><\/span><span class=\"updated rich-snippet-hidden\">2016-11-21T19:52:34+00:00<\/span>\n\n<div  class=\"fusion-image-wrapper\" aria-haspopup=\"true\">\n\t\n\t\n\t\t\n\t\t\t\t\t<img loading=\"lazy\" decoding=\"async\" width=\"910\" height=\"1172\" src=\"https:\/\/abayanalistas.net\/en\/wp-content\/uploads\/discapacidad-intelectual-1-200x258.jpg\" class=\"attachment-full size-full wp-post-image\" alt=\"\" srcset=\"https:\/\/abayanalistas.net\/en\/wp-content\/uploads\/discapacidad-intelectual-1-200x258.jpg 200w, https:\/\/abayanalistas.net\/en\/wp-content\/uploads\/discapacidad-intelectual-1-400x515.jpg 400w, https:\/\/abayanalistas.net\/en\/wp-content\/uploads\/discapacidad-intelectual-1-600x773.jpg 600w, https:\/\/abayanalistas.net\/en\/wp-content\/uploads\/discapacidad-intelectual-1-800x1030.jpg 800w, https:\/\/abayanalistas.net\/en\/wp-content\/uploads\/discapacidad-intelectual-1.jpg 910w\" sizes=\"(min-width: 2200px) 100vw, (min-width: 1106px) 270px, (min-width: 1044px) 360px, (min-width: 982px) 540px, (min-width: 920px) 982px, \" \/>\n\t\n\n\t\t<div class=\"fusion-rollover\">\n\t<div class=\"fusion-rollover-content\">\n\n\t\t\t\t\t\t\t\t\t\t\t\t\t\t<a class=\"fusion-rollover-link\" href=\"https:\/\/abayanalistas.net\/en\/portfolio\/evolucion-futura-de-la-poblacion-con-discapacidad-intelectual-en-aragon\/\">Evoluci\u00f3n futura de la poblaci\u00f3n con discapacidad intelectual en Arag\u00f3n<\/a>\n\t\t\t\n\t\t\t\t\t\t\t\t\n\t\t\t\t\n\t\t\t\t\t\t\t\t\t\t\t\t<h4 class=\"fusion-rollover-title\">\n\t\t\t\t\t<a href=\"https:\/\/abayanalistas.net\/en\/portfolio\/evolucion-futura-de-la-poblacion-con-discapacidad-intelectual-en-aragon\/\">\n\t\t\t\t\t\tEvoluci\u00f3n futura de la poblaci\u00f3n con discapacidad intelectual en Arag\u00f3n\t\t\t\t\t<\/a>\n\t\t\t\t<\/h4>\n\t\t\t\n\t\t\t\t\t\t\t\t\n\t\t\n\t\t\t\t<a class=\"fusion-link-wrapper\" href=\"https:\/\/abayanalistas.net\/en\/portfolio\/evolucion-futura-de-la-poblacion-con-discapacidad-intelectual-en-aragon\/\" aria-label=\"Evoluci\u00f3n futura de la poblaci\u00f3n con discapacidad intelectual en Arag\u00f3n\"><\/a>\n\t<\/div>\n<\/div>\n\n\t\n<\/div>\n<div class=\"fusion-portfolio-content\"><h2 class=\"entry-title fusion-post-title\"><a href=\"https:\/\/abayanalistas.net\/en\/portfolio\/evolucion-futura-de-la-poblacion-con-discapacidad-intelectual-en-aragon\/\">Evoluci\u00f3n futura de la poblaci\u00f3n con discapacidad intelectual en Arag\u00f3n<\/a><\/h2><div class=\"fusion-portfolio-meta\"><a href=\"https:\/\/abayanalistas.net\/en\/portfolio_category\/social-topics\/\" rel=\"tag\">Social topics<\/a><\/div><div class=\"fusion-post-content\"><p>La sociedad espa\u00f1ola est\u00e1 envejeciendo a un ritmo muy acelerado. Tanto el n\u00famero de personas mayores como su peso relativo en la estructura demogr\u00e1fica plantean nuevos e importantes retos econ\u00f3micos y sociales. <\/p><\/div><\/div><\/div><\/article><article id=\"portfolio-1-post-1491\" class=\"fusion-portfolio-post impact-and-policy-evaluation sector-studies featured fusion-col-spacing post-1491\"><div class=\"fusion-portfolio-content-wrapper\" style=\"border:none;\"><span class=\"vcard rich-snippet-hidden\"><span class=\"fn\"><a href=\"https:\/\/abayanalistas.net\/en\/author\/abay\/\" title=\"Posts by Abay\" rel=\"author\">Abay<\/a><\/span><\/span><span class=\"updated rich-snippet-hidden\">2016-11-21T19:52:35+00:00<\/span>\n\n<div  class=\"fusion-image-wrapper\" aria-haspopup=\"true\">\n\t\n\t\n\t\t\n\t\t\t\t\t<img loading=\"lazy\" decoding=\"async\" width=\"900\" height=\"1273\" src=\"https:\/\/abayanalistas.net\/en\/wp-content\/uploads\/Propuestas-reduccion-200x283.jpg\" class=\"attachment-full size-full wp-post-image\" alt=\"\" srcset=\"https:\/\/abayanalistas.net\/en\/wp-content\/uploads\/Propuestas-reduccion-200x283.jpg 200w, https:\/\/abayanalistas.net\/en\/wp-content\/uploads\/Propuestas-reduccion-400x566.jpg 400w, https:\/\/abayanalistas.net\/en\/wp-content\/uploads\/Propuestas-reduccion-600x849.jpg 600w, https:\/\/abayanalistas.net\/en\/wp-content\/uploads\/Propuestas-reduccion-800x1132.jpg 800w, https:\/\/abayanalistas.net\/en\/wp-content\/uploads\/Propuestas-reduccion.jpg 900w\" sizes=\"(min-width: 2200px) 100vw, (min-width: 1106px) 270px, (min-width: 1044px) 360px, (min-width: 982px) 540px, (min-width: 920px) 982px, \" \/>\n\t\n\n\t\t<div class=\"fusion-rollover\">\n\t<div class=\"fusion-rollover-content\">\n\n\t\t\t\t\t\t\t\t\t\t\t\t\t\t<a class=\"fusion-rollover-link\" href=\"https:\/\/abayanalistas.net\/en\/portfolio\/simplificacion-de-tramites-administrativos-que-soportan-las-empresas\/\">Simplificaci\u00f3n de tr\u00e1mites administrativos que soportan las empresas<\/a>\n\t\t\t\n\t\t\t\t\t\t\t\t\n\t\t\t\t\n\t\t\t\t\t\t\t\t\t\t\t\t<h4 class=\"fusion-rollover-title\">\n\t\t\t\t\t<a href=\"https:\/\/abayanalistas.net\/en\/portfolio\/simplificacion-de-tramites-administrativos-que-soportan-las-empresas\/\">\n\t\t\t\t\t\tSimplificaci\u00f3n de tr\u00e1mites administrativos que soportan las empresas\t\t\t\t\t<\/a>\n\t\t\t\t<\/h4>\n\t\t\t\n\t\t\t\t\t\t\t\t\n\t\t\n\t\t\t\t<a class=\"fusion-link-wrapper\" href=\"https:\/\/abayanalistas.net\/en\/portfolio\/simplificacion-de-tramites-administrativos-que-soportan-las-empresas\/\" aria-label=\"Simplificaci\u00f3n de tr\u00e1mites administrativos que soportan las empresas\"><\/a>\n\t<\/div>\n<\/div>\n\n\t\n<\/div>\n<div class=\"fusion-portfolio-content\"><h2 class=\"entry-title fusion-post-title\"><a href=\"https:\/\/abayanalistas.net\/en\/portfolio\/simplificacion-de-tramites-administrativos-que-soportan-las-empresas\/\">Simplificaci\u00f3n de tr\u00e1mites administrativos que soportan las empresas<\/a><\/h2><div class=\"fusion-portfolio-meta\"><a href=\"https:\/\/abayanalistas.net\/en\/portfolio_category\/impact-and-policy-evaluation\/\" rel=\"tag\">Impact and Policy Evaluation<\/a>, <a href=\"https:\/\/abayanalistas.net\/en\/portfolio_category\/sector-studies\/\" rel=\"tag\">Sector Studies<\/a>, <a href=\"https:\/\/abayanalistas.net\/en\/portfolio_category\/featured\/\" rel=\"tag\">\u263c<\/a><\/div><div class=\"fusion-post-content\"><p>Desde el a\u00f1o 2011, Abay Analistas, en colaboraci\u00f3n con la C\u00e1mara de Comercio de Espa\u00f1a, realiza un estudio diagn\u00f3stico anual cuyo objetivo se centra en identificar los principales tr\u00e1mites administrativos que est\u00e1n afectando a la operativa diaria y a la creaci\u00f3n de nuevas empresas y que son susceptibles de simplificaci\u00f3n o mejora.<\/p><\/div><\/div><\/div><\/article><article id=\"portfolio-1-post-1915\" class=\"fusion-portfolio-post impact-and-policy-evaluation sector-studies sustainability fusion-col-spacing post-1915\"><div class=\"fusion-portfolio-content-wrapper\" style=\"border:none;\"><span class=\"vcard rich-snippet-hidden\"><span class=\"fn\"><a href=\"https:\/\/abayanalistas.net\/en\/author\/abay\/\" title=\"Posts by Abay\" rel=\"author\">Abay<\/a><\/span><\/span><span class=\"updated rich-snippet-hidden\">2016-11-21T19:52:36+00:00<\/span>\n\n<div  class=\"fusion-image-wrapper\" aria-haspopup=\"true\">\n\t\n\t\n\t\t\n\t\t\t\t\t<img loading=\"lazy\" decoding=\"async\" width=\"900\" height=\"1295\" src=\"https:\/\/abayanalistas.net\/en\/wp-content\/uploads\/EOI_ImpactoEconomiaSocial-1-200x288.jpg\" class=\"attachment-full size-full wp-post-image\" alt=\"\" srcset=\"https:\/\/abayanalistas.net\/en\/wp-content\/uploads\/EOI_ImpactoEconomiaSocial-1-200x288.jpg 200w, https:\/\/abayanalistas.net\/en\/wp-content\/uploads\/EOI_ImpactoEconomiaSocial-1-400x576.jpg 400w, https:\/\/abayanalistas.net\/en\/wp-content\/uploads\/EOI_ImpactoEconomiaSocial-1-600x863.jpg 600w, https:\/\/abayanalistas.net\/en\/wp-content\/uploads\/EOI_ImpactoEconomiaSocial-1-800x1151.jpg 800w, https:\/\/abayanalistas.net\/en\/wp-content\/uploads\/EOI_ImpactoEconomiaSocial-1.jpg 900w\" sizes=\"(min-width: 2200px) 100vw, (min-width: 1106px) 270px, (min-width: 1044px) 360px, (min-width: 982px) 540px, (min-width: 920px) 982px, \" \/>\n\t\n\n\t\t<div class=\"fusion-rollover\">\n\t<div class=\"fusion-rollover-content\">\n\n\t\t\t\t\t\t\t\t\t\t\t\t\t\t<a class=\"fusion-rollover-link\" href=\"https:\/\/abayanalistas.net\/en\/portfolio\/impacto-socioeconomico-empresas-economia-social\/\">El impacto socioecon\u00f3mico de los valores de las empresas de Econom\u00eda Social<\/a>\n\t\t\t\n\t\t\t\t\t\t\t\t\n\t\t\t\t\n\t\t\t\t\t\t\t\t\t\t\t\t<h4 class=\"fusion-rollover-title\">\n\t\t\t\t\t<a href=\"https:\/\/abayanalistas.net\/en\/portfolio\/impacto-socioeconomico-empresas-economia-social\/\">\n\t\t\t\t\t\tEl impacto socioecon\u00f3mico de los valores de las empresas de Econom\u00eda Social\t\t\t\t\t<\/a>\n\t\t\t\t<\/h4>\n\t\t\t\n\t\t\t\t\t\t\t\t\n\t\t\n\t\t\t\t<a class=\"fusion-link-wrapper\" href=\"https:\/\/abayanalistas.net\/en\/portfolio\/impacto-socioeconomico-empresas-economia-social\/\" aria-label=\"El impacto socioecon\u00f3mico de los valores de las empresas de Econom\u00eda Social\"><\/a>\n\t<\/div>\n<\/div>\n\n\t\n<\/div>\n<div class=\"fusion-portfolio-content\"><h2 class=\"entry-title fusion-post-title\"><a href=\"https:\/\/abayanalistas.net\/en\/portfolio\/impacto-socioeconomico-empresas-economia-social\/\">El impacto socioecon\u00f3mico de los valores de las empresas de Econom\u00eda Social<\/a><\/h2><div class=\"fusion-portfolio-meta\"><a href=\"https:\/\/abayanalistas.net\/en\/portfolio_category\/impact-and-policy-evaluation\/\" rel=\"tag\">Impact and Policy Evaluation<\/a>, <a href=\"https:\/\/abayanalistas.net\/en\/portfolio_category\/sector-studies\/\" rel=\"tag\">Sector Studies<\/a>, <a href=\"https:\/\/abayanalistas.net\/en\/portfolio_category\/sustainability\/\" rel=\"tag\">Sustainability<\/a><\/div><div class=\"fusion-post-content\"><p>Este estudio, realizado para la Confederaci\u00f3n Empresarial Espa\u00f1ola de la Econom\u00eda Social (CEPES) analiza ampliamente la contribuci\u00f3n de las empresas de Econom\u00eda Social a la econom\u00eda en su conjunto y su utilidad social, clasificada en torno a dos grandes ejes: cohesi\u00f3n social y cohesi\u00f3n territorial.<\/p><\/div><\/div><\/div><\/article><article id=\"portfolio-1-post-1797\" class=\"fusion-portfolio-post impact-and-policy-evaluation social-topics fusion-col-spacing post-1797\"><div class=\"fusion-portfolio-content-wrapper\" style=\"border:none;\"><span class=\"vcard rich-snippet-hidden\"><span class=\"fn\"><a href=\"https:\/\/abayanalistas.net\/en\/author\/abay\/\" title=\"Posts by Abay\" rel=\"author\">Abay<\/a><\/span><\/span><span class=\"updated rich-snippet-hidden\">2016-11-21T19:52:36+00:00<\/span>\n\n<div  class=\"fusion-image-wrapper\" aria-haspopup=\"true\">\n\t\n\t\n\t\t\n\t\t\t\t\t<img loading=\"lazy\" decoding=\"async\" width=\"900\" height=\"1273\" src=\"https:\/\/abayanalistas.net\/en\/wp-content\/uploads\/badajoz-1-200x283.jpg\" class=\"attachment-full size-full wp-post-image\" alt=\"\" srcset=\"https:\/\/abayanalistas.net\/en\/wp-content\/uploads\/badajoz-1-200x283.jpg 200w, https:\/\/abayanalistas.net\/en\/wp-content\/uploads\/badajoz-1-400x566.jpg 400w, https:\/\/abayanalistas.net\/en\/wp-content\/uploads\/badajoz-1-600x849.jpg 600w, https:\/\/abayanalistas.net\/en\/wp-content\/uploads\/badajoz-1-800x1132.jpg 800w, https:\/\/abayanalistas.net\/en\/wp-content\/uploads\/badajoz-1.jpg 900w\" sizes=\"(min-width: 2200px) 100vw, (min-width: 1106px) 270px, (min-width: 1044px) 360px, (min-width: 982px) 540px, (min-width: 920px) 982px, \" \/>\n\t\n\n\t\t<div class=\"fusion-rollover\">\n\t<div class=\"fusion-rollover-content\">\n\n\t\t\t\t\t\t\t\t\t\t\t\t\t\t<a class=\"fusion-rollover-link\" href=\"https:\/\/abayanalistas.net\/en\/portfolio\/incremento-de-la-poblacion-en-pequenos-municipio-repobla-de-la-provincia-de-badajoz\/\">Incremento de la poblaci\u00f3n en peque\u00f1os municipios (REPOBLA) de la provincia de Badajoz<\/a>\n\t\t\t\n\t\t\t\t\t\t\t\t\n\t\t\t\t\n\t\t\t\t\t\t\t\t\t\t\t\t<h4 class=\"fusion-rollover-title\">\n\t\t\t\t\t<a href=\"https:\/\/abayanalistas.net\/en\/portfolio\/incremento-de-la-poblacion-en-pequenos-municipio-repobla-de-la-provincia-de-badajoz\/\">\n\t\t\t\t\t\tIncremento de la poblaci\u00f3n en peque\u00f1os municipios (REPOBLA) de la provincia de Badajoz\t\t\t\t\t<\/a>\n\t\t\t\t<\/h4>\n\t\t\t\n\t\t\t\t\t\t\t\t\n\t\t\n\t\t\t\t<a class=\"fusion-link-wrapper\" href=\"https:\/\/abayanalistas.net\/en\/portfolio\/incremento-de-la-poblacion-en-pequenos-municipio-repobla-de-la-provincia-de-badajoz\/\" aria-label=\"Incremento de la poblaci\u00f3n en peque\u00f1os municipios (REPOBLA) de la provincia de Badajoz\"><\/a>\n\t<\/div>\n<\/div>\n\n\t\n<\/div>\n<div class=\"fusion-portfolio-content\"><h2 class=\"entry-title fusion-post-title\"><a href=\"https:\/\/abayanalistas.net\/en\/portfolio\/incremento-de-la-poblacion-en-pequenos-municipio-repobla-de-la-provincia-de-badajoz\/\">Incremento de la poblaci\u00f3n en peque\u00f1os municipios (REPOBLA) de la provincia de Badajoz<\/a><\/h2><div class=\"fusion-portfolio-meta\"><a href=\"https:\/\/abayanalistas.net\/en\/portfolio_category\/impact-and-policy-evaluation\/\" rel=\"tag\">Impact and Policy Evaluation<\/a>, <a href=\"https:\/\/abayanalistas.net\/en\/portfolio_category\/social-topics\/\" rel=\"tag\">Social topics<\/a><\/div><div class=\"fusion-post-content\"><p> Incremento de la poblaci\u00f3n en peque\u00f1os municipios (REPOBLA) de la provincia de Badajoz El objetivo del programa REPOBLA es la activaci\u00f3n y consolidaci\u00f3n de la econom\u00eda local mediante la captaci\u00f3n de inversores externos, as\u00ed [...]<\/p><\/div><\/div><\/div><\/article><article id=\"portfolio-1-post-1784\" class=\"fusion-portfolio-post social-topics fusion-col-spacing post-1784\"><div class=\"fusion-portfolio-content-wrapper\" style=\"border:none;\"><span class=\"vcard rich-snippet-hidden\"><span class=\"fn\"><a href=\"https:\/\/abayanalistas.net\/en\/author\/abay\/\" title=\"Posts by Abay\" rel=\"author\">Abay<\/a><\/span><\/span><span class=\"updated rich-snippet-hidden\">2016-11-21T19:52:37+00:00<\/span>\n\n<div  class=\"fusion-image-wrapper\" aria-haspopup=\"true\">\n\t\n\t\n\t\t\n\t\t\t\t\t<img loading=\"lazy\" decoding=\"async\" width=\"900\" height=\"1274\" src=\"https:\/\/abayanalistas.net\/en\/wp-content\/uploads\/Informe_Feaps_siniestralidad-CEE-1-200x283.jpg\" class=\"attachment-full size-full wp-post-image\" alt=\"\" srcset=\"https:\/\/abayanalistas.net\/en\/wp-content\/uploads\/Informe_Feaps_siniestralidad-CEE-1-200x283.jpg 200w, https:\/\/abayanalistas.net\/en\/wp-content\/uploads\/Informe_Feaps_siniestralidad-CEE-1-400x566.jpg 400w, https:\/\/abayanalistas.net\/en\/wp-content\/uploads\/Informe_Feaps_siniestralidad-CEE-1-600x849.jpg 600w, https:\/\/abayanalistas.net\/en\/wp-content\/uploads\/Informe_Feaps_siniestralidad-CEE-1-800x1132.jpg 800w, https:\/\/abayanalistas.net\/en\/wp-content\/uploads\/Informe_Feaps_siniestralidad-CEE-1.jpg 900w\" sizes=\"(min-width: 2200px) 100vw, (min-width: 1106px) 270px, (min-width: 1044px) 360px, (min-width: 982px) 540px, (min-width: 920px) 982px, \" \/>\n\t\n\n\t\t<div class=\"fusion-rollover\">\n\t<div class=\"fusion-rollover-content\">\n\n\t\t\t\t\t\t\t\t\t\t\t\t\t\t<a class=\"fusion-rollover-link\" href=\"https:\/\/abayanalistas.net\/en\/portfolio\/informe-sobre-siniestralidad-laboral-de-las-personas-con-discapacidad-intelectual-en-los-centros-especiales-de-empleo-de-feaps-madrid\/\">Informe sobre siniestralidad laboral de las personas con discapacidad intelectual en los Centros Especiales de Empleo de FEAPS Madrid<\/a>\n\t\t\t\n\t\t\t\t\t\t\t\t\n\t\t\t\t\n\t\t\t\t\t\t\t\t\t\t\t\t<h4 class=\"fusion-rollover-title\">\n\t\t\t\t\t<a href=\"https:\/\/abayanalistas.net\/en\/portfolio\/informe-sobre-siniestralidad-laboral-de-las-personas-con-discapacidad-intelectual-en-los-centros-especiales-de-empleo-de-feaps-madrid\/\">\n\t\t\t\t\t\tInforme sobre siniestralidad laboral de las personas con discapacidad intelectual en los Centros Especiales de Empleo de FEAPS Madrid\t\t\t\t\t<\/a>\n\t\t\t\t<\/h4>\n\t\t\t\n\t\t\t\t\t\t\t\t\n\t\t\n\t\t\t\t<a class=\"fusion-link-wrapper\" href=\"https:\/\/abayanalistas.net\/en\/portfolio\/informe-sobre-siniestralidad-laboral-de-las-personas-con-discapacidad-intelectual-en-los-centros-especiales-de-empleo-de-feaps-madrid\/\" aria-label=\"Informe sobre siniestralidad laboral de las personas con discapacidad intelectual en los Centros Especiales de Empleo de FEAPS Madrid\"><\/a>\n\t<\/div>\n<\/div>\n\n\t\n<\/div>\n<div class=\"fusion-portfolio-content\"><h2 class=\"entry-title fusion-post-title\"><a href=\"https:\/\/abayanalistas.net\/en\/portfolio\/informe-sobre-siniestralidad-laboral-de-las-personas-con-discapacidad-intelectual-en-los-centros-especiales-de-empleo-de-feaps-madrid\/\">Informe sobre siniestralidad laboral de las personas con discapacidad intelectual en los Centros Especiales de Empleo de FEAPS Madrid<\/a><\/h2><div class=\"fusion-portfolio-meta\"><a href=\"https:\/\/abayanalistas.net\/en\/portfolio_category\/social-topics\/\" rel=\"tag\">Social topics<\/a><\/div><div class=\"fusion-post-content\"><p>FEAPS Madrid es la Federaci\u00f3n de Organizaciones en favor de las personas con discapacidad intelectual de la Comunidad de Madrid. Su misi\u00f3n es la de promover acciones y servicios, creando las condiciones para que las organizaciones federadas mejoren la calidad de vida de las personas con discapacidad intelectual y la de sus familias. <\/p><\/div><\/div><\/div><\/article><article id=\"portfolio-1-post-1893\" class=\"fusion-portfolio-post impact-and-policy-evaluation sector-studies fusion-col-spacing post-1893\"><div class=\"fusion-portfolio-content-wrapper\" style=\"border:none;\"><span class=\"vcard rich-snippet-hidden\"><span class=\"fn\"><a href=\"https:\/\/abayanalistas.net\/en\/author\/abay\/\" title=\"Posts by Abay\" rel=\"author\">Abay<\/a><\/span><\/span><span class=\"updated rich-snippet-hidden\">2016-11-21T19:52:37+00:00<\/span>\n\n<div  class=\"fusion-image-wrapper\" aria-haspopup=\"true\">\n\t\n\t\n\t\t\n\t\t\t\t\t<img loading=\"lazy\" decoding=\"async\" width=\"900\" height=\"1273\" src=\"https:\/\/abayanalistas.net\/en\/wp-content\/uploads\/role_lias_transfer_innovation-1-200x283.jpg\" class=\"attachment-full size-full wp-post-image\" alt=\"\" srcset=\"https:\/\/abayanalistas.net\/en\/wp-content\/uploads\/role_lias_transfer_innovation-1-200x283.jpg 200w, https:\/\/abayanalistas.net\/en\/wp-content\/uploads\/role_lias_transfer_innovation-1-400x566.jpg 400w, https:\/\/abayanalistas.net\/en\/wp-content\/uploads\/role_lias_transfer_innovation-1-600x849.jpg 600w, https:\/\/abayanalistas.net\/en\/wp-content\/uploads\/role_lias_transfer_innovation-1-800x1132.jpg 800w, https:\/\/abayanalistas.net\/en\/wp-content\/uploads\/role_lias_transfer_innovation-1.jpg 900w\" sizes=\"(min-width: 2200px) 100vw, (min-width: 1106px) 270px, (min-width: 1044px) 360px, (min-width: 982px) 540px, (min-width: 920px) 982px, \" \/>\n\t\n\n\t\t<div class=\"fusion-rollover\">\n\t<div class=\"fusion-rollover-content\">\n\n\t\t\t\t\t\t\t\t\t\t\t\t\t\t<a class=\"fusion-rollover-link\" href=\"https:\/\/abayanalistas.net\/en\/portfolio\/el-papel-de-las-administraciones-locales-intermedias-en-la-transferencia-de-innovacion\/\">El papel de las Administraciones Locales Intermedias en la Transferencia de Innovaci\u00f3n<\/a>\n\t\t\t\n\t\t\t\t\t\t\t\t\n\t\t\t\t\n\t\t\t\t\t\t\t\t\t\t\t\t<h4 class=\"fusion-rollover-title\">\n\t\t\t\t\t<a href=\"https:\/\/abayanalistas.net\/en\/portfolio\/el-papel-de-las-administraciones-locales-intermedias-en-la-transferencia-de-innovacion\/\">\n\t\t\t\t\t\tEl papel de las Administraciones Locales Intermedias en la Transferencia de Innovaci\u00f3n\t\t\t\t\t<\/a>\n\t\t\t\t<\/h4>\n\t\t\t\n\t\t\t\t\t\t\t\t\n\t\t\n\t\t\t\t<a class=\"fusion-link-wrapper\" href=\"https:\/\/abayanalistas.net\/en\/portfolio\/el-papel-de-las-administraciones-locales-intermedias-en-la-transferencia-de-innovacion\/\" aria-label=\"El papel de las Administraciones Locales Intermedias en la Transferencia de Innovaci\u00f3n\"><\/a>\n\t<\/div>\n<\/div>\n\n\t\n<\/div>\n<div class=\"fusion-portfolio-content\"><h2 class=\"entry-title fusion-post-title\"><a href=\"https:\/\/abayanalistas.net\/en\/portfolio\/el-papel-de-las-administraciones-locales-intermedias-en-la-transferencia-de-innovacion\/\">El papel de las Administraciones Locales Intermedias en la Transferencia de Innovaci\u00f3n<\/a><\/h2><div class=\"fusion-portfolio-meta\"><a href=\"https:\/\/abayanalistas.net\/en\/portfolio_category\/impact-and-policy-evaluation\/\" rel=\"tag\">Impact and Policy Evaluation<\/a>, <a href=\"https:\/\/abayanalistas.net\/en\/portfolio_category\/sector-studies\/\" rel=\"tag\">Sector Studies<\/a><\/div><div class=\"fusion-post-content\"><p>Innovation and competitiveness have a synergistic relationship well documented in specialized literature. According to the Information Technology and Innovation Foundation, between half and three quarters of all economic growth over the 20th\r\ncentury is related to innovation.<\/p><\/div><\/div><\/div><\/article><article id=\"portfolio-1-post-1512\" class=\"fusion-portfolio-post impact-and-policy-evaluation sector-studies sustainability fusion-col-spacing post-1512\"><div class=\"fusion-portfolio-content-wrapper\" style=\"border:none;\"><span class=\"vcard rich-snippet-hidden\"><span class=\"fn\"><a href=\"https:\/\/abayanalistas.net\/en\/author\/abay\/\" title=\"Posts by Abay\" rel=\"author\">Abay<\/a><\/span><\/span><span class=\"updated rich-snippet-hidden\">2016-11-21T19:52:38+00:00<\/span>\n\n<div  class=\"fusion-image-wrapper\" aria-haspopup=\"true\">\n\t\n\t\n\t\t\n\t\t\t\t\t<img loading=\"lazy\" decoding=\"async\" width=\"900\" height=\"1293\" src=\"https:\/\/abayanalistas.net\/en\/wp-content\/uploads\/libro-green-jobs-empleo-verde-1-200x287.jpg\" class=\"attachment-full size-full wp-post-image\" alt=\"\" srcset=\"https:\/\/abayanalistas.net\/en\/wp-content\/uploads\/libro-green-jobs-empleo-verde-1-200x287.jpg 200w, https:\/\/abayanalistas.net\/en\/wp-content\/uploads\/libro-green-jobs-empleo-verde-1-400x575.jpg 400w, https:\/\/abayanalistas.net\/en\/wp-content\/uploads\/libro-green-jobs-empleo-verde-1-600x862.jpg 600w, https:\/\/abayanalistas.net\/en\/wp-content\/uploads\/libro-green-jobs-empleo-verde-1-800x1149.jpg 800w, https:\/\/abayanalistas.net\/en\/wp-content\/uploads\/libro-green-jobs-empleo-verde-1.jpg 900w\" sizes=\"(min-width: 2200px) 100vw, (min-width: 1106px) 270px, (min-width: 1044px) 360px, (min-width: 982px) 540px, (min-width: 920px) 982px, \" \/>\n\t\n\n\t\t<div class=\"fusion-rollover\">\n\t<div class=\"fusion-rollover-content\">\n\n\t\t\t\t\t\t\t\t\t\t\t\t\t\t<a class=\"fusion-rollover-link\" href=\"https:\/\/abayanalistas.net\/en\/portfolio\/green-jobs-2010\/\">Green Jobs. 2010<\/a>\n\t\t\t\n\t\t\t\t\t\t\t\t\n\t\t\t\t\n\t\t\t\t\t\t\t\t\t\t\t\t<h4 class=\"fusion-rollover-title\">\n\t\t\t\t\t<a href=\"https:\/\/abayanalistas.net\/en\/portfolio\/green-jobs-2010\/\">\n\t\t\t\t\t\tGreen Jobs. 2010\t\t\t\t\t<\/a>\n\t\t\t\t<\/h4>\n\t\t\t\n\t\t\t\t\t\t\t\t\n\t\t\n\t\t\t\t<a class=\"fusion-link-wrapper\" href=\"https:\/\/abayanalistas.net\/en\/portfolio\/green-jobs-2010\/\" aria-label=\"Green Jobs. 2010\"><\/a>\n\t<\/div>\n<\/div>\n\n\t\n<\/div>\n<div class=\"fusion-portfolio-content\"><h2 class=\"entry-title fusion-post-title\"><a href=\"https:\/\/abayanalistas.net\/en\/portfolio\/green-jobs-2010\/\">Green Jobs. 2010<\/a><\/h2><div class=\"fusion-portfolio-meta\"><a href=\"https:\/\/abayanalistas.net\/en\/portfolio_category\/impact-and-policy-evaluation\/\" rel=\"tag\">Impact and Policy Evaluation<\/a>, <a href=\"https:\/\/abayanalistas.net\/en\/portfolio_category\/sector-studies\/\" rel=\"tag\">Sector Studies<\/a>, <a href=\"https:\/\/abayanalistas.net\/en\/portfolio_category\/sustainability\/\" rel=\"tag\">Sustainability<\/a><\/div><div class=\"fusion-post-content\"><p>Abay Analistas ha colaborado con la Escuela de Organizaci\u00f3n Industrial, EOI y la Fundaci\u00f3n OPTI en la realizaci\u00f3n de este proyecto, el cual constituye un paso adelante en el an\u00e1lisis y cuantificaci\u00f3n de las relaciones entre la econom\u00eda espa\u00f1ola y el medio ambiente, aportando magnitudes macroecon\u00f3micas y contribuyendo a la visibilizaci\u00f3n de la econom\u00eda verde en el tejido productivo espa\u00f1ol.<\/p><\/div><\/div><\/div><\/article><article id=\"portfolio-1-post-1886\" class=\"fusion-portfolio-post impact-and-policy-evaluation sector-studies fusion-col-spacing post-1886\"><div class=\"fusion-portfolio-content-wrapper\" style=\"border:none;\"><span class=\"vcard rich-snippet-hidden\"><span class=\"fn\"><a href=\"https:\/\/abayanalistas.net\/en\/author\/abay\/\" title=\"Posts by Abay\" rel=\"author\">Abay<\/a><\/span><\/span><span class=\"updated rich-snippet-hidden\">2016-11-21T19:52:39+00:00<\/span>\n\n<div  class=\"fusion-image-wrapper\" aria-haspopup=\"true\">\n\t\n\t\n\t\t\n\t\t\t\t\t<img loading=\"lazy\" decoding=\"async\" width=\"900\" height=\"1275\" src=\"https:\/\/abayanalistas.net\/en\/wp-content\/uploads\/competitividad-sector-artesano-1-200x283.jpg\" class=\"attachment-full size-full wp-post-image\" alt=\"\" srcset=\"https:\/\/abayanalistas.net\/en\/wp-content\/uploads\/competitividad-sector-artesano-1-200x283.jpg 200w, https:\/\/abayanalistas.net\/en\/wp-content\/uploads\/competitividad-sector-artesano-1-400x567.jpg 400w, https:\/\/abayanalistas.net\/en\/wp-content\/uploads\/competitividad-sector-artesano-1-600x850.jpg 600w, https:\/\/abayanalistas.net\/en\/wp-content\/uploads\/competitividad-sector-artesano-1-800x1133.jpg 800w, https:\/\/abayanalistas.net\/en\/wp-content\/uploads\/competitividad-sector-artesano-1.jpg 900w\" sizes=\"(min-width: 2200px) 100vw, (min-width: 1106px) 270px, (min-width: 1044px) 360px, (min-width: 982px) 540px, (min-width: 920px) 982px, \" \/>\n\t\n\n\t\t<div class=\"fusion-rollover\">\n\t<div class=\"fusion-rollover-content\">\n\n\t\t\t\t\t\t\t\t\t\t\t\t\t\t<a class=\"fusion-rollover-link\" href=\"https:\/\/abayanalistas.net\/en\/portfolio\/la-competitividad-del-sector-artesano-en-espana\/\">La competitividad del sector artesano en Espa\u00f1a<\/a>\n\t\t\t\n\t\t\t\t\t\t\t\t\n\t\t\t\t\n\t\t\t\t\t\t\t\t\t\t\t\t<h4 class=\"fusion-rollover-title\">\n\t\t\t\t\t<a href=\"https:\/\/abayanalistas.net\/en\/portfolio\/la-competitividad-del-sector-artesano-en-espana\/\">\n\t\t\t\t\t\tLa competitividad del sector artesano en Espa\u00f1a\t\t\t\t\t<\/a>\n\t\t\t\t<\/h4>\n\t\t\t\n\t\t\t\t\t\t\t\t\n\t\t\n\t\t\t\t<a class=\"fusion-link-wrapper\" href=\"https:\/\/abayanalistas.net\/en\/portfolio\/la-competitividad-del-sector-artesano-en-espana\/\" aria-label=\"La competitividad del sector artesano en Espa\u00f1a\"><\/a>\n\t<\/div>\n<\/div>\n\n\t\n<\/div>\n<div class=\"fusion-portfolio-content\"><h2 class=\"entry-title fusion-post-title\"><a href=\"https:\/\/abayanalistas.net\/en\/portfolio\/la-competitividad-del-sector-artesano-en-espana\/\">La competitividad del sector artesano en Espa\u00f1a<\/a><\/h2><div class=\"fusion-portfolio-meta\"><a href=\"https:\/\/abayanalistas.net\/en\/portfolio_category\/impact-and-policy-evaluation\/\" rel=\"tag\">Impact and Policy Evaluation<\/a>, <a href=\"https:\/\/abayanalistas.net\/en\/portfolio_category\/sector-studies\/\" rel=\"tag\">Sector Studies<\/a><\/div><div class=\"fusion-post-content\"><p>Este estudio presenta una panor\u00e1mica sobre la situaci\u00f3n actual del Sector Artesano en Espa\u00f1a en relaci\u00f3n con los principales factores de competitividad, sus retos y oportunidades, y sus perspectivas de futuro.<\/p><\/div><\/div><\/div><\/article><article id=\"portfolio-1-post-1849\" class=\"fusion-portfolio-post impact-and-policy-evaluation fusion-col-spacing post-1849\"><div class=\"fusion-portfolio-content-wrapper\" style=\"border:none;\"><span class=\"vcard rich-snippet-hidden\"><span class=\"fn\"><a href=\"https:\/\/abayanalistas.net\/en\/author\/abay\/\" title=\"Posts by Abay\" rel=\"author\">Abay<\/a><\/span><\/span><span class=\"updated rich-snippet-hidden\">2016-11-21T19:52:39+00:00<\/span>\n\n<div  class=\"fusion-image-wrapper\" aria-haspopup=\"true\">\n\t\n\t\n\t\t\n\t\t\t\t\t<img loading=\"lazy\" decoding=\"async\" width=\"900\" height=\"882\" src=\"https:\/\/abayanalistas.net\/en\/wp-content\/uploads\/servicios-publicos-200x196.jpg\" class=\"attachment-full size-full wp-post-image\" alt=\"\" srcset=\"https:\/\/abayanalistas.net\/en\/wp-content\/uploads\/servicios-publicos-200x196.jpg 200w, https:\/\/abayanalistas.net\/en\/wp-content\/uploads\/servicios-publicos-400x392.jpg 400w, https:\/\/abayanalistas.net\/en\/wp-content\/uploads\/servicios-publicos-600x588.jpg 600w, https:\/\/abayanalistas.net\/en\/wp-content\/uploads\/servicios-publicos-800x784.jpg 800w, https:\/\/abayanalistas.net\/en\/wp-content\/uploads\/servicios-publicos.jpg 900w\" sizes=\"(min-width: 2200px) 100vw, (min-width: 1106px) 270px, (min-width: 1044px) 360px, (min-width: 982px) 540px, (min-width: 920px) 982px, \" \/>\n\t\n\n\t\t<div class=\"fusion-rollover\">\n\t<div class=\"fusion-rollover-content\">\n\n\t\t\t\t\t\t\t\t\t\t\t\t\t\t<a class=\"fusion-rollover-link\" href=\"https:\/\/abayanalistas.net\/en\/portfolio\/indicadores-de-gestion-para-servicios-publicos\/\">Indicadores de gesti\u00f3n para Servicios P\u00fablicos<\/a>\n\t\t\t\n\t\t\t\t\t\t\t\t\n\t\t\t\t\n\t\t\t\t\t\t\t\t\t\t\t\t<h4 class=\"fusion-rollover-title\">\n\t\t\t\t\t<a href=\"https:\/\/abayanalistas.net\/en\/portfolio\/indicadores-de-gestion-para-servicios-publicos\/\">\n\t\t\t\t\t\tIndicadores de gesti\u00f3n para Servicios P\u00fablicos\t\t\t\t\t<\/a>\n\t\t\t\t<\/h4>\n\t\t\t\n\t\t\t\t\t\t\t\t\n\t\t\n\t\t\t\t<a class=\"fusion-link-wrapper\" href=\"https:\/\/abayanalistas.net\/en\/portfolio\/indicadores-de-gestion-para-servicios-publicos\/\" aria-label=\"Indicadores de gesti\u00f3n para Servicios P\u00fablicos\"><\/a>\n\t<\/div>\n<\/div>\n\n\t\n<\/div>\n<div class=\"fusion-portfolio-content\"><h2 class=\"entry-title fusion-post-title\"><a href=\"https:\/\/abayanalistas.net\/en\/portfolio\/indicadores-de-gestion-para-servicios-publicos\/\">Indicadores de gesti\u00f3n para Servicios P\u00fablicos<\/a><\/h2><div class=\"fusion-portfolio-meta\"><a href=\"https:\/\/abayanalistas.net\/en\/portfolio_category\/impact-and-policy-evaluation\/\" rel=\"tag\">Impact and Policy Evaluation<\/a><\/div><div class=\"fusion-post-content\"><p>Los indicadores son medidas cuantitativas sobre distintas dimensiones de la gesti\u00f3n. Sirven para valorar los progresos hacia los objetivos que perseguimos como gestores p\u00fablicos o privados.<\/p><\/div><\/div><\/div><\/article><article id=\"portfolio-1-post-1640\" class=\"fusion-portfolio-post gender sustainability fusion-col-spacing post-1640\"><div class=\"fusion-portfolio-content-wrapper\" style=\"border:none;\"><span class=\"vcard rich-snippet-hidden\"><span class=\"fn\"><a href=\"https:\/\/abayanalistas.net\/en\/author\/abay\/\" title=\"Posts by Abay\" rel=\"author\">Abay<\/a><\/span><\/span><span class=\"updated rich-snippet-hidden\">2016-11-21T19:52:39+00:00<\/span>\n\n<div  class=\"fusion-image-wrapper\" aria-haspopup=\"true\">\n\t\n\t\n\t\t\n\t\t\t\t\t<img loading=\"lazy\" decoding=\"async\" width=\"900\" height=\"1271\" src=\"https:\/\/abayanalistas.net\/en\/wp-content\/uploads\/Componente-digital-1-200x282.jpg\" class=\"attachment-full size-full wp-post-image\" alt=\"\" srcset=\"https:\/\/abayanalistas.net\/en\/wp-content\/uploads\/Componente-digital-1-200x282.jpg 200w, https:\/\/abayanalistas.net\/en\/wp-content\/uploads\/Componente-digital-1-400x565.jpg 400w, https:\/\/abayanalistas.net\/en\/wp-content\/uploads\/Componente-digital-1-600x847.jpg 600w, https:\/\/abayanalistas.net\/en\/wp-content\/uploads\/Componente-digital-1-800x1130.jpg 800w, https:\/\/abayanalistas.net\/en\/wp-content\/uploads\/Componente-digital-1.jpg 900w\" sizes=\"(min-width: 2200px) 100vw, (min-width: 1106px) 270px, (min-width: 1044px) 360px, (min-width: 982px) 540px, (min-width: 920px) 982px, \" \/>\n\t\n\n\t\t<div class=\"fusion-rollover\">\n\t<div class=\"fusion-rollover-content\">\n\n\t\t\t\t\t\t\t\t\t\t\t\t\t\t<a class=\"fusion-rollover-link\" href=\"https:\/\/abayanalistas.net\/en\/portfolio\/trayectorias-laborales-de-las-mujeres-que-ocupan-puestos-de-alta-cualificacion\/\">Trayectorias Laborales de las Mujeres que ocupan puestos de Alta Cualificaci\u00f3n<\/a>\n\t\t\t\n\t\t\t\t\t\t\t\t\n\t\t\t\t\n\t\t\t\t\t\t\t\t\t\t\t\t<h4 class=\"fusion-rollover-title\">\n\t\t\t\t\t<a href=\"https:\/\/abayanalistas.net\/en\/portfolio\/trayectorias-laborales-de-las-mujeres-que-ocupan-puestos-de-alta-cualificacion\/\">\n\t\t\t\t\t\tTrayectorias Laborales de las Mujeres que ocupan puestos de Alta Cualificaci\u00f3n\t\t\t\t\t<\/a>\n\t\t\t\t<\/h4>\n\t\t\t\n\t\t\t\t\t\t\t\t\n\t\t\n\t\t\t\t<a class=\"fusion-link-wrapper\" href=\"https:\/\/abayanalistas.net\/en\/portfolio\/trayectorias-laborales-de-las-mujeres-que-ocupan-puestos-de-alta-cualificacion\/\" aria-label=\"Trayectorias Laborales de las Mujeres que ocupan puestos de Alta Cualificaci\u00f3n\"><\/a>\n\t<\/div>\n<\/div>\n\n\t\n<\/div>\n<div class=\"fusion-portfolio-content\"><h2 class=\"entry-title fusion-post-title\"><a href=\"https:\/\/abayanalistas.net\/en\/portfolio\/trayectorias-laborales-de-las-mujeres-que-ocupan-puestos-de-alta-cualificacion\/\">Trayectorias Laborales de las Mujeres que ocupan puestos de Alta Cualificaci\u00f3n<\/a><\/h2><div class=\"fusion-portfolio-meta\"><a href=\"https:\/\/abayanalistas.net\/en\/portfolio_category\/gender\/\" rel=\"tag\">Gender<\/a>, <a href=\"https:\/\/abayanalistas.net\/en\/portfolio_category\/sustainability\/\" rel=\"tag\">Sustainability<\/a><\/div><div class=\"fusion-post-content\"><p>Mediante la utilizaci\u00f3n de una nueva fuente estad\u00edstica, la Muestra Continua de Vidas Laborales, Abay Analistas ha realizado este informe para el Ministerio de Igualdad, cuyo objetivo final ha sido el realizar un an\u00e1lisis sobre la situaci\u00f3n de las personas que ocupan puestos de alta cualificaci\u00f3n en Espa\u00f1a, identificando posibles diferencias de g\u00e9nero, tanto en la posici\u00f3n actual como en las trayectorias laborales.<\/p><\/div><\/div><\/div><\/article><article id=\"portfolio-1-post-2057\" class=\"fusion-portfolio-post impact-and-policy-evaluation sector-studies fusion-col-spacing post-2057\"><div class=\"fusion-portfolio-content-wrapper\" style=\"border:none;\"><span class=\"vcard rich-snippet-hidden\"><span class=\"fn\"><a href=\"https:\/\/abayanalistas.net\/en\/author\/abay\/\" title=\"Posts by Abay\" rel=\"author\">Abay<\/a><\/span><\/span><span class=\"updated rich-snippet-hidden\">2016-11-21T19:52:40+00:00<\/span>\n\n<div  class=\"fusion-image-wrapper\" aria-haspopup=\"true\">\n\t\n\t\n\t\t\n\t\t\t\t\t<img loading=\"lazy\" decoding=\"async\" width=\"900\" height=\"882\" src=\"https:\/\/abayanalistas.net\/en\/wp-content\/uploads\/desarrollo-sistema-200x196.jpg\" class=\"attachment-full size-full wp-post-image\" alt=\"\" srcset=\"https:\/\/abayanalistas.net\/en\/wp-content\/uploads\/desarrollo-sistema-200x196.jpg 200w, https:\/\/abayanalistas.net\/en\/wp-content\/uploads\/desarrollo-sistema-400x392.jpg 400w, https:\/\/abayanalistas.net\/en\/wp-content\/uploads\/desarrollo-sistema-600x588.jpg 600w, https:\/\/abayanalistas.net\/en\/wp-content\/uploads\/desarrollo-sistema-800x784.jpg 800w, https:\/\/abayanalistas.net\/en\/wp-content\/uploads\/desarrollo-sistema.jpg 900w\" sizes=\"(min-width: 2200px) 100vw, (min-width: 1106px) 270px, (min-width: 1044px) 360px, (min-width: 982px) 540px, (min-width: 920px) 982px, \" \/>\n\t\n\n\t\t<div class=\"fusion-rollover\">\n\t<div class=\"fusion-rollover-content\">\n\n\t\t\t\t\t\t\t\t\t\t\t\t\t\t<a class=\"fusion-rollover-link\" href=\"https:\/\/abayanalistas.net\/en\/portfolio\/desarrollo-de-un-sistema-de-indicadores-para-la-gestion-integral-municipal\/\">Desarrollo de un sistema de indicadores para la gesti\u00f3n integral municipal<\/a>\n\t\t\t\n\t\t\t\t\t\t\t\t\n\t\t\t\t\n\t\t\t\t\t\t\t\t\t\t\t\t<h4 class=\"fusion-rollover-title\">\n\t\t\t\t\t<a href=\"https:\/\/abayanalistas.net\/en\/portfolio\/desarrollo-de-un-sistema-de-indicadores-para-la-gestion-integral-municipal\/\">\n\t\t\t\t\t\tDesarrollo de un sistema de indicadores para la gesti\u00f3n integral municipal\t\t\t\t\t<\/a>\n\t\t\t\t<\/h4>\n\t\t\t\n\t\t\t\t\t\t\t\t\n\t\t\n\t\t\t\t<a class=\"fusion-link-wrapper\" href=\"https:\/\/abayanalistas.net\/en\/portfolio\/desarrollo-de-un-sistema-de-indicadores-para-la-gestion-integral-municipal\/\" aria-label=\"Desarrollo de un sistema de indicadores para la gesti\u00f3n integral municipal\"><\/a>\n\t<\/div>\n<\/div>\n\n\t\n<\/div>\n<div class=\"fusion-portfolio-content\"><h2 class=\"entry-title fusion-post-title\"><a href=\"https:\/\/abayanalistas.net\/en\/portfolio\/desarrollo-de-un-sistema-de-indicadores-para-la-gestion-integral-municipal\/\">Desarrollo de un sistema de indicadores para la gesti\u00f3n integral municipal<\/a><\/h2><div class=\"fusion-portfolio-meta\"><a href=\"https:\/\/abayanalistas.net\/en\/portfolio_category\/impact-and-policy-evaluation\/\" rel=\"tag\">Impact and Policy Evaluation<\/a>, <a href=\"https:\/\/abayanalistas.net\/en\/portfolio_category\/sector-studies\/\" rel=\"tag\">Sector Studies<\/a><\/div><div class=\"fusion-post-content\"><p>Abay Analistas, S.L., en colaboraci\u00f3n con IEX, Entorno e Infraestructura de Extremadura, S.L ha desarrollado el sistema de gesti\u00f3n integral municipal  de la provincia de Badajoz.<\/p><\/div><\/div><\/div><\/article><article id=\"portfolio-1-post-2052\" class=\"fusion-portfolio-post sector-studies fusion-col-spacing post-2052\"><div class=\"fusion-portfolio-content-wrapper\" style=\"border:none;\"><span class=\"vcard rich-snippet-hidden\"><span class=\"fn\"><a href=\"https:\/\/abayanalistas.net\/en\/author\/abay\/\" title=\"Posts by Abay\" rel=\"author\">Abay<\/a><\/span><\/span><span class=\"updated rich-snippet-hidden\">2016-11-21T19:52:41+00:00<\/span>\n\n<div  class=\"fusion-image-wrapper\" aria-haspopup=\"true\">\n\t\n\t\n\t\t\n\t\t\t\t\t<img loading=\"lazy\" decoding=\"async\" width=\"900\" height=\"1273\" src=\"https:\/\/abayanalistas.net\/en\/wp-content\/uploads\/sector-artesano-1-200x283.jpg\" class=\"attachment-full size-full wp-post-image\" alt=\"\" srcset=\"https:\/\/abayanalistas.net\/en\/wp-content\/uploads\/sector-artesano-1-200x283.jpg 200w, https:\/\/abayanalistas.net\/en\/wp-content\/uploads\/sector-artesano-1-400x566.jpg 400w, https:\/\/abayanalistas.net\/en\/wp-content\/uploads\/sector-artesano-1-600x849.jpg 600w, https:\/\/abayanalistas.net\/en\/wp-content\/uploads\/sector-artesano-1-800x1132.jpg 800w, https:\/\/abayanalistas.net\/en\/wp-content\/uploads\/sector-artesano-1.jpg 900w\" sizes=\"(min-width: 2200px) 100vw, (min-width: 1106px) 270px, (min-width: 1044px) 360px, (min-width: 982px) 540px, (min-width: 920px) 982px, \" \/>\n\t\n\n\t\t<div class=\"fusion-rollover\">\n\t<div class=\"fusion-rollover-content\">\n\n\t\t\t\t\t\t\t\t\t\t\t\t\t\t<a class=\"fusion-rollover-link\" href=\"https:\/\/abayanalistas.net\/en\/portfolio\/el-sector-artesano-espanol-en-las-fuentes-estadisticas-y-documentales\/\">El sector artesano espa\u00f1ol en las fuentes estad\u00edsticas y documentales<\/a>\n\t\t\t\n\t\t\t\t\t\t\t\t\n\t\t\t\t\n\t\t\t\t\t\t\t\t\t\t\t\t<h4 class=\"fusion-rollover-title\">\n\t\t\t\t\t<a href=\"https:\/\/abayanalistas.net\/en\/portfolio\/el-sector-artesano-espanol-en-las-fuentes-estadisticas-y-documentales\/\">\n\t\t\t\t\t\tEl sector artesano espa\u00f1ol en las fuentes estad\u00edsticas y documentales\t\t\t\t\t<\/a>\n\t\t\t\t<\/h4>\n\t\t\t\n\t\t\t\t\t\t\t\t\n\t\t\n\t\t\t\t<a class=\"fusion-link-wrapper\" href=\"https:\/\/abayanalistas.net\/en\/portfolio\/el-sector-artesano-espanol-en-las-fuentes-estadisticas-y-documentales\/\" aria-label=\"El sector artesano espa\u00f1ol en las fuentes estad\u00edsticas y documentales\"><\/a>\n\t<\/div>\n<\/div>\n\n\t\n<\/div>\n<div class=\"fusion-portfolio-content\"><h2 class=\"entry-title fusion-post-title\"><a href=\"https:\/\/abayanalistas.net\/en\/portfolio\/el-sector-artesano-espanol-en-las-fuentes-estadisticas-y-documentales\/\">El sector artesano espa\u00f1ol en las fuentes estad\u00edsticas y documentales<\/a><\/h2><div class=\"fusion-portfolio-meta\"><a href=\"https:\/\/abayanalistas.net\/en\/portfolio_category\/sector-studies\/\" rel=\"tag\">Sector Studies<\/a><\/div><div class=\"fusion-post-content\"><p>Las actividades artesanas son consideradas partes integrantes de la identidad colectiva y su contribuci\u00f3n a la preservaci\u00f3n del acervo cultural y a la riqueza etnol\u00f3gica no es discutida.<\/p><\/div><\/div><\/div><\/article><article id=\"portfolio-1-post-1884\" class=\"fusion-portfolio-post impact-and-policy-evaluation sme-and-entrepreneurship fusion-col-spacing post-1884\"><div class=\"fusion-portfolio-content-wrapper\" style=\"border:none;\"><span class=\"vcard rich-snippet-hidden\"><span class=\"fn\"><a href=\"https:\/\/abayanalistas.net\/en\/author\/abay\/\" title=\"Posts by Abay\" rel=\"author\">Abay<\/a><\/span><\/span><span class=\"updated rich-snippet-hidden\">2016-11-21T19:52:41+00:00<\/span>\n\n<div  class=\"fusion-image-wrapper\" aria-haspopup=\"true\">\n\t\n\t\n\t\t\n\t\t\t\t\t<img loading=\"lazy\" decoding=\"async\" width=\"600\" height=\"400\" src=\"https:\/\/abayanalistas.net\/en\/wp-content\/uploads\/programa-PIPE-200x133.png\" class=\"attachment-full size-full wp-post-image\" alt=\"\" srcset=\"https:\/\/abayanalistas.net\/en\/wp-content\/uploads\/programa-PIPE-200x133.png 200w, https:\/\/abayanalistas.net\/en\/wp-content\/uploads\/programa-PIPE-400x267.png 400w, https:\/\/abayanalistas.net\/en\/wp-content\/uploads\/programa-PIPE.png 600w\" sizes=\"(min-width: 2200px) 100vw, (min-width: 1106px) 270px, (min-width: 1044px) 360px, (min-width: 982px) 540px, (min-width: 920px) 982px, \" \/>\n\t\n\n\t\t<div class=\"fusion-rollover\">\n\t<div class=\"fusion-rollover-content\">\n\n\t\t\t\t\t\t\t\t\t\t\t\t\t\t<a class=\"fusion-rollover-link\" href=\"https:\/\/abayanalistas.net\/en\/portfolio\/evaluacion-de-resultados-del-programa-pipe\/\">Evaluaci\u00f3n de resultados del programa PIPE<\/a>\n\t\t\t\n\t\t\t\t\t\t\t\t\n\t\t\t\t\n\t\t\t\t\t\t\t\t\t\t\t\t<h4 class=\"fusion-rollover-title\">\n\t\t\t\t\t<a href=\"https:\/\/abayanalistas.net\/en\/portfolio\/evaluacion-de-resultados-del-programa-pipe\/\">\n\t\t\t\t\t\tEvaluaci\u00f3n de resultados del programa PIPE\t\t\t\t\t<\/a>\n\t\t\t\t<\/h4>\n\t\t\t\n\t\t\t\t\t\t\t\t\n\t\t\n\t\t\t\t<a class=\"fusion-link-wrapper\" href=\"https:\/\/abayanalistas.net\/en\/portfolio\/evaluacion-de-resultados-del-programa-pipe\/\" aria-label=\"Evaluaci\u00f3n de resultados del programa PIPE\"><\/a>\n\t<\/div>\n<\/div>\n\n\t\n<\/div>\n<div class=\"fusion-portfolio-content\"><h2 class=\"entry-title fusion-post-title\"><a href=\"https:\/\/abayanalistas.net\/en\/portfolio\/evaluacion-de-resultados-del-programa-pipe\/\">Evaluaci\u00f3n de resultados del programa PIPE<\/a><\/h2><div class=\"fusion-portfolio-meta\"><a href=\"https:\/\/abayanalistas.net\/en\/portfolio_category\/impact-and-policy-evaluation\/\" rel=\"tag\">Impact and Policy Evaluation<\/a>, <a href=\"https:\/\/abayanalistas.net\/en\/portfolio_category\/sme-and-entrepreneurship\/\" rel=\"tag\">SME and Entrepreneurship<\/a><\/div><div class=\"fusion-post-content\"><p>El Programa PIPE es un programa que desarrollan de forma conjunta las C\u00e1maras de Comercio e ICEX, en colaboraci\u00f3n con las Comunidades Aut\u00f3nomas y la Uni\u00f3n Europea. <\/p><\/div><\/div><\/div><\/article><article id=\"portfolio-1-post-1869\" class=\"fusion-portfolio-post impact-and-policy-evaluation fusion-col-spacing post-1869\"><div class=\"fusion-portfolio-content-wrapper\" style=\"border:none;\"><span class=\"vcard rich-snippet-hidden\"><span class=\"fn\"><a href=\"https:\/\/abayanalistas.net\/en\/author\/abay\/\" title=\"Posts by Abay\" rel=\"author\">Abay<\/a><\/span><\/span><span class=\"updated rich-snippet-hidden\">2016-11-21T19:52:41+00:00<\/span>\n\n<div  class=\"fusion-image-wrapper\" aria-haspopup=\"true\">\n\t\n\t\n\t\t\n\t\t\t\t\t<img loading=\"lazy\" decoding=\"async\" width=\"900\" height=\"882\" src=\"https:\/\/abayanalistas.net\/en\/wp-content\/uploads\/pacto-empleo-200x196.jpg\" class=\"attachment-full size-full wp-post-image\" alt=\"\" srcset=\"https:\/\/abayanalistas.net\/en\/wp-content\/uploads\/pacto-empleo-200x196.jpg 200w, https:\/\/abayanalistas.net\/en\/wp-content\/uploads\/pacto-empleo-400x392.jpg 400w, https:\/\/abayanalistas.net\/en\/wp-content\/uploads\/pacto-empleo-600x588.jpg 600w, https:\/\/abayanalistas.net\/en\/wp-content\/uploads\/pacto-empleo-800x784.jpg 800w, https:\/\/abayanalistas.net\/en\/wp-content\/uploads\/pacto-empleo.jpg 900w\" sizes=\"(min-width: 2200px) 100vw, (min-width: 1106px) 270px, (min-width: 1044px) 360px, (min-width: 982px) 540px, (min-width: 920px) 982px, \" \/>\n\t\n\n\t\t<div class=\"fusion-rollover\">\n\t<div class=\"fusion-rollover-content\">\n\n\t\t\t\t\t\t\t\t\t\t\t\t\t\t<a class=\"fusion-rollover-link\" href=\"https:\/\/abayanalistas.net\/en\/portfolio\/pacto-por-el-empleo-en-alcorcon\/\">Pacto por el empleo en Alcorc\u00f3n<\/a>\n\t\t\t\n\t\t\t\t\t\t\t\t\n\t\t\t\t\n\t\t\t\t\t\t\t\t\t\t\t\t<h4 class=\"fusion-rollover-title\">\n\t\t\t\t\t<a href=\"https:\/\/abayanalistas.net\/en\/portfolio\/pacto-por-el-empleo-en-alcorcon\/\">\n\t\t\t\t\t\tPacto por el empleo en Alcorc\u00f3n\t\t\t\t\t<\/a>\n\t\t\t\t<\/h4>\n\t\t\t\n\t\t\t\t\t\t\t\t\n\t\t\n\t\t\t\t<a class=\"fusion-link-wrapper\" href=\"https:\/\/abayanalistas.net\/en\/portfolio\/pacto-por-el-empleo-en-alcorcon\/\" aria-label=\"Pacto por el empleo en Alcorc\u00f3n\"><\/a>\n\t<\/div>\n<\/div>\n\n\t\n<\/div>\n<div class=\"fusion-portfolio-content\"><h2 class=\"entry-title fusion-post-title\"><a href=\"https:\/\/abayanalistas.net\/en\/portfolio\/pacto-por-el-empleo-en-alcorcon\/\">Pacto por el empleo en Alcorc\u00f3n<\/a><\/h2><div class=\"fusion-portfolio-meta\"><a href=\"https:\/\/abayanalistas.net\/en\/portfolio_category\/impact-and-policy-evaluation\/\" rel=\"tag\">Impact and Policy Evaluation<\/a><\/div><div class=\"fusion-post-content\"><p>El empleo es uno de los pilares fundamentales de la sociedad. La incidencia del desempleo afecta a m\u00faltiples \u00e1mbito sociales de los territorios y con el objetivo de minimizar su impacto, la Comisi\u00f3n Europea cre\u00f3 la figura de los Pactos locales por el empleo en 1996.<\/p><\/div><\/div><\/div><\/article><article id=\"portfolio-1-post-1866\" class=\"fusion-portfolio-post impact-and-policy-evaluation fusion-col-spacing post-1866\"><div class=\"fusion-portfolio-content-wrapper\" style=\"border:none;\"><span class=\"vcard rich-snippet-hidden\"><span class=\"fn\"><a href=\"https:\/\/abayanalistas.net\/en\/author\/abay\/\" title=\"Posts by Abay\" rel=\"author\">Abay<\/a><\/span><\/span><span class=\"updated rich-snippet-hidden\">2016-11-21T19:52:41+00:00<\/span>\n\n<div  class=\"fusion-image-wrapper\" aria-haspopup=\"true\">\n\t\n\t\n\t\t\n\t\t\t\t\t<img loading=\"lazy\" decoding=\"async\" width=\"453\" height=\"276\" src=\"https:\/\/abayanalistas.net\/en\/wp-content\/uploads\/red-local-200x122.jpg\" class=\"attachment-full size-full wp-post-image\" alt=\"\" srcset=\"https:\/\/abayanalistas.net\/en\/wp-content\/uploads\/red-local-200x122.jpg 200w, https:\/\/abayanalistas.net\/en\/wp-content\/uploads\/red-local-400x244.jpg 400w, https:\/\/abayanalistas.net\/en\/wp-content\/uploads\/red-local.jpg 453w\" sizes=\"(min-width: 2200px) 100vw, (min-width: 1106px) 270px, (min-width: 1044px) 360px, (min-width: 982px) 540px, (min-width: 920px) 982px, \" \/>\n\t\n\n\t\t<div class=\"fusion-rollover\">\n\t<div class=\"fusion-rollover-content\">\n\n\t\t\t\t\t\t\t\t\t\t\t\t\t\t<a class=\"fusion-rollover-link\" href=\"https:\/\/abayanalistas.net\/en\/portfolio\/informe-de-diagnostico-de-la-situacion-economica-y-laboral-de-red-local\/\">Informe de Diagn\u00f3stico de la Situaci\u00f3n Econ\u00f3mica y Laboral de Red Local<\/a>\n\t\t\t\n\t\t\t\t\t\t\t\t\n\t\t\t\t\n\t\t\t\t\t\t\t\t\t\t\t\t<h4 class=\"fusion-rollover-title\">\n\t\t\t\t\t<a href=\"https:\/\/abayanalistas.net\/en\/portfolio\/informe-de-diagnostico-de-la-situacion-economica-y-laboral-de-red-local\/\">\n\t\t\t\t\t\tInforme de Diagn\u00f3stico de la Situaci\u00f3n Econ\u00f3mica y Laboral de Red Local\t\t\t\t\t<\/a>\n\t\t\t\t<\/h4>\n\t\t\t\n\t\t\t\t\t\t\t\t\n\t\t\n\t\t\t\t<a class=\"fusion-link-wrapper\" href=\"https:\/\/abayanalistas.net\/en\/portfolio\/informe-de-diagnostico-de-la-situacion-economica-y-laboral-de-red-local\/\" aria-label=\"Informe de Diagn\u00f3stico de la Situaci\u00f3n Econ\u00f3mica y Laboral de Red Local\"><\/a>\n\t<\/div>\n<\/div>\n\n\t\n<\/div>\n<div class=\"fusion-portfolio-content\"><h2 class=\"entry-title fusion-post-title\"><a href=\"https:\/\/abayanalistas.net\/en\/portfolio\/informe-de-diagnostico-de-la-situacion-economica-y-laboral-de-red-local\/\">Informe de Diagn\u00f3stico de la Situaci\u00f3n Econ\u00f3mica y Laboral de Red Local<\/a><\/h2><div class=\"fusion-portfolio-meta\"><a href=\"https:\/\/abayanalistas.net\/en\/portfolio_category\/impact-and-policy-evaluation\/\" rel=\"tag\">Impact and Policy Evaluation<\/a><\/div><div class=\"fusion-post-content\"><p>Abay Analistas, en colaboraci\u00f3n con Idel, S.L. ha realizado el Diagn\u00f3stico de la Situaci\u00f3n Econ\u00f3mica y Laboral de los municipios que conforman Red Local.<\/p><\/div><\/div><\/div><\/article><article id=\"portfolio-1-post-1794\" class=\"fusion-portfolio-post impact-and-policy-evaluation social-topics fusion-col-spacing post-1794\"><div class=\"fusion-portfolio-content-wrapper\" style=\"border:none;\"><span class=\"vcard rich-snippet-hidden\"><span class=\"fn\"><a href=\"https:\/\/abayanalistas.net\/en\/author\/abay\/\" title=\"Posts by Abay\" rel=\"author\">Abay<\/a><\/span><\/span><span class=\"updated rich-snippet-hidden\">2016-11-21T19:52:41+00:00<\/span>\n\n<div  class=\"fusion-image-wrapper\" aria-haspopup=\"true\">\n\t\n\t\n\t\t\n\t\t\t\t\t<img loading=\"lazy\" decoding=\"async\" width=\"900\" height=\"1278\" src=\"https:\/\/abayanalistas.net\/en\/wp-content\/uploads\/unidades-empleo-200x284.jpg\" class=\"attachment-full size-full wp-post-image\" alt=\"\" srcset=\"https:\/\/abayanalistas.net\/en\/wp-content\/uploads\/unidades-empleo-200x284.jpg 200w, https:\/\/abayanalistas.net\/en\/wp-content\/uploads\/unidades-empleo-400x568.jpg 400w, https:\/\/abayanalistas.net\/en\/wp-content\/uploads\/unidades-empleo-600x852.jpg 600w, https:\/\/abayanalistas.net\/en\/wp-content\/uploads\/unidades-empleo-800x1136.jpg 800w, https:\/\/abayanalistas.net\/en\/wp-content\/uploads\/unidades-empleo.jpg 900w\" sizes=\"(min-width: 2200px) 100vw, (min-width: 1106px) 270px, (min-width: 1044px) 360px, (min-width: 982px) 540px, (min-width: 920px) 982px, \" \/>\n\t\n\n\t\t<div class=\"fusion-rollover\">\n\t<div class=\"fusion-rollover-content\">\n\n\t\t\t\t\t\t\t\t\t\t\t\t\t\t<a class=\"fusion-rollover-link\" href=\"https:\/\/abayanalistas.net\/en\/portfolio\/modelo-de-estudio-y-diseno-de-unidades-de-empleo-de-la-red-unidem\/\">Modelo de estudio y dise\u00f1o de Unidades de Empleo de la Red UNIDEM<\/a>\n\t\t\t\n\t\t\t\t\t\t\t\t\n\t\t\t\t\n\t\t\t\t\t\t\t\t\t\t\t\t<h4 class=\"fusion-rollover-title\">\n\t\t\t\t\t<a href=\"https:\/\/abayanalistas.net\/en\/portfolio\/modelo-de-estudio-y-diseno-de-unidades-de-empleo-de-la-red-unidem\/\">\n\t\t\t\t\t\tModelo de estudio y dise\u00f1o de Unidades de Empleo de la Red UNIDEM\t\t\t\t\t<\/a>\n\t\t\t\t<\/h4>\n\t\t\t\n\t\t\t\t\t\t\t\t\n\t\t\n\t\t\t\t<a class=\"fusion-link-wrapper\" href=\"https:\/\/abayanalistas.net\/en\/portfolio\/modelo-de-estudio-y-diseno-de-unidades-de-empleo-de-la-red-unidem\/\" aria-label=\"Modelo de estudio y dise\u00f1o de Unidades de Empleo de la Red UNIDEM\"><\/a>\n\t<\/div>\n<\/div>\n\n\t\n<\/div>\n<div class=\"fusion-portfolio-content\"><h2 class=\"entry-title fusion-post-title\"><a href=\"https:\/\/abayanalistas.net\/en\/portfolio\/modelo-de-estudio-y-diseno-de-unidades-de-empleo-de-la-red-unidem\/\">Modelo de estudio y dise\u00f1o de Unidades de Empleo de la Red UNIDEM<\/a><\/h2><div class=\"fusion-portfolio-meta\"><a href=\"https:\/\/abayanalistas.net\/en\/portfolio_category\/impact-and-policy-evaluation\/\" rel=\"tag\">Impact and Policy Evaluation<\/a>, <a href=\"https:\/\/abayanalistas.net\/en\/portfolio_category\/social-topics\/\" rel=\"tag\">Social topics<\/a><\/div><div class=\"fusion-post-content\"><p>La Red UNIDEM se crea en el marco de la iniciativa de la Consejer\u00eda de Familia y Servicios Sociales de la Comunidad de Madrid que, en su lucha contra la exclusi\u00f3n social, promueve planes y programas dirigidos a diversos grupos de la poblaci\u00f3n que se encuentran en dificultad social mediante la adopci\u00f3n de diferentes dispositivos que faciliten y subsanen esta dificultad. <\/p><\/div><\/div><\/div><\/article><article id=\"portfolio-1-post-1633\" class=\"fusion-portfolio-post gender fusion-col-spacing post-1633\"><div class=\"fusion-portfolio-content-wrapper\" style=\"border:none;\"><span class=\"vcard rich-snippet-hidden\"><span class=\"fn\"><a href=\"https:\/\/abayanalistas.net\/en\/author\/abay\/\" title=\"Posts by Abay\" rel=\"author\">Abay<\/a><\/span><\/span><span class=\"updated rich-snippet-hidden\">2016-11-21T19:52:41+00:00<\/span>\n\n<div  class=\"fusion-image-wrapper\" aria-haspopup=\"true\">\n\t\n\t\n\t\t\n\t\t\t\t\t<img loading=\"lazy\" decoding=\"async\" width=\"900\" height=\"882\" src=\"https:\/\/abayanalistas.net\/en\/wp-content\/uploads\/mujeres-estudios-superiores-200x196.jpg\" class=\"attachment-full size-full wp-post-image\" alt=\"Incorporaci\u00f3n de Mujeres a Estudios Superiores de Inform\u00e1tica y Telecomunicaciones\" srcset=\"https:\/\/abayanalistas.net\/en\/wp-content\/uploads\/mujeres-estudios-superiores-200x196.jpg 200w, https:\/\/abayanalistas.net\/en\/wp-content\/uploads\/mujeres-estudios-superiores-400x392.jpg 400w, https:\/\/abayanalistas.net\/en\/wp-content\/uploads\/mujeres-estudios-superiores-600x588.jpg 600w, https:\/\/abayanalistas.net\/en\/wp-content\/uploads\/mujeres-estudios-superiores-800x784.jpg 800w, https:\/\/abayanalistas.net\/en\/wp-content\/uploads\/mujeres-estudios-superiores.jpg 900w\" sizes=\"(min-width: 2200px) 100vw, (min-width: 1106px) 270px, (min-width: 1044px) 360px, (min-width: 982px) 540px, (min-width: 920px) 982px, \" \/>\n\t\n\n\t\t<div class=\"fusion-rollover\">\n\t<div class=\"fusion-rollover-content\">\n\n\t\t\t\t\t\t\t\t\t\t\t\t\t\t<a class=\"fusion-rollover-link\" href=\"https:\/\/abayanalistas.net\/en\/portfolio\/la-incorporacion-de-las-mujeres-a-los-estudios-superiores-de-informatica-y-telecomunicaciones\/\">La Incorporaci\u00f3n de las Mujeres a los Estudios Superiores de Inform\u00e1tica y Telecomunicaciones<\/a>\n\t\t\t\n\t\t\t\t\t\t\t\t\n\t\t\t\t\n\t\t\t\t\t\t\t\t\t\t\t\t<h4 class=\"fusion-rollover-title\">\n\t\t\t\t\t<a href=\"https:\/\/abayanalistas.net\/en\/portfolio\/la-incorporacion-de-las-mujeres-a-los-estudios-superiores-de-informatica-y-telecomunicaciones\/\">\n\t\t\t\t\t\tLa Incorporaci\u00f3n de las Mujeres a los Estudios Superiores de Inform\u00e1tica y Telecomunicaciones\t\t\t\t\t<\/a>\n\t\t\t\t<\/h4>\n\t\t\t\n\t\t\t\t\t\t\t\t\n\t\t\n\t\t\t\t<a class=\"fusion-link-wrapper\" href=\"https:\/\/abayanalistas.net\/en\/portfolio\/la-incorporacion-de-las-mujeres-a-los-estudios-superiores-de-informatica-y-telecomunicaciones\/\" aria-label=\"La Incorporaci\u00f3n de las Mujeres a los Estudios Superiores de Inform\u00e1tica y Telecomunicaciones\"><\/a>\n\t<\/div>\n<\/div>\n\n\t\n<\/div>\n<div class=\"fusion-portfolio-content\"><h2 class=\"entry-title fusion-post-title\"><a href=\"https:\/\/abayanalistas.net\/en\/portfolio\/la-incorporacion-de-las-mujeres-a-los-estudios-superiores-de-informatica-y-telecomunicaciones\/\">La Incorporaci\u00f3n de las Mujeres a los Estudios Superiores de Inform\u00e1tica y Telecomunicaciones<\/a><\/h2><div class=\"fusion-portfolio-meta\"><a href=\"https:\/\/abayanalistas.net\/en\/portfolio_category\/gender\/\" rel=\"tag\">Gender<\/a><\/div><div class=\"fusion-post-content\"><p>En colaboraci\u00f3n con el \u201cInternet Interdisciplinary Institut\u201d de la Universidad Oberta de Catalunya, Abay Analistas est\u00e1 realizando el an\u00e1lisis cualitativo del estudio \u201cLa incorporaci\u00f3n de las Mujeres a los Estudios Superiores de Inform\u00e1tica y Telecomunicaciones: Diagn\u00f3stico y Propuestas de Actuaci\u00f3n\".<\/p><\/div><\/div><\/div><\/article><article id=\"portfolio-1-post-2021\" class=\"fusion-portfolio-post sme-and-entrepreneurship fusion-col-spacing post-2021\"><div class=\"fusion-portfolio-content-wrapper\" style=\"border:none;\"><span class=\"vcard rich-snippet-hidden\"><span class=\"fn\"><a href=\"https:\/\/abayanalistas.net\/en\/author\/abay\/\" title=\"Posts by Abay\" rel=\"author\">Abay<\/a><\/span><\/span><span class=\"updated rich-snippet-hidden\">2016-11-21T19:52:42+00:00<\/span>\n\n<div  class=\"fusion-image-wrapper\" aria-haspopup=\"true\">\n\t\n\t\n\t\t\n\t\t\t\t\t<img loading=\"lazy\" decoding=\"async\" width=\"900\" height=\"1278\" src=\"https:\/\/abayanalistas.net\/en\/wp-content\/uploads\/libro-factores-competitividad-1-200x284.jpg\" class=\"attachment-full size-full wp-post-image\" alt=\"\" srcset=\"https:\/\/abayanalistas.net\/en\/wp-content\/uploads\/libro-factores-competitividad-1-200x284.jpg 200w, https:\/\/abayanalistas.net\/en\/wp-content\/uploads\/libro-factores-competitividad-1-400x568.jpg 400w, https:\/\/abayanalistas.net\/en\/wp-content\/uploads\/libro-factores-competitividad-1-600x852.jpg 600w, https:\/\/abayanalistas.net\/en\/wp-content\/uploads\/libro-factores-competitividad-1-800x1136.jpg 800w, https:\/\/abayanalistas.net\/en\/wp-content\/uploads\/libro-factores-competitividad-1.jpg 900w\" sizes=\"(min-width: 2200px) 100vw, (min-width: 1106px) 270px, (min-width: 1044px) 360px, (min-width: 982px) 540px, (min-width: 920px) 982px, \" \/>\n\t\n\n\t\t<div class=\"fusion-rollover\">\n\t<div class=\"fusion-rollover-content\">\n\n\t\t\t\t\t\t\t\t\t\t\t\t\t\t<a class=\"fusion-rollover-link\" href=\"https:\/\/abayanalistas.net\/en\/portfolio\/factores-de-competitividad-de-la-pyme-espanola\/\">Factores de competitividad de la PYME espa\u00f1ola<\/a>\n\t\t\t\n\t\t\t\t\t\t\t\t\n\t\t\t\t\n\t\t\t\t\t\t\t\t\t\t\t\t<h4 class=\"fusion-rollover-title\">\n\t\t\t\t\t<a href=\"https:\/\/abayanalistas.net\/en\/portfolio\/factores-de-competitividad-de-la-pyme-espanola\/\">\n\t\t\t\t\t\tFactores de competitividad de la PYME espa\u00f1ola\t\t\t\t\t<\/a>\n\t\t\t\t<\/h4>\n\t\t\t\n\t\t\t\t\t\t\t\t\n\t\t\n\t\t\t\t<a class=\"fusion-link-wrapper\" href=\"https:\/\/abayanalistas.net\/en\/portfolio\/factores-de-competitividad-de-la-pyme-espanola\/\" aria-label=\"Factores de competitividad de la PYME espa\u00f1ola\"><\/a>\n\t<\/div>\n<\/div>\n\n\t\n<\/div>\n<div class=\"fusion-portfolio-content\"><h2 class=\"entry-title fusion-post-title\"><a href=\"https:\/\/abayanalistas.net\/en\/portfolio\/factores-de-competitividad-de-la-pyme-espanola\/\">Factores de competitividad de la PYME espa\u00f1ola<\/a><\/h2><div class=\"fusion-portfolio-meta\"><a href=\"https:\/\/abayanalistas.net\/en\/portfolio_category\/sme-and-entrepreneurship\/\" rel=\"tag\">SME and Entrepreneurship<\/a><\/div><div class=\"fusion-post-content\"><p>Este estudio presenta una panor\u00e1mica sobre la situaci\u00f3n actual de las Peque\u00f1as y Medianas Empresas espa\u00f1olas en relaci\u00f3n con los principales factores de competitividad, sus retos y oportunidades, y sus perspectivas de futuro. <\/p><\/div><\/div><\/div><\/article><article id=\"portfolio-1-post-1791\" class=\"fusion-portfolio-post impact-and-policy-evaluation social-topics sustainability fusion-col-spacing post-1791\"><div class=\"fusion-portfolio-content-wrapper\" style=\"border:none;\"><span class=\"vcard rich-snippet-hidden\"><span class=\"fn\"><a href=\"https:\/\/abayanalistas.net\/en\/author\/abay\/\" title=\"Posts by Abay\" rel=\"author\">Abay<\/a><\/span><\/span><span class=\"updated rich-snippet-hidden\">2016-11-21T19:52:43+00:00<\/span>\n\n<div  class=\"fusion-image-wrapper\" aria-haspopup=\"true\">\n\t\n\t\n\t\t\n\t\t\t\t\t<img loading=\"lazy\" decoding=\"async\" width=\"590\" height=\"461\" src=\"https:\/\/abayanalistas.net\/en\/wp-content\/uploads\/aracove-200x156.jpg\" class=\"attachment-full size-full wp-post-image\" alt=\"\" srcset=\"https:\/\/abayanalistas.net\/en\/wp-content\/uploads\/aracove-200x156.jpg 200w, https:\/\/abayanalistas.net\/en\/wp-content\/uploads\/aracove-400x313.jpg 400w, https:\/\/abayanalistas.net\/en\/wp-content\/uploads\/aracove.jpg 590w\" sizes=\"(min-width: 2200px) 100vw, (min-width: 1106px) 270px, (min-width: 1044px) 360px, (min-width: 982px) 540px, (min-width: 920px) 982px, \" \/>\n\t\n\n\t\t<div class=\"fusion-rollover\">\n\t<div class=\"fusion-rollover-content\">\n\n\t\t\t\t\t\t\t\t\t\t\t\t\t\t<a class=\"fusion-rollover-link\" href=\"https:\/\/abayanalistas.net\/en\/portfolio\/creacion-de-empleo-y-necesidades-de-formacion-asociadas-a-la-atencion-a-la-dependencia-en-aracove\/\">Creaci\u00f3n de empleo y necesidades de formaci\u00f3n asociadas a la atenci\u00f3n a la dependencia en Aracove<\/a>\n\t\t\t\n\t\t\t\t\t\t\t\t\n\t\t\t\t\n\t\t\t\t\t\t\t\t\t\t\t\t<h4 class=\"fusion-rollover-title\">\n\t\t\t\t\t<a href=\"https:\/\/abayanalistas.net\/en\/portfolio\/creacion-de-empleo-y-necesidades-de-formacion-asociadas-a-la-atencion-a-la-dependencia-en-aracove\/\">\n\t\t\t\t\t\tCreaci\u00f3n de empleo y necesidades de formaci\u00f3n asociadas a la atenci\u00f3n a la dependencia en Aracove\t\t\t\t\t<\/a>\n\t\t\t\t<\/h4>\n\t\t\t\n\t\t\t\t\t\t\t\t\n\t\t\n\t\t\t\t<a class=\"fusion-link-wrapper\" href=\"https:\/\/abayanalistas.net\/en\/portfolio\/creacion-de-empleo-y-necesidades-de-formacion-asociadas-a-la-atencion-a-la-dependencia-en-aracove\/\" aria-label=\"Creaci\u00f3n de empleo y necesidades de formaci\u00f3n asociadas a la atenci\u00f3n a la dependencia en Aracove\"><\/a>\n\t<\/div>\n<\/div>\n\n\t\n<\/div>\n<div class=\"fusion-portfolio-content\"><h2 class=\"entry-title fusion-post-title\"><a href=\"https:\/\/abayanalistas.net\/en\/portfolio\/creacion-de-empleo-y-necesidades-de-formacion-asociadas-a-la-atencion-a-la-dependencia-en-aracove\/\">Creaci\u00f3n de empleo y necesidades de formaci\u00f3n asociadas a la atenci\u00f3n a la dependencia en Aracove<\/a><\/h2><div class=\"fusion-portfolio-meta\"><a href=\"https:\/\/abayanalistas.net\/en\/portfolio_category\/impact-and-policy-evaluation\/\" rel=\"tag\">Impact and Policy Evaluation<\/a>, <a href=\"https:\/\/abayanalistas.net\/en\/portfolio_category\/social-topics\/\" rel=\"tag\">Social topics<\/a>, <a href=\"https:\/\/abayanalistas.net\/en\/portfolio_category\/sustainability\/\" rel=\"tag\">Sustainability<\/a><\/div><div class=\"fusion-post-content\"><p>La Ley 39\/2006 de Promoci\u00f3n de la Autonom\u00eda Personal y atenci\u00f3n a las personas en situaci\u00f3n de Dependencia ha sido categorizada desde diversos sectores como un gran yacimiento de empleo. <\/p><\/div><\/div><\/div><\/article><article id=\"portfolio-1-post-1626\" class=\"fusion-portfolio-post gender fusion-col-spacing post-1626\"><div class=\"fusion-portfolio-content-wrapper\" style=\"border:none;\"><span class=\"vcard rich-snippet-hidden\"><span class=\"fn\"><a href=\"https:\/\/abayanalistas.net\/en\/author\/abay\/\" title=\"Posts by Abay\" rel=\"author\">Abay<\/a><\/span><\/span><span class=\"updated rich-snippet-hidden\">2016-11-21T19:52:43+00:00<\/span>\n\n<div  class=\"fusion-image-wrapper\" aria-haspopup=\"true\">\n\t\n\t\n\t\t\n\t\t\t\t\t<img loading=\"lazy\" decoding=\"async\" width=\"900\" height=\"1273\" src=\"https:\/\/abayanalistas.net\/en\/wp-content\/uploads\/2009_InformeAbay-1-200x283.jpg\" class=\"attachment-full size-full wp-post-image\" alt=\"\" srcset=\"https:\/\/abayanalistas.net\/en\/wp-content\/uploads\/2009_InformeAbay-1-200x283.jpg 200w, https:\/\/abayanalistas.net\/en\/wp-content\/uploads\/2009_InformeAbay-1-400x566.jpg 400w, https:\/\/abayanalistas.net\/en\/wp-content\/uploads\/2009_InformeAbay-1-600x849.jpg 600w, https:\/\/abayanalistas.net\/en\/wp-content\/uploads\/2009_InformeAbay-1-800x1132.jpg 800w, https:\/\/abayanalistas.net\/en\/wp-content\/uploads\/2009_InformeAbay-1.jpg 900w\" sizes=\"(min-width: 2200px) 100vw, (min-width: 1106px) 270px, (min-width: 1044px) 360px, (min-width: 982px) 540px, (min-width: 920px) 982px, \" \/>\n\t\n\n\t\t<div class=\"fusion-rollover\">\n\t<div class=\"fusion-rollover-content\">\n\n\t\t\t\t\t\t\t\t\t\t\t\t\t\t<a class=\"fusion-rollover-link\" href=\"https:\/\/abayanalistas.net\/en\/portfolio\/barreras-culturales-e-institucionales-a-la-participacion-de-las-mujeres-en-puestos-de-responsabilidad-y-toma-de-decisiones-en-la-empresa-privada\/\">Barreras culturales e institucionales a la participaci\u00f3n de las mujeres en puestos de responsabilidad y toma de decisiones en la empresa privada<\/a>\n\t\t\t\n\t\t\t\t\t\t\t\t\n\t\t\t\t\n\t\t\t\t\t\t\t\t\t\t\t\t<h4 class=\"fusion-rollover-title\">\n\t\t\t\t\t<a href=\"https:\/\/abayanalistas.net\/en\/portfolio\/barreras-culturales-e-institucionales-a-la-participacion-de-las-mujeres-en-puestos-de-responsabilidad-y-toma-de-decisiones-en-la-empresa-privada\/\">\n\t\t\t\t\t\tBarreras culturales e institucionales a la participaci\u00f3n de las mujeres en puestos de responsabilidad y toma de decisiones en la empresa privada\t\t\t\t\t<\/a>\n\t\t\t\t<\/h4>\n\t\t\t\n\t\t\t\t\t\t\t\t\n\t\t\n\t\t\t\t<a class=\"fusion-link-wrapper\" href=\"https:\/\/abayanalistas.net\/en\/portfolio\/barreras-culturales-e-institucionales-a-la-participacion-de-las-mujeres-en-puestos-de-responsabilidad-y-toma-de-decisiones-en-la-empresa-privada\/\" aria-label=\"Barreras culturales e institucionales a la participaci\u00f3n de las mujeres en puestos de responsabilidad y toma de decisiones en la empresa privada\"><\/a>\n\t<\/div>\n<\/div>\n\n\t\n<\/div>\n<div class=\"fusion-portfolio-content\"><h2 class=\"entry-title fusion-post-title\"><a href=\"https:\/\/abayanalistas.net\/en\/portfolio\/barreras-culturales-e-institucionales-a-la-participacion-de-las-mujeres-en-puestos-de-responsabilidad-y-toma-de-decisiones-en-la-empresa-privada\/\">Barreras culturales e institucionales a la participaci\u00f3n de las mujeres en puestos de responsabilidad y toma de decisiones en la empresa privada<\/a><\/h2><div class=\"fusion-portfolio-meta\"><a href=\"https:\/\/abayanalistas.net\/en\/portfolio_category\/gender\/\" rel=\"tag\">Gender<\/a><\/div><div class=\"fusion-post-content\"><p> Barreras culturales e institucionales a la participaci\u00f3n de las mujeres en puestos de responsabilidad y toma de decisiones en la empresa privada El objetivo principal de este estudio es el profundizar sobre las barreras [...]<\/p><\/div><\/div><\/div><\/article><article id=\"portfolio-1-post-1624\" class=\"fusion-portfolio-post gender fusion-col-spacing post-1624\"><div class=\"fusion-portfolio-content-wrapper\" style=\"border:none;\"><span class=\"vcard rich-snippet-hidden\"><span class=\"fn\"><a href=\"https:\/\/abayanalistas.net\/en\/author\/abay\/\" title=\"Posts by Abay\" rel=\"author\">Abay<\/a><\/span><\/span><span class=\"updated rich-snippet-hidden\">2016-11-21T19:52:44+00:00<\/span>\n\n<div  class=\"fusion-image-wrapper\" aria-haspopup=\"true\">\n\t\n\t\n\t\t\n\t\t\t\t\t<img loading=\"lazy\" decoding=\"async\" width=\"900\" height=\"1273\" src=\"https:\/\/abayanalistas.net\/en\/wp-content\/uploads\/mujeres-consejo-administracion-1-200x283.jpg\" class=\"attachment-full size-full wp-post-image\" alt=\"\" srcset=\"https:\/\/abayanalistas.net\/en\/wp-content\/uploads\/mujeres-consejo-administracion-1-200x283.jpg 200w, https:\/\/abayanalistas.net\/en\/wp-content\/uploads\/mujeres-consejo-administracion-1-400x566.jpg 400w, https:\/\/abayanalistas.net\/en\/wp-content\/uploads\/mujeres-consejo-administracion-1-600x849.jpg 600w, https:\/\/abayanalistas.net\/en\/wp-content\/uploads\/mujeres-consejo-administracion-1-800x1132.jpg 800w, https:\/\/abayanalistas.net\/en\/wp-content\/uploads\/mujeres-consejo-administracion-1.jpg 900w\" sizes=\"(min-width: 2200px) 100vw, (min-width: 1106px) 270px, (min-width: 1044px) 360px, (min-width: 982px) 540px, (min-width: 920px) 982px, \" \/>\n\t\n\n\t\t<div class=\"fusion-rollover\">\n\t<div class=\"fusion-rollover-content\">\n\n\t\t\t\t\t\t\t\t\t\t\t\t\t\t<a class=\"fusion-rollover-link\" href=\"https:\/\/abayanalistas.net\/en\/portfolio\/competitividad-empresarial-y-mujeres-en-consejos-de-administracion\/\">Competitividad empresarial y mujeres en Consejos de Administraci\u00f3n<\/a>\n\t\t\t\n\t\t\t\t\t\t\t\t\n\t\t\t\t\n\t\t\t\t\t\t\t\t\t\t\t\t<h4 class=\"fusion-rollover-title\">\n\t\t\t\t\t<a href=\"https:\/\/abayanalistas.net\/en\/portfolio\/competitividad-empresarial-y-mujeres-en-consejos-de-administracion\/\">\n\t\t\t\t\t\tCompetitividad empresarial y mujeres en Consejos de Administraci\u00f3n\t\t\t\t\t<\/a>\n\t\t\t\t<\/h4>\n\t\t\t\n\t\t\t\t\t\t\t\t\n\t\t\n\t\t\t\t<a class=\"fusion-link-wrapper\" href=\"https:\/\/abayanalistas.net\/en\/portfolio\/competitividad-empresarial-y-mujeres-en-consejos-de-administracion\/\" aria-label=\"Competitividad empresarial y mujeres en Consejos de Administraci\u00f3n\"><\/a>\n\t<\/div>\n<\/div>\n\n\t\n<\/div>\n<div class=\"fusion-portfolio-content\"><h2 class=\"entry-title fusion-post-title\"><a href=\"https:\/\/abayanalistas.net\/en\/portfolio\/competitividad-empresarial-y-mujeres-en-consejos-de-administracion\/\">Competitividad empresarial y mujeres en Consejos de Administraci\u00f3n<\/a><\/h2><div class=\"fusion-portfolio-meta\"><a href=\"https:\/\/abayanalistas.net\/en\/portfolio_category\/gender\/\" rel=\"tag\">Gender<\/a><\/div><div class=\"fusion-post-content\"><p> Competitividad empresarial y mujeres en Consejos de Administraci\u00f3n  El objetivo principal de este estudio es profundizar en las distintas dimensiones de la relaci\u00f3n entre presencia de mujeres en \u00f3rganos de administraci\u00f3n y competitividad [...]<\/p><\/div><\/div><\/div><\/article><article id=\"portfolio-1-post-1621\" class=\"fusion-portfolio-post gender fusion-col-spacing post-1621\"><div class=\"fusion-portfolio-content-wrapper\" style=\"border:none;\"><span class=\"vcard rich-snippet-hidden\"><span class=\"fn\"><a href=\"https:\/\/abayanalistas.net\/en\/author\/abay\/\" title=\"Posts by Abay\" rel=\"author\">Abay<\/a><\/span><\/span><span class=\"updated rich-snippet-hidden\">2016-11-21T19:52:45+00:00<\/span>\n\n<div  class=\"fusion-image-wrapper\" aria-haspopup=\"true\">\n\t\n\t\n\t\t\n\t\t\t\t\t<img loading=\"lazy\" decoding=\"async\" width=\"900\" height=\"882\" src=\"https:\/\/abayanalistas.net\/en\/wp-content\/uploads\/igualdad-1-200x196.jpg\" class=\"attachment-full size-full wp-post-image\" alt=\"\" srcset=\"https:\/\/abayanalistas.net\/en\/wp-content\/uploads\/igualdad-1-200x196.jpg 200w, https:\/\/abayanalistas.net\/en\/wp-content\/uploads\/igualdad-1-400x392.jpg 400w, https:\/\/abayanalistas.net\/en\/wp-content\/uploads\/igualdad-1-600x588.jpg 600w, https:\/\/abayanalistas.net\/en\/wp-content\/uploads\/igualdad-1-800x784.jpg 800w, https:\/\/abayanalistas.net\/en\/wp-content\/uploads\/igualdad-1.jpg 900w\" sizes=\"(min-width: 2200px) 100vw, (min-width: 1106px) 270px, (min-width: 1044px) 360px, (min-width: 982px) 540px, (min-width: 920px) 982px, \" \/>\n\t\n\n\t\t<div class=\"fusion-rollover\">\n\t<div class=\"fusion-rollover-content\">\n\n\t\t\t\t\t\t\t\t\t\t\t\t\t\t<a class=\"fusion-rollover-link\" href=\"https:\/\/abayanalistas.net\/en\/portfolio\/sociedad-de-la-informacion-en-igualdad-y-para-la-igualdad\/\">Sociedad de la Informaci\u00f3n en Igualdad y para la Igualdad<\/a>\n\t\t\t\n\t\t\t\t\t\t\t\t\n\t\t\t\t\n\t\t\t\t\t\t\t\t\t\t\t\t<h4 class=\"fusion-rollover-title\">\n\t\t\t\t\t<a href=\"https:\/\/abayanalistas.net\/en\/portfolio\/sociedad-de-la-informacion-en-igualdad-y-para-la-igualdad\/\">\n\t\t\t\t\t\tSociedad de la Informaci\u00f3n en Igualdad y para la Igualdad\t\t\t\t\t<\/a>\n\t\t\t\t<\/h4>\n\t\t\t\n\t\t\t\t\t\t\t\t\n\t\t\n\t\t\t\t<a class=\"fusion-link-wrapper\" href=\"https:\/\/abayanalistas.net\/en\/portfolio\/sociedad-de-la-informacion-en-igualdad-y-para-la-igualdad\/\" aria-label=\"Sociedad de la Informaci\u00f3n en Igualdad y para la Igualdad\"><\/a>\n\t<\/div>\n<\/div>\n\n\t\n<\/div>\n<div class=\"fusion-portfolio-content\"><h2 class=\"entry-title fusion-post-title\"><a href=\"https:\/\/abayanalistas.net\/en\/portfolio\/sociedad-de-la-informacion-en-igualdad-y-para-la-igualdad\/\">Sociedad de la Informaci\u00f3n en Igualdad y para la Igualdad<\/a><\/h2><div class=\"fusion-portfolio-meta\"><a href=\"https:\/\/abayanalistas.net\/en\/portfolio_category\/gender\/\" rel=\"tag\">Gender<\/a><\/div><div class=\"fusion-post-content\"><p>En colaboraci\u00f3n con el \u201cInternet Interdisciplinary Institut\u201d de la Universidad Oberta de Catalunya, Abay Analistas est\u00e1 realizando la segunda fase de la investigaci\u00f3n \u201cSociedad de la Informaci\u00f3n e Igualdad y para la Igualdad. <\/p><\/div><\/div><\/div><\/article><article id=\"portfolio-1-post-1713\" class=\"fusion-portfolio-post social-topics fusion-col-spacing post-1713\"><div class=\"fusion-portfolio-content-wrapper\" style=\"border:none;\"><span class=\"vcard rich-snippet-hidden\"><span class=\"fn\"><a href=\"https:\/\/abayanalistas.net\/en\/author\/abay\/\" title=\"Posts by Abay\" rel=\"author\">Abay<\/a><\/span><\/span><span class=\"updated rich-snippet-hidden\">2016-11-21T19:52:45+00:00<\/span>\n\n<div  class=\"fusion-image-wrapper\" aria-haspopup=\"true\">\n\t\n\t\n\t\t\n\t\t\t\t\t<img loading=\"lazy\" decoding=\"async\" width=\"900\" height=\"1273\" src=\"https:\/\/abayanalistas.net\/en\/wp-content\/uploads\/Centros-ocupacionales-1-200x283.jpg\" class=\"attachment-full size-full wp-post-image\" alt=\"\" srcset=\"https:\/\/abayanalistas.net\/en\/wp-content\/uploads\/Centros-ocupacionales-1-200x283.jpg 200w, https:\/\/abayanalistas.net\/en\/wp-content\/uploads\/Centros-ocupacionales-1-400x566.jpg 400w, https:\/\/abayanalistas.net\/en\/wp-content\/uploads\/Centros-ocupacionales-1-600x849.jpg 600w, https:\/\/abayanalistas.net\/en\/wp-content\/uploads\/Centros-ocupacionales-1-800x1132.jpg 800w, https:\/\/abayanalistas.net\/en\/wp-content\/uploads\/Centros-ocupacionales-1.jpg 900w\" sizes=\"(min-width: 2200px) 100vw, (min-width: 1106px) 270px, (min-width: 1044px) 360px, (min-width: 982px) 540px, (min-width: 920px) 982px, \" \/>\n\t\n\n\t\t<div class=\"fusion-rollover\">\n\t<div class=\"fusion-rollover-content\">\n\n\t\t\t\t\t\t\t\t\t\t\t\t\t\t<a class=\"fusion-rollover-link\" href=\"https:\/\/abayanalistas.net\/en\/portfolio\/los-centros-ocupacionales-de-la-red-publica-de-la-comunidad-de-madrid\/\">Los Centros Ocupacionales de la Red P\u00fablica de la Comunidad de Madrid<\/a>\n\t\t\t\n\t\t\t\t\t\t\t\t\n\t\t\t\t\n\t\t\t\t\t\t\t\t\t\t\t\t<h4 class=\"fusion-rollover-title\">\n\t\t\t\t\t<a href=\"https:\/\/abayanalistas.net\/en\/portfolio\/los-centros-ocupacionales-de-la-red-publica-de-la-comunidad-de-madrid\/\">\n\t\t\t\t\t\tLos Centros Ocupacionales de la Red P\u00fablica de la Comunidad de Madrid\t\t\t\t\t<\/a>\n\t\t\t\t<\/h4>\n\t\t\t\n\t\t\t\t\t\t\t\t\n\t\t\n\t\t\t\t<a class=\"fusion-link-wrapper\" href=\"https:\/\/abayanalistas.net\/en\/portfolio\/los-centros-ocupacionales-de-la-red-publica-de-la-comunidad-de-madrid\/\" aria-label=\"Los Centros Ocupacionales de la Red P\u00fablica de la Comunidad de Madrid\"><\/a>\n\t<\/div>\n<\/div>\n\n\t\n<\/div>\n<div class=\"fusion-portfolio-content\"><h2 class=\"entry-title fusion-post-title\"><a href=\"https:\/\/abayanalistas.net\/en\/portfolio\/los-centros-ocupacionales-de-la-red-publica-de-la-comunidad-de-madrid\/\">Los Centros Ocupacionales de la Red P\u00fablica de la Comunidad de Madrid<\/a><\/h2><div class=\"fusion-portfolio-meta\"><a href=\"https:\/\/abayanalistas.net\/en\/portfolio_category\/social-topics\/\" rel=\"tag\">Social topics<\/a><\/div><div class=\"fusion-post-content\"><p>El presente cap\u00edtulo tiene como principal objetivo realizar una aproximaci\u00f3n te\u00f3rica al concepto de indicador, as\u00ed como a sus caracter\u00edsticas y utilidades, con la finalidad de presentar esta herramienta como elemento \u00fatil en la gesti\u00f3n de los Centros Ocupacionales de la Comunidad de Madrid.<\/p><\/div><\/div><\/div><\/article><article id=\"portfolio-1-post-2059\" class=\"fusion-portfolio-post sector-studies fusion-col-spacing post-2059\"><div class=\"fusion-portfolio-content-wrapper\" style=\"border:none;\"><span class=\"vcard rich-snippet-hidden\"><span class=\"fn\"><a href=\"https:\/\/abayanalistas.net\/en\/author\/abay\/\" title=\"Posts by Abay\" rel=\"author\">Abay<\/a><\/span><\/span><span class=\"updated rich-snippet-hidden\">2016-11-21T19:52:46+00:00<\/span>\n\n<div  class=\"fusion-image-wrapper\" aria-haspopup=\"true\">\n\t\n\t\n\t\t\n\t\t\t\t\t<img loading=\"lazy\" decoding=\"async\" width=\"900\" height=\"1273\" src=\"https:\/\/abayanalistas.net\/en\/wp-content\/uploads\/EOI_2010-1-200x283.jpg\" class=\"attachment-full size-full wp-post-image\" alt=\"\" srcset=\"https:\/\/abayanalistas.net\/en\/wp-content\/uploads\/EOI_2010-1-200x283.jpg 200w, https:\/\/abayanalistas.net\/en\/wp-content\/uploads\/EOI_2010-1-400x566.jpg 400w, https:\/\/abayanalistas.net\/en\/wp-content\/uploads\/EOI_2010-1-600x849.jpg 600w, https:\/\/abayanalistas.net\/en\/wp-content\/uploads\/EOI_2010-1-800x1132.jpg 800w, https:\/\/abayanalistas.net\/en\/wp-content\/uploads\/EOI_2010-1.jpg 900w\" sizes=\"(min-width: 2200px) 100vw, (min-width: 1106px) 270px, (min-width: 1044px) 360px, (min-width: 982px) 540px, (min-width: 920px) 982px, \" \/>\n\t\n\n\t\t<div class=\"fusion-rollover\">\n\t<div class=\"fusion-rollover-content\">\n\n\t\t\t\t\t\t\t\t\t\t\t\t\t\t<a class=\"fusion-rollover-link\" href=\"https:\/\/abayanalistas.net\/en\/portfolio\/mapa-de-necesidades-de-cualificacion-en-la-industria-el-turismo-y-el-comercio-catalanes\/\">Mapa de necesidades de cualificaci\u00f3n en la Industria, el Turismo y el Comercio Catalanes<\/a>\n\t\t\t\n\t\t\t\t\t\t\t\t\n\t\t\t\t\n\t\t\t\t\t\t\t\t\t\t\t\t<h4 class=\"fusion-rollover-title\">\n\t\t\t\t\t<a href=\"https:\/\/abayanalistas.net\/en\/portfolio\/mapa-de-necesidades-de-cualificacion-en-la-industria-el-turismo-y-el-comercio-catalanes\/\">\n\t\t\t\t\t\tMapa de necesidades de cualificaci\u00f3n en la Industria, el Turismo y el Comercio Catalanes\t\t\t\t\t<\/a>\n\t\t\t\t<\/h4>\n\t\t\t\n\t\t\t\t\t\t\t\t\n\t\t\n\t\t\t\t<a class=\"fusion-link-wrapper\" href=\"https:\/\/abayanalistas.net\/en\/portfolio\/mapa-de-necesidades-de-cualificacion-en-la-industria-el-turismo-y-el-comercio-catalanes\/\" aria-label=\"Mapa de necesidades de cualificaci\u00f3n en la Industria, el Turismo y el Comercio Catalanes\"><\/a>\n\t<\/div>\n<\/div>\n\n\t\n<\/div>\n<div class=\"fusion-portfolio-content\"><h2 class=\"entry-title fusion-post-title\"><a href=\"https:\/\/abayanalistas.net\/en\/portfolio\/mapa-de-necesidades-de-cualificacion-en-la-industria-el-turismo-y-el-comercio-catalanes\/\">Mapa de necesidades de cualificaci\u00f3n en la Industria, el Turismo y el Comercio Catalanes<\/a><\/h2><div class=\"fusion-portfolio-meta\"><a href=\"https:\/\/abayanalistas.net\/en\/portfolio_category\/sector-studies\/\" rel=\"tag\">Sector Studies<\/a><\/div><div class=\"fusion-post-content\"><p>La cualificaci\u00f3n de los\/as trabajadores\/as est\u00e1 considerada una de las cinco variables claves en las ganancias de productividad y est\u00e1 relacionada estrechamente con algunas de las otras cuatro (innovaci\u00f3n, iniciativa emprendedora, inversi\u00f3n y competencia).<\/p><\/div><\/div><\/div><\/article><article id=\"portfolio-1-post-2044\" class=\"fusion-portfolio-post sector-studies fusion-col-spacing post-2044\"><div class=\"fusion-portfolio-content-wrapper\" style=\"border:none;\"><span class=\"vcard rich-snippet-hidden\"><span class=\"fn\"><a href=\"https:\/\/abayanalistas.net\/en\/author\/abay\/\" title=\"Posts by Abay\" rel=\"author\">Abay<\/a><\/span><\/span><span class=\"updated rich-snippet-hidden\">2016-11-21T19:52:46+00:00<\/span>\n\n<div  class=\"fusion-image-wrapper\" aria-haspopup=\"true\">\n\t\n\t\n\t\t\n\t\t\t\t\t<img loading=\"lazy\" decoding=\"async\" width=\"728\" height=\"1100\" src=\"https:\/\/abayanalistas.net\/en\/wp-content\/uploads\/Mapa-de-cualificaciones-1-200x302.jpg\" class=\"attachment-full size-full wp-post-image\" alt=\"\" srcset=\"https:\/\/abayanalistas.net\/en\/wp-content\/uploads\/Mapa-de-cualificaciones-1-200x302.jpg 200w, https:\/\/abayanalistas.net\/en\/wp-content\/uploads\/Mapa-de-cualificaciones-1-400x604.jpg 400w, https:\/\/abayanalistas.net\/en\/wp-content\/uploads\/Mapa-de-cualificaciones-1-600x907.jpg 600w, https:\/\/abayanalistas.net\/en\/wp-content\/uploads\/Mapa-de-cualificaciones-1.jpg 728w\" sizes=\"(min-width: 2200px) 100vw, (min-width: 1106px) 270px, (min-width: 1044px) 360px, (min-width: 982px) 540px, (min-width: 920px) 982px, \" \/>\n\t\n\n\t\t<div class=\"fusion-rollover\">\n\t<div class=\"fusion-rollover-content\">\n\n\t\t\t\t\t\t\t\t\t\t\t\t\t\t<a class=\"fusion-rollover-link\" href=\"https:\/\/abayanalistas.net\/en\/portfolio\/mapa-de-necesidades-de-cualificacion-en-la-industria-espanola\/\">Mapa de necesidades de cualificaci\u00f3n en la Industria espa\u00f1ola. Resultado por Comunidades Aut\u00f3nomas<\/a>\n\t\t\t\n\t\t\t\t\t\t\t\t\n\t\t\t\t\n\t\t\t\t\t\t\t\t\t\t\t\t<h4 class=\"fusion-rollover-title\">\n\t\t\t\t\t<a href=\"https:\/\/abayanalistas.net\/en\/portfolio\/mapa-de-necesidades-de-cualificacion-en-la-industria-espanola\/\">\n\t\t\t\t\t\tMapa de necesidades de cualificaci\u00f3n en la Industria espa\u00f1ola. Resultado por Comunidades Aut\u00f3nomas\t\t\t\t\t<\/a>\n\t\t\t\t<\/h4>\n\t\t\t\n\t\t\t\t\t\t\t\t\n\t\t\n\t\t\t\t<a class=\"fusion-link-wrapper\" href=\"https:\/\/abayanalistas.net\/en\/portfolio\/mapa-de-necesidades-de-cualificacion-en-la-industria-espanola\/\" aria-label=\"Mapa de necesidades de cualificaci\u00f3n en la Industria espa\u00f1ola. Resultado por Comunidades Aut\u00f3nomas\"><\/a>\n\t<\/div>\n<\/div>\n\n\t\n<\/div>\n<div class=\"fusion-portfolio-content\"><h2 class=\"entry-title fusion-post-title\"><a href=\"https:\/\/abayanalistas.net\/en\/portfolio\/mapa-de-necesidades-de-cualificacion-en-la-industria-espanola\/\">Mapa de necesidades de cualificaci\u00f3n en la Industria espa\u00f1ola. Resultado por Comunidades Aut\u00f3nomas<\/a><\/h2><div class=\"fusion-portfolio-meta\"><a href=\"https:\/\/abayanalistas.net\/en\/portfolio_category\/sector-studies\/\" rel=\"tag\">Sector Studies<\/a><\/div><div class=\"fusion-post-content\"><p>La cualificaci\u00f3n de los\/as trabajadores\/as est\u00e1 considerada una de las cinco variables claves en las ganancias de productividad y est\u00e1 relacionada estrechamente con algunas de las otras cuatro (innovaci\u00f3n, iniciativa emprendedora, inversi\u00f3n y competencia).<\/p><\/div><\/div><\/div><\/article><article id=\"portfolio-1-post-1987\" class=\"fusion-portfolio-post sme-and-entrepreneurship fusion-col-spacing post-1987\"><div class=\"fusion-portfolio-content-wrapper\" style=\"border:none;\"><span class=\"vcard rich-snippet-hidden\"><span class=\"fn\"><a href=\"https:\/\/abayanalistas.net\/en\/author\/abay\/\" title=\"Posts by Abay\" rel=\"author\">Abay<\/a><\/span><\/span><span class=\"updated rich-snippet-hidden\">2016-11-21T19:52:47+00:00<\/span>\n\n<div  class=\"fusion-image-wrapper\" aria-haspopup=\"true\">\n\t\n\t\n\t\t\n\t\t\t\t\t<img loading=\"lazy\" decoding=\"async\" width=\"900\" height=\"505\" src=\"https:\/\/abayanalistas.net\/en\/wp-content\/uploads\/eif-eurpean-investment-fund-200x112.jpg\" class=\"attachment-full size-full wp-post-image\" alt=\"\" srcset=\"https:\/\/abayanalistas.net\/en\/wp-content\/uploads\/eif-eurpean-investment-fund-200x112.jpg 200w, https:\/\/abayanalistas.net\/en\/wp-content\/uploads\/eif-eurpean-investment-fund-400x224.jpg 400w, https:\/\/abayanalistas.net\/en\/wp-content\/uploads\/eif-eurpean-investment-fund-600x337.jpg 600w, https:\/\/abayanalistas.net\/en\/wp-content\/uploads\/eif-eurpean-investment-fund-800x449.jpg 800w, https:\/\/abayanalistas.net\/en\/wp-content\/uploads\/eif-eurpean-investment-fund.jpg 900w\" sizes=\"(min-width: 2200px) 100vw, (min-width: 1106px) 270px, (min-width: 1044px) 360px, (min-width: 982px) 540px, (min-width: 920px) 982px, \" \/>\n\t\n\n\t\t<div class=\"fusion-rollover\">\n\t<div class=\"fusion-rollover-content\">\n\n\t\t\t\t\t\t\t\t\t\t\t\t\t\t<a class=\"fusion-rollover-link\" href=\"https:\/\/abayanalistas.net\/en\/portfolio\/asistencia-tecnica-en-el-marco-del-proyecto-jeremie\/\">Asistencia t\u00e9cnica en el marco del proyecto JEREMIE<\/a>\n\t\t\t\n\t\t\t\t\t\t\t\t\n\t\t\t\t\n\t\t\t\t\t\t\t\t\t\t\t\t<h4 class=\"fusion-rollover-title\">\n\t\t\t\t\t<a href=\"https:\/\/abayanalistas.net\/en\/portfolio\/asistencia-tecnica-en-el-marco-del-proyecto-jeremie\/\">\n\t\t\t\t\t\tAsistencia t\u00e9cnica en el marco del proyecto JEREMIE\t\t\t\t\t<\/a>\n\t\t\t\t<\/h4>\n\t\t\t\n\t\t\t\t\t\t\t\t\n\t\t\n\t\t\t\t<a class=\"fusion-link-wrapper\" href=\"https:\/\/abayanalistas.net\/en\/portfolio\/asistencia-tecnica-en-el-marco-del-proyecto-jeremie\/\" aria-label=\"Asistencia t\u00e9cnica en el marco del proyecto JEREMIE\"><\/a>\n\t<\/div>\n<\/div>\n\n\t\n<\/div>\n<div class=\"fusion-portfolio-content\"><h2 class=\"entry-title fusion-post-title\"><a href=\"https:\/\/abayanalistas.net\/en\/portfolio\/asistencia-tecnica-en-el-marco-del-proyecto-jeremie\/\">Asistencia t\u00e9cnica en el marco del proyecto JEREMIE<\/a><\/h2><div class=\"fusion-portfolio-meta\"><a href=\"https:\/\/abayanalistas.net\/en\/portfolio_category\/sme-and-entrepreneurship\/\" rel=\"tag\">SME and Entrepreneurship<\/a><\/div><div class=\"fusion-post-content\"><p>En el marco del proyecto JEREMIE, se ha realizado una asistencia t\u00e9cnica en materia relativa al Gap financiero y a los fallos de mercado que se identifican en la financiaci\u00f3n de las PYMES en Espa\u00f1a.<\/p><\/div><\/div><\/div><\/article><article id=\"portfolio-1-post-1872\" class=\"fusion-portfolio-post impact-and-policy-evaluation sector-studies sme-and-entrepreneurship fusion-col-spacing post-1872\"><div class=\"fusion-portfolio-content-wrapper\" style=\"border:none;\"><span class=\"vcard rich-snippet-hidden\"><span class=\"fn\"><a href=\"https:\/\/abayanalistas.net\/en\/author\/abay\/\" title=\"Posts by Abay\" rel=\"author\">Abay<\/a><\/span><\/span><span class=\"updated rich-snippet-hidden\">2016-11-21T19:52:47+00:00<\/span>\n\n<div  class=\"fusion-image-wrapper\" aria-haspopup=\"true\">\n\t\n\t\n\t\t\n\t\t\t\t\t<img loading=\"lazy\" decoding=\"async\" width=\"900\" height=\"1274\" src=\"https:\/\/abayanalistas.net\/en\/wp-content\/uploads\/Formacion-directiva-1-200x283.jpg\" class=\"attachment-full size-full wp-post-image\" alt=\"\" srcset=\"https:\/\/abayanalistas.net\/en\/wp-content\/uploads\/Formacion-directiva-1-200x283.jpg 200w, https:\/\/abayanalistas.net\/en\/wp-content\/uploads\/Formacion-directiva-1-400x566.jpg 400w, https:\/\/abayanalistas.net\/en\/wp-content\/uploads\/Formacion-directiva-1-600x849.jpg 600w, https:\/\/abayanalistas.net\/en\/wp-content\/uploads\/Formacion-directiva-1-800x1132.jpg 800w, https:\/\/abayanalistas.net\/en\/wp-content\/uploads\/Formacion-directiva-1.jpg 900w\" sizes=\"(min-width: 2200px) 100vw, (min-width: 1106px) 270px, (min-width: 1044px) 360px, (min-width: 982px) 540px, (min-width: 920px) 982px, \" \/>\n\t\n\n\t\t<div class=\"fusion-rollover\">\n\t<div class=\"fusion-rollover-content\">\n\n\t\t\t\t\t\t\t\t\t\t\t\t\t\t<a class=\"fusion-rollover-link\" href=\"https:\/\/abayanalistas.net\/en\/portfolio\/evaluacion-de-la-formacion-directiva-en-el-sector-de-las-tics-en-espana-estudio-cualitativo\/\">Evaluaci\u00f3n de la Formaci\u00f3n Directiva en el Sector de las Tics en Espa\u00f1a. Estudio cualitativo<\/a>\n\t\t\t\n\t\t\t\t\t\t\t\t\n\t\t\t\t\n\t\t\t\t\t\t\t\t\t\t\t\t<h4 class=\"fusion-rollover-title\">\n\t\t\t\t\t<a href=\"https:\/\/abayanalistas.net\/en\/portfolio\/evaluacion-de-la-formacion-directiva-en-el-sector-de-las-tics-en-espana-estudio-cualitativo\/\">\n\t\t\t\t\t\tEvaluaci\u00f3n de la Formaci\u00f3n Directiva en el Sector de las Tics en Espa\u00f1a. Estudio cualitativo\t\t\t\t\t<\/a>\n\t\t\t\t<\/h4>\n\t\t\t\n\t\t\t\t\t\t\t\t\n\t\t\n\t\t\t\t<a class=\"fusion-link-wrapper\" href=\"https:\/\/abayanalistas.net\/en\/portfolio\/evaluacion-de-la-formacion-directiva-en-el-sector-de-las-tics-en-espana-estudio-cualitativo\/\" aria-label=\"Evaluaci\u00f3n de la Formaci\u00f3n Directiva en el Sector de las Tics en Espa\u00f1a. Estudio cualitativo\"><\/a>\n\t<\/div>\n<\/div>\n\n\t\n<\/div>\n<div class=\"fusion-portfolio-content\"><h2 class=\"entry-title fusion-post-title\"><a href=\"https:\/\/abayanalistas.net\/en\/portfolio\/evaluacion-de-la-formacion-directiva-en-el-sector-de-las-tics-en-espana-estudio-cualitativo\/\">Evaluaci\u00f3n de la Formaci\u00f3n Directiva en el Sector de las Tics en Espa\u00f1a. Estudio cualitativo<\/a><\/h2><div class=\"fusion-portfolio-meta\"><a href=\"https:\/\/abayanalistas.net\/en\/portfolio_category\/impact-and-policy-evaluation\/\" rel=\"tag\">Impact and Policy Evaluation<\/a>, <a href=\"https:\/\/abayanalistas.net\/en\/portfolio_category\/sector-studies\/\" rel=\"tag\">Sector Studies<\/a>, <a href=\"https:\/\/abayanalistas.net\/en\/portfolio_category\/sme-and-entrepreneurship\/\" rel=\"tag\">SME and Entrepreneurship<\/a><\/div><div class=\"fusion-post-content\"><p>En el marco del proyecto titulado la \"Evaluaci\u00f3n de la Formaci\u00f3n Directiva en el Sector de las TICS en Espa\u00f1a\", Abay Analistas realiz\u00f3 un estudio cualitativo mediante entrevistas en profundidad y un grupo de discusi\u00f3n con el objetivo de aproximarse al tema desde la perspectiva de las empresas, en concreto de los responsables de recursos humanos de las mismas y de otras personas expertas por suposici\u00f3n y experiencia en la formaci\u00f3n y el desarrollo directivo del sector TIC.<\/p><\/div><\/div><\/div><\/article><article id=\"portfolio-1-post-1864\" class=\"fusion-portfolio-post impact-and-policy-evaluation sme-and-entrepreneurship fusion-col-spacing post-1864\"><div class=\"fusion-portfolio-content-wrapper\" style=\"border:none;\"><span class=\"vcard rich-snippet-hidden\"><span class=\"fn\"><a href=\"https:\/\/abayanalistas.net\/en\/author\/abay\/\" title=\"Posts by Abay\" rel=\"author\">Abay<\/a><\/span><\/span><span class=\"updated rich-snippet-hidden\">2016-11-21T19:52:48+00:00<\/span>\n\n<div  class=\"fusion-image-wrapper\" aria-haspopup=\"true\">\n\t\n\t\n\t\t\n\t\t\t\t\t<img loading=\"lazy\" decoding=\"async\" width=\"630\" height=\"320\" src=\"https:\/\/abayanalistas.net\/en\/wp-content\/uploads\/san-fernando-de-henares02-200x102.jpg\" class=\"attachment-full size-full wp-post-image\" alt=\"\" srcset=\"https:\/\/abayanalistas.net\/en\/wp-content\/uploads\/san-fernando-de-henares02-200x102.jpg 200w, https:\/\/abayanalistas.net\/en\/wp-content\/uploads\/san-fernando-de-henares02-400x203.jpg 400w, https:\/\/abayanalistas.net\/en\/wp-content\/uploads\/san-fernando-de-henares02-600x305.jpg 600w, https:\/\/abayanalistas.net\/en\/wp-content\/uploads\/san-fernando-de-henares02.jpg 630w\" sizes=\"(min-width: 2200px) 100vw, (min-width: 1106px) 270px, (min-width: 1044px) 360px, (min-width: 982px) 540px, (min-width: 920px) 982px, \" \/>\n\t\n\n\t\t<div class=\"fusion-rollover\">\n\t<div class=\"fusion-rollover-content\">\n\n\t\t\t\t\t\t\t\t\t\t\t\t\t\t<a class=\"fusion-rollover-link\" href=\"https:\/\/abayanalistas.net\/en\/portfolio\/politica-municipal-de-apoyo-a-losas-emprendedoresas-analisis-de-resultados\/\">Pol\u00edtica municipal de apoyo a los\/as emprendedores\/as. An\u00e1lisis de resultados<\/a>\n\t\t\t\n\t\t\t\t\t\t\t\t\n\t\t\t\t\n\t\t\t\t\t\t\t\t\t\t\t\t<h4 class=\"fusion-rollover-title\">\n\t\t\t\t\t<a href=\"https:\/\/abayanalistas.net\/en\/portfolio\/politica-municipal-de-apoyo-a-losas-emprendedoresas-analisis-de-resultados\/\">\n\t\t\t\t\t\tPol\u00edtica municipal de apoyo a los\/as emprendedores\/as. An\u00e1lisis de resultados\t\t\t\t\t<\/a>\n\t\t\t\t<\/h4>\n\t\t\t\n\t\t\t\t\t\t\t\t\n\t\t\n\t\t\t\t<a class=\"fusion-link-wrapper\" href=\"https:\/\/abayanalistas.net\/en\/portfolio\/politica-municipal-de-apoyo-a-losas-emprendedoresas-analisis-de-resultados\/\" aria-label=\"Pol\u00edtica municipal de apoyo a los\/as emprendedores\/as. An\u00e1lisis de resultados\"><\/a>\n\t<\/div>\n<\/div>\n\n\t\n<\/div>\n<div class=\"fusion-portfolio-content\"><h2 class=\"entry-title fusion-post-title\"><a href=\"https:\/\/abayanalistas.net\/en\/portfolio\/politica-municipal-de-apoyo-a-losas-emprendedoresas-analisis-de-resultados\/\">Pol\u00edtica municipal de apoyo a los\/as emprendedores\/as. An\u00e1lisis de resultados<\/a><\/h2><div class=\"fusion-portfolio-meta\"><a href=\"https:\/\/abayanalistas.net\/en\/portfolio_category\/impact-and-policy-evaluation\/\" rel=\"tag\">Impact and Policy Evaluation<\/a>, <a href=\"https:\/\/abayanalistas.net\/en\/portfolio_category\/sme-and-entrepreneurship\/\" rel=\"tag\">SME and Entrepreneurship<\/a><\/div><div class=\"fusion-post-content\"><p>El Ayuntamiento de San Fernando de Henares, en l\u00ednea con la Estrategia Europea para el Empleo, desarrolla diversas actuaciones de apoyo al fomento del esp\u00edritu emprendedor y a las empresas de  reciente creaci\u00f3n (acciones OPEA, servicio de asesoramiento a nuevas empresas, Centro Municipal de Empresas...)<\/p><\/div><\/div><\/div><\/article><article id=\"portfolio-1-post-2049\" class=\"fusion-portfolio-post sector-studies fusion-col-spacing post-2049\"><div class=\"fusion-portfolio-content-wrapper\" style=\"border:none;\"><span class=\"vcard rich-snippet-hidden\"><span class=\"fn\"><a href=\"https:\/\/abayanalistas.net\/en\/author\/abay\/\" title=\"Posts by Abay\" rel=\"author\">Abay<\/a><\/span><\/span><span class=\"updated rich-snippet-hidden\">2016-11-21T19:52:48+00:00<\/span>\n\n<div  class=\"fusion-image-wrapper\" aria-haspopup=\"true\">\n\t\n\t\n\t\t\n\t\t\t\t\t<img loading=\"lazy\" decoding=\"async\" width=\"900\" height=\"655\" src=\"https:\/\/abayanalistas.net\/en\/wp-content\/uploads\/moda-200x146.jpg\" class=\"attachment-full size-full wp-post-image\" alt=\"\" srcset=\"https:\/\/abayanalistas.net\/en\/wp-content\/uploads\/moda-200x146.jpg 200w, https:\/\/abayanalistas.net\/en\/wp-content\/uploads\/moda-400x291.jpg 400w, https:\/\/abayanalistas.net\/en\/wp-content\/uploads\/moda-600x437.jpg 600w, https:\/\/abayanalistas.net\/en\/wp-content\/uploads\/moda-800x582.jpg 800w, https:\/\/abayanalistas.net\/en\/wp-content\/uploads\/moda.jpg 900w\" sizes=\"(min-width: 2200px) 100vw, (min-width: 1106px) 270px, (min-width: 1044px) 360px, (min-width: 982px) 540px, (min-width: 920px) 982px, \" \/>\n\t\n\n\t\t<div class=\"fusion-rollover\">\n\t<div class=\"fusion-rollover-content\">\n\n\t\t\t\t\t\t\t\t\t\t\t\t\t\t<a class=\"fusion-rollover-link\" href=\"https:\/\/abayanalistas.net\/en\/portfolio\/diagnostico-del-diseno-de-moda-en-espana\/\">Diagn\u00f3stico del Dise\u00f1o de Moda en Espa\u00f1a<\/a>\n\t\t\t\n\t\t\t\t\t\t\t\t\n\t\t\t\t\n\t\t\t\t\t\t\t\t\t\t\t\t<h4 class=\"fusion-rollover-title\">\n\t\t\t\t\t<a href=\"https:\/\/abayanalistas.net\/en\/portfolio\/diagnostico-del-diseno-de-moda-en-espana\/\">\n\t\t\t\t\t\tDiagn\u00f3stico del Dise\u00f1o de Moda en Espa\u00f1a\t\t\t\t\t<\/a>\n\t\t\t\t<\/h4>\n\t\t\t\n\t\t\t\t\t\t\t\t\n\t\t\n\t\t\t\t<a class=\"fusion-link-wrapper\" href=\"https:\/\/abayanalistas.net\/en\/portfolio\/diagnostico-del-diseno-de-moda-en-espana\/\" aria-label=\"Diagn\u00f3stico del Dise\u00f1o de Moda en Espa\u00f1a\"><\/a>\n\t<\/div>\n<\/div>\n\n\t\n<\/div>\n<div class=\"fusion-portfolio-content\"><h2 class=\"entry-title fusion-post-title\"><a href=\"https:\/\/abayanalistas.net\/en\/portfolio\/diagnostico-del-diseno-de-moda-en-espana\/\">Diagn\u00f3stico del Dise\u00f1o de Moda en Espa\u00f1a<\/a><\/h2><div class=\"fusion-portfolio-meta\"><a href=\"https:\/\/abayanalistas.net\/en\/portfolio_category\/sector-studies\/\" rel=\"tag\">Sector Studies<\/a><\/div><div class=\"fusion-post-content\"><p>Abay ha elaborado, junto con el equipo de EOI Escuela de Negocios, un <strong>diagn\u00f3stico de situaci\u00f3n del Dise\u00f1o de Moda en Espa\u00f1a.<\/p><\/div><\/div><\/div><\/article><article id=\"portfolio-1-post-2040\" class=\"fusion-portfolio-post sector-studies fusion-col-spacing post-2040\"><div class=\"fusion-portfolio-content-wrapper\" style=\"border:none;\"><span class=\"vcard rich-snippet-hidden\"><span class=\"fn\"><a href=\"https:\/\/abayanalistas.net\/en\/author\/abay\/\" title=\"Posts by Abay\" rel=\"author\">Abay<\/a><\/span><\/span><span class=\"updated rich-snippet-hidden\">2016-11-21T19:52:48+00:00<\/span>\n\n<div  class=\"fusion-image-wrapper\" aria-haspopup=\"true\">\n\t\n\t\n\t\t\n\t\t\t\t\t<img loading=\"lazy\" decoding=\"async\" width=\"900\" height=\"1274\" src=\"https:\/\/abayanalistas.net\/en\/wp-content\/uploads\/demanda-ocupacional-1-200x283.jpg\" class=\"attachment-full size-full wp-post-image\" alt=\"\" srcset=\"https:\/\/abayanalistas.net\/en\/wp-content\/uploads\/demanda-ocupacional-1-200x283.jpg 200w, https:\/\/abayanalistas.net\/en\/wp-content\/uploads\/demanda-ocupacional-1-400x566.jpg 400w, https:\/\/abayanalistas.net\/en\/wp-content\/uploads\/demanda-ocupacional-1-600x849.jpg 600w, https:\/\/abayanalistas.net\/en\/wp-content\/uploads\/demanda-ocupacional-1-800x1132.jpg 800w, https:\/\/abayanalistas.net\/en\/wp-content\/uploads\/demanda-ocupacional-1.jpg 900w\" sizes=\"(min-width: 2200px) 100vw, (min-width: 1106px) 270px, (min-width: 1044px) 360px, (min-width: 982px) 540px, (min-width: 920px) 982px, \" \/>\n\t\n\n\t\t<div class=\"fusion-rollover\">\n\t<div class=\"fusion-rollover-content\">\n\n\t\t\t\t\t\t\t\t\t\t\t\t\t\t<a class=\"fusion-rollover-link\" href=\"https:\/\/abayanalistas.net\/en\/portfolio\/la-demanda-ocupacional-del-sector-industrial\/\">La demanda ocupacional del sector industrial<\/a>\n\t\t\t\n\t\t\t\t\t\t\t\t\n\t\t\t\t\n\t\t\t\t\t\t\t\t\t\t\t\t<h4 class=\"fusion-rollover-title\">\n\t\t\t\t\t<a href=\"https:\/\/abayanalistas.net\/en\/portfolio\/la-demanda-ocupacional-del-sector-industrial\/\">\n\t\t\t\t\t\tLa demanda ocupacional del sector industrial\t\t\t\t\t<\/a>\n\t\t\t\t<\/h4>\n\t\t\t\n\t\t\t\t\t\t\t\t\n\t\t\n\t\t\t\t<a class=\"fusion-link-wrapper\" href=\"https:\/\/abayanalistas.net\/en\/portfolio\/la-demanda-ocupacional-del-sector-industrial\/\" aria-label=\"La demanda ocupacional del sector industrial\"><\/a>\n\t<\/div>\n<\/div>\n\n\t\n<\/div>\n<div class=\"fusion-portfolio-content\"><h2 class=\"entry-title fusion-post-title\"><a href=\"https:\/\/abayanalistas.net\/en\/portfolio\/la-demanda-ocupacional-del-sector-industrial\/\">La demanda ocupacional del sector industrial<\/a><\/h2><div class=\"fusion-portfolio-meta\"><a href=\"https:\/\/abayanalistas.net\/en\/portfolio_category\/sector-studies\/\" rel=\"tag\">Sector Studies<\/a><\/div><div class=\"fusion-post-content\"><p>La incorporaci\u00f3n de empleo de alta cualificaci\u00f3n al tejido productivo es, por su relaci\u00f3n con la asimilaci\u00f3n del cambio t\u00e9cnico y los procesos de innovaci\u00f3n, uno de los elementos con mayor incidencia en la productividad y en la competitividad empresarial y sectorial.<\/p><\/div><\/div><\/div><\/article><article id=\"portfolio-1-post-1854\" class=\"fusion-portfolio-post impact-and-policy-evaluation fusion-col-spacing post-1854\"><div class=\"fusion-portfolio-content-wrapper\" style=\"border:none;\"><span class=\"vcard rich-snippet-hidden\"><span class=\"fn\"><a href=\"https:\/\/abayanalistas.net\/en\/author\/abay\/\" title=\"Posts by Abay\" rel=\"author\">Abay<\/a><\/span><\/span><span class=\"updated rich-snippet-hidden\">2016-11-21T19:52:49+00:00<\/span>\n\n<div  class=\"fusion-image-wrapper\" aria-haspopup=\"true\">\n\t\n\t\n\t\t\n\t\t\t\t\t<img loading=\"lazy\" decoding=\"async\" width=\"900\" height=\"882\" src=\"https:\/\/abayanalistas.net\/en\/wp-content\/uploads\/mercado-laboral-200x196.jpg\" class=\"attachment-full size-full wp-post-image\" alt=\"\" srcset=\"https:\/\/abayanalistas.net\/en\/wp-content\/uploads\/mercado-laboral-200x196.jpg 200w, https:\/\/abayanalistas.net\/en\/wp-content\/uploads\/mercado-laboral-400x392.jpg 400w, https:\/\/abayanalistas.net\/en\/wp-content\/uploads\/mercado-laboral-600x588.jpg 600w, https:\/\/abayanalistas.net\/en\/wp-content\/uploads\/mercado-laboral-800x784.jpg 800w, https:\/\/abayanalistas.net\/en\/wp-content\/uploads\/mercado-laboral.jpg 900w\" sizes=\"(min-width: 2200px) 100vw, (min-width: 1106px) 270px, (min-width: 1044px) 360px, (min-width: 982px) 540px, (min-width: 920px) 982px, \" \/>\n\t\n\n\t\t<div class=\"fusion-rollover\">\n\t<div class=\"fusion-rollover-content\">\n\n\t\t\t\t\t\t\t\t\t\t\t\t\t\t<a class=\"fusion-rollover-link\" href=\"https:\/\/abayanalistas.net\/en\/portfolio\/indicadores-socioeconomicos-relacionados-con-el-mercado-laboral-de-tres-cantos\/\">Indicadores socioecon\u00f3micos relacionados con el mercado laboral de Tres Cantos<\/a>\n\t\t\t\n\t\t\t\t\t\t\t\t\n\t\t\t\t\n\t\t\t\t\t\t\t\t\t\t\t\t<h4 class=\"fusion-rollover-title\">\n\t\t\t\t\t<a href=\"https:\/\/abayanalistas.net\/en\/portfolio\/indicadores-socioeconomicos-relacionados-con-el-mercado-laboral-de-tres-cantos\/\">\n\t\t\t\t\t\tIndicadores socioecon\u00f3micos relacionados con el mercado laboral de Tres Cantos\t\t\t\t\t<\/a>\n\t\t\t\t<\/h4>\n\t\t\t\n\t\t\t\t\t\t\t\t\n\t\t\n\t\t\t\t<a class=\"fusion-link-wrapper\" href=\"https:\/\/abayanalistas.net\/en\/portfolio\/indicadores-socioeconomicos-relacionados-con-el-mercado-laboral-de-tres-cantos\/\" aria-label=\"Indicadores socioecon\u00f3micos relacionados con el mercado laboral de Tres Cantos\"><\/a>\n\t<\/div>\n<\/div>\n\n\t\n<\/div>\n<div class=\"fusion-portfolio-content\"><h2 class=\"entry-title fusion-post-title\"><a href=\"https:\/\/abayanalistas.net\/en\/portfolio\/indicadores-socioeconomicos-relacionados-con-el-mercado-laboral-de-tres-cantos\/\">Indicadores socioecon\u00f3micos relacionados con el mercado laboral de Tres Cantos<\/a><\/h2><div class=\"fusion-portfolio-meta\"><a href=\"https:\/\/abayanalistas.net\/en\/portfolio_category\/impact-and-policy-evaluation\/\" rel=\"tag\">Impact and Policy Evaluation<\/a><\/div><div class=\"fusion-post-content\"><p>El  Informe de indicadores socioecon\u00f3micos del municipio de Tres Cantos tuvo como principal objetivo la aproximaci\u00f3n  a la realidad sociodemogr\u00e1fica y econ\u00f3mica del municipio y a su evoluci\u00f3n m\u00e1s reciente.<\/p><\/div><\/div><\/div><\/article><article id=\"portfolio-1-post-1776\" class=\"fusion-portfolio-post social-topics fusion-col-spacing post-1776\"><div class=\"fusion-portfolio-content-wrapper\" style=\"border:none;\"><span class=\"vcard rich-snippet-hidden\"><span class=\"fn\"><a href=\"https:\/\/abayanalistas.net\/en\/author\/abay\/\" title=\"Posts by Abay\" rel=\"author\">Abay<\/a><\/span><\/span><span class=\"updated rich-snippet-hidden\">2016-11-21T19:52:49+00:00<\/span>\n\n<div  class=\"fusion-image-wrapper\" aria-haspopup=\"true\">\n\t\n\t\n\t\t\n\t\t\t\t\t<img loading=\"lazy\" decoding=\"async\" width=\"900\" height=\"1165\" src=\"https:\/\/abayanalistas.net\/en\/wp-content\/uploads\/participacion-social-mayores-1-200x259.jpg\" class=\"attachment-full size-full wp-post-image\" alt=\"\" srcset=\"https:\/\/abayanalistas.net\/en\/wp-content\/uploads\/participacion-social-mayores-1-200x259.jpg 200w, https:\/\/abayanalistas.net\/en\/wp-content\/uploads\/participacion-social-mayores-1-400x518.jpg 400w, https:\/\/abayanalistas.net\/en\/wp-content\/uploads\/participacion-social-mayores-1-600x777.jpg 600w, https:\/\/abayanalistas.net\/en\/wp-content\/uploads\/participacion-social-mayores-1-800x1036.jpg 800w, https:\/\/abayanalistas.net\/en\/wp-content\/uploads\/participacion-social-mayores-1.jpg 900w\" sizes=\"(min-width: 2200px) 100vw, (min-width: 1106px) 270px, (min-width: 1044px) 360px, (min-width: 982px) 540px, (min-width: 920px) 982px, \" \/>\n\t\n\n\t\t<div class=\"fusion-rollover\">\n\t<div class=\"fusion-rollover-content\">\n\n\t\t\t\t\t\t\t\t\t\t\t\t\t\t<a class=\"fusion-rollover-link\" href=\"https:\/\/abayanalistas.net\/en\/portfolio\/participacion-social-de-las-personas-mayores\/\">Participaci\u00f3n social de las personas mayores<\/a>\n\t\t\t\n\t\t\t\t\t\t\t\t\n\t\t\t\t\n\t\t\t\t\t\t\t\t\t\t\t\t<h4 class=\"fusion-rollover-title\">\n\t\t\t\t\t<a href=\"https:\/\/abayanalistas.net\/en\/portfolio\/participacion-social-de-las-personas-mayores\/\">\n\t\t\t\t\t\tParticipaci\u00f3n social de las personas mayores\t\t\t\t\t<\/a>\n\t\t\t\t<\/h4>\n\t\t\t\n\t\t\t\t\t\t\t\t\n\t\t\n\t\t\t\t<a class=\"fusion-link-wrapper\" href=\"https:\/\/abayanalistas.net\/en\/portfolio\/participacion-social-de-las-personas-mayores\/\" aria-label=\"Participaci\u00f3n social de las personas mayores\"><\/a>\n\t<\/div>\n<\/div>\n\n\t\n<\/div>\n<div class=\"fusion-portfolio-content\"><h2 class=\"entry-title fusion-post-title\"><a href=\"https:\/\/abayanalistas.net\/en\/portfolio\/participacion-social-de-las-personas-mayores\/\">Participaci\u00f3n social de las personas mayores<\/a><\/h2><div class=\"fusion-portfolio-meta\"><a href=\"https:\/\/abayanalistas.net\/en\/portfolio_category\/social-topics\/\" rel=\"tag\">Social topics<\/a><\/div><div class=\"fusion-post-content\"><p>El estudio realiza aproximaciones complementarias al concepto de participaci\u00f3n social de las personas mayores. En un primer bloque, a trav\u00e9s de la revisi\u00f3n de la literatura, se analiza la evoluci\u00f3n reciente de los dos conceptos claves en este an\u00e1lisis: participaci\u00f3n social y  envejecimiento.<\/p><\/div><\/div><\/div><\/article><article id=\"portfolio-1-post-1771\" class=\"fusion-portfolio-post impact-and-policy-evaluation social-topics fusion-col-spacing post-1771\"><div class=\"fusion-portfolio-content-wrapper\" style=\"border:none;\"><span class=\"vcard rich-snippet-hidden\"><span class=\"fn\"><a href=\"https:\/\/abayanalistas.net\/en\/author\/abay\/\" title=\"Posts by Abay\" rel=\"author\">Abay<\/a><\/span><\/span><span class=\"updated rich-snippet-hidden\">2016-11-21T19:52:50+00:00<\/span>\n\n<div  class=\"fusion-image-wrapper\" aria-haspopup=\"true\">\n\t\n\t\n\t\t\n\t\t\t\t\t<img loading=\"lazy\" decoding=\"async\" width=\"900\" height=\"589\" src=\"https:\/\/abayanalistas.net\/en\/wp-content\/uploads\/redes-inteligentes-200x131.jpg\" class=\"attachment-full size-full wp-post-image\" alt=\"\" srcset=\"https:\/\/abayanalistas.net\/en\/wp-content\/uploads\/redes-inteligentes-200x131.jpg 200w, https:\/\/abayanalistas.net\/en\/wp-content\/uploads\/redes-inteligentes-400x262.jpg 400w, https:\/\/abayanalistas.net\/en\/wp-content\/uploads\/redes-inteligentes-600x393.jpg 600w, https:\/\/abayanalistas.net\/en\/wp-content\/uploads\/redes-inteligentes-800x524.jpg 800w, https:\/\/abayanalistas.net\/en\/wp-content\/uploads\/redes-inteligentes.jpg 900w\" sizes=\"(min-width: 2200px) 100vw, (min-width: 1106px) 270px, (min-width: 1044px) 360px, (min-width: 982px) 540px, (min-width: 920px) 982px, \" \/>\n\t\n\n\t\t<div class=\"fusion-rollover\">\n\t<div class=\"fusion-rollover-content\">\n\n\t\t\t\t\t\t\t\t\t\t\t\t\t\t<a class=\"fusion-rollover-link\" href=\"https:\/\/abayanalistas.net\/en\/portfolio\/desarrollo-de-un-sistema-de-indicadores-de-gestion-para-la-red-de-centros-ocupacionales-de-la-comunidad-de-madrid\/\">Sistema de indicadores de gesti\u00f3n para la Red de Centros Ocupacionales de la Comunidad de Madrid<\/a>\n\t\t\t\n\t\t\t\t\t\t\t\t\n\t\t\t\t\n\t\t\t\t\t\t\t\t\t\t\t\t<h4 class=\"fusion-rollover-title\">\n\t\t\t\t\t<a href=\"https:\/\/abayanalistas.net\/en\/portfolio\/desarrollo-de-un-sistema-de-indicadores-de-gestion-para-la-red-de-centros-ocupacionales-de-la-comunidad-de-madrid\/\">\n\t\t\t\t\t\tSistema de indicadores de gesti\u00f3n para la Red de Centros Ocupacionales de la Comunidad de Madrid\t\t\t\t\t<\/a>\n\t\t\t\t<\/h4>\n\t\t\t\n\t\t\t\t\t\t\t\t\n\t\t\n\t\t\t\t<a class=\"fusion-link-wrapper\" href=\"https:\/\/abayanalistas.net\/en\/portfolio\/desarrollo-de-un-sistema-de-indicadores-de-gestion-para-la-red-de-centros-ocupacionales-de-la-comunidad-de-madrid\/\" aria-label=\"Sistema de indicadores de gesti\u00f3n para la Red de Centros Ocupacionales de la Comunidad de Madrid\"><\/a>\n\t<\/div>\n<\/div>\n\n\t\n<\/div>\n<div class=\"fusion-portfolio-content\"><h2 class=\"entry-title fusion-post-title\"><a href=\"https:\/\/abayanalistas.net\/en\/portfolio\/desarrollo-de-un-sistema-de-indicadores-de-gestion-para-la-red-de-centros-ocupacionales-de-la-comunidad-de-madrid\/\">Sistema de indicadores de gesti\u00f3n para la Red de Centros Ocupacionales de la Comunidad de Madrid<\/a><\/h2><div class=\"fusion-portfolio-meta\"><a href=\"https:\/\/abayanalistas.net\/en\/portfolio_category\/impact-and-policy-evaluation\/\" rel=\"tag\">Impact and Policy Evaluation<\/a>, <a href=\"https:\/\/abayanalistas.net\/en\/portfolio_category\/social-topics\/\" rel=\"tag\">Social topics<\/a><\/div><div class=\"fusion-post-content\"><p>Un indicador es una s\u00edntesis cuantitativa de uno o varios aspectos concretos de una determinada realidad. Los indicadores permite ubicar o clasificar las unidades de an\u00e1lisis (personas, organizaciones, etc.) con respecto al conjunto de variables que se analizan.<\/p><\/div><\/div><\/div><\/article><article id=\"portfolio-1-post-1734\" class=\"fusion-portfolio-post social-topics fusion-col-spacing post-1734\"><div class=\"fusion-portfolio-content-wrapper\" style=\"border:none;\"><span class=\"vcard rich-snippet-hidden\"><span class=\"fn\"><a href=\"https:\/\/abayanalistas.net\/en\/author\/abay\/\" title=\"Posts by Abay\" rel=\"author\">Abay<\/a><\/span><\/span><span class=\"updated rich-snippet-hidden\">2016-11-21T19:52:51+00:00<\/span>\n\n<div  class=\"fusion-image-wrapper\" aria-haspopup=\"true\">\n\t\n\t\n\t\t\n\t\t\t\t\t<img loading=\"lazy\" decoding=\"async\" width=\"900\" height=\"1273\" src=\"https:\/\/abayanalistas.net\/en\/wp-content\/uploads\/Curso-beatriz-galindo-1-200x283.jpg\" class=\"attachment-full size-full wp-post-image\" alt=\"\" srcset=\"https:\/\/abayanalistas.net\/en\/wp-content\/uploads\/Curso-beatriz-galindo-1-200x283.jpg 200w, https:\/\/abayanalistas.net\/en\/wp-content\/uploads\/Curso-beatriz-galindo-1-400x566.jpg 400w, https:\/\/abayanalistas.net\/en\/wp-content\/uploads\/Curso-beatriz-galindo-1-600x849.jpg 600w, https:\/\/abayanalistas.net\/en\/wp-content\/uploads\/Curso-beatriz-galindo-1-800x1132.jpg 800w, https:\/\/abayanalistas.net\/en\/wp-content\/uploads\/Curso-beatriz-galindo-1.jpg 900w\" sizes=\"(min-width: 2200px) 100vw, (min-width: 1106px) 270px, (min-width: 1044px) 360px, (min-width: 982px) 540px, (min-width: 920px) 982px, \" \/>\n\t\n\n\t\t<div class=\"fusion-rollover\">\n\t<div class=\"fusion-rollover-content\">\n\n\t\t\t\t\t\t\t\t\t\t\t\t\t\t<a class=\"fusion-rollover-link\" href=\"https:\/\/abayanalistas.net\/en\/portfolio\/participacion-como-formadoresas-en-el-curso-instrumentos-para-la-gestion-del-area-de-insercion-laboral-de-centros-ocupacionales-2007-2008\/\">Participaci\u00f3n como formadores\/as en el curso &#8220;Instrumentos para la gesti\u00f3n del \u00c1rea de inserci\u00f3n laboral de Centros Ocupacionales&#8221; (2007, 2008)<\/a>\n\t\t\t\n\t\t\t\t\t\t\t\t\n\t\t\t\t\n\t\t\t\t\t\t\t\t\t\t\t\t<h4 class=\"fusion-rollover-title\">\n\t\t\t\t\t<a href=\"https:\/\/abayanalistas.net\/en\/portfolio\/participacion-como-formadoresas-en-el-curso-instrumentos-para-la-gestion-del-area-de-insercion-laboral-de-centros-ocupacionales-2007-2008\/\">\n\t\t\t\t\t\tParticipaci\u00f3n como formadores\/as en el curso &#8220;Instrumentos para la gesti\u00f3n del \u00c1rea de inserci\u00f3n laboral de Centros Ocupacionales&#8221; (2007, 2008)\t\t\t\t\t<\/a>\n\t\t\t\t<\/h4>\n\t\t\t\n\t\t\t\t\t\t\t\t\n\t\t\n\t\t\t\t<a class=\"fusion-link-wrapper\" href=\"https:\/\/abayanalistas.net\/en\/portfolio\/participacion-como-formadoresas-en-el-curso-instrumentos-para-la-gestion-del-area-de-insercion-laboral-de-centros-ocupacionales-2007-2008\/\" aria-label=\"Participaci\u00f3n como formadores\/as en el curso &#8220;Instrumentos para la gesti\u00f3n del \u00c1rea de inserci\u00f3n laboral de Centros Ocupacionales&#8221; (2007, 2008)\"><\/a>\n\t<\/div>\n<\/div>\n\n\t\n<\/div>\n<div class=\"fusion-portfolio-content\"><h2 class=\"entry-title fusion-post-title\"><a href=\"https:\/\/abayanalistas.net\/en\/portfolio\/participacion-como-formadoresas-en-el-curso-instrumentos-para-la-gestion-del-area-de-insercion-laboral-de-centros-ocupacionales-2007-2008\/\">Participaci\u00f3n como formadores\/as en el curso &#8220;Instrumentos para la gesti\u00f3n del \u00c1rea de inserci\u00f3n laboral de Centros Ocupacionales&#8221; (2007, 2008)<\/a><\/h2><div class=\"fusion-portfolio-meta\"><a href=\"https:\/\/abayanalistas.net\/en\/portfolio_category\/social-topics\/\" rel=\"tag\">Social topics<\/a><\/div><div class=\"fusion-post-content\"><p>Curso de 60 horas de duraci\u00f3n destinado a T\u00e9cnicos: mandos intermedios de Centros Ocupacionales (Preparadores Laborales). Impartido en el Centro \" Beatriz Galindo\".<\/p><\/div><\/div><\/div><\/article><article id=\"portfolio-1-post-1728\" class=\"fusion-portfolio-post social-topics fusion-col-spacing post-1728\"><div class=\"fusion-portfolio-content-wrapper\" style=\"border:none;\"><span class=\"vcard rich-snippet-hidden\"><span class=\"fn\"><a href=\"https:\/\/abayanalistas.net\/en\/author\/abay\/\" title=\"Posts by Abay\" rel=\"author\">Abay<\/a><\/span><\/span><span class=\"updated rich-snippet-hidden\">2016-11-21T19:52:51+00:00<\/span>\n\n<div  class=\"fusion-image-wrapper\" aria-haspopup=\"true\">\n\t\n\t\n\t\t\n\t\t\t\t\t<img loading=\"lazy\" decoding=\"async\" width=\"900\" height=\"1273\" src=\"https:\/\/abayanalistas.net\/en\/wp-content\/uploads\/Curso-beatriz-galindo-1-200x283.jpg\" class=\"attachment-full size-full wp-post-image\" alt=\"\" srcset=\"https:\/\/abayanalistas.net\/en\/wp-content\/uploads\/Curso-beatriz-galindo-1-200x283.jpg 200w, https:\/\/abayanalistas.net\/en\/wp-content\/uploads\/Curso-beatriz-galindo-1-400x566.jpg 400w, https:\/\/abayanalistas.net\/en\/wp-content\/uploads\/Curso-beatriz-galindo-1-600x849.jpg 600w, https:\/\/abayanalistas.net\/en\/wp-content\/uploads\/Curso-beatriz-galindo-1-800x1132.jpg 800w, https:\/\/abayanalistas.net\/en\/wp-content\/uploads\/Curso-beatriz-galindo-1.jpg 900w\" sizes=\"(min-width: 2200px) 100vw, (min-width: 1106px) 270px, (min-width: 1044px) 360px, (min-width: 982px) 540px, (min-width: 920px) 982px, \" \/>\n\t\n\n\t\t<div class=\"fusion-rollover\">\n\t<div class=\"fusion-rollover-content\">\n\n\t\t\t\t\t\t\t\t\t\t\t\t\t\t<a class=\"fusion-rollover-link\" href=\"https:\/\/abayanalistas.net\/en\/portfolio\/participacion-como-formadoresas-en-el-curso-instrumentos-para-la-gestion-de-centros-ocupacionales-2007-2008\/\">Participaci\u00f3n como formadores\/as en el curso &#8220;Instrumentos para la gesti\u00f3n de Centros Ocupacionales&#8221; (2007, 2008)<\/a>\n\t\t\t\n\t\t\t\t\t\t\t\t\n\t\t\t\t\n\t\t\t\t\t\t\t\t\t\t\t\t<h4 class=\"fusion-rollover-title\">\n\t\t\t\t\t<a href=\"https:\/\/abayanalistas.net\/en\/portfolio\/participacion-como-formadoresas-en-el-curso-instrumentos-para-la-gestion-de-centros-ocupacionales-2007-2008\/\">\n\t\t\t\t\t\tParticipaci\u00f3n como formadores\/as en el curso &#8220;Instrumentos para la gesti\u00f3n de Centros Ocupacionales&#8221; (2007, 2008)\t\t\t\t\t<\/a>\n\t\t\t\t<\/h4>\n\t\t\t\n\t\t\t\t\t\t\t\t\n\t\t\n\t\t\t\t<a class=\"fusion-link-wrapper\" href=\"https:\/\/abayanalistas.net\/en\/portfolio\/participacion-como-formadoresas-en-el-curso-instrumentos-para-la-gestion-de-centros-ocupacionales-2007-2008\/\" aria-label=\"Participaci\u00f3n como formadores\/as en el curso &#8220;Instrumentos para la gesti\u00f3n de Centros Ocupacionales&#8221; (2007, 2008)\"><\/a>\n\t<\/div>\n<\/div>\n\n\t\n<\/div>\n<div class=\"fusion-portfolio-content\"><h2 class=\"entry-title fusion-post-title\"><a href=\"https:\/\/abayanalistas.net\/en\/portfolio\/participacion-como-formadoresas-en-el-curso-instrumentos-para-la-gestion-de-centros-ocupacionales-2007-2008\/\">Participaci\u00f3n como formadores\/as en el curso &#8220;Instrumentos para la gesti\u00f3n de Centros Ocupacionales&#8221; (2007, 2008)<\/a><\/h2><div class=\"fusion-portfolio-meta\"><a href=\"https:\/\/abayanalistas.net\/en\/portfolio_category\/social-topics\/\" rel=\"tag\">Social topics<\/a><\/div><div class=\"fusion-post-content\"><p>Curso de 20 horas de duraci\u00f3n destinado a Directores de Centros Ocupacionales. Impartido en el Centro \" Beatriz Galindo\".<\/p><\/div><\/div><\/div><\/article><article id=\"portfolio-1-post-1588\" class=\"fusion-portfolio-post gender fusion-col-spacing post-1588\"><div class=\"fusion-portfolio-content-wrapper\" style=\"border:none;\"><span class=\"vcard rich-snippet-hidden\"><span class=\"fn\"><a href=\"https:\/\/abayanalistas.net\/en\/author\/abay\/\" title=\"Posts by Abay\" rel=\"author\">Abay<\/a><\/span><\/span><span class=\"updated rich-snippet-hidden\">2016-11-21T19:52:51+00:00<\/span>\n\n<div  class=\"fusion-image-wrapper\" aria-haspopup=\"true\">\n\t\n\t\n\t\t\n\t\t\t\t\t<img loading=\"lazy\" decoding=\"async\" width=\"900\" height=\"882\" src=\"https:\/\/abayanalistas.net\/en\/wp-content\/uploads\/costes-violencia-200x196.jpg\" class=\"attachment-full size-full wp-post-image\" alt=\"\" srcset=\"https:\/\/abayanalistas.net\/en\/wp-content\/uploads\/costes-violencia-200x196.jpg 200w, https:\/\/abayanalistas.net\/en\/wp-content\/uploads\/costes-violencia-400x392.jpg 400w, https:\/\/abayanalistas.net\/en\/wp-content\/uploads\/costes-violencia-600x588.jpg 600w, https:\/\/abayanalistas.net\/en\/wp-content\/uploads\/costes-violencia-800x784.jpg 800w, https:\/\/abayanalistas.net\/en\/wp-content\/uploads\/costes-violencia.jpg 900w\" sizes=\"(min-width: 2200px) 100vw, (min-width: 1106px) 270px, (min-width: 1044px) 360px, (min-width: 982px) 540px, (min-width: 920px) 982px, \" \/>\n\t\n\n\t\t<div class=\"fusion-rollover\">\n\t<div class=\"fusion-rollover-content\">\n\n\t\t\t\t\t\t\t\t\t\t\t\t\t\t<a class=\"fusion-rollover-link\" href=\"https:\/\/abayanalistas.net\/en\/portfolio\/los-costes-economicos-de-la-violencia-de-genero-en-la-comunidad-de-madrid\/\">Los costes econ\u00f3micos de la violencia de g\u00e9nero en la Comunidad de Madrid<\/a>\n\t\t\t\n\t\t\t\t\t\t\t\t\n\t\t\t\t\n\t\t\t\t\t\t\t\t\t\t\t\t<h4 class=\"fusion-rollover-title\">\n\t\t\t\t\t<a href=\"https:\/\/abayanalistas.net\/en\/portfolio\/los-costes-economicos-de-la-violencia-de-genero-en-la-comunidad-de-madrid\/\">\n\t\t\t\t\t\tLos costes econ\u00f3micos de la violencia de g\u00e9nero en la Comunidad de Madrid\t\t\t\t\t<\/a>\n\t\t\t\t<\/h4>\n\t\t\t\n\t\t\t\t\t\t\t\t\n\t\t\n\t\t\t\t<a class=\"fusion-link-wrapper\" href=\"https:\/\/abayanalistas.net\/en\/portfolio\/los-costes-economicos-de-la-violencia-de-genero-en-la-comunidad-de-madrid\/\" aria-label=\"Los costes econ\u00f3micos de la violencia de g\u00e9nero en la Comunidad de Madrid\"><\/a>\n\t<\/div>\n<\/div>\n\n\t\n<\/div>\n<div class=\"fusion-portfolio-content\"><h2 class=\"entry-title fusion-post-title\"><a href=\"https:\/\/abayanalistas.net\/en\/portfolio\/los-costes-economicos-de-la-violencia-de-genero-en-la-comunidad-de-madrid\/\">Los costes econ\u00f3micos de la violencia de g\u00e9nero en la Comunidad de Madrid<\/a><\/h2><div class=\"fusion-portfolio-meta\"><a href=\"https:\/\/abayanalistas.net\/en\/portfolio_category\/gender\/\" rel=\"tag\">Gender<\/a><\/div><div class=\"fusion-post-content\"><p>En las dos \u00faltimas d\u00e9cadas la violencia contra las mujeres ha pasado de ser considerada un asunto privado a ser un problema social. <\/p><\/div><\/div><\/div><\/article><article id=\"portfolio-1-post-1749\" class=\"fusion-portfolio-post social-topics fusion-col-spacing post-1749\"><div class=\"fusion-portfolio-content-wrapper\" style=\"border:none;\"><span class=\"vcard rich-snippet-hidden\"><span class=\"fn\"><a href=\"https:\/\/abayanalistas.net\/en\/author\/abay\/\" title=\"Posts by Abay\" rel=\"author\">Abay<\/a><\/span><\/span><span class=\"updated rich-snippet-hidden\">2016-11-21T19:52:51+00:00<\/span>\n\n<div  class=\"fusion-image-wrapper\" aria-haspopup=\"true\">\n\t\n\t\n\t\t\n\t\t\t\t\t<img loading=\"lazy\" decoding=\"async\" width=\"900\" height=\"882\" src=\"https:\/\/abayanalistas.net\/en\/wp-content\/uploads\/discapacidad-alcobendas-200x196.jpg\" class=\"attachment-full size-full wp-post-image\" alt=\"\" srcset=\"https:\/\/abayanalistas.net\/en\/wp-content\/uploads\/discapacidad-alcobendas-200x196.jpg 200w, https:\/\/abayanalistas.net\/en\/wp-content\/uploads\/discapacidad-alcobendas-400x392.jpg 400w, https:\/\/abayanalistas.net\/en\/wp-content\/uploads\/discapacidad-alcobendas-600x588.jpg 600w, https:\/\/abayanalistas.net\/en\/wp-content\/uploads\/discapacidad-alcobendas-800x784.jpg 800w, https:\/\/abayanalistas.net\/en\/wp-content\/uploads\/discapacidad-alcobendas.jpg 900w\" sizes=\"(min-width: 2200px) 100vw, (min-width: 1106px) 270px, (min-width: 1044px) 360px, (min-width: 982px) 540px, (min-width: 920px) 982px, \" \/>\n\t\n\n\t\t<div class=\"fusion-rollover\">\n\t<div class=\"fusion-rollover-content\">\n\n\t\t\t\t\t\t\t\t\t\t\t\t\t\t<a class=\"fusion-rollover-link\" href=\"https:\/\/abayanalistas.net\/en\/portfolio\/la-poblacion-con-discapacidad-en-el-municipio-de-alcobendas-aproximacion-estadistica\/\">La poblaci\u00f3n con discapacidad en el municipio de Alcobendas. Aproximaci\u00f3n estad\u00edstica<\/a>\n\t\t\t\n\t\t\t\t\t\t\t\t\n\t\t\t\t\n\t\t\t\t\t\t\t\t\t\t\t\t<h4 class=\"fusion-rollover-title\">\n\t\t\t\t\t<a href=\"https:\/\/abayanalistas.net\/en\/portfolio\/la-poblacion-con-discapacidad-en-el-municipio-de-alcobendas-aproximacion-estadistica\/\">\n\t\t\t\t\t\tLa poblaci\u00f3n con discapacidad en el municipio de Alcobendas. Aproximaci\u00f3n estad\u00edstica\t\t\t\t\t<\/a>\n\t\t\t\t<\/h4>\n\t\t\t\n\t\t\t\t\t\t\t\t\n\t\t\n\t\t\t\t<a class=\"fusion-link-wrapper\" href=\"https:\/\/abayanalistas.net\/en\/portfolio\/la-poblacion-con-discapacidad-en-el-municipio-de-alcobendas-aproximacion-estadistica\/\" aria-label=\"La poblaci\u00f3n con discapacidad en el municipio de Alcobendas. Aproximaci\u00f3n estad\u00edstica\"><\/a>\n\t<\/div>\n<\/div>\n\n\t\n<\/div>\n<div class=\"fusion-portfolio-content\"><h2 class=\"entry-title fusion-post-title\"><a href=\"https:\/\/abayanalistas.net\/en\/portfolio\/la-poblacion-con-discapacidad-en-el-municipio-de-alcobendas-aproximacion-estadistica\/\">La poblaci\u00f3n con discapacidad en el municipio de Alcobendas. Aproximaci\u00f3n estad\u00edstica<\/a><\/h2><div class=\"fusion-portfolio-meta\"><a href=\"https:\/\/abayanalistas.net\/en\/portfolio_category\/social-topics\/\" rel=\"tag\">Social topics<\/a><\/div><div class=\"fusion-post-content\"><p>El creciente peso de la Administraci\u00f3n Local en el dise\u00f1o y ejecuci\u00f3n de las pol\u00edticas activas de empleo no se ha visto acompa\u00f1ado por una mejora equivalente de la informaci\u00f3n sobre los mercados de trabajo locales y sobre los principales colectivos de inter\u00e9s. <\/p><\/div><\/div><\/div><\/article><article id=\"portfolio-1-post-2038\" class=\"fusion-portfolio-post sector-studies fusion-col-spacing post-2038\"><div class=\"fusion-portfolio-content-wrapper\" style=\"border:none;\"><span class=\"vcard rich-snippet-hidden\"><span class=\"fn\"><a href=\"https:\/\/abayanalistas.net\/en\/author\/abay\/\" title=\"Posts by Abay\" rel=\"author\">Abay<\/a><\/span><\/span><span class=\"updated rich-snippet-hidden\">2016-11-21T19:52:51+00:00<\/span>\n\n<div  class=\"fusion-image-wrapper\" aria-haspopup=\"true\">\n\t\n\t\n\t\t\n\t\t\t\t\t<img loading=\"lazy\" decoding=\"async\" width=\"900\" height=\"882\" src=\"https:\/\/abayanalistas.net\/en\/wp-content\/uploads\/Alcorcon-1-200x196.jpg\" class=\"attachment-full size-full wp-post-image\" alt=\"Comercio y servicios de proximidad en Alcorc\u00f3n\" srcset=\"https:\/\/abayanalistas.net\/en\/wp-content\/uploads\/Alcorcon-1-200x196.jpg 200w, https:\/\/abayanalistas.net\/en\/wp-content\/uploads\/Alcorcon-1-400x392.jpg 400w, https:\/\/abayanalistas.net\/en\/wp-content\/uploads\/Alcorcon-1-600x588.jpg 600w, https:\/\/abayanalistas.net\/en\/wp-content\/uploads\/Alcorcon-1-800x784.jpg 800w, https:\/\/abayanalistas.net\/en\/wp-content\/uploads\/Alcorcon-1.jpg 900w\" sizes=\"(min-width: 2200px) 100vw, (min-width: 1106px) 270px, (min-width: 1044px) 360px, (min-width: 982px) 540px, (min-width: 920px) 982px, \" \/>\n\t\n\n\t\t<div class=\"fusion-rollover\">\n\t<div class=\"fusion-rollover-content\">\n\n\t\t\t\t\t\t\t\t\t\t\t\t\t\t<a class=\"fusion-rollover-link\" href=\"https:\/\/abayanalistas.net\/en\/portfolio\/comercio-y-servicios-de-proximidad-en-alcorcon\/\">Comercio y servicios de proximidad en Alcorc\u00f3n<\/a>\n\t\t\t\n\t\t\t\t\t\t\t\t\n\t\t\t\t\n\t\t\t\t\t\t\t\t\t\t\t\t<h4 class=\"fusion-rollover-title\">\n\t\t\t\t\t<a href=\"https:\/\/abayanalistas.net\/en\/portfolio\/comercio-y-servicios-de-proximidad-en-alcorcon\/\">\n\t\t\t\t\t\tComercio y servicios de proximidad en Alcorc\u00f3n\t\t\t\t\t<\/a>\n\t\t\t\t<\/h4>\n\t\t\t\n\t\t\t\t\t\t\t\t\n\t\t\n\t\t\t\t<a class=\"fusion-link-wrapper\" href=\"https:\/\/abayanalistas.net\/en\/portfolio\/comercio-y-servicios-de-proximidad-en-alcorcon\/\" aria-label=\"Comercio y servicios de proximidad en Alcorc\u00f3n\"><\/a>\n\t<\/div>\n<\/div>\n\n\t\n<\/div>\n<div class=\"fusion-portfolio-content\"><h2 class=\"entry-title fusion-post-title\"><a href=\"https:\/\/abayanalistas.net\/en\/portfolio\/comercio-y-servicios-de-proximidad-en-alcorcon\/\">Comercio y servicios de proximidad en Alcorc\u00f3n<\/a><\/h2><div class=\"fusion-portfolio-meta\"><a href=\"https:\/\/abayanalistas.net\/en\/portfolio_category\/sector-studies\/\" rel=\"tag\">Sector Studies<\/a><\/div><div class=\"fusion-post-content\"><p>El sector del comercio de proximidad es habitualmente el sector m\u00e1s importante de las econom\u00edas locales, tanto si consideramos la variable n\u00famero de establecimientos como si atendemos al empleo. Sin embargo, su importancia supera ampliamente el \u00e1mbito econ\u00f3mico. <\/p><\/div><\/div><\/div><\/article><article id=\"portfolio-1-post-1993\" class=\"fusion-portfolio-post sme-and-entrepreneurship fusion-col-spacing post-1993\"><div class=\"fusion-portfolio-content-wrapper\" style=\"border:none;\"><span class=\"vcard rich-snippet-hidden\"><span class=\"fn\"><a href=\"https:\/\/abayanalistas.net\/en\/author\/abay\/\" title=\"Posts by Abay\" rel=\"author\">Abay<\/a><\/span><\/span><span class=\"updated rich-snippet-hidden\">2016-11-21T19:52:52+00:00<\/span>\n\n<div  class=\"fusion-image-wrapper\" aria-haspopup=\"true\">\n\t\n\t\n\t\t\n\t\t\t\t\t<img loading=\"lazy\" decoding=\"async\" width=\"900\" height=\"1274\" src=\"https:\/\/abayanalistas.net\/en\/wp-content\/uploads\/financiacion_grupo-1-200x283.jpg\" class=\"attachment-full size-full wp-post-image\" alt=\"Financiaci\u00f3n y nuevos instrumentos financieros para la PYME-1\" srcset=\"https:\/\/abayanalistas.net\/en\/wp-content\/uploads\/financiacion_grupo-1-200x283.jpg 200w, https:\/\/abayanalistas.net\/en\/wp-content\/uploads\/financiacion_grupo-1-400x566.jpg 400w, https:\/\/abayanalistas.net\/en\/wp-content\/uploads\/financiacion_grupo-1-600x849.jpg 600w, https:\/\/abayanalistas.net\/en\/wp-content\/uploads\/financiacion_grupo-1-800x1132.jpg 800w, https:\/\/abayanalistas.net\/en\/wp-content\/uploads\/financiacion_grupo-1.jpg 900w\" sizes=\"(min-width: 2200px) 100vw, (min-width: 1106px) 270px, (min-width: 1044px) 360px, (min-width: 982px) 540px, (min-width: 920px) 982px, \" \/>\n\t\n\n\t\t<div class=\"fusion-rollover\">\n\t<div class=\"fusion-rollover-content\">\n\n\t\t\t\t\t\t\t\t\t\t\t\t\t\t<a class=\"fusion-rollover-link\" href=\"https:\/\/abayanalistas.net\/en\/portfolio\/financiacion-y-nuevos-instrumentos-financieros-para-la-pyme\/\">Financiaci\u00f3n y nuevos instrumentos financieros para la PYME<\/a>\n\t\t\t\n\t\t\t\t\t\t\t\t\n\t\t\t\t\n\t\t\t\t\t\t\t\t\t\t\t\t<h4 class=\"fusion-rollover-title\">\n\t\t\t\t\t<a href=\"https:\/\/abayanalistas.net\/en\/portfolio\/financiacion-y-nuevos-instrumentos-financieros-para-la-pyme\/\">\n\t\t\t\t\t\tFinanciaci\u00f3n y nuevos instrumentos financieros para la PYME\t\t\t\t\t<\/a>\n\t\t\t\t<\/h4>\n\t\t\t\n\t\t\t\t\t\t\t\t\n\t\t\n\t\t\t\t<a class=\"fusion-link-wrapper\" href=\"https:\/\/abayanalistas.net\/en\/portfolio\/financiacion-y-nuevos-instrumentos-financieros-para-la-pyme\/\" aria-label=\"Financiaci\u00f3n y nuevos instrumentos financieros para la PYME\"><\/a>\n\t<\/div>\n<\/div>\n\n\t\n<\/div>\n<div class=\"fusion-portfolio-content\"><h2 class=\"entry-title fusion-post-title\"><a href=\"https:\/\/abayanalistas.net\/en\/portfolio\/financiacion-y-nuevos-instrumentos-financieros-para-la-pyme\/\">Financiaci\u00f3n y nuevos instrumentos financieros para la PYME<\/a><\/h2><div class=\"fusion-portfolio-meta\"><a href=\"https:\/\/abayanalistas.net\/en\/portfolio_category\/sme-and-entrepreneurship\/\" rel=\"tag\">SME and Entrepreneurship<\/a><\/div><div class=\"fusion-post-content\"><p>Este an\u00e1lisis sobre financiaci\u00f3n y nuevos instrumentos financieros para la PYME nace de la preocupaci\u00f3n del Consejo Superior de C\u00e1maras de Comercio por el que constituye uno de los principales problemas de las PYME espa\u00f1olas, la financiaci\u00f3n. <\/p><\/div><\/div><\/div><\/article><article id=\"portfolio-1-post-1852\" class=\"fusion-portfolio-post impact-and-policy-evaluation fusion-col-spacing post-1852\"><div class=\"fusion-portfolio-content-wrapper\" style=\"border:none;\"><span class=\"vcard rich-snippet-hidden\"><span class=\"fn\"><a href=\"https:\/\/abayanalistas.net\/en\/author\/abay\/\" title=\"Posts by Abay\" rel=\"author\">Abay<\/a><\/span><\/span><span class=\"updated rich-snippet-hidden\">2016-11-21T19:52:52+00:00<\/span>\n\n<div  class=\"fusion-image-wrapper\" aria-haspopup=\"true\">\n\t\n\t\n\t\t\n\t\t\t\t\t<img loading=\"lazy\" decoding=\"async\" width=\"900\" height=\"882\" src=\"https:\/\/abayanalistas.net\/en\/wp-content\/uploads\/sociodemografico-200x196.jpg\" class=\"attachment-full size-full wp-post-image\" alt=\"Informe sociodemogr\u00e1fico y econ\u00f3mico de Alcal\u00e1 de Henares\" srcset=\"https:\/\/abayanalistas.net\/en\/wp-content\/uploads\/sociodemografico-200x196.jpg 200w, https:\/\/abayanalistas.net\/en\/wp-content\/uploads\/sociodemografico-400x392.jpg 400w, https:\/\/abayanalistas.net\/en\/wp-content\/uploads\/sociodemografico-600x588.jpg 600w, https:\/\/abayanalistas.net\/en\/wp-content\/uploads\/sociodemografico-800x784.jpg 800w, https:\/\/abayanalistas.net\/en\/wp-content\/uploads\/sociodemografico.jpg 900w\" sizes=\"(min-width: 2200px) 100vw, (min-width: 1106px) 270px, (min-width: 1044px) 360px, (min-width: 982px) 540px, (min-width: 920px) 982px, \" \/>\n\t\n\n\t\t<div class=\"fusion-rollover\">\n\t<div class=\"fusion-rollover-content\">\n\n\t\t\t\t\t\t\t\t\t\t\t\t\t\t<a class=\"fusion-rollover-link\" href=\"https:\/\/abayanalistas.net\/en\/portfolio\/informe-sociodemografico-y-economico-de-alcala-de-henares\/\">Informe sociodemogr\u00e1fico y econ\u00f3mico de Alcal\u00e1 de Henares<\/a>\n\t\t\t\n\t\t\t\t\t\t\t\t\n\t\t\t\t\n\t\t\t\t\t\t\t\t\t\t\t\t<h4 class=\"fusion-rollover-title\">\n\t\t\t\t\t<a href=\"https:\/\/abayanalistas.net\/en\/portfolio\/informe-sociodemografico-y-economico-de-alcala-de-henares\/\">\n\t\t\t\t\t\tInforme sociodemogr\u00e1fico y econ\u00f3mico de Alcal\u00e1 de Henares\t\t\t\t\t<\/a>\n\t\t\t\t<\/h4>\n\t\t\t\n\t\t\t\t\t\t\t\t\n\t\t\n\t\t\t\t<a class=\"fusion-link-wrapper\" href=\"https:\/\/abayanalistas.net\/en\/portfolio\/informe-sociodemografico-y-economico-de-alcala-de-henares\/\" aria-label=\"Informe sociodemogr\u00e1fico y econ\u00f3mico de Alcal\u00e1 de Henares\"><\/a>\n\t<\/div>\n<\/div>\n\n\t\n<\/div>\n<div class=\"fusion-portfolio-content\"><h2 class=\"entry-title fusion-post-title\"><a href=\"https:\/\/abayanalistas.net\/en\/portfolio\/informe-sociodemografico-y-economico-de-alcala-de-henares\/\">Informe sociodemogr\u00e1fico y econ\u00f3mico de Alcal\u00e1 de Henares<\/a><\/h2><div class=\"fusion-portfolio-meta\"><a href=\"https:\/\/abayanalistas.net\/en\/portfolio_category\/impact-and-policy-evaluation\/\" rel=\"tag\">Impact and Policy Evaluation<\/a><\/div><div class=\"fusion-post-content\"><p>El  Informe sociodemogr\u00e1fico y econ\u00f3mico de Alcal\u00e1 de Henares tuvo como principal objetivo la aproximaci\u00f3n  a la realidad sociodemogr\u00e1fica y econ\u00f3mica del municipio y a su evoluci\u00f3n m\u00e1s reciente. <\/p><\/div><\/div><\/div><\/article><article id=\"portfolio-1-post-1762\" class=\"fusion-portfolio-post impact-and-policy-evaluation social-topics fusion-col-spacing post-1762\"><div class=\"fusion-portfolio-content-wrapper\" style=\"border:none;\"><span class=\"vcard rich-snippet-hidden\"><span class=\"fn\"><a href=\"https:\/\/abayanalistas.net\/en\/author\/abay\/\" title=\"Posts by Abay\" rel=\"author\">Abay<\/a><\/span><\/span><span class=\"updated rich-snippet-hidden\">2016-11-21T19:52:52+00:00<\/span>\n\n<div  class=\"fusion-image-wrapper\" aria-haspopup=\"true\">\n\t\n\t\n\t\t\n\t\t\t\t\t<img loading=\"lazy\" decoding=\"async\" width=\"900\" height=\"1268\" src=\"https:\/\/abayanalistas.net\/en\/wp-content\/uploads\/informecvo-200x282.jpg\" class=\"attachment-full size-full wp-post-image\" alt=\"An\u00e1lisis de los centros y equipos que intervienen en la valoraci\u00f3n de las situaciones de dependencia\" srcset=\"https:\/\/abayanalistas.net\/en\/wp-content\/uploads\/informecvo-200x282.jpg 200w, https:\/\/abayanalistas.net\/en\/wp-content\/uploads\/informecvo-400x564.jpg 400w, https:\/\/abayanalistas.net\/en\/wp-content\/uploads\/informecvo-600x845.jpg 600w, https:\/\/abayanalistas.net\/en\/wp-content\/uploads\/informecvo-800x1127.jpg 800w, https:\/\/abayanalistas.net\/en\/wp-content\/uploads\/informecvo.jpg 900w\" sizes=\"(min-width: 2200px) 100vw, (min-width: 1106px) 270px, (min-width: 1044px) 360px, (min-width: 982px) 540px, (min-width: 920px) 982px, \" \/>\n\t\n\n\t\t<div class=\"fusion-rollover\">\n\t<div class=\"fusion-rollover-content\">\n\n\t\t\t\t\t\t\t\t\t\t\t\t\t\t<a class=\"fusion-rollover-link\" href=\"https:\/\/abayanalistas.net\/en\/portfolio\/analisis-de-los-centros-y-equipos-que-intervienen-en-la-valoracion-de-las-situaciones-de-dependencia\/\">An\u00e1lisis de los centros y equipos que intervienen en la valoraci\u00f3n de las situaciones de dependencia<\/a>\n\t\t\t\n\t\t\t\t\t\t\t\t\n\t\t\t\t\n\t\t\t\t\t\t\t\t\t\t\t\t<h4 class=\"fusion-rollover-title\">\n\t\t\t\t\t<a href=\"https:\/\/abayanalistas.net\/en\/portfolio\/analisis-de-los-centros-y-equipos-que-intervienen-en-la-valoracion-de-las-situaciones-de-dependencia\/\">\n\t\t\t\t\t\tAn\u00e1lisis de los centros y equipos que intervienen en la valoraci\u00f3n de las situaciones de dependencia\t\t\t\t\t<\/a>\n\t\t\t\t<\/h4>\n\t\t\t\n\t\t\t\t\t\t\t\t\n\t\t\n\t\t\t\t<a class=\"fusion-link-wrapper\" href=\"https:\/\/abayanalistas.net\/en\/portfolio\/analisis-de-los-centros-y-equipos-que-intervienen-en-la-valoracion-de-las-situaciones-de-dependencia\/\" aria-label=\"An\u00e1lisis de los centros y equipos que intervienen en la valoraci\u00f3n de las situaciones de dependencia\"><\/a>\n\t<\/div>\n<\/div>\n\n\t\n<\/div>\n<div class=\"fusion-portfolio-content\"><h2 class=\"entry-title fusion-post-title\"><a href=\"https:\/\/abayanalistas.net\/en\/portfolio\/analisis-de-los-centros-y-equipos-que-intervienen-en-la-valoracion-de-las-situaciones-de-dependencia\/\">An\u00e1lisis de los centros y equipos que intervienen en la valoraci\u00f3n de las situaciones de dependencia<\/a><\/h2><div class=\"fusion-portfolio-meta\"><a href=\"https:\/\/abayanalistas.net\/en\/portfolio_category\/impact-and-policy-evaluation\/\" rel=\"tag\">Impact and Policy Evaluation<\/a>, <a href=\"https:\/\/abayanalistas.net\/en\/portfolio_category\/social-topics\/\" rel=\"tag\">Social topics<\/a><\/div><div class=\"fusion-post-content\"><p>La atenci\u00f3n a las personas con discapacidad ha experimentado a lo largo de los \u00faltimos a\u00f1os significativos avances, estando presente en las l\u00edneas de actuaci\u00f3n de todas las Administraciones P\u00fablicas.<\/p><\/div><\/div><\/div><\/article><article id=\"portfolio-1-post-1755\" class=\"fusion-portfolio-post social-topics fusion-col-spacing post-1755\"><div class=\"fusion-portfolio-content-wrapper\" style=\"border:none;\"><span class=\"vcard rich-snippet-hidden\"><span class=\"fn\"><a href=\"https:\/\/abayanalistas.net\/en\/author\/abay\/\" title=\"Posts by Abay\" rel=\"author\">Abay<\/a><\/span><\/span><span class=\"updated rich-snippet-hidden\">2016-11-21T19:52:52+00:00<\/span>\n\n<div  class=\"fusion-image-wrapper\" aria-haspopup=\"true\">\n\t\n\t\n\t\t\n\t\t\t\t\t<img loading=\"lazy\" decoding=\"async\" width=\"1154\" height=\"920\" src=\"https:\/\/abayanalistas.net\/en\/wp-content\/uploads\/poblacion-inmigrante-200x159.jpg\" class=\"attachment-full size-full wp-post-image\" alt=\"An\u00e1lisis de la poblaci\u00f3n inmigrante\" srcset=\"https:\/\/abayanalistas.net\/en\/wp-content\/uploads\/poblacion-inmigrante-200x159.jpg 200w, https:\/\/abayanalistas.net\/en\/wp-content\/uploads\/poblacion-inmigrante-400x319.jpg 400w, https:\/\/abayanalistas.net\/en\/wp-content\/uploads\/poblacion-inmigrante-600x478.jpg 600w, https:\/\/abayanalistas.net\/en\/wp-content\/uploads\/poblacion-inmigrante-800x638.jpg 800w, https:\/\/abayanalistas.net\/en\/wp-content\/uploads\/poblacion-inmigrante.jpg 1154w\" sizes=\"(min-width: 2200px) 100vw, (min-width: 1106px) 270px, (min-width: 1044px) 360px, (min-width: 982px) 540px, (min-width: 920px) 982px, \" \/>\n\t\n\n\t\t<div class=\"fusion-rollover\">\n\t<div class=\"fusion-rollover-content\">\n\n\t\t\t\t\t\t\t\t\t\t\t\t\t\t<a class=\"fusion-rollover-link\" href=\"https:\/\/abayanalistas.net\/en\/portfolio\/analisis-de-la-poblacion-inmigrante\/\">An\u00e1lisis de la poblaci\u00f3n inmigrante<\/a>\n\t\t\t\n\t\t\t\t\t\t\t\t\n\t\t\t\t\n\t\t\t\t\t\t\t\t\t\t\t\t<h4 class=\"fusion-rollover-title\">\n\t\t\t\t\t<a href=\"https:\/\/abayanalistas.net\/en\/portfolio\/analisis-de-la-poblacion-inmigrante\/\">\n\t\t\t\t\t\tAn\u00e1lisis de la poblaci\u00f3n inmigrante\t\t\t\t\t<\/a>\n\t\t\t\t<\/h4>\n\t\t\t\n\t\t\t\t\t\t\t\t\n\t\t\n\t\t\t\t<a class=\"fusion-link-wrapper\" href=\"https:\/\/abayanalistas.net\/en\/portfolio\/analisis-de-la-poblacion-inmigrante\/\" aria-label=\"An\u00e1lisis de la poblaci\u00f3n inmigrante\"><\/a>\n\t<\/div>\n<\/div>\n\n\t\n<\/div>\n<div class=\"fusion-portfolio-content\"><h2 class=\"entry-title fusion-post-title\"><a href=\"https:\/\/abayanalistas.net\/en\/portfolio\/analisis-de-la-poblacion-inmigrante\/\">An\u00e1lisis de la poblaci\u00f3n inmigrante<\/a><\/h2><div class=\"fusion-portfolio-meta\"><a href=\"https:\/\/abayanalistas.net\/en\/portfolio_category\/social-topics\/\" rel=\"tag\">Social topics<\/a><\/div><div class=\"fusion-post-content\"><p>Aunque algunas funciones significativas relacionadas con el fen\u00f3meno de la inmigraci\u00f3n son competencia de la Administraci\u00f3n del Estado (vigilancia de fronteras, entrada en territorio nacional, determinaci\u00f3n de contingentes anuales, concesi\u00f3n de permisos, etc.)<\/p><\/div><\/div><\/div><\/article><article id=\"portfolio-1-post-1746\" class=\"fusion-portfolio-post social-topics fusion-col-spacing post-1746\"><div class=\"fusion-portfolio-content-wrapper\" style=\"border:none;\"><span class=\"vcard rich-snippet-hidden\"><span class=\"fn\"><a href=\"https:\/\/abayanalistas.net\/en\/author\/abay\/\" title=\"Posts by Abay\" rel=\"author\">Abay<\/a><\/span><\/span><span class=\"updated rich-snippet-hidden\">2016-11-21T19:52:53+00:00<\/span>\n\n<div  class=\"fusion-image-wrapper\" aria-haspopup=\"true\">\n\t\n\t\n\t\t\n\t\t\t\t\t<img loading=\"lazy\" decoding=\"async\" width=\"900\" height=\"882\" src=\"https:\/\/abayanalistas.net\/en\/wp-content\/uploads\/base-discapacitados-200x196.jpg\" class=\"attachment-full size-full wp-post-image\" alt=\"Desarrollo de una aplicaci\u00f3n y base de datos sobre la poblaci\u00f3n con discapacidad\" srcset=\"https:\/\/abayanalistas.net\/en\/wp-content\/uploads\/base-discapacitados-200x196.jpg 200w, https:\/\/abayanalistas.net\/en\/wp-content\/uploads\/base-discapacitados-400x392.jpg 400w, https:\/\/abayanalistas.net\/en\/wp-content\/uploads\/base-discapacitados-600x588.jpg 600w, https:\/\/abayanalistas.net\/en\/wp-content\/uploads\/base-discapacitados-800x784.jpg 800w, https:\/\/abayanalistas.net\/en\/wp-content\/uploads\/base-discapacitados.jpg 900w\" sizes=\"(min-width: 2200px) 100vw, (min-width: 1106px) 270px, (min-width: 1044px) 360px, (min-width: 982px) 540px, (min-width: 920px) 982px, \" \/>\n\t\n\n\t\t<div class=\"fusion-rollover\">\n\t<div class=\"fusion-rollover-content\">\n\n\t\t\t\t\t\t\t\t\t\t\t\t\t\t<a class=\"fusion-rollover-link\" href=\"https:\/\/abayanalistas.net\/en\/portfolio\/desarrollo-de-una-aplicacion-y-base-de-datos-sobre-la-poblacion-con-discapacidad\/\">Desarrollo de una aplicaci\u00f3n y base de datos sobre la poblaci\u00f3n con discapacidad<\/a>\n\t\t\t\n\t\t\t\t\t\t\t\t\n\t\t\t\t\n\t\t\t\t\t\t\t\t\t\t\t\t<h4 class=\"fusion-rollover-title\">\n\t\t\t\t\t<a href=\"https:\/\/abayanalistas.net\/en\/portfolio\/desarrollo-de-una-aplicacion-y-base-de-datos-sobre-la-poblacion-con-discapacidad\/\">\n\t\t\t\t\t\tDesarrollo de una aplicaci\u00f3n y base de datos sobre la poblaci\u00f3n con discapacidad\t\t\t\t\t<\/a>\n\t\t\t\t<\/h4>\n\t\t\t\n\t\t\t\t\t\t\t\t\n\t\t\n\t\t\t\t<a class=\"fusion-link-wrapper\" href=\"https:\/\/abayanalistas.net\/en\/portfolio\/desarrollo-de-una-aplicacion-y-base-de-datos-sobre-la-poblacion-con-discapacidad\/\" aria-label=\"Desarrollo de una aplicaci\u00f3n y base de datos sobre la poblaci\u00f3n con discapacidad\"><\/a>\n\t<\/div>\n<\/div>\n\n\t\n<\/div>\n<div class=\"fusion-portfolio-content\"><h2 class=\"entry-title fusion-post-title\"><a href=\"https:\/\/abayanalistas.net\/en\/portfolio\/desarrollo-de-una-aplicacion-y-base-de-datos-sobre-la-poblacion-con-discapacidad\/\">Desarrollo de una aplicaci\u00f3n y base de datos sobre la poblaci\u00f3n con discapacidad<\/a><\/h2><div class=\"fusion-portfolio-meta\"><a href=\"https:\/\/abayanalistas.net\/en\/portfolio_category\/social-topics\/\" rel=\"tag\">Social topics<\/a><\/div><div class=\"fusion-post-content\"><p>La intervenci\u00f3n directa que se realiza desde el \u00e1mbito local con distintos colectivos de poblaci\u00f3n implica la generaci\u00f3n de una gran cantidad de informaci\u00f3n individual. <\/p><\/div><\/div><\/div><\/article><article id=\"portfolio-1-post-1582\" class=\"fusion-portfolio-post gender fusion-col-spacing post-1582\"><div class=\"fusion-portfolio-content-wrapper\" style=\"border:none;\"><span class=\"vcard rich-snippet-hidden\"><span class=\"fn\"><a href=\"https:\/\/abayanalistas.net\/en\/author\/abay\/\" title=\"Posts by Abay\" rel=\"author\">Abay<\/a><\/span><\/span><span class=\"updated rich-snippet-hidden\">2016-11-21T19:52:55+00:00<\/span>\n\n<div  class=\"fusion-image-wrapper\" aria-haspopup=\"true\">\n\t\n\t\n\t\t\n\t\t\t\t\t<img loading=\"lazy\" decoding=\"async\" width=\"900\" height=\"1275\" src=\"https:\/\/abayanalistas.net\/en\/wp-content\/uploads\/Espana-2006-01-200x283.jpg\" class=\"attachment-full size-full wp-post-image\" alt=\"Las mujeres espa\u00f1olas en los puestos directivos\" srcset=\"https:\/\/abayanalistas.net\/en\/wp-content\/uploads\/Espana-2006-01-200x283.jpg 200w, https:\/\/abayanalistas.net\/en\/wp-content\/uploads\/Espana-2006-01-400x567.jpg 400w, https:\/\/abayanalistas.net\/en\/wp-content\/uploads\/Espana-2006-01-600x850.jpg 600w, https:\/\/abayanalistas.net\/en\/wp-content\/uploads\/Espana-2006-01-800x1133.jpg 800w, https:\/\/abayanalistas.net\/en\/wp-content\/uploads\/Espana-2006-01.jpg 900w\" sizes=\"(min-width: 2200px) 100vw, (min-width: 1106px) 270px, (min-width: 1044px) 360px, (min-width: 982px) 540px, (min-width: 920px) 982px, \" \/>\n\t\n\n\t\t<div class=\"fusion-rollover\">\n\t<div class=\"fusion-rollover-content\">\n\n\t\t\t\t\t\t\t\t\t\t\t\t\t\t<a class=\"fusion-rollover-link\" href=\"https:\/\/abayanalistas.net\/en\/portfolio\/las-mujeres-espanolas-en-los-puestos-directivos\/\">Las mujeres espa\u00f1olas en los puestos directivos<\/a>\n\t\t\t\n\t\t\t\t\t\t\t\t\n\t\t\t\t\n\t\t\t\t\t\t\t\t\t\t\t\t<h4 class=\"fusion-rollover-title\">\n\t\t\t\t\t<a href=\"https:\/\/abayanalistas.net\/en\/portfolio\/las-mujeres-espanolas-en-los-puestos-directivos\/\">\n\t\t\t\t\t\tLas mujeres espa\u00f1olas en los puestos directivos\t\t\t\t\t<\/a>\n\t\t\t\t<\/h4>\n\t\t\t\n\t\t\t\t\t\t\t\t\n\t\t\n\t\t\t\t<a class=\"fusion-link-wrapper\" href=\"https:\/\/abayanalistas.net\/en\/portfolio\/las-mujeres-espanolas-en-los-puestos-directivos\/\" aria-label=\"Las mujeres espa\u00f1olas en los puestos directivos\"><\/a>\n\t<\/div>\n<\/div>\n\n\t\n<\/div>\n<div class=\"fusion-portfolio-content\"><h2 class=\"entry-title fusion-post-title\"><a href=\"https:\/\/abayanalistas.net\/en\/portfolio\/las-mujeres-espanolas-en-los-puestos-directivos\/\">Las mujeres espa\u00f1olas en los puestos directivos<\/a><\/h2><div class=\"fusion-portfolio-meta\"><a href=\"https:\/\/abayanalistas.net\/en\/portfolio_category\/gender\/\" rel=\"tag\">Gender<\/a><\/div><div class=\"fusion-post-content\"><p>Este estudio realiza una aproximaci\u00f3n a la presencia de mujeres en puestos directivos en las empresas espa\u00f1olas a partir de datos de la Encuesta de Poblaci\u00f3n Activa. En un segundo bloque realiza una revisi\u00f3n de la literatura en relaci\u00f3n con los principales obst\u00e1culos encontrados por las mujeres en el acceso a puestos de alta direcci\u00f3n. <\/p><\/div><\/div><\/div><\/article><article id=\"portfolio-1-post-1590\" class=\"fusion-portfolio-post gender sme-and-entrepreneurship sustainability fusion-col-spacing post-1590\"><div class=\"fusion-portfolio-content-wrapper\" style=\"border:none;\"><span class=\"vcard rich-snippet-hidden\"><span class=\"fn\"><a href=\"https:\/\/abayanalistas.net\/en\/author\/abay\/\" title=\"Posts by Abay\" rel=\"author\">Abay<\/a><\/span><\/span><span class=\"updated rich-snippet-hidden\">2016-11-21T19:52:55+00:00<\/span>\n\n<div  class=\"fusion-image-wrapper\" aria-haspopup=\"true\">\n\t\n\t\n\t\t\n\t\t\t\t\t<img loading=\"lazy\" decoding=\"async\" width=\"900\" height=\"1271\" src=\"https:\/\/abayanalistas.net\/en\/wp-content\/uploads\/Mujeres-Empresarias-1-200x282.jpg\" class=\"attachment-full size-full wp-post-image\" alt=\"Mujeres empresarias en la econom\u00eda espa\u00f1ola\" srcset=\"https:\/\/abayanalistas.net\/en\/wp-content\/uploads\/Mujeres-Empresarias-1-200x282.jpg 200w, https:\/\/abayanalistas.net\/en\/wp-content\/uploads\/Mujeres-Empresarias-1-400x565.jpg 400w, https:\/\/abayanalistas.net\/en\/wp-content\/uploads\/Mujeres-Empresarias-1-600x847.jpg 600w, https:\/\/abayanalistas.net\/en\/wp-content\/uploads\/Mujeres-Empresarias-1-800x1130.jpg 800w, https:\/\/abayanalistas.net\/en\/wp-content\/uploads\/Mujeres-Empresarias-1.jpg 900w\" sizes=\"(min-width: 2200px) 100vw, (min-width: 1106px) 270px, (min-width: 1044px) 360px, (min-width: 982px) 540px, (min-width: 920px) 982px, \" \/>\n\t\n\n\t\t<div class=\"fusion-rollover\">\n\t<div class=\"fusion-rollover-content\">\n\n\t\t\t\t\t\t\t\t\t\t\t\t\t\t<a class=\"fusion-rollover-link\" href=\"https:\/\/abayanalistas.net\/en\/portfolio\/mujeres-empresarias-en-la-economia-espanola\/\">Mujeres empresarias en la econom\u00eda espa\u00f1ola<\/a>\n\t\t\t\n\t\t\t\t\t\t\t\t\n\t\t\t\t\n\t\t\t\t\t\t\t\t\t\t\t\t<h4 class=\"fusion-rollover-title\">\n\t\t\t\t\t<a href=\"https:\/\/abayanalistas.net\/en\/portfolio\/mujeres-empresarias-en-la-economia-espanola\/\">\n\t\t\t\t\t\tMujeres empresarias en la econom\u00eda espa\u00f1ola\t\t\t\t\t<\/a>\n\t\t\t\t<\/h4>\n\t\t\t\n\t\t\t\t\t\t\t\t\n\t\t\n\t\t\t\t<a class=\"fusion-link-wrapper\" href=\"https:\/\/abayanalistas.net\/en\/portfolio\/mujeres-empresarias-en-la-economia-espanola\/\" aria-label=\"Mujeres empresarias en la econom\u00eda espa\u00f1ola\"><\/a>\n\t<\/div>\n<\/div>\n\n\t\n<\/div>\n<div class=\"fusion-portfolio-content\"><h2 class=\"entry-title fusion-post-title\"><a href=\"https:\/\/abayanalistas.net\/en\/portfolio\/mujeres-empresarias-en-la-economia-espanola\/\">Mujeres empresarias en la econom\u00eda espa\u00f1ola<\/a><\/h2><div class=\"fusion-portfolio-meta\"><a href=\"https:\/\/abayanalistas.net\/en\/portfolio_category\/gender\/\" rel=\"tag\">Gender<\/a>, <a href=\"https:\/\/abayanalistas.net\/en\/portfolio_category\/sme-and-entrepreneurship\/\" rel=\"tag\">SME and Entrepreneurship<\/a>, <a href=\"https:\/\/abayanalistas.net\/en\/portfolio_category\/sustainability\/\" rel=\"tag\">Sustainability<\/a><\/div><div class=\"fusion-post-content\"><p>En este proyecto Abay Analistas y  el Consejo Superior de C\u00e1maras de Comercio, han realizado un detallado an\u00e1lisis sobre las mujeres emprendedoras y empresarias en la econom\u00eda espa\u00f1ola. <\/p><\/div><\/div><\/div><\/article><article id=\"portfolio-1-post-1743\" class=\"fusion-portfolio-post social-topics sustainability fusion-col-spacing post-1743\"><div class=\"fusion-portfolio-content-wrapper\" style=\"border:none;\"><span class=\"vcard rich-snippet-hidden\"><span class=\"fn\"><a href=\"https:\/\/abayanalistas.net\/en\/author\/abay\/\" title=\"Posts by Abay\" rel=\"author\">Abay<\/a><\/span><\/span><span class=\"updated rich-snippet-hidden\">2016-11-21T19:52:55+00:00<\/span>\n\n<div  class=\"fusion-image-wrapper\" aria-haspopup=\"true\">\n\t\n\t\n\t\t\n\t\t\t\t\t<img loading=\"lazy\" decoding=\"async\" width=\"900\" height=\"882\" src=\"https:\/\/abayanalistas.net\/en\/wp-content\/uploads\/centro-empleo-200x196.jpg\" class=\"attachment-full size-full wp-post-image\" alt=\"Plan de viabilidad de un Centro Especial de Empleo\" srcset=\"https:\/\/abayanalistas.net\/en\/wp-content\/uploads\/centro-empleo-200x196.jpg 200w, https:\/\/abayanalistas.net\/en\/wp-content\/uploads\/centro-empleo-400x392.jpg 400w, https:\/\/abayanalistas.net\/en\/wp-content\/uploads\/centro-empleo-600x588.jpg 600w, https:\/\/abayanalistas.net\/en\/wp-content\/uploads\/centro-empleo-800x784.jpg 800w, https:\/\/abayanalistas.net\/en\/wp-content\/uploads\/centro-empleo.jpg 900w\" sizes=\"(min-width: 2200px) 100vw, (min-width: 1106px) 270px, (min-width: 1044px) 360px, (min-width: 982px) 540px, (min-width: 920px) 982px, \" \/>\n\t\n\n\t\t<div class=\"fusion-rollover\">\n\t<div class=\"fusion-rollover-content\">\n\n\t\t\t\t\t\t\t\t\t\t\t\t\t\t<a class=\"fusion-rollover-link\" href=\"https:\/\/abayanalistas.net\/en\/portfolio\/la-poblacion-con-discapacidad-y-mercado-de-trabajo-local-plan-de-viabilidad-de-un-centro-especial-de-empleo\/\">Plan de viabilidad de un Centro Especial de Empleo<\/a>\n\t\t\t\n\t\t\t\t\t\t\t\t\n\t\t\t\t\n\t\t\t\t\t\t\t\t\t\t\t\t<h4 class=\"fusion-rollover-title\">\n\t\t\t\t\t<a href=\"https:\/\/abayanalistas.net\/en\/portfolio\/la-poblacion-con-discapacidad-y-mercado-de-trabajo-local-plan-de-viabilidad-de-un-centro-especial-de-empleo\/\">\n\t\t\t\t\t\tPlan de viabilidad de un Centro Especial de Empleo\t\t\t\t\t<\/a>\n\t\t\t\t<\/h4>\n\t\t\t\n\t\t\t\t\t\t\t\t\n\t\t\n\t\t\t\t<a class=\"fusion-link-wrapper\" href=\"https:\/\/abayanalistas.net\/en\/portfolio\/la-poblacion-con-discapacidad-y-mercado-de-trabajo-local-plan-de-viabilidad-de-un-centro-especial-de-empleo\/\" aria-label=\"Plan de viabilidad de un Centro Especial de Empleo\"><\/a>\n\t<\/div>\n<\/div>\n\n\t\n<\/div>\n<div class=\"fusion-portfolio-content\"><h2 class=\"entry-title fusion-post-title\"><a href=\"https:\/\/abayanalistas.net\/en\/portfolio\/la-poblacion-con-discapacidad-y-mercado-de-trabajo-local-plan-de-viabilidad-de-un-centro-especial-de-empleo\/\">Plan de viabilidad de un Centro Especial de Empleo<\/a><\/h2><div class=\"fusion-portfolio-meta\"><a href=\"https:\/\/abayanalistas.net\/en\/portfolio_category\/social-topics\/\" rel=\"tag\">Social topics<\/a>, <a href=\"https:\/\/abayanalistas.net\/en\/portfolio_category\/sustainability\/\" rel=\"tag\">Sustainability<\/a><\/div><div class=\"fusion-post-content\"><p>Entre los derechos b\u00e1sicos y fundamentales de las personas con discapacidad cabe destacar, por su importancia, el de la integraci\u00f3n laboral. <\/p><\/div><\/div><\/div><\/article><article id=\"portfolio-1-post-2036\" class=\"fusion-portfolio-post sector-studies fusion-col-spacing post-2036\"><div class=\"fusion-portfolio-content-wrapper\" style=\"border:none;\"><span class=\"vcard rich-snippet-hidden\"><span class=\"fn\"><a href=\"https:\/\/abayanalistas.net\/en\/author\/abay\/\" title=\"Posts by Abay\" rel=\"author\">Abay<\/a><\/span><\/span><span class=\"updated rich-snippet-hidden\">2016-11-21T19:52:56+00:00<\/span>\n\n<div  class=\"fusion-image-wrapper\" aria-haspopup=\"true\">\n\t\n\t\n\t\t\n\t\t\t\t\t<img loading=\"lazy\" decoding=\"async\" width=\"900\" height=\"882\" src=\"https:\/\/abayanalistas.net\/en\/wp-content\/uploads\/profit-200x196.jpg\" class=\"attachment-full size-full wp-post-image\" alt=\"Evaluaci\u00f3n del impacto econ\u00f3mico del Programa PROFIT\" srcset=\"https:\/\/abayanalistas.net\/en\/wp-content\/uploads\/profit-200x196.jpg 200w, https:\/\/abayanalistas.net\/en\/wp-content\/uploads\/profit-400x392.jpg 400w, https:\/\/abayanalistas.net\/en\/wp-content\/uploads\/profit-600x588.jpg 600w, https:\/\/abayanalistas.net\/en\/wp-content\/uploads\/profit-800x784.jpg 800w, https:\/\/abayanalistas.net\/en\/wp-content\/uploads\/profit.jpg 900w\" sizes=\"(min-width: 2200px) 100vw, (min-width: 1106px) 270px, (min-width: 1044px) 360px, (min-width: 982px) 540px, (min-width: 920px) 982px, \" \/>\n\t\n\n\t\t<div class=\"fusion-rollover\">\n\t<div class=\"fusion-rollover-content\">\n\n\t\t\t\t\t\t\t\t\t\t\t\t\t\t<a class=\"fusion-rollover-link\" href=\"https:\/\/abayanalistas.net\/en\/portfolio\/evaluacion-del-impacto-economico-del-programa-profit\/\">Evaluaci\u00f3n del impacto econ\u00f3mico del Programa PROFIT<\/a>\n\t\t\t\n\t\t\t\t\t\t\t\t\n\t\t\t\t\n\t\t\t\t\t\t\t\t\t\t\t\t<h4 class=\"fusion-rollover-title\">\n\t\t\t\t\t<a href=\"https:\/\/abayanalistas.net\/en\/portfolio\/evaluacion-del-impacto-economico-del-programa-profit\/\">\n\t\t\t\t\t\tEvaluaci\u00f3n del impacto econ\u00f3mico del Programa PROFIT\t\t\t\t\t<\/a>\n\t\t\t\t<\/h4>\n\t\t\t\n\t\t\t\t\t\t\t\t\n\t\t\n\t\t\t\t<a class=\"fusion-link-wrapper\" href=\"https:\/\/abayanalistas.net\/en\/portfolio\/evaluacion-del-impacto-economico-del-programa-profit\/\" aria-label=\"Evaluaci\u00f3n del impacto econ\u00f3mico del Programa PROFIT\"><\/a>\n\t<\/div>\n<\/div>\n\n\t\n<\/div>\n<div class=\"fusion-portfolio-content\"><h2 class=\"entry-title fusion-post-title\"><a href=\"https:\/\/abayanalistas.net\/en\/portfolio\/evaluacion-del-impacto-economico-del-programa-profit\/\">Evaluaci\u00f3n del impacto econ\u00f3mico del Programa PROFIT<\/a><\/h2><div class=\"fusion-portfolio-meta\"><a href=\"https:\/\/abayanalistas.net\/en\/portfolio_category\/sector-studies\/\" rel=\"tag\">Sector Studies<\/a><\/div><div class=\"fusion-post-content\"><p>Este estudio de evaluaci\u00f3n debe ubicarse en un contexto definido por tres factores fundamentales. El primero de ellos es el car\u00e1cter estrat\u00e9gico que han adquirido las pol\u00edticas de I+D+i en el contexto econ\u00f3mico actual y en el marco de los objetivos que se fijaron en la Cumbre de Lisboa. <\/p><\/div><\/div><\/div><\/article><article id=\"portfolio-1-post-1954\" class=\"fusion-portfolio-post sustainability fusion-col-spacing post-1954\"><div class=\"fusion-portfolio-content-wrapper\" style=\"border:none;\"><span class=\"vcard rich-snippet-hidden\"><span class=\"fn\"><a href=\"https:\/\/abayanalistas.net\/en\/author\/abay\/\" title=\"Posts by Abay\" rel=\"author\">Abay<\/a><\/span><\/span><span class=\"updated rich-snippet-hidden\">2016-11-21T19:52:56+00:00<\/span>\n\n<div  class=\"fusion-image-wrapper\" aria-haspopup=\"true\">\n\t\n\t\n\t\t\n\t\t\t\t\t<img loading=\"lazy\" decoding=\"async\" width=\"900\" height=\"882\" src=\"https:\/\/abayanalistas.net\/en\/wp-content\/uploads\/desarrollo-local-200x196.jpg\" class=\"attachment-full size-full wp-post-image\" alt=\"Servicios de proximidad. Oportunidades y amenazas. M\u00e1ster internacional de Desarrollo Local\" srcset=\"https:\/\/abayanalistas.net\/en\/wp-content\/uploads\/desarrollo-local-200x196.jpg 200w, https:\/\/abayanalistas.net\/en\/wp-content\/uploads\/desarrollo-local-400x392.jpg 400w, https:\/\/abayanalistas.net\/en\/wp-content\/uploads\/desarrollo-local-600x588.jpg 600w, https:\/\/abayanalistas.net\/en\/wp-content\/uploads\/desarrollo-local-800x784.jpg 800w, https:\/\/abayanalistas.net\/en\/wp-content\/uploads\/desarrollo-local.jpg 900w\" sizes=\"(min-width: 2200px) 100vw, (min-width: 1106px) 270px, (min-width: 1044px) 360px, (min-width: 982px) 540px, (min-width: 920px) 982px, \" \/>\n\t\n\n\t\t<div class=\"fusion-rollover\">\n\t<div class=\"fusion-rollover-content\">\n\n\t\t\t\t\t\t\t\t\t\t\t\t\t\t<a class=\"fusion-rollover-link\" href=\"https:\/\/abayanalistas.net\/en\/portfolio\/imparticion-del-modulo-servicios-de-proximidad-oportunidades-y-amenazas-master-internacional-de-desarrollo-local\/\">Impartici\u00f3n del m\u00f3dulo &#8220;Servicios de proximidad. Oportunidades y amenazas. M\u00e1ster internacional de Desarrollo Local&#8221;<\/a>\n\t\t\t\n\t\t\t\t\t\t\t\t\n\t\t\t\t\n\t\t\t\t\t\t\t\t\t\t\t\t<h4 class=\"fusion-rollover-title\">\n\t\t\t\t\t<a href=\"https:\/\/abayanalistas.net\/en\/portfolio\/imparticion-del-modulo-servicios-de-proximidad-oportunidades-y-amenazas-master-internacional-de-desarrollo-local\/\">\n\t\t\t\t\t\tImpartici\u00f3n del m\u00f3dulo &#8220;Servicios de proximidad. Oportunidades y amenazas. M\u00e1ster internacional de Desarrollo Local&#8221;\t\t\t\t\t<\/a>\n\t\t\t\t<\/h4>\n\t\t\t\n\t\t\t\t\t\t\t\t\n\t\t\n\t\t\t\t<a class=\"fusion-link-wrapper\" href=\"https:\/\/abayanalistas.net\/en\/portfolio\/imparticion-del-modulo-servicios-de-proximidad-oportunidades-y-amenazas-master-internacional-de-desarrollo-local\/\" aria-label=\"Impartici\u00f3n del m\u00f3dulo &#8220;Servicios de proximidad. Oportunidades y amenazas. M\u00e1ster internacional de Desarrollo Local&#8221;\"><\/a>\n\t<\/div>\n<\/div>\n\n\t\n<\/div>\n<div class=\"fusion-portfolio-content\"><h2 class=\"entry-title fusion-post-title\"><a href=\"https:\/\/abayanalistas.net\/en\/portfolio\/imparticion-del-modulo-servicios-de-proximidad-oportunidades-y-amenazas-master-internacional-de-desarrollo-local\/\">Impartici\u00f3n del m\u00f3dulo &#8220;Servicios de proximidad. Oportunidades y amenazas. M\u00e1ster internacional de Desarrollo Local&#8221;<\/a><\/h2><div class=\"fusion-portfolio-meta\"><a href=\"https:\/\/abayanalistas.net\/en\/portfolio_category\/sustainability\/\" rel=\"tag\">Sustainability<\/a><\/div><div class=\"fusion-post-content\"><p>El m\u00f3dulo se centra en las nuevas perspectivas que se est\u00e1n incorporando al Desarrollo Local en los pa\u00edses europeos.<\/p><\/div><\/div><\/div><\/article><article id=\"portfolio-1-post-1739\" class=\"fusion-portfolio-post social-topics fusion-col-spacing post-1739\"><div class=\"fusion-portfolio-content-wrapper\" style=\"border:none;\"><span class=\"vcard rich-snippet-hidden\"><span class=\"fn\"><a href=\"https:\/\/abayanalistas.net\/en\/author\/abay\/\" title=\"Posts by Abay\" rel=\"author\">Abay<\/a><\/span><\/span><span class=\"updated rich-snippet-hidden\">2016-11-21T19:52:57+00:00<\/span>\n\n<div  class=\"fusion-image-wrapper\" aria-haspopup=\"true\">\n\t\n\t\n\t\t\n\t\t\t\t\t<img loading=\"lazy\" decoding=\"async\" width=\"900\" height=\"1273\" src=\"https:\/\/abayanalistas.net\/en\/wp-content\/uploads\/Plan-accion-1-200x283.jpg\" class=\"attachment-full size-full wp-post-image\" alt=\"Memoria econ\u00f3mica del Plan de acci\u00f3n para personas con discapacidad 2005-2008\" srcset=\"https:\/\/abayanalistas.net\/en\/wp-content\/uploads\/Plan-accion-1-200x283.jpg 200w, https:\/\/abayanalistas.net\/en\/wp-content\/uploads\/Plan-accion-1-400x566.jpg 400w, https:\/\/abayanalistas.net\/en\/wp-content\/uploads\/Plan-accion-1-600x849.jpg 600w, https:\/\/abayanalistas.net\/en\/wp-content\/uploads\/Plan-accion-1-800x1132.jpg 800w, https:\/\/abayanalistas.net\/en\/wp-content\/uploads\/Plan-accion-1.jpg 900w\" sizes=\"(min-width: 2200px) 100vw, (min-width: 1106px) 270px, (min-width: 1044px) 360px, (min-width: 982px) 540px, (min-width: 920px) 982px, \" \/>\n\t\n\n\t\t<div class=\"fusion-rollover\">\n\t<div class=\"fusion-rollover-content\">\n\n\t\t\t\t\t\t\t\t\t\t\t\t\t\t<a class=\"fusion-rollover-link\" href=\"https:\/\/abayanalistas.net\/en\/portfolio\/memoria-economica-del-plan-de-accion-para-personas-con-discapacidad-2005-2008\/\">Memoria econ\u00f3mica del Plan de acci\u00f3n para personas con discapacidad 2005-2008<\/a>\n\t\t\t\n\t\t\t\t\t\t\t\t\n\t\t\t\t\n\t\t\t\t\t\t\t\t\t\t\t\t<h4 class=\"fusion-rollover-title\">\n\t\t\t\t\t<a href=\"https:\/\/abayanalistas.net\/en\/portfolio\/memoria-economica-del-plan-de-accion-para-personas-con-discapacidad-2005-2008\/\">\n\t\t\t\t\t\tMemoria econ\u00f3mica del Plan de acci\u00f3n para personas con discapacidad 2005-2008\t\t\t\t\t<\/a>\n\t\t\t\t<\/h4>\n\t\t\t\n\t\t\t\t\t\t\t\t\n\t\t\n\t\t\t\t<a class=\"fusion-link-wrapper\" href=\"https:\/\/abayanalistas.net\/en\/portfolio\/memoria-economica-del-plan-de-accion-para-personas-con-discapacidad-2005-2008\/\" aria-label=\"Memoria econ\u00f3mica del Plan de acci\u00f3n para personas con discapacidad 2005-2008\"><\/a>\n\t<\/div>\n<\/div>\n\n\t\n<\/div>\n<div class=\"fusion-portfolio-content\"><h2 class=\"entry-title fusion-post-title\"><a href=\"https:\/\/abayanalistas.net\/en\/portfolio\/memoria-economica-del-plan-de-accion-para-personas-con-discapacidad-2005-2008\/\">Memoria econ\u00f3mica del Plan de acci\u00f3n para personas con discapacidad 2005-2008<\/a><\/h2><div class=\"fusion-portfolio-meta\"><a href=\"https:\/\/abayanalistas.net\/en\/portfolio_category\/social-topics\/\" rel=\"tag\">Social topics<\/a><\/div><div class=\"fusion-post-content\"><p>La Memoria Econ\u00f3mica recoge la valoraci\u00f3n en t\u00e9rminos econ\u00f3micos del Plan de Acci\u00f3n para Personas con Discapacidad 2005-2008 de la Comunidad de Madrid.<\/p><\/div><\/div><\/div><\/article><article id=\"portfolio-1-post-2014\" class=\"fusion-portfolio-post sme-and-entrepreneurship fusion-col-spacing post-2014\"><div class=\"fusion-portfolio-content-wrapper\" style=\"border:none;\"><span class=\"vcard rich-snippet-hidden\"><span class=\"fn\"><a href=\"https:\/\/abayanalistas.net\/en\/author\/abay\/\" title=\"Posts by Abay\" rel=\"author\">Abay<\/a><\/span><\/span><span class=\"updated rich-snippet-hidden\">2016-11-21T19:52:57+00:00<\/span>\n\n<div  class=\"fusion-image-wrapper\" aria-haspopup=\"true\">\n\t\n\t\n\t\t\n\t\t\t\t\t<img loading=\"lazy\" decoding=\"async\" width=\"900\" height=\"1271\" src=\"https:\/\/abayanalistas.net\/en\/wp-content\/uploads\/competitividad_tamano-1-200x282.jpg\" class=\"attachment-full size-full wp-post-image\" alt=\"Competitividad y Tama\u00f1o Empresarial\" srcset=\"https:\/\/abayanalistas.net\/en\/wp-content\/uploads\/competitividad_tamano-1-200x282.jpg 200w, https:\/\/abayanalistas.net\/en\/wp-content\/uploads\/competitividad_tamano-1-400x565.jpg 400w, https:\/\/abayanalistas.net\/en\/wp-content\/uploads\/competitividad_tamano-1-600x847.jpg 600w, https:\/\/abayanalistas.net\/en\/wp-content\/uploads\/competitividad_tamano-1-800x1130.jpg 800w, https:\/\/abayanalistas.net\/en\/wp-content\/uploads\/competitividad_tamano-1.jpg 900w\" sizes=\"(min-width: 2200px) 100vw, (min-width: 1106px) 270px, (min-width: 1044px) 360px, (min-width: 982px) 540px, (min-width: 920px) 982px, \" \/>\n\t\n\n\t\t<div class=\"fusion-rollover\">\n\t<div class=\"fusion-rollover-content\">\n\n\t\t\t\t\t\t\t\t\t\t\t\t\t\t<a class=\"fusion-rollover-link\" href=\"https:\/\/abayanalistas.net\/en\/portfolio\/competitividad-y-tamano-empresarial\/\">Competitividad y Tama\u00f1o Empresarial<\/a>\n\t\t\t\n\t\t\t\t\t\t\t\t\n\t\t\t\t\n\t\t\t\t\t\t\t\t\t\t\t\t<h4 class=\"fusion-rollover-title\">\n\t\t\t\t\t<a href=\"https:\/\/abayanalistas.net\/en\/portfolio\/competitividad-y-tamano-empresarial\/\">\n\t\t\t\t\t\tCompetitividad y Tama\u00f1o Empresarial\t\t\t\t\t<\/a>\n\t\t\t\t<\/h4>\n\t\t\t\n\t\t\t\t\t\t\t\t\n\t\t\n\t\t\t\t<a class=\"fusion-link-wrapper\" href=\"https:\/\/abayanalistas.net\/en\/portfolio\/competitividad-y-tamano-empresarial\/\" aria-label=\"Competitividad y Tama\u00f1o Empresarial\"><\/a>\n\t<\/div>\n<\/div>\n\n\t\n<\/div>\n<div class=\"fusion-portfolio-content\"><h2 class=\"entry-title fusion-post-title\"><a href=\"https:\/\/abayanalistas.net\/en\/portfolio\/competitividad-y-tamano-empresarial\/\">Competitividad y Tama\u00f1o Empresarial<\/a><\/h2><div class=\"fusion-portfolio-meta\"><a href=\"https:\/\/abayanalistas.net\/en\/portfolio_category\/sme-and-entrepreneurship\/\" rel=\"tag\">SME and Entrepreneurship<\/a><\/div><div class=\"fusion-post-content\"><p>La importancia econ\u00f3mica y social de las peque\u00f1as y medianas empresas justifica por s\u00ed misma cualquier an\u00e1lisis relativo al tama\u00f1o empresarial. El 99,8% de las empresas espa\u00f1olas son pyme, y el 94% son microempresas (menos de 10 trabajadores). <\/p><\/div><\/div><\/div><\/article><article id=\"portfolio-1-post-1573\" class=\"fusion-portfolio-post gender sustainability fusion-col-spacing post-1573\"><div class=\"fusion-portfolio-content-wrapper\" style=\"border:none;\"><span class=\"vcard rich-snippet-hidden\"><span class=\"fn\"><a href=\"https:\/\/abayanalistas.net\/en\/author\/abay\/\" title=\"Posts by Abay\" rel=\"author\">Abay<\/a><\/span><\/span><span class=\"updated rich-snippet-hidden\">2016-11-21T19:52:57+00:00<\/span>\n\n<div  class=\"fusion-image-wrapper\" aria-haspopup=\"true\">\n\t\n\t\n\t\t\n\t\t\t\t\t<img loading=\"lazy\" decoding=\"async\" width=\"900\" height=\"624\" src=\"https:\/\/abayanalistas.net\/en\/wp-content\/uploads\/Mujer-1-200x139.jpg\" class=\"attachment-full size-full wp-post-image\" alt=\"Diagn\u00f3stico sobre mujer y empleo cualificado en la Comunidad de Madrid\" srcset=\"https:\/\/abayanalistas.net\/en\/wp-content\/uploads\/Mujer-1-200x139.jpg 200w, https:\/\/abayanalistas.net\/en\/wp-content\/uploads\/Mujer-1-400x277.jpg 400w, https:\/\/abayanalistas.net\/en\/wp-content\/uploads\/Mujer-1-600x416.jpg 600w, https:\/\/abayanalistas.net\/en\/wp-content\/uploads\/Mujer-1-800x555.jpg 800w, https:\/\/abayanalistas.net\/en\/wp-content\/uploads\/Mujer-1.jpg 900w\" sizes=\"(min-width: 2200px) 100vw, (min-width: 1106px) 270px, (min-width: 1044px) 360px, (min-width: 982px) 540px, (min-width: 920px) 982px, \" \/>\n\t\n\n\t\t<div class=\"fusion-rollover\">\n\t<div class=\"fusion-rollover-content\">\n\n\t\t\t\t\t\t\t\t\t\t\t\t\t\t<a class=\"fusion-rollover-link\" href=\"https:\/\/abayanalistas.net\/en\/portfolio\/diagnostico-sobre-mujer-y-empleo-cualificado-en-la-comunidad-de-madrid\/\">Diagn\u00f3stico sobre mujer y empleo cualificado en la Comunidad de Madrid<\/a>\n\t\t\t\n\t\t\t\t\t\t\t\t\n\t\t\t\t\n\t\t\t\t\t\t\t\t\t\t\t\t<h4 class=\"fusion-rollover-title\">\n\t\t\t\t\t<a href=\"https:\/\/abayanalistas.net\/en\/portfolio\/diagnostico-sobre-mujer-y-empleo-cualificado-en-la-comunidad-de-madrid\/\">\n\t\t\t\t\t\tDiagn\u00f3stico sobre mujer y empleo cualificado en la Comunidad de Madrid\t\t\t\t\t<\/a>\n\t\t\t\t<\/h4>\n\t\t\t\n\t\t\t\t\t\t\t\t\n\t\t\n\t\t\t\t<a class=\"fusion-link-wrapper\" href=\"https:\/\/abayanalistas.net\/en\/portfolio\/diagnostico-sobre-mujer-y-empleo-cualificado-en-la-comunidad-de-madrid\/\" aria-label=\"Diagn\u00f3stico sobre mujer y empleo cualificado en la Comunidad de Madrid\"><\/a>\n\t<\/div>\n<\/div>\n\n\t\n<\/div>\n<div class=\"fusion-portfolio-content\"><h2 class=\"entry-title fusion-post-title\"><a href=\"https:\/\/abayanalistas.net\/en\/portfolio\/diagnostico-sobre-mujer-y-empleo-cualificado-en-la-comunidad-de-madrid\/\">Diagn\u00f3stico sobre mujer y empleo cualificado en la Comunidad de Madrid<\/a><\/h2><div class=\"fusion-portfolio-meta\"><a href=\"https:\/\/abayanalistas.net\/en\/portfolio_category\/gender\/\" rel=\"tag\">Gender<\/a>, <a href=\"https:\/\/abayanalistas.net\/en\/portfolio_category\/sustainability\/\" rel=\"tag\">Sustainability<\/a><\/div><div class=\"fusion-post-content\"><p>Los objetivos fundamentales de este proyecto han sido cifrar la presencia relativa de mujeres en puestos de poder, de los \u00e1mbitos p\u00fablico y privado, de la Comunidad de Madrid; conocer su perfil sociodemogr\u00e1fico; y determinar la posible existencia de modelos de \u00e9xito de acceso y permanencia de las mujeres a los puestos de decisi\u00f3n.<\/p><\/div><\/div><\/div><\/article><\/div><\/div><div class=\"fusion-clearfix\"><\/div>\n\n\t\t\t\t\t<\/div>\n\t\t\t\t<\/div><\/div><\/div><\/p>\n","protected":false},"excerpt":{"rendered":"","protected":false},"author":1,"featured_media":0,"parent":0,"menu_order":0,"comment_status":"closed","ping_status":"closed","template":"100-width.php","meta":{"footnotes":""},"_links":{"self":[{"href":"https:\/\/abayanalistas.net\/en\/wp-json\/wp\/v2\/pages\/739"}],"collection":[{"href":"https:\/\/abayanalistas.net\/en\/wp-json\/wp\/v2\/pages"}],"about":[{"href":"https:\/\/abayanalistas.net\/en\/wp-json\/wp\/v2\/types\/page"}],"author":[{"embeddable":true,"href":"https:\/\/abayanalistas.net\/en\/wp-json\/wp\/v2\/users\/1"}],"replies":[{"embeddable":true,"href":"https:\/\/abayanalistas.net\/en\/wp-json\/wp\/v2\/comments?post=739"}],"version-history":[{"count":42,"href":"https:\/\/abayanalistas.net\/en\/wp-json\/wp\/v2\/pages\/739\/revisions"}],"predecessor-version":[{"id":2864,"href":"https:\/\/abayanalistas.net\/en\/wp-json\/wp\/v2\/pages\/739\/revisions\/2864"}],"wp:attachment":[{"href":"https:\/\/abayanalistas.net\/en\/wp-json\/wp\/v2\/media?parent=739"}],"curies":[{"name":"wp","href":"https:\/\/api.w.org\/{rel}","templated":true}]}}