{"id":444,"date":"2015-06-29T23:01:13","date_gmt":"2015-06-29T23:01:13","guid":{"rendered":"http:\/\/avada.theme-fusion.com\/architecture\/?page_id=444"},"modified":"2016-12-26T14:42:54","modified_gmt":"2016-12-26T14:42:54","slug":"news","status":"publish","type":"page","link":"https:\/\/abayanalistas.net\/en\/news\/","title":{"rendered":"NEWS"},"content":{"rendered":"<div class=\"fusion-fullwidth fullwidth-box nonhundred-percent-fullwidth non-hundred-percent-height-scrolling\"  style='background-color: rgba(255,255,255,0);background-position: left top;background-repeat: no-repeat;padding-top:20px;padding-right:0px;padding-bottom:20px;padding-left:0px;border-top-width:0px;border-bottom-width:0px;border-color:#eae9e9;border-top-style:solid;border-bottom-style:solid;'><div class=\"fusion-builder-row fusion-row \"><div  class=\"fusion-layout-column fusion_builder_column fusion_builder_column_1_1  fusion-one-full fusion-column-first fusion-column-last fusion-column-no-min-height 1_1\"  style='margin-top:0px;margin-bottom:0px;'>\n\t\t\t\t\t<div class=\"fusion-column-wrapper\" style=\"background-position:left top;background-repeat:no-repeat;-webkit-background-size:cover;-moz-background-size:cover;-o-background-size:cover;background-size:cover;\"   data-bg-url=\"\">\n\t\t\t\t\t\t<div class=\"fusion-text\"><p>News articles appearing in this section relate to studies or reports by Abay, highlighted by the media or that have garnered any awards or recognition. This section also includes lectures and presentations featuring Abay at various events and conferences.<\/p>\n<\/div><div class=\"fusion-sep-clear\"><\/div><div class=\"fusion-separator fusion-full-width-sep sep-single sep-solid\" style=\"border-color:#dbdbdb;border-top-width:1px;margin-left: auto;margin-right: auto;margin-top:25px;margin-bottom:25px;\"><\/div><div class=\"fusion-clearfix\"><\/div>\n\n\t\t\t\t\t<\/div>\n\t\t\t\t<\/div><div  class=\"fusion-layout-column fusion_builder_column fusion_builder_column_1_1  fusion-one-full fusion-column-first fusion-column-last fusion-column-no-min-height 1_1\"  style='margin-top:0px;margin-bottom:0px;'>\n\t\t\t\t\t<div class=\"fusion-column-wrapper\" style=\"background-position:left top;background-repeat:no-repeat;-webkit-background-size:cover;-moz-background-size:cover;-o-background-size:cover;background-size:cover;\"   data-bg-url=\"\">\n\t\t\t\t\t\t<div class=\"fusion-blog-shortcode fusion-blog-shortcode-1 fusion-blog-archive fusion-blog-layout-medium fusion-blog-infinite\"><div class=\"fusion-posts-container fusion-posts-container-infinite fusion-no-meta-info fusion-blog-rollover\" data-pages=\"3\"><article id=\"blog-1-post-2918\" class=\"fusion-post-medium post-2918 post type-post status-publish format-standard has-post-thumbnail hentry category-news category-report-presentations\">\n\t<style type=\"text\/css\">\n\t\t\n\t\t\n\t\t\n\t\t\n\t\t\t<\/style>\n\n\n\t\t\t<div class=\"fusion-flexslider flexslider fusion-flexslider-loading fusion-post-slideshow\" style=\"\">\n\t\t<ul class=\"slides\">\n\t\t\t\n\t\t\t\t\t\t\t\t\t\t\t\t\t\t<li>\n\n<div  class=\"fusion-image-wrapper fusion-image-size-fixed\" aria-haspopup=\"true\">\n\t\n\t\n\t\t\n\t\t\t\t\t<img loading=\"lazy\" decoding=\"async\" width=\"320\" height=\"202\" src=\"https:\/\/abayanalistas.net\/en\/wp-content\/uploads\/III-Informe-financiacion-pyme-4-320x202.jpg\" class=\"attachment-blog-medium size-blog-medium wp-post-image\" alt=\"III-Informe-financiacion-pyme\" srcset=\"https:\/\/abayanalistas.net\/en\/wp-content\/uploads\/III-Informe-financiacion-pyme-4-320x202.jpg 320w, https:\/\/abayanalistas.net\/en\/wp-content\/uploads\/III-Informe-financiacion-pyme-4-700x441.jpg 700w\" sizes=\"(max-width: 320px) 100vw, 320px\" \/>\n\t\n\n\t\t<div class=\"fusion-rollover\">\n\t<div class=\"fusion-rollover-content\">\n\n\t\t\t\t\t\t\t\t\t\t\t\t\t\t<a class=\"fusion-rollover-link\" href=\"https:\/\/abayanalistas.net\/en\/presentation-iii-report-spanish-sme-financing-results-september-2016\/\">Presentation of: &#8220;III report on Spanish SME financing&#8221; Results for September 2016<\/a>\n\t\t\t\n\t\t\t\t\t\t\t\t\n\t\t\t\t\n\t\t\t\t\t\t\t\t\t\t\t\t<h4 class=\"fusion-rollover-title\">\n\t\t\t\t\t<a href=\"https:\/\/abayanalistas.net\/en\/presentation-iii-report-spanish-sme-financing-results-september-2016\/\">\n\t\t\t\t\t\tPresentation of: &#8220;III report on Spanish SME financing&#8221; Results for September 2016\t\t\t\t\t<\/a>\n\t\t\t\t<\/h4>\n\t\t\t\n\t\t\t\t\t\t\t\t\n\t\t\n\t\t\t\t<a class=\"fusion-link-wrapper\" href=\"https:\/\/abayanalistas.net\/en\/presentation-iii-report-spanish-sme-financing-results-september-2016\/\" aria-label=\"Presentation of: &#8220;III report on Spanish SME financing&#8221; Results for September 2016\"><\/a>\n\t<\/div>\n<\/div>\n\n\t\n<\/div>\n<\/li>\n\t\t\t\n\t\t\t\n\t\t\t\t\t\t\t\t\t\t\t\t\t\t\t\t\t\t\t\t\t\t\t\t\t\t\t\t\t\t\t\t\t\t\t\t\t\t\t\t\t\t\t\t\t\t\t\t\t\t\t\t\t\t\t\t\t\t\t\t\t\t\t\t\t\t\t\t<\/ul>\n\t<\/div>\n\t<div class=\"fusion-post-content post-content\"><h2 class=\"blog-shortcode-post-title entry-title\"><a href=\"https:\/\/abayanalistas.net\/en\/presentation-iii-report-spanish-sme-financing-results-september-2016\/\">Presentation of: &#8220;III report on Spanish SME financing&#8221; Results for September 2016<\/a><\/h2><div class=\"fusion-post-content-container\"><p> The press echoes the results of the third report on Spanish SME financing for 2016, which Abay Analistas has made for CESGAR. Among the numerous means that collect the information are:   Interview [...]<\/p><\/div><\/div><div class=\"fusion-clearfix\"><\/div><\/article>\n<article id=\"blog-1-post-489\" class=\"fusion-post-medium post-489 post type-post status-publish format-standard has-post-thumbnail hentry category-mentions\">\n\t<style type=\"text\/css\">\n\t\t\n\t\t\n\t\t\n\t\t\n\t\t\t<\/style>\n\n\n\t\t\t<div class=\"fusion-flexslider flexslider fusion-flexslider-loading fusion-post-slideshow\" style=\"\">\n\t\t<ul class=\"slides\">\n\t\t\t\n\t\t\t\t\t\t\t\t\t\t\t\t\t\t<li>\n\n<div  class=\"fusion-image-wrapper fusion-image-size-fixed\" aria-haspopup=\"true\">\n\t\n\t\n\t\t\n\t\t\t\t\t<img loading=\"lazy\" decoding=\"async\" width=\"320\" height=\"202\" src=\"https:\/\/abayanalistas.net\/en\/wp-content\/uploads\/Irena-320x202.jpg\" class=\"attachment-blog-medium size-blog-medium wp-post-image\" alt=\"\" srcset=\"https:\/\/abayanalistas.net\/en\/wp-content\/uploads\/Irena-320x202.jpg 320w, https:\/\/abayanalistas.net\/en\/wp-content\/uploads\/Irena-700x441.jpg 700w\" sizes=\"(max-width: 320px) 100vw, 320px\" \/>\n\t\n\n\t\t<div class=\"fusion-rollover\">\n\t<div class=\"fusion-rollover-content\">\n\n\t\t\t\t\n\t\t\t\t\n\t\t\t\t\t\t\t\t\t\t\t\t<h4 class=\"fusion-rollover-title\">\n\t\t\t\t\t<a href=\"https:\/\/abayanalistas.net\/en\/irena\/\">\n\t\t\t\t\t\tReconocimiento de IRENA (Agencia Internacional de Energ\u00eda Renovable)\t\t\t\t\t<\/a>\n\t\t\t\t<\/h4>\n\t\t\t\n\t\t\t\t\t\t\t\t\n\t\t\n\t\t\t\t<a class=\"fusion-link-wrapper\" href=\"https:\/\/abayanalistas.net\/en\/irena\/\" aria-label=\"Reconocimiento de IRENA (Agencia Internacional de Energ\u00eda Renovable)\"><\/a>\n\t<\/div>\n<\/div>\n\n\t\n<\/div>\n<\/li>\n\t\t\t\n\t\t\t\n\t\t\t\t\t\t\t\t\t\t\t\t\t\t\t\t\t\t\t\t\t\t\t\t\t\t\t\t\t\t\t\t\t\t\t\t\t\t\t\t\t\t\t\t\t\t\t\t\t\t\t\t\t\t\t\t\t\t\t\t\t\t\t\t\t\t\t\t<\/ul>\n\t<\/div>\n\t<div class=\"fusion-post-content post-content\"><h2 class=\"blog-shortcode-post-title entry-title\"><a href=\"https:\/\/abayanalistas.net\/en\/irena\/\">Reconocimiento de IRENA (Agencia Internacional de Energ\u00eda Renovable)<\/a><\/h2><div class=\"fusion-post-content-container\"><p>Nuestro trabajo sobre el impacto econ\u00f3mico de las energ\u00edas renovables en Espa\u00f1a, realizado para Greenpeace, ha sido considerado por IRENA (Agencia Internacional de Energ\u00eda Renovable) como uno de los m\u00e1s avanzados a nivel internacional comentando [...]<\/p><\/div><\/div><div class=\"fusion-clearfix\"><\/div><\/article>\n<article id=\"blog-1-post-482\" class=\"fusion-post-medium post-482 post type-post status-publish format-standard has-post-thumbnail hentry category-report-presentations\">\n\t<style type=\"text\/css\">\n\t\t\n\t\t\n\t\t\n\t\t\n\t\t\t<\/style>\n\n\n\t\t\t<div class=\"fusion-flexslider flexslider fusion-flexslider-loading fusion-post-slideshow\" style=\"\">\n\t\t<ul class=\"slides\">\n\t\t\t\n\t\t\t\t\t\t\t\t\t\t\t\t\t\t<li>\n\n<div  class=\"fusion-image-wrapper fusion-image-size-fixed\" aria-haspopup=\"true\">\n\t\n\t\n\t\t\n\t\t\t\t\t<img loading=\"lazy\" decoding=\"async\" width=\"320\" height=\"202\" src=\"https:\/\/abayanalistas.net\/en\/wp-content\/uploads\/cepesonce-320x202.jpg\" class=\"attachment-blog-medium size-blog-medium wp-post-image\" alt=\"\" \/>\n\t\n\n\t\t<div class=\"fusion-rollover\">\n\t<div class=\"fusion-rollover-content\">\n\n\t\t\t\t\n\t\t\t\t\n\t\t\t\t\t\t\t\t\t\t\t\t<h4 class=\"fusion-rollover-title\">\n\t\t\t\t\t<a href=\"https:\/\/abayanalistas.net\/en\/conceptual-fluid-design\/\">\n\t\t\t\t\t\tPresentaciones del Estudio realizado para la Fundaci\u00f3n ONCE\t\t\t\t\t<\/a>\n\t\t\t\t<\/h4>\n\t\t\t\n\t\t\t\t\t\t\t\t\n\t\t\n\t\t\t\t<a class=\"fusion-link-wrapper\" href=\"https:\/\/abayanalistas.net\/en\/conceptual-fluid-design\/\" aria-label=\"Presentaciones del Estudio realizado para la Fundaci\u00f3n ONCE\"><\/a>\n\t<\/div>\n<\/div>\n\n\t\n<\/div>\n<\/li>\n\t\t\t\n\t\t\t\n\t\t\t\t\t\t\t\t\t\t\t\t\t\t\t\t\t\t\t\t\t\t\t\t\t\t\t\t\t\t\t\t\t\t\t\t\t\t\t\t\t\t\t\t\t\t\t\t\t\t\t\t\t\t\t\t\t\t\t\t\t\t\t\t\t\t\t\t<\/ul>\n\t<\/div>\n\t<div class=\"fusion-post-content post-content\"><h2 class=\"blog-shortcode-post-title entry-title\"><a href=\"https:\/\/abayanalistas.net\/en\/conceptual-fluid-design\/\">Presentaciones del Estudio realizado para la Fundaci\u00f3n ONCE<\/a><\/h2><div class=\"fusion-post-content-container\"><p>Entre junio y octubre de\u00a02015 presentamos el\u00a0estudio realizado para la\u00a0Fundaci\u00f3n ONCE \"Las empresas de la Econom\u00eda Social como palanca de creaci\u00f3n de empleo para las personas con discapacidad\", en varias ciudades (Murcia, Seviilla, Zaragoza, Pamplona [...]<\/p><\/div><\/div><div class=\"fusion-clearfix\"><\/div><\/article>\n<article id=\"blog-1-post-2131\" class=\"fusion-post-medium post-2131 post type-post status-publish format-standard has-post-thumbnail hentry category-report-presentations\">\n\t<style type=\"text\/css\">\n\t\t\n\t\t\n\t\t\n\t\t\n\t\t\t<\/style>\n\n\n\t\t\t<div class=\"fusion-flexslider flexslider fusion-flexslider-loading fusion-post-slideshow\" style=\"\">\n\t\t<ul class=\"slides\">\n\t\t\t\n\t\t\t\t\t\t\t\t\t\t\t\t\t\t<li>\n\n<div  class=\"fusion-image-wrapper fusion-image-size-fixed\" aria-haspopup=\"true\">\n\t\n\t\n\t\t\n\t\t\t\t\t<img loading=\"lazy\" decoding=\"async\" width=\"320\" height=\"202\" src=\"https:\/\/abayanalistas.net\/en\/wp-content\/uploads\/Cepes-Once-320x202.jpg\" class=\"attachment-blog-medium size-blog-medium wp-post-image\" alt=\"\" srcset=\"https:\/\/abayanalistas.net\/en\/wp-content\/uploads\/Cepes-Once-320x202.jpg 320w, https:\/\/abayanalistas.net\/en\/wp-content\/uploads\/Cepes-Once-700x441.jpg 700w\" sizes=\"(max-width: 320px) 100vw, 320px\" \/>\n\t\n\n\t\t<div class=\"fusion-rollover\">\n\t<div class=\"fusion-rollover-content\">\n\n\t\t\t\t\t\t\t\t\t\t\t\t\t\t<a class=\"fusion-rollover-link\" href=\"https:\/\/abayanalistas.net\/en\/presentacion-en-murcia-junto-con-cepes-y-fundacion-once\/\">Presentaci\u00f3n en Murcia, junto con CEPES y Fundaci\u00f3n ONCE<\/a>\n\t\t\t\n\t\t\t\t\t\t\t\t\n\t\t\t\t\n\t\t\t\t\t\t\t\t\t\t\t\t<h4 class=\"fusion-rollover-title\">\n\t\t\t\t\t<a href=\"https:\/\/abayanalistas.net\/en\/presentacion-en-murcia-junto-con-cepes-y-fundacion-once\/\">\n\t\t\t\t\t\tPresentaci\u00f3n en Murcia, junto con CEPES y Fundaci\u00f3n ONCE\t\t\t\t\t<\/a>\n\t\t\t\t<\/h4>\n\t\t\t\n\t\t\t\t\t\t\t\t\n\t\t\n\t\t\t\t<a class=\"fusion-link-wrapper\" href=\"https:\/\/abayanalistas.net\/en\/presentacion-en-murcia-junto-con-cepes-y-fundacion-once\/\" aria-label=\"Presentaci\u00f3n en Murcia, junto con CEPES y Fundaci\u00f3n ONCE\"><\/a>\n\t<\/div>\n<\/div>\n\n\t\n<\/div>\n<\/li>\n\t\t\t\n\t\t\t\n\t\t\t\t\t\t\t\t\t\t\t\t\t\t\t\t\t\t\t\t\t\t\t\t\t\t\t\t\t\t\t\t\t\t\t\t\t\t\t\t\t\t\t\t\t\t\t\t\t\t\t\t\t\t\t\t\t\t\t\t\t\t\t\t\t\t\t\t<\/ul>\n\t<\/div>\n\t<div class=\"fusion-post-content post-content\"><h2 class=\"blog-shortcode-post-title entry-title\"><a href=\"https:\/\/abayanalistas.net\/en\/presentacion-en-murcia-junto-con-cepes-y-fundacion-once\/\">Presentaci\u00f3n en Murcia, junto con CEPES y Fundaci\u00f3n ONCE<\/a><\/h2><div class=\"fusion-post-content-container\"><p>Presentaci\u00f3n en Murcia, junto con CEPES y Fundaci\u00f3n ONCE de nuestro estudio realizado para la Fundaci\u00f3n ONCE \"Las empresas de la Econom\u00eda Social como palanca de creaci\u00f3n de empleo para las personas con discapacidad\"  [...]<\/p><\/div><\/div><div class=\"fusion-clearfix\"><\/div><\/article>\n<article id=\"blog-1-post-2138\" class=\"fusion-post-medium post-2138 post type-post status-publish format-standard has-post-thumbnail hentry category-news\">\n\t<style type=\"text\/css\">\n\t\t\n\t\t\n\t\t\t\t\t#blog-1-post-2138 .fusion-post-slideshow .fusion-image-wrapper img {\n\t\t\t\twidth: auto;\n\t\t\t}\n\t\t\n\t\t\n\t\t\t<\/style>\n\n\n\t\t\t<div class=\"fusion-flexslider flexslider fusion-flexslider-loading fusion-post-slideshow\" style=\"\">\n\t\t<ul class=\"slides\">\n\t\t\t\n\t\t\t\t\t\t\t\t\t\t\t\t\t\t<li>\n\n<div  class=\"fusion-image-wrapper\" aria-haspopup=\"true\">\n\t\n\t\n\t\t\n\t\t\t\t\t<img loading=\"lazy\" decoding=\"async\" width=\"900\" height=\"589\" src=\"https:\/\/abayanalistas.net\/en\/wp-content\/uploads\/redes-inteligentes.jpg\" class=\"attachment-full size-full wp-post-image\" alt=\"\" srcset=\"https:\/\/abayanalistas.net\/en\/wp-content\/uploads\/redes-inteligentes-200x131.jpg 200w, https:\/\/abayanalistas.net\/en\/wp-content\/uploads\/redes-inteligentes-400x262.jpg 400w, https:\/\/abayanalistas.net\/en\/wp-content\/uploads\/redes-inteligentes-600x393.jpg 600w, https:\/\/abayanalistas.net\/en\/wp-content\/uploads\/redes-inteligentes-800x524.jpg 800w, https:\/\/abayanalistas.net\/en\/wp-content\/uploads\/redes-inteligentes-825x540.jpg 825w, https:\/\/abayanalistas.net\/en\/wp-content\/uploads\/redes-inteligentes.jpg 900w\" sizes=\"(max-width: 900px) 100vw, 900px\" \/>\n\t\n\n\t\t<div class=\"fusion-rollover\">\n\t<div class=\"fusion-rollover-content\">\n\n\t\t\t\t\t\t\t\t\t\t\t\t\t\t<a class=\"fusion-rollover-link\" href=\"https:\/\/abayanalistas.net\/en\/inteligencia-analitica-dirigido-a-la-gestion-inteligente-de-redes-institucionales\/\">Inteligencia Anal\u00edtica, dirigido a la Gesti\u00f3n Inteligente de Redes Institucionales<\/a>\n\t\t\t\n\t\t\t\t\t\t\t\t\n\t\t\t\t\n\t\t\t\t\t\t\t\t\t\t\t\t<h4 class=\"fusion-rollover-title\">\n\t\t\t\t\t<a href=\"https:\/\/abayanalistas.net\/en\/inteligencia-analitica-dirigido-a-la-gestion-inteligente-de-redes-institucionales\/\">\n\t\t\t\t\t\tInteligencia Anal\u00edtica, dirigido a la Gesti\u00f3n Inteligente de Redes Institucionales\t\t\t\t\t<\/a>\n\t\t\t\t<\/h4>\n\t\t\t\n\t\t\t\t\t\t\t\t\n\t\t\n\t\t\t\t<a class=\"fusion-link-wrapper\" href=\"https:\/\/abayanalistas.net\/en\/inteligencia-analitica-dirigido-a-la-gestion-inteligente-de-redes-institucionales\/\" aria-label=\"Inteligencia Anal\u00edtica, dirigido a la Gesti\u00f3n Inteligente de Redes Institucionales\"><\/a>\n\t<\/div>\n<\/div>\n\n\t\n<\/div>\n<\/li>\n\t\t\t\n\t\t\t\n\t\t\t\t\t\t\t\t\t\t\t\t\t\t\t\t\t\t\t\t\t\t\t\t\t\t\t\t\t\t\t\t\t\t\t\t\t\t\t\t\t\t\t\t\t\t\t\t\t\t\t\t\t\t\t\t\t\t\t\t\t\t\t\t\t\t\t\t<\/ul>\n\t<\/div>\n\t<div class=\"fusion-post-content post-content\"><h2 class=\"blog-shortcode-post-title entry-title\"><a href=\"https:\/\/abayanalistas.net\/en\/inteligencia-analitica-dirigido-a-la-gestion-inteligente-de-redes-institucionales\/\">Inteligencia Anal\u00edtica, dirigido a la Gesti\u00f3n Inteligente de Redes Institucionales<\/a><\/h2><div class=\"fusion-post-content-container\"><p> Inteligencia Anal\u00edtica, dirigido a la Gesti\u00f3n Inteligente de Redes Institucionales Nuestro producto de\u00a0Inteligencia Anal\u00edtica, dirigido a la Gesti\u00f3n Inteligente de Redes Institucionales\u00a0y su aplicaci\u00f3n concreta en la Gesti\u00f3n Integral de la Red de Centros [...]<\/p><\/div><\/div><div class=\"fusion-clearfix\"><\/div><\/article>\n<article id=\"blog-1-post-2150\" class=\"fusion-post-medium post-2150 post type-post status-publish format-standard has-post-thumbnail hentry category-news category-report-presentations\">\n\t<style type=\"text\/css\">\n\t\t\n\t\t\n\t\t\t\t\t#blog-1-post-2150 .fusion-post-slideshow .fusion-image-wrapper img {\n\t\t\t\twidth: auto;\n\t\t\t}\n\t\t\n\t\t\n\t\t\t<\/style>\n\n\n\t\t\t<div class=\"fusion-flexslider flexslider fusion-flexslider-loading fusion-post-slideshow\" style=\"\">\n\t\t<ul class=\"slides\">\n\t\t\t\n\t\t\t\t\t\t\t\t\t\t\t\t\t\t<li>\n\n<div  class=\"fusion-image-wrapper\" aria-haspopup=\"true\">\n\t\n\t\n\t\t\n\t\t\t\t\t<img loading=\"lazy\" decoding=\"async\" width=\"900\" height=\"616\" src=\"https:\/\/abayanalistas.net\/en\/wp-content\/uploads\/iluminando-futuro.jpg\" class=\"attachment-full size-full wp-post-image\" alt=\"&quot;Iluminando el futuro&quot; - Abay Analistas\" srcset=\"https:\/\/abayanalistas.net\/en\/wp-content\/uploads\/iluminando-futuro-200x137.jpg 200w, https:\/\/abayanalistas.net\/en\/wp-content\/uploads\/iluminando-futuro-400x274.jpg 400w, https:\/\/abayanalistas.net\/en\/wp-content\/uploads\/iluminando-futuro-600x411.jpg 600w, https:\/\/abayanalistas.net\/en\/wp-content\/uploads\/iluminando-futuro-789x540.jpg 789w, https:\/\/abayanalistas.net\/en\/wp-content\/uploads\/iluminando-futuro-800x548.jpg 800w, https:\/\/abayanalistas.net\/en\/wp-content\/uploads\/iluminando-futuro.jpg 900w\" sizes=\"(max-width: 900px) 100vw, 900px\" \/>\n\t\n\n\t\t<div class=\"fusion-rollover\">\n\t<div class=\"fusion-rollover-content\">\n\n\t\t\t\t\t\t\t\t\t\t\t\t\t\t<a class=\"fusion-rollover-link\" href=\"https:\/\/abayanalistas.net\/en\/resultados-del-estudio-iluminando-el-futuro\/\">Resultados del estudio &#8220;Iluminando el futuro&#8221;<\/a>\n\t\t\t\n\t\t\t\t\t\t\t\t\n\t\t\t\t\n\t\t\t\t\t\t\t\t\t\t\t\t<h4 class=\"fusion-rollover-title\">\n\t\t\t\t\t<a href=\"https:\/\/abayanalistas.net\/en\/resultados-del-estudio-iluminando-el-futuro\/\">\n\t\t\t\t\t\tResultados del estudio &#8220;Iluminando el futuro&#8221;\t\t\t\t\t<\/a>\n\t\t\t\t<\/h4>\n\t\t\t\n\t\t\t\t\t\t\t\t\n\t\t\n\t\t\t\t<a class=\"fusion-link-wrapper\" href=\"https:\/\/abayanalistas.net\/en\/resultados-del-estudio-iluminando-el-futuro\/\" aria-label=\"Resultados del estudio &#8220;Iluminando el futuro&#8221;\"><\/a>\n\t<\/div>\n<\/div>\n\n\t\n<\/div>\n<\/li>\n\t\t\t\n\t\t\t\n\t\t\t\t\t\t\t\t\t\t\t\t\t\t\t\t\t\t\t\t\t\t\t\t\t\t\t\t\t\t\t\t\t\t\t\t\t\t\t\t\t\t\t\t\t\t\t\t\t\t\t\t\t\t\t\t\t\t\t\t\t\t\t\t\t\t\t\t<\/ul>\n\t<\/div>\n\t<div class=\"fusion-post-content post-content\"><h2 class=\"blog-shortcode-post-title entry-title\"><a href=\"https:\/\/abayanalistas.net\/en\/resultados-del-estudio-iluminando-el-futuro\/\">Resultados del estudio &#8220;Iluminando el futuro&#8221;<\/a><\/h2><div class=\"fusion-post-content-container\"><p>La prensa se hace eco de los resultados del estudio \"Iluminando el futuro\" en el que hemos colaborado con Save the Children. \u00a0Entre los numerosos medios que recogen la informaci\u00f3n se encuentran:   europa [...]<\/p><\/div><\/div><div class=\"fusion-clearfix\"><\/div><\/article>\n<article id=\"blog-1-post-2141\" class=\"fusion-post-medium post-2141 post type-post status-publish format-standard has-post-thumbnail hentry category-mentions\">\n\t<style type=\"text\/css\">\n\t\t\n\t\t\n\t\t\n\t\t\n\t\t\t<\/style>\n\n\n\t\t\t<div class=\"fusion-flexslider flexslider fusion-flexslider-loading fusion-post-slideshow\" style=\"\">\n\t\t<ul class=\"slides\">\n\t\t\t\n\t\t\t\t\t\t\t\t\t\t\t\t\t\t<li>\n\n<div  class=\"fusion-image-wrapper fusion-image-size-fixed\" aria-haspopup=\"true\">\n\t\n\t\n\t\t\n\t\t\t\t\t<img loading=\"lazy\" decoding=\"async\" width=\"320\" height=\"202\" src=\"https:\/\/abayanalistas.net\/en\/wp-content\/uploads\/premios-cnis-320x202.jpg\" class=\"attachment-blog-medium size-blog-medium wp-post-image\" alt=\"\" srcset=\"https:\/\/abayanalistas.net\/en\/wp-content\/uploads\/premios-cnis-320x202.jpg 320w, https:\/\/abayanalistas.net\/en\/wp-content\/uploads\/premios-cnis-700x441.jpg 700w\" sizes=\"(max-width: 320px) 100vw, 320px\" \/>\n\t\n\n\t\t<div class=\"fusion-rollover\">\n\t<div class=\"fusion-rollover-content\">\n\n\t\t\t\t\t\t\t\t\t\t\t\t\t\t<a class=\"fusion-rollover-link\" href=\"https:\/\/abayanalistas.net\/en\/abay-es-finalista-en-la-v-edicion-de-los-premios-cnis\/\">Abay es finalista en la V Edici\u00f3n de los Premios CNIS<\/a>\n\t\t\t\n\t\t\t\t\t\t\t\t\n\t\t\t\t\n\t\t\t\t\t\t\t\t\t\t\t\t<h4 class=\"fusion-rollover-title\">\n\t\t\t\t\t<a href=\"https:\/\/abayanalistas.net\/en\/abay-es-finalista-en-la-v-edicion-de-los-premios-cnis\/\">\n\t\t\t\t\t\tAbay es finalista en la V Edici\u00f3n de los Premios CNIS\t\t\t\t\t<\/a>\n\t\t\t\t<\/h4>\n\t\t\t\n\t\t\t\t\t\t\t\t\n\t\t\n\t\t\t\t<a class=\"fusion-link-wrapper\" href=\"https:\/\/abayanalistas.net\/en\/abay-es-finalista-en-la-v-edicion-de-los-premios-cnis\/\" aria-label=\"Abay es finalista en la V Edici\u00f3n de los Premios CNIS\"><\/a>\n\t<\/div>\n<\/div>\n\n\t\n<\/div>\n<\/li>\n\t\t\t\n\t\t\t\n\t\t\t\t\t\t\t\t\t\t\t\t\t\t\t\t\t\t\t\t\t\t\t\t\t\t\t\t\t\t\t\t\t\t\t\t\t\t\t\t\t\t\t\t\t\t\t\t\t\t\t\t\t\t\t\t\t\t\t\t\t\t\t\t\t\t\t\t<\/ul>\n\t<\/div>\n\t<div class=\"fusion-post-content post-content\"><h2 class=\"blog-shortcode-post-title entry-title\"><a href=\"https:\/\/abayanalistas.net\/en\/abay-es-finalista-en-la-v-edicion-de-los-premios-cnis\/\">Abay es finalista en la V Edici\u00f3n de los Premios CNIS<\/a><\/h2><div class=\"fusion-post-content-container\"><p>Nuestro producto de Gesti\u00f3n Inteligente de Redes Institucionales y su aplicaci\u00f3n concreta en la Gesti\u00f3n Integral de la Red de Centros Ocupacionales de la Comunidad de Madrid (GIRCO), finalista en la V Edici\u00f3n de los [...]<\/p><\/div><\/div><div class=\"fusion-clearfix\"><\/div><\/article>\n<article id=\"blog-1-post-2174\" class=\"fusion-post-medium post-2174 post type-post status-publish format-standard has-post-thumbnail hentry category-report-presentations\">\n\t<style type=\"text\/css\">\n\t\t\n\t\t\n\t\t\t\t\t#blog-1-post-2174 .fusion-post-slideshow .fusion-image-wrapper img {\n\t\t\t\twidth: auto;\n\t\t\t}\n\t\t\n\t\t\n\t\t\t<\/style>\n\n\n\t\t\t<div class=\"fusion-flexslider flexslider fusion-flexslider-loading fusion-post-slideshow\" style=\"\">\n\t\t<ul class=\"slides\">\n\t\t\t\n\t\t\t\t\t\t\t\t\t\t\t\t\t\t<li>\n\n<div  class=\"fusion-image-wrapper\" aria-haspopup=\"true\">\n\t\n\t\n\t\t\n\t\t\t\t\t<img loading=\"lazy\" decoding=\"async\" width=\"900\" height=\"900\" src=\"https:\/\/abayanalistas.net\/en\/wp-content\/uploads\/recuperacion_economica_1.jpg\" class=\"attachment-full size-full wp-post-image\" alt=\"\" srcset=\"https:\/\/abayanalistas.net\/en\/wp-content\/uploads\/recuperacion_economica_1-66x66.jpg 66w, https:\/\/abayanalistas.net\/en\/wp-content\/uploads\/recuperacion_economica_1-200x200.jpg 200w, https:\/\/abayanalistas.net\/en\/wp-content\/uploads\/recuperacion_economica_1-250x250.jpg 250w, https:\/\/abayanalistas.net\/en\/wp-content\/uploads\/recuperacion_economica_1-400x400.jpg 400w, https:\/\/abayanalistas.net\/en\/wp-content\/uploads\/recuperacion_economica_1-540x540.jpg 540w, https:\/\/abayanalistas.net\/en\/wp-content\/uploads\/recuperacion_economica_1-600x600.jpg 600w, https:\/\/abayanalistas.net\/en\/wp-content\/uploads\/recuperacion_economica_1-800x800.jpg 800w, https:\/\/abayanalistas.net\/en\/wp-content\/uploads\/recuperacion_economica_1.jpg 900w\" sizes=\"(max-width: 900px) 100vw, 900px\" \/>\n\t\n\n\t\t<div class=\"fusion-rollover\">\n\t<div class=\"fusion-rollover-content\">\n\n\t\t\t\t\t\t\t\t\t\t\t\t\t\t<a class=\"fusion-rollover-link\" href=\"https:\/\/abayanalistas.net\/en\/estudios-realizados-para-greenpeace-espana\/\">Estudios realizados para Greenpeace Espa\u00f1a<\/a>\n\t\t\t\n\t\t\t\t\t\t\t\t\n\t\t\t\t\n\t\t\t\t\t\t\t\t\t\t\t\t<h4 class=\"fusion-rollover-title\">\n\t\t\t\t\t<a href=\"https:\/\/abayanalistas.net\/en\/estudios-realizados-para-greenpeace-espana\/\">\n\t\t\t\t\t\tEstudios realizados para Greenpeace Espa\u00f1a\t\t\t\t\t<\/a>\n\t\t\t\t<\/h4>\n\t\t\t\n\t\t\t\t\t\t\t\t\n\t\t\n\t\t\t\t<a class=\"fusion-link-wrapper\" href=\"https:\/\/abayanalistas.net\/en\/estudios-realizados-para-greenpeace-espana\/\" aria-label=\"Estudios realizados para Greenpeace Espa\u00f1a\"><\/a>\n\t<\/div>\n<\/div>\n\n\t\n<\/div>\n<\/li>\n\t\t\t\n\t\t\t\n\t\t\t\t\t\t\t\t\t\t\t\t\t\t\t\t\t\t\t\t\t\t\t\t\t\t\t\t\t\t\t\t\t\t\t\t\t\t\t\t\t\t\t\t\t\t\t\t\t\t\t\t\t\t\t\t\t\t\t\t\t\t\t\t\t\t\t\t<\/ul>\n\t<\/div>\n\t<div class=\"fusion-post-content post-content\"><h2 class=\"blog-shortcode-post-title entry-title\"><a href=\"https:\/\/abayanalistas.net\/en\/estudios-realizados-para-greenpeace-espana\/\">Estudios realizados para Greenpeace Espa\u00f1a<\/a><\/h2><div class=\"fusion-post-content-container\"><p>Los estudios que realizamos para Greenpeace Espa\u00f1a \u00a0sobre el impacto de las energ\u00edas renovables en la econom\u00eda y en los hogares tuvieron amplia repercusi\u00f3n en varios medios de comunicaci\u00f3n. Entre otros:   La Vanguardia [...]<\/p><\/div><\/div><div class=\"fusion-clearfix\"><\/div><\/article>\n<article id=\"blog-1-post-2200\" class=\"fusion-post-medium post-2200 post type-post status-publish format-standard has-post-thumbnail hentry category-articles-in-journals\">\n\t<style type=\"text\/css\">\n\t\t\n\t\t\n\t\t\t\t\t#blog-1-post-2200 .fusion-post-slideshow .fusion-image-wrapper img {\n\t\t\t\twidth: auto;\n\t\t\t}\n\t\t\n\t\t\n\t\t\t<\/style>\n\n\n\t\t\t<div class=\"fusion-flexslider flexslider fusion-flexslider-loading fusion-post-slideshow\" style=\"\">\n\t\t<ul class=\"slides\">\n\t\t\t\n\t\t\t\t\t\t\t\t\t\t\t\t\t\t<li>\n\n<div  class=\"fusion-image-wrapper\" aria-haspopup=\"true\">\n\t\n\t\n\t\t\n\t\t\t\t\t<img loading=\"lazy\" decoding=\"async\" width=\"900\" height=\"1193\" src=\"https:\/\/abayanalistas.net\/en\/wp-content\/uploads\/Revista-Mar-34.jpg\" class=\"attachment-full size-full wp-post-image\" alt=\"\" srcset=\"https:\/\/abayanalistas.net\/en\/wp-content\/uploads\/Revista-Mar-34-200x265.jpg 200w, https:\/\/abayanalistas.net\/en\/wp-content\/uploads\/Revista-Mar-34-400x530.jpg 400w, https:\/\/abayanalistas.net\/en\/wp-content\/uploads\/Revista-Mar-34-407x540.jpg 407w, https:\/\/abayanalistas.net\/en\/wp-content\/uploads\/Revista-Mar-34-600x795.jpg 600w, https:\/\/abayanalistas.net\/en\/wp-content\/uploads\/Revista-Mar-34-800x1060.jpg 800w, https:\/\/abayanalistas.net\/en\/wp-content\/uploads\/Revista-Mar-34-815x1080.jpg 815w, https:\/\/abayanalistas.net\/en\/wp-content\/uploads\/Revista-Mar-34.jpg 900w\" sizes=\"(max-width: 900px) 100vw, 900px\" \/>\n\t\n\n\t\t<div class=\"fusion-rollover\">\n\t<div class=\"fusion-rollover-content\">\n\n\t\t\t\t\t\t\t\t\t\t\t\t\t\t<a class=\"fusion-rollover-link\" href=\"https:\/\/abayanalistas.net\/en\/hacia-un-modelo-pesquero-sostenible\/\">Hacia un modelo pesquero sostenible<\/a>\n\t\t\t\n\t\t\t\t\t\t\t\t\n\t\t\t\t\n\t\t\t\t\t\t\t\t\t\t\t\t<h4 class=\"fusion-rollover-title\">\n\t\t\t\t\t<a href=\"https:\/\/abayanalistas.net\/en\/hacia-un-modelo-pesquero-sostenible\/\">\n\t\t\t\t\t\tHacia un modelo pesquero sostenible\t\t\t\t\t<\/a>\n\t\t\t\t<\/h4>\n\t\t\t\n\t\t\t\t\t\t\t\t\n\t\t\n\t\t\t\t<a class=\"fusion-link-wrapper\" href=\"https:\/\/abayanalistas.net\/en\/hacia-un-modelo-pesquero-sostenible\/\" aria-label=\"Hacia un modelo pesquero sostenible\"><\/a>\n\t<\/div>\n<\/div>\n\n\t\n<\/div>\n<\/li>\n\t\t\t\n\t\t\t\n\t\t\t\t\t\t\t\t\t\t\t\t\t\t\t\t\t\t\t\t\t\t\t\t\t\t\t\t\t\t\t\t\t\t\t\t\t\t\t\t\t\t\t\t\t\t\t\t\t\t\t\t\t\t\t\t\t\t\t\t\t\t\t\t\t\t\t\t<\/ul>\n\t<\/div>\n\t<div class=\"fusion-post-content post-content\"><h2 class=\"blog-shortcode-post-title entry-title\"><a href=\"https:\/\/abayanalistas.net\/en\/hacia-un-modelo-pesquero-sostenible\/\">Hacia un modelo pesquero sostenible<\/a><\/h2><div class=\"fusion-post-content-container\"><p>\"Hacia un modelo pesquero sostenible\" art\u00edculo sobre\u00a0nuestro estudio \"Empleo a Bordo. El impacto socioecon\u00f3mico de un modelo pesquero sostenible en Espa\u00f1a\" publicado en la Revista MAR de la Seguridad Social (n\u00ba 536, Abril de 2014) [...]<\/p><\/div><\/div><div class=\"fusion-clearfix\"><\/div><\/article>\n<article id=\"blog-1-post-2209\" class=\"fusion-post-medium post-2209 post type-post status-publish format-standard has-post-thumbnail hentry category-news\">\n\t<style type=\"text\/css\">\n\t\t\n\t\t\n\t\t\n\t\t\n\t\t\t<\/style>\n\n\n\t\t\t<div class=\"fusion-flexslider flexslider fusion-flexslider-loading fusion-post-slideshow\" style=\"\">\n\t\t<ul class=\"slides\">\n\t\t\t\n\t\t\t\t\t\t\t\t\t\t\t\t\t\t<li>\n\n<div  class=\"fusion-image-wrapper fusion-image-size-fixed\" aria-haspopup=\"true\">\n\t\n\t\n\t\t\n\t\t\t\t\t<img loading=\"lazy\" decoding=\"async\" width=\"320\" height=\"202\" src=\"https:\/\/abayanalistas.net\/en\/wp-content\/uploads\/Maribel-320x202.jpg\" class=\"attachment-blog-medium size-blog-medium wp-post-image\" alt=\"\" srcset=\"https:\/\/abayanalistas.net\/en\/wp-content\/uploads\/Maribel-320x202.jpg 320w, https:\/\/abayanalistas.net\/en\/wp-content\/uploads\/Maribel-700x441.jpg 700w\" sizes=\"(max-width: 320px) 100vw, 320px\" \/>\n\t\n\n\t\t<div class=\"fusion-rollover\">\n\t<div class=\"fusion-rollover-content\">\n\n\t\t\t\t\t\t\t\t\t\t\t\t\t\t<a class=\"fusion-rollover-link\" href=\"https:\/\/abayanalistas.net\/en\/el-transito-hacia-un-modelo-pesquero-sostenible-y-su-impacto-socioeconomico\/\">El tr\u00e1nsito hacia un modelo pesquero sostenible y su impacto socioecon\u00f3mico<\/a>\n\t\t\t\n\t\t\t\t\t\t\t\t\n\t\t\t\t\n\t\t\t\t\t\t\t\t\t\t\t\t<h4 class=\"fusion-rollover-title\">\n\t\t\t\t\t<a href=\"https:\/\/abayanalistas.net\/en\/el-transito-hacia-un-modelo-pesquero-sostenible-y-su-impacto-socioeconomico\/\">\n\t\t\t\t\t\tEl tr\u00e1nsito hacia un modelo pesquero sostenible y su impacto socioecon\u00f3mico\t\t\t\t\t<\/a>\n\t\t\t\t<\/h4>\n\t\t\t\n\t\t\t\t\t\t\t\t\n\t\t\n\t\t\t\t<a class=\"fusion-link-wrapper\" href=\"https:\/\/abayanalistas.net\/en\/el-transito-hacia-un-modelo-pesquero-sostenible-y-su-impacto-socioeconomico\/\" aria-label=\"El tr\u00e1nsito hacia un modelo pesquero sostenible y su impacto socioecon\u00f3mico\"><\/a>\n\t<\/div>\n<\/div>\n\n\t\n<\/div>\n<\/li>\n\t\t\t\n\t\t\t\n\t\t\t\t\t\t\t\t\t\t\t\t\t\t\t\t\t\t\t\t\t\t\t\t\t\t\t\t\t\t\t\t\t\t\t\t\t\t\t\t\t\t\t\t\t\t\t\t\t\t\t\t\t\t\t\t\t\t\t\t\t\t\t\t\t\t\t\t<\/ul>\n\t<\/div>\n\t<div class=\"fusion-post-content post-content\"><h2 class=\"blog-shortcode-post-title entry-title\"><a href=\"https:\/\/abayanalistas.net\/en\/el-transito-hacia-un-modelo-pesquero-sostenible-y-su-impacto-socioeconomico\/\">El tr\u00e1nsito hacia un modelo pesquero sostenible y su impacto socioecon\u00f3mico<\/a><\/h2><div class=\"fusion-post-content-container\"><p>\"El tr\u00e1nsito hacia un modelo pesquero sostenible y su impacto socioecon\u00f3mico\". El post en el Blog de Econom\u00eda de El Pa\u00eds de nuestro estudio \"Empleo a Bordo. El impacto socioecon\u00f3mico de un modelo pesquero sostenible [...]<\/p><\/div><\/div><div class=\"fusion-clearfix\"><\/div><\/article>\n<article id=\"blog-1-post-2218\" class=\"fusion-post-medium post-2218 post type-post status-publish format-standard has-post-thumbnail hentry category-report-presentations\">\n\t<style type=\"text\/css\">\n\t\t\n\t\t\n\t\t\n\t\t\n\t\t\t<\/style>\n\n\n\t\t\t<div class=\"fusion-flexslider flexslider fusion-flexslider-loading fusion-post-slideshow\" style=\"\">\n\t\t<ul class=\"slides\">\n\t\t\t\n\t\t\t\t\t\t\t\t\t\t\t\t\t\t<li>\n\n<div  class=\"fusion-image-wrapper fusion-image-size-fixed\" aria-haspopup=\"true\">\n\t\n\t\n\t\t\n\t\t\t\t\t<img loading=\"lazy\" decoding=\"async\" width=\"320\" height=\"202\" src=\"https:\/\/abayanalistas.net\/en\/wp-content\/uploads\/empleo-video-320x202.jpg\" class=\"attachment-blog-medium size-blog-medium wp-post-image\" alt=\"Infografia Empleo a Bordo\" srcset=\"https:\/\/abayanalistas.net\/en\/wp-content\/uploads\/empleo-video-320x202.jpg 320w, https:\/\/abayanalistas.net\/en\/wp-content\/uploads\/empleo-video-700x441.jpg 700w\" sizes=\"(max-width: 320px) 100vw, 320px\" \/>\n\t\n\n\t\t<div class=\"fusion-rollover\">\n\t<div class=\"fusion-rollover-content\">\n\n\t\t\t\t\t\t\t\t\t\t\t\t\t\t<a class=\"fusion-rollover-link\" href=\"https:\/\/abayanalistas.net\/en\/la-infografia-animada-de-greenpeace-con-datos-de-nuestro-estudio-empleo-a-bordo\/\">Greenpeace realiza una infograf\u00eda animada a partir de los datos del estudio &#8220;Empleo A Bordo&#8221;<\/a>\n\t\t\t\n\t\t\t\t\t\t\t\t\n\t\t\t\t\n\t\t\t\t\t\t\t\t\t\t\t\t<h4 class=\"fusion-rollover-title\">\n\t\t\t\t\t<a href=\"https:\/\/abayanalistas.net\/en\/la-infografia-animada-de-greenpeace-con-datos-de-nuestro-estudio-empleo-a-bordo\/\">\n\t\t\t\t\t\tGreenpeace realiza una infograf\u00eda animada a partir de los datos del estudio &#8220;Empleo A Bordo&#8221;\t\t\t\t\t<\/a>\n\t\t\t\t<\/h4>\n\t\t\t\n\t\t\t\t\t\t\t\t\n\t\t\n\t\t\t\t<a class=\"fusion-link-wrapper\" href=\"https:\/\/abayanalistas.net\/en\/la-infografia-animada-de-greenpeace-con-datos-de-nuestro-estudio-empleo-a-bordo\/\" aria-label=\"Greenpeace realiza una infograf\u00eda animada a partir de los datos del estudio &#8220;Empleo A Bordo&#8221;\"><\/a>\n\t<\/div>\n<\/div>\n\n\t\n<\/div>\n<\/li>\n\t\t\t\n\t\t\t\n\t\t\t\t\t\t\t\t\t\t\t\t\t\t\t\t\t\t\t\t\t\t\t\t\t\t\t\t\t\t\t\t\t\t\t\t\t\t\t\t\t\t\t\t\t\t\t\t\t\t\t\t\t\t\t\t\t\t\t\t\t\t\t\t\t\t\t\t<\/ul>\n\t<\/div>\n\t<div class=\"fusion-post-content post-content\"><h2 class=\"blog-shortcode-post-title entry-title\"><a href=\"https:\/\/abayanalistas.net\/en\/la-infografia-animada-de-greenpeace-con-datos-de-nuestro-estudio-empleo-a-bordo\/\">Greenpeace realiza una infograf\u00eda animada a partir de los datos del estudio &#8220;Empleo A Bordo&#8221;<\/a><\/h2><div class=\"fusion-post-content-container\"><p>Greenpeace realiza una infograf\u00eda animada con los datos del estudio de Abay Analistas Econ\u00f3micos, \"Empleo A Bordo. Impacto socioecon\u00f3mico de un modelo pesquero sostenible en Espa\u00f1a\", y la publica en el canal de youtube de [...]<\/p><\/div><\/div><div class=\"fusion-clearfix\"><\/div><\/article>\n<article id=\"blog-1-post-2222\" class=\"fusion-post-medium post-2222 post type-post status-publish format-standard has-post-thumbnail hentry category-report-presentations\">\n\t<style type=\"text\/css\">\n\t\t\n\t\t\n\t\t\t\t\t#blog-1-post-2222 .fusion-post-slideshow .fusion-image-wrapper img {\n\t\t\t\twidth: auto;\n\t\t\t}\n\t\t\n\t\t\n\t\t\t<\/style>\n\n\n\t\t\t<div class=\"fusion-flexslider flexslider fusion-flexslider-loading fusion-post-slideshow\" style=\"\">\n\t\t<ul class=\"slides\">\n\t\t\t\n\t\t\t\t\t\t\t\t\t\t\t\t\t\t<li>\n\n<div  class=\"fusion-image-wrapper\" aria-haspopup=\"true\">\n\t\n\t\n\t\t\n\t\t\t\t\t<img loading=\"lazy\" decoding=\"async\" width=\"741\" height=\"841\" src=\"https:\/\/abayanalistas.net\/en\/wp-content\/uploads\/discurso.jpg\" class=\"attachment-full size-full wp-post-image\" alt=\"\" srcset=\"https:\/\/abayanalistas.net\/en\/wp-content\/uploads\/discurso-200x227.jpg 200w, https:\/\/abayanalistas.net\/en\/wp-content\/uploads\/discurso-400x454.jpg 400w, https:\/\/abayanalistas.net\/en\/wp-content\/uploads\/discurso-476x540.jpg 476w, https:\/\/abayanalistas.net\/en\/wp-content\/uploads\/discurso-600x681.jpg 600w, https:\/\/abayanalistas.net\/en\/wp-content\/uploads\/discurso.jpg 741w\" sizes=\"(max-width: 741px) 100vw, 741px\" \/>\n\t\n\n\t\t<div class=\"fusion-rollover\">\n\t<div class=\"fusion-rollover-content\">\n\n\t\t\t\t\t\t\t\t\t\t\t\t\t\t<a class=\"fusion-rollover-link\" href=\"https:\/\/abayanalistas.net\/en\/discurso-de-presentacion-del-capitulo-del-informe-espana-dedicado-al-impacto-de-la-crisis-sobre-las-mujeres-espanolas\/\">Discurso de presentaci\u00f3n del cap\u00edtulo del Informe Espa\u00f1a dedicado al impacto de la crisis sobre las mujeres espa\u00f1olas<\/a>\n\t\t\t\n\t\t\t\t\t\t\t\t\n\t\t\t\t\n\t\t\t\t\t\t\t\t\t\t\t\t<h4 class=\"fusion-rollover-title\">\n\t\t\t\t\t<a href=\"https:\/\/abayanalistas.net\/en\/discurso-de-presentacion-del-capitulo-del-informe-espana-dedicado-al-impacto-de-la-crisis-sobre-las-mujeres-espanolas\/\">\n\t\t\t\t\t\tDiscurso de presentaci\u00f3n del cap\u00edtulo del Informe Espa\u00f1a dedicado al impacto de la crisis sobre las mujeres espa\u00f1olas\t\t\t\t\t<\/a>\n\t\t\t\t<\/h4>\n\t\t\t\n\t\t\t\t\t\t\t\t\n\t\t\n\t\t\t\t<a class=\"fusion-link-wrapper\" href=\"https:\/\/abayanalistas.net\/en\/discurso-de-presentacion-del-capitulo-del-informe-espana-dedicado-al-impacto-de-la-crisis-sobre-las-mujeres-espanolas\/\" aria-label=\"Discurso de presentaci\u00f3n del cap\u00edtulo del Informe Espa\u00f1a dedicado al impacto de la crisis sobre las mujeres espa\u00f1olas\"><\/a>\n\t<\/div>\n<\/div>\n\n\t\n<\/div>\n<\/li>\n\t\t\t\n\t\t\t\n\t\t\t\t\t\t\t\t\t\t\t\t\t\t\t\t\t\t\t\t\t\t\t\t\t\t\t\t\t\t\t\t\t\t\t\t\t\t\t\t\t\t\t\t\t\t\t\t\t\t\t\t\t\t\t\t\t\t\t\t\t\t\t\t\t\t\t\t<\/ul>\n\t<\/div>\n\t<div class=\"fusion-post-content post-content\"><h2 class=\"blog-shortcode-post-title entry-title\"><a href=\"https:\/\/abayanalistas.net\/en\/discurso-de-presentacion-del-capitulo-del-informe-espana-dedicado-al-impacto-de-la-crisis-sobre-las-mujeres-espanolas\/\">Discurso de presentaci\u00f3n del cap\u00edtulo del Informe Espa\u00f1a dedicado al impacto de la crisis sobre las mujeres espa\u00f1olas<\/a><\/h2><div class=\"fusion-post-content-container\"><p>Maribel Mart\u00ednez Mart\u00edn y Nuria Guill\u00f3 Rodr\u00edguez presentan el informe de Abay Analistas Econ\u00f3micos y Sociales en la Fundaci\u00f3n Encuentro. VER INFORME RELACIONADO VER DISCURSO    <\/p><\/div><\/div><div class=\"fusion-clearfix\"><\/div><\/article>\n<\/div><div class=\"fusion-infinite-scroll-trigger\"><\/div><div class=\"pagination infinite-scroll clearfix\" style=\"display:none;\"><span class=\"current\">1<\/span><a href=\"https:\/\/abayanalistas.net\/en\/wp-json\/wp\/v2\/pages\/444\/page\/2\/\" class=\"inactive\">2<\/a><a class=\"pagination-next\" href=\"https:\/\/abayanalistas.net\/en\/wp-json\/wp\/v2\/pages\/444\/page\/2\/\"><span class=\"page-text\">Next<\/span><span class=\"page-next\"><\/span><\/a><\/div><div class=\"fusion-clearfix\"><\/div><\/div><div class=\"fusion-clearfix\"><\/div>\n\n\t\t\t\t\t<\/div>\n\t\t\t\t<\/div><\/div><\/div>\n","protected":false},"excerpt":{"rendered":"","protected":false},"author":1,"featured_media":0,"parent":0,"menu_order":0,"comment_status":"closed","ping_status":"open","template":"","meta":{"footnotes":""},"_links":{"self":[{"href":"https:\/\/abayanalistas.net\/en\/wp-json\/wp\/v2\/pages\/444"}],"collection":[{"href":"https:\/\/abayanalistas.net\/en\/wp-json\/wp\/v2\/pages"}],"about":[{"href":"https:\/\/abayanalistas.net\/en\/wp-json\/wp\/v2\/types\/page"}],"author":[{"embeddable":true,"href":"https:\/\/abayanalistas.net\/en\/wp-json\/wp\/v2\/users\/1"}],"replies":[{"embeddable":true,"href":"https:\/\/abayanalistas.net\/en\/wp-json\/wp\/v2\/comments?post=444"}],"version-history":[{"count":34,"href":"https:\/\/abayanalistas.net\/en\/wp-json\/wp\/v2\/pages\/444\/revisions"}],"predecessor-version":[{"id":2917,"href":"https:\/\/abayanalistas.net\/en\/wp-json\/wp\/v2\/pages\/444\/revisions\/2917"}],"wp:attachment":[{"href":"https:\/\/abayanalistas.net\/en\/wp-json\/wp\/v2\/media?parent=444"}],"curies":[{"name":"wp","href":"https:\/\/api.w.org\/{rel}","templated":true}]}}