{"id":2493,"date":"2016-08-19T12:08:49","date_gmt":"2016-08-19T12:08:49","guid":{"rendered":"http:\/\/abayanalistas.net\/en\/?page_id=2493"},"modified":"2016-11-22T10:48:00","modified_gmt":"2016-11-22T10:48:00","slug":"academic-journals","status":"publish","type":"page","link":"https:\/\/abayanalistas.net\/en\/academic-journals\/","title":{"rendered":"ACADEMIC JOURNALS"},"content":{"rendered":"<div class=\"fusion-fullwidth fullwidth-box nonhundred-percent-fullwidth non-hundred-percent-height-scrolling\"  style='background-color: rgba(255,255,255,0);background-position: left top;background-repeat: no-repeat;padding-top:20px;padding-right:0px;padding-bottom:20px;padding-left:0px;border-top-width:0px;border-bottom-width:0px;border-color:#eae9e9;border-top-style:solid;border-bottom-style:solid;'><div class=\"fusion-builder-row fusion-row \"><div  class=\"fusion-layout-column fusion_builder_column fusion_builder_column_1_1  fusion-one-full fusion-column-first fusion-column-last fusion-column-no-min-height 1_1\"  style='margin-top:0px;margin-bottom:0px;'>\n\t\t\t\t\t<div class=\"fusion-column-wrapper\" style=\"background-position:left top;background-repeat:no-repeat;-webkit-background-size:cover;-moz-background-size:cover;-o-background-size:cover;background-size:cover;\"   data-bg-url=\"\">\n\t\t\t\t\t\t<div class=\"fusion-blog-shortcode fusion-blog-shortcode-1 fusion-blog-archive fusion-blog-layout-medium-alternate fusion-blog-no\"><div class=\"fusion-posts-container fusion-posts-container-no fusion-blog-rollover\" data-pages=\"0\"><article id=\"blog-1-post-2970\" class=\"fusion-post-medium-alternate post-2970 post type-post status-publish format-standard has-post-thumbnail hentry category-academic-journals\">\n<div class=\"fusion-date-and-formats\"><div class=\"fusion-date-box updated\"><span class=\"fusion-date\">31<\/span><span class=\"fusion-month-year\">01, 2017<\/span><\/div><div class=\"fusion-format-box\"><i class=\"fusion-icon-pen\"><\/i><\/div><\/div>\t<style type=\"text\/css\">\n\t\t\n\t\t\n\t\t\t\t\t#blog-1-post-2970 .fusion-post-slideshow .fusion-image-wrapper img {\n\t\t\t\twidth: auto;\n\t\t\t}\n\t\t\n\t\t\n\t\t\t<\/style>\n\n\n\t\t\t<div class=\"fusion-flexslider flexslider fusion-flexslider-loading fusion-post-slideshow\" style=\"\">\n\t\t<ul class=\"slides\">\n\t\t\t\n\t\t\t\t\t\t\t\t\t\t\t\t\t\t<li>\n\n<div  class=\"fusion-image-wrapper\" aria-haspopup=\"true\">\n\t\n\t\n\t\t\n\t\t\t\t\t<img loading=\"lazy\" decoding=\"async\" width=\"900\" height=\"1218\" src=\"https:\/\/abayanalistas.net\/en\/wp-content\/uploads\/CIRIEC_8802_Santero-1.jpg\" class=\"attachment-full size-full wp-post-image\" alt=\"\" srcset=\"https:\/\/abayanalistas.net\/en\/wp-content\/uploads\/CIRIEC_8802_Santero-1-200x271.jpg 200w, https:\/\/abayanalistas.net\/en\/wp-content\/uploads\/CIRIEC_8802_Santero-1-399x540.jpg 399w, https:\/\/abayanalistas.net\/en\/wp-content\/uploads\/CIRIEC_8802_Santero-1-400x541.jpg 400w, https:\/\/abayanalistas.net\/en\/wp-content\/uploads\/CIRIEC_8802_Santero-1-600x812.jpg 600w, https:\/\/abayanalistas.net\/en\/wp-content\/uploads\/CIRIEC_8802_Santero-1-798x1080.jpg 798w, https:\/\/abayanalistas.net\/en\/wp-content\/uploads\/CIRIEC_8802_Santero-1-800x1083.jpg 800w, https:\/\/abayanalistas.net\/en\/wp-content\/uploads\/CIRIEC_8802_Santero-1.jpg 900w\" sizes=\"(max-width: 900px) 100vw, 900px\" \/>\n\t\n\n\t\t<div class=\"fusion-rollover\">\n\t<div class=\"fusion-rollover-content\">\n\n\t\t\t\t\t\t\t\t\t\t\t\t\t\t<a class=\"fusion-rollover-link\" href=\"https:\/\/abayanalistas.net\/en\/integration-people-disabilities-social-economy-facilitating-elements-obstacles-detected\/\">Integration of people with disabilities in the Social Economy. Facilitating elements and obstacles detected<\/a>\n\t\t\t\n\t\t\t\t\t\t\t\t\n\t\t\t\t\n\t\t\t\t\t\t\t\t\t\t\t\t<h4 class=\"fusion-rollover-title\">\n\t\t\t\t\t<a href=\"https:\/\/abayanalistas.net\/en\/integration-people-disabilities-social-economy-facilitating-elements-obstacles-detected\/\">\n\t\t\t\t\t\tIntegration of people with disabilities in the Social Economy. Facilitating elements and obstacles detected\t\t\t\t\t<\/a>\n\t\t\t\t<\/h4>\n\t\t\t\n\t\t\t\t\t\t\t\t\n\t\t\n\t\t\t\t<a class=\"fusion-link-wrapper\" href=\"https:\/\/abayanalistas.net\/en\/integration-people-disabilities-social-economy-facilitating-elements-obstacles-detected\/\" aria-label=\"Integration of people with disabilities in the Social Economy. Facilitating elements and obstacles detected\"><\/a>\n\t<\/div>\n<\/div>\n\n\t\n<\/div>\n<\/li>\n\t\t\t\n\t\t\t\n\t\t\t\t\t\t\t\t\t\t\t\t\t\t\t\t\t\t\t\t\t\t\t\t\t\t\t\t\t\t\t\t\t\t\t\t\t\t\t\t\t\t\t\t\t\t\t\t\t\t\t\t\t\t\t\t\t\t\t\t\t\t\t\t\t\t\t\t<\/ul>\n\t<\/div>\n\t<div class=\"fusion-post-content post-content\"><h2 class=\"blog-shortcode-post-title entry-title\"><a href=\"https:\/\/abayanalistas.net\/en\/integration-people-disabilities-social-economy-facilitating-elements-obstacles-detected\/\">Integration of people with disabilities in the Social Economy. Facilitating elements and obstacles detected<\/a><\/h2><p class=\"fusion-single-line-meta\">By <span class=\"vcard\"><span class=\"fn\"><a href=\"https:\/\/abayanalistas.net\/en\/author\/abay\/\" title=\"Posts by Abay\" rel=\"author\">Abay<\/a><\/span><\/span><span class=\"fusion-inline-sep\">|<\/span><span class=\"updated\" style=\"display:none;\">2017-01-31T15:52:14+00:00<\/span><span>31 January  2017<\/span><span class=\"fusion-inline-sep\">|<\/span><span class=\"fusion-comments\"><span>Comments Off<span class=\"screen-reader-text\"> on Integration of people with disabilities in the Social Economy. Facilitating elements and obstacles detected<\/span><\/span><\/span><\/p><div class=\"fusion-post-content-container\"><p>  Santero, R .; Castro, B, Mart\u00ednez, M.I. And Guill\u00f3, N. (2016): \"Integration of people with disabilities in the Social Economy. Facilitating elements and obstacles detected in the incorporation of the collective \", CIRIEC-Spain, [...]<\/p><\/div><\/div><div class=\"fusion-clearfix\"><\/div><div class=\"fusion-meta-info\"><div class=\"fusion-alignright\"><a class=\"fusion-read-more\" href=\"https:\/\/abayanalistas.net\/en\/integration-people-disabilities-social-economy-facilitating-elements-obstacles-detected\/\">Read More<\/a><\/div><\/div><\/article>\n<article id=\"blog-1-post-2962\" class=\"fusion-post-medium-alternate post-2962 post type-post status-publish format-standard has-post-thumbnail hentry category-academic-journals\">\n<div class=\"fusion-date-and-formats\"><div class=\"fusion-date-box updated\"><span class=\"fusion-date\">24<\/span><span class=\"fusion-month-year\">01, 2017<\/span><\/div><div class=\"fusion-format-box\"><i class=\"fusion-icon-pen\"><\/i><\/div><\/div>\t<style type=\"text\/css\">\n\t\t\n\t\t\n\t\t\t\t\t#blog-1-post-2962 .fusion-post-slideshow .fusion-image-wrapper img {\n\t\t\t\twidth: auto;\n\t\t\t}\n\t\t\n\t\t\n\t\t\t<\/style>\n\n\n\t\t\t<div class=\"fusion-flexslider flexslider fusion-flexslider-loading fusion-post-slideshow\" style=\"\">\n\t\t<ul class=\"slides\">\n\t\t\t\n\t\t\t\t\t\t\t\t\t\t\t\t\t\t<li>\n\n<div  class=\"fusion-image-wrapper\" aria-haspopup=\"true\">\n\t\n\t\n\t\t\n\t\t\t\t\t<img loading=\"lazy\" decoding=\"async\" width=\"900\" height=\"1325\" src=\"https:\/\/abayanalistas.net\/en\/wp-content\/uploads\/A-Camara.png\" class=\"attachment-full size-full wp-post-image\" alt=\"Academic Journal\" srcset=\"https:\/\/abayanalistas.net\/en\/wp-content\/uploads\/A-Camara-200x294.png 200w, https:\/\/abayanalistas.net\/en\/wp-content\/uploads\/A-Camara-367x540.png 367w, https:\/\/abayanalistas.net\/en\/wp-content\/uploads\/A-Camara-400x589.png 400w, https:\/\/abayanalistas.net\/en\/wp-content\/uploads\/A-Camara-600x883.png 600w, https:\/\/abayanalistas.net\/en\/wp-content\/uploads\/A-Camara-734x1080.png 734w, https:\/\/abayanalistas.net\/en\/wp-content\/uploads\/A-Camara-800x1178.png 800w, https:\/\/abayanalistas.net\/en\/wp-content\/uploads\/A-Camara.png 900w\" sizes=\"(max-width: 900px) 100vw, 900px\" \/>\n\t\n\n\t\t<div class=\"fusion-rollover\">\n\t<div class=\"fusion-rollover-content\">\n\n\t\t\t\t\t\t\t\t\t\t\t\t\t\t<a class=\"fusion-rollover-link\" href=\"https:\/\/abayanalistas.net\/en\/impact-development-co2-capture-transport-storage-technologies-electricity-sector\/\">Impact of the development of CO2 capture, transport and storage technologies in the electricity sector<\/a>\n\t\t\t\n\t\t\t\t\t\t\t\t\n\t\t\t\t\n\t\t\t\t\t\t\t\t\t\t\t\t<h4 class=\"fusion-rollover-title\">\n\t\t\t\t\t<a href=\"https:\/\/abayanalistas.net\/en\/impact-development-co2-capture-transport-storage-technologies-electricity-sector\/\">\n\t\t\t\t\t\tImpact of the development of CO2 capture, transport and storage technologies in the electricity sector\t\t\t\t\t<\/a>\n\t\t\t\t<\/h4>\n\t\t\t\n\t\t\t\t\t\t\t\t\n\t\t\n\t\t\t\t<a class=\"fusion-link-wrapper\" href=\"https:\/\/abayanalistas.net\/en\/impact-development-co2-capture-transport-storage-technologies-electricity-sector\/\" aria-label=\"Impact of the development of CO2 capture, transport and storage technologies in the electricity sector\"><\/a>\n\t<\/div>\n<\/div>\n\n\t\n<\/div>\n<\/li>\n\t\t\t\n\t\t\t\n\t\t\t\t\t\t\t\t\t\t\t\t\t\t\t\t\t\t\t\t\t\t\t\t\t\t\t\t\t\t\t\t\t\t\t\t\t\t\t\t\t\t\t\t\t\t\t\t\t\t\t\t\t\t\t\t\t\t\t\t\t\t\t\t\t\t\t\t<\/ul>\n\t<\/div>\n\t<div class=\"fusion-post-content post-content\"><h2 class=\"blog-shortcode-post-title entry-title\"><a href=\"https:\/\/abayanalistas.net\/en\/impact-development-co2-capture-transport-storage-technologies-electricity-sector\/\">Impact of the development of CO2 capture, transport and storage technologies in the electricity sector<\/a><\/h2><p class=\"fusion-single-line-meta\">By <span class=\"vcard\"><span class=\"fn\"><a href=\"https:\/\/abayanalistas.net\/en\/author\/abay\/\" title=\"Posts by Abay\" rel=\"author\">Abay<\/a><\/span><\/span><span class=\"fusion-inline-sep\">|<\/span><span class=\"updated\" style=\"display:none;\">2017-01-31T14:50:03+00:00<\/span><span>24 January  2017<\/span><span class=\"fusion-inline-sep\">|<\/span><span class=\"fusion-comments\"><span>Comments Off<span class=\"screen-reader-text\"> on Impact of the development of CO2 capture, transport and storage technologies in the electricity sector<\/span><\/span><\/span><\/p><div class=\"fusion-post-content-container\"><p>  House, A .; Santero, R .; Mart\u00ednez, M.I. And Jim\u00e9nez, J. (2017): \"Impact of the Development of CO2 Capture, Transport and Storage Technologies in the Electricity Sector\" Journal of Applied Economics, Vol. XXIV, [...]<\/p><\/div><\/div><div class=\"fusion-clearfix\"><\/div><div class=\"fusion-meta-info\"><div class=\"fusion-alignright\"><a class=\"fusion-read-more\" href=\"https:\/\/abayanalistas.net\/en\/impact-development-co2-capture-transport-storage-technologies-electricity-sector\/\">Read More<\/a><\/div><\/div><\/article>\n<article id=\"blog-1-post-2339\" class=\"fusion-post-medium-alternate post-2339 post type-post status-publish format-standard has-post-thumbnail hentry category-academic-journals\">\n<div class=\"fusion-date-and-formats\"><div class=\"fusion-date-box updated\"><span class=\"fusion-date\">14<\/span><span class=\"fusion-month-year\">08, 2016<\/span><\/div><div class=\"fusion-format-box\"><i class=\"fusion-icon-pen\"><\/i><\/div><\/div>\t<style type=\"text\/css\">\n\t\t\n\t\t\n\t\t\n\t\t\n\t\t\t<\/style>\n\n\n\t\t\t<div class=\"fusion-flexslider flexslider fusion-flexslider-loading fusion-post-slideshow\" style=\"\">\n\t\t<ul class=\"slides\">\n\t\t\t\n\t\t\t\t\t\t\t\t\t\t\t\t\t\t<li>\n\n<div  class=\"fusion-image-wrapper fusion-image-size-fixed\" aria-haspopup=\"true\">\n\t\n\t\n\t\t\n\t\t\t\t\t<img loading=\"lazy\" decoding=\"async\" width=\"320\" height=\"202\" src=\"https:\/\/abayanalistas.net\/en\/wp-content\/uploads\/pesca-320x202.jpg\" class=\"attachment-blog-medium size-blog-medium wp-post-image\" alt=\"Un an\u00e1lisis de la sostenibilidad social del sector pesquero espa\u00f1ol a trav\u00e9s del empleo\" srcset=\"https:\/\/abayanalistas.net\/en\/wp-content\/uploads\/pesca-320x202.jpg 320w, https:\/\/abayanalistas.net\/en\/wp-content\/uploads\/pesca-700x441.jpg 700w\" sizes=\"(max-width: 320px) 100vw, 320px\" \/>\n\t\n\n\t\t<div class=\"fusion-rollover\">\n\t<div class=\"fusion-rollover-content\">\n\n\t\t\t\t\t\t\t\t\t\t\t\t\t\t<a class=\"fusion-rollover-link\" href=\"https:\/\/abayanalistas.net\/en\/un-analisis-de-la-sostenibilidad-social-del-sector-pesquero-espanol-a-traves-del-empleo\/\">An analysis of the social sustainability of the Spanish fishing sector through employment<\/a>\n\t\t\t\n\t\t\t\t\t\t\t\t\n\t\t\t\t\n\t\t\t\t\t\t\t\t\t\t\t\t<h4 class=\"fusion-rollover-title\">\n\t\t\t\t\t<a href=\"https:\/\/abayanalistas.net\/en\/un-analisis-de-la-sostenibilidad-social-del-sector-pesquero-espanol-a-traves-del-empleo\/\">\n\t\t\t\t\t\tAn analysis of the social sustainability of the Spanish fishing sector through employment\t\t\t\t\t<\/a>\n\t\t\t\t<\/h4>\n\t\t\t\n\t\t\t\t\t\t\t\t\n\t\t\n\t\t\t\t<a class=\"fusion-link-wrapper\" href=\"https:\/\/abayanalistas.net\/en\/un-analisis-de-la-sostenibilidad-social-del-sector-pesquero-espanol-a-traves-del-empleo\/\" aria-label=\"An analysis of the social sustainability of the Spanish fishing sector through employment\"><\/a>\n\t<\/div>\n<\/div>\n\n\t\n<\/div>\n<\/li>\n\t\t\t\n\t\t\t\n\t\t\t\t\t\t\t\t\t\t\t\t\t\t\t\t\t\t\t\t\t\t\t\t\t\t\t\t\t\t\t\t\t\t\t\t\t\t\t\t\t\t\t\t\t\t\t\t\t\t\t\t\t\t\t\t\t\t\t\t\t\t\t\t\t\t\t\t<\/ul>\n\t<\/div>\n\t<div class=\"fusion-post-content post-content\"><h2 class=\"blog-shortcode-post-title entry-title\"><a href=\"https:\/\/abayanalistas.net\/en\/un-analisis-de-la-sostenibilidad-social-del-sector-pesquero-espanol-a-traves-del-empleo\/\">An analysis of the social sustainability of the Spanish fishing sector through employment<\/a><\/h2><p class=\"fusion-single-line-meta\">By <span class=\"vcard\"><span class=\"fn\"><a href=\"https:\/\/abayanalistas.net\/en\/author\/abay\/\" title=\"Posts by Abay\" rel=\"author\">Abay<\/a><\/span><\/span><span class=\"fusion-inline-sep\">|<\/span><span class=\"updated\" style=\"display:none;\">2017-01-24T19:54:42+00:00<\/span><span>14 August  2016<\/span><span class=\"fusion-inline-sep\">|<\/span><span class=\"fusion-comments\"><span>Comments Off<span class=\"screen-reader-text\"> on An analysis of the social sustainability of the Spanish fishing sector through employment<\/span><\/span><\/span><\/p><div class=\"fusion-post-content-container\"><p> Mart\u00ednez, M.I .; Santero, R. and Castro, R.B (2016): \"An analysis of the social sustainability of the Spanish fishing sector through employment\" Economics and Sociology Series 121. Ministry of Employment and Social Security. SEE [...]<\/p><\/div><\/div><div class=\"fusion-clearfix\"><\/div><div class=\"fusion-meta-info\"><div class=\"fusion-alignright\"><a class=\"fusion-read-more\" href=\"https:\/\/abayanalistas.net\/en\/un-analisis-de-la-sostenibilidad-social-del-sector-pesquero-espanol-a-traves-del-empleo\/\">Read More<\/a><\/div><\/div><\/article>\n<article id=\"blog-1-post-2206\" class=\"fusion-post-medium-alternate post-2206 post type-post status-publish format-standard has-post-thumbnail hentry category-academic-journals\">\n<div class=\"fusion-date-and-formats\"><div class=\"fusion-date-box updated\"><span class=\"fusion-date\">28<\/span><span class=\"fusion-month-year\">03, 2014<\/span><\/div><div class=\"fusion-format-box\"><i class=\"fusion-icon-pen\"><\/i><\/div><\/div>\t<style type=\"text\/css\">\n\t\t\n\t\t\n\t\t\t\t\t#blog-1-post-2206 .fusion-post-slideshow .fusion-image-wrapper img {\n\t\t\t\twidth: auto;\n\t\t\t}\n\t\t\n\t\t\n\t\t\t<\/style>\n\n\n\t\t\t<div class=\"fusion-flexslider flexslider fusion-flexslider-loading fusion-post-slideshow\" style=\"\">\n\t\t<ul class=\"slides\">\n\t\t\t\n\t\t\t\t\t\t\t\t\t\t\t\t\t\t<li>\n\n<div  class=\"fusion-image-wrapper\" aria-haspopup=\"true\">\n\t\n\t\n\t\t\n\t\t\t\t\t<img loading=\"lazy\" decoding=\"async\" width=\"900\" height=\"1218\" src=\"https:\/\/abayanalistas.net\/en\/wp-content\/uploads\/CIRIEC_7902_Castro_et_al-1.jpg\" class=\"attachment-full size-full wp-post-image\" alt=\"\" srcset=\"https:\/\/abayanalistas.net\/en\/wp-content\/uploads\/CIRIEC_7902_Castro_et_al-1-200x271.jpg 200w, https:\/\/abayanalistas.net\/en\/wp-content\/uploads\/CIRIEC_7902_Castro_et_al-1-399x540.jpg 399w, https:\/\/abayanalistas.net\/en\/wp-content\/uploads\/CIRIEC_7902_Castro_et_al-1-400x541.jpg 400w, https:\/\/abayanalistas.net\/en\/wp-content\/uploads\/CIRIEC_7902_Castro_et_al-1-600x812.jpg 600w, https:\/\/abayanalistas.net\/en\/wp-content\/uploads\/CIRIEC_7902_Castro_et_al-1-798x1080.jpg 798w, https:\/\/abayanalistas.net\/en\/wp-content\/uploads\/CIRIEC_7902_Castro_et_al-1-800x1083.jpg 800w, https:\/\/abayanalistas.net\/en\/wp-content\/uploads\/CIRIEC_7902_Castro_et_al-1.jpg 900w\" sizes=\"(max-width: 900px) 100vw, 900px\" \/>\n\t\n\n\t\t<div class=\"fusion-rollover\">\n\t<div class=\"fusion-rollover-content\">\n\n\t\t\t\t\t\t\t\t\t\t\t\t\t\t<a class=\"fusion-rollover-link\" href=\"https:\/\/abayanalistas.net\/en\/articulo-realizado-por-abay-para-ciriec-espana\/\">Socioeconomic impact of social economy companies in Spain. A quantitative assessment of its effects on social cohesion<\/a>\n\t\t\t\n\t\t\t\t\t\t\t\t\n\t\t\t\t\n\t\t\t\t\t\t\t\t\t\t\t\t<h4 class=\"fusion-rollover-title\">\n\t\t\t\t\t<a href=\"https:\/\/abayanalistas.net\/en\/articulo-realizado-por-abay-para-ciriec-espana\/\">\n\t\t\t\t\t\tSocioeconomic impact of social economy companies in Spain. A quantitative assessment of its effects on social cohesion\t\t\t\t\t<\/a>\n\t\t\t\t<\/h4>\n\t\t\t\n\t\t\t\t\t\t\t\t\n\t\t\n\t\t\t\t<a class=\"fusion-link-wrapper\" href=\"https:\/\/abayanalistas.net\/en\/articulo-realizado-por-abay-para-ciriec-espana\/\" aria-label=\"Socioeconomic impact of social economy companies in Spain. A quantitative assessment of its effects on social cohesion\"><\/a>\n\t<\/div>\n<\/div>\n\n\t\n<\/div>\n<\/li>\n\t\t\t\n\t\t\t\n\t\t\t\t\t\t\t\t\t\t\t\t\t\t\t\t\t\t\t\t\t\t\t\t\t\t\t\t\t\t\t\t\t\t\t\t\t\t\t\t\t\t\t\t\t\t\t\t\t\t\t\t\t\t\t\t\t\t\t\t\t\t\t\t\t\t\t\t<\/ul>\n\t<\/div>\n\t<div class=\"fusion-post-content post-content\"><h2 class=\"blog-shortcode-post-title entry-title\"><a href=\"https:\/\/abayanalistas.net\/en\/articulo-realizado-por-abay-para-ciriec-espana\/\">Socioeconomic impact of social economy companies in Spain. A quantitative assessment of its effects on social cohesion<\/a><\/h2><p class=\"fusion-single-line-meta\">By <span class=\"vcard\"><span class=\"fn\"><a href=\"https:\/\/abayanalistas.net\/en\/author\/abay\/\" title=\"Posts by Abay\" rel=\"author\">Abay<\/a><\/span><\/span><span class=\"fusion-inline-sep\">|<\/span><span class=\"updated\" style=\"display:none;\">2017-01-31T14:47:20+00:00<\/span><span>28 March  2014<\/span><span class=\"fusion-inline-sep\">|<\/span><span class=\"fusion-comments\"><span>Comments Off<span class=\"screen-reader-text\"> on Socioeconomic impact of social economy companies in Spain. A quantitative assessment of its effects on social cohesion<\/span><\/span><\/span><\/p><div class=\"fusion-post-content-container\"><p>  Castro, R.B .; Santero, R .; Mart\u00ednez, M.I. And Guill\u00f3, N. (2013): \"Socioeconomic impact of the companies of the Social Economy in Spain. A quantitative evaluation of its effects on social cohesion \"CIRIEC-Spain, [...]<\/p><\/div><\/div><div class=\"fusion-clearfix\"><\/div><div class=\"fusion-meta-info\"><div class=\"fusion-alignright\"><a class=\"fusion-read-more\" href=\"https:\/\/abayanalistas.net\/en\/articulo-realizado-por-abay-para-ciriec-espana\/\">Read More<\/a><\/div><\/div><\/article>\n<\/div><\/div><div class=\"fusion-clearfix\"><\/div>\n\n\t\t\t\t\t<\/div>\n\t\t\t\t<\/div><\/div><\/div>\n","protected":false},"excerpt":{"rendered":"","protected":false},"author":1,"featured_media":0,"parent":0,"menu_order":0,"comment_status":"closed","ping_status":"closed","template":"","meta":{"footnotes":""},"_links":{"self":[{"href":"https:\/\/abayanalistas.net\/en\/wp-json\/wp\/v2\/pages\/2493"}],"collection":[{"href":"https:\/\/abayanalistas.net\/en\/wp-json\/wp\/v2\/pages"}],"about":[{"href":"https:\/\/abayanalistas.net\/en\/wp-json\/wp\/v2\/types\/page"}],"author":[{"embeddable":true,"href":"https:\/\/abayanalistas.net\/en\/wp-json\/wp\/v2\/users\/1"}],"replies":[{"embeddable":true,"href":"https:\/\/abayanalistas.net\/en\/wp-json\/wp\/v2\/comments?post=2493"}],"version-history":[{"count":5,"href":"https:\/\/abayanalistas.net\/en\/wp-json\/wp\/v2\/pages\/2493\/revisions"}],"predecessor-version":[{"id":2884,"href":"https:\/\/abayanalistas.net\/en\/wp-json\/wp\/v2\/pages\/2493\/revisions\/2884"}],"wp:attachment":[{"href":"https:\/\/abayanalistas.net\/en\/wp-json\/wp\/v2\/media?parent=2493"}],"curies":[{"name":"wp","href":"https:\/\/api.w.org\/{rel}","templated":true}]}}