{"id":2350,"date":"2016-08-14T17:54:57","date_gmt":"2016-08-14T17:54:57","guid":{"rendered":"http:\/\/abayanalistas.net\/en\/?page_id=2350"},"modified":"2016-11-22T10:48:54","modified_gmt":"2016-11-22T10:48:54","slug":"conferences","status":"publish","type":"page","link":"https:\/\/abayanalistas.net\/en\/conferences\/","title":{"rendered":"CONFERENCES"},"content":{"rendered":"<div class=\"fusion-fullwidth fullwidth-box nonhundred-percent-fullwidth non-hundred-percent-height-scrolling\"  style='background-color: rgba(255,255,255,0);background-position: left top;background-repeat: no-repeat;padding-top:20px;padding-right:0px;padding-bottom:20px;padding-left:0px;border-top-width:0px;border-bottom-width:0px;border-color:#eae9e9;border-top-style:solid;border-bottom-style:solid;'><div class=\"fusion-builder-row fusion-row \"><div  class=\"fusion-layout-column fusion_builder_column fusion_builder_column_1_1  fusion-one-full fusion-column-first fusion-column-last fusion-column-no-min-height 1_1\"  style='margin-top:0px;margin-bottom:0px;'>\n\t\t\t\t\t<div class=\"fusion-column-wrapper\" style=\"background-position:left top;background-repeat:no-repeat;-webkit-background-size:cover;-moz-background-size:cover;-o-background-size:cover;background-size:cover;\"   data-bg-url=\"\">\n\t\t\t\t\t\t<div class=\"fusion-blog-shortcode fusion-blog-shortcode-1 fusion-blog-archive fusion-blog-layout-medium-alternate fusion-blog-no\"><div class=\"fusion-posts-container fusion-posts-container-no fusion-blog-rollover\" data-pages=\"0\"><article id=\"blog-1-post-2911\" class=\"fusion-post-medium-alternate post-2911 post type-post status-publish format-standard hentry category-conferences\">\n<div class=\"fusion-date-and-formats\"><div class=\"fusion-date-box updated\"><span class=\"fusion-date\">19<\/span><span class=\"fusion-month-year\">12, 2016<\/span><\/div><div class=\"fusion-format-box\"><i class=\"fusion-icon-pen\"><\/i><\/div><\/div>\t<style type=\"text\/css\">\n\t\t\n\t\t\n\t\t\n\t\t\n\t\t\t<\/style>\n\n\n<div class=\"fusion-post-content post-content\"><h2 class=\"blog-shortcode-post-title entry-title\"><a href=\"https:\/\/abayanalistas.net\/en\/abay-analysts-conama-2016\/\">Abay Analysts in CONAMA 2016<\/a><\/h2><p class=\"fusion-single-line-meta\"><span class=\"vcard\" style=\"display: none;\"><span class=\"fn\"><a href=\"https:\/\/abayanalistas.net\/en\/author\/abay\/\" title=\"Posts by Abay\" rel=\"author\">Abay<\/a><\/span><\/span><span class=\"updated\" style=\"display:none;\">2016-12-19T20:55:50+00:00<\/span><span>19 December  2016<\/span><span class=\"fusion-inline-sep\">|<\/span><\/p><div class=\"fusion-post-content-container\"><p>  On November 30, we were in CONAMA presenting, together with the Greenpeace team, the communication \"The closing of the nuclear and the end of coal: a way to comply with the Paris Agreement [...]<\/p><\/div><\/div><div class=\"fusion-clearfix\"><\/div><\/article>\n<article id=\"blog-1-post-2906\" class=\"fusion-post-medium-alternate post-2906 post type-post status-publish format-standard hentry category-conferences\">\n<div class=\"fusion-date-and-formats\"><div class=\"fusion-date-box updated\"><span class=\"fusion-date\">19<\/span><span class=\"fusion-month-year\">12, 2016<\/span><\/div><div class=\"fusion-format-box\"><i class=\"fusion-icon-pen\"><\/i><\/div><\/div>\t<style type=\"text\/css\">\n\t\t\n\t\t\n\t\t\n\t\t\n\t\t\t<\/style>\n\n\n<div class=\"fusion-post-content post-content\"><h2 class=\"blog-shortcode-post-title entry-title\"><a href=\"https:\/\/abayanalistas.net\/en\/iii-international-congress-social-diverstiy\/\">III International Congress on Social Diverstiy<\/a><\/h2><p class=\"fusion-single-line-meta\"><span class=\"vcard\" style=\"display: none;\"><span class=\"fn\"><a href=\"https:\/\/abayanalistas.net\/en\/author\/abay\/\" title=\"Posts by Abay\" rel=\"author\">Abay<\/a><\/span><\/span><span class=\"updated\" style=\"display:none;\">2016-12-19T20:27:08+00:00<\/span><span>19 December  2016<\/span><span class=\"fusion-inline-sep\">|<\/span><\/p><div class=\"fusion-post-content-container\"><p>  Abay Analistas has participated in the III International Congress on Social Diversity, held on November 25 at the University of Castilla-La Mancha (Toledo). Maribel Mart\u00ednez presented the work titled \"Differential elements of the [...]<\/p><\/div><\/div><div class=\"fusion-clearfix\"><\/div><\/article>\n<article id=\"blog-1-post-2640\" class=\"fusion-post-medium-alternate post-2640 post type-post status-publish format-standard hentry category-conferences\">\n<div class=\"fusion-date-and-formats\"><div class=\"fusion-date-box updated\"><span class=\"fusion-date\">6<\/span><span class=\"fusion-month-year\">11, 2016<\/span><\/div><div class=\"fusion-format-box\"><i class=\"fusion-icon-pen\"><\/i><\/div><\/div>\t<style type=\"text\/css\">\n\t\t\n\t\t\n\t\t\n\t\t\n\t\t\t<\/style>\n\n\n<div class=\"fusion-post-content post-content\"><h2 class=\"blog-shortcode-post-title entry-title\"><a href=\"https:\/\/abayanalistas.net\/en\/xvi-congreso-investigadores-economia-social-ciriec-espana-valencia-19-21-octubre-2016\/\">XVI Congreso de Investigadores en Econom\u00eda Social de CIRIEC-Espa\u00f1a \u2013 Valencia, 19 a 21 de octubre de 2016<\/a><\/h2><p class=\"fusion-single-line-meta\"><span class=\"vcard\" style=\"display: none;\"><span class=\"fn\"><a href=\"https:\/\/abayanalistas.net\/en\/author\/abay\/\" title=\"Posts by Abay\" rel=\"author\">Abay<\/a><\/span><\/span><span class=\"updated\" style=\"display:none;\">2016-11-21T19:52:01+00:00<\/span><span>6 November  2016<\/span><span class=\"fusion-inline-sep\">|<\/span><\/p><div class=\"fusion-post-content-container\"><p>   XVI Congreso de Investigadores en Econom\u00eda Social y Cooperativa Rosa Santero (URJC y Abay Analistas) particip\u00f3 en el XVI Congreso de Investigadores en Econom\u00eda Social, organizado por CIRIEC-Espa\u00f1a y celebrado entre los [...]<\/p><\/div><\/div><div class=\"fusion-clearfix\"><\/div><\/article>\n<article id=\"blog-1-post-2551\" class=\"fusion-post-medium-alternate post-2551 post type-post status-publish format-standard hentry category-conferences\">\n<div class=\"fusion-date-and-formats\"><div class=\"fusion-date-box updated\"><span class=\"fusion-date\">28<\/span><span class=\"fusion-month-year\">01, 2016<\/span><\/div><div class=\"fusion-format-box\"><i class=\"fusion-icon-pen\"><\/i><\/div><\/div>\t<style type=\"text\/css\">\n\t\t\n\t\t\n\t\t\n\t\t\n\t\t\t<\/style>\n\n\n<div class=\"fusion-post-content post-content\"><h2 class=\"blog-shortcode-post-title entry-title\"><a href=\"https:\/\/abayanalistas.net\/en\/european-forum-on-social-and-solidarity-economy\/\">European Forum on Social and Solidarity Economy<\/a><\/h2><p class=\"fusion-single-line-meta\"><span class=\"vcard\" style=\"display: none;\"><span class=\"fn\"><a href=\"https:\/\/abayanalistas.net\/en\/author\/abay\/\" title=\"Posts by Abay\" rel=\"author\">Abay<\/a><\/span><\/span><span class=\"updated\" style=\"display:none;\">2016-11-21T19:52:02+00:00<\/span><span>28 January  2016<\/span><span class=\"fusion-inline-sep\">|<\/span><\/p><div class=\"fusion-post-content-container\"><p>European Forum on Social and Solidarity Economy (Parlamento Europeo, Bruselas), presentaci\u00f3n de investigaci\u00f3n \"Impacto socioecon\u00f3mico de las entidades de econom\u00eda social en Espa\u00f1a\" dentro del Workshop 9: Mapping and measuring the Social and Solidarity Economy [...]<\/p><\/div><\/div><div class=\"fusion-clearfix\"><\/div><\/article>\n<article id=\"blog-1-post-2359\" class=\"fusion-post-medium-alternate post-2359 post type-post status-publish format-standard hentry category-conferences\">\n<div class=\"fusion-date-and-formats\"><div class=\"fusion-date-box updated\"><span class=\"fusion-date\">15<\/span><span class=\"fusion-month-year\">07, 2015<\/span><\/div><div class=\"fusion-format-box\"><i class=\"fusion-icon-pen\"><\/i><\/div><\/div>\t<style type=\"text\/css\">\n\t\t\n\t\t\n\t\t\t\t\t#blog-1-post-2359 .fusion-post-slideshow .fusion-image-wrapper img {\n\t\t\t\twidth: auto;\n\t\t\t}\n\t\t\n\t\t\n\t\t\t<\/style>\n\n\n<div class=\"fusion-post-content post-content\"><h2 class=\"blog-shortcode-post-title entry-title\"><a href=\"https:\/\/abayanalistas.net\/en\/ponencia-en-el-5o-congreso-ciriec\/\">Ponencia en el 5\u00ba Congreso CIRIEC<\/a><\/h2><p class=\"fusion-single-line-meta\"><span class=\"vcard\" style=\"display: none;\"><span class=\"fn\"><a href=\"https:\/\/abayanalistas.net\/en\/author\/abay\/\" title=\"Posts by Abay\" rel=\"author\">Abay<\/a><\/span><\/span><span class=\"updated\" style=\"display:none;\">2016-11-21T19:52:03+00:00<\/span><span>15 July  2015<\/span><span class=\"fusion-inline-sep\">|<\/span><\/p><div class=\"fusion-post-content-container\"><p>5\u00ba Congreso Mundial de Investigadores en Econom\u00eda Social del CIRIEC en Lisboa (15-18\/07\/2015). Comunicaci\u00f3n: \"Is social economy a better enviroment to integrate workers with disabilities in the labor market?\" en el Workshop Social Economy old [...]<\/p><\/div><\/div><div class=\"fusion-clearfix\"><\/div><\/article>\n<article id=\"blog-1-post-2563\" class=\"fusion-post-medium-alternate post-2563 post type-post status-publish format-standard hentry category-conferences\">\n<div class=\"fusion-date-and-formats\"><div class=\"fusion-date-box updated\"><span class=\"fusion-date\">26<\/span><span class=\"fusion-month-year\">11, 2014<\/span><\/div><div class=\"fusion-format-box\"><i class=\"fusion-icon-pen\"><\/i><\/div><\/div>\t<style type=\"text\/css\">\n\t\t\n\t\t\n\t\t\n\t\t\n\t\t\t<\/style>\n\n\n<div class=\"fusion-post-content post-content\"><h2 class=\"blog-shortcode-post-title entry-title\"><a href=\"https:\/\/abayanalistas.net\/en\/12o-congreso-nacional-del-medio-ambiente-conama-celebrado-en-madrid-3\/\">12\u00ba Congreso Nacional del Medio Ambiente (CONAMA) celebrado en Madrid<\/a><\/h2><p class=\"fusion-single-line-meta\"><span class=\"vcard\" style=\"display: none;\"><span class=\"fn\"><a href=\"https:\/\/abayanalistas.net\/en\/author\/abay\/\" title=\"Posts by Abay\" rel=\"author\">Abay<\/a><\/span><\/span><span class=\"updated\" style=\"display:none;\">2016-11-21T19:52:07+00:00<\/span><span>26 November  2014<\/span><span class=\"fusion-inline-sep\">|<\/span><\/p><div class=\"fusion-post-content-container\"><p>12\u00ba Congreso Nacional del Medio Ambiente (CONAMA) celebrado en Madrid (24-27\/11\/2014). Comunicaci\u00f3n: Empleo a bordo: impacto socioecon\u00f3mico de un modelo pesquero sostenible. Presentaci\u00f3n: Rosa Santero y Celia Ojeda (Greenpeace).    <\/p><\/div><\/div><div class=\"fusion-clearfix\"><\/div><\/article>\n<article id=\"blog-1-post-2557\" class=\"fusion-post-medium-alternate post-2557 post type-post status-publish format-standard hentry category-conferences\">\n<div class=\"fusion-date-and-formats\"><div class=\"fusion-date-box updated\"><span class=\"fusion-date\">24<\/span><span class=\"fusion-month-year\">11, 2014<\/span><\/div><div class=\"fusion-format-box\"><i class=\"fusion-icon-pen\"><\/i><\/div><\/div>\t<style type=\"text\/css\">\n\t\t\n\t\t\n\t\t\n\t\t\n\t\t\t<\/style>\n\n\n<div class=\"fusion-post-content post-content\"><h2 class=\"blog-shortcode-post-title entry-title\"><a href=\"https:\/\/abayanalistas.net\/en\/12o-congreso-nacional-del-medio-ambiente-conama-celebrado-en-madrid\/\">12\u00ba Congreso Nacional del Medio Ambiente (CONAMA) celebrado en Madrid<\/a><\/h2><p class=\"fusion-single-line-meta\"><span class=\"vcard\" style=\"display: none;\"><span class=\"fn\"><a href=\"https:\/\/abayanalistas.net\/en\/author\/abay\/\" title=\"Posts by Abay\" rel=\"author\">Abay<\/a><\/span><\/span><span class=\"updated\" style=\"display:none;\">2016-11-21T19:52:07+00:00<\/span><span>24 November  2014<\/span><span class=\"fusion-inline-sep\">|<\/span><\/p><div class=\"fusion-post-content-container\"><p>12\u00ba Congreso Nacional del Medio Ambiente (CONAMA) celebrado en Madrid (24-27\/11\/2014). Comunicaci\u00f3n: El valor de las renovables para la recuperaci\u00f3n de la econom\u00eda, el empleo y la factura de la luz. Presentaci\u00f3n: Maribel Mart\u00ednez y [...]<\/p><\/div><\/div><div class=\"fusion-clearfix\"><\/div><\/article>\n<article id=\"blog-1-post-2368\" class=\"fusion-post-medium-alternate post-2368 post type-post status-publish format-standard hentry category-conferences\">\n<div class=\"fusion-date-and-formats\"><div class=\"fusion-date-box updated\"><span class=\"fusion-date\">18<\/span><span class=\"fusion-month-year\">11, 2014<\/span><\/div><div class=\"fusion-format-box\"><i class=\"fusion-icon-pen\"><\/i><\/div><\/div>\t<style type=\"text\/css\">\n\t\t\n\t\t\n\t\t\n\t\t\n\t\t\t<\/style>\n\n\n<div class=\"fusion-post-content post-content\"><h2 class=\"blog-shortcode-post-title entry-title\"><a href=\"https:\/\/abayanalistas.net\/en\/ponencia-en-la-ii-jornada-mujer-y-empresa-la-diversidad-de-genero-en-la-gestion-de-empresa\/\">Ponencia en la &#8220;II Jornada Mujer y Empresa: La diversidad de g\u00e9nero en la gesti\u00f3n de empresa&#8221;<\/a><\/h2><p class=\"fusion-single-line-meta\"><span class=\"vcard\" style=\"display: none;\"><span class=\"fn\"><a href=\"https:\/\/abayanalistas.net\/en\/author\/abay\/\" title=\"Posts by Abay\" rel=\"author\">Abay<\/a><\/span><\/span><span class=\"updated\" style=\"display:none;\">2016-11-21T19:52:07+00:00<\/span><span>18 November  2014<\/span><span class=\"fusion-inline-sep\">|<\/span><\/p><div class=\"fusion-post-content-container\"><p>Ponencia en la \"II Jornada Mujer y Empresa: La diversidad de g\u00e9nero en la gesti\u00f3n de empresa\" organizadas por la Universidad Rey Juan Carlos. VER JORNADAS    <\/p><\/div><\/div><div class=\"fusion-clearfix\"><\/div><\/article>\n<article id=\"blog-1-post-2371\" class=\"fusion-post-medium-alternate post-2371 post type-post status-publish format-standard hentry category-conferences\">\n<div class=\"fusion-date-and-formats\"><div class=\"fusion-date-box updated\"><span class=\"fusion-date\">13<\/span><span class=\"fusion-month-year\">11, 2013<\/span><\/div><div class=\"fusion-format-box\"><i class=\"fusion-icon-pen\"><\/i><\/div><\/div>\t<style type=\"text\/css\">\n\t\t\n\t\t\n\t\t\n\t\t\n\t\t\t<\/style>\n\n\n<div class=\"fusion-post-content post-content\"><h2 class=\"blog-shortcode-post-title entry-title\"><a href=\"https:\/\/abayanalistas.net\/en\/presentacion-del-estudio-presencia-de-mujeres-en-puestos-de-responsabilidad-y-competitividad-empresarial\/\">Presentaci\u00f3n del estudio &#8220;Presencia de Mujeres en Puestos de Responsabilidad y Competitividad Empresarial&#8221;<\/a><\/h2><p class=\"fusion-single-line-meta\"><span class=\"vcard\" style=\"display: none;\"><span class=\"fn\"><a href=\"https:\/\/abayanalistas.net\/en\/author\/abay\/\" title=\"Posts by Abay\" rel=\"author\">Abay<\/a><\/span><\/span><span class=\"updated\" style=\"display:none;\">2016-11-21T19:52:10+00:00<\/span><span>13 November  2013<\/span><span class=\"fusion-inline-sep\">|<\/span><\/p><div class=\"fusion-post-content-container\"><p>Presentaci\u00f3n del estudio \"Presencia de Mujeres en Puestos de Responsabilidad y Competitividad Empresarial\" \u00a0en la I Jornada Mujer y Empresa de la Universidad Rey Juan Carlos. VER JORNADAS VER INFORME RELACIONADO    <\/p><\/div><\/div><div class=\"fusion-clearfix\"><\/div><\/article>\n<article id=\"blog-1-post-2566\" class=\"fusion-post-medium-alternate post-2566 post type-post status-publish format-standard hentry category-conferences\">\n<div class=\"fusion-date-and-formats\"><div class=\"fusion-date-box updated\"><span class=\"fusion-date\">11<\/span><span class=\"fusion-month-year\">07, 2013<\/span><\/div><div class=\"fusion-format-box\"><i class=\"fusion-icon-pen\"><\/i><\/div><\/div>\t<style type=\"text\/css\">\n\t\t\n\t\t\n\t\t\n\t\t\n\t\t\t<\/style>\n\n\n<div class=\"fusion-post-content post-content\"><h2 class=\"blog-shortcode-post-title entry-title\"><a href=\"https:\/\/abayanalistas.net\/en\/x-jornadas-de-economia-laboral-celebradas-en-madrid\/\">X Jornadas de Econom\u00eda Laboral celebradas en Madrid<\/a><\/h2><p class=\"fusion-single-line-meta\"><span class=\"vcard\" style=\"display: none;\"><span class=\"fn\"><a href=\"https:\/\/abayanalistas.net\/en\/author\/abay\/\" title=\"Posts by Abay\" rel=\"author\">Abay<\/a><\/span><\/span><span class=\"updated\" style=\"display:none;\">2016-11-21T19:52:10+00:00<\/span><span>11 July  2013<\/span><span class=\"fusion-inline-sep\">|<\/span><\/p><div class=\"fusion-post-content-container\"><p>X Jornadas de Econom\u00eda Laboral celebradas en Madrid (11-12\/07\/2013). Comunicaci\u00f3n: An\u00e1lisis de las condiciones laborales en las entidades de la econom\u00eda social desde una perspectiva de g\u00e9nero. Presentaci\u00f3n: Rosa Santero. Asistencia: Rosa Santero y Bel\u00e9n [...]<\/p><\/div><\/div><div class=\"fusion-clearfix\"><\/div><\/article>\n<article id=\"blog-1-post-2382\" class=\"fusion-post-medium-alternate post-2382 post type-post status-publish format-standard hentry category-conferences\">\n<div class=\"fusion-date-and-formats\"><div class=\"fusion-date-box updated\"><span class=\"fusion-date\">20<\/span><span class=\"fusion-month-year\">11, 2012<\/span><\/div><div class=\"fusion-format-box\"><i class=\"fusion-icon-pen\"><\/i><\/div><\/div>\t<style type=\"text\/css\">\n\t\t\n\t\t\n\t\t\n\t\t\n\t\t\t<\/style>\n\n\n<div class=\"fusion-post-content post-content\"><h2 class=\"blog-shortcode-post-title entry-title\"><a href=\"https:\/\/abayanalistas.net\/en\/presentacion-del-estudio-en-el-i-seminario-de-investigacion-sobre-el-impacto-socioeconomico-de-la-economia-social\/\">Presentaci\u00f3n del estudio en el I Seminario de Investigaci\u00f3n sobre el Impacto Socioecon\u00f3mico de la Econom\u00eda Social<\/a><\/h2><p class=\"fusion-single-line-meta\"><span class=\"vcard\" style=\"display: none;\"><span class=\"fn\"><a href=\"https:\/\/abayanalistas.net\/en\/author\/abay\/\" title=\"Posts by Abay\" rel=\"author\">Abay<\/a><\/span><\/span><span class=\"updated\" style=\"display:none;\">2016-11-21T19:52:11+00:00<\/span><span>20 November  2012<\/span><span class=\"fusion-inline-sep\">|<\/span><\/p><div class=\"fusion-post-content-container\"><p>Presentaci\u00f3n del estudio\u00a0en el I Seminario de Investigaci\u00f3n sobre el Impacto Socioecon\u00f3mico de la Econom\u00eda Social organizado por URJC, CEPES y Abay. A partir del \u00a0minuto 90 del primer v\u00eddeo. VER V\u00cdDEO  Presentaci\u00f3n del [...]<\/p><\/div><\/div><div class=\"fusion-clearfix\"><\/div><\/article>\n<article id=\"blog-1-post-2569\" class=\"fusion-post-medium-alternate post-2569 post type-post status-publish format-standard hentry category-conferences\">\n<div class=\"fusion-date-and-formats\"><div class=\"fusion-date-box updated\"><span class=\"fusion-date\">6<\/span><span class=\"fusion-month-year\">09, 2012<\/span><\/div><div class=\"fusion-format-box\"><i class=\"fusion-icon-pen\"><\/i><\/div><\/div>\t<style type=\"text\/css\">\n\t\t\n\t\t\n\t\t\n\t\t\n\t\t\t<\/style>\n\n\n<div class=\"fusion-post-content post-content\"><h2 class=\"blog-shortcode-post-title entry-title\"><a href=\"https:\/\/abayanalistas.net\/en\/2569-2\/\">9\u00ba Congreso Estatal Isonomia celebrado en Castell\u00f3n<\/a><\/h2><p class=\"fusion-single-line-meta\"><span class=\"vcard\" style=\"display: none;\"><span class=\"fn\"><a href=\"https:\/\/abayanalistas.net\/en\/author\/abay\/\" title=\"Posts by Abay\" rel=\"author\">Abay<\/a><\/span><\/span><span class=\"updated\" style=\"display:none;\">2016-11-21T19:52:12+00:00<\/span><span>6 September  2012<\/span><span class=\"fusion-inline-sep\">|<\/span><\/p><div class=\"fusion-post-content-container\"><p>9\u00ba Congreso Estatal Isonomia celebrado en Castell\u00f3n (6-7\/09\/2012). Comunicaci\u00f3n: Las mujeres en las empresas de econom\u00eda social. Presentaci\u00f3n: Bel\u00e9n Castro. Asistencia: Bel\u00e9n Castro y Rosa Santero.    <\/p><\/div><\/div><div class=\"fusion-clearfix\"><\/div><\/article>\n<article id=\"blog-1-post-2399\" class=\"fusion-post-medium-alternate post-2399 post type-post status-publish format-standard hentry category-conferences\">\n<div class=\"fusion-date-and-formats\"><div class=\"fusion-date-box updated\"><span class=\"fusion-date\">6<\/span><span class=\"fusion-month-year\">07, 2012<\/span><\/div><div class=\"fusion-format-box\"><i class=\"fusion-icon-pen\"><\/i><\/div><\/div>\t<style type=\"text\/css\">\n\t\t\n\t\t\n\t\t\n\t\t\n\t\t\t<\/style>\n\n\n<div class=\"fusion-post-content post-content\"><h2 class=\"blog-shortcode-post-title entry-title\"><a href=\"https:\/\/abayanalistas.net\/en\/ponencia-el-sistema-integral-de-redes-de-la-direccion-general-de-servicios-sociales-de-la-comunidad-de-madrid\/\">Ponencia &#8220;El Sistema Integral de Redes de la Direcci\u00f3n General de Servicios Sociales de la  Comunidad de Madrid<\/a><\/h2><p class=\"fusion-single-line-meta\"><span class=\"vcard\" style=\"display: none;\"><span class=\"fn\"><a href=\"https:\/\/abayanalistas.net\/en\/author\/abay\/\" title=\"Posts by Abay\" rel=\"author\">Abay<\/a><\/span><\/span><span class=\"updated\" style=\"display:none;\">2016-11-21T19:52:12+00:00<\/span><span>6 July  2012<\/span><span class=\"fusion-inline-sep\">|<\/span><\/p><div class=\"fusion-post-content-container\"><p>Nuria Guill\u00f3, junto con \u00cd\u00f1igo Estell\u00e9s de la\u00a0Direcci\u00f3n General de\u00a0Servicios Sociales Comunidad de Madrid, presentaron la ponencia \"El Sistema Integral de Redes de la Direcci\u00f3n General de Servicios Sociales de la \u00a0Comunidad de Madrid como [...]<\/p><\/div><\/div><div class=\"fusion-clearfix\"><\/div><\/article>\n<article id=\"blog-1-post-2385\" class=\"fusion-post-medium-alternate post-2385 post type-post status-publish format-standard hentry category-conferences\">\n<div class=\"fusion-date-and-formats\"><div class=\"fusion-date-box updated\"><span class=\"fusion-date\">5<\/span><span class=\"fusion-month-year\">07, 2012<\/span><\/div><div class=\"fusion-format-box\"><i class=\"fusion-icon-pen\"><\/i><\/div><\/div>\t<style type=\"text\/css\">\n\t\t\n\t\t\n\t\t\n\t\t\n\t\t\t<\/style>\n\n\n<div class=\"fusion-post-content post-content\"><h2 class=\"blog-shortcode-post-title entry-title\"><a href=\"https:\/\/abayanalistas.net\/en\/ponencia-de-maribel-martinez-sobre-la-generacion-de-valor-social-en-la-empresa-privada\/\">Ponencia de Maribel Mart\u00ednez sobre la &#8220;Generaci\u00f3n de valor social en la empresa privada&#8221;<\/a><\/h2><p class=\"fusion-single-line-meta\"><span class=\"vcard\" style=\"display: none;\"><span class=\"fn\"><a href=\"https:\/\/abayanalistas.net\/en\/author\/abay\/\" title=\"Posts by Abay\" rel=\"author\">Abay<\/a><\/span><\/span><span class=\"updated\" style=\"display:none;\">2016-11-21T19:52:12+00:00<\/span><span>5 July  2012<\/span><span class=\"fusion-inline-sep\">|<\/span><\/p><div class=\"fusion-post-content-container\"><p>Ponencia de Maribel Mart\u00ednez sobre la \"Generaci\u00f3n de valor social en la empresa privada\" en el curso de verano de la Universidad del Pa\u00eds Vasco \"Generaci\u00f3n de valor social a trav\u00e9s de los stakeholders\". VER [...]<\/p><\/div><\/div><div class=\"fusion-clearfix\"><\/div><\/article>\n<article id=\"blog-1-post-2401\" class=\"fusion-post-medium-alternate post-2401 post type-post status-publish format-standard hentry category-conferences\">\n<div class=\"fusion-date-and-formats\"><div class=\"fusion-date-box updated\"><span class=\"fusion-date\">21<\/span><span class=\"fusion-month-year\">10, 2011<\/span><\/div><div class=\"fusion-format-box\"><i class=\"fusion-icon-pen\"><\/i><\/div><\/div>\t<style type=\"text\/css\">\n\t\t\n\t\t\n\t\t\n\t\t\n\t\t\t<\/style>\n\n\n<div class=\"fusion-post-content post-content\"><h2 class=\"blog-shortcode-post-title entry-title\"><a href=\"https:\/\/abayanalistas.net\/en\/x-jornadas-de-politica-economica-organizadas-por-la-universidad-de-malaga\/\">X Jornadas de Pol\u00edtica Econ\u00f3mica, organizadas por la Universidad de M\u00e1laga<\/a><\/h2><p class=\"fusion-single-line-meta\"><span class=\"vcard\" style=\"display: none;\"><span class=\"fn\"><a href=\"https:\/\/abayanalistas.net\/en\/author\/abay\/\" title=\"Posts by Abay\" rel=\"author\">Abay<\/a><\/span><\/span><span class=\"updated\" style=\"display:none;\">2016-11-21T19:52:15+00:00<\/span><span>21 October  2011<\/span><span class=\"fusion-inline-sep\">|<\/span><\/p><div class=\"fusion-post-content-container\"><p>Rosa Santero y Rosa Bel\u00e9n Castro presentaron los principales resultados de nuestro estudio \"Trayectorias Laborales de las Mujeres que ocupan Puestos de Alta Cualificaci\u00f3n\" en las X Jornadas de Pol\u00edtica Econ\u00f3mica celebradas en M\u00e1laga (20-21\/10\/2011), [...]<\/p><\/div><\/div><div class=\"fusion-clearfix\"><\/div><\/article>\n<article id=\"blog-1-post-2404\" class=\"fusion-post-medium-alternate post-2404 post type-post status-publish format-standard hentry category-conferences\">\n<div class=\"fusion-date-and-formats\"><div class=\"fusion-date-box updated\"><span class=\"fusion-date\">28<\/span><span class=\"fusion-month-year\">09, 2010<\/span><\/div><div class=\"fusion-format-box\"><i class=\"fusion-icon-pen\"><\/i><\/div><\/div>\t<style type=\"text\/css\">\n\t\t\n\t\t\n\t\t\n\t\t\n\t\t\t<\/style>\n\n\n<div class=\"fusion-post-content post-content\"><h2 class=\"blog-shortcode-post-title entry-title\"><a href=\"https:\/\/abayanalistas.net\/en\/congreso-el-impacto-de-la-crisis-sobre-unas-familias-en-cambio\/\">Congreso &#8220;El impacto de la crisis sobre unas familias en cambio&#8221;<\/a><\/h2><p class=\"fusion-single-line-meta\"><span class=\"vcard\" style=\"display: none;\"><span class=\"fn\"><a href=\"https:\/\/abayanalistas.net\/en\/author\/abay\/\" title=\"Posts by Abay\" rel=\"author\">Abay<\/a><\/span><\/span><span class=\"updated\" style=\"display:none;\">2016-11-21T19:52:16+00:00<\/span><span>28 September  2010<\/span><span class=\"fusion-inline-sep\">|<\/span><\/p><div class=\"fusion-post-content-container\"><p>Rosa Santero particip\u00f3 en la mesa redonda \"Impactos socioecon\u00f3mico sobre las familias\" dentro del Congreso \"El impacto de la crisis sobre unas familias en cambio\", \u00a0organizado por la Fundaci\u00f3n de Ayuda contra la Drogadicci\u00f3n - [...]<\/p><\/div><\/div><div class=\"fusion-clearfix\"><\/div><\/article>\n<article id=\"blog-1-post-2416\" class=\"fusion-post-medium-alternate post-2416 post type-post status-publish format-standard hentry category-conferences\">\n<div class=\"fusion-date-and-formats\"><div class=\"fusion-date-box updated\"><span class=\"fusion-date\">24<\/span><span class=\"fusion-month-year\">09, 2009<\/span><\/div><div class=\"fusion-format-box\"><i class=\"fusion-icon-pen\"><\/i><\/div><\/div>\t<style type=\"text\/css\">\n\t\t\n\t\t\n\t\t\n\t\t\n\t\t\t<\/style>\n\n\n<div class=\"fusion-post-content post-content\"><h2 class=\"blog-shortcode-post-title entry-title\"><a href=\"https:\/\/abayanalistas.net\/en\/presentacion-del-informe-factores-de-competitividad-de-la-pyme-espanola-2008\/\">Presentaci\u00f3n del Informe &#8220;Factores de competitividad de la pyme espa\u00f1ola 2008&#8221;<\/a><\/h2><p class=\"fusion-single-line-meta\"><span class=\"vcard\" style=\"display: none;\"><span class=\"fn\"><a href=\"https:\/\/abayanalistas.net\/en\/author\/abay\/\" title=\"Posts by Abay\" rel=\"author\">Abay<\/a><\/span><\/span><span class=\"updated\" style=\"display:none;\">2016-11-21T19:52:17+00:00<\/span><span>24 September  2009<\/span><span class=\"fusion-inline-sep\">|<\/span><\/p><div class=\"fusion-post-content-container\"><p>El d\u00eda 24 de septiembre, Maribel Mart\u00ednez y Rosa Santero presentaron en el sal\u00f3n de actos de EOI, Escuela de Negocios, el\u00a0 estudio realizado por Abay Analistas \"Factores de competitividad de la pyme espa\u00f1ola 2008\" [...]<\/p><\/div><\/div><div class=\"fusion-clearfix\"><\/div><\/article>\n<article id=\"blog-1-post-2418\" class=\"fusion-post-medium-alternate post-2418 post type-post status-publish format-standard hentry category-conferences\">\n<div class=\"fusion-date-and-formats\"><div class=\"fusion-date-box updated\"><span class=\"fusion-date\">27<\/span><span class=\"fusion-month-year\">05, 2009<\/span><\/div><div class=\"fusion-format-box\"><i class=\"fusion-icon-pen\"><\/i><\/div><\/div>\t<style type=\"text\/css\">\n\t\t\n\t\t\n\t\t\n\t\t\n\t\t\t<\/style>\n\n\n<div class=\"fusion-post-content post-content\"><h2 class=\"blog-shortcode-post-title entry-title\"><a href=\"https:\/\/abayanalistas.net\/en\/ponencia-en-la-tercera-edicion-de-los-dialogos-del-soc\/\">Ponencia en la tercera edici\u00f3n de los di\u00e1logos del SOC<\/a><\/h2><p class=\"fusion-single-line-meta\"><span class=\"vcard\" style=\"display: none;\"><span class=\"fn\"><a href=\"https:\/\/abayanalistas.net\/en\/author\/abay\/\" title=\"Posts by Abay\" rel=\"author\">Abay<\/a><\/span><\/span><span class=\"updated\" style=\"display:none;\">2016-11-21T19:52:18+00:00<\/span><span>27 May  2009<\/span><span class=\"fusion-inline-sep\">|<\/span><\/p><div class=\"fusion-post-content-container\"><p> Maribel Mart\u00ednez present\u00f3 una ponencia en la tercera edici\u00f3n de los di\u00e1logos del SOC, que este a\u00f1o ten\u00eda como t\u00edtulo \u201cLas pol\u00edticas activas de ocupaci\u00f3n y formaci\u00f3n ante la crisis\u201d    <\/p><\/div><\/div><div class=\"fusion-clearfix\"><\/div><\/article>\n<article id=\"blog-1-post-2422\" class=\"fusion-post-medium-alternate post-2422 post type-post status-publish format-standard hentry category-conferences\">\n<div class=\"fusion-date-and-formats\"><div class=\"fusion-date-box updated\"><span class=\"fusion-date\">11<\/span><span class=\"fusion-month-year\">05, 2009<\/span><\/div><div class=\"fusion-format-box\"><i class=\"fusion-icon-pen\"><\/i><\/div><\/div>\t<style type=\"text\/css\">\n\t\t\n\t\t\n\t\t\n\t\t\n\t\t\t<\/style>\n\n\n<div class=\"fusion-post-content post-content\"><h2 class=\"blog-shortcode-post-title entry-title\"><a href=\"https:\/\/abayanalistas.net\/en\/jornadas-organizadas-por-el-imserso-sobre-envejecimiento-y-genero\/\">Jornadas organizadas por el IMSERSO sobre &#8220;Envejecimiento y G\u00e9nero&#8221;<\/a><\/h2><p class=\"fusion-single-line-meta\"><span class=\"vcard\" style=\"display: none;\"><span class=\"fn\"><a href=\"https:\/\/abayanalistas.net\/en\/author\/abay\/\" title=\"Posts by Abay\" rel=\"author\">Abay<\/a><\/span><\/span><span class=\"updated\" style=\"display:none;\">2016-11-21T19:52:18+00:00<\/span><span>11 May  2009<\/span><span class=\"fusion-inline-sep\">|<\/span><\/p><div class=\"fusion-post-content-container\"><p>Nuestra compa\u00f1era, Silvia Criado, fue una de las ponentes de las jornadas organizadas por el IMSERSO sobre \"Envejecimiento y G\u00e9nero\" VER PUBLICACI\u00d3N    <\/p><\/div><\/div><div class=\"fusion-clearfix\"><\/div><\/article>\n<article id=\"blog-1-post-2424\" class=\"fusion-post-medium-alternate post-2424 post type-post status-publish format-standard hentry category-conferences\">\n<div class=\"fusion-date-and-formats\"><div class=\"fusion-date-box updated\"><span class=\"fusion-date\">4<\/span><span class=\"fusion-month-year\">05, 2009<\/span><\/div><div class=\"fusion-format-box\"><i class=\"fusion-icon-pen\"><\/i><\/div><\/div>\t<style type=\"text\/css\">\n\t\t\n\t\t\n\t\t\n\t\t\n\t\t\t<\/style>\n\n\n<div class=\"fusion-post-content post-content\"><h2 class=\"blog-shortcode-post-title entry-title\"><a href=\"https:\/\/abayanalistas.net\/en\/maribel-martinez-presento-al-equipo-de-fundesarte-el-informe-el-sector-artesano-espanol-en-las-fuentes-estadisticas-y-documentales\/\">Maribel Mart\u00ednez present\u00f3 al equipo de Fundesarte el informe &#8220;El sector artesano espa\u00f1ol en las fuentes estad\u00edsticas y documentales&#8221;<\/a><\/h2><p class=\"fusion-single-line-meta\"><span class=\"vcard\" style=\"display: none;\"><span class=\"fn\"><a href=\"https:\/\/abayanalistas.net\/en\/author\/abay\/\" title=\"Posts by Abay\" rel=\"author\">Abay<\/a><\/span><\/span><span class=\"updated\" style=\"display:none;\">2016-11-21T19:52:19+00:00<\/span><span>4 May  2009<\/span><span class=\"fusion-inline-sep\">|<\/span><\/p><div class=\"fusion-post-content-container\"><p>Presentaci\u00f3n informe Abay Isabel Mart\u00ednez de Abay Analistas Econ\u00f3micos y Sociales present\u00f3 al equipo de Fundesarte el informe \"El sector artesano espa\u00f1ol en las fuentes estad\u00edsticas y documentales\". Se trata de un informe encargado por [...]<\/p><\/div><\/div><div class=\"fusion-clearfix\"><\/div><\/article>\n<article id=\"blog-1-post-2427\" class=\"fusion-post-medium-alternate post-2427 post type-post status-publish format-standard hentry category-conferences\">\n<div class=\"fusion-date-and-formats\"><div class=\"fusion-date-box updated\"><span class=\"fusion-date\">9<\/span><span class=\"fusion-month-year\">03, 2009<\/span><\/div><div class=\"fusion-format-box\"><i class=\"fusion-icon-pen\"><\/i><\/div><\/div>\t<style type=\"text\/css\">\n\t\t\n\t\t\n\t\t\n\t\t\n\t\t\t<\/style>\n\n\n<div class=\"fusion-post-content post-content\"><h2 class=\"blog-shortcode-post-title entry-title\"><a href=\"https:\/\/abayanalistas.net\/en\/2427-2\/\">Reuniones de informaci\u00f3n y sensibilizaci\u00f3n del proyecto de Gesti\u00f3n Integral Municipal del \u00c1rea de Desarrollo Local de la Diputaci\u00f3n de Badajoz<\/a><\/h2><p class=\"fusion-single-line-meta\"><span class=\"vcard\" style=\"display: none;\"><span class=\"fn\"><a href=\"https:\/\/abayanalistas.net\/en\/author\/abay\/\" title=\"Posts by Abay\" rel=\"author\">Abay<\/a><\/span><\/span><span class=\"updated\" style=\"display:none;\">2016-11-21T19:52:19+00:00<\/span><span>9 March  2009<\/span><span class=\"fusion-inline-sep\">|<\/span><\/p><div class=\"fusion-post-content-container\"><p>Nuestro equipo, junto a nuestros\/as colaboradores\/as de Entorno e Infraestructuras de Extremadura, acudi\u00f3 a las reuniones de informaci\u00f3n y sensibilizaci\u00f3n del proyecto de Gesti\u00f3n Integral Municipal del \u00c1rea de Desarrollo Local de la Diputaci\u00f3n de [...]<\/p><\/div><\/div><div class=\"fusion-clearfix\"><\/div><\/article>\n<article id=\"blog-1-post-2430\" class=\"fusion-post-medium-alternate post-2430 post type-post status-publish format-standard hentry category-conferences\">\n<div class=\"fusion-date-and-formats\"><div class=\"fusion-date-box updated\"><span class=\"fusion-date\">28<\/span><span class=\"fusion-month-year\">05, 2008<\/span><\/div><div class=\"fusion-format-box\"><i class=\"fusion-icon-pen\"><\/i><\/div><\/div>\t<style type=\"text\/css\">\n\t\t\n\t\t\n\t\t\n\t\t\n\t\t\t<\/style>\n\n\n<div class=\"fusion-post-content post-content\"><h2 class=\"blog-shortcode-post-title entry-title\"><a href=\"https:\/\/abayanalistas.net\/en\/participacion-en-el-grupo-de-trabajo-sobre-la-situacion-del-tercer-sector-realizado-por-la-fundacion-esplai-2008\/\">Participaci\u00f3n en el grupo de trabajo sobre la situaci\u00f3n del Tercer Sector realizado por la Fundaci\u00f3n Esplai (2008)<\/a><\/h2><p class=\"fusion-single-line-meta\"><span class=\"vcard\" style=\"display: none;\"><span class=\"fn\"><a href=\"https:\/\/abayanalistas.net\/en\/author\/abay\/\" title=\"Posts by Abay\" rel=\"author\">Abay<\/a><\/span><\/span><span class=\"updated\" style=\"display:none;\">2016-11-21T19:52:21+00:00<\/span><span>28 May  2008<\/span><span class=\"fusion-inline-sep\">|<\/span><\/p><div class=\"fusion-post-content-container\"><p> Diagn\u00f3stico de la situaci\u00f3n de la investigaci\u00f3n sobre el tercer sector social en Espa\u00f1a La primera parte del seminario ha consistido en una ronda de intervenciones sobre las fortalezas, las limitaciones y las tendencias [...]<\/p><\/div><\/div><div class=\"fusion-clearfix\"><\/div><\/article>\n<article id=\"blog-1-post-2433\" class=\"fusion-post-medium-alternate post-2433 post type-post status-publish format-standard hentry category-conferences\">\n<div class=\"fusion-date-and-formats\"><div class=\"fusion-date-box updated\"><span class=\"fusion-date\">29<\/span><span class=\"fusion-month-year\">11, 2006<\/span><\/div><div class=\"fusion-format-box\"><i class=\"fusion-icon-pen\"><\/i><\/div><\/div>\t<style type=\"text\/css\">\n\t\t\n\t\t\n\t\t\n\t\t\n\t\t\t<\/style>\n\n\n<div class=\"fusion-post-content post-content\"><h2 class=\"blog-shortcode-post-title entry-title\"><a href=\"https:\/\/abayanalistas.net\/en\/jornadas-sobre-el-uso-de-las-tic-como-instrumento-de-igualdad-de-genero\/\">Jornadas sobre &#8220;El uso de las TIC como instrumento de igualdad de g\u00e9nero&#8221;<\/a><\/h2><p class=\"fusion-single-line-meta\"><span class=\"vcard\" style=\"display: none;\"><span class=\"fn\"><a href=\"https:\/\/abayanalistas.net\/en\/author\/abay\/\" title=\"Posts by Abay\" rel=\"author\">Abay<\/a><\/span><\/span><span class=\"updated\" style=\"display:none;\">2016-11-21T19:52:22+00:00<\/span><span>29 November  2006<\/span><span class=\"fusion-inline-sep\">|<\/span><\/p><div class=\"fusion-post-content-container\"><p>Nuestro equipo\u00a0organiz\u00f3 junto a la\u00a0Fundaci\u00f3n Encuentro unas jornadas sobre \"El uso de las TIC como instrumento de igualdad de g\u00e9nero\" Abay ha colaborado con la Fundaci\u00f3n Encuentro en la organizaci\u00f3n de las Jornadas \"Las TIC: [...]<\/p><\/div><\/div><div class=\"fusion-clearfix\"><\/div><\/article>\n<\/div><\/div><div class=\"fusion-clearfix\"><\/div>\n\n\t\t\t\t\t<\/div>\n\t\t\t\t<\/div><\/div><\/div>\n","protected":false},"excerpt":{"rendered":"","protected":false},"author":1,"featured_media":0,"parent":0,"menu_order":0,"comment_status":"closed","ping_status":"closed","template":"","meta":{"footnotes":""},"_links":{"self":[{"href":"https:\/\/abayanalistas.net\/en\/wp-json\/wp\/v2\/pages\/2350"}],"collection":[{"href":"https:\/\/abayanalistas.net\/en\/wp-json\/wp\/v2\/pages"}],"about":[{"href":"https:\/\/abayanalistas.net\/en\/wp-json\/wp\/v2\/types\/page"}],"author":[{"embeddable":true,"href":"https:\/\/abayanalistas.net\/en\/wp-json\/wp\/v2\/users\/1"}],"replies":[{"embeddable":true,"href":"https:\/\/abayanalistas.net\/en\/wp-json\/wp\/v2\/comments?post=2350"}],"version-history":[{"count":10,"href":"https:\/\/abayanalistas.net\/en\/wp-json\/wp\/v2\/pages\/2350\/revisions"}],"predecessor-version":[{"id":2885,"href":"https:\/\/abayanalistas.net\/en\/wp-json\/wp\/v2\/pages\/2350\/revisions\/2885"}],"wp:attachment":[{"href":"https:\/\/abayanalistas.net\/en\/wp-json\/wp\/v2\/media?parent=2350"}],"curies":[{"name":"wp","href":"https:\/\/api.w.org\/{rel}","templated":true}]}}