{"id":1564,"date":"2016-07-25T23:47:02","date_gmt":"2016-07-25T23:47:02","guid":{"rendered":"http:\/\/abayanalistas.net\/en\/?page_id=1564"},"modified":"2016-11-22T10:06:01","modified_gmt":"2016-11-22T10:06:01","slug":"social-topics","status":"publish","type":"page","link":"https:\/\/abayanalistas.net\/en\/social-topics\/","title":{"rendered":"SOCIAL TOPICS"},"content":{"rendered":"<div class=\"fusion-fullwidth fullwidth-box nonhundred-percent-fullwidth non-hundred-percent-height-scrolling\"  style='background-color: rgba(255,255,255,0);background-position: left top;background-repeat: no-repeat;padding-top:20px;padding-right:0px;padding-bottom:20px;padding-left:0px;border-top-width:0px;border-bottom-width:0px;border-color:#eae9e9;border-top-style:solid;border-bottom-style:solid;'><div class=\"fusion-builder-row fusion-row \"><div  class=\"fusion-layout-column fusion_builder_column fusion_builder_column_1_1  fusion-one-full fusion-column-first fusion-column-last fusion-column-no-min-height 1_1\"  style='margin-top:0px;margin-bottom:0px;'>\n\t\t\t\t\t<div class=\"fusion-column-wrapper\" style=\"background-position:left top;background-repeat:no-repeat;-webkit-background-size:cover;-moz-background-size:cover;-o-background-size:cover;background-size:cover;\"   data-bg-url=\"\">\n\t\t\t\t\t\t<style type=\"text\/css\">.fusion-portfolio-wrapper#fusion-portfolio-1 .fusion-portfolio-content{  text-align: left; }<\/style><div class=\"fusion-recent-works fusion-portfolio-element fusion-portfolio fusion-portfolio-1 fusion-portfolio-grid fusion-portfolio-paging-none fusion-portfolio-four fusion-portfolio-unboxed fusion-portfolio-text fusion-portfolio-rollover fusion-animated\" data-id=\"-rw-1\" data-columns=\"four\" data-animationType=\"fadeInDown\" data-animationDuration=\"1.0\" data-animationOffset=\"100%\"><style type=\"text\/css\">.fusion-portfolio-1 .fusion-portfolio-wrapper .fusion-col-spacing{padding:15px;}<\/style><div class=\"fusion-portfolio-wrapper\" id=\"fusion-portfolio-1\" data-picturesize=\"auto\" data-pages=\"1\" style=\"margin:-15px;\"><article id=\"portfolio-1-post-2599\" class=\"fusion-portfolio-post social-topics fusion-col-spacing post-2599\"><div class=\"fusion-portfolio-content-wrapper\" style=\"border:none;\"><span class=\"vcard rich-snippet-hidden\"><span class=\"fn\"><a href=\"https:\/\/abayanalistas.net\/en\/author\/abay\/\" title=\"Posts by Abay\" rel=\"author\">Abay<\/a><\/span><\/span><span class=\"updated rich-snippet-hidden\">2016-11-21T19:52:24+00:00<\/span>\n\n<div  class=\"fusion-image-wrapper\" aria-haspopup=\"true\">\n\t\n\t\n\t\t\n\t\t\t\t\t<img loading=\"lazy\" decoding=\"async\" width=\"900\" height=\"1273\" src=\"https:\/\/abayanalistas.net\/en\/wp-content\/uploads\/necesita-mejorar-1-200x283.jpg\" class=\"attachment-full size-full wp-post-image\" alt=\"\" srcset=\"https:\/\/abayanalistas.net\/en\/wp-content\/uploads\/necesita-mejorar-1-200x283.jpg 200w, https:\/\/abayanalistas.net\/en\/wp-content\/uploads\/necesita-mejorar-1-400x566.jpg 400w, https:\/\/abayanalistas.net\/en\/wp-content\/uploads\/necesita-mejorar-1-600x849.jpg 600w, https:\/\/abayanalistas.net\/en\/wp-content\/uploads\/necesita-mejorar-1-800x1132.jpg 800w, https:\/\/abayanalistas.net\/en\/wp-content\/uploads\/necesita-mejorar-1.jpg 900w\" sizes=\"(min-width: 2200px) 100vw, (min-width: 1106px) 270px, (min-width: 1044px) 360px, (min-width: 982px) 540px, (min-width: 920px) 982px, \" \/>\n\t\n\n\t\t<div class=\"fusion-rollover\">\n\t<div class=\"fusion-rollover-content\">\n\n\t\t\t\t\t\t\t\t\t\t\t\t\t\t<a class=\"fusion-rollover-link\" href=\"https:\/\/abayanalistas.net\/en\/portfolio\/necesita-mejorar\/?portfolioCats=45\">Necesita mejorar, por un sistema educativo que no deje a nadie atr\u00e1s<\/a>\n\t\t\t\n\t\t\t\t\t\t\t\t\n\t\t\t\t\n\t\t\t\t\t\t\t\t\t\t\t\t<h4 class=\"fusion-rollover-title\">\n\t\t\t\t\t<a href=\"https:\/\/abayanalistas.net\/en\/portfolio\/necesita-mejorar\/?portfolioCats=45\">\n\t\t\t\t\t\tNecesita mejorar, por un sistema educativo que no deje a nadie atr\u00e1s\t\t\t\t\t<\/a>\n\t\t\t\t<\/h4>\n\t\t\t\n\t\t\t\t\t\t\t\t\n\t\t\n\t\t\t\t<a class=\"fusion-link-wrapper\" href=\"https:\/\/abayanalistas.net\/en\/portfolio\/necesita-mejorar\/?portfolioCats=45\" aria-label=\"Necesita mejorar, por un sistema educativo que no deje a nadie atr\u00e1s\"><\/a>\n\t<\/div>\n<\/div>\n\n\t\n<\/div>\n<div class=\"fusion-portfolio-content\"><h2 class=\"entry-title fusion-post-title\"><a href=\"https:\/\/abayanalistas.net\/en\/portfolio\/necesita-mejorar\/?portfolioCats=45\">Necesita mejorar, por un sistema educativo que no deje a nadie atr\u00e1s<\/a><\/h2><div class=\"fusion-portfolio-meta\"><a href=\"https:\/\/abayanalistas.net\/en\/portfolio_category\/social-topics\/\" rel=\"tag\">Social topics<\/a><\/div><div class=\"fusion-post-content\"><p>Abay Analistas ha colaborado en la elaboraci\u00f3n de este informe que ha sido realizado en base a la investigaci\u00f3n \u2018Los principios de un sistema educativo que no deje a nadie atr\u00e1s\u2019, dirigida por Aina Tarabini y Xavier Bonal, del Grupo de Investigaci\u00f3n en Globalizaci\u00f3n, Educaci\u00f3n y Pol\u00edticas Sociales, de la Universidad Aut\u00f3noma de Barcelona.<\/p><\/div><\/div><\/div><\/article><article id=\"portfolio-1-post-1816\" class=\"fusion-portfolio-post impact-and-policy-evaluation social-topics sustainability featured fusion-col-spacing post-1816\"><div class=\"fusion-portfolio-content-wrapper\" style=\"border:none;\"><span class=\"vcard rich-snippet-hidden\"><span class=\"fn\"><a href=\"https:\/\/abayanalistas.net\/en\/author\/abay\/\" title=\"Posts by Abay\" rel=\"author\">Abay<\/a><\/span><\/span><span class=\"updated rich-snippet-hidden\">2016-11-21T19:52:25+00:00<\/span>\n\n<div  class=\"fusion-image-wrapper\" aria-haspopup=\"true\">\n\t\n\t\n\t\t\n\t\t\t\t\t<img loading=\"lazy\" decoding=\"async\" width=\"900\" height=\"1273\" src=\"https:\/\/abayanalistas.net\/en\/wp-content\/uploads\/equidad-educativa-iluminando-futuro-1-200x283.jpg\" class=\"attachment-full size-full wp-post-image\" alt=\"\" srcset=\"https:\/\/abayanalistas.net\/en\/wp-content\/uploads\/equidad-educativa-iluminando-futuro-1-200x283.jpg 200w, https:\/\/abayanalistas.net\/en\/wp-content\/uploads\/equidad-educativa-iluminando-futuro-1-400x566.jpg 400w, https:\/\/abayanalistas.net\/en\/wp-content\/uploads\/equidad-educativa-iluminando-futuro-1-600x849.jpg 600w, https:\/\/abayanalistas.net\/en\/wp-content\/uploads\/equidad-educativa-iluminando-futuro-1-800x1132.jpg 800w, https:\/\/abayanalistas.net\/en\/wp-content\/uploads\/equidad-educativa-iluminando-futuro-1.jpg 900w\" sizes=\"(min-width: 2200px) 100vw, (min-width: 1106px) 270px, (min-width: 1044px) 360px, (min-width: 982px) 540px, (min-width: 920px) 982px, \" \/>\n\t\n\n\t\t<div class=\"fusion-rollover\">\n\t<div class=\"fusion-rollover-content\">\n\n\t\t\t\t\t\t\t\t\t\t\t\t\t\t<a class=\"fusion-rollover-link\" href=\"https:\/\/abayanalistas.net\/en\/portfolio\/iluminando-el-futuro-indice-de-save-the-children-sobre-equidad-educativa-en-espana-por-comunidades-autonomas\/?portfolioCats=45\">Iluminando el futuro (\u00edndice de Save the Children sobre equidad educativa en Espa\u00f1a por comunidades aut\u00f3nomas)<\/a>\n\t\t\t\n\t\t\t\t\t\t\t\t\n\t\t\t\t\n\t\t\t\t\t\t\t\t\t\t\t\t<h4 class=\"fusion-rollover-title\">\n\t\t\t\t\t<a href=\"https:\/\/abayanalistas.net\/en\/portfolio\/iluminando-el-futuro-indice-de-save-the-children-sobre-equidad-educativa-en-espana-por-comunidades-autonomas\/?portfolioCats=45\">\n\t\t\t\t\t\tIluminando el futuro (\u00edndice de Save the Children sobre equidad educativa en Espa\u00f1a por comunidades aut\u00f3nomas)\t\t\t\t\t<\/a>\n\t\t\t\t<\/h4>\n\t\t\t\n\t\t\t\t\t\t\t\t\n\t\t\n\t\t\t\t<a class=\"fusion-link-wrapper\" href=\"https:\/\/abayanalistas.net\/en\/portfolio\/iluminando-el-futuro-indice-de-save-the-children-sobre-equidad-educativa-en-espana-por-comunidades-autonomas\/?portfolioCats=45\" aria-label=\"Iluminando el futuro (\u00edndice de Save the Children sobre equidad educativa en Espa\u00f1a por comunidades aut\u00f3nomas)\"><\/a>\n\t<\/div>\n<\/div>\n\n\t\n<\/div>\n<div class=\"fusion-portfolio-content\"><h2 class=\"entry-title fusion-post-title\"><a href=\"https:\/\/abayanalistas.net\/en\/portfolio\/iluminando-el-futuro-indice-de-save-the-children-sobre-equidad-educativa-en-espana-por-comunidades-autonomas\/?portfolioCats=45\">Iluminando el futuro (\u00edndice de Save the Children sobre equidad educativa en Espa\u00f1a por comunidades aut\u00f3nomas)<\/a><\/h2><div class=\"fusion-portfolio-meta\"><a href=\"https:\/\/abayanalistas.net\/en\/portfolio_category\/impact-and-policy-evaluation\/\" rel=\"tag\">Impact and Policy Evaluation<\/a>, <a href=\"https:\/\/abayanalistas.net\/en\/portfolio_category\/social-topics\/\" rel=\"tag\">Social topics<\/a>, <a href=\"https:\/\/abayanalistas.net\/en\/portfolio_category\/sustainability\/\" rel=\"tag\">Sustainability<\/a>, <a href=\"https:\/\/abayanalistas.net\/en\/portfolio_category\/featured\/\" rel=\"tag\">\u263c<\/a><\/div><div class=\"fusion-post-content\"><p>Save the Children es testigo en todo el mundo de c\u00f3mo la pobreza est\u00e1 privando a las ni\u00f1as y los ni\u00f1os de oportunidades educativas. Sabemos que la educaci\u00f3n tiene una fuerza extraordinaria para compensar la pobreza y la desigualdad. <\/p><\/div><\/div><\/div><\/article><article id=\"portfolio-1-post-2120\" class=\"fusion-portfolio-post social-topics featured fusion-col-spacing post-2120\"><div class=\"fusion-portfolio-content-wrapper\" style=\"border:none;\"><span class=\"vcard rich-snippet-hidden\"><span class=\"fn\"><a href=\"https:\/\/abayanalistas.net\/en\/author\/abay\/\" title=\"Posts by Abay\" rel=\"author\">Abay<\/a><\/span><\/span><span class=\"updated rich-snippet-hidden\">2016-11-21T19:52:25+00:00<\/span>\n\n<div  class=\"fusion-image-wrapper\" aria-haspopup=\"true\">\n\t\n\t\n\t\t\n\t\t\t\t\t<img loading=\"lazy\" decoding=\"async\" width=\"900\" height=\"1273\" src=\"https:\/\/abayanalistas.net\/en\/wp-content\/uploads\/economia-social-resumen-ejecutivo-1-200x283.jpg\" class=\"attachment-full size-full wp-post-image\" alt=\"\" srcset=\"https:\/\/abayanalistas.net\/en\/wp-content\/uploads\/economia-social-resumen-ejecutivo-1-200x283.jpg 200w, https:\/\/abayanalistas.net\/en\/wp-content\/uploads\/economia-social-resumen-ejecutivo-1-400x566.jpg 400w, https:\/\/abayanalistas.net\/en\/wp-content\/uploads\/economia-social-resumen-ejecutivo-1-600x849.jpg 600w, https:\/\/abayanalistas.net\/en\/wp-content\/uploads\/economia-social-resumen-ejecutivo-1-800x1132.jpg 800w, https:\/\/abayanalistas.net\/en\/wp-content\/uploads\/economia-social-resumen-ejecutivo-1.jpg 900w\" sizes=\"(min-width: 2200px) 100vw, (min-width: 1106px) 270px, (min-width: 1044px) 360px, (min-width: 982px) 540px, (min-width: 920px) 982px, \" \/>\n\t\n\n\t\t<div class=\"fusion-rollover\">\n\t<div class=\"fusion-rollover-content\">\n\n\t\t\t\t\t\t\t\t\t\t\t\t\t\t<a class=\"fusion-rollover-link\" href=\"https:\/\/abayanalistas.net\/en\/portfolio\/las-empresas-de-la-economia-social-como-palanca-para-la-creacion-de-empleo-de-personas-con-discapacidad\/?portfolioCats=45\">Las empresas de la Econom\u00eda social como palanca para la creaci\u00f3n de empleo de personas con discapacidad<\/a>\n\t\t\t\n\t\t\t\t\t\t\t\t\n\t\t\t\t\n\t\t\t\t\t\t\t\t\t\t\t\t<h4 class=\"fusion-rollover-title\">\n\t\t\t\t\t<a href=\"https:\/\/abayanalistas.net\/en\/portfolio\/las-empresas-de-la-economia-social-como-palanca-para-la-creacion-de-empleo-de-personas-con-discapacidad\/?portfolioCats=45\">\n\t\t\t\t\t\tLas empresas de la Econom\u00eda social como palanca para la creaci\u00f3n de empleo de personas con discapacidad\t\t\t\t\t<\/a>\n\t\t\t\t<\/h4>\n\t\t\t\n\t\t\t\t\t\t\t\t\n\t\t\n\t\t\t\t<a class=\"fusion-link-wrapper\" href=\"https:\/\/abayanalistas.net\/en\/portfolio\/las-empresas-de-la-economia-social-como-palanca-para-la-creacion-de-empleo-de-personas-con-discapacidad\/?portfolioCats=45\" aria-label=\"Las empresas de la Econom\u00eda social como palanca para la creaci\u00f3n de empleo de personas con discapacidad\"><\/a>\n\t<\/div>\n<\/div>\n\n\t\n<\/div>\n<div class=\"fusion-portfolio-content\"><h2 class=\"entry-title fusion-post-title\"><a href=\"https:\/\/abayanalistas.net\/en\/portfolio\/las-empresas-de-la-economia-social-como-palanca-para-la-creacion-de-empleo-de-personas-con-discapacidad\/?portfolioCats=45\">Las empresas de la Econom\u00eda social como palanca para la creaci\u00f3n de empleo de personas con discapacidad<\/a><\/h2><div class=\"fusion-portfolio-meta\"><a href=\"https:\/\/abayanalistas.net\/en\/portfolio_category\/social-topics\/\" rel=\"tag\">Social topics<\/a>, <a href=\"https:\/\/abayanalistas.net\/en\/portfolio_category\/featured\/\" rel=\"tag\">\u263c<\/a><\/div><div class=\"fusion-post-content\"><p>Abay Analistas ha realizado este proyecto, para la Fundaci\u00f3n ONCE y en el que ha colaborado CEPES en el que se ha analizado la presencia y posici\u00f3n de las personas con discapacidad en la Econom\u00eda social y el cumplimiento de la cuota de reserva en las entidades y empresas que la conforman. <\/p><\/div><\/div><\/div><\/article><article id=\"portfolio-1-post-1843\" class=\"fusion-portfolio-post social-topics fusion-col-spacing post-1843\"><div class=\"fusion-portfolio-content-wrapper\" style=\"border:none;\"><span class=\"vcard rich-snippet-hidden\"><span class=\"fn\"><a href=\"https:\/\/abayanalistas.net\/en\/author\/abay\/\" title=\"Posts by Abay\" rel=\"author\">Abay<\/a><\/span><\/span><span class=\"updated rich-snippet-hidden\">2016-11-21T19:52:26+00:00<\/span>\n\n<div  class=\"fusion-image-wrapper\" aria-haspopup=\"true\">\n\t\n\t\n\t\t\n\t\t\t\t\t<img loading=\"lazy\" decoding=\"async\" width=\"900\" height=\"1273\" src=\"https:\/\/abayanalistas.net\/en\/wp-content\/uploads\/cuota-reserva-1-200x283.jpg\" class=\"attachment-full size-full wp-post-image\" alt=\"\" srcset=\"https:\/\/abayanalistas.net\/en\/wp-content\/uploads\/cuota-reserva-1-200x283.jpg 200w, https:\/\/abayanalistas.net\/en\/wp-content\/uploads\/cuota-reserva-1-400x566.jpg 400w, https:\/\/abayanalistas.net\/en\/wp-content\/uploads\/cuota-reserva-1-600x849.jpg 600w, https:\/\/abayanalistas.net\/en\/wp-content\/uploads\/cuota-reserva-1-800x1132.jpg 800w, https:\/\/abayanalistas.net\/en\/wp-content\/uploads\/cuota-reserva-1.jpg 900w\" sizes=\"(min-width: 2200px) 100vw, (min-width: 1106px) 270px, (min-width: 1044px) 360px, (min-width: 982px) 540px, (min-width: 920px) 982px, \" \/>\n\t\n\n\t\t<div class=\"fusion-rollover\">\n\t<div class=\"fusion-rollover-content\">\n\n\t\t\t\t\t\t\t\t\t\t\t\t\t\t<a class=\"fusion-rollover-link\" href=\"https:\/\/abayanalistas.net\/en\/portfolio\/informe-de-resultados-de-cuota-de-reserva\/?portfolioCats=45\">Informe de resultados de cuota de reserva<\/a>\n\t\t\t\n\t\t\t\t\t\t\t\t\n\t\t\t\t\n\t\t\t\t\t\t\t\t\t\t\t\t<h4 class=\"fusion-rollover-title\">\n\t\t\t\t\t<a href=\"https:\/\/abayanalistas.net\/en\/portfolio\/informe-de-resultados-de-cuota-de-reserva\/?portfolioCats=45\">\n\t\t\t\t\t\tInforme de resultados de cuota de reserva\t\t\t\t\t<\/a>\n\t\t\t\t<\/h4>\n\t\t\t\n\t\t\t\t\t\t\t\t\n\t\t\n\t\t\t\t<a class=\"fusion-link-wrapper\" href=\"https:\/\/abayanalistas.net\/en\/portfolio\/informe-de-resultados-de-cuota-de-reserva\/?portfolioCats=45\" aria-label=\"Informe de resultados de cuota de reserva\"><\/a>\n\t<\/div>\n<\/div>\n\n\t\n<\/div>\n<div class=\"fusion-portfolio-content\"><h2 class=\"entry-title fusion-post-title\"><a href=\"https:\/\/abayanalistas.net\/en\/portfolio\/informe-de-resultados-de-cuota-de-reserva\/?portfolioCats=45\">Informe de resultados de cuota de reserva<\/a><\/h2><div class=\"fusion-portfolio-meta\"><a href=\"https:\/\/abayanalistas.net\/en\/portfolio_category\/social-topics\/\" rel=\"tag\">Social topics<\/a><\/div><div class=\"fusion-post-content\"><p>Las cuotas de reserva de empleo para colectivos con dificultades de acceso y permanencia en el mismo son una forma de acci\u00f3n positiva, orientada a proveer un mayor nivel de garant\u00edas para la efectiva integraci\u00f3n de dichos colectivos en el mercado laboral.<\/p><\/div><\/div><\/div><\/article><article id=\"portfolio-1-post-1830\" class=\"fusion-portfolio-post social-topics fusion-col-spacing post-1830\"><div class=\"fusion-portfolio-content-wrapper\" style=\"border:none;\"><span class=\"vcard rich-snippet-hidden\"><span class=\"fn\"><a href=\"https:\/\/abayanalistas.net\/en\/author\/abay\/\" title=\"Posts by Abay\" rel=\"author\">Abay<\/a><\/span><\/span><span class=\"updated rich-snippet-hidden\">2016-11-21T19:52:27+00:00<\/span>\n\n<div  class=\"fusion-image-wrapper\" aria-haspopup=\"true\">\n\t\n\t\n\t\t\n\t\t\t\t\t<img loading=\"lazy\" decoding=\"async\" width=\"900\" height=\"1273\" src=\"https:\/\/abayanalistas.net\/en\/wp-content\/uploads\/Diagnostico-situacion-empleo-1-200x283.jpg\" class=\"attachment-full size-full wp-post-image\" alt=\"\" srcset=\"https:\/\/abayanalistas.net\/en\/wp-content\/uploads\/Diagnostico-situacion-empleo-1-200x283.jpg 200w, https:\/\/abayanalistas.net\/en\/wp-content\/uploads\/Diagnostico-situacion-empleo-1-400x566.jpg 400w, https:\/\/abayanalistas.net\/en\/wp-content\/uploads\/Diagnostico-situacion-empleo-1-600x849.jpg 600w, https:\/\/abayanalistas.net\/en\/wp-content\/uploads\/Diagnostico-situacion-empleo-1-800x1132.jpg 800w, https:\/\/abayanalistas.net\/en\/wp-content\/uploads\/Diagnostico-situacion-empleo-1.jpg 900w\" sizes=\"(min-width: 2200px) 100vw, (min-width: 1106px) 270px, (min-width: 1044px) 360px, (min-width: 982px) 540px, (min-width: 920px) 982px, \" \/>\n\t\n\n\t\t<div class=\"fusion-rollover\">\n\t<div class=\"fusion-rollover-content\">\n\n\t\t\t\t\t\t\t\t\t\t\t\t\t\t<a class=\"fusion-rollover-link\" href=\"https:\/\/abayanalistas.net\/en\/portfolio\/diagnostico-de-situacion-del-empleo-de-las-personas-con-discapacidad-en-las-empresas-de-economia-social\/?portfolioCats=45\">Diagn\u00f3stico de situaci\u00f3n del empleo de las personas con discapacidad en las empresas de Econom\u00eda Social<\/a>\n\t\t\t\n\t\t\t\t\t\t\t\t\n\t\t\t\t\n\t\t\t\t\t\t\t\t\t\t\t\t<h4 class=\"fusion-rollover-title\">\n\t\t\t\t\t<a href=\"https:\/\/abayanalistas.net\/en\/portfolio\/diagnostico-de-situacion-del-empleo-de-las-personas-con-discapacidad-en-las-empresas-de-economia-social\/?portfolioCats=45\">\n\t\t\t\t\t\tDiagn\u00f3stico de situaci\u00f3n del empleo de las personas con discapacidad en las empresas de Econom\u00eda Social\t\t\t\t\t<\/a>\n\t\t\t\t<\/h4>\n\t\t\t\n\t\t\t\t\t\t\t\t\n\t\t\n\t\t\t\t<a class=\"fusion-link-wrapper\" href=\"https:\/\/abayanalistas.net\/en\/portfolio\/diagnostico-de-situacion-del-empleo-de-las-personas-con-discapacidad-en-las-empresas-de-economia-social\/?portfolioCats=45\" aria-label=\"Diagn\u00f3stico de situaci\u00f3n del empleo de las personas con discapacidad en las empresas de Econom\u00eda Social\"><\/a>\n\t<\/div>\n<\/div>\n\n\t\n<\/div>\n<div class=\"fusion-portfolio-content\"><h2 class=\"entry-title fusion-post-title\"><a href=\"https:\/\/abayanalistas.net\/en\/portfolio\/diagnostico-de-situacion-del-empleo-de-las-personas-con-discapacidad-en-las-empresas-de-economia-social\/?portfolioCats=45\">Diagn\u00f3stico de situaci\u00f3n del empleo de las personas con discapacidad en las empresas de Econom\u00eda Social<\/a><\/h2><div class=\"fusion-portfolio-meta\"><a href=\"https:\/\/abayanalistas.net\/en\/portfolio_category\/social-topics\/\" rel=\"tag\">Social topics<\/a><\/div><div class=\"fusion-post-content\"><p>El Informe Mundial sobre la Discapacidad de la Organizaci\u00f3n Mundial de la Salud (OMS), estima que m\u00e1s de mil millones de personas en el mundo tienen alg\u00fan tipo de discapacidad.<\/p><\/div><\/div><\/div><\/article><article id=\"portfolio-1-post-1204\" class=\"fusion-portfolio-post social-topics fusion-col-spacing post-1204\"><div class=\"fusion-portfolio-content-wrapper\" style=\"border:none;\"><span class=\"vcard rich-snippet-hidden\"><span class=\"fn\"><a href=\"https:\/\/abayanalistas.net\/en\/author\/abay\/\" title=\"Posts by Abay\" rel=\"author\">Abay<\/a><\/span><\/span><span class=\"updated rich-snippet-hidden\">2016-11-21T19:52:27+00:00<\/span>\n\n<div  class=\"fusion-image-wrapper\" aria-haspopup=\"true\">\n\t\n\t\n\t\t\n\t\t\t\t\t<img loading=\"lazy\" decoding=\"async\" width=\"900\" height=\"1273\" src=\"https:\/\/abayanalistas.net\/en\/wp-content\/uploads\/Lineas-actuacion-1-200x283.jpg\" class=\"attachment-full size-full wp-post-image\" alt=\"\" srcset=\"https:\/\/abayanalistas.net\/en\/wp-content\/uploads\/Lineas-actuacion-1-200x283.jpg 200w, https:\/\/abayanalistas.net\/en\/wp-content\/uploads\/Lineas-actuacion-1-400x566.jpg 400w, https:\/\/abayanalistas.net\/en\/wp-content\/uploads\/Lineas-actuacion-1-600x849.jpg 600w, https:\/\/abayanalistas.net\/en\/wp-content\/uploads\/Lineas-actuacion-1-800x1132.jpg 800w, https:\/\/abayanalistas.net\/en\/wp-content\/uploads\/Lineas-actuacion-1.jpg 900w\" sizes=\"(min-width: 2200px) 100vw, (min-width: 1106px) 270px, (min-width: 1044px) 360px, (min-width: 982px) 540px, (min-width: 920px) 982px, \" \/>\n\t\n\n\t\t<div class=\"fusion-rollover\">\n\t<div class=\"fusion-rollover-content\">\n\n\t\t\t\t\t\t\t\t\t\t\t\t\t\t<a class=\"fusion-rollover-link\" href=\"https:\/\/abayanalistas.net\/en\/portfolio\/las-empresas-de-la-economia-social-como-palanca-de-creacion-de-empleo-para-las-personas-con-discapacidad-lineas-de-actuacion-prioritarias-a-partir-de-los-resultados-del-proyecto\/?portfolioCats=45\">Las empresas de la econom\u00eda social como palanca de creaci\u00f3n de empleo para las personas con discapacidad. L\u00edneas de actuaci\u00f3n prioritarias a partir de los resultados del proyecto<\/a>\n\t\t\t\n\t\t\t\t\t\t\t\t\n\t\t\t\t\n\t\t\t\t\t\t\t\t\t\t\t\t<h4 class=\"fusion-rollover-title\">\n\t\t\t\t\t<a href=\"https:\/\/abayanalistas.net\/en\/portfolio\/las-empresas-de-la-economia-social-como-palanca-de-creacion-de-empleo-para-las-personas-con-discapacidad-lineas-de-actuacion-prioritarias-a-partir-de-los-resultados-del-proyecto\/?portfolioCats=45\">\n\t\t\t\t\t\tLas empresas de la econom\u00eda social como palanca de creaci\u00f3n de empleo para las personas con discapacidad. L\u00edneas de actuaci\u00f3n prioritarias a partir de los resultados del proyecto\t\t\t\t\t<\/a>\n\t\t\t\t<\/h4>\n\t\t\t\n\t\t\t\t\t\t\t\t\n\t\t\n\t\t\t\t<a class=\"fusion-link-wrapper\" href=\"https:\/\/abayanalistas.net\/en\/portfolio\/las-empresas-de-la-economia-social-como-palanca-de-creacion-de-empleo-para-las-personas-con-discapacidad-lineas-de-actuacion-prioritarias-a-partir-de-los-resultados-del-proyecto\/?portfolioCats=45\" aria-label=\"Las empresas de la econom\u00eda social como palanca de creaci\u00f3n de empleo para las personas con discapacidad. L\u00edneas de actuaci\u00f3n prioritarias a partir de los resultados del proyecto\"><\/a>\n\t<\/div>\n<\/div>\n\n\t\n<\/div>\n<div class=\"fusion-portfolio-content\"><h2 class=\"entry-title fusion-post-title\"><a href=\"https:\/\/abayanalistas.net\/en\/portfolio\/las-empresas-de-la-economia-social-como-palanca-de-creacion-de-empleo-para-las-personas-con-discapacidad-lineas-de-actuacion-prioritarias-a-partir-de-los-resultados-del-proyecto\/?portfolioCats=45\">Las empresas de la econom\u00eda social como palanca de creaci\u00f3n de empleo para las personas con discapacidad. L\u00edneas de actuaci\u00f3n prioritarias a partir de los resultados del proyecto<\/a><\/h2><div class=\"fusion-portfolio-meta\"><a href=\"https:\/\/abayanalistas.net\/en\/portfolio_category\/social-topics\/\" rel=\"tag\">Social topics<\/a><\/div><div class=\"fusion-post-content\"><p>Las empresas de Econom\u00eda social se caracterizan por una serie de principios diferenciales a los de las empresas ordinarias, entre los que cabe destacar la valorizaci\u00f3n del ser humano y la generaci\u00f3n de valor social por encima de los resultados econ\u00f3micos o financieros.<\/p><\/div><\/div><\/div><\/article><article id=\"portfolio-1-post-1810\" class=\"fusion-portfolio-post social-topics fusion-col-spacing post-1810\"><div class=\"fusion-portfolio-content-wrapper\" style=\"border:none;\"><span class=\"vcard rich-snippet-hidden\"><span class=\"fn\"><a href=\"https:\/\/abayanalistas.net\/en\/author\/abay\/\" title=\"Posts by Abay\" rel=\"author\">Abay<\/a><\/span><\/span><span class=\"updated rich-snippet-hidden\">2016-11-21T19:52:33+00:00<\/span>\n\n<div  class=\"fusion-image-wrapper\" aria-haspopup=\"true\">\n\t\n\t\n\t\t\n\t\t\t\t\t<img loading=\"lazy\" decoding=\"async\" width=\"900\" height=\"1184\" src=\"https:\/\/abayanalistas.net\/en\/wp-content\/uploads\/calidad-vida-discapacidad-intelectual-1-200x263.jpg\" class=\"attachment-full size-full wp-post-image\" alt=\"\" srcset=\"https:\/\/abayanalistas.net\/en\/wp-content\/uploads\/calidad-vida-discapacidad-intelectual-1-200x263.jpg 200w, https:\/\/abayanalistas.net\/en\/wp-content\/uploads\/calidad-vida-discapacidad-intelectual-1-400x526.jpg 400w, https:\/\/abayanalistas.net\/en\/wp-content\/uploads\/calidad-vida-discapacidad-intelectual-1-600x789.jpg 600w, https:\/\/abayanalistas.net\/en\/wp-content\/uploads\/calidad-vida-discapacidad-intelectual-1-800x1052.jpg 800w, https:\/\/abayanalistas.net\/en\/wp-content\/uploads\/calidad-vida-discapacidad-intelectual-1.jpg 900w\" sizes=\"(min-width: 2200px) 100vw, (min-width: 1106px) 270px, (min-width: 1044px) 360px, (min-width: 982px) 540px, (min-width: 920px) 982px, \" \/>\n\t\n\n\t\t<div class=\"fusion-rollover\">\n\t<div class=\"fusion-rollover-content\">\n\n\t\t\t\t\t\t\t\t\t\t\t\t\t\t<a class=\"fusion-rollover-link\" href=\"https:\/\/abayanalistas.net\/en\/portfolio\/primer-panel-de-indicadores-de-calidad-de-vida-de-personas-con-discapacidad-intelectual-en-aragon\/?portfolioCats=45\">Primer panel de indicadores de calidad de vida de personas con discapacidad intelectual en Arag\u00f3n<\/a>\n\t\t\t\n\t\t\t\t\t\t\t\t\n\t\t\t\t\n\t\t\t\t\t\t\t\t\t\t\t\t<h4 class=\"fusion-rollover-title\">\n\t\t\t\t\t<a href=\"https:\/\/abayanalistas.net\/en\/portfolio\/primer-panel-de-indicadores-de-calidad-de-vida-de-personas-con-discapacidad-intelectual-en-aragon\/?portfolioCats=45\">\n\t\t\t\t\t\tPrimer panel de indicadores de calidad de vida de personas con discapacidad intelectual en Arag\u00f3n\t\t\t\t\t<\/a>\n\t\t\t\t<\/h4>\n\t\t\t\n\t\t\t\t\t\t\t\t\n\t\t\n\t\t\t\t<a class=\"fusion-link-wrapper\" href=\"https:\/\/abayanalistas.net\/en\/portfolio\/primer-panel-de-indicadores-de-calidad-de-vida-de-personas-con-discapacidad-intelectual-en-aragon\/?portfolioCats=45\" aria-label=\"Primer panel de indicadores de calidad de vida de personas con discapacidad intelectual en Arag\u00f3n\"><\/a>\n\t<\/div>\n<\/div>\n\n\t\n<\/div>\n<div class=\"fusion-portfolio-content\"><h2 class=\"entry-title fusion-post-title\"><a href=\"https:\/\/abayanalistas.net\/en\/portfolio\/primer-panel-de-indicadores-de-calidad-de-vida-de-personas-con-discapacidad-intelectual-en-aragon\/?portfolioCats=45\">Primer panel de indicadores de calidad de vida de personas con discapacidad intelectual en Arag\u00f3n<\/a><\/h2><div class=\"fusion-portfolio-meta\"><a href=\"https:\/\/abayanalistas.net\/en\/portfolio_category\/social-topics\/\" rel=\"tag\">Social topics<\/a><\/div><div class=\"fusion-post-content\"><p>En el \u00e1mbito de las pol\u00edticas y actuaciones sociales, como en otros, cada vez hay m\u00e1s inter\u00e9s por el impacto real de las mismas, es decir, por conocer su capacidad para mejorar y transformar la vida de las personas a las que se dirigen.<\/p><\/div><\/div><\/div><\/article><article id=\"portfolio-1-post-1803\" class=\"fusion-portfolio-post social-topics fusion-col-spacing post-1803\"><div class=\"fusion-portfolio-content-wrapper\" style=\"border:none;\"><span class=\"vcard rich-snippet-hidden\"><span class=\"fn\"><a href=\"https:\/\/abayanalistas.net\/en\/author\/abay\/\" title=\"Posts by Abay\" rel=\"author\">Abay<\/a><\/span><\/span><span class=\"updated rich-snippet-hidden\">2016-11-21T19:52:34+00:00<\/span>\n\n<div  class=\"fusion-image-wrapper\" aria-haspopup=\"true\">\n\t\n\t\n\t\t\n\t\t\t\t\t<img loading=\"lazy\" decoding=\"async\" width=\"910\" height=\"1172\" src=\"https:\/\/abayanalistas.net\/en\/wp-content\/uploads\/discapacidad-intelectual-1-200x258.jpg\" class=\"attachment-full size-full wp-post-image\" alt=\"\" srcset=\"https:\/\/abayanalistas.net\/en\/wp-content\/uploads\/discapacidad-intelectual-1-200x258.jpg 200w, https:\/\/abayanalistas.net\/en\/wp-content\/uploads\/discapacidad-intelectual-1-400x515.jpg 400w, https:\/\/abayanalistas.net\/en\/wp-content\/uploads\/discapacidad-intelectual-1-600x773.jpg 600w, https:\/\/abayanalistas.net\/en\/wp-content\/uploads\/discapacidad-intelectual-1-800x1030.jpg 800w, https:\/\/abayanalistas.net\/en\/wp-content\/uploads\/discapacidad-intelectual-1.jpg 910w\" sizes=\"(min-width: 2200px) 100vw, (min-width: 1106px) 270px, (min-width: 1044px) 360px, (min-width: 982px) 540px, (min-width: 920px) 982px, \" \/>\n\t\n\n\t\t<div class=\"fusion-rollover\">\n\t<div class=\"fusion-rollover-content\">\n\n\t\t\t\t\t\t\t\t\t\t\t\t\t\t<a class=\"fusion-rollover-link\" href=\"https:\/\/abayanalistas.net\/en\/portfolio\/evolucion-futura-de-la-poblacion-con-discapacidad-intelectual-en-aragon\/?portfolioCats=45\">Evoluci\u00f3n futura de la poblaci\u00f3n con discapacidad intelectual en Arag\u00f3n<\/a>\n\t\t\t\n\t\t\t\t\t\t\t\t\n\t\t\t\t\n\t\t\t\t\t\t\t\t\t\t\t\t<h4 class=\"fusion-rollover-title\">\n\t\t\t\t\t<a href=\"https:\/\/abayanalistas.net\/en\/portfolio\/evolucion-futura-de-la-poblacion-con-discapacidad-intelectual-en-aragon\/?portfolioCats=45\">\n\t\t\t\t\t\tEvoluci\u00f3n futura de la poblaci\u00f3n con discapacidad intelectual en Arag\u00f3n\t\t\t\t\t<\/a>\n\t\t\t\t<\/h4>\n\t\t\t\n\t\t\t\t\t\t\t\t\n\t\t\n\t\t\t\t<a class=\"fusion-link-wrapper\" href=\"https:\/\/abayanalistas.net\/en\/portfolio\/evolucion-futura-de-la-poblacion-con-discapacidad-intelectual-en-aragon\/?portfolioCats=45\" aria-label=\"Evoluci\u00f3n futura de la poblaci\u00f3n con discapacidad intelectual en Arag\u00f3n\"><\/a>\n\t<\/div>\n<\/div>\n\n\t\n<\/div>\n<div class=\"fusion-portfolio-content\"><h2 class=\"entry-title fusion-post-title\"><a href=\"https:\/\/abayanalistas.net\/en\/portfolio\/evolucion-futura-de-la-poblacion-con-discapacidad-intelectual-en-aragon\/?portfolioCats=45\">Evoluci\u00f3n futura de la poblaci\u00f3n con discapacidad intelectual en Arag\u00f3n<\/a><\/h2><div class=\"fusion-portfolio-meta\"><a href=\"https:\/\/abayanalistas.net\/en\/portfolio_category\/social-topics\/\" rel=\"tag\">Social topics<\/a><\/div><div class=\"fusion-post-content\"><p>La sociedad espa\u00f1ola est\u00e1 envejeciendo a un ritmo muy acelerado. Tanto el n\u00famero de personas mayores como su peso relativo en la estructura demogr\u00e1fica plantean nuevos e importantes retos econ\u00f3micos y sociales. <\/p><\/div><\/div><\/div><\/article><article id=\"portfolio-1-post-1797\" class=\"fusion-portfolio-post impact-and-policy-evaluation social-topics fusion-col-spacing post-1797\"><div class=\"fusion-portfolio-content-wrapper\" style=\"border:none;\"><span class=\"vcard rich-snippet-hidden\"><span class=\"fn\"><a href=\"https:\/\/abayanalistas.net\/en\/author\/abay\/\" title=\"Posts by Abay\" rel=\"author\">Abay<\/a><\/span><\/span><span class=\"updated rich-snippet-hidden\">2016-11-21T19:52:36+00:00<\/span>\n\n<div  class=\"fusion-image-wrapper\" aria-haspopup=\"true\">\n\t\n\t\n\t\t\n\t\t\t\t\t<img loading=\"lazy\" decoding=\"async\" width=\"900\" height=\"1273\" src=\"https:\/\/abayanalistas.net\/en\/wp-content\/uploads\/badajoz-1-200x283.jpg\" class=\"attachment-full size-full wp-post-image\" alt=\"\" srcset=\"https:\/\/abayanalistas.net\/en\/wp-content\/uploads\/badajoz-1-200x283.jpg 200w, https:\/\/abayanalistas.net\/en\/wp-content\/uploads\/badajoz-1-400x566.jpg 400w, https:\/\/abayanalistas.net\/en\/wp-content\/uploads\/badajoz-1-600x849.jpg 600w, https:\/\/abayanalistas.net\/en\/wp-content\/uploads\/badajoz-1-800x1132.jpg 800w, https:\/\/abayanalistas.net\/en\/wp-content\/uploads\/badajoz-1.jpg 900w\" sizes=\"(min-width: 2200px) 100vw, (min-width: 1106px) 270px, (min-width: 1044px) 360px, (min-width: 982px) 540px, (min-width: 920px) 982px, \" \/>\n\t\n\n\t\t<div class=\"fusion-rollover\">\n\t<div class=\"fusion-rollover-content\">\n\n\t\t\t\t\t\t\t\t\t\t\t\t\t\t<a class=\"fusion-rollover-link\" href=\"https:\/\/abayanalistas.net\/en\/portfolio\/incremento-de-la-poblacion-en-pequenos-municipio-repobla-de-la-provincia-de-badajoz\/?portfolioCats=45\">Incremento de la poblaci\u00f3n en peque\u00f1os municipios (REPOBLA) de la provincia de Badajoz<\/a>\n\t\t\t\n\t\t\t\t\t\t\t\t\n\t\t\t\t\n\t\t\t\t\t\t\t\t\t\t\t\t<h4 class=\"fusion-rollover-title\">\n\t\t\t\t\t<a href=\"https:\/\/abayanalistas.net\/en\/portfolio\/incremento-de-la-poblacion-en-pequenos-municipio-repobla-de-la-provincia-de-badajoz\/?portfolioCats=45\">\n\t\t\t\t\t\tIncremento de la poblaci\u00f3n en peque\u00f1os municipios (REPOBLA) de la provincia de Badajoz\t\t\t\t\t<\/a>\n\t\t\t\t<\/h4>\n\t\t\t\n\t\t\t\t\t\t\t\t\n\t\t\n\t\t\t\t<a class=\"fusion-link-wrapper\" href=\"https:\/\/abayanalistas.net\/en\/portfolio\/incremento-de-la-poblacion-en-pequenos-municipio-repobla-de-la-provincia-de-badajoz\/?portfolioCats=45\" aria-label=\"Incremento de la poblaci\u00f3n en peque\u00f1os municipios (REPOBLA) de la provincia de Badajoz\"><\/a>\n\t<\/div>\n<\/div>\n\n\t\n<\/div>\n<div class=\"fusion-portfolio-content\"><h2 class=\"entry-title fusion-post-title\"><a href=\"https:\/\/abayanalistas.net\/en\/portfolio\/incremento-de-la-poblacion-en-pequenos-municipio-repobla-de-la-provincia-de-badajoz\/?portfolioCats=45\">Incremento de la poblaci\u00f3n en peque\u00f1os municipios (REPOBLA) de la provincia de Badajoz<\/a><\/h2><div class=\"fusion-portfolio-meta\"><a href=\"https:\/\/abayanalistas.net\/en\/portfolio_category\/impact-and-policy-evaluation\/\" rel=\"tag\">Impact and Policy Evaluation<\/a>, <a href=\"https:\/\/abayanalistas.net\/en\/portfolio_category\/social-topics\/\" rel=\"tag\">Social topics<\/a><\/div><div class=\"fusion-post-content\"><p> Incremento de la poblaci\u00f3n en peque\u00f1os municipios (REPOBLA) de la provincia de Badajoz El objetivo del programa REPOBLA es la activaci\u00f3n y consolidaci\u00f3n de la econom\u00eda local mediante la captaci\u00f3n de inversores externos, as\u00ed [...]<\/p><\/div><\/div><\/div><\/article><article id=\"portfolio-1-post-1784\" class=\"fusion-portfolio-post social-topics fusion-col-spacing post-1784\"><div class=\"fusion-portfolio-content-wrapper\" style=\"border:none;\"><span class=\"vcard rich-snippet-hidden\"><span class=\"fn\"><a href=\"https:\/\/abayanalistas.net\/en\/author\/abay\/\" title=\"Posts by Abay\" rel=\"author\">Abay<\/a><\/span><\/span><span class=\"updated rich-snippet-hidden\">2016-11-21T19:52:37+00:00<\/span>\n\n<div  class=\"fusion-image-wrapper\" aria-haspopup=\"true\">\n\t\n\t\n\t\t\n\t\t\t\t\t<img loading=\"lazy\" decoding=\"async\" width=\"900\" height=\"1274\" src=\"https:\/\/abayanalistas.net\/en\/wp-content\/uploads\/Informe_Feaps_siniestralidad-CEE-1-200x283.jpg\" class=\"attachment-full size-full wp-post-image\" alt=\"\" srcset=\"https:\/\/abayanalistas.net\/en\/wp-content\/uploads\/Informe_Feaps_siniestralidad-CEE-1-200x283.jpg 200w, https:\/\/abayanalistas.net\/en\/wp-content\/uploads\/Informe_Feaps_siniestralidad-CEE-1-400x566.jpg 400w, https:\/\/abayanalistas.net\/en\/wp-content\/uploads\/Informe_Feaps_siniestralidad-CEE-1-600x849.jpg 600w, https:\/\/abayanalistas.net\/en\/wp-content\/uploads\/Informe_Feaps_siniestralidad-CEE-1-800x1132.jpg 800w, https:\/\/abayanalistas.net\/en\/wp-content\/uploads\/Informe_Feaps_siniestralidad-CEE-1.jpg 900w\" sizes=\"(min-width: 2200px) 100vw, (min-width: 1106px) 270px, (min-width: 1044px) 360px, (min-width: 982px) 540px, (min-width: 920px) 982px, \" \/>\n\t\n\n\t\t<div class=\"fusion-rollover\">\n\t<div class=\"fusion-rollover-content\">\n\n\t\t\t\t\t\t\t\t\t\t\t\t\t\t<a class=\"fusion-rollover-link\" href=\"https:\/\/abayanalistas.net\/en\/portfolio\/informe-sobre-siniestralidad-laboral-de-las-personas-con-discapacidad-intelectual-en-los-centros-especiales-de-empleo-de-feaps-madrid\/?portfolioCats=45\">Informe sobre siniestralidad laboral de las personas con discapacidad intelectual en los Centros Especiales de Empleo de FEAPS Madrid<\/a>\n\t\t\t\n\t\t\t\t\t\t\t\t\n\t\t\t\t\n\t\t\t\t\t\t\t\t\t\t\t\t<h4 class=\"fusion-rollover-title\">\n\t\t\t\t\t<a href=\"https:\/\/abayanalistas.net\/en\/portfolio\/informe-sobre-siniestralidad-laboral-de-las-personas-con-discapacidad-intelectual-en-los-centros-especiales-de-empleo-de-feaps-madrid\/?portfolioCats=45\">\n\t\t\t\t\t\tInforme sobre siniestralidad laboral de las personas con discapacidad intelectual en los Centros Especiales de Empleo de FEAPS Madrid\t\t\t\t\t<\/a>\n\t\t\t\t<\/h4>\n\t\t\t\n\t\t\t\t\t\t\t\t\n\t\t\n\t\t\t\t<a class=\"fusion-link-wrapper\" href=\"https:\/\/abayanalistas.net\/en\/portfolio\/informe-sobre-siniestralidad-laboral-de-las-personas-con-discapacidad-intelectual-en-los-centros-especiales-de-empleo-de-feaps-madrid\/?portfolioCats=45\" aria-label=\"Informe sobre siniestralidad laboral de las personas con discapacidad intelectual en los Centros Especiales de Empleo de FEAPS Madrid\"><\/a>\n\t<\/div>\n<\/div>\n\n\t\n<\/div>\n<div class=\"fusion-portfolio-content\"><h2 class=\"entry-title fusion-post-title\"><a href=\"https:\/\/abayanalistas.net\/en\/portfolio\/informe-sobre-siniestralidad-laboral-de-las-personas-con-discapacidad-intelectual-en-los-centros-especiales-de-empleo-de-feaps-madrid\/?portfolioCats=45\">Informe sobre siniestralidad laboral de las personas con discapacidad intelectual en los Centros Especiales de Empleo de FEAPS Madrid<\/a><\/h2><div class=\"fusion-portfolio-meta\"><a href=\"https:\/\/abayanalistas.net\/en\/portfolio_category\/social-topics\/\" rel=\"tag\">Social topics<\/a><\/div><div class=\"fusion-post-content\"><p>FEAPS Madrid es la Federaci\u00f3n de Organizaciones en favor de las personas con discapacidad intelectual de la Comunidad de Madrid. Su misi\u00f3n es la de promover acciones y servicios, creando las condiciones para que las organizaciones federadas mejoren la calidad de vida de las personas con discapacidad intelectual y la de sus familias. <\/p><\/div><\/div><\/div><\/article><article id=\"portfolio-1-post-1794\" class=\"fusion-portfolio-post impact-and-policy-evaluation social-topics fusion-col-spacing post-1794\"><div class=\"fusion-portfolio-content-wrapper\" style=\"border:none;\"><span class=\"vcard rich-snippet-hidden\"><span class=\"fn\"><a href=\"https:\/\/abayanalistas.net\/en\/author\/abay\/\" title=\"Posts by Abay\" rel=\"author\">Abay<\/a><\/span><\/span><span class=\"updated rich-snippet-hidden\">2016-11-21T19:52:41+00:00<\/span>\n\n<div  class=\"fusion-image-wrapper\" aria-haspopup=\"true\">\n\t\n\t\n\t\t\n\t\t\t\t\t<img loading=\"lazy\" decoding=\"async\" width=\"900\" height=\"1278\" src=\"https:\/\/abayanalistas.net\/en\/wp-content\/uploads\/unidades-empleo-200x284.jpg\" class=\"attachment-full size-full wp-post-image\" alt=\"\" srcset=\"https:\/\/abayanalistas.net\/en\/wp-content\/uploads\/unidades-empleo-200x284.jpg 200w, https:\/\/abayanalistas.net\/en\/wp-content\/uploads\/unidades-empleo-400x568.jpg 400w, https:\/\/abayanalistas.net\/en\/wp-content\/uploads\/unidades-empleo-600x852.jpg 600w, https:\/\/abayanalistas.net\/en\/wp-content\/uploads\/unidades-empleo-800x1136.jpg 800w, https:\/\/abayanalistas.net\/en\/wp-content\/uploads\/unidades-empleo.jpg 900w\" sizes=\"(min-width: 2200px) 100vw, (min-width: 1106px) 270px, (min-width: 1044px) 360px, (min-width: 982px) 540px, (min-width: 920px) 982px, \" \/>\n\t\n\n\t\t<div class=\"fusion-rollover\">\n\t<div class=\"fusion-rollover-content\">\n\n\t\t\t\t\t\t\t\t\t\t\t\t\t\t<a class=\"fusion-rollover-link\" href=\"https:\/\/abayanalistas.net\/en\/portfolio\/modelo-de-estudio-y-diseno-de-unidades-de-empleo-de-la-red-unidem\/?portfolioCats=45\">Modelo de estudio y dise\u00f1o de Unidades de Empleo de la Red UNIDEM<\/a>\n\t\t\t\n\t\t\t\t\t\t\t\t\n\t\t\t\t\n\t\t\t\t\t\t\t\t\t\t\t\t<h4 class=\"fusion-rollover-title\">\n\t\t\t\t\t<a href=\"https:\/\/abayanalistas.net\/en\/portfolio\/modelo-de-estudio-y-diseno-de-unidades-de-empleo-de-la-red-unidem\/?portfolioCats=45\">\n\t\t\t\t\t\tModelo de estudio y dise\u00f1o de Unidades de Empleo de la Red UNIDEM\t\t\t\t\t<\/a>\n\t\t\t\t<\/h4>\n\t\t\t\n\t\t\t\t\t\t\t\t\n\t\t\n\t\t\t\t<a class=\"fusion-link-wrapper\" href=\"https:\/\/abayanalistas.net\/en\/portfolio\/modelo-de-estudio-y-diseno-de-unidades-de-empleo-de-la-red-unidem\/?portfolioCats=45\" aria-label=\"Modelo de estudio y dise\u00f1o de Unidades de Empleo de la Red UNIDEM\"><\/a>\n\t<\/div>\n<\/div>\n\n\t\n<\/div>\n<div class=\"fusion-portfolio-content\"><h2 class=\"entry-title fusion-post-title\"><a href=\"https:\/\/abayanalistas.net\/en\/portfolio\/modelo-de-estudio-y-diseno-de-unidades-de-empleo-de-la-red-unidem\/?portfolioCats=45\">Modelo de estudio y dise\u00f1o de Unidades de Empleo de la Red UNIDEM<\/a><\/h2><div class=\"fusion-portfolio-meta\"><a href=\"https:\/\/abayanalistas.net\/en\/portfolio_category\/impact-and-policy-evaluation\/\" rel=\"tag\">Impact and Policy Evaluation<\/a>, <a href=\"https:\/\/abayanalistas.net\/en\/portfolio_category\/social-topics\/\" rel=\"tag\">Social topics<\/a><\/div><div class=\"fusion-post-content\"><p>La Red UNIDEM se crea en el marco de la iniciativa de la Consejer\u00eda de Familia y Servicios Sociales de la Comunidad de Madrid que, en su lucha contra la exclusi\u00f3n social, promueve planes y programas dirigidos a diversos grupos de la poblaci\u00f3n que se encuentran en dificultad social mediante la adopci\u00f3n de diferentes dispositivos que faciliten y subsanen esta dificultad. <\/p><\/div><\/div><\/div><\/article><article id=\"portfolio-1-post-1791\" class=\"fusion-portfolio-post impact-and-policy-evaluation social-topics sustainability fusion-col-spacing post-1791\"><div class=\"fusion-portfolio-content-wrapper\" style=\"border:none;\"><span class=\"vcard rich-snippet-hidden\"><span class=\"fn\"><a href=\"https:\/\/abayanalistas.net\/en\/author\/abay\/\" title=\"Posts by Abay\" rel=\"author\">Abay<\/a><\/span><\/span><span class=\"updated rich-snippet-hidden\">2016-11-21T19:52:43+00:00<\/span>\n\n<div  class=\"fusion-image-wrapper\" aria-haspopup=\"true\">\n\t\n\t\n\t\t\n\t\t\t\t\t<img loading=\"lazy\" decoding=\"async\" width=\"590\" height=\"461\" src=\"https:\/\/abayanalistas.net\/en\/wp-content\/uploads\/aracove-200x156.jpg\" class=\"attachment-full size-full wp-post-image\" alt=\"\" srcset=\"https:\/\/abayanalistas.net\/en\/wp-content\/uploads\/aracove-200x156.jpg 200w, https:\/\/abayanalistas.net\/en\/wp-content\/uploads\/aracove-400x313.jpg 400w, https:\/\/abayanalistas.net\/en\/wp-content\/uploads\/aracove.jpg 590w\" sizes=\"(min-width: 2200px) 100vw, (min-width: 1106px) 270px, (min-width: 1044px) 360px, (min-width: 982px) 540px, (min-width: 920px) 982px, \" \/>\n\t\n\n\t\t<div class=\"fusion-rollover\">\n\t<div class=\"fusion-rollover-content\">\n\n\t\t\t\t\t\t\t\t\t\t\t\t\t\t<a class=\"fusion-rollover-link\" href=\"https:\/\/abayanalistas.net\/en\/portfolio\/creacion-de-empleo-y-necesidades-de-formacion-asociadas-a-la-atencion-a-la-dependencia-en-aracove\/?portfolioCats=45\">Creaci\u00f3n de empleo y necesidades de formaci\u00f3n asociadas a la atenci\u00f3n a la dependencia en Aracove<\/a>\n\t\t\t\n\t\t\t\t\t\t\t\t\n\t\t\t\t\n\t\t\t\t\t\t\t\t\t\t\t\t<h4 class=\"fusion-rollover-title\">\n\t\t\t\t\t<a href=\"https:\/\/abayanalistas.net\/en\/portfolio\/creacion-de-empleo-y-necesidades-de-formacion-asociadas-a-la-atencion-a-la-dependencia-en-aracove\/?portfolioCats=45\">\n\t\t\t\t\t\tCreaci\u00f3n de empleo y necesidades de formaci\u00f3n asociadas a la atenci\u00f3n a la dependencia en Aracove\t\t\t\t\t<\/a>\n\t\t\t\t<\/h4>\n\t\t\t\n\t\t\t\t\t\t\t\t\n\t\t\n\t\t\t\t<a class=\"fusion-link-wrapper\" href=\"https:\/\/abayanalistas.net\/en\/portfolio\/creacion-de-empleo-y-necesidades-de-formacion-asociadas-a-la-atencion-a-la-dependencia-en-aracove\/?portfolioCats=45\" aria-label=\"Creaci\u00f3n de empleo y necesidades de formaci\u00f3n asociadas a la atenci\u00f3n a la dependencia en Aracove\"><\/a>\n\t<\/div>\n<\/div>\n\n\t\n<\/div>\n<div class=\"fusion-portfolio-content\"><h2 class=\"entry-title fusion-post-title\"><a href=\"https:\/\/abayanalistas.net\/en\/portfolio\/creacion-de-empleo-y-necesidades-de-formacion-asociadas-a-la-atencion-a-la-dependencia-en-aracove\/?portfolioCats=45\">Creaci\u00f3n de empleo y necesidades de formaci\u00f3n asociadas a la atenci\u00f3n a la dependencia en Aracove<\/a><\/h2><div class=\"fusion-portfolio-meta\"><a href=\"https:\/\/abayanalistas.net\/en\/portfolio_category\/impact-and-policy-evaluation\/\" rel=\"tag\">Impact and Policy Evaluation<\/a>, <a href=\"https:\/\/abayanalistas.net\/en\/portfolio_category\/social-topics\/\" rel=\"tag\">Social topics<\/a>, <a href=\"https:\/\/abayanalistas.net\/en\/portfolio_category\/sustainability\/\" rel=\"tag\">Sustainability<\/a><\/div><div class=\"fusion-post-content\"><p>La Ley 39\/2006 de Promoci\u00f3n de la Autonom\u00eda Personal y atenci\u00f3n a las personas en situaci\u00f3n de Dependencia ha sido categorizada desde diversos sectores como un gran yacimiento de empleo. <\/p><\/div><\/div><\/div><\/article><article id=\"portfolio-1-post-1713\" class=\"fusion-portfolio-post social-topics fusion-col-spacing post-1713\"><div class=\"fusion-portfolio-content-wrapper\" style=\"border:none;\"><span class=\"vcard rich-snippet-hidden\"><span class=\"fn\"><a href=\"https:\/\/abayanalistas.net\/en\/author\/abay\/\" title=\"Posts by Abay\" rel=\"author\">Abay<\/a><\/span><\/span><span class=\"updated rich-snippet-hidden\">2016-11-21T19:52:45+00:00<\/span>\n\n<div  class=\"fusion-image-wrapper\" aria-haspopup=\"true\">\n\t\n\t\n\t\t\n\t\t\t\t\t<img loading=\"lazy\" decoding=\"async\" width=\"900\" height=\"1273\" src=\"https:\/\/abayanalistas.net\/en\/wp-content\/uploads\/Centros-ocupacionales-1-200x283.jpg\" class=\"attachment-full size-full wp-post-image\" alt=\"\" srcset=\"https:\/\/abayanalistas.net\/en\/wp-content\/uploads\/Centros-ocupacionales-1-200x283.jpg 200w, https:\/\/abayanalistas.net\/en\/wp-content\/uploads\/Centros-ocupacionales-1-400x566.jpg 400w, https:\/\/abayanalistas.net\/en\/wp-content\/uploads\/Centros-ocupacionales-1-600x849.jpg 600w, https:\/\/abayanalistas.net\/en\/wp-content\/uploads\/Centros-ocupacionales-1-800x1132.jpg 800w, https:\/\/abayanalistas.net\/en\/wp-content\/uploads\/Centros-ocupacionales-1.jpg 900w\" sizes=\"(min-width: 2200px) 100vw, (min-width: 1106px) 270px, (min-width: 1044px) 360px, (min-width: 982px) 540px, (min-width: 920px) 982px, \" \/>\n\t\n\n\t\t<div class=\"fusion-rollover\">\n\t<div class=\"fusion-rollover-content\">\n\n\t\t\t\t\t\t\t\t\t\t\t\t\t\t<a class=\"fusion-rollover-link\" href=\"https:\/\/abayanalistas.net\/en\/portfolio\/los-centros-ocupacionales-de-la-red-publica-de-la-comunidad-de-madrid\/?portfolioCats=45\">Los Centros Ocupacionales de la Red P\u00fablica de la Comunidad de Madrid<\/a>\n\t\t\t\n\t\t\t\t\t\t\t\t\n\t\t\t\t\n\t\t\t\t\t\t\t\t\t\t\t\t<h4 class=\"fusion-rollover-title\">\n\t\t\t\t\t<a href=\"https:\/\/abayanalistas.net\/en\/portfolio\/los-centros-ocupacionales-de-la-red-publica-de-la-comunidad-de-madrid\/?portfolioCats=45\">\n\t\t\t\t\t\tLos Centros Ocupacionales de la Red P\u00fablica de la Comunidad de Madrid\t\t\t\t\t<\/a>\n\t\t\t\t<\/h4>\n\t\t\t\n\t\t\t\t\t\t\t\t\n\t\t\n\t\t\t\t<a class=\"fusion-link-wrapper\" href=\"https:\/\/abayanalistas.net\/en\/portfolio\/los-centros-ocupacionales-de-la-red-publica-de-la-comunidad-de-madrid\/?portfolioCats=45\" aria-label=\"Los Centros Ocupacionales de la Red P\u00fablica de la Comunidad de Madrid\"><\/a>\n\t<\/div>\n<\/div>\n\n\t\n<\/div>\n<div class=\"fusion-portfolio-content\"><h2 class=\"entry-title fusion-post-title\"><a href=\"https:\/\/abayanalistas.net\/en\/portfolio\/los-centros-ocupacionales-de-la-red-publica-de-la-comunidad-de-madrid\/?portfolioCats=45\">Los Centros Ocupacionales de la Red P\u00fablica de la Comunidad de Madrid<\/a><\/h2><div class=\"fusion-portfolio-meta\"><a href=\"https:\/\/abayanalistas.net\/en\/portfolio_category\/social-topics\/\" rel=\"tag\">Social topics<\/a><\/div><div class=\"fusion-post-content\"><p>El presente cap\u00edtulo tiene como principal objetivo realizar una aproximaci\u00f3n te\u00f3rica al concepto de indicador, as\u00ed como a sus caracter\u00edsticas y utilidades, con la finalidad de presentar esta herramienta como elemento \u00fatil en la gesti\u00f3n de los Centros Ocupacionales de la Comunidad de Madrid.<\/p><\/div><\/div><\/div><\/article><article id=\"portfolio-1-post-1776\" class=\"fusion-portfolio-post social-topics fusion-col-spacing post-1776\"><div class=\"fusion-portfolio-content-wrapper\" style=\"border:none;\"><span class=\"vcard rich-snippet-hidden\"><span class=\"fn\"><a href=\"https:\/\/abayanalistas.net\/en\/author\/abay\/\" title=\"Posts by Abay\" rel=\"author\">Abay<\/a><\/span><\/span><span class=\"updated rich-snippet-hidden\">2016-11-21T19:52:49+00:00<\/span>\n\n<div  class=\"fusion-image-wrapper\" aria-haspopup=\"true\">\n\t\n\t\n\t\t\n\t\t\t\t\t<img loading=\"lazy\" decoding=\"async\" width=\"900\" height=\"1165\" src=\"https:\/\/abayanalistas.net\/en\/wp-content\/uploads\/participacion-social-mayores-1-200x259.jpg\" class=\"attachment-full size-full wp-post-image\" alt=\"\" srcset=\"https:\/\/abayanalistas.net\/en\/wp-content\/uploads\/participacion-social-mayores-1-200x259.jpg 200w, https:\/\/abayanalistas.net\/en\/wp-content\/uploads\/participacion-social-mayores-1-400x518.jpg 400w, https:\/\/abayanalistas.net\/en\/wp-content\/uploads\/participacion-social-mayores-1-600x777.jpg 600w, https:\/\/abayanalistas.net\/en\/wp-content\/uploads\/participacion-social-mayores-1-800x1036.jpg 800w, https:\/\/abayanalistas.net\/en\/wp-content\/uploads\/participacion-social-mayores-1.jpg 900w\" sizes=\"(min-width: 2200px) 100vw, (min-width: 1106px) 270px, (min-width: 1044px) 360px, (min-width: 982px) 540px, (min-width: 920px) 982px, \" \/>\n\t\n\n\t\t<div class=\"fusion-rollover\">\n\t<div class=\"fusion-rollover-content\">\n\n\t\t\t\t\t\t\t\t\t\t\t\t\t\t<a class=\"fusion-rollover-link\" href=\"https:\/\/abayanalistas.net\/en\/portfolio\/participacion-social-de-las-personas-mayores\/?portfolioCats=45\">Participaci\u00f3n social de las personas mayores<\/a>\n\t\t\t\n\t\t\t\t\t\t\t\t\n\t\t\t\t\n\t\t\t\t\t\t\t\t\t\t\t\t<h4 class=\"fusion-rollover-title\">\n\t\t\t\t\t<a href=\"https:\/\/abayanalistas.net\/en\/portfolio\/participacion-social-de-las-personas-mayores\/?portfolioCats=45\">\n\t\t\t\t\t\tParticipaci\u00f3n social de las personas mayores\t\t\t\t\t<\/a>\n\t\t\t\t<\/h4>\n\t\t\t\n\t\t\t\t\t\t\t\t\n\t\t\n\t\t\t\t<a class=\"fusion-link-wrapper\" href=\"https:\/\/abayanalistas.net\/en\/portfolio\/participacion-social-de-las-personas-mayores\/?portfolioCats=45\" aria-label=\"Participaci\u00f3n social de las personas mayores\"><\/a>\n\t<\/div>\n<\/div>\n\n\t\n<\/div>\n<div class=\"fusion-portfolio-content\"><h2 class=\"entry-title fusion-post-title\"><a href=\"https:\/\/abayanalistas.net\/en\/portfolio\/participacion-social-de-las-personas-mayores\/?portfolioCats=45\">Participaci\u00f3n social de las personas mayores<\/a><\/h2><div class=\"fusion-portfolio-meta\"><a href=\"https:\/\/abayanalistas.net\/en\/portfolio_category\/social-topics\/\" rel=\"tag\">Social topics<\/a><\/div><div class=\"fusion-post-content\"><p>El estudio realiza aproximaciones complementarias al concepto de participaci\u00f3n social de las personas mayores. En un primer bloque, a trav\u00e9s de la revisi\u00f3n de la literatura, se analiza la evoluci\u00f3n reciente de los dos conceptos claves en este an\u00e1lisis: participaci\u00f3n social y  envejecimiento.<\/p><\/div><\/div><\/div><\/article><article id=\"portfolio-1-post-1771\" class=\"fusion-portfolio-post impact-and-policy-evaluation social-topics fusion-col-spacing post-1771\"><div class=\"fusion-portfolio-content-wrapper\" style=\"border:none;\"><span class=\"vcard rich-snippet-hidden\"><span class=\"fn\"><a href=\"https:\/\/abayanalistas.net\/en\/author\/abay\/\" title=\"Posts by Abay\" rel=\"author\">Abay<\/a><\/span><\/span><span class=\"updated rich-snippet-hidden\">2016-11-21T19:52:50+00:00<\/span>\n\n<div  class=\"fusion-image-wrapper\" aria-haspopup=\"true\">\n\t\n\t\n\t\t\n\t\t\t\t\t<img loading=\"lazy\" decoding=\"async\" width=\"900\" height=\"589\" src=\"https:\/\/abayanalistas.net\/en\/wp-content\/uploads\/redes-inteligentes-200x131.jpg\" class=\"attachment-full size-full wp-post-image\" alt=\"\" srcset=\"https:\/\/abayanalistas.net\/en\/wp-content\/uploads\/redes-inteligentes-200x131.jpg 200w, https:\/\/abayanalistas.net\/en\/wp-content\/uploads\/redes-inteligentes-400x262.jpg 400w, https:\/\/abayanalistas.net\/en\/wp-content\/uploads\/redes-inteligentes-600x393.jpg 600w, https:\/\/abayanalistas.net\/en\/wp-content\/uploads\/redes-inteligentes-800x524.jpg 800w, https:\/\/abayanalistas.net\/en\/wp-content\/uploads\/redes-inteligentes.jpg 900w\" sizes=\"(min-width: 2200px) 100vw, (min-width: 1106px) 270px, (min-width: 1044px) 360px, (min-width: 982px) 540px, (min-width: 920px) 982px, \" \/>\n\t\n\n\t\t<div class=\"fusion-rollover\">\n\t<div class=\"fusion-rollover-content\">\n\n\t\t\t\t\t\t\t\t\t\t\t\t\t\t<a class=\"fusion-rollover-link\" href=\"https:\/\/abayanalistas.net\/en\/portfolio\/desarrollo-de-un-sistema-de-indicadores-de-gestion-para-la-red-de-centros-ocupacionales-de-la-comunidad-de-madrid\/?portfolioCats=45\">Sistema de indicadores de gesti\u00f3n para la Red de Centros Ocupacionales de la Comunidad de Madrid<\/a>\n\t\t\t\n\t\t\t\t\t\t\t\t\n\t\t\t\t\n\t\t\t\t\t\t\t\t\t\t\t\t<h4 class=\"fusion-rollover-title\">\n\t\t\t\t\t<a href=\"https:\/\/abayanalistas.net\/en\/portfolio\/desarrollo-de-un-sistema-de-indicadores-de-gestion-para-la-red-de-centros-ocupacionales-de-la-comunidad-de-madrid\/?portfolioCats=45\">\n\t\t\t\t\t\tSistema de indicadores de gesti\u00f3n para la Red de Centros Ocupacionales de la Comunidad de Madrid\t\t\t\t\t<\/a>\n\t\t\t\t<\/h4>\n\t\t\t\n\t\t\t\t\t\t\t\t\n\t\t\n\t\t\t\t<a class=\"fusion-link-wrapper\" href=\"https:\/\/abayanalistas.net\/en\/portfolio\/desarrollo-de-un-sistema-de-indicadores-de-gestion-para-la-red-de-centros-ocupacionales-de-la-comunidad-de-madrid\/?portfolioCats=45\" aria-label=\"Sistema de indicadores de gesti\u00f3n para la Red de Centros Ocupacionales de la Comunidad de Madrid\"><\/a>\n\t<\/div>\n<\/div>\n\n\t\n<\/div>\n<div class=\"fusion-portfolio-content\"><h2 class=\"entry-title fusion-post-title\"><a href=\"https:\/\/abayanalistas.net\/en\/portfolio\/desarrollo-de-un-sistema-de-indicadores-de-gestion-para-la-red-de-centros-ocupacionales-de-la-comunidad-de-madrid\/?portfolioCats=45\">Sistema de indicadores de gesti\u00f3n para la Red de Centros Ocupacionales de la Comunidad de Madrid<\/a><\/h2><div class=\"fusion-portfolio-meta\"><a href=\"https:\/\/abayanalistas.net\/en\/portfolio_category\/impact-and-policy-evaluation\/\" rel=\"tag\">Impact and Policy Evaluation<\/a>, <a href=\"https:\/\/abayanalistas.net\/en\/portfolio_category\/social-topics\/\" rel=\"tag\">Social topics<\/a><\/div><div class=\"fusion-post-content\"><p>Un indicador es una s\u00edntesis cuantitativa de uno o varios aspectos concretos de una determinada realidad. Los indicadores permite ubicar o clasificar las unidades de an\u00e1lisis (personas, organizaciones, etc.) con respecto al conjunto de variables que se analizan.<\/p><\/div><\/div><\/div><\/article><article id=\"portfolio-1-post-1734\" class=\"fusion-portfolio-post social-topics fusion-col-spacing post-1734\"><div class=\"fusion-portfolio-content-wrapper\" style=\"border:none;\"><span class=\"vcard rich-snippet-hidden\"><span class=\"fn\"><a href=\"https:\/\/abayanalistas.net\/en\/author\/abay\/\" title=\"Posts by Abay\" rel=\"author\">Abay<\/a><\/span><\/span><span class=\"updated rich-snippet-hidden\">2016-11-21T19:52:51+00:00<\/span>\n\n<div  class=\"fusion-image-wrapper\" aria-haspopup=\"true\">\n\t\n\t\n\t\t\n\t\t\t\t\t<img loading=\"lazy\" decoding=\"async\" width=\"900\" height=\"1273\" src=\"https:\/\/abayanalistas.net\/en\/wp-content\/uploads\/Curso-beatriz-galindo-1-200x283.jpg\" class=\"attachment-full size-full wp-post-image\" alt=\"\" srcset=\"https:\/\/abayanalistas.net\/en\/wp-content\/uploads\/Curso-beatriz-galindo-1-200x283.jpg 200w, https:\/\/abayanalistas.net\/en\/wp-content\/uploads\/Curso-beatriz-galindo-1-400x566.jpg 400w, https:\/\/abayanalistas.net\/en\/wp-content\/uploads\/Curso-beatriz-galindo-1-600x849.jpg 600w, https:\/\/abayanalistas.net\/en\/wp-content\/uploads\/Curso-beatriz-galindo-1-800x1132.jpg 800w, https:\/\/abayanalistas.net\/en\/wp-content\/uploads\/Curso-beatriz-galindo-1.jpg 900w\" sizes=\"(min-width: 2200px) 100vw, (min-width: 1106px) 270px, (min-width: 1044px) 360px, (min-width: 982px) 540px, (min-width: 920px) 982px, \" \/>\n\t\n\n\t\t<div class=\"fusion-rollover\">\n\t<div class=\"fusion-rollover-content\">\n\n\t\t\t\t\t\t\t\t\t\t\t\t\t\t<a class=\"fusion-rollover-link\" href=\"https:\/\/abayanalistas.net\/en\/portfolio\/participacion-como-formadoresas-en-el-curso-instrumentos-para-la-gestion-del-area-de-insercion-laboral-de-centros-ocupacionales-2007-2008\/?portfolioCats=45\">Participaci\u00f3n como formadores\/as en el curso &#8220;Instrumentos para la gesti\u00f3n del \u00c1rea de inserci\u00f3n laboral de Centros Ocupacionales&#8221; (2007, 2008)<\/a>\n\t\t\t\n\t\t\t\t\t\t\t\t\n\t\t\t\t\n\t\t\t\t\t\t\t\t\t\t\t\t<h4 class=\"fusion-rollover-title\">\n\t\t\t\t\t<a href=\"https:\/\/abayanalistas.net\/en\/portfolio\/participacion-como-formadoresas-en-el-curso-instrumentos-para-la-gestion-del-area-de-insercion-laboral-de-centros-ocupacionales-2007-2008\/?portfolioCats=45\">\n\t\t\t\t\t\tParticipaci\u00f3n como formadores\/as en el curso &#8220;Instrumentos para la gesti\u00f3n del \u00c1rea de inserci\u00f3n laboral de Centros Ocupacionales&#8221; (2007, 2008)\t\t\t\t\t<\/a>\n\t\t\t\t<\/h4>\n\t\t\t\n\t\t\t\t\t\t\t\t\n\t\t\n\t\t\t\t<a class=\"fusion-link-wrapper\" href=\"https:\/\/abayanalistas.net\/en\/portfolio\/participacion-como-formadoresas-en-el-curso-instrumentos-para-la-gestion-del-area-de-insercion-laboral-de-centros-ocupacionales-2007-2008\/?portfolioCats=45\" aria-label=\"Participaci\u00f3n como formadores\/as en el curso &#8220;Instrumentos para la gesti\u00f3n del \u00c1rea de inserci\u00f3n laboral de Centros Ocupacionales&#8221; (2007, 2008)\"><\/a>\n\t<\/div>\n<\/div>\n\n\t\n<\/div>\n<div class=\"fusion-portfolio-content\"><h2 class=\"entry-title fusion-post-title\"><a href=\"https:\/\/abayanalistas.net\/en\/portfolio\/participacion-como-formadoresas-en-el-curso-instrumentos-para-la-gestion-del-area-de-insercion-laboral-de-centros-ocupacionales-2007-2008\/?portfolioCats=45\">Participaci\u00f3n como formadores\/as en el curso &#8220;Instrumentos para la gesti\u00f3n del \u00c1rea de inserci\u00f3n laboral de Centros Ocupacionales&#8221; (2007, 2008)<\/a><\/h2><div class=\"fusion-portfolio-meta\"><a href=\"https:\/\/abayanalistas.net\/en\/portfolio_category\/social-topics\/\" rel=\"tag\">Social topics<\/a><\/div><div class=\"fusion-post-content\"><p>Curso de 60 horas de duraci\u00f3n destinado a T\u00e9cnicos: mandos intermedios de Centros Ocupacionales (Preparadores Laborales). Impartido en el Centro \" Beatriz Galindo\".<\/p><\/div><\/div><\/div><\/article><article id=\"portfolio-1-post-1728\" class=\"fusion-portfolio-post social-topics fusion-col-spacing post-1728\"><div class=\"fusion-portfolio-content-wrapper\" style=\"border:none;\"><span class=\"vcard rich-snippet-hidden\"><span class=\"fn\"><a href=\"https:\/\/abayanalistas.net\/en\/author\/abay\/\" title=\"Posts by Abay\" rel=\"author\">Abay<\/a><\/span><\/span><span class=\"updated rich-snippet-hidden\">2016-11-21T19:52:51+00:00<\/span>\n\n<div  class=\"fusion-image-wrapper\" aria-haspopup=\"true\">\n\t\n\t\n\t\t\n\t\t\t\t\t<img loading=\"lazy\" decoding=\"async\" width=\"900\" height=\"1273\" src=\"https:\/\/abayanalistas.net\/en\/wp-content\/uploads\/Curso-beatriz-galindo-1-200x283.jpg\" class=\"attachment-full size-full wp-post-image\" alt=\"\" srcset=\"https:\/\/abayanalistas.net\/en\/wp-content\/uploads\/Curso-beatriz-galindo-1-200x283.jpg 200w, https:\/\/abayanalistas.net\/en\/wp-content\/uploads\/Curso-beatriz-galindo-1-400x566.jpg 400w, https:\/\/abayanalistas.net\/en\/wp-content\/uploads\/Curso-beatriz-galindo-1-600x849.jpg 600w, https:\/\/abayanalistas.net\/en\/wp-content\/uploads\/Curso-beatriz-galindo-1-800x1132.jpg 800w, https:\/\/abayanalistas.net\/en\/wp-content\/uploads\/Curso-beatriz-galindo-1.jpg 900w\" sizes=\"(min-width: 2200px) 100vw, (min-width: 1106px) 270px, (min-width: 1044px) 360px, (min-width: 982px) 540px, (min-width: 920px) 982px, \" \/>\n\t\n\n\t\t<div class=\"fusion-rollover\">\n\t<div class=\"fusion-rollover-content\">\n\n\t\t\t\t\t\t\t\t\t\t\t\t\t\t<a class=\"fusion-rollover-link\" href=\"https:\/\/abayanalistas.net\/en\/portfolio\/participacion-como-formadoresas-en-el-curso-instrumentos-para-la-gestion-de-centros-ocupacionales-2007-2008\/?portfolioCats=45\">Participaci\u00f3n como formadores\/as en el curso &#8220;Instrumentos para la gesti\u00f3n de Centros Ocupacionales&#8221; (2007, 2008)<\/a>\n\t\t\t\n\t\t\t\t\t\t\t\t\n\t\t\t\t\n\t\t\t\t\t\t\t\t\t\t\t\t<h4 class=\"fusion-rollover-title\">\n\t\t\t\t\t<a href=\"https:\/\/abayanalistas.net\/en\/portfolio\/participacion-como-formadoresas-en-el-curso-instrumentos-para-la-gestion-de-centros-ocupacionales-2007-2008\/?portfolioCats=45\">\n\t\t\t\t\t\tParticipaci\u00f3n como formadores\/as en el curso &#8220;Instrumentos para la gesti\u00f3n de Centros Ocupacionales&#8221; (2007, 2008)\t\t\t\t\t<\/a>\n\t\t\t\t<\/h4>\n\t\t\t\n\t\t\t\t\t\t\t\t\n\t\t\n\t\t\t\t<a class=\"fusion-link-wrapper\" href=\"https:\/\/abayanalistas.net\/en\/portfolio\/participacion-como-formadoresas-en-el-curso-instrumentos-para-la-gestion-de-centros-ocupacionales-2007-2008\/?portfolioCats=45\" aria-label=\"Participaci\u00f3n como formadores\/as en el curso &#8220;Instrumentos para la gesti\u00f3n de Centros Ocupacionales&#8221; (2007, 2008)\"><\/a>\n\t<\/div>\n<\/div>\n\n\t\n<\/div>\n<div class=\"fusion-portfolio-content\"><h2 class=\"entry-title fusion-post-title\"><a href=\"https:\/\/abayanalistas.net\/en\/portfolio\/participacion-como-formadoresas-en-el-curso-instrumentos-para-la-gestion-de-centros-ocupacionales-2007-2008\/?portfolioCats=45\">Participaci\u00f3n como formadores\/as en el curso &#8220;Instrumentos para la gesti\u00f3n de Centros Ocupacionales&#8221; (2007, 2008)<\/a><\/h2><div class=\"fusion-portfolio-meta\"><a href=\"https:\/\/abayanalistas.net\/en\/portfolio_category\/social-topics\/\" rel=\"tag\">Social topics<\/a><\/div><div class=\"fusion-post-content\"><p>Curso de 20 horas de duraci\u00f3n destinado a Directores de Centros Ocupacionales. Impartido en el Centro \" Beatriz Galindo\".<\/p><\/div><\/div><\/div><\/article><article id=\"portfolio-1-post-1749\" class=\"fusion-portfolio-post social-topics fusion-col-spacing post-1749\"><div class=\"fusion-portfolio-content-wrapper\" style=\"border:none;\"><span class=\"vcard rich-snippet-hidden\"><span class=\"fn\"><a href=\"https:\/\/abayanalistas.net\/en\/author\/abay\/\" title=\"Posts by Abay\" rel=\"author\">Abay<\/a><\/span><\/span><span class=\"updated rich-snippet-hidden\">2016-11-21T19:52:51+00:00<\/span>\n\n<div  class=\"fusion-image-wrapper\" aria-haspopup=\"true\">\n\t\n\t\n\t\t\n\t\t\t\t\t<img loading=\"lazy\" decoding=\"async\" width=\"900\" height=\"882\" src=\"https:\/\/abayanalistas.net\/en\/wp-content\/uploads\/discapacidad-alcobendas-200x196.jpg\" class=\"attachment-full size-full wp-post-image\" alt=\"\" srcset=\"https:\/\/abayanalistas.net\/en\/wp-content\/uploads\/discapacidad-alcobendas-200x196.jpg 200w, https:\/\/abayanalistas.net\/en\/wp-content\/uploads\/discapacidad-alcobendas-400x392.jpg 400w, https:\/\/abayanalistas.net\/en\/wp-content\/uploads\/discapacidad-alcobendas-600x588.jpg 600w, https:\/\/abayanalistas.net\/en\/wp-content\/uploads\/discapacidad-alcobendas-800x784.jpg 800w, https:\/\/abayanalistas.net\/en\/wp-content\/uploads\/discapacidad-alcobendas.jpg 900w\" sizes=\"(min-width: 2200px) 100vw, (min-width: 1106px) 270px, (min-width: 1044px) 360px, (min-width: 982px) 540px, (min-width: 920px) 982px, \" \/>\n\t\n\n\t\t<div class=\"fusion-rollover\">\n\t<div class=\"fusion-rollover-content\">\n\n\t\t\t\t\t\t\t\t\t\t\t\t\t\t<a class=\"fusion-rollover-link\" href=\"https:\/\/abayanalistas.net\/en\/portfolio\/la-poblacion-con-discapacidad-en-el-municipio-de-alcobendas-aproximacion-estadistica\/?portfolioCats=45\">La poblaci\u00f3n con discapacidad en el municipio de Alcobendas. Aproximaci\u00f3n estad\u00edstica<\/a>\n\t\t\t\n\t\t\t\t\t\t\t\t\n\t\t\t\t\n\t\t\t\t\t\t\t\t\t\t\t\t<h4 class=\"fusion-rollover-title\">\n\t\t\t\t\t<a href=\"https:\/\/abayanalistas.net\/en\/portfolio\/la-poblacion-con-discapacidad-en-el-municipio-de-alcobendas-aproximacion-estadistica\/?portfolioCats=45\">\n\t\t\t\t\t\tLa poblaci\u00f3n con discapacidad en el municipio de Alcobendas. Aproximaci\u00f3n estad\u00edstica\t\t\t\t\t<\/a>\n\t\t\t\t<\/h4>\n\t\t\t\n\t\t\t\t\t\t\t\t\n\t\t\n\t\t\t\t<a class=\"fusion-link-wrapper\" href=\"https:\/\/abayanalistas.net\/en\/portfolio\/la-poblacion-con-discapacidad-en-el-municipio-de-alcobendas-aproximacion-estadistica\/?portfolioCats=45\" aria-label=\"La poblaci\u00f3n con discapacidad en el municipio de Alcobendas. Aproximaci\u00f3n estad\u00edstica\"><\/a>\n\t<\/div>\n<\/div>\n\n\t\n<\/div>\n<div class=\"fusion-portfolio-content\"><h2 class=\"entry-title fusion-post-title\"><a href=\"https:\/\/abayanalistas.net\/en\/portfolio\/la-poblacion-con-discapacidad-en-el-municipio-de-alcobendas-aproximacion-estadistica\/?portfolioCats=45\">La poblaci\u00f3n con discapacidad en el municipio de Alcobendas. Aproximaci\u00f3n estad\u00edstica<\/a><\/h2><div class=\"fusion-portfolio-meta\"><a href=\"https:\/\/abayanalistas.net\/en\/portfolio_category\/social-topics\/\" rel=\"tag\">Social topics<\/a><\/div><div class=\"fusion-post-content\"><p>El creciente peso de la Administraci\u00f3n Local en el dise\u00f1o y ejecuci\u00f3n de las pol\u00edticas activas de empleo no se ha visto acompa\u00f1ado por una mejora equivalente de la informaci\u00f3n sobre los mercados de trabajo locales y sobre los principales colectivos de inter\u00e9s. <\/p><\/div><\/div><\/div><\/article><article id=\"portfolio-1-post-1762\" class=\"fusion-portfolio-post impact-and-policy-evaluation social-topics fusion-col-spacing post-1762\"><div class=\"fusion-portfolio-content-wrapper\" style=\"border:none;\"><span class=\"vcard rich-snippet-hidden\"><span class=\"fn\"><a href=\"https:\/\/abayanalistas.net\/en\/author\/abay\/\" title=\"Posts by Abay\" rel=\"author\">Abay<\/a><\/span><\/span><span class=\"updated rich-snippet-hidden\">2016-11-21T19:52:52+00:00<\/span>\n\n<div  class=\"fusion-image-wrapper\" aria-haspopup=\"true\">\n\t\n\t\n\t\t\n\t\t\t\t\t<img loading=\"lazy\" decoding=\"async\" width=\"900\" height=\"1268\" src=\"https:\/\/abayanalistas.net\/en\/wp-content\/uploads\/informecvo-200x282.jpg\" class=\"attachment-full size-full wp-post-image\" alt=\"An\u00e1lisis de los centros y equipos que intervienen en la valoraci\u00f3n de las situaciones de dependencia\" srcset=\"https:\/\/abayanalistas.net\/en\/wp-content\/uploads\/informecvo-200x282.jpg 200w, https:\/\/abayanalistas.net\/en\/wp-content\/uploads\/informecvo-400x564.jpg 400w, https:\/\/abayanalistas.net\/en\/wp-content\/uploads\/informecvo-600x845.jpg 600w, https:\/\/abayanalistas.net\/en\/wp-content\/uploads\/informecvo-800x1127.jpg 800w, https:\/\/abayanalistas.net\/en\/wp-content\/uploads\/informecvo.jpg 900w\" sizes=\"(min-width: 2200px) 100vw, (min-width: 1106px) 270px, (min-width: 1044px) 360px, (min-width: 982px) 540px, (min-width: 920px) 982px, \" \/>\n\t\n\n\t\t<div class=\"fusion-rollover\">\n\t<div class=\"fusion-rollover-content\">\n\n\t\t\t\t\t\t\t\t\t\t\t\t\t\t<a class=\"fusion-rollover-link\" href=\"https:\/\/abayanalistas.net\/en\/portfolio\/analisis-de-los-centros-y-equipos-que-intervienen-en-la-valoracion-de-las-situaciones-de-dependencia\/?portfolioCats=45\">An\u00e1lisis de los centros y equipos que intervienen en la valoraci\u00f3n de las situaciones de dependencia<\/a>\n\t\t\t\n\t\t\t\t\t\t\t\t\n\t\t\t\t\n\t\t\t\t\t\t\t\t\t\t\t\t<h4 class=\"fusion-rollover-title\">\n\t\t\t\t\t<a href=\"https:\/\/abayanalistas.net\/en\/portfolio\/analisis-de-los-centros-y-equipos-que-intervienen-en-la-valoracion-de-las-situaciones-de-dependencia\/?portfolioCats=45\">\n\t\t\t\t\t\tAn\u00e1lisis de los centros y equipos que intervienen en la valoraci\u00f3n de las situaciones de dependencia\t\t\t\t\t<\/a>\n\t\t\t\t<\/h4>\n\t\t\t\n\t\t\t\t\t\t\t\t\n\t\t\n\t\t\t\t<a class=\"fusion-link-wrapper\" href=\"https:\/\/abayanalistas.net\/en\/portfolio\/analisis-de-los-centros-y-equipos-que-intervienen-en-la-valoracion-de-las-situaciones-de-dependencia\/?portfolioCats=45\" aria-label=\"An\u00e1lisis de los centros y equipos que intervienen en la valoraci\u00f3n de las situaciones de dependencia\"><\/a>\n\t<\/div>\n<\/div>\n\n\t\n<\/div>\n<div class=\"fusion-portfolio-content\"><h2 class=\"entry-title fusion-post-title\"><a href=\"https:\/\/abayanalistas.net\/en\/portfolio\/analisis-de-los-centros-y-equipos-que-intervienen-en-la-valoracion-de-las-situaciones-de-dependencia\/?portfolioCats=45\">An\u00e1lisis de los centros y equipos que intervienen en la valoraci\u00f3n de las situaciones de dependencia<\/a><\/h2><div class=\"fusion-portfolio-meta\"><a href=\"https:\/\/abayanalistas.net\/en\/portfolio_category\/impact-and-policy-evaluation\/\" rel=\"tag\">Impact and Policy Evaluation<\/a>, <a href=\"https:\/\/abayanalistas.net\/en\/portfolio_category\/social-topics\/\" rel=\"tag\">Social topics<\/a><\/div><div class=\"fusion-post-content\"><p>La atenci\u00f3n a las personas con discapacidad ha experimentado a lo largo de los \u00faltimos a\u00f1os significativos avances, estando presente en las l\u00edneas de actuaci\u00f3n de todas las Administraciones P\u00fablicas.<\/p><\/div><\/div><\/div><\/article><article id=\"portfolio-1-post-1755\" class=\"fusion-portfolio-post social-topics fusion-col-spacing post-1755\"><div class=\"fusion-portfolio-content-wrapper\" style=\"border:none;\"><span class=\"vcard rich-snippet-hidden\"><span class=\"fn\"><a href=\"https:\/\/abayanalistas.net\/en\/author\/abay\/\" title=\"Posts by Abay\" rel=\"author\">Abay<\/a><\/span><\/span><span class=\"updated rich-snippet-hidden\">2016-11-21T19:52:52+00:00<\/span>\n\n<div  class=\"fusion-image-wrapper\" aria-haspopup=\"true\">\n\t\n\t\n\t\t\n\t\t\t\t\t<img loading=\"lazy\" decoding=\"async\" width=\"1154\" height=\"920\" src=\"https:\/\/abayanalistas.net\/en\/wp-content\/uploads\/poblacion-inmigrante-200x159.jpg\" class=\"attachment-full size-full wp-post-image\" alt=\"An\u00e1lisis de la poblaci\u00f3n inmigrante\" srcset=\"https:\/\/abayanalistas.net\/en\/wp-content\/uploads\/poblacion-inmigrante-200x159.jpg 200w, https:\/\/abayanalistas.net\/en\/wp-content\/uploads\/poblacion-inmigrante-400x319.jpg 400w, https:\/\/abayanalistas.net\/en\/wp-content\/uploads\/poblacion-inmigrante-600x478.jpg 600w, https:\/\/abayanalistas.net\/en\/wp-content\/uploads\/poblacion-inmigrante-800x638.jpg 800w, https:\/\/abayanalistas.net\/en\/wp-content\/uploads\/poblacion-inmigrante.jpg 1154w\" sizes=\"(min-width: 2200px) 100vw, (min-width: 1106px) 270px, (min-width: 1044px) 360px, (min-width: 982px) 540px, (min-width: 920px) 982px, \" \/>\n\t\n\n\t\t<div class=\"fusion-rollover\">\n\t<div class=\"fusion-rollover-content\">\n\n\t\t\t\t\t\t\t\t\t\t\t\t\t\t<a class=\"fusion-rollover-link\" href=\"https:\/\/abayanalistas.net\/en\/portfolio\/analisis-de-la-poblacion-inmigrante\/?portfolioCats=45\">An\u00e1lisis de la poblaci\u00f3n inmigrante<\/a>\n\t\t\t\n\t\t\t\t\t\t\t\t\n\t\t\t\t\n\t\t\t\t\t\t\t\t\t\t\t\t<h4 class=\"fusion-rollover-title\">\n\t\t\t\t\t<a href=\"https:\/\/abayanalistas.net\/en\/portfolio\/analisis-de-la-poblacion-inmigrante\/?portfolioCats=45\">\n\t\t\t\t\t\tAn\u00e1lisis de la poblaci\u00f3n inmigrante\t\t\t\t\t<\/a>\n\t\t\t\t<\/h4>\n\t\t\t\n\t\t\t\t\t\t\t\t\n\t\t\n\t\t\t\t<a class=\"fusion-link-wrapper\" href=\"https:\/\/abayanalistas.net\/en\/portfolio\/analisis-de-la-poblacion-inmigrante\/?portfolioCats=45\" aria-label=\"An\u00e1lisis de la poblaci\u00f3n inmigrante\"><\/a>\n\t<\/div>\n<\/div>\n\n\t\n<\/div>\n<div class=\"fusion-portfolio-content\"><h2 class=\"entry-title fusion-post-title\"><a href=\"https:\/\/abayanalistas.net\/en\/portfolio\/analisis-de-la-poblacion-inmigrante\/?portfolioCats=45\">An\u00e1lisis de la poblaci\u00f3n inmigrante<\/a><\/h2><div class=\"fusion-portfolio-meta\"><a href=\"https:\/\/abayanalistas.net\/en\/portfolio_category\/social-topics\/\" rel=\"tag\">Social topics<\/a><\/div><div class=\"fusion-post-content\"><p>Aunque algunas funciones significativas relacionadas con el fen\u00f3meno de la inmigraci\u00f3n son competencia de la Administraci\u00f3n del Estado (vigilancia de fronteras, entrada en territorio nacional, determinaci\u00f3n de contingentes anuales, concesi\u00f3n de permisos, etc.)<\/p><\/div><\/div><\/div><\/article><article id=\"portfolio-1-post-1746\" class=\"fusion-portfolio-post social-topics fusion-col-spacing post-1746\"><div class=\"fusion-portfolio-content-wrapper\" style=\"border:none;\"><span class=\"vcard rich-snippet-hidden\"><span class=\"fn\"><a href=\"https:\/\/abayanalistas.net\/en\/author\/abay\/\" title=\"Posts by Abay\" rel=\"author\">Abay<\/a><\/span><\/span><span class=\"updated rich-snippet-hidden\">2016-11-21T19:52:53+00:00<\/span>\n\n<div  class=\"fusion-image-wrapper\" aria-haspopup=\"true\">\n\t\n\t\n\t\t\n\t\t\t\t\t<img loading=\"lazy\" decoding=\"async\" width=\"900\" height=\"882\" src=\"https:\/\/abayanalistas.net\/en\/wp-content\/uploads\/base-discapacitados-200x196.jpg\" class=\"attachment-full size-full wp-post-image\" alt=\"Desarrollo de una aplicaci\u00f3n y base de datos sobre la poblaci\u00f3n con discapacidad\" srcset=\"https:\/\/abayanalistas.net\/en\/wp-content\/uploads\/base-discapacitados-200x196.jpg 200w, https:\/\/abayanalistas.net\/en\/wp-content\/uploads\/base-discapacitados-400x392.jpg 400w, https:\/\/abayanalistas.net\/en\/wp-content\/uploads\/base-discapacitados-600x588.jpg 600w, https:\/\/abayanalistas.net\/en\/wp-content\/uploads\/base-discapacitados-800x784.jpg 800w, https:\/\/abayanalistas.net\/en\/wp-content\/uploads\/base-discapacitados.jpg 900w\" sizes=\"(min-width: 2200px) 100vw, (min-width: 1106px) 270px, (min-width: 1044px) 360px, (min-width: 982px) 540px, (min-width: 920px) 982px, \" \/>\n\t\n\n\t\t<div class=\"fusion-rollover\">\n\t<div class=\"fusion-rollover-content\">\n\n\t\t\t\t\t\t\t\t\t\t\t\t\t\t<a class=\"fusion-rollover-link\" href=\"https:\/\/abayanalistas.net\/en\/portfolio\/desarrollo-de-una-aplicacion-y-base-de-datos-sobre-la-poblacion-con-discapacidad\/?portfolioCats=45\">Desarrollo de una aplicaci\u00f3n y base de datos sobre la poblaci\u00f3n con discapacidad<\/a>\n\t\t\t\n\t\t\t\t\t\t\t\t\n\t\t\t\t\n\t\t\t\t\t\t\t\t\t\t\t\t<h4 class=\"fusion-rollover-title\">\n\t\t\t\t\t<a href=\"https:\/\/abayanalistas.net\/en\/portfolio\/desarrollo-de-una-aplicacion-y-base-de-datos-sobre-la-poblacion-con-discapacidad\/?portfolioCats=45\">\n\t\t\t\t\t\tDesarrollo de una aplicaci\u00f3n y base de datos sobre la poblaci\u00f3n con discapacidad\t\t\t\t\t<\/a>\n\t\t\t\t<\/h4>\n\t\t\t\n\t\t\t\t\t\t\t\t\n\t\t\n\t\t\t\t<a class=\"fusion-link-wrapper\" href=\"https:\/\/abayanalistas.net\/en\/portfolio\/desarrollo-de-una-aplicacion-y-base-de-datos-sobre-la-poblacion-con-discapacidad\/?portfolioCats=45\" aria-label=\"Desarrollo de una aplicaci\u00f3n y base de datos sobre la poblaci\u00f3n con discapacidad\"><\/a>\n\t<\/div>\n<\/div>\n\n\t\n<\/div>\n<div class=\"fusion-portfolio-content\"><h2 class=\"entry-title fusion-post-title\"><a href=\"https:\/\/abayanalistas.net\/en\/portfolio\/desarrollo-de-una-aplicacion-y-base-de-datos-sobre-la-poblacion-con-discapacidad\/?portfolioCats=45\">Desarrollo de una aplicaci\u00f3n y base de datos sobre la poblaci\u00f3n con discapacidad<\/a><\/h2><div class=\"fusion-portfolio-meta\"><a href=\"https:\/\/abayanalistas.net\/en\/portfolio_category\/social-topics\/\" rel=\"tag\">Social topics<\/a><\/div><div class=\"fusion-post-content\"><p>La intervenci\u00f3n directa que se realiza desde el \u00e1mbito local con distintos colectivos de poblaci\u00f3n implica la generaci\u00f3n de una gran cantidad de informaci\u00f3n individual. <\/p><\/div><\/div><\/div><\/article><article id=\"portfolio-1-post-1743\" class=\"fusion-portfolio-post social-topics sustainability fusion-col-spacing post-1743\"><div class=\"fusion-portfolio-content-wrapper\" style=\"border:none;\"><span class=\"vcard rich-snippet-hidden\"><span class=\"fn\"><a href=\"https:\/\/abayanalistas.net\/en\/author\/abay\/\" title=\"Posts by Abay\" rel=\"author\">Abay<\/a><\/span><\/span><span class=\"updated rich-snippet-hidden\">2016-11-21T19:52:55+00:00<\/span>\n\n<div  class=\"fusion-image-wrapper\" aria-haspopup=\"true\">\n\t\n\t\n\t\t\n\t\t\t\t\t<img loading=\"lazy\" decoding=\"async\" width=\"900\" height=\"882\" src=\"https:\/\/abayanalistas.net\/en\/wp-content\/uploads\/centro-empleo-200x196.jpg\" class=\"attachment-full size-full wp-post-image\" alt=\"Plan de viabilidad de un Centro Especial de Empleo\" srcset=\"https:\/\/abayanalistas.net\/en\/wp-content\/uploads\/centro-empleo-200x196.jpg 200w, https:\/\/abayanalistas.net\/en\/wp-content\/uploads\/centro-empleo-400x392.jpg 400w, https:\/\/abayanalistas.net\/en\/wp-content\/uploads\/centro-empleo-600x588.jpg 600w, https:\/\/abayanalistas.net\/en\/wp-content\/uploads\/centro-empleo-800x784.jpg 800w, https:\/\/abayanalistas.net\/en\/wp-content\/uploads\/centro-empleo.jpg 900w\" sizes=\"(min-width: 2200px) 100vw, (min-width: 1106px) 270px, (min-width: 1044px) 360px, (min-width: 982px) 540px, (min-width: 920px) 982px, \" \/>\n\t\n\n\t\t<div class=\"fusion-rollover\">\n\t<div class=\"fusion-rollover-content\">\n\n\t\t\t\t\t\t\t\t\t\t\t\t\t\t<a class=\"fusion-rollover-link\" href=\"https:\/\/abayanalistas.net\/en\/portfolio\/la-poblacion-con-discapacidad-y-mercado-de-trabajo-local-plan-de-viabilidad-de-un-centro-especial-de-empleo\/?portfolioCats=45\">Plan de viabilidad de un Centro Especial de Empleo<\/a>\n\t\t\t\n\t\t\t\t\t\t\t\t\n\t\t\t\t\n\t\t\t\t\t\t\t\t\t\t\t\t<h4 class=\"fusion-rollover-title\">\n\t\t\t\t\t<a href=\"https:\/\/abayanalistas.net\/en\/portfolio\/la-poblacion-con-discapacidad-y-mercado-de-trabajo-local-plan-de-viabilidad-de-un-centro-especial-de-empleo\/?portfolioCats=45\">\n\t\t\t\t\t\tPlan de viabilidad de un Centro Especial de Empleo\t\t\t\t\t<\/a>\n\t\t\t\t<\/h4>\n\t\t\t\n\t\t\t\t\t\t\t\t\n\t\t\n\t\t\t\t<a class=\"fusion-link-wrapper\" href=\"https:\/\/abayanalistas.net\/en\/portfolio\/la-poblacion-con-discapacidad-y-mercado-de-trabajo-local-plan-de-viabilidad-de-un-centro-especial-de-empleo\/?portfolioCats=45\" aria-label=\"Plan de viabilidad de un Centro Especial de Empleo\"><\/a>\n\t<\/div>\n<\/div>\n\n\t\n<\/div>\n<div class=\"fusion-portfolio-content\"><h2 class=\"entry-title fusion-post-title\"><a href=\"https:\/\/abayanalistas.net\/en\/portfolio\/la-poblacion-con-discapacidad-y-mercado-de-trabajo-local-plan-de-viabilidad-de-un-centro-especial-de-empleo\/?portfolioCats=45\">Plan de viabilidad de un Centro Especial de Empleo<\/a><\/h2><div class=\"fusion-portfolio-meta\"><a href=\"https:\/\/abayanalistas.net\/en\/portfolio_category\/social-topics\/\" rel=\"tag\">Social topics<\/a>, <a href=\"https:\/\/abayanalistas.net\/en\/portfolio_category\/sustainability\/\" rel=\"tag\">Sustainability<\/a><\/div><div class=\"fusion-post-content\"><p>Entre los derechos b\u00e1sicos y fundamentales de las personas con discapacidad cabe destacar, por su importancia, el de la integraci\u00f3n laboral. <\/p><\/div><\/div><\/div><\/article><article id=\"portfolio-1-post-1739\" class=\"fusion-portfolio-post social-topics fusion-col-spacing post-1739\"><div class=\"fusion-portfolio-content-wrapper\" style=\"border:none;\"><span class=\"vcard rich-snippet-hidden\"><span class=\"fn\"><a href=\"https:\/\/abayanalistas.net\/en\/author\/abay\/\" title=\"Posts by Abay\" rel=\"author\">Abay<\/a><\/span><\/span><span class=\"updated rich-snippet-hidden\">2016-11-21T19:52:57+00:00<\/span>\n\n<div  class=\"fusion-image-wrapper\" aria-haspopup=\"true\">\n\t\n\t\n\t\t\n\t\t\t\t\t<img loading=\"lazy\" decoding=\"async\" width=\"900\" height=\"1273\" src=\"https:\/\/abayanalistas.net\/en\/wp-content\/uploads\/Plan-accion-1-200x283.jpg\" class=\"attachment-full size-full wp-post-image\" alt=\"Memoria econ\u00f3mica del Plan de acci\u00f3n para personas con discapacidad 2005-2008\" srcset=\"https:\/\/abayanalistas.net\/en\/wp-content\/uploads\/Plan-accion-1-200x283.jpg 200w, https:\/\/abayanalistas.net\/en\/wp-content\/uploads\/Plan-accion-1-400x566.jpg 400w, https:\/\/abayanalistas.net\/en\/wp-content\/uploads\/Plan-accion-1-600x849.jpg 600w, https:\/\/abayanalistas.net\/en\/wp-content\/uploads\/Plan-accion-1-800x1132.jpg 800w, https:\/\/abayanalistas.net\/en\/wp-content\/uploads\/Plan-accion-1.jpg 900w\" sizes=\"(min-width: 2200px) 100vw, (min-width: 1106px) 270px, (min-width: 1044px) 360px, (min-width: 982px) 540px, (min-width: 920px) 982px, \" \/>\n\t\n\n\t\t<div class=\"fusion-rollover\">\n\t<div class=\"fusion-rollover-content\">\n\n\t\t\t\t\t\t\t\t\t\t\t\t\t\t<a class=\"fusion-rollover-link\" href=\"https:\/\/abayanalistas.net\/en\/portfolio\/memoria-economica-del-plan-de-accion-para-personas-con-discapacidad-2005-2008\/?portfolioCats=45\">Memoria econ\u00f3mica del Plan de acci\u00f3n para personas con discapacidad 2005-2008<\/a>\n\t\t\t\n\t\t\t\t\t\t\t\t\n\t\t\t\t\n\t\t\t\t\t\t\t\t\t\t\t\t<h4 class=\"fusion-rollover-title\">\n\t\t\t\t\t<a href=\"https:\/\/abayanalistas.net\/en\/portfolio\/memoria-economica-del-plan-de-accion-para-personas-con-discapacidad-2005-2008\/?portfolioCats=45\">\n\t\t\t\t\t\tMemoria econ\u00f3mica del Plan de acci\u00f3n para personas con discapacidad 2005-2008\t\t\t\t\t<\/a>\n\t\t\t\t<\/h4>\n\t\t\t\n\t\t\t\t\t\t\t\t\n\t\t\n\t\t\t\t<a class=\"fusion-link-wrapper\" href=\"https:\/\/abayanalistas.net\/en\/portfolio\/memoria-economica-del-plan-de-accion-para-personas-con-discapacidad-2005-2008\/?portfolioCats=45\" aria-label=\"Memoria econ\u00f3mica del Plan de acci\u00f3n para personas con discapacidad 2005-2008\"><\/a>\n\t<\/div>\n<\/div>\n\n\t\n<\/div>\n<div class=\"fusion-portfolio-content\"><h2 class=\"entry-title fusion-post-title\"><a href=\"https:\/\/abayanalistas.net\/en\/portfolio\/memoria-economica-del-plan-de-accion-para-personas-con-discapacidad-2005-2008\/?portfolioCats=45\">Memoria econ\u00f3mica del Plan de acci\u00f3n para personas con discapacidad 2005-2008<\/a><\/h2><div class=\"fusion-portfolio-meta\"><a href=\"https:\/\/abayanalistas.net\/en\/portfolio_category\/social-topics\/\" rel=\"tag\">Social topics<\/a><\/div><div class=\"fusion-post-content\"><p>La Memoria Econ\u00f3mica recoge la valoraci\u00f3n en t\u00e9rminos econ\u00f3micos del Plan de Acci\u00f3n para Personas con Discapacidad 2005-2008 de la Comunidad de Madrid.<\/p><\/div><\/div><\/div><\/article><\/div><\/div><div class=\"fusion-clearfix\"><\/div>\n\n\t\t\t\t\t<\/div>\n\t\t\t\t<\/div><\/div><\/div>\n","protected":false},"excerpt":{"rendered":"","protected":false},"author":1,"featured_media":0,"parent":0,"menu_order":0,"comment_status":"closed","ping_status":"closed","template":"","meta":{"footnotes":""},"_links":{"self":[{"href":"https:\/\/abayanalistas.net\/en\/wp-json\/wp\/v2\/pages\/1564"}],"collection":[{"href":"https:\/\/abayanalistas.net\/en\/wp-json\/wp\/v2\/pages"}],"about":[{"href":"https:\/\/abayanalistas.net\/en\/wp-json\/wp\/v2\/types\/page"}],"author":[{"embeddable":true,"href":"https:\/\/abayanalistas.net\/en\/wp-json\/wp\/v2\/users\/1"}],"replies":[{"embeddable":true,"href":"https:\/\/abayanalistas.net\/en\/wp-json\/wp\/v2\/comments?post=1564"}],"version-history":[{"count":6,"href":"https:\/\/abayanalistas.net\/en\/wp-json\/wp\/v2\/pages\/1564\/revisions"}],"predecessor-version":[{"id":2875,"href":"https:\/\/abayanalistas.net\/en\/wp-json\/wp\/v2\/pages\/1564\/revisions\/2875"}],"wp:attachment":[{"href":"https:\/\/abayanalistas.net\/en\/wp-json\/wp\/v2\/media?parent=1564"}],"curies":[{"name":"wp","href":"https:\/\/api.w.org\/{rel}","templated":true}]}}