{"id":1560,"date":"2016-07-25T23:30:49","date_gmt":"2016-07-25T23:30:49","guid":{"rendered":"http:\/\/abayanalistas.net\/en\/?page_id=1560"},"modified":"2016-11-22T16:12:36","modified_gmt":"2016-11-22T16:12:36","slug":"genero","status":"publish","type":"page","link":"https:\/\/abayanalistas.net\/en\/genero\/","title":{"rendered":"GENDER"},"content":{"rendered":"<div class=\"fusion-fullwidth fullwidth-box nonhundred-percent-fullwidth non-hundred-percent-height-scrolling\"  style='background-color: rgba(255,255,255,0);background-position: left top;background-repeat: no-repeat;padding-top:20px;padding-right:0px;padding-bottom:20px;padding-left:0px;border-top-width:0px;border-bottom-width:0px;border-color:#eae9e9;border-top-style:solid;border-bottom-style:solid;'><div class=\"fusion-builder-row fusion-row \"><div  class=\"fusion-layout-column fusion_builder_column fusion_builder_column_1_1  fusion-one-full fusion-column-first fusion-column-last fusion-column-no-min-height 1_1\"  style='margin-top:0px;margin-bottom:0px;'>\n\t\t\t\t\t<div class=\"fusion-column-wrapper\" style=\"background-position:left top;background-repeat:no-repeat;-webkit-background-size:cover;-moz-background-size:cover;-o-background-size:cover;background-size:cover;\"   data-bg-url=\"\">\n\t\t\t\t\t\t<div class=\"fusion-text\"><p><span id=\"result_box\" class=\"\" lang=\"en\"><span class=\"\">In the area of work related to gender, Abay Analysts has developed projects as mentioned below:<\/span><\/span><\/p>\n<ul>\n<li>T<span id=\"result_box\" class=\"\" lang=\"en\"><span class=\"\">he professional trajectories of women in the ICT sector: dynamics beyond employment and the response of public policy<\/span><\/span><\/li>\n<li>B<span id=\"result_box\" class=\"short_text\" lang=\"en\"><span class=\"\">usiness creativity workshop for immigrant women<\/span><\/span><\/li>\n<li><span id=\"result_box\" class=\"\" lang=\"en\"><span class=\"\">The economic impact of the Equality Law.<\/span> <span class=\"\">First approximation<\/span><\/span><\/li>\n<\/ul>\n<\/div><div class=\"fusion-sep-clear\"><\/div><div class=\"fusion-separator fusion-full-width-sep sep-none\" style=\"margin-left: auto;margin-right: auto;margin-top:50px;\"><\/div><div class=\"fusion-clearfix\"><\/div>\n\n\t\t\t\t\t<\/div>\n\t\t\t\t<\/div><div  class=\"fusion-layout-column fusion_builder_column fusion_builder_column_1_1  fusion-one-full fusion-column-first fusion-column-last fusion-column-no-min-height 1_1\"  style='margin-top:0px;margin-bottom:0px;'>\n\t\t\t\t\t<div class=\"fusion-column-wrapper\" style=\"background-position:left top;background-repeat:no-repeat;-webkit-background-size:cover;-moz-background-size:cover;-o-background-size:cover;background-size:cover;\"   data-bg-url=\"\">\n\t\t\t\t\t\t<div class=\"fusion-title title fusion-sep-none fusion-title-size-one\" style=\"margin-top:0px;margin-bottom:30px;\"><h1 class=\"title-heading-left\"><h3 style=\"text-transform: uppercase;\">More projects developed in this area<\/h3><\/h1><\/div><div class=\"fusion-clearfix\"><\/div>\n\n\t\t\t\t\t<\/div>\n\t\t\t\t<\/div><div  class=\"fusion-layout-column fusion_builder_column fusion_builder_column_1_1  fusion-one-full fusion-column-first fusion-column-last fusion-column-no-min-height 1_1\"  style='margin-top:0px;margin-bottom:0px;'>\n\t\t\t\t\t<div class=\"fusion-column-wrapper\" style=\"background-position:left top;background-repeat:no-repeat;-webkit-background-size:cover;-moz-background-size:cover;-o-background-size:cover;background-size:cover;\"   data-bg-url=\"\">\n\t\t\t\t\t\t<style type=\"text\/css\">.fusion-portfolio-wrapper#fusion-portfolio-1 .fusion-portfolio-content{  text-align: left; }<\/style><div class=\"fusion-recent-works fusion-portfolio-element fusion-portfolio fusion-portfolio-1 fusion-portfolio-grid fusion-portfolio-paging-none fusion-portfolio-four fusion-portfolio-unboxed fusion-portfolio-text fusion-portfolio-rollover fusion-animated\" data-id=\"-rw-1\" data-columns=\"four\" data-animationType=\"fadeInDown\" data-animationDuration=\"1.0\" data-animationOffset=\"100%\"><style type=\"text\/css\">.fusion-portfolio-1 .fusion-portfolio-wrapper .fusion-col-spacing{padding:15px;}<\/style><div class=\"fusion-portfolio-wrapper\" id=\"fusion-portfolio-1\" data-picturesize=\"auto\" data-pages=\"1\" style=\"margin:-15px;\"><article id=\"portfolio-1-post-1699\" class=\"fusion-portfolio-post gender fusion-col-spacing post-1699\"><div class=\"fusion-portfolio-content-wrapper\" style=\"border:none;\"><span class=\"vcard rich-snippet-hidden\"><span class=\"fn\"><a href=\"https:\/\/abayanalistas.net\/en\/author\/abay\/\" title=\"Posts by Abay\" rel=\"author\">Abay<\/a><\/span><\/span><span class=\"updated rich-snippet-hidden\">2016-11-21T19:52:25+00:00<\/span>\n\n<div  class=\"fusion-image-wrapper\" aria-haspopup=\"true\">\n\t\n\t\n\t\t\n\t\t\t\t\t<img loading=\"lazy\" decoding=\"async\" width=\"900\" height=\"1274\" src=\"https:\/\/abayanalistas.net\/en\/wp-content\/uploads\/informe-espana-2015-1-200x283.jpg\" class=\"attachment-full size-full wp-post-image\" alt=\"\" srcset=\"https:\/\/abayanalistas.net\/en\/wp-content\/uploads\/informe-espana-2015-1-200x283.jpg 200w, https:\/\/abayanalistas.net\/en\/wp-content\/uploads\/informe-espana-2015-1-400x566.jpg 400w, https:\/\/abayanalistas.net\/en\/wp-content\/uploads\/informe-espana-2015-1-600x849.jpg 600w, https:\/\/abayanalistas.net\/en\/wp-content\/uploads\/informe-espana-2015-1-800x1132.jpg 800w, https:\/\/abayanalistas.net\/en\/wp-content\/uploads\/informe-espana-2015-1.jpg 900w\" sizes=\"(min-width: 2200px) 100vw, (min-width: 1106px) 270px, (min-width: 1044px) 360px, (min-width: 982px) 540px, (min-width: 920px) 982px, \" \/>\n\t\n\n\t\t<div class=\"fusion-rollover\">\n\t<div class=\"fusion-rollover-content\">\n\n\t\t\t\t\t\t\t\t\t\t\t\t\t\t<a class=\"fusion-rollover-link\" href=\"https:\/\/abayanalistas.net\/en\/portfolio\/los-retos-en-el-camino-hacia-la-igualdad-de-genero\/?portfolioCats=48\">Los retos en el camino hacia la igualdad de g\u00e9nero<\/a>\n\t\t\t\n\t\t\t\t\t\t\t\t\n\t\t\t\t\n\t\t\t\t\t\t\t\t\t\t\t\t<h4 class=\"fusion-rollover-title\">\n\t\t\t\t\t<a href=\"https:\/\/abayanalistas.net\/en\/portfolio\/los-retos-en-el-camino-hacia-la-igualdad-de-genero\/?portfolioCats=48\">\n\t\t\t\t\t\tLos retos en el camino hacia la igualdad de g\u00e9nero\t\t\t\t\t<\/a>\n\t\t\t\t<\/h4>\n\t\t\t\n\t\t\t\t\t\t\t\t\n\t\t\n\t\t\t\t<a class=\"fusion-link-wrapper\" href=\"https:\/\/abayanalistas.net\/en\/portfolio\/los-retos-en-el-camino-hacia-la-igualdad-de-genero\/?portfolioCats=48\" aria-label=\"Los retos en el camino hacia la igualdad de g\u00e9nero\"><\/a>\n\t<\/div>\n<\/div>\n\n\t\n<\/div>\n<div class=\"fusion-portfolio-content\"><h2 class=\"entry-title fusion-post-title\"><a href=\"https:\/\/abayanalistas.net\/en\/portfolio\/los-retos-en-el-camino-hacia-la-igualdad-de-genero\/?portfolioCats=48\">Los retos en el camino hacia la igualdad de g\u00e9nero<\/a><\/h2><div class=\"fusion-portfolio-meta\"><a href=\"https:\/\/abayanalistas.net\/en\/portfolio_category\/gender\/\" rel=\"tag\">Gender<\/a><\/div><div class=\"fusion-post-content\"><p>Las m\u00faltiples dimensiones que construyen, dan forma y atraviesan la desigualdad de g\u00e9nero son tantas y tienen muchas ramificaciones.<\/p><\/div><\/div><\/div><\/article><article id=\"portfolio-1-post-1694\" class=\"fusion-portfolio-post gender sme-and-entrepreneurship fusion-col-spacing post-1694\"><div class=\"fusion-portfolio-content-wrapper\" style=\"border:none;\"><span class=\"vcard rich-snippet-hidden\"><span class=\"fn\"><a href=\"https:\/\/abayanalistas.net\/en\/author\/abay\/\" title=\"Posts by Abay\" rel=\"author\">Abay<\/a><\/span><\/span><span class=\"updated rich-snippet-hidden\">2016-11-21T19:52:32+00:00<\/span>\n\n<div  class=\"fusion-image-wrapper\" aria-haspopup=\"true\">\n\t\n\t\n\t\t\n\t\t\t\t\t<img loading=\"lazy\" decoding=\"async\" width=\"900\" height=\"418\" src=\"https:\/\/abayanalistas.net\/en\/wp-content\/uploads\/emprendedoras-200x93.jpg\" class=\"attachment-full size-full wp-post-image\" alt=\"\" srcset=\"https:\/\/abayanalistas.net\/en\/wp-content\/uploads\/emprendedoras-200x93.jpg 200w, https:\/\/abayanalistas.net\/en\/wp-content\/uploads\/emprendedoras-400x186.jpg 400w, https:\/\/abayanalistas.net\/en\/wp-content\/uploads\/emprendedoras-600x279.jpg 600w, https:\/\/abayanalistas.net\/en\/wp-content\/uploads\/emprendedoras-800x372.jpg 800w, https:\/\/abayanalistas.net\/en\/wp-content\/uploads\/emprendedoras.jpg 900w\" sizes=\"(min-width: 2200px) 100vw, (min-width: 1106px) 270px, (min-width: 1044px) 360px, (min-width: 982px) 540px, (min-width: 920px) 982px, \" \/>\n\t\n\n\t\t<div class=\"fusion-rollover\">\n\t<div class=\"fusion-rollover-content\">\n\n\t\t\t\t\t\t\t\t\t\t\t\t\t\t<a class=\"fusion-rollover-link\" href=\"https:\/\/abayanalistas.net\/en\/portfolio\/analisis-y-diagnostico-del-emprendimiento-en-femenino-en-galicia-emprendedoras-galicia\/?portfolioCats=48\">An\u00e1lisis y diagn\u00f3stico del emprendimiento en femenino en Galicia&#8221; Emprendedoras Galicia<\/a>\n\t\t\t\n\t\t\t\t\t\t\t\t\n\t\t\t\t\n\t\t\t\t\t\t\t\t\t\t\t\t<h4 class=\"fusion-rollover-title\">\n\t\t\t\t\t<a href=\"https:\/\/abayanalistas.net\/en\/portfolio\/analisis-y-diagnostico-del-emprendimiento-en-femenino-en-galicia-emprendedoras-galicia\/?portfolioCats=48\">\n\t\t\t\t\t\tAn\u00e1lisis y diagn\u00f3stico del emprendimiento en femenino en Galicia&#8221; Emprendedoras Galicia\t\t\t\t\t<\/a>\n\t\t\t\t<\/h4>\n\t\t\t\n\t\t\t\t\t\t\t\t\n\t\t\n\t\t\t\t<a class=\"fusion-link-wrapper\" href=\"https:\/\/abayanalistas.net\/en\/portfolio\/analisis-y-diagnostico-del-emprendimiento-en-femenino-en-galicia-emprendedoras-galicia\/?portfolioCats=48\" aria-label=\"An\u00e1lisis y diagn\u00f3stico del emprendimiento en femenino en Galicia&#8221; Emprendedoras Galicia\"><\/a>\n\t<\/div>\n<\/div>\n\n\t\n<\/div>\n<div class=\"fusion-portfolio-content\"><h2 class=\"entry-title fusion-post-title\"><a href=\"https:\/\/abayanalistas.net\/en\/portfolio\/analisis-y-diagnostico-del-emprendimiento-en-femenino-en-galicia-emprendedoras-galicia\/?portfolioCats=48\">An\u00e1lisis y diagn\u00f3stico del emprendimiento en femenino en Galicia&#8221; Emprendedoras Galicia<\/a><\/h2><div class=\"fusion-portfolio-meta\"><a href=\"https:\/\/abayanalistas.net\/en\/portfolio_category\/gender\/\" rel=\"tag\">Gender<\/a>, <a href=\"https:\/\/abayanalistas.net\/en\/portfolio_category\/sme-and-entrepreneurship\/\" rel=\"tag\">SME and Entrepreneurship<\/a><\/div><div class=\"fusion-post-content\"><p>Abay Analistas ha colaborado en este proyecto, promovido por la Fundaci\u00f3n EOI y la Secretaria Xeral da Igualdade de la Xunta de Galicia, en la fase de diagn\u00f3stico de la situaci\u00f3n de las emprendedoras y empresarias gallegas, as\u00ed como en la selecci\u00f3n de los contenidos de la plataforma \"Emprendedoras Galicia\", proyecto dirigido a impulsar la innovaci\u00f3n y la competitividad de las iniciativas empresariales lideradas por mujeres.<\/p><\/div><\/div><\/div><\/article><article id=\"portfolio-1-post-1677\" class=\"fusion-portfolio-post gender fusion-col-spacing post-1677\"><div class=\"fusion-portfolio-content-wrapper\" style=\"border:none;\"><span class=\"vcard rich-snippet-hidden\"><span class=\"fn\"><a href=\"https:\/\/abayanalistas.net\/en\/author\/abay\/\" title=\"Posts by Abay\" rel=\"author\">Abay<\/a><\/span><\/span><span class=\"updated rich-snippet-hidden\">2016-11-21T19:52:33+00:00<\/span>\n\n<div  class=\"fusion-image-wrapper\" aria-haspopup=\"true\">\n\t\n\t\n\t\t\n\t\t\t\t\t<img loading=\"lazy\" decoding=\"async\" width=\"900\" height=\"1272\" src=\"https:\/\/abayanalistas.net\/en\/wp-content\/uploads\/presencia_mujeres_2012-1-200x283.jpg\" class=\"attachment-full size-full wp-post-image\" alt=\"\" srcset=\"https:\/\/abayanalistas.net\/en\/wp-content\/uploads\/presencia_mujeres_2012-1-200x283.jpg 200w, https:\/\/abayanalistas.net\/en\/wp-content\/uploads\/presencia_mujeres_2012-1-400x565.jpg 400w, https:\/\/abayanalistas.net\/en\/wp-content\/uploads\/presencia_mujeres_2012-1-600x848.jpg 600w, https:\/\/abayanalistas.net\/en\/wp-content\/uploads\/presencia_mujeres_2012-1-800x1131.jpg 800w, https:\/\/abayanalistas.net\/en\/wp-content\/uploads\/presencia_mujeres_2012-1.jpg 900w\" sizes=\"(min-width: 2200px) 100vw, (min-width: 1106px) 270px, (min-width: 1044px) 360px, (min-width: 982px) 540px, (min-width: 920px) 982px, \" \/>\n\t\n\n\t\t<div class=\"fusion-rollover\">\n\t<div class=\"fusion-rollover-content\">\n\n\t\t\t\t\t\t\t\t\t\t\t\t\t\t<a class=\"fusion-rollover-link\" href=\"https:\/\/abayanalistas.net\/en\/portfolio\/presencia-de-mujeres-en-puestos-de-responsabilidad-y-competitividad-empresarial\/?portfolioCats=48\">Presencia de mujeres en puestos de responsabilidad y competitividad empresarial<\/a>\n\t\t\t\n\t\t\t\t\t\t\t\t\n\t\t\t\t\n\t\t\t\t\t\t\t\t\t\t\t\t<h4 class=\"fusion-rollover-title\">\n\t\t\t\t\t<a href=\"https:\/\/abayanalistas.net\/en\/portfolio\/presencia-de-mujeres-en-puestos-de-responsabilidad-y-competitividad-empresarial\/?portfolioCats=48\">\n\t\t\t\t\t\tPresencia de mujeres en puestos de responsabilidad y competitividad empresarial\t\t\t\t\t<\/a>\n\t\t\t\t<\/h4>\n\t\t\t\n\t\t\t\t\t\t\t\t\n\t\t\n\t\t\t\t<a class=\"fusion-link-wrapper\" href=\"https:\/\/abayanalistas.net\/en\/portfolio\/presencia-de-mujeres-en-puestos-de-responsabilidad-y-competitividad-empresarial\/?portfolioCats=48\" aria-label=\"Presencia de mujeres en puestos de responsabilidad y competitividad empresarial\"><\/a>\n\t<\/div>\n<\/div>\n\n\t\n<\/div>\n<div class=\"fusion-portfolio-content\"><h2 class=\"entry-title fusion-post-title\"><a href=\"https:\/\/abayanalistas.net\/en\/portfolio\/presencia-de-mujeres-en-puestos-de-responsabilidad-y-competitividad-empresarial\/?portfolioCats=48\">Presencia de mujeres en puestos de responsabilidad y competitividad empresarial<\/a><\/h2><div class=\"fusion-portfolio-meta\"><a href=\"https:\/\/abayanalistas.net\/en\/portfolio_category\/gender\/\" rel=\"tag\">Gender<\/a><\/div><div class=\"fusion-post-content\"><p> Presencia de mujeres en puestos de responsabilidad\u00a0y competitividad empresarial  El creciente inter\u00e9s por la diversidad en las plantillas El concepto de diversidad, que tiene su origen en la realidad social, se ha trasladado [...]<\/p><\/div><\/div><\/div><\/article><article id=\"portfolio-1-post-1684\" class=\"fusion-portfolio-post gender fusion-col-spacing post-1684\"><div class=\"fusion-portfolio-content-wrapper\" style=\"border:none;\"><span class=\"vcard rich-snippet-hidden\"><span class=\"fn\"><a href=\"https:\/\/abayanalistas.net\/en\/author\/abay\/\" title=\"Posts by Abay\" rel=\"author\">Abay<\/a><\/span><\/span><span class=\"updated rich-snippet-hidden\">2016-11-21T19:52:34+00:00<\/span>\n\n<div  class=\"fusion-image-wrapper\" aria-haspopup=\"true\">\n\t\n\t\n\t\t\n\t\t\t\t\t<img loading=\"lazy\" decoding=\"async\" width=\"900\" height=\"1268\" src=\"https:\/\/abayanalistas.net\/en\/wp-content\/uploads\/informe-espana-2013-1-200x282.jpg\" class=\"attachment-full size-full wp-post-image\" alt=\"\" srcset=\"https:\/\/abayanalistas.net\/en\/wp-content\/uploads\/informe-espana-2013-1-200x282.jpg 200w, https:\/\/abayanalistas.net\/en\/wp-content\/uploads\/informe-espana-2013-1-400x564.jpg 400w, https:\/\/abayanalistas.net\/en\/wp-content\/uploads\/informe-espana-2013-1-600x845.jpg 600w, https:\/\/abayanalistas.net\/en\/wp-content\/uploads\/informe-espana-2013-1-800x1127.jpg 800w, https:\/\/abayanalistas.net\/en\/wp-content\/uploads\/informe-espana-2013-1.jpg 900w\" sizes=\"(min-width: 2200px) 100vw, (min-width: 1106px) 270px, (min-width: 1044px) 360px, (min-width: 982px) 540px, (min-width: 920px) 982px, \" \/>\n\t\n\n\t\t<div class=\"fusion-rollover\">\n\t<div class=\"fusion-rollover-content\">\n\n\t\t\t\t\t\t\t\t\t\t\t\t\t\t<a class=\"fusion-rollover-link\" href=\"https:\/\/abayanalistas.net\/en\/portfolio\/informe-espana-las-mujeres-otra-vez-en-la-encrucijada\/?portfolioCats=48\">Informe Espa\u00f1a &#8220;Las mujeres: otra vez en la encrucijada&#8221;<\/a>\n\t\t\t\n\t\t\t\t\t\t\t\t\n\t\t\t\t\n\t\t\t\t\t\t\t\t\t\t\t\t<h4 class=\"fusion-rollover-title\">\n\t\t\t\t\t<a href=\"https:\/\/abayanalistas.net\/en\/portfolio\/informe-espana-las-mujeres-otra-vez-en-la-encrucijada\/?portfolioCats=48\">\n\t\t\t\t\t\tInforme Espa\u00f1a &#8220;Las mujeres: otra vez en la encrucijada&#8221;\t\t\t\t\t<\/a>\n\t\t\t\t<\/h4>\n\t\t\t\n\t\t\t\t\t\t\t\t\n\t\t\n\t\t\t\t<a class=\"fusion-link-wrapper\" href=\"https:\/\/abayanalistas.net\/en\/portfolio\/informe-espana-las-mujeres-otra-vez-en-la-encrucijada\/?portfolioCats=48\" aria-label=\"Informe Espa\u00f1a &#8220;Las mujeres: otra vez en la encrucijada&#8221;\"><\/a>\n\t<\/div>\n<\/div>\n\n\t\n<\/div>\n<div class=\"fusion-portfolio-content\"><h2 class=\"entry-title fusion-post-title\"><a href=\"https:\/\/abayanalistas.net\/en\/portfolio\/informe-espana-las-mujeres-otra-vez-en-la-encrucijada\/?portfolioCats=48\">Informe Espa\u00f1a &#8220;Las mujeres: otra vez en la encrucijada&#8221;<\/a><\/h2><div class=\"fusion-portfolio-meta\"><a href=\"https:\/\/abayanalistas.net\/en\/portfolio_category\/gender\/\" rel=\"tag\">Gender<\/a><\/div><div class=\"fusion-post-content\"><p>En este cap\u00edtulo del Informe Espa\u00f1a 2013, realizado para la Fundaci\u00f3n Encuentro, se analiza la repercusi\u00f3n de la crisis econ\u00f3mica sobre las mujeres espa\u00f1olas en relaci\u00f3n con varios aspectos considerados de especial relevancia.<\/p><\/div><\/div><\/div><\/article><article id=\"portfolio-1-post-1640\" class=\"fusion-portfolio-post gender sustainability fusion-col-spacing post-1640\"><div class=\"fusion-portfolio-content-wrapper\" style=\"border:none;\"><span class=\"vcard rich-snippet-hidden\"><span class=\"fn\"><a href=\"https:\/\/abayanalistas.net\/en\/author\/abay\/\" title=\"Posts by Abay\" rel=\"author\">Abay<\/a><\/span><\/span><span class=\"updated rich-snippet-hidden\">2016-11-21T19:52:39+00:00<\/span>\n\n<div  class=\"fusion-image-wrapper\" aria-haspopup=\"true\">\n\t\n\t\n\t\t\n\t\t\t\t\t<img loading=\"lazy\" decoding=\"async\" width=\"900\" height=\"1271\" src=\"https:\/\/abayanalistas.net\/en\/wp-content\/uploads\/Componente-digital-1-200x282.jpg\" class=\"attachment-full size-full wp-post-image\" alt=\"\" srcset=\"https:\/\/abayanalistas.net\/en\/wp-content\/uploads\/Componente-digital-1-200x282.jpg 200w, https:\/\/abayanalistas.net\/en\/wp-content\/uploads\/Componente-digital-1-400x565.jpg 400w, https:\/\/abayanalistas.net\/en\/wp-content\/uploads\/Componente-digital-1-600x847.jpg 600w, https:\/\/abayanalistas.net\/en\/wp-content\/uploads\/Componente-digital-1-800x1130.jpg 800w, https:\/\/abayanalistas.net\/en\/wp-content\/uploads\/Componente-digital-1.jpg 900w\" sizes=\"(min-width: 2200px) 100vw, (min-width: 1106px) 270px, (min-width: 1044px) 360px, (min-width: 982px) 540px, (min-width: 920px) 982px, \" \/>\n\t\n\n\t\t<div class=\"fusion-rollover\">\n\t<div class=\"fusion-rollover-content\">\n\n\t\t\t\t\t\t\t\t\t\t\t\t\t\t<a class=\"fusion-rollover-link\" href=\"https:\/\/abayanalistas.net\/en\/portfolio\/trayectorias-laborales-de-las-mujeres-que-ocupan-puestos-de-alta-cualificacion\/?portfolioCats=48\">Trayectorias Laborales de las Mujeres que ocupan puestos de Alta Cualificaci\u00f3n<\/a>\n\t\t\t\n\t\t\t\t\t\t\t\t\n\t\t\t\t\n\t\t\t\t\t\t\t\t\t\t\t\t<h4 class=\"fusion-rollover-title\">\n\t\t\t\t\t<a href=\"https:\/\/abayanalistas.net\/en\/portfolio\/trayectorias-laborales-de-las-mujeres-que-ocupan-puestos-de-alta-cualificacion\/?portfolioCats=48\">\n\t\t\t\t\t\tTrayectorias Laborales de las Mujeres que ocupan puestos de Alta Cualificaci\u00f3n\t\t\t\t\t<\/a>\n\t\t\t\t<\/h4>\n\t\t\t\n\t\t\t\t\t\t\t\t\n\t\t\n\t\t\t\t<a class=\"fusion-link-wrapper\" href=\"https:\/\/abayanalistas.net\/en\/portfolio\/trayectorias-laborales-de-las-mujeres-que-ocupan-puestos-de-alta-cualificacion\/?portfolioCats=48\" aria-label=\"Trayectorias Laborales de las Mujeres que ocupan puestos de Alta Cualificaci\u00f3n\"><\/a>\n\t<\/div>\n<\/div>\n\n\t\n<\/div>\n<div class=\"fusion-portfolio-content\"><h2 class=\"entry-title fusion-post-title\"><a href=\"https:\/\/abayanalistas.net\/en\/portfolio\/trayectorias-laborales-de-las-mujeres-que-ocupan-puestos-de-alta-cualificacion\/?portfolioCats=48\">Trayectorias Laborales de las Mujeres que ocupan puestos de Alta Cualificaci\u00f3n<\/a><\/h2><div class=\"fusion-portfolio-meta\"><a href=\"https:\/\/abayanalistas.net\/en\/portfolio_category\/gender\/\" rel=\"tag\">Gender<\/a>, <a href=\"https:\/\/abayanalistas.net\/en\/portfolio_category\/sustainability\/\" rel=\"tag\">Sustainability<\/a><\/div><div class=\"fusion-post-content\"><p>Mediante la utilizaci\u00f3n de una nueva fuente estad\u00edstica, la Muestra Continua de Vidas Laborales, Abay Analistas ha realizado este informe para el Ministerio de Igualdad, cuyo objetivo final ha sido el realizar un an\u00e1lisis sobre la situaci\u00f3n de las personas que ocupan puestos de alta cualificaci\u00f3n en Espa\u00f1a, identificando posibles diferencias de g\u00e9nero, tanto en la posici\u00f3n actual como en las trayectorias laborales.<\/p><\/div><\/div><\/div><\/article><article id=\"portfolio-1-post-1633\" class=\"fusion-portfolio-post gender fusion-col-spacing post-1633\"><div class=\"fusion-portfolio-content-wrapper\" style=\"border:none;\"><span class=\"vcard rich-snippet-hidden\"><span class=\"fn\"><a href=\"https:\/\/abayanalistas.net\/en\/author\/abay\/\" title=\"Posts by Abay\" rel=\"author\">Abay<\/a><\/span><\/span><span class=\"updated rich-snippet-hidden\">2016-11-21T19:52:41+00:00<\/span>\n\n<div  class=\"fusion-image-wrapper\" aria-haspopup=\"true\">\n\t\n\t\n\t\t\n\t\t\t\t\t<img loading=\"lazy\" decoding=\"async\" width=\"900\" height=\"882\" src=\"https:\/\/abayanalistas.net\/en\/wp-content\/uploads\/mujeres-estudios-superiores-200x196.jpg\" class=\"attachment-full size-full wp-post-image\" alt=\"Incorporaci\u00f3n de Mujeres a Estudios Superiores de Inform\u00e1tica y Telecomunicaciones\" srcset=\"https:\/\/abayanalistas.net\/en\/wp-content\/uploads\/mujeres-estudios-superiores-200x196.jpg 200w, https:\/\/abayanalistas.net\/en\/wp-content\/uploads\/mujeres-estudios-superiores-400x392.jpg 400w, https:\/\/abayanalistas.net\/en\/wp-content\/uploads\/mujeres-estudios-superiores-600x588.jpg 600w, https:\/\/abayanalistas.net\/en\/wp-content\/uploads\/mujeres-estudios-superiores-800x784.jpg 800w, https:\/\/abayanalistas.net\/en\/wp-content\/uploads\/mujeres-estudios-superiores.jpg 900w\" sizes=\"(min-width: 2200px) 100vw, (min-width: 1106px) 270px, (min-width: 1044px) 360px, (min-width: 982px) 540px, (min-width: 920px) 982px, \" \/>\n\t\n\n\t\t<div class=\"fusion-rollover\">\n\t<div class=\"fusion-rollover-content\">\n\n\t\t\t\t\t\t\t\t\t\t\t\t\t\t<a class=\"fusion-rollover-link\" href=\"https:\/\/abayanalistas.net\/en\/portfolio\/la-incorporacion-de-las-mujeres-a-los-estudios-superiores-de-informatica-y-telecomunicaciones\/?portfolioCats=48\">La Incorporaci\u00f3n de las Mujeres a los Estudios Superiores de Inform\u00e1tica y Telecomunicaciones<\/a>\n\t\t\t\n\t\t\t\t\t\t\t\t\n\t\t\t\t\n\t\t\t\t\t\t\t\t\t\t\t\t<h4 class=\"fusion-rollover-title\">\n\t\t\t\t\t<a href=\"https:\/\/abayanalistas.net\/en\/portfolio\/la-incorporacion-de-las-mujeres-a-los-estudios-superiores-de-informatica-y-telecomunicaciones\/?portfolioCats=48\">\n\t\t\t\t\t\tLa Incorporaci\u00f3n de las Mujeres a los Estudios Superiores de Inform\u00e1tica y Telecomunicaciones\t\t\t\t\t<\/a>\n\t\t\t\t<\/h4>\n\t\t\t\n\t\t\t\t\t\t\t\t\n\t\t\n\t\t\t\t<a class=\"fusion-link-wrapper\" href=\"https:\/\/abayanalistas.net\/en\/portfolio\/la-incorporacion-de-las-mujeres-a-los-estudios-superiores-de-informatica-y-telecomunicaciones\/?portfolioCats=48\" aria-label=\"La Incorporaci\u00f3n de las Mujeres a los Estudios Superiores de Inform\u00e1tica y Telecomunicaciones\"><\/a>\n\t<\/div>\n<\/div>\n\n\t\n<\/div>\n<div class=\"fusion-portfolio-content\"><h2 class=\"entry-title fusion-post-title\"><a href=\"https:\/\/abayanalistas.net\/en\/portfolio\/la-incorporacion-de-las-mujeres-a-los-estudios-superiores-de-informatica-y-telecomunicaciones\/?portfolioCats=48\">La Incorporaci\u00f3n de las Mujeres a los Estudios Superiores de Inform\u00e1tica y Telecomunicaciones<\/a><\/h2><div class=\"fusion-portfolio-meta\"><a href=\"https:\/\/abayanalistas.net\/en\/portfolio_category\/gender\/\" rel=\"tag\">Gender<\/a><\/div><div class=\"fusion-post-content\"><p>En colaboraci\u00f3n con el \u201cInternet Interdisciplinary Institut\u201d de la Universidad Oberta de Catalunya, Abay Analistas est\u00e1 realizando el an\u00e1lisis cualitativo del estudio \u201cLa incorporaci\u00f3n de las Mujeres a los Estudios Superiores de Inform\u00e1tica y Telecomunicaciones: Diagn\u00f3stico y Propuestas de Actuaci\u00f3n\".<\/p><\/div><\/div><\/div><\/article><article id=\"portfolio-1-post-1626\" class=\"fusion-portfolio-post gender fusion-col-spacing post-1626\"><div class=\"fusion-portfolio-content-wrapper\" style=\"border:none;\"><span class=\"vcard rich-snippet-hidden\"><span class=\"fn\"><a href=\"https:\/\/abayanalistas.net\/en\/author\/abay\/\" title=\"Posts by Abay\" rel=\"author\">Abay<\/a><\/span><\/span><span class=\"updated rich-snippet-hidden\">2016-11-21T19:52:43+00:00<\/span>\n\n<div  class=\"fusion-image-wrapper\" aria-haspopup=\"true\">\n\t\n\t\n\t\t\n\t\t\t\t\t<img loading=\"lazy\" decoding=\"async\" width=\"900\" height=\"1273\" src=\"https:\/\/abayanalistas.net\/en\/wp-content\/uploads\/2009_InformeAbay-1-200x283.jpg\" class=\"attachment-full size-full wp-post-image\" alt=\"\" srcset=\"https:\/\/abayanalistas.net\/en\/wp-content\/uploads\/2009_InformeAbay-1-200x283.jpg 200w, https:\/\/abayanalistas.net\/en\/wp-content\/uploads\/2009_InformeAbay-1-400x566.jpg 400w, https:\/\/abayanalistas.net\/en\/wp-content\/uploads\/2009_InformeAbay-1-600x849.jpg 600w, https:\/\/abayanalistas.net\/en\/wp-content\/uploads\/2009_InformeAbay-1-800x1132.jpg 800w, https:\/\/abayanalistas.net\/en\/wp-content\/uploads\/2009_InformeAbay-1.jpg 900w\" sizes=\"(min-width: 2200px) 100vw, (min-width: 1106px) 270px, (min-width: 1044px) 360px, (min-width: 982px) 540px, (min-width: 920px) 982px, \" \/>\n\t\n\n\t\t<div class=\"fusion-rollover\">\n\t<div class=\"fusion-rollover-content\">\n\n\t\t\t\t\t\t\t\t\t\t\t\t\t\t<a class=\"fusion-rollover-link\" href=\"https:\/\/abayanalistas.net\/en\/portfolio\/barreras-culturales-e-institucionales-a-la-participacion-de-las-mujeres-en-puestos-de-responsabilidad-y-toma-de-decisiones-en-la-empresa-privada\/?portfolioCats=48\">Barreras culturales e institucionales a la participaci\u00f3n de las mujeres en puestos de responsabilidad y toma de decisiones en la empresa privada<\/a>\n\t\t\t\n\t\t\t\t\t\t\t\t\n\t\t\t\t\n\t\t\t\t\t\t\t\t\t\t\t\t<h4 class=\"fusion-rollover-title\">\n\t\t\t\t\t<a href=\"https:\/\/abayanalistas.net\/en\/portfolio\/barreras-culturales-e-institucionales-a-la-participacion-de-las-mujeres-en-puestos-de-responsabilidad-y-toma-de-decisiones-en-la-empresa-privada\/?portfolioCats=48\">\n\t\t\t\t\t\tBarreras culturales e institucionales a la participaci\u00f3n de las mujeres en puestos de responsabilidad y toma de decisiones en la empresa privada\t\t\t\t\t<\/a>\n\t\t\t\t<\/h4>\n\t\t\t\n\t\t\t\t\t\t\t\t\n\t\t\n\t\t\t\t<a class=\"fusion-link-wrapper\" href=\"https:\/\/abayanalistas.net\/en\/portfolio\/barreras-culturales-e-institucionales-a-la-participacion-de-las-mujeres-en-puestos-de-responsabilidad-y-toma-de-decisiones-en-la-empresa-privada\/?portfolioCats=48\" aria-label=\"Barreras culturales e institucionales a la participaci\u00f3n de las mujeres en puestos de responsabilidad y toma de decisiones en la empresa privada\"><\/a>\n\t<\/div>\n<\/div>\n\n\t\n<\/div>\n<div class=\"fusion-portfolio-content\"><h2 class=\"entry-title fusion-post-title\"><a href=\"https:\/\/abayanalistas.net\/en\/portfolio\/barreras-culturales-e-institucionales-a-la-participacion-de-las-mujeres-en-puestos-de-responsabilidad-y-toma-de-decisiones-en-la-empresa-privada\/?portfolioCats=48\">Barreras culturales e institucionales a la participaci\u00f3n de las mujeres en puestos de responsabilidad y toma de decisiones en la empresa privada<\/a><\/h2><div class=\"fusion-portfolio-meta\"><a href=\"https:\/\/abayanalistas.net\/en\/portfolio_category\/gender\/\" rel=\"tag\">Gender<\/a><\/div><div class=\"fusion-post-content\"><p> Barreras culturales e institucionales a la participaci\u00f3n de las mujeres en puestos de responsabilidad y toma de decisiones en la empresa privada El objetivo principal de este estudio es el profundizar sobre las barreras [...]<\/p><\/div><\/div><\/div><\/article><article id=\"portfolio-1-post-1624\" class=\"fusion-portfolio-post gender fusion-col-spacing post-1624\"><div class=\"fusion-portfolio-content-wrapper\" style=\"border:none;\"><span class=\"vcard rich-snippet-hidden\"><span class=\"fn\"><a href=\"https:\/\/abayanalistas.net\/en\/author\/abay\/\" title=\"Posts by Abay\" rel=\"author\">Abay<\/a><\/span><\/span><span class=\"updated rich-snippet-hidden\">2016-11-21T19:52:44+00:00<\/span>\n\n<div  class=\"fusion-image-wrapper\" aria-haspopup=\"true\">\n\t\n\t\n\t\t\n\t\t\t\t\t<img loading=\"lazy\" decoding=\"async\" width=\"900\" height=\"1273\" src=\"https:\/\/abayanalistas.net\/en\/wp-content\/uploads\/mujeres-consejo-administracion-1-200x283.jpg\" class=\"attachment-full size-full wp-post-image\" alt=\"\" srcset=\"https:\/\/abayanalistas.net\/en\/wp-content\/uploads\/mujeres-consejo-administracion-1-200x283.jpg 200w, https:\/\/abayanalistas.net\/en\/wp-content\/uploads\/mujeres-consejo-administracion-1-400x566.jpg 400w, https:\/\/abayanalistas.net\/en\/wp-content\/uploads\/mujeres-consejo-administracion-1-600x849.jpg 600w, https:\/\/abayanalistas.net\/en\/wp-content\/uploads\/mujeres-consejo-administracion-1-800x1132.jpg 800w, https:\/\/abayanalistas.net\/en\/wp-content\/uploads\/mujeres-consejo-administracion-1.jpg 900w\" sizes=\"(min-width: 2200px) 100vw, (min-width: 1106px) 270px, (min-width: 1044px) 360px, (min-width: 982px) 540px, (min-width: 920px) 982px, \" \/>\n\t\n\n\t\t<div class=\"fusion-rollover\">\n\t<div class=\"fusion-rollover-content\">\n\n\t\t\t\t\t\t\t\t\t\t\t\t\t\t<a class=\"fusion-rollover-link\" href=\"https:\/\/abayanalistas.net\/en\/portfolio\/competitividad-empresarial-y-mujeres-en-consejos-de-administracion\/?portfolioCats=48\">Competitividad empresarial y mujeres en Consejos de Administraci\u00f3n<\/a>\n\t\t\t\n\t\t\t\t\t\t\t\t\n\t\t\t\t\n\t\t\t\t\t\t\t\t\t\t\t\t<h4 class=\"fusion-rollover-title\">\n\t\t\t\t\t<a href=\"https:\/\/abayanalistas.net\/en\/portfolio\/competitividad-empresarial-y-mujeres-en-consejos-de-administracion\/?portfolioCats=48\">\n\t\t\t\t\t\tCompetitividad empresarial y mujeres en Consejos de Administraci\u00f3n\t\t\t\t\t<\/a>\n\t\t\t\t<\/h4>\n\t\t\t\n\t\t\t\t\t\t\t\t\n\t\t\n\t\t\t\t<a class=\"fusion-link-wrapper\" href=\"https:\/\/abayanalistas.net\/en\/portfolio\/competitividad-empresarial-y-mujeres-en-consejos-de-administracion\/?portfolioCats=48\" aria-label=\"Competitividad empresarial y mujeres en Consejos de Administraci\u00f3n\"><\/a>\n\t<\/div>\n<\/div>\n\n\t\n<\/div>\n<div class=\"fusion-portfolio-content\"><h2 class=\"entry-title fusion-post-title\"><a href=\"https:\/\/abayanalistas.net\/en\/portfolio\/competitividad-empresarial-y-mujeres-en-consejos-de-administracion\/?portfolioCats=48\">Competitividad empresarial y mujeres en Consejos de Administraci\u00f3n<\/a><\/h2><div class=\"fusion-portfolio-meta\"><a href=\"https:\/\/abayanalistas.net\/en\/portfolio_category\/gender\/\" rel=\"tag\">Gender<\/a><\/div><div class=\"fusion-post-content\"><p> Competitividad empresarial y mujeres en Consejos de Administraci\u00f3n  El objetivo principal de este estudio es profundizar en las distintas dimensiones de la relaci\u00f3n entre presencia de mujeres en \u00f3rganos de administraci\u00f3n y competitividad [...]<\/p><\/div><\/div><\/div><\/article><article id=\"portfolio-1-post-1621\" class=\"fusion-portfolio-post gender fusion-col-spacing post-1621\"><div class=\"fusion-portfolio-content-wrapper\" style=\"border:none;\"><span class=\"vcard rich-snippet-hidden\"><span class=\"fn\"><a href=\"https:\/\/abayanalistas.net\/en\/author\/abay\/\" title=\"Posts by Abay\" rel=\"author\">Abay<\/a><\/span><\/span><span class=\"updated rich-snippet-hidden\">2016-11-21T19:52:45+00:00<\/span>\n\n<div  class=\"fusion-image-wrapper\" aria-haspopup=\"true\">\n\t\n\t\n\t\t\n\t\t\t\t\t<img loading=\"lazy\" decoding=\"async\" width=\"900\" height=\"882\" src=\"https:\/\/abayanalistas.net\/en\/wp-content\/uploads\/igualdad-1-200x196.jpg\" class=\"attachment-full size-full wp-post-image\" alt=\"\" srcset=\"https:\/\/abayanalistas.net\/en\/wp-content\/uploads\/igualdad-1-200x196.jpg 200w, https:\/\/abayanalistas.net\/en\/wp-content\/uploads\/igualdad-1-400x392.jpg 400w, https:\/\/abayanalistas.net\/en\/wp-content\/uploads\/igualdad-1-600x588.jpg 600w, https:\/\/abayanalistas.net\/en\/wp-content\/uploads\/igualdad-1-800x784.jpg 800w, https:\/\/abayanalistas.net\/en\/wp-content\/uploads\/igualdad-1.jpg 900w\" sizes=\"(min-width: 2200px) 100vw, (min-width: 1106px) 270px, (min-width: 1044px) 360px, (min-width: 982px) 540px, (min-width: 920px) 982px, \" \/>\n\t\n\n\t\t<div class=\"fusion-rollover\">\n\t<div class=\"fusion-rollover-content\">\n\n\t\t\t\t\t\t\t\t\t\t\t\t\t\t<a class=\"fusion-rollover-link\" href=\"https:\/\/abayanalistas.net\/en\/portfolio\/sociedad-de-la-informacion-en-igualdad-y-para-la-igualdad\/?portfolioCats=48\">Sociedad de la Informaci\u00f3n en Igualdad y para la Igualdad<\/a>\n\t\t\t\n\t\t\t\t\t\t\t\t\n\t\t\t\t\n\t\t\t\t\t\t\t\t\t\t\t\t<h4 class=\"fusion-rollover-title\">\n\t\t\t\t\t<a href=\"https:\/\/abayanalistas.net\/en\/portfolio\/sociedad-de-la-informacion-en-igualdad-y-para-la-igualdad\/?portfolioCats=48\">\n\t\t\t\t\t\tSociedad de la Informaci\u00f3n en Igualdad y para la Igualdad\t\t\t\t\t<\/a>\n\t\t\t\t<\/h4>\n\t\t\t\n\t\t\t\t\t\t\t\t\n\t\t\n\t\t\t\t<a class=\"fusion-link-wrapper\" href=\"https:\/\/abayanalistas.net\/en\/portfolio\/sociedad-de-la-informacion-en-igualdad-y-para-la-igualdad\/?portfolioCats=48\" aria-label=\"Sociedad de la Informaci\u00f3n en Igualdad y para la Igualdad\"><\/a>\n\t<\/div>\n<\/div>\n\n\t\n<\/div>\n<div class=\"fusion-portfolio-content\"><h2 class=\"entry-title fusion-post-title\"><a href=\"https:\/\/abayanalistas.net\/en\/portfolio\/sociedad-de-la-informacion-en-igualdad-y-para-la-igualdad\/?portfolioCats=48\">Sociedad de la Informaci\u00f3n en Igualdad y para la Igualdad<\/a><\/h2><div class=\"fusion-portfolio-meta\"><a href=\"https:\/\/abayanalistas.net\/en\/portfolio_category\/gender\/\" rel=\"tag\">Gender<\/a><\/div><div class=\"fusion-post-content\"><p>En colaboraci\u00f3n con el \u201cInternet Interdisciplinary Institut\u201d de la Universidad Oberta de Catalunya, Abay Analistas est\u00e1 realizando la segunda fase de la investigaci\u00f3n \u201cSociedad de la Informaci\u00f3n e Igualdad y para la Igualdad. <\/p><\/div><\/div><\/div><\/article><article id=\"portfolio-1-post-1588\" class=\"fusion-portfolio-post gender fusion-col-spacing post-1588\"><div class=\"fusion-portfolio-content-wrapper\" style=\"border:none;\"><span class=\"vcard rich-snippet-hidden\"><span class=\"fn\"><a href=\"https:\/\/abayanalistas.net\/en\/author\/abay\/\" title=\"Posts by Abay\" rel=\"author\">Abay<\/a><\/span><\/span><span class=\"updated rich-snippet-hidden\">2016-11-21T19:52:51+00:00<\/span>\n\n<div  class=\"fusion-image-wrapper\" aria-haspopup=\"true\">\n\t\n\t\n\t\t\n\t\t\t\t\t<img loading=\"lazy\" decoding=\"async\" width=\"900\" height=\"882\" src=\"https:\/\/abayanalistas.net\/en\/wp-content\/uploads\/costes-violencia-200x196.jpg\" class=\"attachment-full size-full wp-post-image\" alt=\"\" srcset=\"https:\/\/abayanalistas.net\/en\/wp-content\/uploads\/costes-violencia-200x196.jpg 200w, https:\/\/abayanalistas.net\/en\/wp-content\/uploads\/costes-violencia-400x392.jpg 400w, https:\/\/abayanalistas.net\/en\/wp-content\/uploads\/costes-violencia-600x588.jpg 600w, https:\/\/abayanalistas.net\/en\/wp-content\/uploads\/costes-violencia-800x784.jpg 800w, https:\/\/abayanalistas.net\/en\/wp-content\/uploads\/costes-violencia.jpg 900w\" sizes=\"(min-width: 2200px) 100vw, (min-width: 1106px) 270px, (min-width: 1044px) 360px, (min-width: 982px) 540px, (min-width: 920px) 982px, \" \/>\n\t\n\n\t\t<div class=\"fusion-rollover\">\n\t<div class=\"fusion-rollover-content\">\n\n\t\t\t\t\t\t\t\t\t\t\t\t\t\t<a class=\"fusion-rollover-link\" href=\"https:\/\/abayanalistas.net\/en\/portfolio\/los-costes-economicos-de-la-violencia-de-genero-en-la-comunidad-de-madrid\/?portfolioCats=48\">Los costes econ\u00f3micos de la violencia de g\u00e9nero en la Comunidad de Madrid<\/a>\n\t\t\t\n\t\t\t\t\t\t\t\t\n\t\t\t\t\n\t\t\t\t\t\t\t\t\t\t\t\t<h4 class=\"fusion-rollover-title\">\n\t\t\t\t\t<a href=\"https:\/\/abayanalistas.net\/en\/portfolio\/los-costes-economicos-de-la-violencia-de-genero-en-la-comunidad-de-madrid\/?portfolioCats=48\">\n\t\t\t\t\t\tLos costes econ\u00f3micos de la violencia de g\u00e9nero en la Comunidad de Madrid\t\t\t\t\t<\/a>\n\t\t\t\t<\/h4>\n\t\t\t\n\t\t\t\t\t\t\t\t\n\t\t\n\t\t\t\t<a class=\"fusion-link-wrapper\" href=\"https:\/\/abayanalistas.net\/en\/portfolio\/los-costes-economicos-de-la-violencia-de-genero-en-la-comunidad-de-madrid\/?portfolioCats=48\" aria-label=\"Los costes econ\u00f3micos de la violencia de g\u00e9nero en la Comunidad de Madrid\"><\/a>\n\t<\/div>\n<\/div>\n\n\t\n<\/div>\n<div class=\"fusion-portfolio-content\"><h2 class=\"entry-title fusion-post-title\"><a href=\"https:\/\/abayanalistas.net\/en\/portfolio\/los-costes-economicos-de-la-violencia-de-genero-en-la-comunidad-de-madrid\/?portfolioCats=48\">Los costes econ\u00f3micos de la violencia de g\u00e9nero en la Comunidad de Madrid<\/a><\/h2><div class=\"fusion-portfolio-meta\"><a href=\"https:\/\/abayanalistas.net\/en\/portfolio_category\/gender\/\" rel=\"tag\">Gender<\/a><\/div><div class=\"fusion-post-content\"><p>En las dos \u00faltimas d\u00e9cadas la violencia contra las mujeres ha pasado de ser considerada un asunto privado a ser un problema social. <\/p><\/div><\/div><\/div><\/article><article id=\"portfolio-1-post-1582\" class=\"fusion-portfolio-post gender fusion-col-spacing post-1582\"><div class=\"fusion-portfolio-content-wrapper\" style=\"border:none;\"><span class=\"vcard rich-snippet-hidden\"><span class=\"fn\"><a href=\"https:\/\/abayanalistas.net\/en\/author\/abay\/\" title=\"Posts by Abay\" rel=\"author\">Abay<\/a><\/span><\/span><span class=\"updated rich-snippet-hidden\">2016-11-21T19:52:55+00:00<\/span>\n\n<div  class=\"fusion-image-wrapper\" aria-haspopup=\"true\">\n\t\n\t\n\t\t\n\t\t\t\t\t<img loading=\"lazy\" decoding=\"async\" width=\"900\" height=\"1275\" src=\"https:\/\/abayanalistas.net\/en\/wp-content\/uploads\/Espana-2006-01-200x283.jpg\" class=\"attachment-full size-full wp-post-image\" alt=\"Las mujeres espa\u00f1olas en los puestos directivos\" srcset=\"https:\/\/abayanalistas.net\/en\/wp-content\/uploads\/Espana-2006-01-200x283.jpg 200w, https:\/\/abayanalistas.net\/en\/wp-content\/uploads\/Espana-2006-01-400x567.jpg 400w, https:\/\/abayanalistas.net\/en\/wp-content\/uploads\/Espana-2006-01-600x850.jpg 600w, https:\/\/abayanalistas.net\/en\/wp-content\/uploads\/Espana-2006-01-800x1133.jpg 800w, https:\/\/abayanalistas.net\/en\/wp-content\/uploads\/Espana-2006-01.jpg 900w\" sizes=\"(min-width: 2200px) 100vw, (min-width: 1106px) 270px, (min-width: 1044px) 360px, (min-width: 982px) 540px, (min-width: 920px) 982px, \" \/>\n\t\n\n\t\t<div class=\"fusion-rollover\">\n\t<div class=\"fusion-rollover-content\">\n\n\t\t\t\t\t\t\t\t\t\t\t\t\t\t<a class=\"fusion-rollover-link\" href=\"https:\/\/abayanalistas.net\/en\/portfolio\/las-mujeres-espanolas-en-los-puestos-directivos\/?portfolioCats=48\">Las mujeres espa\u00f1olas en los puestos directivos<\/a>\n\t\t\t\n\t\t\t\t\t\t\t\t\n\t\t\t\t\n\t\t\t\t\t\t\t\t\t\t\t\t<h4 class=\"fusion-rollover-title\">\n\t\t\t\t\t<a href=\"https:\/\/abayanalistas.net\/en\/portfolio\/las-mujeres-espanolas-en-los-puestos-directivos\/?portfolioCats=48\">\n\t\t\t\t\t\tLas mujeres espa\u00f1olas en los puestos directivos\t\t\t\t\t<\/a>\n\t\t\t\t<\/h4>\n\t\t\t\n\t\t\t\t\t\t\t\t\n\t\t\n\t\t\t\t<a class=\"fusion-link-wrapper\" href=\"https:\/\/abayanalistas.net\/en\/portfolio\/las-mujeres-espanolas-en-los-puestos-directivos\/?portfolioCats=48\" aria-label=\"Las mujeres espa\u00f1olas en los puestos directivos\"><\/a>\n\t<\/div>\n<\/div>\n\n\t\n<\/div>\n<div class=\"fusion-portfolio-content\"><h2 class=\"entry-title fusion-post-title\"><a href=\"https:\/\/abayanalistas.net\/en\/portfolio\/las-mujeres-espanolas-en-los-puestos-directivos\/?portfolioCats=48\">Las mujeres espa\u00f1olas en los puestos directivos<\/a><\/h2><div class=\"fusion-portfolio-meta\"><a href=\"https:\/\/abayanalistas.net\/en\/portfolio_category\/gender\/\" rel=\"tag\">Gender<\/a><\/div><div class=\"fusion-post-content\"><p>Este estudio realiza una aproximaci\u00f3n a la presencia de mujeres en puestos directivos en las empresas espa\u00f1olas a partir de datos de la Encuesta de Poblaci\u00f3n Activa. En un segundo bloque realiza una revisi\u00f3n de la literatura en relaci\u00f3n con los principales obst\u00e1culos encontrados por las mujeres en el acceso a puestos de alta direcci\u00f3n. <\/p><\/div><\/div><\/div><\/article><article id=\"portfolio-1-post-1590\" class=\"fusion-portfolio-post gender sme-and-entrepreneurship sustainability fusion-col-spacing post-1590\"><div class=\"fusion-portfolio-content-wrapper\" style=\"border:none;\"><span class=\"vcard rich-snippet-hidden\"><span class=\"fn\"><a href=\"https:\/\/abayanalistas.net\/en\/author\/abay\/\" title=\"Posts by Abay\" rel=\"author\">Abay<\/a><\/span><\/span><span class=\"updated rich-snippet-hidden\">2016-11-21T19:52:55+00:00<\/span>\n\n<div  class=\"fusion-image-wrapper\" aria-haspopup=\"true\">\n\t\n\t\n\t\t\n\t\t\t\t\t<img loading=\"lazy\" decoding=\"async\" width=\"900\" height=\"1271\" src=\"https:\/\/abayanalistas.net\/en\/wp-content\/uploads\/Mujeres-Empresarias-1-200x282.jpg\" class=\"attachment-full size-full wp-post-image\" alt=\"Mujeres empresarias en la econom\u00eda espa\u00f1ola\" srcset=\"https:\/\/abayanalistas.net\/en\/wp-content\/uploads\/Mujeres-Empresarias-1-200x282.jpg 200w, https:\/\/abayanalistas.net\/en\/wp-content\/uploads\/Mujeres-Empresarias-1-400x565.jpg 400w, https:\/\/abayanalistas.net\/en\/wp-content\/uploads\/Mujeres-Empresarias-1-600x847.jpg 600w, https:\/\/abayanalistas.net\/en\/wp-content\/uploads\/Mujeres-Empresarias-1-800x1130.jpg 800w, https:\/\/abayanalistas.net\/en\/wp-content\/uploads\/Mujeres-Empresarias-1.jpg 900w\" sizes=\"(min-width: 2200px) 100vw, (min-width: 1106px) 270px, (min-width: 1044px) 360px, (min-width: 982px) 540px, (min-width: 920px) 982px, \" \/>\n\t\n\n\t\t<div class=\"fusion-rollover\">\n\t<div class=\"fusion-rollover-content\">\n\n\t\t\t\t\t\t\t\t\t\t\t\t\t\t<a class=\"fusion-rollover-link\" href=\"https:\/\/abayanalistas.net\/en\/portfolio\/mujeres-empresarias-en-la-economia-espanola\/?portfolioCats=48\">Mujeres empresarias en la econom\u00eda espa\u00f1ola<\/a>\n\t\t\t\n\t\t\t\t\t\t\t\t\n\t\t\t\t\n\t\t\t\t\t\t\t\t\t\t\t\t<h4 class=\"fusion-rollover-title\">\n\t\t\t\t\t<a href=\"https:\/\/abayanalistas.net\/en\/portfolio\/mujeres-empresarias-en-la-economia-espanola\/?portfolioCats=48\">\n\t\t\t\t\t\tMujeres empresarias en la econom\u00eda espa\u00f1ola\t\t\t\t\t<\/a>\n\t\t\t\t<\/h4>\n\t\t\t\n\t\t\t\t\t\t\t\t\n\t\t\n\t\t\t\t<a class=\"fusion-link-wrapper\" href=\"https:\/\/abayanalistas.net\/en\/portfolio\/mujeres-empresarias-en-la-economia-espanola\/?portfolioCats=48\" aria-label=\"Mujeres empresarias en la econom\u00eda espa\u00f1ola\"><\/a>\n\t<\/div>\n<\/div>\n\n\t\n<\/div>\n<div class=\"fusion-portfolio-content\"><h2 class=\"entry-title fusion-post-title\"><a href=\"https:\/\/abayanalistas.net\/en\/portfolio\/mujeres-empresarias-en-la-economia-espanola\/?portfolioCats=48\">Mujeres empresarias en la econom\u00eda espa\u00f1ola<\/a><\/h2><div class=\"fusion-portfolio-meta\"><a href=\"https:\/\/abayanalistas.net\/en\/portfolio_category\/gender\/\" rel=\"tag\">Gender<\/a>, <a href=\"https:\/\/abayanalistas.net\/en\/portfolio_category\/sme-and-entrepreneurship\/\" rel=\"tag\">SME and Entrepreneurship<\/a>, <a href=\"https:\/\/abayanalistas.net\/en\/portfolio_category\/sustainability\/\" rel=\"tag\">Sustainability<\/a><\/div><div class=\"fusion-post-content\"><p>En este proyecto Abay Analistas y  el Consejo Superior de C\u00e1maras de Comercio, han realizado un detallado an\u00e1lisis sobre las mujeres emprendedoras y empresarias en la econom\u00eda espa\u00f1ola. <\/p><\/div><\/div><\/div><\/article><article id=\"portfolio-1-post-1573\" class=\"fusion-portfolio-post gender sustainability fusion-col-spacing post-1573\"><div class=\"fusion-portfolio-content-wrapper\" style=\"border:none;\"><span class=\"vcard rich-snippet-hidden\"><span class=\"fn\"><a href=\"https:\/\/abayanalistas.net\/en\/author\/abay\/\" title=\"Posts by Abay\" rel=\"author\">Abay<\/a><\/span><\/span><span class=\"updated rich-snippet-hidden\">2016-11-21T19:52:57+00:00<\/span>\n\n<div  class=\"fusion-image-wrapper\" aria-haspopup=\"true\">\n\t\n\t\n\t\t\n\t\t\t\t\t<img loading=\"lazy\" decoding=\"async\" width=\"900\" height=\"624\" src=\"https:\/\/abayanalistas.net\/en\/wp-content\/uploads\/Mujer-1-200x139.jpg\" class=\"attachment-full size-full wp-post-image\" alt=\"Diagn\u00f3stico sobre mujer y empleo cualificado en la Comunidad de Madrid\" srcset=\"https:\/\/abayanalistas.net\/en\/wp-content\/uploads\/Mujer-1-200x139.jpg 200w, https:\/\/abayanalistas.net\/en\/wp-content\/uploads\/Mujer-1-400x277.jpg 400w, https:\/\/abayanalistas.net\/en\/wp-content\/uploads\/Mujer-1-600x416.jpg 600w, https:\/\/abayanalistas.net\/en\/wp-content\/uploads\/Mujer-1-800x555.jpg 800w, https:\/\/abayanalistas.net\/en\/wp-content\/uploads\/Mujer-1.jpg 900w\" sizes=\"(min-width: 2200px) 100vw, (min-width: 1106px) 270px, (min-width: 1044px) 360px, (min-width: 982px) 540px, (min-width: 920px) 982px, \" \/>\n\t\n\n\t\t<div class=\"fusion-rollover\">\n\t<div class=\"fusion-rollover-content\">\n\n\t\t\t\t\t\t\t\t\t\t\t\t\t\t<a class=\"fusion-rollover-link\" href=\"https:\/\/abayanalistas.net\/en\/portfolio\/diagnostico-sobre-mujer-y-empleo-cualificado-en-la-comunidad-de-madrid\/?portfolioCats=48\">Diagn\u00f3stico sobre mujer y empleo cualificado en la Comunidad de Madrid<\/a>\n\t\t\t\n\t\t\t\t\t\t\t\t\n\t\t\t\t\n\t\t\t\t\t\t\t\t\t\t\t\t<h4 class=\"fusion-rollover-title\">\n\t\t\t\t\t<a href=\"https:\/\/abayanalistas.net\/en\/portfolio\/diagnostico-sobre-mujer-y-empleo-cualificado-en-la-comunidad-de-madrid\/?portfolioCats=48\">\n\t\t\t\t\t\tDiagn\u00f3stico sobre mujer y empleo cualificado en la Comunidad de Madrid\t\t\t\t\t<\/a>\n\t\t\t\t<\/h4>\n\t\t\t\n\t\t\t\t\t\t\t\t\n\t\t\n\t\t\t\t<a class=\"fusion-link-wrapper\" href=\"https:\/\/abayanalistas.net\/en\/portfolio\/diagnostico-sobre-mujer-y-empleo-cualificado-en-la-comunidad-de-madrid\/?portfolioCats=48\" aria-label=\"Diagn\u00f3stico sobre mujer y empleo cualificado en la Comunidad de Madrid\"><\/a>\n\t<\/div>\n<\/div>\n\n\t\n<\/div>\n<div class=\"fusion-portfolio-content\"><h2 class=\"entry-title fusion-post-title\"><a href=\"https:\/\/abayanalistas.net\/en\/portfolio\/diagnostico-sobre-mujer-y-empleo-cualificado-en-la-comunidad-de-madrid\/?portfolioCats=48\">Diagn\u00f3stico sobre mujer y empleo cualificado en la Comunidad de Madrid<\/a><\/h2><div class=\"fusion-portfolio-meta\"><a href=\"https:\/\/abayanalistas.net\/en\/portfolio_category\/gender\/\" rel=\"tag\">Gender<\/a>, <a href=\"https:\/\/abayanalistas.net\/en\/portfolio_category\/sustainability\/\" rel=\"tag\">Sustainability<\/a><\/div><div class=\"fusion-post-content\"><p>Los objetivos fundamentales de este proyecto han sido cifrar la presencia relativa de mujeres en puestos de poder, de los \u00e1mbitos p\u00fablico y privado, de la Comunidad de Madrid; conocer su perfil sociodemogr\u00e1fico; y determinar la posible existencia de modelos de \u00e9xito de acceso y permanencia de las mujeres a los puestos de decisi\u00f3n.<\/p><\/div><\/div><\/div><\/article><\/div><\/div><div class=\"fusion-clearfix\"><\/div>\n\n\t\t\t\t\t<\/div>\n\t\t\t\t<\/div><\/div><\/div>\n","protected":false},"excerpt":{"rendered":"","protected":false},"author":1,"featured_media":0,"parent":0,"menu_order":0,"comment_status":"closed","ping_status":"closed","template":"","meta":{"footnotes":""},"_links":{"self":[{"href":"https:\/\/abayanalistas.net\/en\/wp-json\/wp\/v2\/pages\/1560"}],"collection":[{"href":"https:\/\/abayanalistas.net\/en\/wp-json\/wp\/v2\/pages"}],"about":[{"href":"https:\/\/abayanalistas.net\/en\/wp-json\/wp\/v2\/types\/page"}],"author":[{"embeddable":true,"href":"https:\/\/abayanalistas.net\/en\/wp-json\/wp\/v2\/users\/1"}],"replies":[{"embeddable":true,"href":"https:\/\/abayanalistas.net\/en\/wp-json\/wp\/v2\/comments?post=1560"}],"version-history":[{"count":13,"href":"https:\/\/abayanalistas.net\/en\/wp-json\/wp\/v2\/pages\/1560\/revisions"}],"predecessor-version":[{"id":2889,"href":"https:\/\/abayanalistas.net\/en\/wp-json\/wp\/v2\/pages\/1560\/revisions\/2889"}],"wp:attachment":[{"href":"https:\/\/abayanalistas.net\/en\/wp-json\/wp\/v2\/media?parent=1560"}],"curies":[{"name":"wp","href":"https:\/\/api.w.org\/{rel}","templated":true}]}}