{"id":1547,"date":"2016-07-25T22:58:41","date_gmt":"2016-07-25T22:58:41","guid":{"rendered":"http:\/\/abayanalistas.net\/en\/?page_id=1547"},"modified":"2016-11-22T09:56:26","modified_gmt":"2016-11-22T09:56:26","slug":"sostenibilidad","status":"publish","type":"page","link":"https:\/\/abayanalistas.net\/en\/sostenibilidad\/","title":{"rendered":"SUSTAINABILITY"},"content":{"rendered":"<div class=\"fusion-fullwidth fullwidth-box nonhundred-percent-fullwidth non-hundred-percent-height-scrolling\"  style='background-color: rgba(255,255,255,0);background-position: left top;background-repeat: no-repeat;padding-top:20px;padding-right:0px;padding-bottom:20px;padding-left:0px;border-top-width:0px;border-bottom-width:0px;border-color:#eae9e9;border-top-style:solid;border-bottom-style:solid;'><div class=\"fusion-builder-row fusion-row \"><div  class=\"fusion-layout-column fusion_builder_column fusion_builder_column_1_1  fusion-one-full fusion-column-first fusion-column-last fusion-column-no-min-height 1_1\"  style='margin-top:0px;margin-bottom:0px;'>\n\t\t\t\t\t<div class=\"fusion-column-wrapper\" style=\"background-position:left top;background-repeat:no-repeat;-webkit-background-size:cover;-moz-background-size:cover;-o-background-size:cover;background-size:cover;\"   data-bg-url=\"\">\n\t\t\t\t\t\t<style type=\"text\/css\">.fusion-portfolio-wrapper#fusion-portfolio-1 .fusion-portfolio-content{  text-align: left; }<\/style><div class=\"fusion-recent-works fusion-portfolio-element fusion-portfolio fusion-portfolio-1 fusion-portfolio-grid fusion-portfolio-paging-none fusion-portfolio-four fusion-portfolio-unboxed fusion-portfolio-text fusion-portfolio-rollover fusion-animated\" data-id=\"-rw-1\" data-columns=\"four\" data-animationType=\"fadeInDown\" data-animationDuration=\"1.0\" data-animationOffset=\"100%\"><style type=\"text\/css\">.fusion-portfolio-1 .fusion-portfolio-wrapper .fusion-col-spacing{padding:15px;}<\/style><div class=\"fusion-portfolio-wrapper\" id=\"fusion-portfolio-1\" data-picturesize=\"auto\" data-pages=\"1\" style=\"margin:-15px;\"><article id=\"portfolio-1-post-2662\" class=\"fusion-portfolio-post sustainability fusion-col-spacing post-2662\"><div class=\"fusion-portfolio-content-wrapper\" style=\"border:none;\"><span class=\"vcard rich-snippet-hidden\"><span class=\"fn\"><a href=\"https:\/\/abayanalistas.net\/en\/author\/abay\/\" title=\"Posts by Abay\" rel=\"author\">Abay<\/a><\/span><\/span><span class=\"updated rich-snippet-hidden\">2016-11-21T19:52:23+00:00<\/span>\n\n<div  class=\"fusion-image-wrapper\" aria-haspopup=\"true\">\n\t\n\t\n\t\t\n\t\t\t\t\t<img loading=\"lazy\" decoding=\"async\" width=\"900\" height=\"1273\" src=\"https:\/\/abayanalistas.net\/en\/wp-content\/uploads\/Transicion-cuenca-minera-Teruel-1-200x283.jpg\" class=\"attachment-full size-full wp-post-image\" alt=\"El proceso de transici\u00f3n en la cuenca minera de Teruel\" srcset=\"https:\/\/abayanalistas.net\/en\/wp-content\/uploads\/Transicion-cuenca-minera-Teruel-1-200x283.jpg 200w, https:\/\/abayanalistas.net\/en\/wp-content\/uploads\/Transicion-cuenca-minera-Teruel-1-400x566.jpg 400w, https:\/\/abayanalistas.net\/en\/wp-content\/uploads\/Transicion-cuenca-minera-Teruel-1-600x849.jpg 600w, https:\/\/abayanalistas.net\/en\/wp-content\/uploads\/Transicion-cuenca-minera-Teruel-1-800x1132.jpg 800w, https:\/\/abayanalistas.net\/en\/wp-content\/uploads\/Transicion-cuenca-minera-Teruel-1.jpg 900w\" sizes=\"(min-width: 2200px) 100vw, (min-width: 1106px) 270px, (min-width: 1044px) 360px, (min-width: 982px) 540px, (min-width: 920px) 982px, \" \/>\n\t\n\n\t\t<div class=\"fusion-rollover\">\n\t<div class=\"fusion-rollover-content\">\n\n\t\t\t\t\t\t\t\t\t\t\t\t\t\t<a class=\"fusion-rollover-link\" href=\"https:\/\/abayanalistas.net\/en\/portfolio\/proceso-transicion-la-cuenca-minera-teruel\/?portfolioCats=39\">El proceso de transici\u00f3n en la cuenca minera de Teruel<\/a>\n\t\t\t\n\t\t\t\t\t\t\t\t\n\t\t\t\t\n\t\t\t\t\t\t\t\t\t\t\t\t<h4 class=\"fusion-rollover-title\">\n\t\t\t\t\t<a href=\"https:\/\/abayanalistas.net\/en\/portfolio\/proceso-transicion-la-cuenca-minera-teruel\/?portfolioCats=39\">\n\t\t\t\t\t\tEl proceso de transici\u00f3n en la cuenca minera de Teruel\t\t\t\t\t<\/a>\n\t\t\t\t<\/h4>\n\t\t\t\n\t\t\t\t\t\t\t\t\n\t\t\n\t\t\t\t<a class=\"fusion-link-wrapper\" href=\"https:\/\/abayanalistas.net\/en\/portfolio\/proceso-transicion-la-cuenca-minera-teruel\/?portfolioCats=39\" aria-label=\"El proceso de transici\u00f3n en la cuenca minera de Teruel\"><\/a>\n\t<\/div>\n<\/div>\n\n\t\n<\/div>\n<div class=\"fusion-portfolio-content\"><h2 class=\"entry-title fusion-post-title\"><a href=\"https:\/\/abayanalistas.net\/en\/portfolio\/proceso-transicion-la-cuenca-minera-teruel\/?portfolioCats=39\">El proceso de transici\u00f3n en la cuenca minera de Teruel<\/a><\/h2><div class=\"fusion-portfolio-meta\"><a href=\"https:\/\/abayanalistas.net\/en\/portfolio_category\/sustainability\/\" rel=\"tag\">Sustainability<\/a><\/div><div class=\"fusion-post-content\"><p>Abay Analistas ha elaborado el informe \"El proceso de transici\u00f3n en la cuenca minera de Teruel\" para Greenpeace.<\/p><\/div><\/div><\/div><\/article><article id=\"portfolio-1-post-2623\" class=\"fusion-portfolio-post sustainability fusion-col-spacing post-2623\"><div class=\"fusion-portfolio-content-wrapper\" style=\"border:none;\"><span class=\"vcard rich-snippet-hidden\"><span class=\"fn\"><a href=\"https:\/\/abayanalistas.net\/en\/author\/abay\/\" title=\"Posts by Abay\" rel=\"author\">Abay<\/a><\/span><\/span><span class=\"updated rich-snippet-hidden\">2016-11-21T19:52:23+00:00<\/span>\n\n<div  class=\"fusion-image-wrapper\" aria-haspopup=\"true\">\n\t\n\t\n\t\t\n\t\t\t\t\t<img loading=\"lazy\" decoding=\"async\" width=\"900\" height=\"900\" src=\"https:\/\/abayanalistas.net\/en\/wp-content\/uploads\/cierre-nucleares_resumen-ejecutivo-1-200x200.jpg\" class=\"attachment-full size-full wp-post-image\" alt=\"El inevitable cierre de las centrales nucleares espa\u00f1olas: una oportunidad econ\u00f3mica y social-1\" srcset=\"https:\/\/abayanalistas.net\/en\/wp-content\/uploads\/cierre-nucleares_resumen-ejecutivo-1-200x200.jpg 200w, https:\/\/abayanalistas.net\/en\/wp-content\/uploads\/cierre-nucleares_resumen-ejecutivo-1-400x400.jpg 400w, https:\/\/abayanalistas.net\/en\/wp-content\/uploads\/cierre-nucleares_resumen-ejecutivo-1-600x600.jpg 600w, https:\/\/abayanalistas.net\/en\/wp-content\/uploads\/cierre-nucleares_resumen-ejecutivo-1-800x800.jpg 800w, https:\/\/abayanalistas.net\/en\/wp-content\/uploads\/cierre-nucleares_resumen-ejecutivo-1.jpg 900w\" sizes=\"(min-width: 2200px) 100vw, (min-width: 1106px) 270px, (min-width: 1044px) 360px, (min-width: 982px) 540px, (min-width: 920px) 982px, \" \/>\n\t\n\n\t\t<div class=\"fusion-rollover\">\n\t<div class=\"fusion-rollover-content\">\n\n\t\t\t\t\t\t\t\t\t\t\t\t\t\t<a class=\"fusion-rollover-link\" href=\"https:\/\/abayanalistas.net\/en\/portfolio\/impacto-economico-del-desmantelamiento-nuclear-espana\/?portfolioCats=39\">El impacto econ\u00f3mico del desmantelamiento nuclear en Espa\u00f1a<\/a>\n\t\t\t\n\t\t\t\t\t\t\t\t\n\t\t\t\t\n\t\t\t\t\t\t\t\t\t\t\t\t<h4 class=\"fusion-rollover-title\">\n\t\t\t\t\t<a href=\"https:\/\/abayanalistas.net\/en\/portfolio\/impacto-economico-del-desmantelamiento-nuclear-espana\/?portfolioCats=39\">\n\t\t\t\t\t\tEl impacto econ\u00f3mico del desmantelamiento nuclear en Espa\u00f1a\t\t\t\t\t<\/a>\n\t\t\t\t<\/h4>\n\t\t\t\n\t\t\t\t\t\t\t\t\n\t\t\n\t\t\t\t<a class=\"fusion-link-wrapper\" href=\"https:\/\/abayanalistas.net\/en\/portfolio\/impacto-economico-del-desmantelamiento-nuclear-espana\/?portfolioCats=39\" aria-label=\"El impacto econ\u00f3mico del desmantelamiento nuclear en Espa\u00f1a\"><\/a>\n\t<\/div>\n<\/div>\n\n\t\n<\/div>\n<div class=\"fusion-portfolio-content\"><h2 class=\"entry-title fusion-post-title\"><a href=\"https:\/\/abayanalistas.net\/en\/portfolio\/impacto-economico-del-desmantelamiento-nuclear-espana\/?portfolioCats=39\">El impacto econ\u00f3mico del desmantelamiento nuclear en Espa\u00f1a<\/a><\/h2><div class=\"fusion-portfolio-meta\"><a href=\"https:\/\/abayanalistas.net\/en\/portfolio_category\/sustainability\/\" rel=\"tag\">Sustainability<\/a><\/div><div class=\"fusion-post-content\"><p>Abay Analistas ha elaborado el informe \"El impacto econ\u00f3mico del desmantelamiento nuclear en Espa\u00f1a\" para Greenpeace.\r\nEl cierre progresivo de las instalaciones nucleares es una de las demandas de Greenpeace. Las centrales nucleares crean residuos nucleares peligrosos para la salud y el medio ambiente que tardan cientos de a\u00f1os en degradarse, y los accidentes nucleares arruinan regiones vast\u00edsimas.<\/p><\/div><\/div><\/div><\/article><article id=\"portfolio-1-post-1816\" class=\"fusion-portfolio-post impact-and-policy-evaluation social-topics sustainability featured fusion-col-spacing post-1816\"><div class=\"fusion-portfolio-content-wrapper\" style=\"border:none;\"><span class=\"vcard rich-snippet-hidden\"><span class=\"fn\"><a href=\"https:\/\/abayanalistas.net\/en\/author\/abay\/\" title=\"Posts by Abay\" rel=\"author\">Abay<\/a><\/span><\/span><span class=\"updated rich-snippet-hidden\">2016-11-21T19:52:25+00:00<\/span>\n\n<div  class=\"fusion-image-wrapper\" aria-haspopup=\"true\">\n\t\n\t\n\t\t\n\t\t\t\t\t<img loading=\"lazy\" decoding=\"async\" width=\"900\" height=\"1273\" src=\"https:\/\/abayanalistas.net\/en\/wp-content\/uploads\/equidad-educativa-iluminando-futuro-1-200x283.jpg\" class=\"attachment-full size-full wp-post-image\" alt=\"\" srcset=\"https:\/\/abayanalistas.net\/en\/wp-content\/uploads\/equidad-educativa-iluminando-futuro-1-200x283.jpg 200w, https:\/\/abayanalistas.net\/en\/wp-content\/uploads\/equidad-educativa-iluminando-futuro-1-400x566.jpg 400w, https:\/\/abayanalistas.net\/en\/wp-content\/uploads\/equidad-educativa-iluminando-futuro-1-600x849.jpg 600w, https:\/\/abayanalistas.net\/en\/wp-content\/uploads\/equidad-educativa-iluminando-futuro-1-800x1132.jpg 800w, https:\/\/abayanalistas.net\/en\/wp-content\/uploads\/equidad-educativa-iluminando-futuro-1.jpg 900w\" sizes=\"(min-width: 2200px) 100vw, (min-width: 1106px) 270px, (min-width: 1044px) 360px, (min-width: 982px) 540px, (min-width: 920px) 982px, \" \/>\n\t\n\n\t\t<div class=\"fusion-rollover\">\n\t<div class=\"fusion-rollover-content\">\n\n\t\t\t\t\t\t\t\t\t\t\t\t\t\t<a class=\"fusion-rollover-link\" href=\"https:\/\/abayanalistas.net\/en\/portfolio\/iluminando-el-futuro-indice-de-save-the-children-sobre-equidad-educativa-en-espana-por-comunidades-autonomas\/?portfolioCats=39\">Iluminando el futuro (\u00edndice de Save the Children sobre equidad educativa en Espa\u00f1a por comunidades aut\u00f3nomas)<\/a>\n\t\t\t\n\t\t\t\t\t\t\t\t\n\t\t\t\t\n\t\t\t\t\t\t\t\t\t\t\t\t<h4 class=\"fusion-rollover-title\">\n\t\t\t\t\t<a href=\"https:\/\/abayanalistas.net\/en\/portfolio\/iluminando-el-futuro-indice-de-save-the-children-sobre-equidad-educativa-en-espana-por-comunidades-autonomas\/?portfolioCats=39\">\n\t\t\t\t\t\tIluminando el futuro (\u00edndice de Save the Children sobre equidad educativa en Espa\u00f1a por comunidades aut\u00f3nomas)\t\t\t\t\t<\/a>\n\t\t\t\t<\/h4>\n\t\t\t\n\t\t\t\t\t\t\t\t\n\t\t\n\t\t\t\t<a class=\"fusion-link-wrapper\" href=\"https:\/\/abayanalistas.net\/en\/portfolio\/iluminando-el-futuro-indice-de-save-the-children-sobre-equidad-educativa-en-espana-por-comunidades-autonomas\/?portfolioCats=39\" aria-label=\"Iluminando el futuro (\u00edndice de Save the Children sobre equidad educativa en Espa\u00f1a por comunidades aut\u00f3nomas)\"><\/a>\n\t<\/div>\n<\/div>\n\n\t\n<\/div>\n<div class=\"fusion-portfolio-content\"><h2 class=\"entry-title fusion-post-title\"><a href=\"https:\/\/abayanalistas.net\/en\/portfolio\/iluminando-el-futuro-indice-de-save-the-children-sobre-equidad-educativa-en-espana-por-comunidades-autonomas\/?portfolioCats=39\">Iluminando el futuro (\u00edndice de Save the Children sobre equidad educativa en Espa\u00f1a por comunidades aut\u00f3nomas)<\/a><\/h2><div class=\"fusion-portfolio-meta\"><a href=\"https:\/\/abayanalistas.net\/en\/portfolio_category\/impact-and-policy-evaluation\/\" rel=\"tag\">Impact and Policy Evaluation<\/a>, <a href=\"https:\/\/abayanalistas.net\/en\/portfolio_category\/social-topics\/\" rel=\"tag\">Social topics<\/a>, <a href=\"https:\/\/abayanalistas.net\/en\/portfolio_category\/sustainability\/\" rel=\"tag\">Sustainability<\/a>, <a href=\"https:\/\/abayanalistas.net\/en\/portfolio_category\/featured\/\" rel=\"tag\">\u263c<\/a><\/div><div class=\"fusion-post-content\"><p>Save the Children es testigo en todo el mundo de c\u00f3mo la pobreza est\u00e1 privando a las ni\u00f1as y los ni\u00f1os de oportunidades educativas. Sabemos que la educaci\u00f3n tiene una fuerza extraordinaria para compensar la pobreza y la desigualdad. <\/p><\/div><\/div><\/div><\/article><article id=\"portfolio-1-post-949\" class=\"fusion-portfolio-post sustainability featured fusion-col-spacing post-949\"><div class=\"fusion-portfolio-content-wrapper\" style=\"border:none;\"><span class=\"vcard rich-snippet-hidden\"><span class=\"fn\"><a href=\"https:\/\/abayanalistas.net\/en\/author\/abay\/\" title=\"Posts by Abay\" rel=\"author\">Abay<\/a><\/span><\/span><span class=\"updated rich-snippet-hidden\">2016-11-21T19:52:30+00:00<\/span>\n\n<div  class=\"fusion-image-wrapper\" aria-haspopup=\"true\">\n\t\n\t\n\t\t\n\t\t\t\t\t<img loading=\"lazy\" decoding=\"async\" width=\"900\" height=\"900\" src=\"https:\/\/abayanalistas.net\/en\/wp-content\/uploads\/recuperacion_economica_1-200x200.jpg\" class=\"attachment-full size-full wp-post-image\" alt=\"\" srcset=\"https:\/\/abayanalistas.net\/en\/wp-content\/uploads\/recuperacion_economica_1-200x200.jpg 200w, https:\/\/abayanalistas.net\/en\/wp-content\/uploads\/recuperacion_economica_1-400x400.jpg 400w, https:\/\/abayanalistas.net\/en\/wp-content\/uploads\/recuperacion_economica_1-600x600.jpg 600w, https:\/\/abayanalistas.net\/en\/wp-content\/uploads\/recuperacion_economica_1-800x800.jpg 800w, https:\/\/abayanalistas.net\/en\/wp-content\/uploads\/recuperacion_economica_1.jpg 900w\" sizes=\"(min-width: 2200px) 100vw, (min-width: 1106px) 270px, (min-width: 1044px) 360px, (min-width: 982px) 540px, (min-width: 920px) 982px, \" \/>\n\t\n\n\t\t<div class=\"fusion-rollover\">\n\t<div class=\"fusion-rollover-content\">\n\n\t\t\t\t\t\t\t\t\t\t\t\t\t\t<a class=\"fusion-rollover-link\" href=\"https:\/\/abayanalistas.net\/en\/portfolio\/recuperacion-economica-renovables\/?portfolioCats=39\">La recuperaci\u00f3n econ\u00f3mica con renovables<\/a>\n\t\t\t\n\t\t\t\t\t\t\t\t\n\t\t\t\t\n\t\t\t\t\t\t\t\t\t\t\t\t<h4 class=\"fusion-rollover-title\">\n\t\t\t\t\t<a href=\"https:\/\/abayanalistas.net\/en\/portfolio\/recuperacion-economica-renovables\/?portfolioCats=39\">\n\t\t\t\t\t\tLa recuperaci\u00f3n econ\u00f3mica con renovables\t\t\t\t\t<\/a>\n\t\t\t\t<\/h4>\n\t\t\t\n\t\t\t\t\t\t\t\t\n\t\t\n\t\t\t\t<a class=\"fusion-link-wrapper\" href=\"https:\/\/abayanalistas.net\/en\/portfolio\/recuperacion-economica-renovables\/?portfolioCats=39\" aria-label=\"La recuperaci\u00f3n econ\u00f3mica con renovables\"><\/a>\n\t<\/div>\n<\/div>\n\n\t\n<\/div>\n<div class=\"fusion-portfolio-content\"><h2 class=\"entry-title fusion-post-title\"><a href=\"https:\/\/abayanalistas.net\/en\/portfolio\/recuperacion-economica-renovables\/?portfolioCats=39\">La recuperaci\u00f3n econ\u00f3mica con renovables<\/a><\/h2><div class=\"fusion-portfolio-meta\"><a href=\"https:\/\/abayanalistas.net\/en\/portfolio_category\/sustainability\/\" rel=\"tag\">Sustainability<\/a>, <a href=\"https:\/\/abayanalistas.net\/en\/portfolio_category\/featured\/\" rel=\"tag\">\u263c<\/a><\/div><div class=\"fusion-post-content\"><p>Este informe, basado en dos estudios realizados para Greenpeace Espa\u00f1a, analiza la contribuci\u00f3n que las energ\u00edas limpias podr\u00edan hacer a la recuperaci\u00f3n econ\u00f3mica.<\/p><\/div><\/div><\/div><\/article><article id=\"portfolio-1-post-1977\" class=\"fusion-portfolio-post sustainability fusion-col-spacing post-1977\"><div class=\"fusion-portfolio-content-wrapper\" style=\"border:none;\"><span class=\"vcard rich-snippet-hidden\"><span class=\"fn\"><a href=\"https:\/\/abayanalistas.net\/en\/author\/abay\/\" title=\"Posts by Abay\" rel=\"author\">Abay<\/a><\/span><\/span><span class=\"updated rich-snippet-hidden\">2016-11-21T19:52:30+00:00<\/span>\n\n<div  class=\"fusion-image-wrapper\" aria-haspopup=\"true\">\n\t\n\t\n\t\t\n\t\t\t\t\t<img loading=\"lazy\" decoding=\"async\" width=\"900\" height=\"1273\" src=\"https:\/\/abayanalistas.net\/en\/wp-content\/uploads\/ER-Economia-1-200x283.jpg\" class=\"attachment-full size-full wp-post-image\" alt=\"\" srcset=\"https:\/\/abayanalistas.net\/en\/wp-content\/uploads\/ER-Economia-1-200x283.jpg 200w, https:\/\/abayanalistas.net\/en\/wp-content\/uploads\/ER-Economia-1-400x566.jpg 400w, https:\/\/abayanalistas.net\/en\/wp-content\/uploads\/ER-Economia-1-600x849.jpg 600w, https:\/\/abayanalistas.net\/en\/wp-content\/uploads\/ER-Economia-1-800x1132.jpg 800w, https:\/\/abayanalistas.net\/en\/wp-content\/uploads\/ER-Economia-1.jpg 900w\" sizes=\"(min-width: 2200px) 100vw, (min-width: 1106px) 270px, (min-width: 1044px) 360px, (min-width: 982px) 540px, (min-width: 920px) 982px, \" \/>\n\t\n\n\t\t<div class=\"fusion-rollover\">\n\t<div class=\"fusion-rollover-content\">\n\n\t\t\t\t\t\t\t\t\t\t\t\t\t\t<a class=\"fusion-rollover-link\" href=\"https:\/\/abayanalistas.net\/en\/portfolio\/la-recuperacion-economica-con-renovables\/?portfolioCats=39\">El impacto de las energ\u00edas renovables en la econom\u00eda con el horizonte de 2030<\/a>\n\t\t\t\n\t\t\t\t\t\t\t\t\n\t\t\t\t\n\t\t\t\t\t\t\t\t\t\t\t\t<h4 class=\"fusion-rollover-title\">\n\t\t\t\t\t<a href=\"https:\/\/abayanalistas.net\/en\/portfolio\/la-recuperacion-economica-con-renovables\/?portfolioCats=39\">\n\t\t\t\t\t\tEl impacto de las energ\u00edas renovables en la econom\u00eda con el horizonte de 2030\t\t\t\t\t<\/a>\n\t\t\t\t<\/h4>\n\t\t\t\n\t\t\t\t\t\t\t\t\n\t\t\n\t\t\t\t<a class=\"fusion-link-wrapper\" href=\"https:\/\/abayanalistas.net\/en\/portfolio\/la-recuperacion-economica-con-renovables\/?portfolioCats=39\" aria-label=\"El impacto de las energ\u00edas renovables en la econom\u00eda con el horizonte de 2030\"><\/a>\n\t<\/div>\n<\/div>\n\n\t\n<\/div>\n<div class=\"fusion-portfolio-content\"><h2 class=\"entry-title fusion-post-title\"><a href=\"https:\/\/abayanalistas.net\/en\/portfolio\/la-recuperacion-economica-con-renovables\/?portfolioCats=39\">El impacto de las energ\u00edas renovables en la econom\u00eda con el horizonte de 2030<\/a><\/h2><div class=\"fusion-portfolio-meta\"><a href=\"https:\/\/abayanalistas.net\/en\/portfolio_category\/sustainability\/\" rel=\"tag\">Sustainability<\/a><\/div><div class=\"fusion-post-content\"><p>El proyecto que aqu\u00ed se presenta pretende contribuir al debate y la toma de decisiones sobre el modelo energ\u00e9tico espa\u00f1ol actual y el modelo energ\u00e9tico sostenible al que se debe avanzar con urgencia por apremiantes motivos ambientales, pero como se ver\u00e1 a lo largo de este informe, tambi\u00e9n por s\u00f3lidos argumentos econ\u00f3micos y sociales.<\/p><\/div><\/div><\/div><\/article><article id=\"portfolio-1-post-1971\" class=\"fusion-portfolio-post sustainability fusion-col-spacing post-1971\"><div class=\"fusion-portfolio-content-wrapper\" style=\"border:none;\"><span class=\"vcard rich-snippet-hidden\"><span class=\"fn\"><a href=\"https:\/\/abayanalistas.net\/en\/author\/abay\/\" title=\"Posts by Abay\" rel=\"author\">Abay<\/a><\/span><\/span><span class=\"updated rich-snippet-hidden\">2016-11-21T19:52:31+00:00<\/span>\n\n<div  class=\"fusion-image-wrapper\" aria-haspopup=\"true\">\n\t\n\t\n\t\t\n\t\t\t\t\t<img loading=\"lazy\" decoding=\"async\" width=\"900\" height=\"1273\" src=\"https:\/\/abayanalistas.net\/en\/wp-content\/uploads\/ER-Hogares-1-200x283.jpg\" class=\"attachment-full size-full wp-post-image\" alt=\"\" srcset=\"https:\/\/abayanalistas.net\/en\/wp-content\/uploads\/ER-Hogares-1-200x283.jpg 200w, https:\/\/abayanalistas.net\/en\/wp-content\/uploads\/ER-Hogares-1-400x566.jpg 400w, https:\/\/abayanalistas.net\/en\/wp-content\/uploads\/ER-Hogares-1-600x849.jpg 600w, https:\/\/abayanalistas.net\/en\/wp-content\/uploads\/ER-Hogares-1-800x1132.jpg 800w, https:\/\/abayanalistas.net\/en\/wp-content\/uploads\/ER-Hogares-1.jpg 900w\" sizes=\"(min-width: 2200px) 100vw, (min-width: 1106px) 270px, (min-width: 1044px) 360px, (min-width: 982px) 540px, (min-width: 920px) 982px, \" \/>\n\t\n\n\t\t<div class=\"fusion-rollover\">\n\t<div class=\"fusion-rollover-content\">\n\n\t\t\t\t\t\t\t\t\t\t\t\t\t\t<a class=\"fusion-rollover-link\" href=\"https:\/\/abayanalistas.net\/en\/portfolio\/el-impacto-de-las-energias-renovables-en-los-hogares\/?portfolioCats=39\">El impacto de las energ\u00edas renovables en los hogares<\/a>\n\t\t\t\n\t\t\t\t\t\t\t\t\n\t\t\t\t\n\t\t\t\t\t\t\t\t\t\t\t\t<h4 class=\"fusion-rollover-title\">\n\t\t\t\t\t<a href=\"https:\/\/abayanalistas.net\/en\/portfolio\/el-impacto-de-las-energias-renovables-en-los-hogares\/?portfolioCats=39\">\n\t\t\t\t\t\tEl impacto de las energ\u00edas renovables en los hogares\t\t\t\t\t<\/a>\n\t\t\t\t<\/h4>\n\t\t\t\n\t\t\t\t\t\t\t\t\n\t\t\n\t\t\t\t<a class=\"fusion-link-wrapper\" href=\"https:\/\/abayanalistas.net\/en\/portfolio\/el-impacto-de-las-energias-renovables-en-los-hogares\/?portfolioCats=39\" aria-label=\"El impacto de las energ\u00edas renovables en los hogares\"><\/a>\n\t<\/div>\n<\/div>\n\n\t\n<\/div>\n<div class=\"fusion-portfolio-content\"><h2 class=\"entry-title fusion-post-title\"><a href=\"https:\/\/abayanalistas.net\/en\/portfolio\/el-impacto-de-las-energias-renovables-en-los-hogares\/?portfolioCats=39\">El impacto de las energ\u00edas renovables en los hogares<\/a><\/h2><div class=\"fusion-portfolio-meta\"><a href=\"https:\/\/abayanalistas.net\/en\/portfolio_category\/sustainability\/\" rel=\"tag\">Sustainability<\/a><\/div><div class=\"fusion-post-content\"><p>El proyecto que aqu\u00ed se presenta pretende contribuir al debate y la toma de decisiones sobre el modelo energ\u00e9tico espa\u00f1ol actual y el modelo energ\u00e9tico sostenible al que se debe avanzar con urgencia por apremiantes motivos ambientales, pero como se ver\u00e1 a lo largo de este informe, tambi\u00e9n por s\u00f3lidos argumentos econ\u00f3micos y sociales.<\/p><\/div><\/div><\/div><\/article><article id=\"portfolio-1-post-1227\" class=\"fusion-portfolio-post sector-studies sustainability fusion-col-spacing post-1227\"><div class=\"fusion-portfolio-content-wrapper\" style=\"border:none;\"><span class=\"vcard rich-snippet-hidden\"><span class=\"fn\"><a href=\"https:\/\/abayanalistas.net\/en\/author\/abay\/\" title=\"Posts by Abay\" rel=\"author\">Abay<\/a><\/span><\/span><span class=\"updated rich-snippet-hidden\">2016-11-21T19:52:32+00:00<\/span>\n\n<div  class=\"fusion-image-wrapper\" aria-haspopup=\"true\">\n\t\n\t\n\t\t\n\t\t\t\t\t<img loading=\"lazy\" decoding=\"async\" width=\"900\" height=\"900\" src=\"https:\/\/abayanalistas.net\/en\/wp-content\/uploads\/ResumenEmpleo_a_bordo-1-200x200.jpg\" class=\"attachment-full size-full wp-post-image\" alt=\"\" srcset=\"https:\/\/abayanalistas.net\/en\/wp-content\/uploads\/ResumenEmpleo_a_bordo-1-200x200.jpg 200w, https:\/\/abayanalistas.net\/en\/wp-content\/uploads\/ResumenEmpleo_a_bordo-1-400x400.jpg 400w, https:\/\/abayanalistas.net\/en\/wp-content\/uploads\/ResumenEmpleo_a_bordo-1-600x600.jpg 600w, https:\/\/abayanalistas.net\/en\/wp-content\/uploads\/ResumenEmpleo_a_bordo-1-800x800.jpg 800w, https:\/\/abayanalistas.net\/en\/wp-content\/uploads\/ResumenEmpleo_a_bordo-1.jpg 900w\" sizes=\"(min-width: 2200px) 100vw, (min-width: 1106px) 270px, (min-width: 1044px) 360px, (min-width: 982px) 540px, (min-width: 920px) 982px, \" \/>\n\t\n\n\t\t<div class=\"fusion-rollover\">\n\t<div class=\"fusion-rollover-content\">\n\n\t\t\t\t\t\t\t\t\t\t\t\t\t\t<a class=\"fusion-rollover-link\" href=\"https:\/\/abayanalistas.net\/en\/portfolio\/empleo-a-bordo-impacto-socioeconomico-de-un-modelo-pesquero-sostenible\/?portfolioCats=39\">Empleo A Bordo. Impacto socioecon\u00f3mico de un modelo pesquero sostenible<\/a>\n\t\t\t\n\t\t\t\t\t\t\t\t\n\t\t\t\t\n\t\t\t\t\t\t\t\t\t\t\t\t<h4 class=\"fusion-rollover-title\">\n\t\t\t\t\t<a href=\"https:\/\/abayanalistas.net\/en\/portfolio\/empleo-a-bordo-impacto-socioeconomico-de-un-modelo-pesquero-sostenible\/?portfolioCats=39\">\n\t\t\t\t\t\tEmpleo A Bordo. Impacto socioecon\u00f3mico de un modelo pesquero sostenible\t\t\t\t\t<\/a>\n\t\t\t\t<\/h4>\n\t\t\t\n\t\t\t\t\t\t\t\t\n\t\t\n\t\t\t\t<a class=\"fusion-link-wrapper\" href=\"https:\/\/abayanalistas.net\/en\/portfolio\/empleo-a-bordo-impacto-socioeconomico-de-un-modelo-pesquero-sostenible\/?portfolioCats=39\" aria-label=\"Empleo A Bordo. Impacto socioecon\u00f3mico de un modelo pesquero sostenible\"><\/a>\n\t<\/div>\n<\/div>\n\n\t\n<\/div>\n<div class=\"fusion-portfolio-content\"><h2 class=\"entry-title fusion-post-title\"><a href=\"https:\/\/abayanalistas.net\/en\/portfolio\/empleo-a-bordo-impacto-socioeconomico-de-un-modelo-pesquero-sostenible\/?portfolioCats=39\">Empleo A Bordo. Impacto socioecon\u00f3mico de un modelo pesquero sostenible<\/a><\/h2><div class=\"fusion-portfolio-meta\"><a href=\"https:\/\/abayanalistas.net\/en\/portfolio_category\/sector-studies\/\" rel=\"tag\">Sector Studies<\/a>, <a href=\"https:\/\/abayanalistas.net\/en\/portfolio_category\/sustainability\/\" rel=\"tag\">Sustainability<\/a><\/div><div class=\"fusion-post-content\"><p>El informe \u201cEmpleo A Bordo\u201d se corresponde con la segunda parte de un proyecto m\u00e1s amplio  sobre  pesca sostenible que hemos realizado para Greenpeace Espa\u00f1a.<\/p><\/div><\/div><\/div><\/article><article id=\"portfolio-1-post-1943\" class=\"fusion-portfolio-post impact-and-policy-evaluation sector-studies sustainability fusion-col-spacing post-1943\"><div class=\"fusion-portfolio-content-wrapper\" style=\"border:none;\"><span class=\"vcard rich-snippet-hidden\"><span class=\"fn\"><a href=\"https:\/\/abayanalistas.net\/en\/author\/abay\/\" title=\"Posts by Abay\" rel=\"author\">Abay<\/a><\/span><\/span><span class=\"updated rich-snippet-hidden\">2016-11-21T19:52:34+00:00<\/span>\n\n<div  class=\"fusion-image-wrapper\" aria-haspopup=\"true\">\n\t\n\t\n\t\t\n\t\t\t\t\t<img loading=\"lazy\" decoding=\"async\" width=\"900\" height=\"1273\" src=\"https:\/\/abayanalistas.net\/en\/wp-content\/uploads\/CO2-200x283.jpg\" class=\"attachment-full size-full wp-post-image\" alt=\"\" srcset=\"https:\/\/abayanalistas.net\/en\/wp-content\/uploads\/CO2-200x283.jpg 200w, https:\/\/abayanalistas.net\/en\/wp-content\/uploads\/CO2-400x566.jpg 400w, https:\/\/abayanalistas.net\/en\/wp-content\/uploads\/CO2-600x849.jpg 600w, https:\/\/abayanalistas.net\/en\/wp-content\/uploads\/CO2-800x1132.jpg 800w, https:\/\/abayanalistas.net\/en\/wp-content\/uploads\/CO2.jpg 900w\" sizes=\"(min-width: 2200px) 100vw, (min-width: 1106px) 270px, (min-width: 1044px) 360px, (min-width: 982px) 540px, (min-width: 920px) 982px, \" \/>\n\t\n\n\t\t<div class=\"fusion-rollover\">\n\t<div class=\"fusion-rollover-content\">\n\n\t\t\t\t\t\t\t\t\t\t\t\t\t\t<a class=\"fusion-rollover-link\" href=\"https:\/\/abayanalistas.net\/en\/portfolio\/el-impacto-economico-de-un-programa-de-captura-transporte-y-almacenamiento-geologico-de-co2-2\/?portfolioCats=39\">El impacto econ\u00f3mico de un programa de captura, transporte y almacenamiento geol\u00f3gico de CO2<\/a>\n\t\t\t\n\t\t\t\t\t\t\t\t\n\t\t\t\t\n\t\t\t\t\t\t\t\t\t\t\t\t<h4 class=\"fusion-rollover-title\">\n\t\t\t\t\t<a href=\"https:\/\/abayanalistas.net\/en\/portfolio\/el-impacto-economico-de-un-programa-de-captura-transporte-y-almacenamiento-geologico-de-co2-2\/?portfolioCats=39\">\n\t\t\t\t\t\tEl impacto econ\u00f3mico de un programa de captura, transporte y almacenamiento geol\u00f3gico de CO2\t\t\t\t\t<\/a>\n\t\t\t\t<\/h4>\n\t\t\t\n\t\t\t\t\t\t\t\t\n\t\t\n\t\t\t\t<a class=\"fusion-link-wrapper\" href=\"https:\/\/abayanalistas.net\/en\/portfolio\/el-impacto-economico-de-un-programa-de-captura-transporte-y-almacenamiento-geologico-de-co2-2\/?portfolioCats=39\" aria-label=\"El impacto econ\u00f3mico de un programa de captura, transporte y almacenamiento geol\u00f3gico de CO2\"><\/a>\n\t<\/div>\n<\/div>\n\n\t\n<\/div>\n<div class=\"fusion-portfolio-content\"><h2 class=\"entry-title fusion-post-title\"><a href=\"https:\/\/abayanalistas.net\/en\/portfolio\/el-impacto-economico-de-un-programa-de-captura-transporte-y-almacenamiento-geologico-de-co2-2\/?portfolioCats=39\">El impacto econ\u00f3mico de un programa de captura, transporte y almacenamiento geol\u00f3gico de CO2<\/a><\/h2><div class=\"fusion-portfolio-meta\"><a href=\"https:\/\/abayanalistas.net\/en\/portfolio_category\/impact-and-policy-evaluation\/\" rel=\"tag\">Impact and Policy Evaluation<\/a>, <a href=\"https:\/\/abayanalistas.net\/en\/portfolio_category\/sector-studies\/\" rel=\"tag\">Sector Studies<\/a>, <a href=\"https:\/\/abayanalistas.net\/en\/portfolio_category\/sustainability\/\" rel=\"tag\">Sustainability<\/a><\/div><div class=\"fusion-post-content\"><p>El protocolo de Kyoto contra el calentamiento global lucha contra el calentamiento global del planeta. En \u00e9l se detallan unos objetivos obligatorios y cuantificados de limitaci\u00f3n y reducci\u00f3n de gases de efecto invernadero, entre ellos el di\u00f3xido de carbono (CO2).<\/p><\/div><\/div><\/div><\/article><article id=\"portfolio-1-post-1455\" class=\"fusion-portfolio-post sector-studies sustainability fusion-col-spacing post-1455\"><div class=\"fusion-portfolio-content-wrapper\" style=\"border:none;\"><span class=\"vcard rich-snippet-hidden\"><span class=\"fn\"><a href=\"https:\/\/abayanalistas.net\/en\/author\/abay\/\" title=\"Posts by Abay\" rel=\"author\">Abay<\/a><\/span><\/span><span class=\"updated rich-snippet-hidden\">2016-11-21T19:52:34+00:00<\/span>\n\n<div  class=\"fusion-image-wrapper\" aria-haspopup=\"true\">\n\t\n\t\n\t\t\n\t\t\t\t\t<img loading=\"lazy\" decoding=\"async\" width=\"900\" height=\"900\" src=\"https:\/\/abayanalistas.net\/en\/wp-content\/uploads\/empleoabordo01-200x200.jpg\" class=\"attachment-full size-full wp-post-image\" alt=\"Empleo a Bordo. An\u00e1lisis del empleo en el sector pesquero espa\u00f1ol y su impacto socioecon\u00f3mico-1\" srcset=\"https:\/\/abayanalistas.net\/en\/wp-content\/uploads\/empleoabordo01-200x200.jpg 200w, https:\/\/abayanalistas.net\/en\/wp-content\/uploads\/empleoabordo01-400x400.jpg 400w, https:\/\/abayanalistas.net\/en\/wp-content\/uploads\/empleoabordo01-600x600.jpg 600w, https:\/\/abayanalistas.net\/en\/wp-content\/uploads\/empleoabordo01-800x800.jpg 800w, https:\/\/abayanalistas.net\/en\/wp-content\/uploads\/empleoabordo01.jpg 900w\" sizes=\"(min-width: 2200px) 100vw, (min-width: 1106px) 270px, (min-width: 1044px) 360px, (min-width: 982px) 540px, (min-width: 920px) 982px, \" \/>\n\t\n\n\t\t<div class=\"fusion-rollover\">\n\t<div class=\"fusion-rollover-content\">\n\n\t\t\t\t\t\t\t\t\t\t\t\t\t\t<a class=\"fusion-rollover-link\" href=\"https:\/\/abayanalistas.net\/en\/portfolio\/empleo-a-bordo-analisis-del-empleo-en-el-sector-pesquero-espanol-y-su-impacto-socioeconomico\/?portfolioCats=39\">Empleo a Bordo. An\u00e1lisis del empleo en el sector pesquero espa\u00f1ol y su impacto socioecon\u00f3mico.<\/a>\n\t\t\t\n\t\t\t\t\t\t\t\t\n\t\t\t\t\n\t\t\t\t\t\t\t\t\t\t\t\t<h4 class=\"fusion-rollover-title\">\n\t\t\t\t\t<a href=\"https:\/\/abayanalistas.net\/en\/portfolio\/empleo-a-bordo-analisis-del-empleo-en-el-sector-pesquero-espanol-y-su-impacto-socioeconomico\/?portfolioCats=39\">\n\t\t\t\t\t\tEmpleo a Bordo. An\u00e1lisis del empleo en el sector pesquero espa\u00f1ol y su impacto socioecon\u00f3mico.\t\t\t\t\t<\/a>\n\t\t\t\t<\/h4>\n\t\t\t\n\t\t\t\t\t\t\t\t\n\t\t\n\t\t\t\t<a class=\"fusion-link-wrapper\" href=\"https:\/\/abayanalistas.net\/en\/portfolio\/empleo-a-bordo-analisis-del-empleo-en-el-sector-pesquero-espanol-y-su-impacto-socioeconomico\/?portfolioCats=39\" aria-label=\"Empleo a Bordo. An\u00e1lisis del empleo en el sector pesquero espa\u00f1ol y su impacto socioecon\u00f3mico.\"><\/a>\n\t<\/div>\n<\/div>\n\n\t\n<\/div>\n<div class=\"fusion-portfolio-content\"><h2 class=\"entry-title fusion-post-title\"><a href=\"https:\/\/abayanalistas.net\/en\/portfolio\/empleo-a-bordo-analisis-del-empleo-en-el-sector-pesquero-espanol-y-su-impacto-socioeconomico\/?portfolioCats=39\">Empleo a Bordo. An\u00e1lisis del empleo en el sector pesquero espa\u00f1ol y su impacto socioecon\u00f3mico.<\/a><\/h2><div class=\"fusion-portfolio-meta\"><a href=\"https:\/\/abayanalistas.net\/en\/portfolio_category\/sector-studies\/\" rel=\"tag\">Sector Studies<\/a>, <a href=\"https:\/\/abayanalistas.net\/en\/portfolio_category\/sustainability\/\" rel=\"tag\">Sustainability<\/a><\/div><div class=\"fusion-post-content\"><p>El informe \u201cEmpleo A Bordo\u201d se corresponde con la primera parte de un proyecto m\u00e1s amplio sobre pesca sostenible que estamos realizando para Greenpeace Espa\u00f1a.<\/p><\/div><\/div><\/div><\/article><article id=\"portfolio-1-post-1937\" class=\"fusion-portfolio-post impact-and-policy-evaluation sustainability fusion-col-spacing post-1937\"><div class=\"fusion-portfolio-content-wrapper\" style=\"border:none;\"><span class=\"vcard rich-snippet-hidden\"><span class=\"fn\"><a href=\"https:\/\/abayanalistas.net\/en\/author\/abay\/\" title=\"Posts by Abay\" rel=\"author\">Abay<\/a><\/span><\/span><span class=\"updated rich-snippet-hidden\">2016-11-21T19:52:34+00:00<\/span>\n\n<div  class=\"fusion-image-wrapper\" aria-haspopup=\"true\">\n\t\n\t\n\t\t\n\t\t\t\t\t<img loading=\"lazy\" decoding=\"async\" width=\"900\" height=\"506\" src=\"https:\/\/abayanalistas.net\/en\/wp-content\/uploads\/ecovalue-200x112.jpg\" class=\"attachment-full size-full wp-post-image\" alt=\"\" srcset=\"https:\/\/abayanalistas.net\/en\/wp-content\/uploads\/ecovalue-200x112.jpg 200w, https:\/\/abayanalistas.net\/en\/wp-content\/uploads\/ecovalue-400x225.jpg 400w, https:\/\/abayanalistas.net\/en\/wp-content\/uploads\/ecovalue-600x337.jpg 600w, https:\/\/abayanalistas.net\/en\/wp-content\/uploads\/ecovalue-800x450.jpg 800w, https:\/\/abayanalistas.net\/en\/wp-content\/uploads\/ecovalue.jpg 900w\" sizes=\"(min-width: 2200px) 100vw, (min-width: 1106px) 270px, (min-width: 1044px) 360px, (min-width: 982px) 540px, (min-width: 920px) 982px, \" \/>\n\t\n\n\t\t<div class=\"fusion-rollover\">\n\t<div class=\"fusion-rollover-content\">\n\n\t\t\t\t\t\t\t\t\t\t\t\t\t\t<a class=\"fusion-rollover-link\" href=\"https:\/\/abayanalistas.net\/en\/portfolio\/modelo-ecovalue\/?portfolioCats=39\">Modelo Ecovalue<\/a>\n\t\t\t\n\t\t\t\t\t\t\t\t\n\t\t\t\t\n\t\t\t\t\t\t\t\t\t\t\t\t<h4 class=\"fusion-rollover-title\">\n\t\t\t\t\t<a href=\"https:\/\/abayanalistas.net\/en\/portfolio\/modelo-ecovalue\/?portfolioCats=39\">\n\t\t\t\t\t\tModelo Ecovalue\t\t\t\t\t<\/a>\n\t\t\t\t<\/h4>\n\t\t\t\n\t\t\t\t\t\t\t\t\n\t\t\n\t\t\t\t<a class=\"fusion-link-wrapper\" href=\"https:\/\/abayanalistas.net\/en\/portfolio\/modelo-ecovalue\/?portfolioCats=39\" aria-label=\"Modelo Ecovalue\"><\/a>\n\t<\/div>\n<\/div>\n\n\t\n<\/div>\n<div class=\"fusion-portfolio-content\"><h2 class=\"entry-title fusion-post-title\"><a href=\"https:\/\/abayanalistas.net\/en\/portfolio\/modelo-ecovalue\/?portfolioCats=39\">Modelo Ecovalue<\/a><\/h2><div class=\"fusion-portfolio-meta\"><a href=\"https:\/\/abayanalistas.net\/en\/portfolio_category\/impact-and-policy-evaluation\/\" rel=\"tag\">Impact and Policy Evaluation<\/a>, <a href=\"https:\/\/abayanalistas.net\/en\/portfolio_category\/sustainability\/\" rel=\"tag\">Sustainability<\/a><\/div><div class=\"fusion-post-content\"><p>Las energ\u00edas renovables representan una opci\u00f3n ambientalmente sostenible de energ\u00eda y aportan una parte creciente de la producci\u00f3n energ\u00e9tica en varios pa\u00edses.<\/p><\/div><\/div><\/div><\/article><article id=\"portfolio-1-post-1915\" class=\"fusion-portfolio-post impact-and-policy-evaluation sector-studies sustainability fusion-col-spacing post-1915\"><div class=\"fusion-portfolio-content-wrapper\" style=\"border:none;\"><span class=\"vcard rich-snippet-hidden\"><span class=\"fn\"><a href=\"https:\/\/abayanalistas.net\/en\/author\/abay\/\" title=\"Posts by Abay\" rel=\"author\">Abay<\/a><\/span><\/span><span class=\"updated rich-snippet-hidden\">2016-11-21T19:52:36+00:00<\/span>\n\n<div  class=\"fusion-image-wrapper\" aria-haspopup=\"true\">\n\t\n\t\n\t\t\n\t\t\t\t\t<img loading=\"lazy\" decoding=\"async\" width=\"900\" height=\"1295\" src=\"https:\/\/abayanalistas.net\/en\/wp-content\/uploads\/EOI_ImpactoEconomiaSocial-1-200x288.jpg\" class=\"attachment-full size-full wp-post-image\" alt=\"\" srcset=\"https:\/\/abayanalistas.net\/en\/wp-content\/uploads\/EOI_ImpactoEconomiaSocial-1-200x288.jpg 200w, https:\/\/abayanalistas.net\/en\/wp-content\/uploads\/EOI_ImpactoEconomiaSocial-1-400x576.jpg 400w, https:\/\/abayanalistas.net\/en\/wp-content\/uploads\/EOI_ImpactoEconomiaSocial-1-600x863.jpg 600w, https:\/\/abayanalistas.net\/en\/wp-content\/uploads\/EOI_ImpactoEconomiaSocial-1-800x1151.jpg 800w, https:\/\/abayanalistas.net\/en\/wp-content\/uploads\/EOI_ImpactoEconomiaSocial-1.jpg 900w\" sizes=\"(min-width: 2200px) 100vw, (min-width: 1106px) 270px, (min-width: 1044px) 360px, (min-width: 982px) 540px, (min-width: 920px) 982px, \" \/>\n\t\n\n\t\t<div class=\"fusion-rollover\">\n\t<div class=\"fusion-rollover-content\">\n\n\t\t\t\t\t\t\t\t\t\t\t\t\t\t<a class=\"fusion-rollover-link\" href=\"https:\/\/abayanalistas.net\/en\/portfolio\/impacto-socioeconomico-empresas-economia-social\/?portfolioCats=39\">El impacto socioecon\u00f3mico de los valores de las empresas de Econom\u00eda Social<\/a>\n\t\t\t\n\t\t\t\t\t\t\t\t\n\t\t\t\t\n\t\t\t\t\t\t\t\t\t\t\t\t<h4 class=\"fusion-rollover-title\">\n\t\t\t\t\t<a href=\"https:\/\/abayanalistas.net\/en\/portfolio\/impacto-socioeconomico-empresas-economia-social\/?portfolioCats=39\">\n\t\t\t\t\t\tEl impacto socioecon\u00f3mico de los valores de las empresas de Econom\u00eda Social\t\t\t\t\t<\/a>\n\t\t\t\t<\/h4>\n\t\t\t\n\t\t\t\t\t\t\t\t\n\t\t\n\t\t\t\t<a class=\"fusion-link-wrapper\" href=\"https:\/\/abayanalistas.net\/en\/portfolio\/impacto-socioeconomico-empresas-economia-social\/?portfolioCats=39\" aria-label=\"El impacto socioecon\u00f3mico de los valores de las empresas de Econom\u00eda Social\"><\/a>\n\t<\/div>\n<\/div>\n\n\t\n<\/div>\n<div class=\"fusion-portfolio-content\"><h2 class=\"entry-title fusion-post-title\"><a href=\"https:\/\/abayanalistas.net\/en\/portfolio\/impacto-socioeconomico-empresas-economia-social\/?portfolioCats=39\">El impacto socioecon\u00f3mico de los valores de las empresas de Econom\u00eda Social<\/a><\/h2><div class=\"fusion-portfolio-meta\"><a href=\"https:\/\/abayanalistas.net\/en\/portfolio_category\/impact-and-policy-evaluation\/\" rel=\"tag\">Impact and Policy Evaluation<\/a>, <a href=\"https:\/\/abayanalistas.net\/en\/portfolio_category\/sector-studies\/\" rel=\"tag\">Sector Studies<\/a>, <a href=\"https:\/\/abayanalistas.net\/en\/portfolio_category\/sustainability\/\" rel=\"tag\">Sustainability<\/a><\/div><div class=\"fusion-post-content\"><p>Este estudio, realizado para la Confederaci\u00f3n Empresarial Espa\u00f1ola de la Econom\u00eda Social (CEPES) analiza ampliamente la contribuci\u00f3n de las empresas de Econom\u00eda Social a la econom\u00eda en su conjunto y su utilidad social, clasificada en torno a dos grandes ejes: cohesi\u00f3n social y cohesi\u00f3n territorial.<\/p><\/div><\/div><\/div><\/article><article id=\"portfolio-1-post-1512\" class=\"fusion-portfolio-post impact-and-policy-evaluation sector-studies sustainability fusion-col-spacing post-1512\"><div class=\"fusion-portfolio-content-wrapper\" style=\"border:none;\"><span class=\"vcard rich-snippet-hidden\"><span class=\"fn\"><a href=\"https:\/\/abayanalistas.net\/en\/author\/abay\/\" title=\"Posts by Abay\" rel=\"author\">Abay<\/a><\/span><\/span><span class=\"updated rich-snippet-hidden\">2016-11-21T19:52:38+00:00<\/span>\n\n<div  class=\"fusion-image-wrapper\" aria-haspopup=\"true\">\n\t\n\t\n\t\t\n\t\t\t\t\t<img loading=\"lazy\" decoding=\"async\" width=\"900\" height=\"1293\" src=\"https:\/\/abayanalistas.net\/en\/wp-content\/uploads\/libro-green-jobs-empleo-verde-1-200x287.jpg\" class=\"attachment-full size-full wp-post-image\" alt=\"\" srcset=\"https:\/\/abayanalistas.net\/en\/wp-content\/uploads\/libro-green-jobs-empleo-verde-1-200x287.jpg 200w, https:\/\/abayanalistas.net\/en\/wp-content\/uploads\/libro-green-jobs-empleo-verde-1-400x575.jpg 400w, https:\/\/abayanalistas.net\/en\/wp-content\/uploads\/libro-green-jobs-empleo-verde-1-600x862.jpg 600w, https:\/\/abayanalistas.net\/en\/wp-content\/uploads\/libro-green-jobs-empleo-verde-1-800x1149.jpg 800w, https:\/\/abayanalistas.net\/en\/wp-content\/uploads\/libro-green-jobs-empleo-verde-1.jpg 900w\" sizes=\"(min-width: 2200px) 100vw, (min-width: 1106px) 270px, (min-width: 1044px) 360px, (min-width: 982px) 540px, (min-width: 920px) 982px, \" \/>\n\t\n\n\t\t<div class=\"fusion-rollover\">\n\t<div class=\"fusion-rollover-content\">\n\n\t\t\t\t\t\t\t\t\t\t\t\t\t\t<a class=\"fusion-rollover-link\" href=\"https:\/\/abayanalistas.net\/en\/portfolio\/green-jobs-2010\/?portfolioCats=39\">Green Jobs. 2010<\/a>\n\t\t\t\n\t\t\t\t\t\t\t\t\n\t\t\t\t\n\t\t\t\t\t\t\t\t\t\t\t\t<h4 class=\"fusion-rollover-title\">\n\t\t\t\t\t<a href=\"https:\/\/abayanalistas.net\/en\/portfolio\/green-jobs-2010\/?portfolioCats=39\">\n\t\t\t\t\t\tGreen Jobs. 2010\t\t\t\t\t<\/a>\n\t\t\t\t<\/h4>\n\t\t\t\n\t\t\t\t\t\t\t\t\n\t\t\n\t\t\t\t<a class=\"fusion-link-wrapper\" href=\"https:\/\/abayanalistas.net\/en\/portfolio\/green-jobs-2010\/?portfolioCats=39\" aria-label=\"Green Jobs. 2010\"><\/a>\n\t<\/div>\n<\/div>\n\n\t\n<\/div>\n<div class=\"fusion-portfolio-content\"><h2 class=\"entry-title fusion-post-title\"><a href=\"https:\/\/abayanalistas.net\/en\/portfolio\/green-jobs-2010\/?portfolioCats=39\">Green Jobs. 2010<\/a><\/h2><div class=\"fusion-portfolio-meta\"><a href=\"https:\/\/abayanalistas.net\/en\/portfolio_category\/impact-and-policy-evaluation\/\" rel=\"tag\">Impact and Policy Evaluation<\/a>, <a href=\"https:\/\/abayanalistas.net\/en\/portfolio_category\/sector-studies\/\" rel=\"tag\">Sector Studies<\/a>, <a href=\"https:\/\/abayanalistas.net\/en\/portfolio_category\/sustainability\/\" rel=\"tag\">Sustainability<\/a><\/div><div class=\"fusion-post-content\"><p>Abay Analistas ha colaborado con la Escuela de Organizaci\u00f3n Industrial, EOI y la Fundaci\u00f3n OPTI en la realizaci\u00f3n de este proyecto, el cual constituye un paso adelante en el an\u00e1lisis y cuantificaci\u00f3n de las relaciones entre la econom\u00eda espa\u00f1ola y el medio ambiente, aportando magnitudes macroecon\u00f3micas y contribuyendo a la visibilizaci\u00f3n de la econom\u00eda verde en el tejido productivo espa\u00f1ol.<\/p><\/div><\/div><\/div><\/article><article id=\"portfolio-1-post-1640\" class=\"fusion-portfolio-post gender sustainability fusion-col-spacing post-1640\"><div class=\"fusion-portfolio-content-wrapper\" style=\"border:none;\"><span class=\"vcard rich-snippet-hidden\"><span class=\"fn\"><a href=\"https:\/\/abayanalistas.net\/en\/author\/abay\/\" title=\"Posts by Abay\" rel=\"author\">Abay<\/a><\/span><\/span><span class=\"updated rich-snippet-hidden\">2016-11-21T19:52:39+00:00<\/span>\n\n<div  class=\"fusion-image-wrapper\" aria-haspopup=\"true\">\n\t\n\t\n\t\t\n\t\t\t\t\t<img loading=\"lazy\" decoding=\"async\" width=\"900\" height=\"1271\" src=\"https:\/\/abayanalistas.net\/en\/wp-content\/uploads\/Componente-digital-1-200x282.jpg\" class=\"attachment-full size-full wp-post-image\" alt=\"\" srcset=\"https:\/\/abayanalistas.net\/en\/wp-content\/uploads\/Componente-digital-1-200x282.jpg 200w, https:\/\/abayanalistas.net\/en\/wp-content\/uploads\/Componente-digital-1-400x565.jpg 400w, https:\/\/abayanalistas.net\/en\/wp-content\/uploads\/Componente-digital-1-600x847.jpg 600w, https:\/\/abayanalistas.net\/en\/wp-content\/uploads\/Componente-digital-1-800x1130.jpg 800w, https:\/\/abayanalistas.net\/en\/wp-content\/uploads\/Componente-digital-1.jpg 900w\" sizes=\"(min-width: 2200px) 100vw, (min-width: 1106px) 270px, (min-width: 1044px) 360px, (min-width: 982px) 540px, (min-width: 920px) 982px, \" \/>\n\t\n\n\t\t<div class=\"fusion-rollover\">\n\t<div class=\"fusion-rollover-content\">\n\n\t\t\t\t\t\t\t\t\t\t\t\t\t\t<a class=\"fusion-rollover-link\" href=\"https:\/\/abayanalistas.net\/en\/portfolio\/trayectorias-laborales-de-las-mujeres-que-ocupan-puestos-de-alta-cualificacion\/?portfolioCats=39\">Trayectorias Laborales de las Mujeres que ocupan puestos de Alta Cualificaci\u00f3n<\/a>\n\t\t\t\n\t\t\t\t\t\t\t\t\n\t\t\t\t\n\t\t\t\t\t\t\t\t\t\t\t\t<h4 class=\"fusion-rollover-title\">\n\t\t\t\t\t<a href=\"https:\/\/abayanalistas.net\/en\/portfolio\/trayectorias-laborales-de-las-mujeres-que-ocupan-puestos-de-alta-cualificacion\/?portfolioCats=39\">\n\t\t\t\t\t\tTrayectorias Laborales de las Mujeres que ocupan puestos de Alta Cualificaci\u00f3n\t\t\t\t\t<\/a>\n\t\t\t\t<\/h4>\n\t\t\t\n\t\t\t\t\t\t\t\t\n\t\t\n\t\t\t\t<a class=\"fusion-link-wrapper\" href=\"https:\/\/abayanalistas.net\/en\/portfolio\/trayectorias-laborales-de-las-mujeres-que-ocupan-puestos-de-alta-cualificacion\/?portfolioCats=39\" aria-label=\"Trayectorias Laborales de las Mujeres que ocupan puestos de Alta Cualificaci\u00f3n\"><\/a>\n\t<\/div>\n<\/div>\n\n\t\n<\/div>\n<div class=\"fusion-portfolio-content\"><h2 class=\"entry-title fusion-post-title\"><a href=\"https:\/\/abayanalistas.net\/en\/portfolio\/trayectorias-laborales-de-las-mujeres-que-ocupan-puestos-de-alta-cualificacion\/?portfolioCats=39\">Trayectorias Laborales de las Mujeres que ocupan puestos de Alta Cualificaci\u00f3n<\/a><\/h2><div class=\"fusion-portfolio-meta\"><a href=\"https:\/\/abayanalistas.net\/en\/portfolio_category\/gender\/\" rel=\"tag\">Gender<\/a>, <a href=\"https:\/\/abayanalistas.net\/en\/portfolio_category\/sustainability\/\" rel=\"tag\">Sustainability<\/a><\/div><div class=\"fusion-post-content\"><p>Mediante la utilizaci\u00f3n de una nueva fuente estad\u00edstica, la Muestra Continua de Vidas Laborales, Abay Analistas ha realizado este informe para el Ministerio de Igualdad, cuyo objetivo final ha sido el realizar un an\u00e1lisis sobre la situaci\u00f3n de las personas que ocupan puestos de alta cualificaci\u00f3n en Espa\u00f1a, identificando posibles diferencias de g\u00e9nero, tanto en la posici\u00f3n actual como en las trayectorias laborales.<\/p><\/div><\/div><\/div><\/article><article id=\"portfolio-1-post-1791\" class=\"fusion-portfolio-post impact-and-policy-evaluation social-topics sustainability fusion-col-spacing post-1791\"><div class=\"fusion-portfolio-content-wrapper\" style=\"border:none;\"><span class=\"vcard rich-snippet-hidden\"><span class=\"fn\"><a href=\"https:\/\/abayanalistas.net\/en\/author\/abay\/\" title=\"Posts by Abay\" rel=\"author\">Abay<\/a><\/span><\/span><span class=\"updated rich-snippet-hidden\">2016-11-21T19:52:43+00:00<\/span>\n\n<div  class=\"fusion-image-wrapper\" aria-haspopup=\"true\">\n\t\n\t\n\t\t\n\t\t\t\t\t<img loading=\"lazy\" decoding=\"async\" width=\"590\" height=\"461\" src=\"https:\/\/abayanalistas.net\/en\/wp-content\/uploads\/aracove-200x156.jpg\" class=\"attachment-full size-full wp-post-image\" alt=\"\" srcset=\"https:\/\/abayanalistas.net\/en\/wp-content\/uploads\/aracove-200x156.jpg 200w, https:\/\/abayanalistas.net\/en\/wp-content\/uploads\/aracove-400x313.jpg 400w, https:\/\/abayanalistas.net\/en\/wp-content\/uploads\/aracove.jpg 590w\" sizes=\"(min-width: 2200px) 100vw, (min-width: 1106px) 270px, (min-width: 1044px) 360px, (min-width: 982px) 540px, (min-width: 920px) 982px, \" \/>\n\t\n\n\t\t<div class=\"fusion-rollover\">\n\t<div class=\"fusion-rollover-content\">\n\n\t\t\t\t\t\t\t\t\t\t\t\t\t\t<a class=\"fusion-rollover-link\" href=\"https:\/\/abayanalistas.net\/en\/portfolio\/creacion-de-empleo-y-necesidades-de-formacion-asociadas-a-la-atencion-a-la-dependencia-en-aracove\/?portfolioCats=39\">Creaci\u00f3n de empleo y necesidades de formaci\u00f3n asociadas a la atenci\u00f3n a la dependencia en Aracove<\/a>\n\t\t\t\n\t\t\t\t\t\t\t\t\n\t\t\t\t\n\t\t\t\t\t\t\t\t\t\t\t\t<h4 class=\"fusion-rollover-title\">\n\t\t\t\t\t<a href=\"https:\/\/abayanalistas.net\/en\/portfolio\/creacion-de-empleo-y-necesidades-de-formacion-asociadas-a-la-atencion-a-la-dependencia-en-aracove\/?portfolioCats=39\">\n\t\t\t\t\t\tCreaci\u00f3n de empleo y necesidades de formaci\u00f3n asociadas a la atenci\u00f3n a la dependencia en Aracove\t\t\t\t\t<\/a>\n\t\t\t\t<\/h4>\n\t\t\t\n\t\t\t\t\t\t\t\t\n\t\t\n\t\t\t\t<a class=\"fusion-link-wrapper\" href=\"https:\/\/abayanalistas.net\/en\/portfolio\/creacion-de-empleo-y-necesidades-de-formacion-asociadas-a-la-atencion-a-la-dependencia-en-aracove\/?portfolioCats=39\" aria-label=\"Creaci\u00f3n de empleo y necesidades de formaci\u00f3n asociadas a la atenci\u00f3n a la dependencia en Aracove\"><\/a>\n\t<\/div>\n<\/div>\n\n\t\n<\/div>\n<div class=\"fusion-portfolio-content\"><h2 class=\"entry-title fusion-post-title\"><a href=\"https:\/\/abayanalistas.net\/en\/portfolio\/creacion-de-empleo-y-necesidades-de-formacion-asociadas-a-la-atencion-a-la-dependencia-en-aracove\/?portfolioCats=39\">Creaci\u00f3n de empleo y necesidades de formaci\u00f3n asociadas a la atenci\u00f3n a la dependencia en Aracove<\/a><\/h2><div class=\"fusion-portfolio-meta\"><a href=\"https:\/\/abayanalistas.net\/en\/portfolio_category\/impact-and-policy-evaluation\/\" rel=\"tag\">Impact and Policy Evaluation<\/a>, <a href=\"https:\/\/abayanalistas.net\/en\/portfolio_category\/social-topics\/\" rel=\"tag\">Social topics<\/a>, <a href=\"https:\/\/abayanalistas.net\/en\/portfolio_category\/sustainability\/\" rel=\"tag\">Sustainability<\/a><\/div><div class=\"fusion-post-content\"><p>La Ley 39\/2006 de Promoci\u00f3n de la Autonom\u00eda Personal y atenci\u00f3n a las personas en situaci\u00f3n de Dependencia ha sido categorizada desde diversos sectores como un gran yacimiento de empleo. <\/p><\/div><\/div><\/div><\/article><article id=\"portfolio-1-post-1590\" class=\"fusion-portfolio-post gender sme-and-entrepreneurship sustainability fusion-col-spacing post-1590\"><div class=\"fusion-portfolio-content-wrapper\" style=\"border:none;\"><span class=\"vcard rich-snippet-hidden\"><span class=\"fn\"><a href=\"https:\/\/abayanalistas.net\/en\/author\/abay\/\" title=\"Posts by Abay\" rel=\"author\">Abay<\/a><\/span><\/span><span class=\"updated rich-snippet-hidden\">2016-11-21T19:52:55+00:00<\/span>\n\n<div  class=\"fusion-image-wrapper\" aria-haspopup=\"true\">\n\t\n\t\n\t\t\n\t\t\t\t\t<img loading=\"lazy\" decoding=\"async\" width=\"900\" height=\"1271\" src=\"https:\/\/abayanalistas.net\/en\/wp-content\/uploads\/Mujeres-Empresarias-1-200x282.jpg\" class=\"attachment-full size-full wp-post-image\" alt=\"Mujeres empresarias en la econom\u00eda espa\u00f1ola\" srcset=\"https:\/\/abayanalistas.net\/en\/wp-content\/uploads\/Mujeres-Empresarias-1-200x282.jpg 200w, https:\/\/abayanalistas.net\/en\/wp-content\/uploads\/Mujeres-Empresarias-1-400x565.jpg 400w, https:\/\/abayanalistas.net\/en\/wp-content\/uploads\/Mujeres-Empresarias-1-600x847.jpg 600w, https:\/\/abayanalistas.net\/en\/wp-content\/uploads\/Mujeres-Empresarias-1-800x1130.jpg 800w, https:\/\/abayanalistas.net\/en\/wp-content\/uploads\/Mujeres-Empresarias-1.jpg 900w\" sizes=\"(min-width: 2200px) 100vw, (min-width: 1106px) 270px, (min-width: 1044px) 360px, (min-width: 982px) 540px, (min-width: 920px) 982px, \" \/>\n\t\n\n\t\t<div class=\"fusion-rollover\">\n\t<div class=\"fusion-rollover-content\">\n\n\t\t\t\t\t\t\t\t\t\t\t\t\t\t<a class=\"fusion-rollover-link\" href=\"https:\/\/abayanalistas.net\/en\/portfolio\/mujeres-empresarias-en-la-economia-espanola\/?portfolioCats=39\">Mujeres empresarias en la econom\u00eda espa\u00f1ola<\/a>\n\t\t\t\n\t\t\t\t\t\t\t\t\n\t\t\t\t\n\t\t\t\t\t\t\t\t\t\t\t\t<h4 class=\"fusion-rollover-title\">\n\t\t\t\t\t<a href=\"https:\/\/abayanalistas.net\/en\/portfolio\/mujeres-empresarias-en-la-economia-espanola\/?portfolioCats=39\">\n\t\t\t\t\t\tMujeres empresarias en la econom\u00eda espa\u00f1ola\t\t\t\t\t<\/a>\n\t\t\t\t<\/h4>\n\t\t\t\n\t\t\t\t\t\t\t\t\n\t\t\n\t\t\t\t<a class=\"fusion-link-wrapper\" href=\"https:\/\/abayanalistas.net\/en\/portfolio\/mujeres-empresarias-en-la-economia-espanola\/?portfolioCats=39\" aria-label=\"Mujeres empresarias en la econom\u00eda espa\u00f1ola\"><\/a>\n\t<\/div>\n<\/div>\n\n\t\n<\/div>\n<div class=\"fusion-portfolio-content\"><h2 class=\"entry-title fusion-post-title\"><a href=\"https:\/\/abayanalistas.net\/en\/portfolio\/mujeres-empresarias-en-la-economia-espanola\/?portfolioCats=39\">Mujeres empresarias en la econom\u00eda espa\u00f1ola<\/a><\/h2><div class=\"fusion-portfolio-meta\"><a href=\"https:\/\/abayanalistas.net\/en\/portfolio_category\/gender\/\" rel=\"tag\">Gender<\/a>, <a href=\"https:\/\/abayanalistas.net\/en\/portfolio_category\/sme-and-entrepreneurship\/\" rel=\"tag\">SME and Entrepreneurship<\/a>, <a href=\"https:\/\/abayanalistas.net\/en\/portfolio_category\/sustainability\/\" rel=\"tag\">Sustainability<\/a><\/div><div class=\"fusion-post-content\"><p>En este proyecto Abay Analistas y  el Consejo Superior de C\u00e1maras de Comercio, han realizado un detallado an\u00e1lisis sobre las mujeres emprendedoras y empresarias en la econom\u00eda espa\u00f1ola. <\/p><\/div><\/div><\/div><\/article><article id=\"portfolio-1-post-1743\" class=\"fusion-portfolio-post social-topics sustainability fusion-col-spacing post-1743\"><div class=\"fusion-portfolio-content-wrapper\" style=\"border:none;\"><span class=\"vcard rich-snippet-hidden\"><span class=\"fn\"><a href=\"https:\/\/abayanalistas.net\/en\/author\/abay\/\" title=\"Posts by Abay\" rel=\"author\">Abay<\/a><\/span><\/span><span class=\"updated rich-snippet-hidden\">2016-11-21T19:52:55+00:00<\/span>\n\n<div  class=\"fusion-image-wrapper\" aria-haspopup=\"true\">\n\t\n\t\n\t\t\n\t\t\t\t\t<img loading=\"lazy\" decoding=\"async\" width=\"900\" height=\"882\" src=\"https:\/\/abayanalistas.net\/en\/wp-content\/uploads\/centro-empleo-200x196.jpg\" class=\"attachment-full size-full wp-post-image\" alt=\"Plan de viabilidad de un Centro Especial de Empleo\" srcset=\"https:\/\/abayanalistas.net\/en\/wp-content\/uploads\/centro-empleo-200x196.jpg 200w, https:\/\/abayanalistas.net\/en\/wp-content\/uploads\/centro-empleo-400x392.jpg 400w, https:\/\/abayanalistas.net\/en\/wp-content\/uploads\/centro-empleo-600x588.jpg 600w, https:\/\/abayanalistas.net\/en\/wp-content\/uploads\/centro-empleo-800x784.jpg 800w, https:\/\/abayanalistas.net\/en\/wp-content\/uploads\/centro-empleo.jpg 900w\" sizes=\"(min-width: 2200px) 100vw, (min-width: 1106px) 270px, (min-width: 1044px) 360px, (min-width: 982px) 540px, (min-width: 920px) 982px, \" \/>\n\t\n\n\t\t<div class=\"fusion-rollover\">\n\t<div class=\"fusion-rollover-content\">\n\n\t\t\t\t\t\t\t\t\t\t\t\t\t\t<a class=\"fusion-rollover-link\" href=\"https:\/\/abayanalistas.net\/en\/portfolio\/la-poblacion-con-discapacidad-y-mercado-de-trabajo-local-plan-de-viabilidad-de-un-centro-especial-de-empleo\/?portfolioCats=39\">Plan de viabilidad de un Centro Especial de Empleo<\/a>\n\t\t\t\n\t\t\t\t\t\t\t\t\n\t\t\t\t\n\t\t\t\t\t\t\t\t\t\t\t\t<h4 class=\"fusion-rollover-title\">\n\t\t\t\t\t<a href=\"https:\/\/abayanalistas.net\/en\/portfolio\/la-poblacion-con-discapacidad-y-mercado-de-trabajo-local-plan-de-viabilidad-de-un-centro-especial-de-empleo\/?portfolioCats=39\">\n\t\t\t\t\t\tPlan de viabilidad de un Centro Especial de Empleo\t\t\t\t\t<\/a>\n\t\t\t\t<\/h4>\n\t\t\t\n\t\t\t\t\t\t\t\t\n\t\t\n\t\t\t\t<a class=\"fusion-link-wrapper\" href=\"https:\/\/abayanalistas.net\/en\/portfolio\/la-poblacion-con-discapacidad-y-mercado-de-trabajo-local-plan-de-viabilidad-de-un-centro-especial-de-empleo\/?portfolioCats=39\" aria-label=\"Plan de viabilidad de un Centro Especial de Empleo\"><\/a>\n\t<\/div>\n<\/div>\n\n\t\n<\/div>\n<div class=\"fusion-portfolio-content\"><h2 class=\"entry-title fusion-post-title\"><a href=\"https:\/\/abayanalistas.net\/en\/portfolio\/la-poblacion-con-discapacidad-y-mercado-de-trabajo-local-plan-de-viabilidad-de-un-centro-especial-de-empleo\/?portfolioCats=39\">Plan de viabilidad de un Centro Especial de Empleo<\/a><\/h2><div class=\"fusion-portfolio-meta\"><a href=\"https:\/\/abayanalistas.net\/en\/portfolio_category\/social-topics\/\" rel=\"tag\">Social topics<\/a>, <a href=\"https:\/\/abayanalistas.net\/en\/portfolio_category\/sustainability\/\" rel=\"tag\">Sustainability<\/a><\/div><div class=\"fusion-post-content\"><p>Entre los derechos b\u00e1sicos y fundamentales de las personas con discapacidad cabe destacar, por su importancia, el de la integraci\u00f3n laboral. <\/p><\/div><\/div><\/div><\/article><article id=\"portfolio-1-post-1954\" class=\"fusion-portfolio-post sustainability fusion-col-spacing post-1954\"><div class=\"fusion-portfolio-content-wrapper\" style=\"border:none;\"><span class=\"vcard rich-snippet-hidden\"><span class=\"fn\"><a href=\"https:\/\/abayanalistas.net\/en\/author\/abay\/\" title=\"Posts by Abay\" rel=\"author\">Abay<\/a><\/span><\/span><span class=\"updated rich-snippet-hidden\">2016-11-21T19:52:56+00:00<\/span>\n\n<div  class=\"fusion-image-wrapper\" aria-haspopup=\"true\">\n\t\n\t\n\t\t\n\t\t\t\t\t<img loading=\"lazy\" decoding=\"async\" width=\"900\" height=\"882\" src=\"https:\/\/abayanalistas.net\/en\/wp-content\/uploads\/desarrollo-local-200x196.jpg\" class=\"attachment-full size-full wp-post-image\" alt=\"Servicios de proximidad. Oportunidades y amenazas. M\u00e1ster internacional de Desarrollo Local\" srcset=\"https:\/\/abayanalistas.net\/en\/wp-content\/uploads\/desarrollo-local-200x196.jpg 200w, https:\/\/abayanalistas.net\/en\/wp-content\/uploads\/desarrollo-local-400x392.jpg 400w, https:\/\/abayanalistas.net\/en\/wp-content\/uploads\/desarrollo-local-600x588.jpg 600w, https:\/\/abayanalistas.net\/en\/wp-content\/uploads\/desarrollo-local-800x784.jpg 800w, https:\/\/abayanalistas.net\/en\/wp-content\/uploads\/desarrollo-local.jpg 900w\" sizes=\"(min-width: 2200px) 100vw, (min-width: 1106px) 270px, (min-width: 1044px) 360px, (min-width: 982px) 540px, (min-width: 920px) 982px, \" \/>\n\t\n\n\t\t<div class=\"fusion-rollover\">\n\t<div class=\"fusion-rollover-content\">\n\n\t\t\t\t\t\t\t\t\t\t\t\t\t\t<a class=\"fusion-rollover-link\" href=\"https:\/\/abayanalistas.net\/en\/portfolio\/imparticion-del-modulo-servicios-de-proximidad-oportunidades-y-amenazas-master-internacional-de-desarrollo-local\/?portfolioCats=39\">Impartici\u00f3n del m\u00f3dulo &#8220;Servicios de proximidad. Oportunidades y amenazas. M\u00e1ster internacional de Desarrollo Local&#8221;<\/a>\n\t\t\t\n\t\t\t\t\t\t\t\t\n\t\t\t\t\n\t\t\t\t\t\t\t\t\t\t\t\t<h4 class=\"fusion-rollover-title\">\n\t\t\t\t\t<a href=\"https:\/\/abayanalistas.net\/en\/portfolio\/imparticion-del-modulo-servicios-de-proximidad-oportunidades-y-amenazas-master-internacional-de-desarrollo-local\/?portfolioCats=39\">\n\t\t\t\t\t\tImpartici\u00f3n del m\u00f3dulo &#8220;Servicios de proximidad. Oportunidades y amenazas. M\u00e1ster internacional de Desarrollo Local&#8221;\t\t\t\t\t<\/a>\n\t\t\t\t<\/h4>\n\t\t\t\n\t\t\t\t\t\t\t\t\n\t\t\n\t\t\t\t<a class=\"fusion-link-wrapper\" href=\"https:\/\/abayanalistas.net\/en\/portfolio\/imparticion-del-modulo-servicios-de-proximidad-oportunidades-y-amenazas-master-internacional-de-desarrollo-local\/?portfolioCats=39\" aria-label=\"Impartici\u00f3n del m\u00f3dulo &#8220;Servicios de proximidad. Oportunidades y amenazas. M\u00e1ster internacional de Desarrollo Local&#8221;\"><\/a>\n\t<\/div>\n<\/div>\n\n\t\n<\/div>\n<div class=\"fusion-portfolio-content\"><h2 class=\"entry-title fusion-post-title\"><a href=\"https:\/\/abayanalistas.net\/en\/portfolio\/imparticion-del-modulo-servicios-de-proximidad-oportunidades-y-amenazas-master-internacional-de-desarrollo-local\/?portfolioCats=39\">Impartici\u00f3n del m\u00f3dulo &#8220;Servicios de proximidad. Oportunidades y amenazas. M\u00e1ster internacional de Desarrollo Local&#8221;<\/a><\/h2><div class=\"fusion-portfolio-meta\"><a href=\"https:\/\/abayanalistas.net\/en\/portfolio_category\/sustainability\/\" rel=\"tag\">Sustainability<\/a><\/div><div class=\"fusion-post-content\"><p>El m\u00f3dulo se centra en las nuevas perspectivas que se est\u00e1n incorporando al Desarrollo Local en los pa\u00edses europeos.<\/p><\/div><\/div><\/div><\/article><article id=\"portfolio-1-post-1573\" class=\"fusion-portfolio-post gender sustainability fusion-col-spacing post-1573\"><div class=\"fusion-portfolio-content-wrapper\" style=\"border:none;\"><span class=\"vcard rich-snippet-hidden\"><span class=\"fn\"><a href=\"https:\/\/abayanalistas.net\/en\/author\/abay\/\" title=\"Posts by Abay\" rel=\"author\">Abay<\/a><\/span><\/span><span class=\"updated rich-snippet-hidden\">2016-11-21T19:52:57+00:00<\/span>\n\n<div  class=\"fusion-image-wrapper\" aria-haspopup=\"true\">\n\t\n\t\n\t\t\n\t\t\t\t\t<img loading=\"lazy\" decoding=\"async\" width=\"900\" height=\"624\" src=\"https:\/\/abayanalistas.net\/en\/wp-content\/uploads\/Mujer-1-200x139.jpg\" class=\"attachment-full size-full wp-post-image\" alt=\"Diagn\u00f3stico sobre mujer y empleo cualificado en la Comunidad de Madrid\" srcset=\"https:\/\/abayanalistas.net\/en\/wp-content\/uploads\/Mujer-1-200x139.jpg 200w, https:\/\/abayanalistas.net\/en\/wp-content\/uploads\/Mujer-1-400x277.jpg 400w, https:\/\/abayanalistas.net\/en\/wp-content\/uploads\/Mujer-1-600x416.jpg 600w, https:\/\/abayanalistas.net\/en\/wp-content\/uploads\/Mujer-1-800x555.jpg 800w, https:\/\/abayanalistas.net\/en\/wp-content\/uploads\/Mujer-1.jpg 900w\" sizes=\"(min-width: 2200px) 100vw, (min-width: 1106px) 270px, (min-width: 1044px) 360px, (min-width: 982px) 540px, (min-width: 920px) 982px, \" \/>\n\t\n\n\t\t<div class=\"fusion-rollover\">\n\t<div class=\"fusion-rollover-content\">\n\n\t\t\t\t\t\t\t\t\t\t\t\t\t\t<a class=\"fusion-rollover-link\" href=\"https:\/\/abayanalistas.net\/en\/portfolio\/diagnostico-sobre-mujer-y-empleo-cualificado-en-la-comunidad-de-madrid\/?portfolioCats=39\">Diagn\u00f3stico sobre mujer y empleo cualificado en la Comunidad de Madrid<\/a>\n\t\t\t\n\t\t\t\t\t\t\t\t\n\t\t\t\t\n\t\t\t\t\t\t\t\t\t\t\t\t<h4 class=\"fusion-rollover-title\">\n\t\t\t\t\t<a href=\"https:\/\/abayanalistas.net\/en\/portfolio\/diagnostico-sobre-mujer-y-empleo-cualificado-en-la-comunidad-de-madrid\/?portfolioCats=39\">\n\t\t\t\t\t\tDiagn\u00f3stico sobre mujer y empleo cualificado en la Comunidad de Madrid\t\t\t\t\t<\/a>\n\t\t\t\t<\/h4>\n\t\t\t\n\t\t\t\t\t\t\t\t\n\t\t\n\t\t\t\t<a class=\"fusion-link-wrapper\" href=\"https:\/\/abayanalistas.net\/en\/portfolio\/diagnostico-sobre-mujer-y-empleo-cualificado-en-la-comunidad-de-madrid\/?portfolioCats=39\" aria-label=\"Diagn\u00f3stico sobre mujer y empleo cualificado en la Comunidad de Madrid\"><\/a>\n\t<\/div>\n<\/div>\n\n\t\n<\/div>\n<div class=\"fusion-portfolio-content\"><h2 class=\"entry-title fusion-post-title\"><a href=\"https:\/\/abayanalistas.net\/en\/portfolio\/diagnostico-sobre-mujer-y-empleo-cualificado-en-la-comunidad-de-madrid\/?portfolioCats=39\">Diagn\u00f3stico sobre mujer y empleo cualificado en la Comunidad de Madrid<\/a><\/h2><div class=\"fusion-portfolio-meta\"><a href=\"https:\/\/abayanalistas.net\/en\/portfolio_category\/gender\/\" rel=\"tag\">Gender<\/a>, <a href=\"https:\/\/abayanalistas.net\/en\/portfolio_category\/sustainability\/\" rel=\"tag\">Sustainability<\/a><\/div><div class=\"fusion-post-content\"><p>Los objetivos fundamentales de este proyecto han sido cifrar la presencia relativa de mujeres en puestos de poder, de los \u00e1mbitos p\u00fablico y privado, de la Comunidad de Madrid; conocer su perfil sociodemogr\u00e1fico; y determinar la posible existencia de modelos de \u00e9xito de acceso y permanencia de las mujeres a los puestos de decisi\u00f3n.<\/p><\/div><\/div><\/div><\/article><\/div><\/div><div class=\"fusion-clearfix\"><\/div>\n\n\t\t\t\t\t<\/div>\n\t\t\t\t<\/div><\/div><\/div>\n","protected":false},"excerpt":{"rendered":"","protected":false},"author":1,"featured_media":0,"parent":0,"menu_order":0,"comment_status":"closed","ping_status":"closed","template":"","meta":{"footnotes":""},"_links":{"self":[{"href":"https:\/\/abayanalistas.net\/en\/wp-json\/wp\/v2\/pages\/1547"}],"collection":[{"href":"https:\/\/abayanalistas.net\/en\/wp-json\/wp\/v2\/pages"}],"about":[{"href":"https:\/\/abayanalistas.net\/en\/wp-json\/wp\/v2\/types\/page"}],"author":[{"embeddable":true,"href":"https:\/\/abayanalistas.net\/en\/wp-json\/wp\/v2\/users\/1"}],"replies":[{"embeddable":true,"href":"https:\/\/abayanalistas.net\/en\/wp-json\/wp\/v2\/comments?post=1547"}],"version-history":[{"count":6,"href":"https:\/\/abayanalistas.net\/en\/wp-json\/wp\/v2\/pages\/1547\/revisions"}],"predecessor-version":[{"id":2870,"href":"https:\/\/abayanalistas.net\/en\/wp-json\/wp\/v2\/pages\/1547\/revisions\/2870"}],"wp:attachment":[{"href":"https:\/\/abayanalistas.net\/en\/wp-json\/wp\/v2\/media?parent=1547"}],"curies":[{"name":"wp","href":"https:\/\/api.w.org\/{rel}","templated":true}]}}