{"id":1544,"date":"2016-07-25T22:55:14","date_gmt":"2016-07-25T22:55:14","guid":{"rendered":"http:\/\/abayanalistas.net\/en\/?page_id=1544"},"modified":"2016-11-21T22:45:03","modified_gmt":"2016-11-21T22:45:03","slug":"pyme-y-emprendimiento","status":"publish","type":"page","link":"https:\/\/abayanalistas.net\/en\/pyme-y-emprendimiento\/","title":{"rendered":"SME AND ENTREPRENEURSHIP"},"content":{"rendered":"<div class=\"fusion-fullwidth fullwidth-box nonhundred-percent-fullwidth non-hundred-percent-height-scrolling\"  style='background-color: rgba(255,255,255,0);background-position: left top;background-repeat: no-repeat;padding-top:20px;padding-right:0px;padding-bottom:20px;padding-left:0px;border-top-width:0px;border-bottom-width:0px;border-color:#eae9e9;border-top-style:solid;border-bottom-style:solid;'><div class=\"fusion-builder-row fusion-row \"><div  class=\"fusion-layout-column fusion_builder_column fusion_builder_column_1_1  fusion-one-full fusion-column-first fusion-column-last fusion-column-no-min-height 1_1\"  style='margin-top:0px;margin-bottom:0px;'>\n\t\t\t\t\t<div class=\"fusion-column-wrapper\" style=\"background-position:left top;background-repeat:no-repeat;-webkit-background-size:cover;-moz-background-size:cover;-o-background-size:cover;background-size:cover;\"   data-bg-url=\"\">\n\t\t\t\t\t\t<style type=\"text\/css\">.fusion-portfolio-wrapper#fusion-portfolio-1 .fusion-portfolio-content{  text-align: left; }<\/style><div class=\"fusion-recent-works fusion-portfolio-element fusion-portfolio fusion-portfolio-1 fusion-portfolio-grid fusion-portfolio-paging-none fusion-portfolio-four fusion-portfolio-unboxed fusion-portfolio-text fusion-portfolio-rollover fusion-animated\" data-id=\"-rw-1\" data-columns=\"four\" data-animationType=\"fadeInDown\" data-animationDuration=\"1.0\" data-animationOffset=\"100%\"><style type=\"text\/css\">.fusion-portfolio-1 .fusion-portfolio-wrapper .fusion-col-spacing{padding:15px;}<\/style><div class=\"fusion-portfolio-wrapper\" id=\"fusion-portfolio-1\" data-picturesize=\"auto\" data-pages=\"1\" style=\"margin:-15px;\"><article id=\"portfolio-1-post-2899\" class=\"fusion-portfolio-post sme-and-entrepreneurship fusion-col-spacing post-2899\"><div class=\"fusion-portfolio-content-wrapper\" style=\"border:none;\"><span class=\"vcard rich-snippet-hidden\"><span class=\"fn\"><a href=\"https:\/\/abayanalistas.net\/en\/author\/abay\/\" title=\"Posts by Abay\" rel=\"author\">Abay<\/a><\/span><\/span><span class=\"updated rich-snippet-hidden\">2016-12-26T20:55:54+00:00<\/span>\n\n<div  class=\"fusion-image-wrapper\" aria-haspopup=\"true\">\n\t\n\t\n\t\t\n\t\t\t\t\t<img loading=\"lazy\" decoding=\"async\" width=\"900\" height=\"1273\" src=\"https:\/\/abayanalistas.net\/en\/wp-content\/uploads\/III-Informe-financiacion-pyme-1-200x283.jpg\" class=\"attachment-full size-full wp-post-image\" alt=\"III Informe financiacion pyme 1\" srcset=\"https:\/\/abayanalistas.net\/en\/wp-content\/uploads\/III-Informe-financiacion-pyme-1-200x283.jpg 200w, https:\/\/abayanalistas.net\/en\/wp-content\/uploads\/III-Informe-financiacion-pyme-1-400x566.jpg 400w, https:\/\/abayanalistas.net\/en\/wp-content\/uploads\/III-Informe-financiacion-pyme-1-600x849.jpg 600w, https:\/\/abayanalistas.net\/en\/wp-content\/uploads\/III-Informe-financiacion-pyme-1-800x1132.jpg 800w, https:\/\/abayanalistas.net\/en\/wp-content\/uploads\/III-Informe-financiacion-pyme-1.jpg 900w\" sizes=\"(min-width: 2200px) 100vw, (min-width: 1106px) 270px, (min-width: 1044px) 360px, (min-width: 982px) 540px, (min-width: 920px) 982px, \" \/>\n\t\n\n\t\t<div class=\"fusion-rollover\">\n\t<div class=\"fusion-rollover-content\">\n\n\t\t\t\t\t\t\t\t\t\t\t\t\t\t<a class=\"fusion-rollover-link\" href=\"https:\/\/abayanalistas.net\/en\/portfolio\/iii-informe-la-financiacion-de-la-pyme-en-espana-resultados-de-septiembre-de-2016\/?portfolioCats=40\">III INFORME \u201cLA FINANCIACI\u00d3N DE LA PYME EN ESPA\u00d1A\u201d Resultados de septiembre de 2016<\/a>\n\t\t\t\n\t\t\t\t\t\t\t\t\n\t\t\t\t\n\t\t\t\t\t\t\t\t\t\t\t\t<h4 class=\"fusion-rollover-title\">\n\t\t\t\t\t<a href=\"https:\/\/abayanalistas.net\/en\/portfolio\/iii-informe-la-financiacion-de-la-pyme-en-espana-resultados-de-septiembre-de-2016\/?portfolioCats=40\">\n\t\t\t\t\t\tIII INFORME \u201cLA FINANCIACI\u00d3N DE LA PYME EN ESPA\u00d1A\u201d Resultados de septiembre de 2016\t\t\t\t\t<\/a>\n\t\t\t\t<\/h4>\n\t\t\t\n\t\t\t\t\t\t\t\t\n\t\t\n\t\t\t\t<a class=\"fusion-link-wrapper\" href=\"https:\/\/abayanalistas.net\/en\/portfolio\/iii-informe-la-financiacion-de-la-pyme-en-espana-resultados-de-septiembre-de-2016\/?portfolioCats=40\" aria-label=\"III INFORME \u201cLA FINANCIACI\u00d3N DE LA PYME EN ESPA\u00d1A\u201d Resultados de septiembre de 2016\"><\/a>\n\t<\/div>\n<\/div>\n\n\t\n<\/div>\n<div class=\"fusion-portfolio-content\"><h2 class=\"entry-title fusion-post-title\"><a href=\"https:\/\/abayanalistas.net\/en\/portfolio\/iii-informe-la-financiacion-de-la-pyme-en-espana-resultados-de-septiembre-de-2016\/?portfolioCats=40\">III INFORME \u201cLA FINANCIACI\u00d3N DE LA PYME EN ESPA\u00d1A\u201d Resultados de septiembre de 2016<\/a><\/h2><div class=\"fusion-portfolio-meta\"><a href=\"https:\/\/abayanalistas.net\/en\/portfolio_category\/sme-and-entrepreneurship\/\" rel=\"tag\">SME and Entrepreneurship<\/a><\/div><div class=\"fusion-post-content\"><p>CESGAR ha publicado el II informe sobre financiaci\u00f3n de la pyme espa\u00f1ola que Abay Analistas ha hecho para ellos.<\/p><\/div><\/div><\/div><\/article><article id=\"portfolio-1-post-2108\" class=\"fusion-portfolio-post sme-and-entrepreneurship featured fusion-col-spacing post-2108\"><div class=\"fusion-portfolio-content-wrapper\" style=\"border:none;\"><span class=\"vcard rich-snippet-hidden\"><span class=\"fn\"><a href=\"https:\/\/abayanalistas.net\/en\/author\/abay\/\" title=\"Posts by Abay\" rel=\"author\">Abay<\/a><\/span><\/span><span class=\"updated rich-snippet-hidden\">2016-11-21T19:52:24+00:00<\/span>\n\n<div  class=\"fusion-image-wrapper\" aria-haspopup=\"true\">\n\t\n\t\n\t\t\n\t\t\t\t\t<img loading=\"lazy\" decoding=\"async\" width=\"900\" height=\"1273\" src=\"https:\/\/abayanalistas.net\/en\/wp-content\/uploads\/financiacion-pyme-2015-1-200x283.jpg\" class=\"attachment-full size-full wp-post-image\" alt=\"\" srcset=\"https:\/\/abayanalistas.net\/en\/wp-content\/uploads\/financiacion-pyme-2015-1-200x283.jpg 200w, https:\/\/abayanalistas.net\/en\/wp-content\/uploads\/financiacion-pyme-2015-1-400x566.jpg 400w, https:\/\/abayanalistas.net\/en\/wp-content\/uploads\/financiacion-pyme-2015-1-600x849.jpg 600w, https:\/\/abayanalistas.net\/en\/wp-content\/uploads\/financiacion-pyme-2015-1-800x1132.jpg 800w, https:\/\/abayanalistas.net\/en\/wp-content\/uploads\/financiacion-pyme-2015-1.jpg 900w\" sizes=\"(min-width: 2200px) 100vw, (min-width: 1106px) 270px, (min-width: 1044px) 360px, (min-width: 982px) 540px, (min-width: 920px) 982px, \" \/>\n\t\n\n\t\t<div class=\"fusion-rollover\">\n\t<div class=\"fusion-rollover-content\">\n\n\t\t\t\t\t\t\t\t\t\t\t\t\t\t<a class=\"fusion-rollover-link\" href=\"https:\/\/abayanalistas.net\/en\/portfolio\/situacion-de-las-pymes-y-autonomos-en-relacion-con-la-financiacion-ajena\/?portfolioCats=40\">Situaci\u00f3n de las Pymes y aut\u00f3nomos en relaci\u00f3n con la financiaci\u00f3n ajena<\/a>\n\t\t\t\n\t\t\t\t\t\t\t\t\n\t\t\t\t\n\t\t\t\t\t\t\t\t\t\t\t\t<h4 class=\"fusion-rollover-title\">\n\t\t\t\t\t<a href=\"https:\/\/abayanalistas.net\/en\/portfolio\/situacion-de-las-pymes-y-autonomos-en-relacion-con-la-financiacion-ajena\/?portfolioCats=40\">\n\t\t\t\t\t\tSituaci\u00f3n de las Pymes y aut\u00f3nomos en relaci\u00f3n con la financiaci\u00f3n ajena\t\t\t\t\t<\/a>\n\t\t\t\t<\/h4>\n\t\t\t\n\t\t\t\t\t\t\t\t\n\t\t\n\t\t\t\t<a class=\"fusion-link-wrapper\" href=\"https:\/\/abayanalistas.net\/en\/portfolio\/situacion-de-las-pymes-y-autonomos-en-relacion-con-la-financiacion-ajena\/?portfolioCats=40\" aria-label=\"Situaci\u00f3n de las Pymes y aut\u00f3nomos en relaci\u00f3n con la financiaci\u00f3n ajena\"><\/a>\n\t<\/div>\n<\/div>\n\n\t\n<\/div>\n<div class=\"fusion-portfolio-content\"><h2 class=\"entry-title fusion-post-title\"><a href=\"https:\/\/abayanalistas.net\/en\/portfolio\/situacion-de-las-pymes-y-autonomos-en-relacion-con-la-financiacion-ajena\/?portfolioCats=40\">Situaci\u00f3n de las Pymes y aut\u00f3nomos en relaci\u00f3n con la financiaci\u00f3n ajena<\/a><\/h2><div class=\"fusion-portfolio-meta\"><a href=\"https:\/\/abayanalistas.net\/en\/portfolio_category\/sme-and-entrepreneurship\/\" rel=\"tag\">SME and Entrepreneurship<\/a>, <a href=\"https:\/\/abayanalistas.net\/en\/portfolio_category\/featured\/\" rel=\"tag\">\u263c<\/a><\/div><div class=\"fusion-post-content\"><p>Abay Analistas ha llevado a cabo un estudio para CESGAR (Confederaci\u00f3n Espa\u00f1ola de Garant\u00eda Rec\u00edproca) que ha permitido elaborar una aproximaci\u00f3n global sobre el acceso a financiaci\u00f3n de pymes y aut\u00f3nomos, aportando informaci\u00f3n anal\u00edtica y de prospectiva sobre la situaci\u00f3n actual, las necesidades y demandas del sector. Asimismo, el estudio ha permitido valorar la posici\u00f3n de las Sociedades de Garant\u00eda Rec\u00edprocas en este \u00e1mbito.<\/p><\/div><\/div><\/div><\/article><article id=\"portfolio-1-post-970\" class=\"fusion-portfolio-post sector-studies sme-and-entrepreneurship fusion-col-spacing post-970\"><div class=\"fusion-portfolio-content-wrapper\" style=\"border:none;\"><span class=\"vcard rich-snippet-hidden\"><span class=\"fn\"><a href=\"https:\/\/abayanalistas.net\/en\/author\/abay\/\" title=\"Posts by Abay\" rel=\"author\">Abay<\/a><\/span><\/span><span class=\"updated rich-snippet-hidden\">2016-11-21T19:52:24+00:00<\/span>\n\n<div  class=\"fusion-image-wrapper\" aria-haspopup=\"true\">\n\t\n\t\n\t\t\n\t\t\t\t\t<img loading=\"lazy\" decoding=\"async\" width=\"900\" height=\"1273\" src=\"https:\/\/abayanalistas.net\/en\/wp-content\/uploads\/Fomento-presencia-economia-social-1-200x283.jpg\" class=\"attachment-full size-full wp-post-image\" alt=\"\" srcset=\"https:\/\/abayanalistas.net\/en\/wp-content\/uploads\/Fomento-presencia-economia-social-1-200x283.jpg 200w, https:\/\/abayanalistas.net\/en\/wp-content\/uploads\/Fomento-presencia-economia-social-1-400x566.jpg 400w, https:\/\/abayanalistas.net\/en\/wp-content\/uploads\/Fomento-presencia-economia-social-1-600x849.jpg 600w, https:\/\/abayanalistas.net\/en\/wp-content\/uploads\/Fomento-presencia-economia-social-1-800x1132.jpg 800w, https:\/\/abayanalistas.net\/en\/wp-content\/uploads\/Fomento-presencia-economia-social-1.jpg 900w\" sizes=\"(min-width: 2200px) 100vw, (min-width: 1106px) 270px, (min-width: 1044px) 360px, (min-width: 982px) 540px, (min-width: 920px) 982px, \" \/>\n\t\n\n\t\t<div class=\"fusion-rollover\">\n\t<div class=\"fusion-rollover-content\">\n\n\t\t\t\t\t\t\t\t\t\t\t\t\t\t<a class=\"fusion-rollover-link\" href=\"https:\/\/abayanalistas.net\/en\/portfolio\/fomento-de-la-presencia-de-la-economia-social-en-el-emprendimiento-de-base-tecnologica-y-otras-actividades-emergentes\/?portfolioCats=40\">Fomento de la presencia de la econom\u00eda social en el emprendimiento de base tecnol\u00f3gica y otras actividades emergentes<\/a>\n\t\t\t\n\t\t\t\t\t\t\t\t\n\t\t\t\t\n\t\t\t\t\t\t\t\t\t\t\t\t<h4 class=\"fusion-rollover-title\">\n\t\t\t\t\t<a href=\"https:\/\/abayanalistas.net\/en\/portfolio\/fomento-de-la-presencia-de-la-economia-social-en-el-emprendimiento-de-base-tecnologica-y-otras-actividades-emergentes\/?portfolioCats=40\">\n\t\t\t\t\t\tFomento de la presencia de la econom\u00eda social en el emprendimiento de base tecnol\u00f3gica y otras actividades emergentes\t\t\t\t\t<\/a>\n\t\t\t\t<\/h4>\n\t\t\t\n\t\t\t\t\t\t\t\t\n\t\t\n\t\t\t\t<a class=\"fusion-link-wrapper\" href=\"https:\/\/abayanalistas.net\/en\/portfolio\/fomento-de-la-presencia-de-la-economia-social-en-el-emprendimiento-de-base-tecnologica-y-otras-actividades-emergentes\/?portfolioCats=40\" aria-label=\"Fomento de la presencia de la econom\u00eda social en el emprendimiento de base tecnol\u00f3gica y otras actividades emergentes\"><\/a>\n\t<\/div>\n<\/div>\n\n\t\n<\/div>\n<div class=\"fusion-portfolio-content\"><h2 class=\"entry-title fusion-post-title\"><a href=\"https:\/\/abayanalistas.net\/en\/portfolio\/fomento-de-la-presencia-de-la-economia-social-en-el-emprendimiento-de-base-tecnologica-y-otras-actividades-emergentes\/?portfolioCats=40\">Fomento de la presencia de la econom\u00eda social en el emprendimiento de base tecnol\u00f3gica y otras actividades emergentes<\/a><\/h2><div class=\"fusion-portfolio-meta\"><a href=\"https:\/\/abayanalistas.net\/en\/portfolio_category\/sector-studies\/\" rel=\"tag\">Sector Studies<\/a>, <a href=\"https:\/\/abayanalistas.net\/en\/portfolio_category\/sme-and-entrepreneurship\/\" rel=\"tag\">SME and Entrepreneurship<\/a><\/div><div class=\"fusion-post-content\"><p>Hay plena coincidencia sobre la importancia de las transformaciones sociales y econ\u00f3micas que las nuevas tecnolog\u00edas, especialmente las Tecnolog\u00edas de la Informaci\u00f3n y la Comunicaci\u00f3n (TIC), han originado en las \u00faltimas d\u00e9cadas.<\/p><\/div><\/div><\/div><\/article><article id=\"portfolio-1-post-1071\" class=\"fusion-portfolio-post sector-studies sme-and-entrepreneurship fusion-col-spacing post-1071\"><div class=\"fusion-portfolio-content-wrapper\" style=\"border:none;\"><span class=\"vcard rich-snippet-hidden\"><span class=\"fn\"><a href=\"https:\/\/abayanalistas.net\/en\/author\/abay\/\" title=\"Posts by Abay\" rel=\"author\">Abay<\/a><\/span><\/span><span class=\"updated rich-snippet-hidden\">2016-11-21T19:52:24+00:00<\/span>\n\n<div  class=\"fusion-image-wrapper\" aria-haspopup=\"true\">\n\t\n\t\n\t\t\n\t\t\t\t\t<img loading=\"lazy\" decoding=\"async\" width=\"900\" height=\"1273\" src=\"https:\/\/abayanalistas.net\/en\/wp-content\/uploads\/Informe-competitividad-artesano-1-200x283.jpg\" class=\"attachment-full size-full wp-post-image\" alt=\"\" srcset=\"https:\/\/abayanalistas.net\/en\/wp-content\/uploads\/Informe-competitividad-artesano-1-200x283.jpg 200w, https:\/\/abayanalistas.net\/en\/wp-content\/uploads\/Informe-competitividad-artesano-1-400x566.jpg 400w, https:\/\/abayanalistas.net\/en\/wp-content\/uploads\/Informe-competitividad-artesano-1-600x849.jpg 600w, https:\/\/abayanalistas.net\/en\/wp-content\/uploads\/Informe-competitividad-artesano-1-800x1132.jpg 800w, https:\/\/abayanalistas.net\/en\/wp-content\/uploads\/Informe-competitividad-artesano-1.jpg 900w\" sizes=\"(min-width: 2200px) 100vw, (min-width: 1106px) 270px, (min-width: 1044px) 360px, (min-width: 982px) 540px, (min-width: 920px) 982px, \" \/>\n\t\n\n\t\t<div class=\"fusion-rollover\">\n\t<div class=\"fusion-rollover-content\">\n\n\t\t\t\t\t\t\t\t\t\t\t\t\t\t<a class=\"fusion-rollover-link\" href=\"https:\/\/abayanalistas.net\/en\/portfolio\/situacion-de-la-artesania-en-espana\/?portfolioCats=40\">Situaci\u00f3n de la artesan\u00eda en Espa\u00f1a<\/a>\n\t\t\t\n\t\t\t\t\t\t\t\t\n\t\t\t\t\n\t\t\t\t\t\t\t\t\t\t\t\t<h4 class=\"fusion-rollover-title\">\n\t\t\t\t\t<a href=\"https:\/\/abayanalistas.net\/en\/portfolio\/situacion-de-la-artesania-en-espana\/?portfolioCats=40\">\n\t\t\t\t\t\tSituaci\u00f3n de la artesan\u00eda en Espa\u00f1a\t\t\t\t\t<\/a>\n\t\t\t\t<\/h4>\n\t\t\t\n\t\t\t\t\t\t\t\t\n\t\t\n\t\t\t\t<a class=\"fusion-link-wrapper\" href=\"https:\/\/abayanalistas.net\/en\/portfolio\/situacion-de-la-artesania-en-espana\/?portfolioCats=40\" aria-label=\"Situaci\u00f3n de la artesan\u00eda en Espa\u00f1a\"><\/a>\n\t<\/div>\n<\/div>\n\n\t\n<\/div>\n<div class=\"fusion-portfolio-content\"><h2 class=\"entry-title fusion-post-title\"><a href=\"https:\/\/abayanalistas.net\/en\/portfolio\/situacion-de-la-artesania-en-espana\/?portfolioCats=40\">Situaci\u00f3n de la artesan\u00eda en Espa\u00f1a<\/a><\/h2><div class=\"fusion-portfolio-meta\"><a href=\"https:\/\/abayanalistas.net\/en\/portfolio_category\/sector-studies\/\" rel=\"tag\">Sector Studies<\/a>, <a href=\"https:\/\/abayanalistas.net\/en\/portfolio_category\/sme-and-entrepreneurship\/\" rel=\"tag\">SME and Entrepreneurship<\/a><\/div><div class=\"fusion-post-content\"><p>En los \u00faltimos a\u00f1os, el sector de la artesan\u00eda ha conocido un importante proceso de transformaci\u00f3n como consecuencia, por una parte, de su adaptaci\u00f3n a una coyuntura econ\u00f3mica desfavorable, y por otra, de la irrupci\u00f3n y consolidaci\u00f3n de las nuevas tecnolog\u00edas de la informaci\u00f3n y la comunicaci\u00f3n y de la globalizaci\u00f3n de la oferta y de la demanda.<\/p><\/div><\/div><\/div><\/article><article id=\"portfolio-1-post-1078\" class=\"fusion-portfolio-post impact-and-policy-evaluation sector-studies sme-and-entrepreneurship fusion-col-spacing post-1078\"><div class=\"fusion-portfolio-content-wrapper\" style=\"border:none;\"><span class=\"vcard rich-snippet-hidden\"><span class=\"fn\"><a href=\"https:\/\/abayanalistas.net\/en\/author\/abay\/\" title=\"Posts by Abay\" rel=\"author\">Abay<\/a><\/span><\/span><span class=\"updated rich-snippet-hidden\">2016-11-21T19:52:31+00:00<\/span>\n\n<div  class=\"fusion-image-wrapper\" aria-haspopup=\"true\">\n\t\n\t\n\t\t\n\t\t\t\t\t<img loading=\"lazy\" decoding=\"async\" width=\"900\" height=\"1273\" src=\"https:\/\/abayanalistas.net\/en\/wp-content\/uploads\/EOI-Artesania-Andalucia-1-200x283.jpg\" class=\"attachment-full size-full wp-post-image\" alt=\"\" srcset=\"https:\/\/abayanalistas.net\/en\/wp-content\/uploads\/EOI-Artesania-Andalucia-1-200x283.jpg 200w, https:\/\/abayanalistas.net\/en\/wp-content\/uploads\/EOI-Artesania-Andalucia-1-400x566.jpg 400w, https:\/\/abayanalistas.net\/en\/wp-content\/uploads\/EOI-Artesania-Andalucia-1-600x849.jpg 600w, https:\/\/abayanalistas.net\/en\/wp-content\/uploads\/EOI-Artesania-Andalucia-1-800x1132.jpg 800w, https:\/\/abayanalistas.net\/en\/wp-content\/uploads\/EOI-Artesania-Andalucia-1.jpg 900w\" sizes=\"(min-width: 2200px) 100vw, (min-width: 1106px) 270px, (min-width: 1044px) 360px, (min-width: 982px) 540px, (min-width: 920px) 982px, \" \/>\n\t\n\n\t\t<div class=\"fusion-rollover\">\n\t<div class=\"fusion-rollover-content\">\n\n\t\t\t\t\t\t\t\t\t\t\t\t\t\t<a class=\"fusion-rollover-link\" href=\"https:\/\/abayanalistas.net\/en\/portfolio\/analisis-situacion-artesano-andalucia\/?portfolioCats=40\">An\u00e1lisis de la competitividad del sector artesano en Andaluc\u00eda<\/a>\n\t\t\t\n\t\t\t\t\t\t\t\t\n\t\t\t\t\n\t\t\t\t\t\t\t\t\t\t\t\t<h4 class=\"fusion-rollover-title\">\n\t\t\t\t\t<a href=\"https:\/\/abayanalistas.net\/en\/portfolio\/analisis-situacion-artesano-andalucia\/?portfolioCats=40\">\n\t\t\t\t\t\tAn\u00e1lisis de la competitividad del sector artesano en Andaluc\u00eda\t\t\t\t\t<\/a>\n\t\t\t\t<\/h4>\n\t\t\t\n\t\t\t\t\t\t\t\t\n\t\t\n\t\t\t\t<a class=\"fusion-link-wrapper\" href=\"https:\/\/abayanalistas.net\/en\/portfolio\/analisis-situacion-artesano-andalucia\/?portfolioCats=40\" aria-label=\"An\u00e1lisis de la competitividad del sector artesano en Andaluc\u00eda\"><\/a>\n\t<\/div>\n<\/div>\n\n\t\n<\/div>\n<div class=\"fusion-portfolio-content\"><h2 class=\"entry-title fusion-post-title\"><a href=\"https:\/\/abayanalistas.net\/en\/portfolio\/analisis-situacion-artesano-andalucia\/?portfolioCats=40\">An\u00e1lisis de la competitividad del sector artesano en Andaluc\u00eda<\/a><\/h2><div class=\"fusion-portfolio-meta\"><a href=\"https:\/\/abayanalistas.net\/en\/portfolio_category\/impact-and-policy-evaluation\/\" rel=\"tag\">Impact and Policy Evaluation<\/a>, <a href=\"https:\/\/abayanalistas.net\/en\/portfolio_category\/sector-studies\/\" rel=\"tag\">Sector Studies<\/a>, <a href=\"https:\/\/abayanalistas.net\/en\/portfolio_category\/sme-and-entrepreneurship\/\" rel=\"tag\">SME and Entrepreneurship<\/a><\/div><div class=\"fusion-post-content\"><p>La artesan\u00eda se ha considerado tradicionalmente como un elemento de la identidad colectiva de los pueblos\r\nsiendo una de las v\u00edas de preservaci\u00f3n del patrimonio cultural y etnogr\u00e1fico de mayor relevancia.<\/p><\/div><\/div><\/div><\/article><article id=\"portfolio-1-post-1694\" class=\"fusion-portfolio-post gender sme-and-entrepreneurship fusion-col-spacing post-1694\"><div class=\"fusion-portfolio-content-wrapper\" style=\"border:none;\"><span class=\"vcard rich-snippet-hidden\"><span class=\"fn\"><a href=\"https:\/\/abayanalistas.net\/en\/author\/abay\/\" title=\"Posts by Abay\" rel=\"author\">Abay<\/a><\/span><\/span><span class=\"updated rich-snippet-hidden\">2016-11-21T19:52:32+00:00<\/span>\n\n<div  class=\"fusion-image-wrapper\" aria-haspopup=\"true\">\n\t\n\t\n\t\t\n\t\t\t\t\t<img loading=\"lazy\" decoding=\"async\" width=\"900\" height=\"418\" src=\"https:\/\/abayanalistas.net\/en\/wp-content\/uploads\/emprendedoras-200x93.jpg\" class=\"attachment-full size-full wp-post-image\" alt=\"\" srcset=\"https:\/\/abayanalistas.net\/en\/wp-content\/uploads\/emprendedoras-200x93.jpg 200w, https:\/\/abayanalistas.net\/en\/wp-content\/uploads\/emprendedoras-400x186.jpg 400w, https:\/\/abayanalistas.net\/en\/wp-content\/uploads\/emprendedoras-600x279.jpg 600w, https:\/\/abayanalistas.net\/en\/wp-content\/uploads\/emprendedoras-800x372.jpg 800w, https:\/\/abayanalistas.net\/en\/wp-content\/uploads\/emprendedoras.jpg 900w\" sizes=\"(min-width: 2200px) 100vw, (min-width: 1106px) 270px, (min-width: 1044px) 360px, (min-width: 982px) 540px, (min-width: 920px) 982px, \" \/>\n\t\n\n\t\t<div class=\"fusion-rollover\">\n\t<div class=\"fusion-rollover-content\">\n\n\t\t\t\t\t\t\t\t\t\t\t\t\t\t<a class=\"fusion-rollover-link\" href=\"https:\/\/abayanalistas.net\/en\/portfolio\/analisis-y-diagnostico-del-emprendimiento-en-femenino-en-galicia-emprendedoras-galicia\/?portfolioCats=40\">An\u00e1lisis y diagn\u00f3stico del emprendimiento en femenino en Galicia&#8221; Emprendedoras Galicia<\/a>\n\t\t\t\n\t\t\t\t\t\t\t\t\n\t\t\t\t\n\t\t\t\t\t\t\t\t\t\t\t\t<h4 class=\"fusion-rollover-title\">\n\t\t\t\t\t<a href=\"https:\/\/abayanalistas.net\/en\/portfolio\/analisis-y-diagnostico-del-emprendimiento-en-femenino-en-galicia-emprendedoras-galicia\/?portfolioCats=40\">\n\t\t\t\t\t\tAn\u00e1lisis y diagn\u00f3stico del emprendimiento en femenino en Galicia&#8221; Emprendedoras Galicia\t\t\t\t\t<\/a>\n\t\t\t\t<\/h4>\n\t\t\t\n\t\t\t\t\t\t\t\t\n\t\t\n\t\t\t\t<a class=\"fusion-link-wrapper\" href=\"https:\/\/abayanalistas.net\/en\/portfolio\/analisis-y-diagnostico-del-emprendimiento-en-femenino-en-galicia-emprendedoras-galicia\/?portfolioCats=40\" aria-label=\"An\u00e1lisis y diagn\u00f3stico del emprendimiento en femenino en Galicia&#8221; Emprendedoras Galicia\"><\/a>\n\t<\/div>\n<\/div>\n\n\t\n<\/div>\n<div class=\"fusion-portfolio-content\"><h2 class=\"entry-title fusion-post-title\"><a href=\"https:\/\/abayanalistas.net\/en\/portfolio\/analisis-y-diagnostico-del-emprendimiento-en-femenino-en-galicia-emprendedoras-galicia\/?portfolioCats=40\">An\u00e1lisis y diagn\u00f3stico del emprendimiento en femenino en Galicia&#8221; Emprendedoras Galicia<\/a><\/h2><div class=\"fusion-portfolio-meta\"><a href=\"https:\/\/abayanalistas.net\/en\/portfolio_category\/gender\/\" rel=\"tag\">Gender<\/a>, <a href=\"https:\/\/abayanalistas.net\/en\/portfolio_category\/sme-and-entrepreneurship\/\" rel=\"tag\">SME and Entrepreneurship<\/a><\/div><div class=\"fusion-post-content\"><p>Abay Analistas ha colaborado en este proyecto, promovido por la Fundaci\u00f3n EOI y la Secretaria Xeral da Igualdade de la Xunta de Galicia, en la fase de diagn\u00f3stico de la situaci\u00f3n de las emprendedoras y empresarias gallegas, as\u00ed como en la selecci\u00f3n de los contenidos de la plataforma \"Emprendedoras Galicia\", proyecto dirigido a impulsar la innovaci\u00f3n y la competitividad de las iniciativas empresariales lideradas por mujeres.<\/p><\/div><\/div><\/div><\/article><article id=\"portfolio-1-post-1884\" class=\"fusion-portfolio-post impact-and-policy-evaluation sme-and-entrepreneurship fusion-col-spacing post-1884\"><div class=\"fusion-portfolio-content-wrapper\" style=\"border:none;\"><span class=\"vcard rich-snippet-hidden\"><span class=\"fn\"><a href=\"https:\/\/abayanalistas.net\/en\/author\/abay\/\" title=\"Posts by Abay\" rel=\"author\">Abay<\/a><\/span><\/span><span class=\"updated rich-snippet-hidden\">2016-11-21T19:52:41+00:00<\/span>\n\n<div  class=\"fusion-image-wrapper\" aria-haspopup=\"true\">\n\t\n\t\n\t\t\n\t\t\t\t\t<img loading=\"lazy\" decoding=\"async\" width=\"600\" height=\"400\" src=\"https:\/\/abayanalistas.net\/en\/wp-content\/uploads\/programa-PIPE-200x133.png\" class=\"attachment-full size-full wp-post-image\" alt=\"\" srcset=\"https:\/\/abayanalistas.net\/en\/wp-content\/uploads\/programa-PIPE-200x133.png 200w, https:\/\/abayanalistas.net\/en\/wp-content\/uploads\/programa-PIPE-400x267.png 400w, https:\/\/abayanalistas.net\/en\/wp-content\/uploads\/programa-PIPE.png 600w\" sizes=\"(min-width: 2200px) 100vw, (min-width: 1106px) 270px, (min-width: 1044px) 360px, (min-width: 982px) 540px, (min-width: 920px) 982px, \" \/>\n\t\n\n\t\t<div class=\"fusion-rollover\">\n\t<div class=\"fusion-rollover-content\">\n\n\t\t\t\t\t\t\t\t\t\t\t\t\t\t<a class=\"fusion-rollover-link\" href=\"https:\/\/abayanalistas.net\/en\/portfolio\/evaluacion-de-resultados-del-programa-pipe\/?portfolioCats=40\">Evaluaci\u00f3n de resultados del programa PIPE<\/a>\n\t\t\t\n\t\t\t\t\t\t\t\t\n\t\t\t\t\n\t\t\t\t\t\t\t\t\t\t\t\t<h4 class=\"fusion-rollover-title\">\n\t\t\t\t\t<a href=\"https:\/\/abayanalistas.net\/en\/portfolio\/evaluacion-de-resultados-del-programa-pipe\/?portfolioCats=40\">\n\t\t\t\t\t\tEvaluaci\u00f3n de resultados del programa PIPE\t\t\t\t\t<\/a>\n\t\t\t\t<\/h4>\n\t\t\t\n\t\t\t\t\t\t\t\t\n\t\t\n\t\t\t\t<a class=\"fusion-link-wrapper\" href=\"https:\/\/abayanalistas.net\/en\/portfolio\/evaluacion-de-resultados-del-programa-pipe\/?portfolioCats=40\" aria-label=\"Evaluaci\u00f3n de resultados del programa PIPE\"><\/a>\n\t<\/div>\n<\/div>\n\n\t\n<\/div>\n<div class=\"fusion-portfolio-content\"><h2 class=\"entry-title fusion-post-title\"><a href=\"https:\/\/abayanalistas.net\/en\/portfolio\/evaluacion-de-resultados-del-programa-pipe\/?portfolioCats=40\">Evaluaci\u00f3n de resultados del programa PIPE<\/a><\/h2><div class=\"fusion-portfolio-meta\"><a href=\"https:\/\/abayanalistas.net\/en\/portfolio_category\/impact-and-policy-evaluation\/\" rel=\"tag\">Impact and Policy Evaluation<\/a>, <a href=\"https:\/\/abayanalistas.net\/en\/portfolio_category\/sme-and-entrepreneurship\/\" rel=\"tag\">SME and Entrepreneurship<\/a><\/div><div class=\"fusion-post-content\"><p>El Programa PIPE es un programa que desarrollan de forma conjunta las C\u00e1maras de Comercio e ICEX, en colaboraci\u00f3n con las Comunidades Aut\u00f3nomas y la Uni\u00f3n Europea. <\/p><\/div><\/div><\/div><\/article><article id=\"portfolio-1-post-2021\" class=\"fusion-portfolio-post sme-and-entrepreneurship fusion-col-spacing post-2021\"><div class=\"fusion-portfolio-content-wrapper\" style=\"border:none;\"><span class=\"vcard rich-snippet-hidden\"><span class=\"fn\"><a href=\"https:\/\/abayanalistas.net\/en\/author\/abay\/\" title=\"Posts by Abay\" rel=\"author\">Abay<\/a><\/span><\/span><span class=\"updated rich-snippet-hidden\">2016-11-21T19:52:42+00:00<\/span>\n\n<div  class=\"fusion-image-wrapper\" aria-haspopup=\"true\">\n\t\n\t\n\t\t\n\t\t\t\t\t<img loading=\"lazy\" decoding=\"async\" width=\"900\" height=\"1278\" src=\"https:\/\/abayanalistas.net\/en\/wp-content\/uploads\/libro-factores-competitividad-1-200x284.jpg\" class=\"attachment-full size-full wp-post-image\" alt=\"\" srcset=\"https:\/\/abayanalistas.net\/en\/wp-content\/uploads\/libro-factores-competitividad-1-200x284.jpg 200w, https:\/\/abayanalistas.net\/en\/wp-content\/uploads\/libro-factores-competitividad-1-400x568.jpg 400w, https:\/\/abayanalistas.net\/en\/wp-content\/uploads\/libro-factores-competitividad-1-600x852.jpg 600w, https:\/\/abayanalistas.net\/en\/wp-content\/uploads\/libro-factores-competitividad-1-800x1136.jpg 800w, https:\/\/abayanalistas.net\/en\/wp-content\/uploads\/libro-factores-competitividad-1.jpg 900w\" sizes=\"(min-width: 2200px) 100vw, (min-width: 1106px) 270px, (min-width: 1044px) 360px, (min-width: 982px) 540px, (min-width: 920px) 982px, \" \/>\n\t\n\n\t\t<div class=\"fusion-rollover\">\n\t<div class=\"fusion-rollover-content\">\n\n\t\t\t\t\t\t\t\t\t\t\t\t\t\t<a class=\"fusion-rollover-link\" href=\"https:\/\/abayanalistas.net\/en\/portfolio\/factores-de-competitividad-de-la-pyme-espanola\/?portfolioCats=40\">Factores de competitividad de la PYME espa\u00f1ola<\/a>\n\t\t\t\n\t\t\t\t\t\t\t\t\n\t\t\t\t\n\t\t\t\t\t\t\t\t\t\t\t\t<h4 class=\"fusion-rollover-title\">\n\t\t\t\t\t<a href=\"https:\/\/abayanalistas.net\/en\/portfolio\/factores-de-competitividad-de-la-pyme-espanola\/?portfolioCats=40\">\n\t\t\t\t\t\tFactores de competitividad de la PYME espa\u00f1ola\t\t\t\t\t<\/a>\n\t\t\t\t<\/h4>\n\t\t\t\n\t\t\t\t\t\t\t\t\n\t\t\n\t\t\t\t<a class=\"fusion-link-wrapper\" href=\"https:\/\/abayanalistas.net\/en\/portfolio\/factores-de-competitividad-de-la-pyme-espanola\/?portfolioCats=40\" aria-label=\"Factores de competitividad de la PYME espa\u00f1ola\"><\/a>\n\t<\/div>\n<\/div>\n\n\t\n<\/div>\n<div class=\"fusion-portfolio-content\"><h2 class=\"entry-title fusion-post-title\"><a href=\"https:\/\/abayanalistas.net\/en\/portfolio\/factores-de-competitividad-de-la-pyme-espanola\/?portfolioCats=40\">Factores de competitividad de la PYME espa\u00f1ola<\/a><\/h2><div class=\"fusion-portfolio-meta\"><a href=\"https:\/\/abayanalistas.net\/en\/portfolio_category\/sme-and-entrepreneurship\/\" rel=\"tag\">SME and Entrepreneurship<\/a><\/div><div class=\"fusion-post-content\"><p>Este estudio presenta una panor\u00e1mica sobre la situaci\u00f3n actual de las Peque\u00f1as y Medianas Empresas espa\u00f1olas en relaci\u00f3n con los principales factores de competitividad, sus retos y oportunidades, y sus perspectivas de futuro. <\/p><\/div><\/div><\/div><\/article><article id=\"portfolio-1-post-1987\" class=\"fusion-portfolio-post sme-and-entrepreneurship fusion-col-spacing post-1987\"><div class=\"fusion-portfolio-content-wrapper\" style=\"border:none;\"><span class=\"vcard rich-snippet-hidden\"><span class=\"fn\"><a href=\"https:\/\/abayanalistas.net\/en\/author\/abay\/\" title=\"Posts by Abay\" rel=\"author\">Abay<\/a><\/span><\/span><span class=\"updated rich-snippet-hidden\">2016-11-21T19:52:47+00:00<\/span>\n\n<div  class=\"fusion-image-wrapper\" aria-haspopup=\"true\">\n\t\n\t\n\t\t\n\t\t\t\t\t<img loading=\"lazy\" decoding=\"async\" width=\"900\" height=\"505\" src=\"https:\/\/abayanalistas.net\/en\/wp-content\/uploads\/eif-eurpean-investment-fund-200x112.jpg\" class=\"attachment-full size-full wp-post-image\" alt=\"\" srcset=\"https:\/\/abayanalistas.net\/en\/wp-content\/uploads\/eif-eurpean-investment-fund-200x112.jpg 200w, https:\/\/abayanalistas.net\/en\/wp-content\/uploads\/eif-eurpean-investment-fund-400x224.jpg 400w, https:\/\/abayanalistas.net\/en\/wp-content\/uploads\/eif-eurpean-investment-fund-600x337.jpg 600w, https:\/\/abayanalistas.net\/en\/wp-content\/uploads\/eif-eurpean-investment-fund-800x449.jpg 800w, https:\/\/abayanalistas.net\/en\/wp-content\/uploads\/eif-eurpean-investment-fund.jpg 900w\" sizes=\"(min-width: 2200px) 100vw, (min-width: 1106px) 270px, (min-width: 1044px) 360px, (min-width: 982px) 540px, (min-width: 920px) 982px, \" \/>\n\t\n\n\t\t<div class=\"fusion-rollover\">\n\t<div class=\"fusion-rollover-content\">\n\n\t\t\t\t\t\t\t\t\t\t\t\t\t\t<a class=\"fusion-rollover-link\" href=\"https:\/\/abayanalistas.net\/en\/portfolio\/asistencia-tecnica-en-el-marco-del-proyecto-jeremie\/?portfolioCats=40\">Asistencia t\u00e9cnica en el marco del proyecto JEREMIE<\/a>\n\t\t\t\n\t\t\t\t\t\t\t\t\n\t\t\t\t\n\t\t\t\t\t\t\t\t\t\t\t\t<h4 class=\"fusion-rollover-title\">\n\t\t\t\t\t<a href=\"https:\/\/abayanalistas.net\/en\/portfolio\/asistencia-tecnica-en-el-marco-del-proyecto-jeremie\/?portfolioCats=40\">\n\t\t\t\t\t\tAsistencia t\u00e9cnica en el marco del proyecto JEREMIE\t\t\t\t\t<\/a>\n\t\t\t\t<\/h4>\n\t\t\t\n\t\t\t\t\t\t\t\t\n\t\t\n\t\t\t\t<a class=\"fusion-link-wrapper\" href=\"https:\/\/abayanalistas.net\/en\/portfolio\/asistencia-tecnica-en-el-marco-del-proyecto-jeremie\/?portfolioCats=40\" aria-label=\"Asistencia t\u00e9cnica en el marco del proyecto JEREMIE\"><\/a>\n\t<\/div>\n<\/div>\n\n\t\n<\/div>\n<div class=\"fusion-portfolio-content\"><h2 class=\"entry-title fusion-post-title\"><a href=\"https:\/\/abayanalistas.net\/en\/portfolio\/asistencia-tecnica-en-el-marco-del-proyecto-jeremie\/?portfolioCats=40\">Asistencia t\u00e9cnica en el marco del proyecto JEREMIE<\/a><\/h2><div class=\"fusion-portfolio-meta\"><a href=\"https:\/\/abayanalistas.net\/en\/portfolio_category\/sme-and-entrepreneurship\/\" rel=\"tag\">SME and Entrepreneurship<\/a><\/div><div class=\"fusion-post-content\"><p>En el marco del proyecto JEREMIE, se ha realizado una asistencia t\u00e9cnica en materia relativa al Gap financiero y a los fallos de mercado que se identifican en la financiaci\u00f3n de las PYMES en Espa\u00f1a.<\/p><\/div><\/div><\/div><\/article><article id=\"portfolio-1-post-1872\" class=\"fusion-portfolio-post impact-and-policy-evaluation sector-studies sme-and-entrepreneurship fusion-col-spacing post-1872\"><div class=\"fusion-portfolio-content-wrapper\" style=\"border:none;\"><span class=\"vcard rich-snippet-hidden\"><span class=\"fn\"><a href=\"https:\/\/abayanalistas.net\/en\/author\/abay\/\" title=\"Posts by Abay\" rel=\"author\">Abay<\/a><\/span><\/span><span class=\"updated rich-snippet-hidden\">2016-11-21T19:52:47+00:00<\/span>\n\n<div  class=\"fusion-image-wrapper\" aria-haspopup=\"true\">\n\t\n\t\n\t\t\n\t\t\t\t\t<img loading=\"lazy\" decoding=\"async\" width=\"900\" height=\"1274\" src=\"https:\/\/abayanalistas.net\/en\/wp-content\/uploads\/Formacion-directiva-1-200x283.jpg\" class=\"attachment-full size-full wp-post-image\" alt=\"\" srcset=\"https:\/\/abayanalistas.net\/en\/wp-content\/uploads\/Formacion-directiva-1-200x283.jpg 200w, https:\/\/abayanalistas.net\/en\/wp-content\/uploads\/Formacion-directiva-1-400x566.jpg 400w, https:\/\/abayanalistas.net\/en\/wp-content\/uploads\/Formacion-directiva-1-600x849.jpg 600w, https:\/\/abayanalistas.net\/en\/wp-content\/uploads\/Formacion-directiva-1-800x1132.jpg 800w, https:\/\/abayanalistas.net\/en\/wp-content\/uploads\/Formacion-directiva-1.jpg 900w\" sizes=\"(min-width: 2200px) 100vw, (min-width: 1106px) 270px, (min-width: 1044px) 360px, (min-width: 982px) 540px, (min-width: 920px) 982px, \" \/>\n\t\n\n\t\t<div class=\"fusion-rollover\">\n\t<div class=\"fusion-rollover-content\">\n\n\t\t\t\t\t\t\t\t\t\t\t\t\t\t<a class=\"fusion-rollover-link\" href=\"https:\/\/abayanalistas.net\/en\/portfolio\/evaluacion-de-la-formacion-directiva-en-el-sector-de-las-tics-en-espana-estudio-cualitativo\/?portfolioCats=40\">Evaluaci\u00f3n de la Formaci\u00f3n Directiva en el Sector de las Tics en Espa\u00f1a. Estudio cualitativo<\/a>\n\t\t\t\n\t\t\t\t\t\t\t\t\n\t\t\t\t\n\t\t\t\t\t\t\t\t\t\t\t\t<h4 class=\"fusion-rollover-title\">\n\t\t\t\t\t<a href=\"https:\/\/abayanalistas.net\/en\/portfolio\/evaluacion-de-la-formacion-directiva-en-el-sector-de-las-tics-en-espana-estudio-cualitativo\/?portfolioCats=40\">\n\t\t\t\t\t\tEvaluaci\u00f3n de la Formaci\u00f3n Directiva en el Sector de las Tics en Espa\u00f1a. Estudio cualitativo\t\t\t\t\t<\/a>\n\t\t\t\t<\/h4>\n\t\t\t\n\t\t\t\t\t\t\t\t\n\t\t\n\t\t\t\t<a class=\"fusion-link-wrapper\" href=\"https:\/\/abayanalistas.net\/en\/portfolio\/evaluacion-de-la-formacion-directiva-en-el-sector-de-las-tics-en-espana-estudio-cualitativo\/?portfolioCats=40\" aria-label=\"Evaluaci\u00f3n de la Formaci\u00f3n Directiva en el Sector de las Tics en Espa\u00f1a. Estudio cualitativo\"><\/a>\n\t<\/div>\n<\/div>\n\n\t\n<\/div>\n<div class=\"fusion-portfolio-content\"><h2 class=\"entry-title fusion-post-title\"><a href=\"https:\/\/abayanalistas.net\/en\/portfolio\/evaluacion-de-la-formacion-directiva-en-el-sector-de-las-tics-en-espana-estudio-cualitativo\/?portfolioCats=40\">Evaluaci\u00f3n de la Formaci\u00f3n Directiva en el Sector de las Tics en Espa\u00f1a. Estudio cualitativo<\/a><\/h2><div class=\"fusion-portfolio-meta\"><a href=\"https:\/\/abayanalistas.net\/en\/portfolio_category\/impact-and-policy-evaluation\/\" rel=\"tag\">Impact and Policy Evaluation<\/a>, <a href=\"https:\/\/abayanalistas.net\/en\/portfolio_category\/sector-studies\/\" rel=\"tag\">Sector Studies<\/a>, <a href=\"https:\/\/abayanalistas.net\/en\/portfolio_category\/sme-and-entrepreneurship\/\" rel=\"tag\">SME and Entrepreneurship<\/a><\/div><div class=\"fusion-post-content\"><p>En el marco del proyecto titulado la \"Evaluaci\u00f3n de la Formaci\u00f3n Directiva en el Sector de las TICS en Espa\u00f1a\", Abay Analistas realiz\u00f3 un estudio cualitativo mediante entrevistas en profundidad y un grupo de discusi\u00f3n con el objetivo de aproximarse al tema desde la perspectiva de las empresas, en concreto de los responsables de recursos humanos de las mismas y de otras personas expertas por suposici\u00f3n y experiencia en la formaci\u00f3n y el desarrollo directivo del sector TIC.<\/p><\/div><\/div><\/div><\/article><article id=\"portfolio-1-post-1864\" class=\"fusion-portfolio-post impact-and-policy-evaluation sme-and-entrepreneurship fusion-col-spacing post-1864\"><div class=\"fusion-portfolio-content-wrapper\" style=\"border:none;\"><span class=\"vcard rich-snippet-hidden\"><span class=\"fn\"><a href=\"https:\/\/abayanalistas.net\/en\/author\/abay\/\" title=\"Posts by Abay\" rel=\"author\">Abay<\/a><\/span><\/span><span class=\"updated rich-snippet-hidden\">2016-11-21T19:52:48+00:00<\/span>\n\n<div  class=\"fusion-image-wrapper\" aria-haspopup=\"true\">\n\t\n\t\n\t\t\n\t\t\t\t\t<img loading=\"lazy\" decoding=\"async\" width=\"630\" height=\"320\" src=\"https:\/\/abayanalistas.net\/en\/wp-content\/uploads\/san-fernando-de-henares02-200x102.jpg\" class=\"attachment-full size-full wp-post-image\" alt=\"\" srcset=\"https:\/\/abayanalistas.net\/en\/wp-content\/uploads\/san-fernando-de-henares02-200x102.jpg 200w, https:\/\/abayanalistas.net\/en\/wp-content\/uploads\/san-fernando-de-henares02-400x203.jpg 400w, https:\/\/abayanalistas.net\/en\/wp-content\/uploads\/san-fernando-de-henares02-600x305.jpg 600w, https:\/\/abayanalistas.net\/en\/wp-content\/uploads\/san-fernando-de-henares02.jpg 630w\" sizes=\"(min-width: 2200px) 100vw, (min-width: 1106px) 270px, (min-width: 1044px) 360px, (min-width: 982px) 540px, (min-width: 920px) 982px, \" \/>\n\t\n\n\t\t<div class=\"fusion-rollover\">\n\t<div class=\"fusion-rollover-content\">\n\n\t\t\t\t\t\t\t\t\t\t\t\t\t\t<a class=\"fusion-rollover-link\" href=\"https:\/\/abayanalistas.net\/en\/portfolio\/politica-municipal-de-apoyo-a-losas-emprendedoresas-analisis-de-resultados\/?portfolioCats=40\">Pol\u00edtica municipal de apoyo a los\/as emprendedores\/as. An\u00e1lisis de resultados<\/a>\n\t\t\t\n\t\t\t\t\t\t\t\t\n\t\t\t\t\n\t\t\t\t\t\t\t\t\t\t\t\t<h4 class=\"fusion-rollover-title\">\n\t\t\t\t\t<a href=\"https:\/\/abayanalistas.net\/en\/portfolio\/politica-municipal-de-apoyo-a-losas-emprendedoresas-analisis-de-resultados\/?portfolioCats=40\">\n\t\t\t\t\t\tPol\u00edtica municipal de apoyo a los\/as emprendedores\/as. An\u00e1lisis de resultados\t\t\t\t\t<\/a>\n\t\t\t\t<\/h4>\n\t\t\t\n\t\t\t\t\t\t\t\t\n\t\t\n\t\t\t\t<a class=\"fusion-link-wrapper\" href=\"https:\/\/abayanalistas.net\/en\/portfolio\/politica-municipal-de-apoyo-a-losas-emprendedoresas-analisis-de-resultados\/?portfolioCats=40\" aria-label=\"Pol\u00edtica municipal de apoyo a los\/as emprendedores\/as. An\u00e1lisis de resultados\"><\/a>\n\t<\/div>\n<\/div>\n\n\t\n<\/div>\n<div class=\"fusion-portfolio-content\"><h2 class=\"entry-title fusion-post-title\"><a href=\"https:\/\/abayanalistas.net\/en\/portfolio\/politica-municipal-de-apoyo-a-losas-emprendedoresas-analisis-de-resultados\/?portfolioCats=40\">Pol\u00edtica municipal de apoyo a los\/as emprendedores\/as. An\u00e1lisis de resultados<\/a><\/h2><div class=\"fusion-portfolio-meta\"><a href=\"https:\/\/abayanalistas.net\/en\/portfolio_category\/impact-and-policy-evaluation\/\" rel=\"tag\">Impact and Policy Evaluation<\/a>, <a href=\"https:\/\/abayanalistas.net\/en\/portfolio_category\/sme-and-entrepreneurship\/\" rel=\"tag\">SME and Entrepreneurship<\/a><\/div><div class=\"fusion-post-content\"><p>El Ayuntamiento de San Fernando de Henares, en l\u00ednea con la Estrategia Europea para el Empleo, desarrolla diversas actuaciones de apoyo al fomento del esp\u00edritu emprendedor y a las empresas de  reciente creaci\u00f3n (acciones OPEA, servicio de asesoramiento a nuevas empresas, Centro Municipal de Empresas...)<\/p><\/div><\/div><\/div><\/article><article id=\"portfolio-1-post-1993\" class=\"fusion-portfolio-post sme-and-entrepreneurship fusion-col-spacing post-1993\"><div class=\"fusion-portfolio-content-wrapper\" style=\"border:none;\"><span class=\"vcard rich-snippet-hidden\"><span class=\"fn\"><a href=\"https:\/\/abayanalistas.net\/en\/author\/abay\/\" title=\"Posts by Abay\" rel=\"author\">Abay<\/a><\/span><\/span><span class=\"updated rich-snippet-hidden\">2016-11-21T19:52:52+00:00<\/span>\n\n<div  class=\"fusion-image-wrapper\" aria-haspopup=\"true\">\n\t\n\t\n\t\t\n\t\t\t\t\t<img loading=\"lazy\" decoding=\"async\" width=\"900\" height=\"1274\" src=\"https:\/\/abayanalistas.net\/en\/wp-content\/uploads\/financiacion_grupo-1-200x283.jpg\" class=\"attachment-full size-full wp-post-image\" alt=\"Financiaci\u00f3n y nuevos instrumentos financieros para la PYME-1\" srcset=\"https:\/\/abayanalistas.net\/en\/wp-content\/uploads\/financiacion_grupo-1-200x283.jpg 200w, https:\/\/abayanalistas.net\/en\/wp-content\/uploads\/financiacion_grupo-1-400x566.jpg 400w, https:\/\/abayanalistas.net\/en\/wp-content\/uploads\/financiacion_grupo-1-600x849.jpg 600w, https:\/\/abayanalistas.net\/en\/wp-content\/uploads\/financiacion_grupo-1-800x1132.jpg 800w, https:\/\/abayanalistas.net\/en\/wp-content\/uploads\/financiacion_grupo-1.jpg 900w\" sizes=\"(min-width: 2200px) 100vw, (min-width: 1106px) 270px, (min-width: 1044px) 360px, (min-width: 982px) 540px, (min-width: 920px) 982px, \" \/>\n\t\n\n\t\t<div class=\"fusion-rollover\">\n\t<div class=\"fusion-rollover-content\">\n\n\t\t\t\t\t\t\t\t\t\t\t\t\t\t<a class=\"fusion-rollover-link\" href=\"https:\/\/abayanalistas.net\/en\/portfolio\/financiacion-y-nuevos-instrumentos-financieros-para-la-pyme\/?portfolioCats=40\">Financiaci\u00f3n y nuevos instrumentos financieros para la PYME<\/a>\n\t\t\t\n\t\t\t\t\t\t\t\t\n\t\t\t\t\n\t\t\t\t\t\t\t\t\t\t\t\t<h4 class=\"fusion-rollover-title\">\n\t\t\t\t\t<a href=\"https:\/\/abayanalistas.net\/en\/portfolio\/financiacion-y-nuevos-instrumentos-financieros-para-la-pyme\/?portfolioCats=40\">\n\t\t\t\t\t\tFinanciaci\u00f3n y nuevos instrumentos financieros para la PYME\t\t\t\t\t<\/a>\n\t\t\t\t<\/h4>\n\t\t\t\n\t\t\t\t\t\t\t\t\n\t\t\n\t\t\t\t<a class=\"fusion-link-wrapper\" href=\"https:\/\/abayanalistas.net\/en\/portfolio\/financiacion-y-nuevos-instrumentos-financieros-para-la-pyme\/?portfolioCats=40\" aria-label=\"Financiaci\u00f3n y nuevos instrumentos financieros para la PYME\"><\/a>\n\t<\/div>\n<\/div>\n\n\t\n<\/div>\n<div class=\"fusion-portfolio-content\"><h2 class=\"entry-title fusion-post-title\"><a href=\"https:\/\/abayanalistas.net\/en\/portfolio\/financiacion-y-nuevos-instrumentos-financieros-para-la-pyme\/?portfolioCats=40\">Financiaci\u00f3n y nuevos instrumentos financieros para la PYME<\/a><\/h2><div class=\"fusion-portfolio-meta\"><a href=\"https:\/\/abayanalistas.net\/en\/portfolio_category\/sme-and-entrepreneurship\/\" rel=\"tag\">SME and Entrepreneurship<\/a><\/div><div class=\"fusion-post-content\"><p>Este an\u00e1lisis sobre financiaci\u00f3n y nuevos instrumentos financieros para la PYME nace de la preocupaci\u00f3n del Consejo Superior de C\u00e1maras de Comercio por el que constituye uno de los principales problemas de las PYME espa\u00f1olas, la financiaci\u00f3n. <\/p><\/div><\/div><\/div><\/article><article id=\"portfolio-1-post-1590\" class=\"fusion-portfolio-post gender sme-and-entrepreneurship sustainability fusion-col-spacing post-1590\"><div class=\"fusion-portfolio-content-wrapper\" style=\"border:none;\"><span class=\"vcard rich-snippet-hidden\"><span class=\"fn\"><a href=\"https:\/\/abayanalistas.net\/en\/author\/abay\/\" title=\"Posts by Abay\" rel=\"author\">Abay<\/a><\/span><\/span><span class=\"updated rich-snippet-hidden\">2016-11-21T19:52:55+00:00<\/span>\n\n<div  class=\"fusion-image-wrapper\" aria-haspopup=\"true\">\n\t\n\t\n\t\t\n\t\t\t\t\t<img loading=\"lazy\" decoding=\"async\" width=\"900\" height=\"1271\" src=\"https:\/\/abayanalistas.net\/en\/wp-content\/uploads\/Mujeres-Empresarias-1-200x282.jpg\" class=\"attachment-full size-full wp-post-image\" alt=\"Mujeres empresarias en la econom\u00eda espa\u00f1ola\" srcset=\"https:\/\/abayanalistas.net\/en\/wp-content\/uploads\/Mujeres-Empresarias-1-200x282.jpg 200w, https:\/\/abayanalistas.net\/en\/wp-content\/uploads\/Mujeres-Empresarias-1-400x565.jpg 400w, https:\/\/abayanalistas.net\/en\/wp-content\/uploads\/Mujeres-Empresarias-1-600x847.jpg 600w, https:\/\/abayanalistas.net\/en\/wp-content\/uploads\/Mujeres-Empresarias-1-800x1130.jpg 800w, https:\/\/abayanalistas.net\/en\/wp-content\/uploads\/Mujeres-Empresarias-1.jpg 900w\" sizes=\"(min-width: 2200px) 100vw, (min-width: 1106px) 270px, (min-width: 1044px) 360px, (min-width: 982px) 540px, (min-width: 920px) 982px, \" \/>\n\t\n\n\t\t<div class=\"fusion-rollover\">\n\t<div class=\"fusion-rollover-content\">\n\n\t\t\t\t\t\t\t\t\t\t\t\t\t\t<a class=\"fusion-rollover-link\" href=\"https:\/\/abayanalistas.net\/en\/portfolio\/mujeres-empresarias-en-la-economia-espanola\/?portfolioCats=40\">Mujeres empresarias en la econom\u00eda espa\u00f1ola<\/a>\n\t\t\t\n\t\t\t\t\t\t\t\t\n\t\t\t\t\n\t\t\t\t\t\t\t\t\t\t\t\t<h4 class=\"fusion-rollover-title\">\n\t\t\t\t\t<a href=\"https:\/\/abayanalistas.net\/en\/portfolio\/mujeres-empresarias-en-la-economia-espanola\/?portfolioCats=40\">\n\t\t\t\t\t\tMujeres empresarias en la econom\u00eda espa\u00f1ola\t\t\t\t\t<\/a>\n\t\t\t\t<\/h4>\n\t\t\t\n\t\t\t\t\t\t\t\t\n\t\t\n\t\t\t\t<a class=\"fusion-link-wrapper\" href=\"https:\/\/abayanalistas.net\/en\/portfolio\/mujeres-empresarias-en-la-economia-espanola\/?portfolioCats=40\" aria-label=\"Mujeres empresarias en la econom\u00eda espa\u00f1ola\"><\/a>\n\t<\/div>\n<\/div>\n\n\t\n<\/div>\n<div class=\"fusion-portfolio-content\"><h2 class=\"entry-title fusion-post-title\"><a href=\"https:\/\/abayanalistas.net\/en\/portfolio\/mujeres-empresarias-en-la-economia-espanola\/?portfolioCats=40\">Mujeres empresarias en la econom\u00eda espa\u00f1ola<\/a><\/h2><div class=\"fusion-portfolio-meta\"><a href=\"https:\/\/abayanalistas.net\/en\/portfolio_category\/gender\/\" rel=\"tag\">Gender<\/a>, <a href=\"https:\/\/abayanalistas.net\/en\/portfolio_category\/sme-and-entrepreneurship\/\" rel=\"tag\">SME and Entrepreneurship<\/a>, <a href=\"https:\/\/abayanalistas.net\/en\/portfolio_category\/sustainability\/\" rel=\"tag\">Sustainability<\/a><\/div><div class=\"fusion-post-content\"><p>En este proyecto Abay Analistas y  el Consejo Superior de C\u00e1maras de Comercio, han realizado un detallado an\u00e1lisis sobre las mujeres emprendedoras y empresarias en la econom\u00eda espa\u00f1ola. <\/p><\/div><\/div><\/div><\/article><article id=\"portfolio-1-post-2014\" class=\"fusion-portfolio-post sme-and-entrepreneurship fusion-col-spacing post-2014\"><div class=\"fusion-portfolio-content-wrapper\" style=\"border:none;\"><span class=\"vcard rich-snippet-hidden\"><span class=\"fn\"><a href=\"https:\/\/abayanalistas.net\/en\/author\/abay\/\" title=\"Posts by Abay\" rel=\"author\">Abay<\/a><\/span><\/span><span class=\"updated rich-snippet-hidden\">2016-11-21T19:52:57+00:00<\/span>\n\n<div  class=\"fusion-image-wrapper\" aria-haspopup=\"true\">\n\t\n\t\n\t\t\n\t\t\t\t\t<img loading=\"lazy\" decoding=\"async\" width=\"900\" height=\"1271\" src=\"https:\/\/abayanalistas.net\/en\/wp-content\/uploads\/competitividad_tamano-1-200x282.jpg\" class=\"attachment-full size-full wp-post-image\" alt=\"Competitividad y Tama\u00f1o Empresarial\" srcset=\"https:\/\/abayanalistas.net\/en\/wp-content\/uploads\/competitividad_tamano-1-200x282.jpg 200w, https:\/\/abayanalistas.net\/en\/wp-content\/uploads\/competitividad_tamano-1-400x565.jpg 400w, https:\/\/abayanalistas.net\/en\/wp-content\/uploads\/competitividad_tamano-1-600x847.jpg 600w, https:\/\/abayanalistas.net\/en\/wp-content\/uploads\/competitividad_tamano-1-800x1130.jpg 800w, https:\/\/abayanalistas.net\/en\/wp-content\/uploads\/competitividad_tamano-1.jpg 900w\" sizes=\"(min-width: 2200px) 100vw, (min-width: 1106px) 270px, (min-width: 1044px) 360px, (min-width: 982px) 540px, (min-width: 920px) 982px, \" \/>\n\t\n\n\t\t<div class=\"fusion-rollover\">\n\t<div class=\"fusion-rollover-content\">\n\n\t\t\t\t\t\t\t\t\t\t\t\t\t\t<a class=\"fusion-rollover-link\" href=\"https:\/\/abayanalistas.net\/en\/portfolio\/competitividad-y-tamano-empresarial\/?portfolioCats=40\">Competitividad y Tama\u00f1o Empresarial<\/a>\n\t\t\t\n\t\t\t\t\t\t\t\t\n\t\t\t\t\n\t\t\t\t\t\t\t\t\t\t\t\t<h4 class=\"fusion-rollover-title\">\n\t\t\t\t\t<a href=\"https:\/\/abayanalistas.net\/en\/portfolio\/competitividad-y-tamano-empresarial\/?portfolioCats=40\">\n\t\t\t\t\t\tCompetitividad y Tama\u00f1o Empresarial\t\t\t\t\t<\/a>\n\t\t\t\t<\/h4>\n\t\t\t\n\t\t\t\t\t\t\t\t\n\t\t\n\t\t\t\t<a class=\"fusion-link-wrapper\" href=\"https:\/\/abayanalistas.net\/en\/portfolio\/competitividad-y-tamano-empresarial\/?portfolioCats=40\" aria-label=\"Competitividad y Tama\u00f1o Empresarial\"><\/a>\n\t<\/div>\n<\/div>\n\n\t\n<\/div>\n<div class=\"fusion-portfolio-content\"><h2 class=\"entry-title fusion-post-title\"><a href=\"https:\/\/abayanalistas.net\/en\/portfolio\/competitividad-y-tamano-empresarial\/?portfolioCats=40\">Competitividad y Tama\u00f1o Empresarial<\/a><\/h2><div class=\"fusion-portfolio-meta\"><a href=\"https:\/\/abayanalistas.net\/en\/portfolio_category\/sme-and-entrepreneurship\/\" rel=\"tag\">SME and Entrepreneurship<\/a><\/div><div class=\"fusion-post-content\"><p>La importancia econ\u00f3mica y social de las peque\u00f1as y medianas empresas justifica por s\u00ed misma cualquier an\u00e1lisis relativo al tama\u00f1o empresarial. El 99,8% de las empresas espa\u00f1olas son pyme, y el 94% son microempresas (menos de 10 trabajadores). <\/p><\/div><\/div><\/div><\/article><\/div><\/div><div class=\"fusion-clearfix\"><\/div>\n\n\t\t\t\t\t<\/div>\n\t\t\t\t<\/div><\/div><\/div>\n","protected":false},"excerpt":{"rendered":"","protected":false},"author":1,"featured_media":0,"parent":0,"menu_order":0,"comment_status":"closed","ping_status":"closed","template":"","meta":{"footnotes":""},"_links":{"self":[{"href":"https:\/\/abayanalistas.net\/en\/wp-json\/wp\/v2\/pages\/1544"}],"collection":[{"href":"https:\/\/abayanalistas.net\/en\/wp-json\/wp\/v2\/pages"}],"about":[{"href":"https:\/\/abayanalistas.net\/en\/wp-json\/wp\/v2\/types\/page"}],"author":[{"embeddable":true,"href":"https:\/\/abayanalistas.net\/en\/wp-json\/wp\/v2\/users\/1"}],"replies":[{"embeddable":true,"href":"https:\/\/abayanalistas.net\/en\/wp-json\/wp\/v2\/comments?post=1544"}],"version-history":[{"count":7,"href":"https:\/\/abayanalistas.net\/en\/wp-json\/wp\/v2\/pages\/1544\/revisions"}],"predecessor-version":[{"id":2866,"href":"https:\/\/abayanalistas.net\/en\/wp-json\/wp\/v2\/pages\/1544\/revisions\/2866"}],"wp:attachment":[{"href":"https:\/\/abayanalistas.net\/en\/wp-json\/wp\/v2\/media?parent=1544"}],"curies":[{"name":"wp","href":"https:\/\/api.w.org\/{rel}","templated":true}]}}