{"id":444,"date":"2015-06-29T23:01:13","date_gmt":"2015-06-29T23:01:13","guid":{"rendered":"http:\/\/avada.theme-fusion.com\/architecture\/?page_id=444"},"modified":"2021-04-13T10:03:24","modified_gmt":"2021-04-13T10:03:24","slug":"noticias","status":"publish","type":"page","link":"http:\/\/abayanalistas.net\/es\/noticias\/","title":{"rendered":"NOTICIAS"},"content":{"rendered":"<div class=\"fusion-fullwidth fullwidth-box fusion-builder-row-1 nonhundred-percent-fullwidth non-hundred-percent-height-scrolling\" style=\"background-color: rgba(255,255,255,0);background-position: left top;background-repeat: no-repeat;padding-top:20px;padding-right:0px;padding-bottom:20px;padding-left:0px;margin-bottom: 0px;margin-top: 0px;border-width: 0px 0px 0px 0px;border-color:#eae9e9;border-style:solid;\" ><div class=\"fusion-builder-row fusion-row\"><div class=\"fusion-layout-column fusion_builder_column fusion-builder-column-0 fusion_builder_column_1_1 1_1 fusion-one-full fusion-column-first fusion-column-last fusion-column-no-min-height\" style=\"margin-top:0px;margin-bottom:0px;\"><div class=\"fusion-column-wrapper fusion-flex-column-wrapper-legacy\" style=\"background-position:left top;background-repeat:no-repeat;-webkit-background-size:cover;-moz-background-size:cover;-o-background-size:cover;background-size:cover;padding: 0px 0px 0px 0px;\"><div class=\"fusion-text fusion-text-1\"><p>Las noticias que aparecen en este apartado hacen referencia a estudios o informes realizados por Abay Analistas Econ\u00f3micos y Sociales, destacados por los medios de comunicaci\u00f3n o merecedores de alg\u00fan premio o reconocimiento. Asimismo recoge ponencias y presentaciones, protagonizadas por Abay en diferentes eventos y jornadas.<\/p>\n<\/div><div class=\"fusion-sep-clear\"><\/div><div class=\"fusion-separator fusion-full-width-sep\" style=\"margin-left: auto;margin-right: auto;margin-top:25px;margin-bottom:25px;width:100%;\"><div class=\"fusion-separator-border sep-single sep-solid\" style=\"border-color:#dbdbdb;border-top-width:1px;\"><\/div><\/div><div class=\"fusion-sep-clear\"><\/div><div class=\"fusion-clearfix\"><\/div><\/div><\/div><div class=\"fusion-layout-column fusion_builder_column fusion-builder-column-1 fusion_builder_column_1_1 1_1 fusion-one-full fusion-column-first fusion-column-last fusion-column-no-min-height\" style=\"margin-top:0px;margin-bottom:0px;\"><div class=\"fusion-column-wrapper fusion-flex-column-wrapper-legacy\" style=\"background-position:left top;background-repeat:no-repeat;-webkit-background-size:cover;-moz-background-size:cover;-o-background-size:cover;background-size:cover;padding: 0px 0px 0px 0px;\"><div class=\"fusion-blog-shortcode fusion-blog-shortcode-1 fusion-blog-archive fusion-blog-layout-medium fusion-blog-infinite\"><div class=\"fusion-posts-container fusion-posts-container-infinite fusion-no-meta-info fusion-blog-rollover\" data-pages=\"4\"><article id=\"blog-1-post-4157\" class=\"fusion-post-medium post-4157 post type-post status-publish format-standard has-post-thumbnail hentry category-articulos-en-revistas category-noticia\">\n\t<style type=\"text\/css\">\n\t\t\n\t\t\n\t\t\n\t\t\n\t\t\t<\/style>\n\n\n\t\t\t<div class=\"fusion-flexslider flexslider fusion-flexslider-loading fusion-post-slideshow\" style=\"\">\n\t\t<ul class=\"slides\">\n\t\t\t\n\t\t\t\t\t\t\t\t\t\t\t\t\t\t<li>\n\n<div  class=\"fusion-image-wrapper fusion-image-size-fixed\" aria-haspopup=\"true\">\n\t\n\t\n\t\n\t\t\n\t\t\t\t\t<img decoding=\"async\" width=\"320\" height=\"202\" src=\"data:image\/svg+xml,%3Csvg%20xmlns%3D%27http%3A%2F%2Fwww.w3.org%2F2000%2Fsvg%27%20width%3D%27491%27%20height%3D%27228%27%20viewBox%3D%270%200%20491%20228%27%3E%3Crect%20width%3D%27491%27%20height%3D%27228%27%20fill-opacity%3D%220%22%2F%3E%3C%2Fsvg%3E\" class=\"attachment-blog-medium size-blog-medium lazyload wp-post-image\" alt=\"123\" data-orig-src=\"http:\/\/abayanalistas.net\/es\/wp-content\/uploads\/123-4-320x202.png\" \/>\n\t\n\n\t\t<div class=\"fusion-rollover\">\n\t<div class=\"fusion-rollover-content\">\n\n\t\t\t\t\t\t\t\t\t\t\t\t\t\t<a class=\"fusion-rollover-link\" href=\"http:\/\/abayanalistas.net\/es\/gender-challenges-in-just-energy-transition-the-labour-market-perspective\/\">Gender challenges in just energy transition: The labour market perspective<\/a>\n\t\t\t\n\t\t\t\t\t\t\t\t\n\t\t\n\t\t\t\t\t\t\t\t\t\t\t\t<h4 class=\"fusion-rollover-title\">\n\t\t\t\t\t<a class=\"fusion-rollover-title-link\" href=\"http:\/\/abayanalistas.net\/es\/gender-challenges-in-just-energy-transition-the-labour-market-perspective\/\">\n\t\t\t\t\t\tGender challenges in just energy transition: The labour market perspective\t\t\t\t\t<\/a>\n\t\t\t\t<\/h4>\n\t\t\t\n\t\t\t\t\t\t\t\t\n\t\t\n\t\t\t\t\t\t<a class=\"fusion-link-wrapper\" href=\"http:\/\/abayanalistas.net\/es\/gender-challenges-in-just-energy-transition-the-labour-market-perspective\/\" aria-label=\"Gender challenges in just energy transition: The labour market perspective\"><\/a>\n\t<\/div>\n<\/div>\n\n\t\n<\/div>\n<\/li>\n\t\t\t\n\t\t\t\n\t\t\t\t\t\t\t\t\t\t\t\t\t\t\t\t\t\t\t\t\t\t\t\t\t\t\t\t\t\t\t\t\t\t\t\t\t\t\t\t\t\t\t\t\t\t\t\t\t\t\t\t\t\t\t\t\t\t\t\t\t\t\t\t\t\t\t\t<\/ul>\n\t<\/div>\n\t<div class=\"fusion-post-content post-content\"><h2 class=\"blog-shortcode-post-title entry-title\"><a href=\"http:\/\/abayanalistas.net\/es\/gender-challenges-in-just-energy-transition-the-labour-market-perspective\/\">Gender challenges in just energy transition: The labour market perspective<\/a><\/h2><div class=\"fusion-post-content-container\"><p> Art\u00edculo publicado en la revista Energy Research &amp; Social Science Autor\u00eda: Rosa Santero-S\u00e1nchez, Bel\u00e9n Castro N\u00fa\u00f1ez, V\u00edctor Mart\u00edn Barroso, Maribel Mart\u00ednez Mart\u00edn La transici\u00f3n energ\u00e9tica supone un reto importante con amplias implicaciones sociales y [...]<\/p><\/div><\/div><div class=\"fusion-clearfix\"><\/div><\/article>\n<article id=\"blog-1-post-4154\" class=\"fusion-post-medium post-4154 post type-post status-publish format-standard has-post-thumbnail hentry category-articulos-en-revistas category-noticia\">\n\t<style type=\"text\/css\">\n\t\t\n\t\t\n\t\t\n\t\t\n\t\t\t<\/style>\n\n\n\t\t\t<div class=\"fusion-flexslider flexslider fusion-flexslider-loading fusion-post-slideshow\" style=\"\">\n\t\t<ul class=\"slides\">\n\t\t\t\n\t\t\t\t\t\t\t\t\t\t\t\t\t\t<li>\n\n<div  class=\"fusion-image-wrapper fusion-image-size-fixed\" aria-haspopup=\"true\">\n\t\n\t\n\t\n\t\t\n\t\t\t\t\t<img decoding=\"async\" width=\"320\" height=\"202\" src=\"data:image\/svg+xml,%3Csvg%20xmlns%3D%27http%3A%2F%2Fwww.w3.org%2F2000%2Fsvg%27%20width%3D%27547%27%20height%3D%27607%27%20viewBox%3D%270%200%20547%20607%27%3E%3Crect%20width%3D%27547%27%20height%3D%27607%27%20fill-opacity%3D%220%22%2F%3E%3C%2Fsvg%3E\" class=\"attachment-blog-medium size-blog-medium lazyload wp-post-image\" alt=\"123\" data-orig-src=\"http:\/\/abayanalistas.net\/es\/wp-content\/uploads\/123-3-320x202.png\" \/>\n\t\n\n\t\t<div class=\"fusion-rollover\">\n\t<div class=\"fusion-rollover-content\">\n\n\t\t\t\t\t\t\t\t\t\t\t\t\t\t<a class=\"fusion-rollover-link\" href=\"http:\/\/abayanalistas.net\/es\/el-sector-de-cuidados-en-la-economia-social-asturiana-retos-y-oportunidades\/\">El sector de cuidados en la econom\u00eda social asturiana: Retos y oportunidades<\/a>\n\t\t\t\n\t\t\t\t\t\t\t\t\n\t\t\n\t\t\t\t\t\t\t\t\t\t\t\t<h4 class=\"fusion-rollover-title\">\n\t\t\t\t\t<a class=\"fusion-rollover-title-link\" href=\"http:\/\/abayanalistas.net\/es\/el-sector-de-cuidados-en-la-economia-social-asturiana-retos-y-oportunidades\/\">\n\t\t\t\t\t\tEl sector de cuidados en la econom\u00eda social asturiana: Retos y oportunidades\t\t\t\t\t<\/a>\n\t\t\t\t<\/h4>\n\t\t\t\n\t\t\t\t\t\t\t\t\n\t\t\n\t\t\t\t\t\t<a class=\"fusion-link-wrapper\" href=\"http:\/\/abayanalistas.net\/es\/el-sector-de-cuidados-en-la-economia-social-asturiana-retos-y-oportunidades\/\" aria-label=\"El sector de cuidados en la econom\u00eda social asturiana: Retos y oportunidades\"><\/a>\n\t<\/div>\n<\/div>\n\n\t\n<\/div>\n<\/li>\n\t\t\t\n\t\t\t\n\t\t\t\t\t\t\t\t\t\t\t\t\t\t\t\t\t\t\t\t\t\t\t\t\t\t\t\t\t\t\t\t\t\t\t\t\t\t\t\t\t\t\t\t\t\t\t\t\t\t\t\t\t\t\t\t\t\t\t\t\t\t\t\t\t\t\t\t<\/ul>\n\t<\/div>\n\t<div class=\"fusion-post-content post-content\"><h2 class=\"blog-shortcode-post-title entry-title\"><a href=\"http:\/\/abayanalistas.net\/es\/el-sector-de-cuidados-en-la-economia-social-asturiana-retos-y-oportunidades\/\">El sector de cuidados en la econom\u00eda social asturiana: Retos y oportunidades<\/a><\/h2><div class=\"fusion-post-content-container\"><p> Cap\u00edtulo 8 perteneciente a la publicaci\u00f3n Longevidad, justicia social y pol\u00edticas p\u00fablicas: Miradas interseccionales desde los territorios Autor\u00eda: Rosa Santero S\u00e1nchez, Maribel Mart\u00ednez Mart\u00edn, Pablo Soria Lavara La organizaci\u00f3n social de los cuidados aparece [...]<\/p><\/div><\/div><div class=\"fusion-clearfix\"><\/div><\/article>\n<article id=\"blog-1-post-4123\" class=\"fusion-post-medium post-4123 post type-post status-publish format-standard has-post-thumbnail hentry category-noticia category-presentaciones-de-informes\">\n\t<style type=\"text\/css\">\n\t\t\n\t\t\n\t\t\n\t\t\n\t\t\t<\/style>\n\n\n\t\t\t<div class=\"fusion-flexslider flexslider fusion-flexslider-loading fusion-post-slideshow\" style=\"\">\n\t\t<ul class=\"slides\">\n\t\t\t\n\t\t\t\t\t\t\t\t\t\t\t\t\t\t<li>\n\n<div  class=\"fusion-image-wrapper fusion-image-size-fixed\" aria-haspopup=\"true\">\n\t\n\t\n\t\n\t\t\n\t\t\t\t\t<img decoding=\"async\" width=\"320\" height=\"202\" src=\"http:\/\/abayanalistas.net\/es\/wp-content\/uploads\/image020250513120636-320x202.jpeg\" class=\"attachment-blog-medium size-blog-medium lazyload wp-post-image\" alt=\"image020250513120636\" srcset=\"data:image\/svg+xml,%3Csvg%20xmlns%3D%27http%3A%2F%2Fwww.w3.org%2F2000%2Fsvg%27%20width%3D%272560%27%20height%3D%271707%27%20viewBox%3D%270%200%202560%201707%27%3E%3Crect%20width%3D%272560%27%20height%3D%271707%27%20fill-opacity%3D%220%22%2F%3E%3C%2Fsvg%3E\" data-orig-src=\"http:\/\/abayanalistas.net\/es\/wp-content\/uploads\/image020250513120636-320x202.jpeg\" data-srcset=\"http:\/\/abayanalistas.net\/es\/wp-content\/uploads\/image020250513120636-320x202.jpeg 320w, http:\/\/abayanalistas.net\/es\/wp-content\/uploads\/image020250513120636-700x441.jpeg 700w\" data-sizes=\"auto\" \/>\n\t\n\n\t\t<div class=\"fusion-rollover\">\n\t<div class=\"fusion-rollover-content\">\n\n\t\t\t\t\t\t\t\t\t\t\t\t\t\t<a class=\"fusion-rollover-link\" href=\"http:\/\/abayanalistas.net\/es\/presentacion-del-vi-informe-sobre-la-financiacion-de-pymes-y-autonomos-de-andalucia-2024\/\">Presentaci\u00f3n del VI Informe sobre la financiaci\u00f3n de pymes y aut\u00f3nomos de Andaluc\u00eda 2024<\/a>\n\t\t\t\n\t\t\t\t\t\t\t\t\n\t\t\n\t\t\t\t\t\t\t\t\t\t\t\t<h4 class=\"fusion-rollover-title\">\n\t\t\t\t\t<a class=\"fusion-rollover-title-link\" href=\"http:\/\/abayanalistas.net\/es\/presentacion-del-vi-informe-sobre-la-financiacion-de-pymes-y-autonomos-de-andalucia-2024\/\">\n\t\t\t\t\t\tPresentaci\u00f3n del VI Informe sobre la financiaci\u00f3n de pymes y aut\u00f3nomos de Andaluc\u00eda 2024\t\t\t\t\t<\/a>\n\t\t\t\t<\/h4>\n\t\t\t\n\t\t\t\t\t\t\t\t\n\t\t\n\t\t\t\t\t\t<a class=\"fusion-link-wrapper\" href=\"http:\/\/abayanalistas.net\/es\/presentacion-del-vi-informe-sobre-la-financiacion-de-pymes-y-autonomos-de-andalucia-2024\/\" aria-label=\"Presentaci\u00f3n del VI Informe sobre la financiaci\u00f3n de pymes y aut\u00f3nomos de Andaluc\u00eda 2024\"><\/a>\n\t<\/div>\n<\/div>\n\n\t\n<\/div>\n<\/li>\n\t\t\t\n\t\t\t\n\t\t\t\t\t\t\t\t\t\t\t\t\t\t\t\t\t\t\t\t\t\t\t\t\t\t\t\t\t\t\t\t\t\t\t\t\t\t\t\t\t\t\t\t\t\t\t\t\t\t\t\t\t\t\t\t\t\t\t\t\t\t\t\t\t\t\t\t<\/ul>\n\t<\/div>\n\t<div class=\"fusion-post-content post-content\"><h2 class=\"blog-shortcode-post-title entry-title\"><a href=\"http:\/\/abayanalistas.net\/es\/presentacion-del-vi-informe-sobre-la-financiacion-de-pymes-y-autonomos-de-andalucia-2024\/\">Presentaci\u00f3n del VI Informe sobre la financiaci\u00f3n de pymes y aut\u00f3nomos de Andaluc\u00eda 2024<\/a><\/h2><div class=\"fusion-post-content-container\"><p> Las pymes andaluzas cerraron 2024 con una evoluci\u00f3n positiva de su situaci\u00f3n econ\u00f3mica y financiera, consolidando un proceso de recuperaci\u00f3n que las alejas del estr\u00e9s financiero vivido durante la pandemia y los a\u00f1os inmediatamente [...]<\/p><\/div><\/div><div class=\"fusion-clearfix\"><\/div><\/article>\n<article id=\"blog-1-post-4106\" class=\"fusion-post-medium post-4106 post type-post status-publish format-standard has-post-thumbnail hentry category-noticia category-presentaciones-de-informes\">\n\t<style type=\"text\/css\">\n\t\t\n\t\t\n\t\t\n\t\t\n\t\t\t<\/style>\n\n\n\t\t\t<div class=\"fusion-flexslider flexslider fusion-flexslider-loading fusion-post-slideshow\" style=\"\">\n\t\t<ul class=\"slides\">\n\t\t\t\n\t\t\t\t\t\t\t\t\t\t\t\t\t\t<li>\n\n<div  class=\"fusion-image-wrapper fusion-image-size-fixed\" aria-haspopup=\"true\">\n\t\n\t\n\t\n\t\t\n\t\t\t\t\t<img decoding=\"async\" width=\"320\" height=\"202\" src=\"data:image\/svg+xml,%3Csvg%20xmlns%3D%27http%3A%2F%2Fwww.w3.org%2F2000%2Fsvg%27%20width%3D%27375%27%20height%3D%27278%27%20viewBox%3D%270%200%20375%20278%27%3E%3Crect%20width%3D%27375%27%20height%3D%27278%27%20fill-opacity%3D%220%22%2F%3E%3C%2Fsvg%3E\" class=\"attachment-blog-medium size-blog-medium lazyload wp-post-image\" alt=\"Sin t\u00edtulo\" data-orig-src=\"http:\/\/abayanalistas.net\/es\/wp-content\/uploads\/Sin-titulo-5-320x202.png\" \/>\n\t\n\n\t\t<div class=\"fusion-rollover\">\n\t<div class=\"fusion-rollover-content\">\n\n\t\t\t\t\t\t\t\t\t\t\t\t\t\t<a class=\"fusion-rollover-link\" href=\"http:\/\/abayanalistas.net\/es\/presentacion-del-informe-la-accion-climatica-en-las-empresas-espanolas-2024\/\">Presentaci\u00f3n del informe \u00abLa acci\u00f3n clim\u00e1tica en las empresas espa\u00f1olas 2024\u00bb<\/a>\n\t\t\t\n\t\t\t\t\t\t\t\t\n\t\t\n\t\t\t\t\t\t\t\t\t\t\t\t<h4 class=\"fusion-rollover-title\">\n\t\t\t\t\t<a class=\"fusion-rollover-title-link\" href=\"http:\/\/abayanalistas.net\/es\/presentacion-del-informe-la-accion-climatica-en-las-empresas-espanolas-2024\/\">\n\t\t\t\t\t\tPresentaci\u00f3n del informe \u00abLa acci\u00f3n clim\u00e1tica en las empresas espa\u00f1olas 2024\u00bb\t\t\t\t\t<\/a>\n\t\t\t\t<\/h4>\n\t\t\t\n\t\t\t\t\t\t\t\t\n\t\t\n\t\t\t\t\t\t<a class=\"fusion-link-wrapper\" href=\"http:\/\/abayanalistas.net\/es\/presentacion-del-informe-la-accion-climatica-en-las-empresas-espanolas-2024\/\" aria-label=\"Presentaci\u00f3n del informe \u00abLa acci\u00f3n clim\u00e1tica en las empresas espa\u00f1olas 2024\u00bb\"><\/a>\n\t<\/div>\n<\/div>\n\n\t\n<\/div>\n<\/li>\n\t\t\t\n\t\t\t\n\t\t\t\t\t\t\t\t\t\t\t\t\t\t\t\t\t\t\t\t\t\t\t\t\t\t\t\t\t\t\t\t\t\t\t\t\t\t\t\t\t\t\t\t\t\t\t\t\t\t\t\t\t\t\t\t\t\t\t\t\t\t\t\t\t\t\t\t<\/ul>\n\t<\/div>\n\t<div class=\"fusion-post-content post-content\"><h2 class=\"blog-shortcode-post-title entry-title\"><a href=\"http:\/\/abayanalistas.net\/es\/presentacion-del-informe-la-accion-climatica-en-las-empresas-espanolas-2024\/\">Presentaci\u00f3n del informe \u00abLa acci\u00f3n clim\u00e1tica en las empresas espa\u00f1olas 2024\u00bb<\/a><\/h2><div class=\"fusion-post-content-container\"><p> Presentaci\u00f3n del informe \"La acci\u00f3n clim\u00e1tica en las empresas espa\u00f1olas 2024\" en el evento de presentaci\u00f3n de Alinnea, think and action tank creado para impulsar la acci\u00f3n clim\u00e1tica en Espa\u00f1a, en la Torre IE [...]<\/p><\/div><\/div><div class=\"fusion-clearfix\"><\/div><\/article>\n<article id=\"blog-1-post-4080\" class=\"fusion-post-medium post-4080 post type-post status-publish format-standard has-post-thumbnail hentry category-noticia category-presentaciones-de-informes\">\n\t<style type=\"text\/css\">\n\t\t\n\t\t\n\t\t\n\t\t\n\t\t\t<\/style>\n\n\n\t\t\t<div class=\"fusion-flexslider flexslider fusion-flexslider-loading fusion-post-slideshow\" style=\"\">\n\t\t<ul class=\"slides\">\n\t\t\t\n\t\t\t\t\t\t\t\t\t\t\t\t\t\t<li>\n\n<div  class=\"fusion-image-wrapper fusion-image-size-fixed\" aria-haspopup=\"true\">\n\t\n\t\n\t\n\t\t\n\t\t\t\t\t<img decoding=\"async\" width=\"320\" height=\"202\" src=\"http:\/\/abayanalistas.net\/es\/wp-content\/uploads\/54102145081_9c73e038e7_o-320x202.jpg\" class=\"attachment-blog-medium size-blog-medium lazyload wp-post-image\" alt=\"54102145081 9c73e038e7 o\" srcset=\"data:image\/svg+xml,%3Csvg%20xmlns%3D%27http%3A%2F%2Fwww.w3.org%2F2000%2Fsvg%27%20width%3D%272560%27%20height%3D%271707%27%20viewBox%3D%270%200%202560%201707%27%3E%3Crect%20width%3D%272560%27%20height%3D%271707%27%20fill-opacity%3D%220%22%2F%3E%3C%2Fsvg%3E\" data-orig-src=\"http:\/\/abayanalistas.net\/es\/wp-content\/uploads\/54102145081_9c73e038e7_o-320x202.jpg\" data-srcset=\"http:\/\/abayanalistas.net\/es\/wp-content\/uploads\/54102145081_9c73e038e7_o-320x202.jpg 320w, http:\/\/abayanalistas.net\/es\/wp-content\/uploads\/54102145081_9c73e038e7_o-700x441.jpg 700w\" data-sizes=\"auto\" \/>\n\t\n\n\t\t<div class=\"fusion-rollover\">\n\t<div class=\"fusion-rollover-content\">\n\n\t\t\t\t\t\t\t\t\t\t\t\t\t\t<a class=\"fusion-rollover-link\" href=\"http:\/\/abayanalistas.net\/es\/prsentacion-del-informe-impacto-socioeconomico-de-los-valores-y-principios-de-la-economia-social-en-castilla-y-leon-en-la-facultad-de-comercio-de-la-universidad-de-valladolid\/\">Presentaci\u00f3n del informe \u00abImpacto socioecon\u00f3mico de los valores y principios de la Econom\u00eda Social en Castilla y Le\u00f3n\u00bb en la Facultad de Comercio de la Universidad de Valladolid<\/a>\n\t\t\t\n\t\t\t\t\t\t\t\t\n\t\t\n\t\t\t\t\t\t\t\t\t\t\t\t<h4 class=\"fusion-rollover-title\">\n\t\t\t\t\t<a class=\"fusion-rollover-title-link\" href=\"http:\/\/abayanalistas.net\/es\/prsentacion-del-informe-impacto-socioeconomico-de-los-valores-y-principios-de-la-economia-social-en-castilla-y-leon-en-la-facultad-de-comercio-de-la-universidad-de-valladolid\/\">\n\t\t\t\t\t\tPresentaci\u00f3n del informe \u00abImpacto socioecon\u00f3mico de los valores y principios de la Econom\u00eda Social en Castilla y Le\u00f3n\u00bb en la Facultad de Comercio de la Universidad de Valladolid\t\t\t\t\t<\/a>\n\t\t\t\t<\/h4>\n\t\t\t\n\t\t\t\t\t\t\t\t\n\t\t\n\t\t\t\t\t\t<a class=\"fusion-link-wrapper\" href=\"http:\/\/abayanalistas.net\/es\/prsentacion-del-informe-impacto-socioeconomico-de-los-valores-y-principios-de-la-economia-social-en-castilla-y-leon-en-la-facultad-de-comercio-de-la-universidad-de-valladolid\/\" aria-label=\"Presentaci\u00f3n del informe \u00abImpacto socioecon\u00f3mico de los valores y principios de la Econom\u00eda Social en Castilla y Le\u00f3n\u00bb en la Facultad de Comercio de la Universidad de Valladolid\"><\/a>\n\t<\/div>\n<\/div>\n\n\t\n<\/div>\n<\/li>\n\t\t\t\n\t\t\t\n\t\t\t\t\t\t\t\t\t\t\t\t\t\t\t\t\t\t\t\t\t\t\t\t\t\t\t\t\t\t\t\t\t\t\t\t\t\t\t\t\t\t\t\t\t\t\t\t\t\t\t\t\t\t\t\t\t\t\t\t\t\t\t\t\t\t\t\t<\/ul>\n\t<\/div>\n\t<div class=\"fusion-post-content post-content\"><h2 class=\"blog-shortcode-post-title entry-title\"><a href=\"http:\/\/abayanalistas.net\/es\/prsentacion-del-informe-impacto-socioeconomico-de-los-valores-y-principios-de-la-economia-social-en-castilla-y-leon-en-la-facultad-de-comercio-de-la-universidad-de-valladolid\/\">Presentaci\u00f3n del informe \u00abImpacto socioecon\u00f3mico de los valores y principios de la Econom\u00eda Social en Castilla y Le\u00f3n\u00bb en la Facultad de Comercio de la Universidad de Valladolid<\/a><\/h2><div class=\"fusion-post-content-container\"><p> Presentaci\u00f3n del informe \"Impacto socioecon\u00f3mico de los valores y principios de la Econom\u00eda Social en Castilla y Le\u00f3n\" por Abay Analistas. Jornada sobre la situaci\u00f3n de la Econom\u00eda Social en Castilla y Le\u00f3n. Facultad [...]<\/p><\/div><\/div><div class=\"fusion-clearfix\"><\/div><\/article>\n<article id=\"blog-1-post-4073\" class=\"fusion-post-medium post-4073 post type-post status-publish format-standard has-post-thumbnail hentry category-menciones\">\n\t<style type=\"text\/css\">\n\t\t\n\t\t\n\t\t\n\t\t\n\t\t\t<\/style>\n\n\n\t\t\t<div class=\"fusion-flexslider flexslider fusion-flexslider-loading fusion-post-slideshow\" style=\"\">\n\t\t<ul class=\"slides\">\n\t\t\t\n\t\t\t\t\t\t\t\t\t\t\t\t\t\t<li>\n\n<div  class=\"fusion-image-wrapper fusion-image-size-fixed\" aria-haspopup=\"true\">\n\t\n\t\n\t\n\t\t\n\t\t\t\t\t<img decoding=\"async\" width=\"320\" height=\"202\" src=\"http:\/\/abayanalistas.net\/es\/wp-content\/uploads\/673-2025-02-13-25-EESCOOP-Acta-Premios-1-320x202.jpg\" class=\"attachment-blog-medium size-blog-medium lazyload wp-post-image\" alt=\"673 2025 02 13 25 EESCOOP Acta Premios\" srcset=\"data:image\/svg+xml,%3Csvg%20xmlns%3D%27http%3A%2F%2Fwww.w3.org%2F2000%2Fsvg%27%20width%3D%271280%27%20height%3D%27720%27%20viewBox%3D%270%200%201280%20720%27%3E%3Crect%20width%3D%271280%27%20height%3D%27720%27%20fill-opacity%3D%220%22%2F%3E%3C%2Fsvg%3E\" data-orig-src=\"http:\/\/abayanalistas.net\/es\/wp-content\/uploads\/673-2025-02-13-25-EESCOOP-Acta-Premios-1-320x202.jpg\" data-srcset=\"http:\/\/abayanalistas.net\/es\/wp-content\/uploads\/673-2025-02-13-25-EESCOOP-Acta-Premios-1-320x202.jpg 320w, http:\/\/abayanalistas.net\/es\/wp-content\/uploads\/673-2025-02-13-25-EESCOOP-Acta-Premios-1-700x441.jpg 700w\" data-sizes=\"auto\" \/>\n\t\n\n\t\t<div class=\"fusion-rollover\">\n\t<div class=\"fusion-rollover-content\">\n\n\t\t\t\t\t\t\t\t\t\t\t\t\t\t<a class=\"fusion-rollover-link\" href=\"http:\/\/abayanalistas.net\/es\/el-informe-necesidades-de-financiacion-de-la-economia-social-ha-sido-galardonado-con-el-premio-a-la-mejor-investigacion-del-ano-ex-aequo-por-eescoop\/\">El informe \u00abNecesidades de financiaci\u00f3n de la Econom\u00eda Social\u00bb ha sido galardonado con el premio a la mejor investigaci\u00f3n del a\u00f1o \u00abex aequo\u00bb por EESCOOP<\/a>\n\t\t\t\n\t\t\t\t\t\t\t\t\n\t\t\n\t\t\t\t\t\t\t\t\t\t\t\t<h4 class=\"fusion-rollover-title\">\n\t\t\t\t\t<a class=\"fusion-rollover-title-link\" href=\"http:\/\/abayanalistas.net\/es\/el-informe-necesidades-de-financiacion-de-la-economia-social-ha-sido-galardonado-con-el-premio-a-la-mejor-investigacion-del-ano-ex-aequo-por-eescoop\/\">\n\t\t\t\t\t\tEl informe \u00abNecesidades de financiaci\u00f3n de la Econom\u00eda Social\u00bb ha sido galardonado con el premio a la mejor investigaci\u00f3n del a\u00f1o \u00abex aequo\u00bb por EESCOOP\t\t\t\t\t<\/a>\n\t\t\t\t<\/h4>\n\t\t\t\n\t\t\t\t\t\t\t\t\n\t\t\n\t\t\t\t\t\t<a class=\"fusion-link-wrapper\" href=\"http:\/\/abayanalistas.net\/es\/el-informe-necesidades-de-financiacion-de-la-economia-social-ha-sido-galardonado-con-el-premio-a-la-mejor-investigacion-del-ano-ex-aequo-por-eescoop\/\" aria-label=\"El informe \u00abNecesidades de financiaci\u00f3n de la Econom\u00eda Social\u00bb ha sido galardonado con el premio a la mejor investigaci\u00f3n del a\u00f1o \u00abex aequo\u00bb por EESCOOP\"><\/a>\n\t<\/div>\n<\/div>\n\n\t\n<\/div>\n<\/li>\n\t\t\t\n\t\t\t\n\t\t\t\t\t\t\t\t\t\t\t\t\t\t\t\t\t\t\t\t\t\t\t\t\t\t\t\t\t\t\t\t\t\t\t\t\t\t\t\t\t\t\t\t\t\t\t\t\t\t\t\t\t\t\t\t\t\t\t\t\t\t\t\t\t\t\t\t<\/ul>\n\t<\/div>\n\t<div class=\"fusion-post-content post-content\"><h2 class=\"blog-shortcode-post-title entry-title\"><a href=\"http:\/\/abayanalistas.net\/es\/el-informe-necesidades-de-financiacion-de-la-economia-social-ha-sido-galardonado-con-el-premio-a-la-mejor-investigacion-del-ano-ex-aequo-por-eescoop\/\">El informe \u00abNecesidades de financiaci\u00f3n de la Econom\u00eda Social\u00bb ha sido galardonado con el premio a la mejor investigaci\u00f3n del a\u00f1o \u00abex aequo\u00bb por EESCOOP<\/a><\/h2><div class=\"fusion-post-content-container\"><p> Nuestro proyecto \u201cNecesidades de financiaci\u00f3n de la Econom\u00eda Social\u201d, impulsado por Fiare Banca Etica y desarrollado por el equipo de Abay Analistas junto a la profesora Rosa Santero S\u00e1nchez (URJC), ha sido galardonado con [...]<\/p><\/div><\/div><div class=\"fusion-clearfix\"><\/div><\/article>\n<article id=\"blog-1-post-4058\" class=\"fusion-post-medium post-4058 post type-post status-publish format-standard has-post-thumbnail hentry category-articulos-en-revistas category-noticia\">\n\t<style type=\"text\/css\">\n\t\t\n\t\t\n\t\t\n\t\t\n\t\t\t<\/style>\n\n\n\t\t\t<div class=\"fusion-flexslider flexslider fusion-flexslider-loading fusion-post-slideshow\" style=\"\">\n\t\t<ul class=\"slides\">\n\t\t\t\n\t\t\t\t\t\t\t\t\t\t\t\t\t\t<li>\n\n<div  class=\"fusion-image-wrapper fusion-image-size-fixed\" aria-haspopup=\"true\">\n\t\n\t\n\t\n\t\t\n\t\t\t\t\t<img decoding=\"async\" width=\"320\" height=\"202\" src=\"data:image\/svg+xml,%3Csvg%20xmlns%3D%27http%3A%2F%2Fwww.w3.org%2F2000%2Fsvg%27%20width%3D%271441%27%20height%3D%27211%27%20viewBox%3D%270%200%201441%20211%27%3E%3Crect%20width%3D%271441%27%20height%3D%27211%27%20fill-opacity%3D%220%22%2F%3E%3C%2Fsvg%3E\" class=\"attachment-blog-medium size-blog-medium lazyload wp-post-image\" alt=\"Sin t\u00edtulo\" data-orig-src=\"http:\/\/abayanalistas.net\/es\/wp-content\/uploads\/Sin-titulo-1-320x202.png\" \/>\n\t\n\n\t\t<div class=\"fusion-rollover\">\n\t<div class=\"fusion-rollover-content\">\n\n\t\t\t\t\t\t\t\t\t\t\t\t\t\t<a class=\"fusion-rollover-link\" href=\"http:\/\/abayanalistas.net\/es\/la-revista-ciriec-espana-ha-publicado-el-articulo-el-sector-de-los-cuidados-en-la-economia-social-asturiana-un-analisis-desde-la-perspectiva-de-genero\/\">La revista CIRIEC-Espa\u00f1a ha publicado el art\u00edculo \u00abEl sector de los cuidados en la Econom\u00eda Social asturiana. Un an\u00e1lisis desde la perspectiva de g\u00e9nero\u00bb<\/a>\n\t\t\t\n\t\t\t\t\t\t\t\t\n\t\t\n\t\t\t\t\t\t\t\t\t\t\t\t<h4 class=\"fusion-rollover-title\">\n\t\t\t\t\t<a class=\"fusion-rollover-title-link\" href=\"http:\/\/abayanalistas.net\/es\/la-revista-ciriec-espana-ha-publicado-el-articulo-el-sector-de-los-cuidados-en-la-economia-social-asturiana-un-analisis-desde-la-perspectiva-de-genero\/\">\n\t\t\t\t\t\tLa revista CIRIEC-Espa\u00f1a ha publicado el art\u00edculo \u00abEl sector de los cuidados en la Econom\u00eda Social asturiana. Un an\u00e1lisis desde la perspectiva de g\u00e9nero\u00bb\t\t\t\t\t<\/a>\n\t\t\t\t<\/h4>\n\t\t\t\n\t\t\t\t\t\t\t\t\n\t\t\n\t\t\t\t\t\t<a class=\"fusion-link-wrapper\" href=\"http:\/\/abayanalistas.net\/es\/la-revista-ciriec-espana-ha-publicado-el-articulo-el-sector-de-los-cuidados-en-la-economia-social-asturiana-un-analisis-desde-la-perspectiva-de-genero\/\" aria-label=\"La revista CIRIEC-Espa\u00f1a ha publicado el art\u00edculo \u00abEl sector de los cuidados en la Econom\u00eda Social asturiana. Un an\u00e1lisis desde la perspectiva de g\u00e9nero\u00bb\"><\/a>\n\t<\/div>\n<\/div>\n\n\t\n<\/div>\n<\/li>\n\t\t\t\n\t\t\t\n\t\t\t\t\t\t\t\t\t\t\t\t\t\t\t\t\t\t\t\t\t\t\t\t\t\t\t\t\t\t\t\t\t\t\t\t\t\t\t\t\t\t\t\t\t\t\t\t\t\t\t\t\t\t\t\t\t\t\t\t\t\t\t\t\t\t\t\t<\/ul>\n\t<\/div>\n\t<div class=\"fusion-post-content post-content\"><h2 class=\"blog-shortcode-post-title entry-title\"><a href=\"http:\/\/abayanalistas.net\/es\/la-revista-ciriec-espana-ha-publicado-el-articulo-el-sector-de-los-cuidados-en-la-economia-social-asturiana-un-analisis-desde-la-perspectiva-de-genero\/\">La revista CIRIEC-Espa\u00f1a ha publicado el art\u00edculo \u00abEl sector de los cuidados en la Econom\u00eda Social asturiana. Un an\u00e1lisis desde la perspectiva de g\u00e9nero\u00bb<\/a><\/h2><div class=\"fusion-post-content-container\"><p> La revista CIRIEC-Espa\u00f1a ha publicado el art\u00edculo \"El sector de los cuidados en la Econom\u00eda Social asturiana. Un an\u00e1lisis desde la perspectiva de g\u00e9nero\" de nuestra colaboradora y profesora de la Universidad Rey Juan [...]<\/p><\/div><\/div><div class=\"fusion-clearfix\"><\/div><\/article>\n<article id=\"blog-1-post-4009\" class=\"fusion-post-medium post-4009 post type-post status-publish format-standard has-post-thumbnail hentry category-articulos-en-revistas category-noticia\">\n\t<style type=\"text\/css\">\n\t\t\n\t\t\n\t\t\n\t\t\n\t\t\t<\/style>\n\n\n\t\t\t<div class=\"fusion-flexslider flexslider fusion-flexslider-loading fusion-post-slideshow\" style=\"\">\n\t\t<ul class=\"slides\">\n\t\t\t\n\t\t\t\t\t\t\t\t\t\t\t\t\t\t<li>\n\n<div  class=\"fusion-image-wrapper fusion-image-size-fixed\" aria-haspopup=\"true\">\n\t\n\t\n\t\n\t\t\n\t\t\t\t\t<img decoding=\"async\" width=\"320\" height=\"202\" src=\"data:image\/svg+xml,%3Csvg%20xmlns%3D%27http%3A%2F%2Fwww.w3.org%2F2000%2Fsvg%27%20width%3D%27549%27%20height%3D%27762%27%20viewBox%3D%270%200%20549%20762%27%3E%3Crect%20width%3D%27549%27%20height%3D%27762%27%20fill-opacity%3D%220%22%2F%3E%3C%2Fsvg%3E\" class=\"attachment-blog-medium size-blog-medium lazyload wp-post-image\" alt=\"abay ambienta trancision justa\" data-orig-src=\"http:\/\/abayanalistas.net\/es\/wp-content\/uploads\/abay-ambienta-trancision-justa-320x202.png\" \/>\n\t\n\n\t\t<div class=\"fusion-rollover\">\n\t<div class=\"fusion-rollover-content\">\n\n\t\t\t\t\t\t\t\t\t\t\t\t\t\t<a class=\"fusion-rollover-link\" href=\"http:\/\/abayanalistas.net\/es\/nuestra-directora-ha-colaborado-en-el-numero-139-de-ambienta-titulada-transicion-justa-oportunidades-sociales-y-economicas-de-la-descarbonizacion-en-los-territorios\/\">Nuestra directora ha colaborado en el n\u00famero 139 de Ambienta, titulada \u00abTransici\u00f3n Justa: Oportunidades Sociales y Econ\u00f3micas de la Descarbonizaci\u00f3n en los Territorios\u201d<\/a>\n\t\t\t\n\t\t\t\t\t\t\t\t\n\t\t\n\t\t\t\t\t\t\t\t\t\t\t\t<h4 class=\"fusion-rollover-title\">\n\t\t\t\t\t<a class=\"fusion-rollover-title-link\" href=\"http:\/\/abayanalistas.net\/es\/nuestra-directora-ha-colaborado-en-el-numero-139-de-ambienta-titulada-transicion-justa-oportunidades-sociales-y-economicas-de-la-descarbonizacion-en-los-territorios\/\">\n\t\t\t\t\t\tNuestra directora ha colaborado en el n\u00famero 139 de Ambienta, titulada \u00abTransici\u00f3n Justa: Oportunidades Sociales y Econ\u00f3micas de la Descarbonizaci\u00f3n en los Territorios\u201d\t\t\t\t\t<\/a>\n\t\t\t\t<\/h4>\n\t\t\t\n\t\t\t\t\t\t\t\t\n\t\t\n\t\t\t\t\t\t<a class=\"fusion-link-wrapper\" href=\"http:\/\/abayanalistas.net\/es\/nuestra-directora-ha-colaborado-en-el-numero-139-de-ambienta-titulada-transicion-justa-oportunidades-sociales-y-economicas-de-la-descarbonizacion-en-los-territorios\/\" aria-label=\"Nuestra directora ha colaborado en el n\u00famero 139 de Ambienta, titulada \u00abTransici\u00f3n Justa: Oportunidades Sociales y Econ\u00f3micas de la Descarbonizaci\u00f3n en los Territorios\u201d\"><\/a>\n\t<\/div>\n<\/div>\n\n\t\n<\/div>\n<\/li>\n\t\t\t\n\t\t\t\n\t\t\t\t\t\t\t\t\t\t\t\t\t\t\t\t\t\t\t\t\t\t\t\t\t\t\t\t\t\t\t\t\t\t\t\t\t\t\t\t\t\t\t\t\t\t\t\t\t\t\t\t\t\t\t\t\t\t\t\t\t\t\t\t\t\t\t\t<\/ul>\n\t<\/div>\n\t<div class=\"fusion-post-content post-content\"><h2 class=\"blog-shortcode-post-title entry-title\"><a href=\"http:\/\/abayanalistas.net\/es\/nuestra-directora-ha-colaborado-en-el-numero-139-de-ambienta-titulada-transicion-justa-oportunidades-sociales-y-economicas-de-la-descarbonizacion-en-los-territorios\/\">Nuestra directora ha colaborado en el n\u00famero 139 de Ambienta, titulada \u00abTransici\u00f3n Justa: Oportunidades Sociales y Econ\u00f3micas de la Descarbonizaci\u00f3n en los Territorios\u201d<\/a><\/h2><div class=\"fusion-post-content-container\"><p> Co-operative News ha citado nuestro nuestro estudio \u201cAn\u00e1lisis del impacto socioecon\u00f3mico de los principios y valores de la econom\u00eda social en Espa\u00f1a\u201d publicado por CEPES. La noticia hace hincapi\u00e9 en c\u00f3mo los valores y [...]<\/p><\/div><\/div><div class=\"fusion-clearfix\"><\/div><\/article>\n<article id=\"blog-1-post-3984\" class=\"fusion-post-medium post-3984 post type-post status-publish format-standard has-post-thumbnail hentry category-articulos-en-revistas category-noticia\">\n\t<style type=\"text\/css\">\n\t\t\n\t\t\n\t\t\n\t\t\n\t\t\t<\/style>\n\n\n\t\t\t<div class=\"fusion-flexslider flexslider fusion-flexslider-loading fusion-post-slideshow\" style=\"\">\n\t\t<ul class=\"slides\">\n\t\t\t\n\t\t\t\t\t\t\t\t\t\t\t\t\t\t<li>\n\n<div  class=\"fusion-image-wrapper fusion-image-size-fixed\" aria-haspopup=\"true\">\n\t\n\t\n\t\n\t\t\n\t\t\t\t\t<img decoding=\"async\" width=\"320\" height=\"202\" src=\"http:\/\/abayanalistas.net\/es\/wp-content\/uploads\/Screenshot-2024-02-07-at-13.25.50-1109x600-1-320x202.png\" class=\"attachment-blog-medium size-blog-medium lazyload wp-post-image\" alt=\"Screenshot 2024 02 07 at 13.25.50 1109x600\" srcset=\"data:image\/svg+xml,%3Csvg%20xmlns%3D%27http%3A%2F%2Fwww.w3.org%2F2000%2Fsvg%27%20width%3D%271109%27%20height%3D%27600%27%20viewBox%3D%270%200%201109%20600%27%3E%3Crect%20width%3D%271109%27%20height%3D%27600%27%20fill-opacity%3D%220%22%2F%3E%3C%2Fsvg%3E\" data-orig-src=\"http:\/\/abayanalistas.net\/es\/wp-content\/uploads\/Screenshot-2024-02-07-at-13.25.50-1109x600-1-320x202.png\" data-srcset=\"http:\/\/abayanalistas.net\/es\/wp-content\/uploads\/Screenshot-2024-02-07-at-13.25.50-1109x600-1-320x202.png 320w, http:\/\/abayanalistas.net\/es\/wp-content\/uploads\/Screenshot-2024-02-07-at-13.25.50-1109x600-1-700x441.png 700w\" data-sizes=\"auto\" \/>\n\t\n\n\t\t<div class=\"fusion-rollover\">\n\t<div class=\"fusion-rollover-content\">\n\n\t\t\t\t\t\t\t\t\t\t\t\t\t\t<a class=\"fusion-rollover-link\" href=\"http:\/\/abayanalistas.net\/es\/medio-co-operative-news\/\">El medio Co-operative News cita nuestro trabajo del impacto socioecon\u00f3mico de valores y principios de la Econom\u00eda Social<\/a>\n\t\t\t\n\t\t\t\t\t\t\t\t\n\t\t\n\t\t\t\t\t\t\t\t\t\t\t\t<h4 class=\"fusion-rollover-title\">\n\t\t\t\t\t<a class=\"fusion-rollover-title-link\" href=\"http:\/\/abayanalistas.net\/es\/medio-co-operative-news\/\">\n\t\t\t\t\t\tEl medio Co-operative News cita nuestro trabajo del impacto socioecon\u00f3mico de valores y principios de la Econom\u00eda Social\t\t\t\t\t<\/a>\n\t\t\t\t<\/h4>\n\t\t\t\n\t\t\t\t\t\t\t\t\n\t\t\n\t\t\t\t\t\t<a class=\"fusion-link-wrapper\" href=\"http:\/\/abayanalistas.net\/es\/medio-co-operative-news\/\" aria-label=\"El medio Co-operative News cita nuestro trabajo del impacto socioecon\u00f3mico de valores y principios de la Econom\u00eda Social\"><\/a>\n\t<\/div>\n<\/div>\n\n\t\n<\/div>\n<\/li>\n\t\t\t\n\t\t\t\n\t\t\t\t\t\t\t\t\t\t\t\t\t\t\t\t\t\t\t\t\t\t\t\t\t\t\t\t\t\t\t\t\t\t\t\t\t\t\t\t\t\t\t\t\t\t\t\t\t\t\t\t\t\t\t\t\t\t\t\t\t\t\t\t\t\t\t\t<\/ul>\n\t<\/div>\n\t<div class=\"fusion-post-content post-content\"><h2 class=\"blog-shortcode-post-title entry-title\"><a href=\"http:\/\/abayanalistas.net\/es\/medio-co-operative-news\/\">El medio Co-operative News cita nuestro trabajo del impacto socioecon\u00f3mico de valores y principios de la Econom\u00eda Social<\/a><\/h2><div class=\"fusion-post-content-container\"><p> Co-operative News ha citado nuestro nuestro estudio \u201cAn\u00e1lisis del impacto socioecon\u00f3mico de los principios y valores de la econom\u00eda social en Espa\u00f1a\u201d publicado por CEPES. La noticia hace hincapi\u00e9 en c\u00f3mo los valores y [...]<\/p><\/div><\/div><div class=\"fusion-clearfix\"><\/div><\/article>\n<article id=\"blog-1-post-3973\" class=\"fusion-post-medium post-3973 post type-post status-publish format-standard has-post-thumbnail hentry category-menciones\">\n\t<style type=\"text\/css\">\n\t\t\n\t\t\n\t\t\n\t\t\n\t\t\t<\/style>\n\n\n\t\t\t<div class=\"fusion-flexslider flexslider fusion-flexslider-loading fusion-post-slideshow\" style=\"\">\n\t\t<ul class=\"slides\">\n\t\t\t\n\t\t\t\t\t\t\t\t\t\t\t\t\t\t<li>\n\n<div  class=\"fusion-image-wrapper fusion-image-size-fixed\" aria-haspopup=\"true\">\n\t\n\t\n\t\n\t\t\n\t\t\t\t\t<img decoding=\"async\" width=\"320\" height=\"202\" src=\"http:\/\/abayanalistas.net\/es\/wp-content\/uploads\/Socio-320x202.png\" class=\"attachment-blog-medium size-blog-medium lazyload wp-post-image\" alt=\"Socio e1705875806370\" srcset=\"data:image\/svg+xml,%3Csvg%20xmlns%3D%27http%3A%2F%2Fwww.w3.org%2F2000%2Fsvg%27%20width%3D%27468%27%20height%3D%27500%27%20viewBox%3D%270%200%20468%20500%27%3E%3Crect%20width%3D%27468%27%20height%3D%27500%27%20fill-opacity%3D%220%22%2F%3E%3C%2Fsvg%3E\" data-orig-src=\"http:\/\/abayanalistas.net\/es\/wp-content\/uploads\/Socio-320x202.png\" data-srcset=\"http:\/\/abayanalistas.net\/es\/wp-content\/uploads\/Socio-320x202.png 320w, http:\/\/abayanalistas.net\/es\/wp-content\/uploads\/Socio-700x441.png 700w\" data-sizes=\"auto\" \/>\n\t\n\n\t\t<div class=\"fusion-rollover\">\n\t<div class=\"fusion-rollover-content\">\n\n\t\t\t\t\t\t\t\t\t\t\t\t\t\t<a class=\"fusion-rollover-link\" href=\"http:\/\/abayanalistas.net\/es\/mencion-de-nuestro-estudio-de-valores-y-principios-de-la-economia-social-en-espana-por-la-ocde\/\">Menci\u00f3n de nuestro estudio de valores y principios de la Econom\u00eda Social en Espa\u00f1a por la OCDE<\/a>\n\t\t\t\n\t\t\t\t\t\t\t\t\n\t\t\n\t\t\t\t\t\t\t\t\t\t\t\t<h4 class=\"fusion-rollover-title\">\n\t\t\t\t\t<a class=\"fusion-rollover-title-link\" href=\"http:\/\/abayanalistas.net\/es\/mencion-de-nuestro-estudio-de-valores-y-principios-de-la-economia-social-en-espana-por-la-ocde\/\">\n\t\t\t\t\t\tMenci\u00f3n de nuestro estudio de valores y principios de la Econom\u00eda Social en Espa\u00f1a por la OCDE\t\t\t\t\t<\/a>\n\t\t\t\t<\/h4>\n\t\t\t\n\t\t\t\t\t\t\t\t\n\t\t\n\t\t\t\t\t\t<a class=\"fusion-link-wrapper\" href=\"http:\/\/abayanalistas.net\/es\/mencion-de-nuestro-estudio-de-valores-y-principios-de-la-economia-social-en-espana-por-la-ocde\/\" aria-label=\"Menci\u00f3n de nuestro estudio de valores y principios de la Econom\u00eda Social en Espa\u00f1a por la OCDE\"><\/a>\n\t<\/div>\n<\/div>\n\n\t\n<\/div>\n<\/li>\n\t\t\t\n\t\t\t\n\t\t\t\t\t\t\t\t\t\t\t\t\t\t\t\t\t\t\t\t\t\t\t\t\t\t\t\t\t\t\t\t\t\t\t\t\t\t\t\t\t\t\t\t\t\t\t\t\t\t\t\t\t\t\t\t\t\t\t\t\t\t\t\t\t\t\t\t<\/ul>\n\t<\/div>\n\t<div class=\"fusion-post-content post-content\"><h2 class=\"blog-shortcode-post-title entry-title\"><a href=\"http:\/\/abayanalistas.net\/es\/mencion-de-nuestro-estudio-de-valores-y-principios-de-la-economia-social-en-espana-por-la-ocde\/\">Menci\u00f3n de nuestro estudio de valores y principios de la Econom\u00eda Social en Espa\u00f1a por la OCDE<\/a><\/h2><div class=\"fusion-post-content-container\"><p> La Organizaci\u00f3n para la Cooperaci\u00f3n y el Desarrollo Econ\u00f3micos (OCDE) en su mapeo de ecosistemas sociales y solidarios alrededor del mundo, se ha hecho eco de nuestro estudio para CEPES del An\u00e1lisis de impacto [...]<\/p><\/div><\/div><div class=\"fusion-clearfix\"><\/div><\/article>\n<article id=\"blog-1-post-3851\" class=\"fusion-post-medium post-3851 post type-post status-publish format-standard has-post-thumbnail hentry category-noticia category-presentaciones-de-informes\">\n\t<style type=\"text\/css\">\n\t\t\n\t\t\n\t\t\n\t\t\n\t\t\t<\/style>\n\n\n\t\t\t<div class=\"fusion-flexslider flexslider fusion-flexslider-loading fusion-post-slideshow\" style=\"\">\n\t\t<ul class=\"slides\">\n\t\t\t\n\t\t\t\t\t\t\t\t\t\t\t\t\t\t<li>\n\n<div  class=\"fusion-image-wrapper fusion-image-size-fixed\" aria-haspopup=\"true\">\n\t\n\t\n\t\n\t\t\n\t\t\t\t\t<img decoding=\"async\" width=\"320\" height=\"202\" src=\"data:image\/svg+xml,%3Csvg%20xmlns%3D%27http%3A%2F%2Fwww.w3.org%2F2000%2Fsvg%27%20width%3D%27817%27%20height%3D%27321%27%20viewBox%3D%270%200%20817%20321%27%3E%3Crect%20width%3D%27817%27%20height%3D%27321%27%20fill-opacity%3D%220%22%2F%3E%3C%2Fsvg%3E\" class=\"attachment-blog-medium size-blog-medium lazyload wp-post-image\" alt=\"IV informe Financiacion PYMEs y autonomos en Andalucia\" data-orig-src=\"http:\/\/abayanalistas.net\/es\/wp-content\/uploads\/IV-informe-Financiacion-PYMEs-y-autonomos-en-Andalucia-320x202.jpg\" \/>\n\t\n\n\t\t<div class=\"fusion-rollover\">\n\t<div class=\"fusion-rollover-content\">\n\n\t\t\t\t\t\t\t\t\t\t\t\t\t\t<a class=\"fusion-rollover-link\" href=\"http:\/\/abayanalistas.net\/es\/iv-informe-financiacion-pymes\/\">IV informe \u201cFinanciaci\u00f3n PYMEs y auton\u00f3mos en Andaluc\u00eda\u201d<\/a>\n\t\t\t\n\t\t\t\t\t\t\t\t\n\t\t\n\t\t\t\t\t\t\t\t\t\t\t\t<h4 class=\"fusion-rollover-title\">\n\t\t\t\t\t<a class=\"fusion-rollover-title-link\" href=\"http:\/\/abayanalistas.net\/es\/iv-informe-financiacion-pymes\/\">\n\t\t\t\t\t\tIV informe \u201cFinanciaci\u00f3n PYMEs y auton\u00f3mos en Andaluc\u00eda\u201d\t\t\t\t\t<\/a>\n\t\t\t\t<\/h4>\n\t\t\t\n\t\t\t\t\t\t\t\t\n\t\t\n\t\t\t\t\t\t<a class=\"fusion-link-wrapper\" href=\"http:\/\/abayanalistas.net\/es\/iv-informe-financiacion-pymes\/\" aria-label=\"IV informe \u201cFinanciaci\u00f3n PYMEs y auton\u00f3mos en Andaluc\u00eda\u201d\"><\/a>\n\t<\/div>\n<\/div>\n\n\t\n<\/div>\n<\/li>\n\t\t\t\n\t\t\t\n\t\t\t\t\t\t\t\t\t\t\t\t\t\t\t\t\t\t\t\t\t\t\t\t\t\t\t\t\t\t\t\t\t\t\t\t\t\t\t\t\t\t\t\t\t\t\t\t\t\t\t\t\t\t\t\t\t\t\t\t\t\t\t\t\t\t\t\t<\/ul>\n\t<\/div>\n\t<div class=\"fusion-post-content post-content\"><h2 class=\"blog-shortcode-post-title entry-title\"><a href=\"http:\/\/abayanalistas.net\/es\/iv-informe-financiacion-pymes\/\">IV informe \u201cFinanciaci\u00f3n PYMEs y auton\u00f3mos en Andaluc\u00eda\u201d<\/a><\/h2><div class=\"fusion-post-content-container\"><p> La presentaci\u00f3n a medios de comunicaci\u00f3n de los resultados del \u201cIV Informe sobre la situaci\u00f3n de las PYMEs andaluzas en relaci\u00f3n con la financiaci\u00f3n ajena\u201d. En \u00e9l, se analizan las necesidades de financiaci\u00f3n, el [...]<\/p><\/div><\/div><div class=\"fusion-clearfix\"><\/div><\/article>\n<article id=\"blog-1-post-3849\" class=\"fusion-post-medium post-3849 post type-post status-publish format-standard has-post-thumbnail hentry category-articulos-en-revistas category-noticia\">\n\t<style type=\"text\/css\">\n\t\t\n\t\t\n\t\t\n\t\t\n\t\t\t<\/style>\n\n\n\t\t\t<div class=\"fusion-flexslider flexslider fusion-flexslider-loading fusion-post-slideshow\" style=\"\">\n\t\t<ul class=\"slides\">\n\t\t\t\n\t\t\t\t\t\t\t\t\t\t\t\t\t\t<li>\n\n<div  class=\"fusion-image-wrapper fusion-image-size-fixed\" aria-haspopup=\"true\">\n\t\n\t\n\t\n\t\t\n\t\t\t\t\t<img decoding=\"async\" width=\"320\" height=\"202\" src=\"http:\/\/abayanalistas.net\/es\/wp-content\/uploads\/El-talento-femenino-a-la-conquista-320x202.png\" class=\"attachment-blog-medium size-blog-medium lazyload wp-post-image\" alt=\"El talento femenino a la conquista\" srcset=\"data:image\/svg+xml,%3Csvg%20xmlns%3D%27http%3A%2F%2Fwww.w3.org%2F2000%2Fsvg%27%20width%3D%271313%27%20height%3D%27490%27%20viewBox%3D%270%200%201313%20490%27%3E%3Crect%20width%3D%271313%27%20height%3D%27490%27%20fill-opacity%3D%220%22%2F%3E%3C%2Fsvg%3E\" data-orig-src=\"http:\/\/abayanalistas.net\/es\/wp-content\/uploads\/El-talento-femenino-a-la-conquista-320x202.png\" data-srcset=\"http:\/\/abayanalistas.net\/es\/wp-content\/uploads\/El-talento-femenino-a-la-conquista-320x202.png 320w, http:\/\/abayanalistas.net\/es\/wp-content\/uploads\/El-talento-femenino-a-la-conquista-700x441.png 700w\" data-sizes=\"auto\" \/>\n\t\n\n\t\t<div class=\"fusion-rollover\">\n\t<div class=\"fusion-rollover-content\">\n\n\t\t\t\t\t\t\t\t\t\t\t\t\t\t<a class=\"fusion-rollover-link\" href=\"http:\/\/abayanalistas.net\/es\/el-talento-femenino-energetico\/\">El talento femenino, a la conquista del empleo en el sector energ\u00e9tico<\/a>\n\t\t\t\n\t\t\t\t\t\t\t\t\n\t\t\n\t\t\t\t\t\t\t\t\t\t\t\t<h4 class=\"fusion-rollover-title\">\n\t\t\t\t\t<a class=\"fusion-rollover-title-link\" href=\"http:\/\/abayanalistas.net\/es\/el-talento-femenino-energetico\/\">\n\t\t\t\t\t\tEl talento femenino, a la conquista del empleo en el sector energ\u00e9tico\t\t\t\t\t<\/a>\n\t\t\t\t<\/h4>\n\t\t\t\n\t\t\t\t\t\t\t\t\n\t\t\n\t\t\t\t\t\t<a class=\"fusion-link-wrapper\" href=\"http:\/\/abayanalistas.net\/es\/el-talento-femenino-energetico\/\" aria-label=\"El talento femenino, a la conquista del empleo en el sector energ\u00e9tico\"><\/a>\n\t<\/div>\n<\/div>\n\n\t\n<\/div>\n<\/li>\n\t\t\t\n\t\t\t\n\t\t\t\t\t\t\t\t\t\t\t\t\t\t\t\t\t\t\t\t\t\t\t\t\t\t\t\t\t\t\t\t\t\t\t\t\t\t\t\t\t\t\t\t\t\t\t\t\t\t\t\t\t\t\t\t\t\t\t\t\t\t\t\t\t\t\t\t<\/ul>\n\t<\/div>\n\t<div class=\"fusion-post-content post-content\"><h2 class=\"blog-shortcode-post-title entry-title\"><a href=\"http:\/\/abayanalistas.net\/es\/el-talento-femenino-energetico\/\">El talento femenino, a la conquista del empleo en el sector energ\u00e9tico<\/a><\/h2><div class=\"fusion-post-content-container\"><p> Vozp\u00f3puli recoge algunos de los principales resultados de nuestro reciente estudio \u201cEl empleo de las mujeres en la transici\u00f3n energ\u00e9tica justa en Espa\u00f1a\u201d promovido por el Instituto para la Transici\u00f3n Justa y Fundaci\u00f3n Naturgy. [...]<\/p><\/div><\/div><div class=\"fusion-clearfix\"><\/div><\/article>\n<\/div><div class=\"fusion-infinite-scroll-trigger\"><\/div><div class=\"pagination infinite-scroll clearfix\" style=\"display:none;\"><span class=\"current\">1<\/span><a href=\"http:\/\/abayanalistas.net\/es\/wp-json\/wp\/v2\/pages\/444\/page\/2\/\" class=\"inactive\">2<\/a><a class=\"pagination-next\" rel=\"next\" href=\"http:\/\/abayanalistas.net\/es\/wp-json\/wp\/v2\/pages\/444\/page\/2\/\"><span class=\"page-text\">Siguiente<\/span><span class=\"page-next\"><\/span><\/a><\/div><div class=\"fusion-clearfix\"><\/div><\/div><div class=\"fusion-clearfix\"><\/div><\/div><\/div><\/div><\/div>\n","protected":false},"excerpt":{"rendered":"","protected":false},"author":1,"featured_media":0,"parent":0,"menu_order":0,"comment_status":"closed","ping_status":"open","template":"","meta":{"footnotes":""},"yoast_head":"<!-- This site is optimized with the Yoast SEO plugin v24.5 - https:\/\/yoast.com\/wordpress\/plugins\/seo\/ -->\n<title>Noticias, Abay Analistas<\/title>\n<meta name=\"description\" content=\"Noticias, Abay Analistas. Las noticias que aparecen en este apartado hacen referencia a estudios o informes realizados por Abay Analistas Econ\u00f3micos y Sociales, destacados por los medios de comunicaci\u00f3n o merecedores de alg\u00fan premio o reconocimiento. Asimismo recoge ponencias y presentaciones, protagonizadas por Abay en diferentes eventos y jornadas.\" \/>\n<meta name=\"robots\" content=\"index, follow, max-snippet:-1, max-image-preview:large, max-video-preview:-1\" \/>\n<link rel=\"canonical\" href=\"http:\/\/abayanalistas.net\/es\/noticias\/\" \/>\n<meta property=\"og:locale\" content=\"es_ES\" \/>\n<meta property=\"og:type\" content=\"article\" \/>\n<meta property=\"og:title\" content=\"Noticias, Abay Analistas\" \/>\n<meta property=\"og:description\" content=\"Noticias, Abay Analistas. Las noticias que aparecen en este apartado hacen referencia a estudios o informes realizados por Abay Analistas Econ\u00f3micos y Sociales, destacados por los medios de comunicaci\u00f3n o merecedores de alg\u00fan premio o reconocimiento. Asimismo recoge ponencias y presentaciones, protagonizadas por Abay en diferentes eventos y jornadas.\" \/>\n<meta property=\"og:url\" content=\"http:\/\/abayanalistas.net\/es\/noticias\/\" \/>\n<meta property=\"og:site_name\" content=\"Abay Analistas\" \/>\n<meta property=\"article:modified_time\" content=\"2021-04-13T10:03:24+00:00\" \/>\n<meta name=\"twitter:card\" content=\"summary_large_image\" \/>\n<meta name=\"twitter:site\" content=\"@abayanalistas\" \/>\n<meta name=\"twitter:label1\" content=\"Tiempo de lectura\" \/>\n\t<meta name=\"twitter:data1\" content=\"2 minutos\" \/>\n<script type=\"application\/ld+json\" class=\"yoast-schema-graph\">{\"@context\":\"https:\/\/schema.org\",\"@graph\":[{\"@type\":\"WebPage\",\"@id\":\"http:\/\/abayanalistas.net\/es\/noticias\/\",\"url\":\"http:\/\/abayanalistas.net\/es\/noticias\/\",\"name\":\"Noticias, Abay Analistas\",\"isPartOf\":{\"@id\":\"https:\/\/abayanalistas.net\/es\/#website\"},\"datePublished\":\"2015-06-29T23:01:13+00:00\",\"dateModified\":\"2021-04-13T10:03:24+00:00\",\"description\":\"Noticias, Abay Analistas. Las noticias que aparecen en este apartado hacen referencia a estudios o informes realizados por Abay Analistas Econ\u00f3micos y Sociales, destacados por los medios de comunicaci\u00f3n o merecedores de alg\u00fan premio o reconocimiento. Asimismo recoge ponencias y presentaciones, protagonizadas por Abay en diferentes eventos y jornadas.\",\"breadcrumb\":{\"@id\":\"http:\/\/abayanalistas.net\/es\/noticias\/#breadcrumb\"},\"inLanguage\":\"es\",\"potentialAction\":[{\"@type\":\"ReadAction\",\"target\":[\"http:\/\/abayanalistas.net\/es\/noticias\/\"]}]},{\"@type\":\"BreadcrumbList\",\"@id\":\"http:\/\/abayanalistas.net\/es\/noticias\/#breadcrumb\",\"itemListElement\":[{\"@type\":\"ListItem\",\"position\":1,\"name\":\"Portada\",\"item\":\"https:\/\/abayanalistas.net\/es\/\"},{\"@type\":\"ListItem\",\"position\":2,\"name\":\"NOTICIAS\"}]},{\"@type\":\"WebSite\",\"@id\":\"https:\/\/abayanalistas.net\/es\/#website\",\"url\":\"https:\/\/abayanalistas.net\/es\/\",\"name\":\"Abay Analistas\",\"description\":\"Analistas econ\u00f3micos y sociales\",\"publisher\":{\"@id\":\"https:\/\/abayanalistas.net\/es\/#organization\"},\"potentialAction\":[{\"@type\":\"SearchAction\",\"target\":{\"@type\":\"EntryPoint\",\"urlTemplate\":\"https:\/\/abayanalistas.net\/es\/?s={search_term_string}\"},\"query-input\":{\"@type\":\"PropertyValueSpecification\",\"valueRequired\":true,\"valueName\":\"search_term_string\"}}],\"inLanguage\":\"es\"},{\"@type\":\"Organization\",\"@id\":\"https:\/\/abayanalistas.net\/es\/#organization\",\"name\":\"Abay Analistas\",\"url\":\"https:\/\/abayanalistas.net\/es\/\",\"logo\":{\"@type\":\"ImageObject\",\"inLanguage\":\"es\",\"@id\":\"https:\/\/abayanalistas.net\/es\/#\/schema\/logo\/image\/\",\"url\":\"https:\/\/i0.wp.com\/abayanalistas.net\/es\/wp-content\/uploads\/Logo_Abay_Retina.png?fit=280%2C96&ssl=1\",\"contentUrl\":\"https:\/\/i0.wp.com\/abayanalistas.net\/es\/wp-content\/uploads\/Logo_Abay_Retina.png?fit=280%2C96&ssl=1\",\"width\":280,\"height\":96,\"caption\":\"Abay Analistas\"},\"image\":{\"@id\":\"https:\/\/abayanalistas.net\/es\/#\/schema\/logo\/image\/\"},\"sameAs\":[\"https:\/\/x.com\/abayanalistas\",\"https:\/\/www.linkedin.com\/company\/abay-analistas?trk=biz-companies-cym\"]}]}<\/script>\n<!-- \/ Yoast SEO plugin. -->","yoast_head_json":{"title":"Noticias, Abay Analistas","description":"Noticias, Abay Analistas. Las noticias que aparecen en este apartado hacen referencia a estudios o informes realizados por Abay Analistas Econ\u00f3micos y Sociales, destacados por los medios de comunicaci\u00f3n o merecedores de alg\u00fan premio o reconocimiento. Asimismo recoge ponencias y presentaciones, protagonizadas por Abay en diferentes eventos y jornadas.","robots":{"index":"index","follow":"follow","max-snippet":"max-snippet:-1","max-image-preview":"max-image-preview:large","max-video-preview":"max-video-preview:-1"},"canonical":"http:\/\/abayanalistas.net\/es\/noticias\/","og_locale":"es_ES","og_type":"article","og_title":"Noticias, Abay Analistas","og_description":"Noticias, Abay Analistas. Las noticias que aparecen en este apartado hacen referencia a estudios o informes realizados por Abay Analistas Econ\u00f3micos y Sociales, destacados por los medios de comunicaci\u00f3n o merecedores de alg\u00fan premio o reconocimiento. Asimismo recoge ponencias y presentaciones, protagonizadas por Abay en diferentes eventos y jornadas.","og_url":"http:\/\/abayanalistas.net\/es\/noticias\/","og_site_name":"Abay Analistas","article_modified_time":"2021-04-13T10:03:24+00:00","twitter_card":"summary_large_image","twitter_site":"@abayanalistas","twitter_misc":{"Tiempo de lectura":"2 minutos"},"schema":{"@context":"https:\/\/schema.org","@graph":[{"@type":"WebPage","@id":"http:\/\/abayanalistas.net\/es\/noticias\/","url":"http:\/\/abayanalistas.net\/es\/noticias\/","name":"Noticias, Abay Analistas","isPartOf":{"@id":"https:\/\/abayanalistas.net\/es\/#website"},"datePublished":"2015-06-29T23:01:13+00:00","dateModified":"2021-04-13T10:03:24+00:00","description":"Noticias, Abay Analistas. Las noticias que aparecen en este apartado hacen referencia a estudios o informes realizados por Abay Analistas Econ\u00f3micos y Sociales, destacados por los medios de comunicaci\u00f3n o merecedores de alg\u00fan premio o reconocimiento. Asimismo recoge ponencias y presentaciones, protagonizadas por Abay en diferentes eventos y jornadas.","breadcrumb":{"@id":"http:\/\/abayanalistas.net\/es\/noticias\/#breadcrumb"},"inLanguage":"es","potentialAction":[{"@type":"ReadAction","target":["http:\/\/abayanalistas.net\/es\/noticias\/"]}]},{"@type":"BreadcrumbList","@id":"http:\/\/abayanalistas.net\/es\/noticias\/#breadcrumb","itemListElement":[{"@type":"ListItem","position":1,"name":"Portada","item":"https:\/\/abayanalistas.net\/es\/"},{"@type":"ListItem","position":2,"name":"NOTICIAS"}]},{"@type":"WebSite","@id":"https:\/\/abayanalistas.net\/es\/#website","url":"https:\/\/abayanalistas.net\/es\/","name":"Abay Analistas","description":"Analistas econ\u00f3micos y sociales","publisher":{"@id":"https:\/\/abayanalistas.net\/es\/#organization"},"potentialAction":[{"@type":"SearchAction","target":{"@type":"EntryPoint","urlTemplate":"https:\/\/abayanalistas.net\/es\/?s={search_term_string}"},"query-input":{"@type":"PropertyValueSpecification","valueRequired":true,"valueName":"search_term_string"}}],"inLanguage":"es"},{"@type":"Organization","@id":"https:\/\/abayanalistas.net\/es\/#organization","name":"Abay Analistas","url":"https:\/\/abayanalistas.net\/es\/","logo":{"@type":"ImageObject","inLanguage":"es","@id":"https:\/\/abayanalistas.net\/es\/#\/schema\/logo\/image\/","url":"https:\/\/i0.wp.com\/abayanalistas.net\/es\/wp-content\/uploads\/Logo_Abay_Retina.png?fit=280%2C96&ssl=1","contentUrl":"https:\/\/i0.wp.com\/abayanalistas.net\/es\/wp-content\/uploads\/Logo_Abay_Retina.png?fit=280%2C96&ssl=1","width":280,"height":96,"caption":"Abay Analistas"},"image":{"@id":"https:\/\/abayanalistas.net\/es\/#\/schema\/logo\/image\/"},"sameAs":["https:\/\/x.com\/abayanalistas","https:\/\/www.linkedin.com\/company\/abay-analistas?trk=biz-companies-cym"]}]}},"_links":{"self":[{"href":"http:\/\/abayanalistas.net\/es\/wp-json\/wp\/v2\/pages\/444"}],"collection":[{"href":"http:\/\/abayanalistas.net\/es\/wp-json\/wp\/v2\/pages"}],"about":[{"href":"http:\/\/abayanalistas.net\/es\/wp-json\/wp\/v2\/types\/page"}],"author":[{"embeddable":true,"href":"http:\/\/abayanalistas.net\/es\/wp-json\/wp\/v2\/users\/1"}],"replies":[{"embeddable":true,"href":"http:\/\/abayanalistas.net\/es\/wp-json\/wp\/v2\/comments?post=444"}],"version-history":[{"count":31,"href":"http:\/\/abayanalistas.net\/es\/wp-json\/wp\/v2\/pages\/444\/revisions"}],"predecessor-version":[{"id":2884,"href":"http:\/\/abayanalistas.net\/es\/wp-json\/wp\/v2\/pages\/444\/revisions\/2884"}],"wp:attachment":[{"href":"http:\/\/abayanalistas.net\/es\/wp-json\/wp\/v2\/media?parent=444"}],"curies":[{"name":"wp","href":"https:\/\/api.w.org\/{rel}","templated":true}]}}