{"id":4131,"date":"2025-06-27T09:41:22","date_gmt":"2025-06-27T09:41:22","guid":{"rendered":"https:\/\/abayanalistas.net\/es\/?post_type=avada_portfolio&#038;p=4131"},"modified":"2025-08-05T10:47:35","modified_gmt":"2025-08-05T10:47:35","slug":"impacto-normalizacion-espana","status":"publish","type":"avada_portfolio","link":"http:\/\/abayanalistas.net\/es\/portfolio\/impacto-normalizacion-espana\/","title":{"rendered":"El impacto econ\u00f3mico de la normalizaci\u00f3n en Espa\u00f1a"},"content":{"rendered":"<p><div class=\"fusion-fullwidth fullwidth-box fusion-builder-row-1 nonhundred-percent-fullwidth non-hundred-percent-height-scrolling\" style=\"background-color: rgba(255,255,255,0);background-position: left top;background-repeat: no-repeat;padding-top:20px;padding-right:0px;padding-bottom:20px;padding-left:0px;margin-bottom: 0px;margin-top: 0px;border-width: 0px 0px 0px 0px;border-color:#eae9e9;border-style:solid;\" ><div class=\"fusion-builder-row fusion-row\"><div class=\"fusion-layout-column fusion_builder_column fusion-builder-column-0 fusion_builder_column_1_1 1_1 fusion-one-full fusion-column-first fusion-column-last fusion-column-no-min-height\" style=\"margin-top:0px;margin-bottom:0px;\"><div class=\"fusion-column-wrapper fusion-flex-column-wrapper-legacy\" style=\"background-position:left top;background-repeat:no-repeat;-webkit-background-size:cover;-moz-background-size:cover;-o-background-size:cover;background-size:cover;padding: 0px 0px 0px 0px;\"><style type=\"text\/css\"><\/style><div class=\"fusion-title title fusion-title-1 fusion-sep-none fusion-title-text fusion-title-size-one\" style=\"margin-top:0px;margin-right:0px;margin-bottom:30px;margin-left:0px;\"><h1 class=\"title-heading-left fusion-responsive-typography-calculated\" style=\"margin:0;--fontSize:50;line-height:1.00;\"><h1>El impacto de la normalizaci\u00f3n en Espa\u00f1a<\/h1><\/h1><\/div><div class=\"fusion-text fusion-text-1\"><p>El presente estudio tiene como objetivo \u00faltimo\u00a0<strong>analizar la relaci\u00f3n existente entre la normalizaci\u00f3n y el crecimiento econ\u00f3mico, a nivel macroecon\u00f3mico y microecon\u00f3mico<\/strong>. Es el primer estudio que se realiza en Espa\u00f1a en esta materia.<\/p>\n<p>La investigaci\u00f3n desarrollada, aborda los siguientes objetivos espec\u00edficos:<\/p>\n<ul>\n<li>Analizar las relaciones existentes entre el inventario o stock de normas aplicables y las variables de crecimiento econ\u00f3mico, productividad y competitividad.<\/li>\n<li>Cuantificar el nivel de impacto en la econom\u00eda espa\u00f1ola y compararlo con el obtenido en diferentes pa\u00edses con estudios similares.<\/li>\n<li>Identificar los elementos de la actividad econ\u00f3mica sobre los que de manera espec\u00edfica impacta la aplicaci\u00f3n de normas y los mecanismos a trav\u00e9s de los que se produce esa interrelaci\u00f3n.<\/li>\n<li>Desarrollar el an\u00e1lisis a nivel sectorial en el caso de la industria.<\/li>\n<li>Plantear propuestas que contribuyan a reforzar el efecto positivo de la normalizaci\u00f3n.<\/li>\n<\/ul>\n<p>El trabajo realizado ha permitido obtener resultados relevantes cuyos aspectos m\u00e1s significativos se resumen a continuaci\u00f3n.<\/p>\n<p>Los an\u00e1lisis realizados aportan la primera estimaci\u00f3n, a nivel macro y micro, del impacto de la normalizaci\u00f3n en la econom\u00eda espa\u00f1ola, as\u00ed como en los cuatro grandes sectores econ\u00f3micos (agricultura, industria, construcci\u00f3n y servicios) y en ocho sectores transversales en los que se incluyen sectores industriales, de la construcci\u00f3n y energ\u00e9ticos.<\/p>\n<p>A nivel macroecon\u00f3mico, se ha trabajado con variables como el PIB, el n\u00famero de personas ocupadas, el stock del capital total y otras variables relacionadas con la Productividad Total de los Factores (PTF). A nivel microecon\u00f3mico, se ha realizado una encuesta a una muestra representativa de 600 empresas espa\u00f1olas de la industria y de la construcci\u00f3n.<\/p>\n<p>La metodolog\u00eda que se ha utilizado en el an\u00e1lisis macroecon\u00f3mico toma como referencia la\u00a0<a class=\"ext\" title=\"(abre en una nueva ventana)\" href=\"https:\/\/www.iso.org\/publication\/PUB100465.html#:~:text=This%20is%20a%20guidance%20document%20aimed%20at%20standards,economic%20impact%20of%20standards%20on%20their%20local%20economy.\" target=\"_blank\" rel=\"noopener noreferrer\" data-extlink=\"\">gu\u00eda metodol\u00f3gica publicada por ISO en 2022<\/a>, tambi\u00e9n utilizada, con ciertas variaciones, en los estudios publicados sobre el impacto de la normalizaci\u00f3n en la econom\u00eda por parte de otros pa\u00edses. Es por ello que, en el presente estudio,\u00a0<strong>se ha respetado esta referencia metodol\u00f3gica con el fin de que los resultados para Espa\u00f1a sean comparables con los de otros pa\u00edses.<\/strong><\/p>\n<\/div><div class=\"fusion-button-wrapper\"><style type=\"text\/css\">.fusion-button.button-1 {border-radius:0px;}<\/style><a class=\"fusion-button button-flat fusion-button-default-size button-default button-1 fusion-button-default-span fusion-button-default-type\" target=\"_self\" href=\"https:\/\/cepi.eoi.es\/sites\/default\/files\/documents\/El%20impacto%20econ\u00f3mico%20de%20la%20normalizaci\u00f3n%20en%20Espa\u00f1a_web.pdf\"><span class=\"fusion-button-text\">VER INFORME<\/span><\/a><\/div><div class=\"fusion-button-wrapper\"><style type=\"text\/css\">.fusion-button.button-2 {border-radius:0px;}<\/style><a class=\"fusion-button button-flat fusion-button-default-size button-default button-2 fusion-button-default-span fusion-button-default-type\" target=\"_self\" href=\"https:\/\/cepi.eoi.es\/publicaciones\/el-impacto-economico-de-la-normalizacion-en-espana-y-su-industria\"><span class=\"fusion-button-text\">Resultados principales<\/span><\/a><\/div><div class=\"fusion-button-wrapper\"><style type=\"text\/css\">.fusion-button.button-3 {border-radius:0px;}<\/style><a class=\"fusion-button button-flat fusion-button-default-size button-default button-3 fusion-button-default-span fusion-button-default-type\" target=\"_self\" href=\"https:\/\/www.youtube.com\/watch?v=AIdjrUiZYV8\"><span class=\"fusion-button-text\">Videopresentaci\u00f3n<\/span><\/a><\/div><div class=\"fusion-clearfix\"><\/div><\/div><\/div><\/div><\/div><div class=\"fusion-fullwidth fullwidth-box fusion-builder-row-2 nonhundred-percent-fullwidth non-hundred-percent-height-scrolling\" style=\"background-color: rgba(255,255,255,0);background-position: center center;background-repeat: no-repeat;padding-top:0px;padding-right:0px;padding-bottom:0px;padding-left:0px;margin-bottom: 0px;margin-top: 0px;border-width: 0px 0px 0px 0px;border-color:#eae9e9;border-style:solid;\" ><\/div><\/p>\n","protected":false},"excerpt":{"rendered":"","protected":false},"author":1,"featured_media":4132,"menu_order":0,"comment_status":"closed","ping_status":"closed","template":"","format":"standard","meta":{"footnotes":""},"portfolio_category":[38],"portfolio_skills":[],"portfolio_tags":[],"yoast_head":"<!-- This site is optimized with the Yoast SEO plugin v24.5 - https:\/\/yoast.com\/wordpress\/plugins\/seo\/ -->\n<title>An\u00e1lisis del impacto de la normalizaci\u00f3n en Espa\u00f1a<\/title>\n<meta name=\"description\" content=\"Descubre todo lo que necesitas saber sobre el An\u00e1lisis del impacto de la normalizaci\u00f3n en Espa\u00f1a\" \/>\n<meta name=\"robots\" content=\"index, follow, max-snippet:-1, max-image-preview:large, max-video-preview:-1\" \/>\n<link rel=\"canonical\" href=\"https:\/\/abayanalistas.net\/es\/portfolio\/impacto-normalizacion-espana\/\" \/>\n<meta property=\"og:locale\" content=\"es_ES\" \/>\n<meta property=\"og:type\" content=\"article\" \/>\n<meta property=\"og:title\" content=\"An\u00e1lisis del impacto de la normalizaci\u00f3n en Espa\u00f1a\" \/>\n<meta property=\"og:description\" content=\"Descubre todo lo que necesitas saber sobre el An\u00e1lisis del impacto de la normalizaci\u00f3n en Espa\u00f1a\" \/>\n<meta property=\"og:url\" content=\"https:\/\/abayanalistas.net\/es\/portfolio\/impacto-normalizacion-espana\/\" \/>\n<meta property=\"og:site_name\" content=\"Abay Analistas\" \/>\n<meta property=\"article:modified_time\" content=\"2025-08-05T10:47:35+00:00\" \/>\n<meta property=\"og:image\" content=\"https:\/\/abayanalistas.net\/es\/wp-content\/uploads\/Sin-titulo-7.png\" \/>\n\t<meta property=\"og:image:width\" content=\"499\" \/>\n\t<meta property=\"og:image:height\" content=\"722\" \/>\n\t<meta property=\"og:image:type\" content=\"image\/png\" \/>\n<meta name=\"twitter:card\" content=\"summary_large_image\" \/>\n<meta name=\"twitter:site\" content=\"@abayanalistas\" \/>\n<meta name=\"twitter:label1\" content=\"Tiempo de lectura\" \/>\n\t<meta name=\"twitter:data1\" content=\"3 minutos\" \/>\n<script type=\"application\/ld+json\" class=\"yoast-schema-graph\">{\"@context\":\"https:\/\/schema.org\",\"@graph\":[{\"@type\":\"WebPage\",\"@id\":\"https:\/\/abayanalistas.net\/es\/portfolio\/impacto-normalizacion-espana\/\",\"url\":\"https:\/\/abayanalistas.net\/es\/portfolio\/impacto-normalizacion-espana\/\",\"name\":\"An\u00e1lisis del impacto de la normalizaci\u00f3n en Espa\u00f1a\",\"isPartOf\":{\"@id\":\"https:\/\/abayanalistas.net\/es\/#website\"},\"primaryImageOfPage\":{\"@id\":\"https:\/\/abayanalistas.net\/es\/portfolio\/impacto-normalizacion-espana\/#primaryimage\"},\"image\":{\"@id\":\"https:\/\/abayanalistas.net\/es\/portfolio\/impacto-normalizacion-espana\/#primaryimage\"},\"thumbnailUrl\":\"http:\/\/abayanalistas.net\/es\/wp-content\/uploads\/Sin-titulo-7.png\",\"datePublished\":\"2025-06-27T09:41:22+00:00\",\"dateModified\":\"2025-08-05T10:47:35+00:00\",\"description\":\"Descubre todo lo que necesitas saber sobre el An\u00e1lisis del impacto de la normalizaci\u00f3n en Espa\u00f1a\",\"breadcrumb\":{\"@id\":\"https:\/\/abayanalistas.net\/es\/portfolio\/impacto-normalizacion-espana\/#breadcrumb\"},\"inLanguage\":\"es\",\"potentialAction\":[{\"@type\":\"ReadAction\",\"target\":[\"https:\/\/abayanalistas.net\/es\/portfolio\/impacto-normalizacion-espana\/\"]}]},{\"@type\":\"ImageObject\",\"inLanguage\":\"es\",\"@id\":\"https:\/\/abayanalistas.net\/es\/portfolio\/impacto-normalizacion-espana\/#primaryimage\",\"url\":\"http:\/\/abayanalistas.net\/es\/wp-content\/uploads\/Sin-titulo-7.png\",\"contentUrl\":\"http:\/\/abayanalistas.net\/es\/wp-content\/uploads\/Sin-titulo-7.png\",\"width\":499,\"height\":722,\"caption\":\"Sin t\u00edtulo\"},{\"@type\":\"BreadcrumbList\",\"@id\":\"https:\/\/abayanalistas.net\/es\/portfolio\/impacto-normalizacion-espana\/#breadcrumb\",\"itemListElement\":[{\"@type\":\"ListItem\",\"position\":1,\"name\":\"Portada\",\"item\":\"https:\/\/abayanalistas.net\/es\/\"},{\"@type\":\"ListItem\",\"position\":2,\"name\":\"Portfolio\",\"item\":\"http:\/\/abayanalistas.net\/es\/portfolio\/\"},{\"@type\":\"ListItem\",\"position\":3,\"name\":\"El impacto econ\u00f3mico de la normalizaci\u00f3n en Espa\u00f1a\"}]},{\"@type\":\"WebSite\",\"@id\":\"https:\/\/abayanalistas.net\/es\/#website\",\"url\":\"https:\/\/abayanalistas.net\/es\/\",\"name\":\"Abay Analistas\",\"description\":\"Analistas econ\u00f3micos y sociales\",\"publisher\":{\"@id\":\"https:\/\/abayanalistas.net\/es\/#organization\"},\"potentialAction\":[{\"@type\":\"SearchAction\",\"target\":{\"@type\":\"EntryPoint\",\"urlTemplate\":\"https:\/\/abayanalistas.net\/es\/?s={search_term_string}\"},\"query-input\":{\"@type\":\"PropertyValueSpecification\",\"valueRequired\":true,\"valueName\":\"search_term_string\"}}],\"inLanguage\":\"es\"},{\"@type\":\"Organization\",\"@id\":\"https:\/\/abayanalistas.net\/es\/#organization\",\"name\":\"Abay Analistas\",\"url\":\"https:\/\/abayanalistas.net\/es\/\",\"logo\":{\"@type\":\"ImageObject\",\"inLanguage\":\"es\",\"@id\":\"https:\/\/abayanalistas.net\/es\/#\/schema\/logo\/image\/\",\"url\":\"https:\/\/i0.wp.com\/abayanalistas.net\/es\/wp-content\/uploads\/Logo_Abay_Retina.png?fit=280%2C96&ssl=1\",\"contentUrl\":\"https:\/\/i0.wp.com\/abayanalistas.net\/es\/wp-content\/uploads\/Logo_Abay_Retina.png?fit=280%2C96&ssl=1\",\"width\":280,\"height\":96,\"caption\":\"Abay Analistas\"},\"image\":{\"@id\":\"https:\/\/abayanalistas.net\/es\/#\/schema\/logo\/image\/\"},\"sameAs\":[\"https:\/\/x.com\/abayanalistas\",\"https:\/\/www.linkedin.com\/company\/abay-analistas?trk=biz-companies-cym\"]}]}<\/script>\n<!-- \/ Yoast SEO plugin. -->","yoast_head_json":{"title":"An\u00e1lisis del impacto de la normalizaci\u00f3n en Espa\u00f1a","description":"Descubre todo lo que necesitas saber sobre el An\u00e1lisis del impacto de la normalizaci\u00f3n en Espa\u00f1a","robots":{"index":"index","follow":"follow","max-snippet":"max-snippet:-1","max-image-preview":"max-image-preview:large","max-video-preview":"max-video-preview:-1"},"canonical":"https:\/\/abayanalistas.net\/es\/portfolio\/impacto-normalizacion-espana\/","og_locale":"es_ES","og_type":"article","og_title":"An\u00e1lisis del impacto de la normalizaci\u00f3n en Espa\u00f1a","og_description":"Descubre todo lo que necesitas saber sobre el An\u00e1lisis del impacto de la normalizaci\u00f3n en Espa\u00f1a","og_url":"https:\/\/abayanalistas.net\/es\/portfolio\/impacto-normalizacion-espana\/","og_site_name":"Abay Analistas","article_modified_time":"2025-08-05T10:47:35+00:00","og_image":[{"width":499,"height":722,"url":"https:\/\/abayanalistas.net\/es\/wp-content\/uploads\/Sin-titulo-7.png","type":"image\/png"}],"twitter_card":"summary_large_image","twitter_site":"@abayanalistas","twitter_misc":{"Tiempo de lectura":"3 minutos"},"schema":{"@context":"https:\/\/schema.org","@graph":[{"@type":"WebPage","@id":"https:\/\/abayanalistas.net\/es\/portfolio\/impacto-normalizacion-espana\/","url":"https:\/\/abayanalistas.net\/es\/portfolio\/impacto-normalizacion-espana\/","name":"An\u00e1lisis del impacto de la normalizaci\u00f3n en Espa\u00f1a","isPartOf":{"@id":"https:\/\/abayanalistas.net\/es\/#website"},"primaryImageOfPage":{"@id":"https:\/\/abayanalistas.net\/es\/portfolio\/impacto-normalizacion-espana\/#primaryimage"},"image":{"@id":"https:\/\/abayanalistas.net\/es\/portfolio\/impacto-normalizacion-espana\/#primaryimage"},"thumbnailUrl":"http:\/\/abayanalistas.net\/es\/wp-content\/uploads\/Sin-titulo-7.png","datePublished":"2025-06-27T09:41:22+00:00","dateModified":"2025-08-05T10:47:35+00:00","description":"Descubre todo lo que necesitas saber sobre el An\u00e1lisis del impacto de la normalizaci\u00f3n en Espa\u00f1a","breadcrumb":{"@id":"https:\/\/abayanalistas.net\/es\/portfolio\/impacto-normalizacion-espana\/#breadcrumb"},"inLanguage":"es","potentialAction":[{"@type":"ReadAction","target":["https:\/\/abayanalistas.net\/es\/portfolio\/impacto-normalizacion-espana\/"]}]},{"@type":"ImageObject","inLanguage":"es","@id":"https:\/\/abayanalistas.net\/es\/portfolio\/impacto-normalizacion-espana\/#primaryimage","url":"http:\/\/abayanalistas.net\/es\/wp-content\/uploads\/Sin-titulo-7.png","contentUrl":"http:\/\/abayanalistas.net\/es\/wp-content\/uploads\/Sin-titulo-7.png","width":499,"height":722,"caption":"Sin t\u00edtulo"},{"@type":"BreadcrumbList","@id":"https:\/\/abayanalistas.net\/es\/portfolio\/impacto-normalizacion-espana\/#breadcrumb","itemListElement":[{"@type":"ListItem","position":1,"name":"Portada","item":"https:\/\/abayanalistas.net\/es\/"},{"@type":"ListItem","position":2,"name":"Portfolio","item":"http:\/\/abayanalistas.net\/es\/portfolio\/"},{"@type":"ListItem","position":3,"name":"El impacto econ\u00f3mico de la normalizaci\u00f3n en Espa\u00f1a"}]},{"@type":"WebSite","@id":"https:\/\/abayanalistas.net\/es\/#website","url":"https:\/\/abayanalistas.net\/es\/","name":"Abay Analistas","description":"Analistas econ\u00f3micos y sociales","publisher":{"@id":"https:\/\/abayanalistas.net\/es\/#organization"},"potentialAction":[{"@type":"SearchAction","target":{"@type":"EntryPoint","urlTemplate":"https:\/\/abayanalistas.net\/es\/?s={search_term_string}"},"query-input":{"@type":"PropertyValueSpecification","valueRequired":true,"valueName":"search_term_string"}}],"inLanguage":"es"},{"@type":"Organization","@id":"https:\/\/abayanalistas.net\/es\/#organization","name":"Abay Analistas","url":"https:\/\/abayanalistas.net\/es\/","logo":{"@type":"ImageObject","inLanguage":"es","@id":"https:\/\/abayanalistas.net\/es\/#\/schema\/logo\/image\/","url":"https:\/\/i0.wp.com\/abayanalistas.net\/es\/wp-content\/uploads\/Logo_Abay_Retina.png?fit=280%2C96&ssl=1","contentUrl":"https:\/\/i0.wp.com\/abayanalistas.net\/es\/wp-content\/uploads\/Logo_Abay_Retina.png?fit=280%2C96&ssl=1","width":280,"height":96,"caption":"Abay Analistas"},"image":{"@id":"https:\/\/abayanalistas.net\/es\/#\/schema\/logo\/image\/"},"sameAs":["https:\/\/x.com\/abayanalistas","https:\/\/www.linkedin.com\/company\/abay-analistas?trk=biz-companies-cym"]}]}},"_links":{"self":[{"href":"http:\/\/abayanalistas.net\/es\/wp-json\/wp\/v2\/avada_portfolio\/4131"}],"collection":[{"href":"http:\/\/abayanalistas.net\/es\/wp-json\/wp\/v2\/avada_portfolio"}],"about":[{"href":"http:\/\/abayanalistas.net\/es\/wp-json\/wp\/v2\/types\/avada_portfolio"}],"author":[{"embeddable":true,"href":"http:\/\/abayanalistas.net\/es\/wp-json\/wp\/v2\/users\/1"}],"replies":[{"embeddable":true,"href":"http:\/\/abayanalistas.net\/es\/wp-json\/wp\/v2\/comments?post=4131"}],"version-history":[{"count":3,"href":"http:\/\/abayanalistas.net\/es\/wp-json\/wp\/v2\/avada_portfolio\/4131\/revisions"}],"predecessor-version":[{"id":4135,"href":"http:\/\/abayanalistas.net\/es\/wp-json\/wp\/v2\/avada_portfolio\/4131\/revisions\/4135"}],"wp:featuredmedia":[{"embeddable":true,"href":"http:\/\/abayanalistas.net\/es\/wp-json\/wp\/v2\/media\/4132"}],"wp:attachment":[{"href":"http:\/\/abayanalistas.net\/es\/wp-json\/wp\/v2\/media?parent=4131"}],"wp:term":[{"taxonomy":"portfolio_category","embeddable":true,"href":"http:\/\/abayanalistas.net\/es\/wp-json\/wp\/v2\/portfolio_category?post=4131"},{"taxonomy":"portfolio_skills","embeddable":true,"href":"http:\/\/abayanalistas.net\/es\/wp-json\/wp\/v2\/portfolio_skills?post=4131"},{"taxonomy":"portfolio_tags","embeddable":true,"href":"http:\/\/abayanalistas.net\/es\/wp-json\/wp\/v2\/portfolio_tags?post=4131"}],"curies":[{"name":"wp","href":"https:\/\/api.w.org\/{rel}","templated":true}]}}