{"id":3256,"date":"2018-11-29T13:01:20","date_gmt":"2018-11-29T13:01:20","guid":{"rendered":"http:\/\/abayanalistas.net\/es\/?post_type=avada_portfolio&#038;p=3256"},"modified":"2024-01-07T21:51:40","modified_gmt":"2024-01-07T21:51:40","slug":"la-aplicacion-de-las-directrices-de-la-oit-sobre-transicion-justa-en-el-contexto-de-la-transicion-energetica-espanola","status":"publish","type":"avada_portfolio","link":"http:\/\/abayanalistas.net\/es\/portfolio\/la-aplicacion-de-las-directrices-de-la-oit-sobre-transicion-justa-en-el-contexto-de-la-transicion-energetica-espanola\/","title":{"rendered":"La aplicaci\u00f3n de las directrices de la OIT sobre transici\u00f3n justa en el contexto de la transici\u00f3n energ\u00e9tica espa\u00f1ola"},"content":{"rendered":"<div class=\"fusion-fullwidth fullwidth-box fusion-builder-row-1 nonhundred-percent-fullwidth non-hundred-percent-height-scrolling\" style=\"background-color: rgba(255,255,255,0);background-position: left top;background-repeat: no-repeat;padding-top:20px;padding-right:0px;padding-bottom:20px;padding-left:0px;margin-bottom: 0px;margin-top: 0px;border-width: 0px 0px 0px 0px;border-color:#eae9e9;border-style:solid;\" ><div class=\"fusion-builder-row fusion-row\"><div class=\"fusion-layout-column fusion_builder_column fusion-builder-column-0 fusion_builder_column_1_1 1_1 fusion-one-full fusion-column-first fusion-column-last fusion-column-no-min-height\" style=\"margin-top:0px;margin-bottom:0px;\"><div class=\"fusion-column-wrapper fusion-flex-column-wrapper-legacy\" style=\"background-position:left top;background-repeat:no-repeat;-webkit-background-size:cover;-moz-background-size:cover;-o-background-size:cover;background-size:cover;padding: 0px 0px 0px 0px;\"><div class=\"fusion-text fusion-text-1\"><p> El objetivo principal del Informe ha sido conocer las visiones, posiciones y propuestas de los actores clave, aquellos que ser\u00e1n actores del cambio en relaci\u00f3n con la transici\u00f3n energ\u00e9tica. Para ello, se han llevado a cabo 22 entrevistas en profundidad con: expertos pertenecientes a las empresas afectadas y al sector privado, representantes de los trabajadores, responsables de pol\u00edticas p\u00fablicas (energ\u00eda, industria, empleo y formaci\u00f3n) y, de organizaciones ambientales. Se busca, as\u00ed, que la opini\u00f3n de personas expertas y actores sociales de diverso signo pueda orientar un marco de acci\u00f3n com\u00fan. El Informe se centra en la transici\u00f3n energ\u00e9tica, un pilar esencial de la transici\u00f3n ecol\u00f3gica que debe abordarse sin mayor dilaci\u00f3n, y se han considerado de manera particular tres de los sectores sobre los que \u00e9sta se sustentar\u00e1: generaci\u00f3n de energ\u00eda el\u00e9ctrica, movilidad sostenible y eficiencia en la edificaci\u00f3n.<\/p>\n<\/div><div class=\"fusion-button-wrapper\"><style type=\"text\/css\">.fusion-button.button-1 {border-radius:0px;}<\/style><a class=\"fusion-button button-flat fusion-button-default-size button-default button-1 fusion-button-default-span fusion-button-default-type\" target=\"_blank\" rel=\"noopener noreferrer\" href=\"http:\/\/www.conama2018.org\/download\/bancorecursos\/C2018\/Informe%20final%20OIT_V4%20FINAL%20OK.pdf\"><i class=\"fa-file-alt far button-icon-left\" aria-hidden=\"true\"><\/i><span class=\"fusion-button-text\">VER INFORME<\/span><\/a><\/div><div class=\"fusion-clearfix\"><\/div><\/div><\/div><\/div><\/div>\n","protected":false},"excerpt":{"rendered":"","protected":false},"author":1,"featured_media":3274,"menu_order":0,"comment_status":"closed","ping_status":"closed","template":"","format":"standard","meta":{"footnotes":""},"portfolio_category":[39],"portfolio_skills":[],"portfolio_tags":[],"yoast_head":"<!-- This site is optimized with the Yoast SEO plugin v24.5 - https:\/\/yoast.com\/wordpress\/plugins\/seo\/ -->\n<title>La aplicaci\u00f3n de las directrices de la OIT sobre transici\u00f3n justa en el contexto de la transici\u00f3n energ\u00e9tica espa\u00f1ola - Abay Analistas<\/title>\n<meta name=\"robots\" content=\"index, follow, max-snippet:-1, max-image-preview:large, max-video-preview:-1\" \/>\n<link rel=\"canonical\" href=\"https:\/\/abayanalistas.net\/es\/portfolio\/la-aplicacion-de-las-directrices-de-la-oit-sobre-transicion-justa-en-el-contexto-de-la-transicion-energetica-espanola\/\" \/>\n<meta property=\"og:locale\" content=\"es_ES\" \/>\n<meta property=\"og:type\" content=\"article\" \/>\n<meta property=\"og:title\" content=\"La aplicaci\u00f3n de las directrices de la OIT sobre transici\u00f3n justa en el contexto de la transici\u00f3n energ\u00e9tica espa\u00f1ola - Abay Analistas\" \/>\n<meta property=\"og:url\" content=\"https:\/\/abayanalistas.net\/es\/portfolio\/la-aplicacion-de-las-directrices-de-la-oit-sobre-transicion-justa-en-el-contexto-de-la-transicion-energetica-espanola\/\" \/>\n<meta property=\"og:site_name\" content=\"Abay Analistas\" \/>\n<meta property=\"article:modified_time\" content=\"2024-01-07T21:51:40+00:00\" \/>\n<meta property=\"og:image\" content=\"https:\/\/abayanalistas.net\/es\/wp-content\/uploads\/informeoit.png\" \/>\n\t<meta property=\"og:image:width\" content=\"425\" \/>\n\t<meta property=\"og:image:height\" content=\"598\" \/>\n\t<meta property=\"og:image:type\" content=\"image\/png\" \/>\n<meta name=\"twitter:card\" content=\"summary_large_image\" \/>\n<meta name=\"twitter:site\" content=\"@abayanalistas\" \/>\n<meta name=\"twitter:label1\" content=\"Tiempo de lectura\" \/>\n\t<meta name=\"twitter:data1\" content=\"2 minutos\" \/>\n<script type=\"application\/ld+json\" class=\"yoast-schema-graph\">{\"@context\":\"https:\/\/schema.org\",\"@graph\":[{\"@type\":\"WebPage\",\"@id\":\"https:\/\/abayanalistas.net\/es\/portfolio\/la-aplicacion-de-las-directrices-de-la-oit-sobre-transicion-justa-en-el-contexto-de-la-transicion-energetica-espanola\/\",\"url\":\"https:\/\/abayanalistas.net\/es\/portfolio\/la-aplicacion-de-las-directrices-de-la-oit-sobre-transicion-justa-en-el-contexto-de-la-transicion-energetica-espanola\/\",\"name\":\"La aplicaci\u00f3n de las directrices de la OIT sobre transici\u00f3n justa en el contexto de la transici\u00f3n energ\u00e9tica espa\u00f1ola - Abay Analistas\",\"isPartOf\":{\"@id\":\"https:\/\/abayanalistas.net\/es\/#website\"},\"primaryImageOfPage\":{\"@id\":\"https:\/\/abayanalistas.net\/es\/portfolio\/la-aplicacion-de-las-directrices-de-la-oit-sobre-transicion-justa-en-el-contexto-de-la-transicion-energetica-espanola\/#primaryimage\"},\"image\":{\"@id\":\"https:\/\/abayanalistas.net\/es\/portfolio\/la-aplicacion-de-las-directrices-de-la-oit-sobre-transicion-justa-en-el-contexto-de-la-transicion-energetica-espanola\/#primaryimage\"},\"thumbnailUrl\":\"http:\/\/abayanalistas.net\/es\/wp-content\/uploads\/informeoit.png\",\"datePublished\":\"2018-11-29T13:01:20+00:00\",\"dateModified\":\"2024-01-07T21:51:40+00:00\",\"breadcrumb\":{\"@id\":\"https:\/\/abayanalistas.net\/es\/portfolio\/la-aplicacion-de-las-directrices-de-la-oit-sobre-transicion-justa-en-el-contexto-de-la-transicion-energetica-espanola\/#breadcrumb\"},\"inLanguage\":\"es\",\"potentialAction\":[{\"@type\":\"ReadAction\",\"target\":[\"https:\/\/abayanalistas.net\/es\/portfolio\/la-aplicacion-de-las-directrices-de-la-oit-sobre-transicion-justa-en-el-contexto-de-la-transicion-energetica-espanola\/\"]}]},{\"@type\":\"ImageObject\",\"inLanguage\":\"es\",\"@id\":\"https:\/\/abayanalistas.net\/es\/portfolio\/la-aplicacion-de-las-directrices-de-la-oit-sobre-transicion-justa-en-el-contexto-de-la-transicion-energetica-espanola\/#primaryimage\",\"url\":\"http:\/\/abayanalistas.net\/es\/wp-content\/uploads\/informeoit.png\",\"contentUrl\":\"http:\/\/abayanalistas.net\/es\/wp-content\/uploads\/informeoit.png\",\"width\":425,\"height\":598,\"caption\":\"informeoit\"},{\"@type\":\"BreadcrumbList\",\"@id\":\"https:\/\/abayanalistas.net\/es\/portfolio\/la-aplicacion-de-las-directrices-de-la-oit-sobre-transicion-justa-en-el-contexto-de-la-transicion-energetica-espanola\/#breadcrumb\",\"itemListElement\":[{\"@type\":\"ListItem\",\"position\":1,\"name\":\"Portada\",\"item\":\"https:\/\/abayanalistas.net\/es\/\"},{\"@type\":\"ListItem\",\"position\":2,\"name\":\"Portfolio\",\"item\":\"http:\/\/abayanalistas.net\/es\/portfolio\/\"},{\"@type\":\"ListItem\",\"position\":3,\"name\":\"La aplicaci\u00f3n de las directrices de la OIT sobre transici\u00f3n justa en el contexto de la transici\u00f3n energ\u00e9tica espa\u00f1ola\"}]},{\"@type\":\"WebSite\",\"@id\":\"https:\/\/abayanalistas.net\/es\/#website\",\"url\":\"https:\/\/abayanalistas.net\/es\/\",\"name\":\"Abay Analistas\",\"description\":\"Analistas econ\u00f3micos y sociales\",\"publisher\":{\"@id\":\"https:\/\/abayanalistas.net\/es\/#organization\"},\"potentialAction\":[{\"@type\":\"SearchAction\",\"target\":{\"@type\":\"EntryPoint\",\"urlTemplate\":\"https:\/\/abayanalistas.net\/es\/?s={search_term_string}\"},\"query-input\":{\"@type\":\"PropertyValueSpecification\",\"valueRequired\":true,\"valueName\":\"search_term_string\"}}],\"inLanguage\":\"es\"},{\"@type\":\"Organization\",\"@id\":\"https:\/\/abayanalistas.net\/es\/#organization\",\"name\":\"Abay Analistas\",\"url\":\"https:\/\/abayanalistas.net\/es\/\",\"logo\":{\"@type\":\"ImageObject\",\"inLanguage\":\"es\",\"@id\":\"https:\/\/abayanalistas.net\/es\/#\/schema\/logo\/image\/\",\"url\":\"https:\/\/i0.wp.com\/abayanalistas.net\/es\/wp-content\/uploads\/Logo_Abay_Retina.png?fit=280%2C96&ssl=1\",\"contentUrl\":\"https:\/\/i0.wp.com\/abayanalistas.net\/es\/wp-content\/uploads\/Logo_Abay_Retina.png?fit=280%2C96&ssl=1\",\"width\":280,\"height\":96,\"caption\":\"Abay Analistas\"},\"image\":{\"@id\":\"https:\/\/abayanalistas.net\/es\/#\/schema\/logo\/image\/\"},\"sameAs\":[\"https:\/\/x.com\/abayanalistas\",\"https:\/\/www.linkedin.com\/company\/abay-analistas?trk=biz-companies-cym\"]}]}<\/script>\n<!-- \/ Yoast SEO plugin. -->","yoast_head_json":{"title":"La aplicaci\u00f3n de las directrices de la OIT sobre transici\u00f3n justa en el contexto de la transici\u00f3n energ\u00e9tica espa\u00f1ola - Abay Analistas","robots":{"index":"index","follow":"follow","max-snippet":"max-snippet:-1","max-image-preview":"max-image-preview:large","max-video-preview":"max-video-preview:-1"},"canonical":"https:\/\/abayanalistas.net\/es\/portfolio\/la-aplicacion-de-las-directrices-de-la-oit-sobre-transicion-justa-en-el-contexto-de-la-transicion-energetica-espanola\/","og_locale":"es_ES","og_type":"article","og_title":"La aplicaci\u00f3n de las directrices de la OIT sobre transici\u00f3n justa en el contexto de la transici\u00f3n energ\u00e9tica espa\u00f1ola - Abay Analistas","og_url":"https:\/\/abayanalistas.net\/es\/portfolio\/la-aplicacion-de-las-directrices-de-la-oit-sobre-transicion-justa-en-el-contexto-de-la-transicion-energetica-espanola\/","og_site_name":"Abay Analistas","article_modified_time":"2024-01-07T21:51:40+00:00","og_image":[{"width":425,"height":598,"url":"https:\/\/abayanalistas.net\/es\/wp-content\/uploads\/informeoit.png","type":"image\/png"}],"twitter_card":"summary_large_image","twitter_site":"@abayanalistas","twitter_misc":{"Tiempo de lectura":"2 minutos"},"schema":{"@context":"https:\/\/schema.org","@graph":[{"@type":"WebPage","@id":"https:\/\/abayanalistas.net\/es\/portfolio\/la-aplicacion-de-las-directrices-de-la-oit-sobre-transicion-justa-en-el-contexto-de-la-transicion-energetica-espanola\/","url":"https:\/\/abayanalistas.net\/es\/portfolio\/la-aplicacion-de-las-directrices-de-la-oit-sobre-transicion-justa-en-el-contexto-de-la-transicion-energetica-espanola\/","name":"La aplicaci\u00f3n de las directrices de la OIT sobre transici\u00f3n justa en el contexto de la transici\u00f3n energ\u00e9tica espa\u00f1ola - Abay Analistas","isPartOf":{"@id":"https:\/\/abayanalistas.net\/es\/#website"},"primaryImageOfPage":{"@id":"https:\/\/abayanalistas.net\/es\/portfolio\/la-aplicacion-de-las-directrices-de-la-oit-sobre-transicion-justa-en-el-contexto-de-la-transicion-energetica-espanola\/#primaryimage"},"image":{"@id":"https:\/\/abayanalistas.net\/es\/portfolio\/la-aplicacion-de-las-directrices-de-la-oit-sobre-transicion-justa-en-el-contexto-de-la-transicion-energetica-espanola\/#primaryimage"},"thumbnailUrl":"http:\/\/abayanalistas.net\/es\/wp-content\/uploads\/informeoit.png","datePublished":"2018-11-29T13:01:20+00:00","dateModified":"2024-01-07T21:51:40+00:00","breadcrumb":{"@id":"https:\/\/abayanalistas.net\/es\/portfolio\/la-aplicacion-de-las-directrices-de-la-oit-sobre-transicion-justa-en-el-contexto-de-la-transicion-energetica-espanola\/#breadcrumb"},"inLanguage":"es","potentialAction":[{"@type":"ReadAction","target":["https:\/\/abayanalistas.net\/es\/portfolio\/la-aplicacion-de-las-directrices-de-la-oit-sobre-transicion-justa-en-el-contexto-de-la-transicion-energetica-espanola\/"]}]},{"@type":"ImageObject","inLanguage":"es","@id":"https:\/\/abayanalistas.net\/es\/portfolio\/la-aplicacion-de-las-directrices-de-la-oit-sobre-transicion-justa-en-el-contexto-de-la-transicion-energetica-espanola\/#primaryimage","url":"http:\/\/abayanalistas.net\/es\/wp-content\/uploads\/informeoit.png","contentUrl":"http:\/\/abayanalistas.net\/es\/wp-content\/uploads\/informeoit.png","width":425,"height":598,"caption":"informeoit"},{"@type":"BreadcrumbList","@id":"https:\/\/abayanalistas.net\/es\/portfolio\/la-aplicacion-de-las-directrices-de-la-oit-sobre-transicion-justa-en-el-contexto-de-la-transicion-energetica-espanola\/#breadcrumb","itemListElement":[{"@type":"ListItem","position":1,"name":"Portada","item":"https:\/\/abayanalistas.net\/es\/"},{"@type":"ListItem","position":2,"name":"Portfolio","item":"http:\/\/abayanalistas.net\/es\/portfolio\/"},{"@type":"ListItem","position":3,"name":"La aplicaci\u00f3n de las directrices de la OIT sobre transici\u00f3n justa en el contexto de la transici\u00f3n energ\u00e9tica espa\u00f1ola"}]},{"@type":"WebSite","@id":"https:\/\/abayanalistas.net\/es\/#website","url":"https:\/\/abayanalistas.net\/es\/","name":"Abay Analistas","description":"Analistas econ\u00f3micos y sociales","publisher":{"@id":"https:\/\/abayanalistas.net\/es\/#organization"},"potentialAction":[{"@type":"SearchAction","target":{"@type":"EntryPoint","urlTemplate":"https:\/\/abayanalistas.net\/es\/?s={search_term_string}"},"query-input":{"@type":"PropertyValueSpecification","valueRequired":true,"valueName":"search_term_string"}}],"inLanguage":"es"},{"@type":"Organization","@id":"https:\/\/abayanalistas.net\/es\/#organization","name":"Abay Analistas","url":"https:\/\/abayanalistas.net\/es\/","logo":{"@type":"ImageObject","inLanguage":"es","@id":"https:\/\/abayanalistas.net\/es\/#\/schema\/logo\/image\/","url":"https:\/\/i0.wp.com\/abayanalistas.net\/es\/wp-content\/uploads\/Logo_Abay_Retina.png?fit=280%2C96&ssl=1","contentUrl":"https:\/\/i0.wp.com\/abayanalistas.net\/es\/wp-content\/uploads\/Logo_Abay_Retina.png?fit=280%2C96&ssl=1","width":280,"height":96,"caption":"Abay Analistas"},"image":{"@id":"https:\/\/abayanalistas.net\/es\/#\/schema\/logo\/image\/"},"sameAs":["https:\/\/x.com\/abayanalistas","https:\/\/www.linkedin.com\/company\/abay-analistas?trk=biz-companies-cym"]}]}},"_links":{"self":[{"href":"http:\/\/abayanalistas.net\/es\/wp-json\/wp\/v2\/avada_portfolio\/3256"}],"collection":[{"href":"http:\/\/abayanalistas.net\/es\/wp-json\/wp\/v2\/avada_portfolio"}],"about":[{"href":"http:\/\/abayanalistas.net\/es\/wp-json\/wp\/v2\/types\/avada_portfolio"}],"author":[{"embeddable":true,"href":"http:\/\/abayanalistas.net\/es\/wp-json\/wp\/v2\/users\/1"}],"replies":[{"embeddable":true,"href":"http:\/\/abayanalistas.net\/es\/wp-json\/wp\/v2\/comments?post=3256"}],"version-history":[{"count":4,"href":"http:\/\/abayanalistas.net\/es\/wp-json\/wp\/v2\/avada_portfolio\/3256\/revisions"}],"predecessor-version":[{"id":3887,"href":"http:\/\/abayanalistas.net\/es\/wp-json\/wp\/v2\/avada_portfolio\/3256\/revisions\/3887"}],"wp:featuredmedia":[{"embeddable":true,"href":"http:\/\/abayanalistas.net\/es\/wp-json\/wp\/v2\/media\/3274"}],"wp:attachment":[{"href":"http:\/\/abayanalistas.net\/es\/wp-json\/wp\/v2\/media?parent=3256"}],"wp:term":[{"taxonomy":"portfolio_category","embeddable":true,"href":"http:\/\/abayanalistas.net\/es\/wp-json\/wp\/v2\/portfolio_category?post=3256"},{"taxonomy":"portfolio_skills","embeddable":true,"href":"http:\/\/abayanalistas.net\/es\/wp-json\/wp\/v2\/portfolio_skills?post=3256"},{"taxonomy":"portfolio_tags","embeddable":true,"href":"http:\/\/abayanalistas.net\/es\/wp-json\/wp\/v2\/portfolio_tags?post=3256"}],"curies":[{"name":"wp","href":"https:\/\/api.w.org\/{rel}","templated":true}]}}