{"id":3018,"date":"2017-05-22T12:43:28","date_gmt":"2017-05-22T12:43:28","guid":{"rendered":"http:\/\/abayanalistas.net\/es\/?post_type=avada_portfolio&#038;p=3018"},"modified":"2024-01-10T19:36:17","modified_gmt":"2024-01-10T19:36:17","slug":"evaluacion-impacto-analisis-las-acciones-dirigidas-pymes-cofinanciadas-feder-ejecutadas-eoi","status":"publish","type":"avada_portfolio","link":"http:\/\/abayanalistas.net\/es\/portfolio\/evaluacion-impacto-analisis-las-acciones-dirigidas-pymes-cofinanciadas-feder-ejecutadas-eoi\/","title":{"rendered":"Evaluaci\u00f3n de impacto y an\u00e1lisis de las acciones dirigidas a pymes cofinanciadas por FEDER y ejecutadas por EOI"},"content":{"rendered":"<div class=\"fusion-fullwidth fullwidth-box fusion-builder-row-1 nonhundred-percent-fullwidth non-hundred-percent-height-scrolling\" style=\"background-color: rgba(255,255,255,0);background-position: center center;background-repeat: no-repeat;padding-top:20px;padding-right:0px;padding-bottom:20px;padding-left:0px;margin-bottom: 0px;margin-top: 0px;border-width: 0px 0px 0px 0px;border-color:#eae9e9;border-style:solid;\" ><div class=\"fusion-builder-row fusion-row\"><div class=\"fusion-layout-column fusion_builder_column fusion-builder-column-0 fusion_builder_column_1_1 1_1 fusion-one-full fusion-column-first fusion-column-last\" style=\"margin-top:0px;margin-bottom:20px;\"><div class=\"fusion-column-wrapper fusion-flex-column-wrapper-legacy\" style=\"background-position:left top;background-repeat:no-repeat;-webkit-background-size:cover;-moz-background-size:cover;-o-background-size:cover;background-size:cover;padding: 0px 0px 0px 0px;\"><style type=\"text\/css\"><\/style><div class=\"fusion-title title fusion-title-1 fusion-sep-none fusion-title-text fusion-title-size-one\" style=\"margin-top:0px;margin-right:0px;margin-bottom:30px;margin-left:0px;\"><h1 class=\"title-heading-left fusion-responsive-typography-calculated\" style=\"margin:0;--fontSize:50;line-height:1.00;\"><h4 data-fontsize=\"16\" data-lineheight=\"24\">Evaluaci\u00f3n de impacto y an\u00e1lisis de las acciones dirigidas a pymes cofinanciadas por FEDER y ejecutadas por EOI<\/h4><\/h1><\/div><div class=\"fusion-text fusion-text-1\"><p>Este informe, realizado para <a href=\"https:\/\/www.eoi.es\/\" target=\"_blank\" rel=\"noopener noreferrer\">EOI<\/a>, ha tenido como objetivo realizar un primer an\u00e1lisis del impacto de los distintos proyectos ejecutados por EOI sobre las empresas beneficiarias de los mismos. En el proyecto se identificaron tambi\u00e9n medidas correctoras que, en su caso, puedan ser implementadas con respecto a la metodolog\u00eda empleada y a la gesti\u00f3n e informaci\u00f3n, teniendo siempre como meta la mejora de la competitividad de las pymes a trav\u00e9s del desarrollo de acciones orientadas a incorporar la I+D+i a la empresa.<\/p>\n<\/div><div class=\"fusion-text fusion-text-2\"><p>Click edit button to change this text.<\/p>\n<\/div><div class=\"fusion-clearfix\"><\/div><\/div><\/div><\/div><\/div>\n","protected":false},"excerpt":{"rendered":"<p>Este informe, realizado para EOI, ha tenido como objetivo realizar un primer an\u00e1lisis del impacto de los distintos proyectos ejecutados sobre las empresas beneficiarias de los mismos. En el proyecto se identificaron tambi\u00e9n medidas correctoras que, en su caso, puedan ser implementadas con respecto a la metodolog\u00eda empleada y a la gesti\u00f3n e informaci\u00f3n, teniendo siempre como meta la mejora de la competitividad de las pymes a trav\u00e9s del desarrollo de acciones orientadas a incorporar la I+D+i a la empresa.<\/p>\n","protected":false},"author":1,"featured_media":3019,"menu_order":0,"comment_status":"closed","ping_status":"closed","template":"","format":"standard","meta":{"footnotes":""},"portfolio_category":[38],"portfolio_skills":[],"portfolio_tags":[],"yoast_head":"<!-- This site is optimized with the Yoast SEO plugin v24.5 - https:\/\/yoast.com\/wordpress\/plugins\/seo\/ -->\n<title>Evaluaci\u00f3n de impacto y an\u00e1lisis de las acciones dirigidas a pymes cofinanciadas por FEDER y ejecutadas por EOI - Abay Analistas<\/title>\n<meta name=\"description\" content=\"Evaluaci\u00f3n de impacto y an\u00e1lisis de las acciones dirigidas a pymes cofinanciadas por FEDER y ejecutadas por EOI\" \/>\n<meta name=\"robots\" content=\"index, follow, max-snippet:-1, max-image-preview:large, max-video-preview:-1\" \/>\n<link rel=\"canonical\" href=\"https:\/\/abayanalistas.net\/es\/portfolio\/evaluacion-impacto-analisis-las-acciones-dirigidas-pymes-cofinanciadas-feder-ejecutadas-eoi\/\" \/>\n<meta property=\"og:locale\" content=\"es_ES\" \/>\n<meta property=\"og:type\" content=\"article\" \/>\n<meta property=\"og:title\" content=\"Evaluaci\u00f3n de impacto y an\u00e1lisis de las acciones dirigidas a pymes cofinanciadas por FEDER y ejecutadas por EOI - Abay Analistas\" \/>\n<meta property=\"og:description\" content=\"Evaluaci\u00f3n de impacto y an\u00e1lisis de las acciones dirigidas a pymes cofinanciadas por FEDER y ejecutadas por EOI\" \/>\n<meta property=\"og:url\" content=\"https:\/\/abayanalistas.net\/es\/portfolio\/evaluacion-impacto-analisis-las-acciones-dirigidas-pymes-cofinanciadas-feder-ejecutadas-eoi\/\" \/>\n<meta property=\"og:site_name\" content=\"Abay Analistas\" \/>\n<meta property=\"article:modified_time\" content=\"2024-01-10T19:36:17+00:00\" \/>\n<meta property=\"og:image\" content=\"https:\/\/abayanalistas.net\/es\/wp-content\/uploads\/FEDER.png\" \/>\n\t<meta property=\"og:image:width\" content=\"1\" \/>\n\t<meta property=\"og:image:height\" content=\"1\" \/>\n\t<meta property=\"og:image:type\" content=\"image\/png\" \/>\n<meta name=\"twitter:card\" content=\"summary_large_image\" \/>\n<meta name=\"twitter:site\" content=\"@abayanalistas\" \/>\n<meta name=\"twitter:label1\" content=\"Tiempo de lectura\" \/>\n\t<meta name=\"twitter:data1\" content=\"1 minuto\" \/>\n<script type=\"application\/ld+json\" class=\"yoast-schema-graph\">{\"@context\":\"https:\/\/schema.org\",\"@graph\":[{\"@type\":\"WebPage\",\"@id\":\"https:\/\/abayanalistas.net\/es\/portfolio\/evaluacion-impacto-analisis-las-acciones-dirigidas-pymes-cofinanciadas-feder-ejecutadas-eoi\/\",\"url\":\"https:\/\/abayanalistas.net\/es\/portfolio\/evaluacion-impacto-analisis-las-acciones-dirigidas-pymes-cofinanciadas-feder-ejecutadas-eoi\/\",\"name\":\"Evaluaci\u00f3n de impacto y an\u00e1lisis de las acciones dirigidas a pymes cofinanciadas por FEDER y ejecutadas por EOI - Abay Analistas\",\"isPartOf\":{\"@id\":\"https:\/\/abayanalistas.net\/es\/#website\"},\"primaryImageOfPage\":{\"@id\":\"https:\/\/abayanalistas.net\/es\/portfolio\/evaluacion-impacto-analisis-las-acciones-dirigidas-pymes-cofinanciadas-feder-ejecutadas-eoi\/#primaryimage\"},\"image\":{\"@id\":\"https:\/\/abayanalistas.net\/es\/portfolio\/evaluacion-impacto-analisis-las-acciones-dirigidas-pymes-cofinanciadas-feder-ejecutadas-eoi\/#primaryimage\"},\"thumbnailUrl\":\"http:\/\/abayanalistas.net\/es\/wp-content\/uploads\/FEDER.png\",\"datePublished\":\"2017-05-22T12:43:28+00:00\",\"dateModified\":\"2024-01-10T19:36:17+00:00\",\"description\":\"Evaluaci\u00f3n de impacto y an\u00e1lisis de las acciones dirigidas a pymes cofinanciadas por FEDER y ejecutadas por EOI\",\"breadcrumb\":{\"@id\":\"https:\/\/abayanalistas.net\/es\/portfolio\/evaluacion-impacto-analisis-las-acciones-dirigidas-pymes-cofinanciadas-feder-ejecutadas-eoi\/#breadcrumb\"},\"inLanguage\":\"es\",\"potentialAction\":[{\"@type\":\"ReadAction\",\"target\":[\"https:\/\/abayanalistas.net\/es\/portfolio\/evaluacion-impacto-analisis-las-acciones-dirigidas-pymes-cofinanciadas-feder-ejecutadas-eoi\/\"]}]},{\"@type\":\"ImageObject\",\"inLanguage\":\"es\",\"@id\":\"https:\/\/abayanalistas.net\/es\/portfolio\/evaluacion-impacto-analisis-las-acciones-dirigidas-pymes-cofinanciadas-feder-ejecutadas-eoi\/#primaryimage\",\"url\":\"http:\/\/abayanalistas.net\/es\/wp-content\/uploads\/FEDER.png\",\"contentUrl\":\"http:\/\/abayanalistas.net\/es\/wp-content\/uploads\/FEDER.png\",\"caption\":\"FEDER\"},{\"@type\":\"BreadcrumbList\",\"@id\":\"https:\/\/abayanalistas.net\/es\/portfolio\/evaluacion-impacto-analisis-las-acciones-dirigidas-pymes-cofinanciadas-feder-ejecutadas-eoi\/#breadcrumb\",\"itemListElement\":[{\"@type\":\"ListItem\",\"position\":1,\"name\":\"Portada\",\"item\":\"https:\/\/abayanalistas.net\/es\/\"},{\"@type\":\"ListItem\",\"position\":2,\"name\":\"Portfolio\",\"item\":\"http:\/\/abayanalistas.net\/es\/portfolio\/\"},{\"@type\":\"ListItem\",\"position\":3,\"name\":\"Evaluaci\u00f3n de impacto y an\u00e1lisis de las acciones dirigidas a pymes cofinanciadas por FEDER y ejecutadas por EOI\"}]},{\"@type\":\"WebSite\",\"@id\":\"https:\/\/abayanalistas.net\/es\/#website\",\"url\":\"https:\/\/abayanalistas.net\/es\/\",\"name\":\"Abay Analistas\",\"description\":\"Analistas econ\u00f3micos y sociales\",\"publisher\":{\"@id\":\"https:\/\/abayanalistas.net\/es\/#organization\"},\"potentialAction\":[{\"@type\":\"SearchAction\",\"target\":{\"@type\":\"EntryPoint\",\"urlTemplate\":\"https:\/\/abayanalistas.net\/es\/?s={search_term_string}\"},\"query-input\":{\"@type\":\"PropertyValueSpecification\",\"valueRequired\":true,\"valueName\":\"search_term_string\"}}],\"inLanguage\":\"es\"},{\"@type\":\"Organization\",\"@id\":\"https:\/\/abayanalistas.net\/es\/#organization\",\"name\":\"Abay Analistas\",\"url\":\"https:\/\/abayanalistas.net\/es\/\",\"logo\":{\"@type\":\"ImageObject\",\"inLanguage\":\"es\",\"@id\":\"https:\/\/abayanalistas.net\/es\/#\/schema\/logo\/image\/\",\"url\":\"https:\/\/i0.wp.com\/abayanalistas.net\/es\/wp-content\/uploads\/Logo_Abay_Retina.png?fit=280%2C96&ssl=1\",\"contentUrl\":\"https:\/\/i0.wp.com\/abayanalistas.net\/es\/wp-content\/uploads\/Logo_Abay_Retina.png?fit=280%2C96&ssl=1\",\"width\":280,\"height\":96,\"caption\":\"Abay Analistas\"},\"image\":{\"@id\":\"https:\/\/abayanalistas.net\/es\/#\/schema\/logo\/image\/\"},\"sameAs\":[\"https:\/\/x.com\/abayanalistas\",\"https:\/\/www.linkedin.com\/company\/abay-analistas?trk=biz-companies-cym\"]}]}<\/script>\n<!-- \/ Yoast SEO plugin. -->","yoast_head_json":{"title":"Evaluaci\u00f3n de impacto y an\u00e1lisis de las acciones dirigidas a pymes cofinanciadas por FEDER y ejecutadas por EOI - Abay Analistas","description":"Evaluaci\u00f3n de impacto y an\u00e1lisis de las acciones dirigidas a pymes cofinanciadas por FEDER y ejecutadas por EOI","robots":{"index":"index","follow":"follow","max-snippet":"max-snippet:-1","max-image-preview":"max-image-preview:large","max-video-preview":"max-video-preview:-1"},"canonical":"https:\/\/abayanalistas.net\/es\/portfolio\/evaluacion-impacto-analisis-las-acciones-dirigidas-pymes-cofinanciadas-feder-ejecutadas-eoi\/","og_locale":"es_ES","og_type":"article","og_title":"Evaluaci\u00f3n de impacto y an\u00e1lisis de las acciones dirigidas a pymes cofinanciadas por FEDER y ejecutadas por EOI - Abay Analistas","og_description":"Evaluaci\u00f3n de impacto y an\u00e1lisis de las acciones dirigidas a pymes cofinanciadas por FEDER y ejecutadas por EOI","og_url":"https:\/\/abayanalistas.net\/es\/portfolio\/evaluacion-impacto-analisis-las-acciones-dirigidas-pymes-cofinanciadas-feder-ejecutadas-eoi\/","og_site_name":"Abay Analistas","article_modified_time":"2024-01-10T19:36:17+00:00","og_image":[{"url":"https:\/\/abayanalistas.net\/es\/wp-content\/uploads\/FEDER.png","width":1,"height":1,"type":"image\/png"}],"twitter_card":"summary_large_image","twitter_site":"@abayanalistas","twitter_misc":{"Tiempo de lectura":"1 minuto"},"schema":{"@context":"https:\/\/schema.org","@graph":[{"@type":"WebPage","@id":"https:\/\/abayanalistas.net\/es\/portfolio\/evaluacion-impacto-analisis-las-acciones-dirigidas-pymes-cofinanciadas-feder-ejecutadas-eoi\/","url":"https:\/\/abayanalistas.net\/es\/portfolio\/evaluacion-impacto-analisis-las-acciones-dirigidas-pymes-cofinanciadas-feder-ejecutadas-eoi\/","name":"Evaluaci\u00f3n de impacto y an\u00e1lisis de las acciones dirigidas a pymes cofinanciadas por FEDER y ejecutadas por EOI - Abay Analistas","isPartOf":{"@id":"https:\/\/abayanalistas.net\/es\/#website"},"primaryImageOfPage":{"@id":"https:\/\/abayanalistas.net\/es\/portfolio\/evaluacion-impacto-analisis-las-acciones-dirigidas-pymes-cofinanciadas-feder-ejecutadas-eoi\/#primaryimage"},"image":{"@id":"https:\/\/abayanalistas.net\/es\/portfolio\/evaluacion-impacto-analisis-las-acciones-dirigidas-pymes-cofinanciadas-feder-ejecutadas-eoi\/#primaryimage"},"thumbnailUrl":"http:\/\/abayanalistas.net\/es\/wp-content\/uploads\/FEDER.png","datePublished":"2017-05-22T12:43:28+00:00","dateModified":"2024-01-10T19:36:17+00:00","description":"Evaluaci\u00f3n de impacto y an\u00e1lisis de las acciones dirigidas a pymes cofinanciadas por FEDER y ejecutadas por EOI","breadcrumb":{"@id":"https:\/\/abayanalistas.net\/es\/portfolio\/evaluacion-impacto-analisis-las-acciones-dirigidas-pymes-cofinanciadas-feder-ejecutadas-eoi\/#breadcrumb"},"inLanguage":"es","potentialAction":[{"@type":"ReadAction","target":["https:\/\/abayanalistas.net\/es\/portfolio\/evaluacion-impacto-analisis-las-acciones-dirigidas-pymes-cofinanciadas-feder-ejecutadas-eoi\/"]}]},{"@type":"ImageObject","inLanguage":"es","@id":"https:\/\/abayanalistas.net\/es\/portfolio\/evaluacion-impacto-analisis-las-acciones-dirigidas-pymes-cofinanciadas-feder-ejecutadas-eoi\/#primaryimage","url":"http:\/\/abayanalistas.net\/es\/wp-content\/uploads\/FEDER.png","contentUrl":"http:\/\/abayanalistas.net\/es\/wp-content\/uploads\/FEDER.png","caption":"FEDER"},{"@type":"BreadcrumbList","@id":"https:\/\/abayanalistas.net\/es\/portfolio\/evaluacion-impacto-analisis-las-acciones-dirigidas-pymes-cofinanciadas-feder-ejecutadas-eoi\/#breadcrumb","itemListElement":[{"@type":"ListItem","position":1,"name":"Portada","item":"https:\/\/abayanalistas.net\/es\/"},{"@type":"ListItem","position":2,"name":"Portfolio","item":"http:\/\/abayanalistas.net\/es\/portfolio\/"},{"@type":"ListItem","position":3,"name":"Evaluaci\u00f3n de impacto y an\u00e1lisis de las acciones dirigidas a pymes cofinanciadas por FEDER y ejecutadas por EOI"}]},{"@type":"WebSite","@id":"https:\/\/abayanalistas.net\/es\/#website","url":"https:\/\/abayanalistas.net\/es\/","name":"Abay Analistas","description":"Analistas econ\u00f3micos y sociales","publisher":{"@id":"https:\/\/abayanalistas.net\/es\/#organization"},"potentialAction":[{"@type":"SearchAction","target":{"@type":"EntryPoint","urlTemplate":"https:\/\/abayanalistas.net\/es\/?s={search_term_string}"},"query-input":{"@type":"PropertyValueSpecification","valueRequired":true,"valueName":"search_term_string"}}],"inLanguage":"es"},{"@type":"Organization","@id":"https:\/\/abayanalistas.net\/es\/#organization","name":"Abay Analistas","url":"https:\/\/abayanalistas.net\/es\/","logo":{"@type":"ImageObject","inLanguage":"es","@id":"https:\/\/abayanalistas.net\/es\/#\/schema\/logo\/image\/","url":"https:\/\/i0.wp.com\/abayanalistas.net\/es\/wp-content\/uploads\/Logo_Abay_Retina.png?fit=280%2C96&ssl=1","contentUrl":"https:\/\/i0.wp.com\/abayanalistas.net\/es\/wp-content\/uploads\/Logo_Abay_Retina.png?fit=280%2C96&ssl=1","width":280,"height":96,"caption":"Abay Analistas"},"image":{"@id":"https:\/\/abayanalistas.net\/es\/#\/schema\/logo\/image\/"},"sameAs":["https:\/\/x.com\/abayanalistas","https:\/\/www.linkedin.com\/company\/abay-analistas?trk=biz-companies-cym"]}]}},"_links":{"self":[{"href":"http:\/\/abayanalistas.net\/es\/wp-json\/wp\/v2\/avada_portfolio\/3018"}],"collection":[{"href":"http:\/\/abayanalistas.net\/es\/wp-json\/wp\/v2\/avada_portfolio"}],"about":[{"href":"http:\/\/abayanalistas.net\/es\/wp-json\/wp\/v2\/types\/avada_portfolio"}],"author":[{"embeddable":true,"href":"http:\/\/abayanalistas.net\/es\/wp-json\/wp\/v2\/users\/1"}],"replies":[{"embeddable":true,"href":"http:\/\/abayanalistas.net\/es\/wp-json\/wp\/v2\/comments?post=3018"}],"version-history":[{"count":3,"href":"http:\/\/abayanalistas.net\/es\/wp-json\/wp\/v2\/avada_portfolio\/3018\/revisions"}],"predecessor-version":[{"id":3941,"href":"http:\/\/abayanalistas.net\/es\/wp-json\/wp\/v2\/avada_portfolio\/3018\/revisions\/3941"}],"wp:featuredmedia":[{"embeddable":true,"href":"http:\/\/abayanalistas.net\/es\/wp-json\/wp\/v2\/media\/3019"}],"wp:attachment":[{"href":"http:\/\/abayanalistas.net\/es\/wp-json\/wp\/v2\/media?parent=3018"}],"wp:term":[{"taxonomy":"portfolio_category","embeddable":true,"href":"http:\/\/abayanalistas.net\/es\/wp-json\/wp\/v2\/portfolio_category?post=3018"},{"taxonomy":"portfolio_skills","embeddable":true,"href":"http:\/\/abayanalistas.net\/es\/wp-json\/wp\/v2\/portfolio_skills?post=3018"},{"taxonomy":"portfolio_tags","embeddable":true,"href":"http:\/\/abayanalistas.net\/es\/wp-json\/wp\/v2\/portfolio_tags?post=3018"}],"curies":[{"name":"wp","href":"https:\/\/api.w.org\/{rel}","templated":true}]}}