{"id":2059,"date":"2007-12-04T13:17:22","date_gmt":"2007-12-04T13:17:22","guid":{"rendered":"http:\/\/abayanalistas.net\/es\/?post_type=avada_portfolio&#038;p=2059"},"modified":"2024-01-10T19:52:58","modified_gmt":"2024-01-10T19:52:58","slug":"mapa-de-necesidades-de-cualificacion-en-la-industria-el-turismo-y-el-comercio-catalanes","status":"publish","type":"avada_portfolio","link":"http:\/\/abayanalistas.net\/es\/portfolio\/mapa-de-necesidades-de-cualificacion-en-la-industria-el-turismo-y-el-comercio-catalanes\/","title":{"rendered":"Mapa de necesidades de cualificaci\u00f3n en la Industria, el Turismo y el Comercio Catalanes"},"content":{"rendered":"<div class=\"fusion-fullwidth fullwidth-box fusion-builder-row-1 nonhundred-percent-fullwidth non-hundred-percent-height-scrolling\" style=\"background-color: rgba(255,255,255,0);background-position: left top;background-repeat: no-repeat;padding-top:20px;padding-right:0px;padding-bottom:20px;padding-left:0px;margin-bottom: 0px;margin-top: 0px;border-width: 0px 0px 0px 0px;border-color:#eae9e9;border-style:solid;\" ><div class=\"fusion-builder-row fusion-row\"><div class=\"fusion-layout-column fusion_builder_column fusion-builder-column-0 fusion_builder_column_1_1 1_1 fusion-one-full fusion-column-first fusion-column-last fusion-column-no-min-height\" style=\"margin-top:0px;margin-bottom:0px;\"><div class=\"fusion-column-wrapper fusion-flex-column-wrapper-legacy\" style=\"background-position:left top;background-repeat:no-repeat;-webkit-background-size:cover;-moz-background-size:cover;-o-background-size:cover;background-size:cover;padding: 0px 0px 0px 0px;\"><div class=\"fusion-text fusion-text-1\"><h4 style=\"text-transform: uppercase;\">Mapa de necesidades de cualificaci\u00f3n en la Industria, el Turismo y el Comercio Catalanes<\/h4>\n<\/div><div class=\"fusion-text fusion-text-2\"><p>La <strong>cualificaci\u00f3n de los\/as trabajadores\/as <\/strong>est\u00e1 considerada una de las cinco variables claves en las ganancias de productividad y est\u00e1 relacionada estrechamente con algunas de las otras cuatro (innovaci\u00f3n, iniciativa emprendedora, inversi\u00f3n y competencia). Sin embargo, la <strong>falta de mano de obra cualificada <\/strong>es tambi\u00e9n una de las principales barreras de las empresas europeas, especialmente de las PYME. En el a\u00f1o 2002, las PYME europeas la identificaron como el problema m\u00e1s importante en su desarrollo y en el a\u00f1o 2003 como el segundo.<\/p>\n<p>Abay ha\u00a0realizado, junto con\u00a0EOI\u00a0Escuela de Negocios,\u00a0un detallado an\u00e1lisis sobre las <strong>necesidades de cualificaci\u00f3n de la industria, el turismo y el comercio catalanes<\/strong>. El trabajo, en l\u00ednea con el realizado en el \u00e1mbito nacional para el MITYC tambi\u00e9n por nuestra empresa, ha permitido aportar informaci\u00f3n sobre la envergadura y la ubicaci\u00f3n sectorial y ocupacional de las principales necesidades de cualificaci\u00f3n en Catalu\u00f1a en los tres sectores analizados. En este sentido, sus resultados contribuir\u00e1n a reducir los <em>gaps <\/em>de cualificaci\u00f3n y la escasez de ciertos perfiles ocupacionales.<\/p>\n<p>El \u00e1mbito de la investigaci\u00f3n ha incluido tanto las <strong>vacantes de dif\u00edcil cobertura <\/strong>como las <strong>necesidades internas de cualificaci\u00f3n <\/strong>en las empresas y ofrece resultados para la Industria, el Turismo y el Comercio Catalanes.<\/p>\n<p>El estudio se encuentra publicado en la p\u00e1gina del Servei d&#8217;Ocupaci\u00f3 de Catalunya, en su versi\u00f3n en castellano y su versi\u00f3n en catal\u00e1n.<\/p>\n<div><strong>Cliente<\/strong>: EOI Escuela de Negocios y Servei d&#8217;Ocupaci\u00f3 de Catalunya<\/div>\n<div><strong>A\u00f1o de realizaci\u00f3n<\/strong>: 2008 y 2009<\/div>\n<\/div><div class=\"fusion-sep-clear\"><\/div><div class=\"fusion-separator fusion-full-width-sep\" style=\"margin-left: auto;margin-right: auto;margin-top:20px;width:100%;\"><\/div><div class=\"fusion-sep-clear\"><\/div><div class=\"fusion-clearfix\"><\/div><\/div><\/div><div class=\"fusion-layout-column fusion_builder_column fusion-builder-column-1 fusion_builder_column_1_2 1_2 fusion-one-half fusion-column-first\" style=\"width:48%; margin-right: 4%;margin-top:0px;margin-bottom:20px;\"><div class=\"fusion-column-wrapper fusion-flex-column-wrapper-legacy\" style=\"background-position:left top;background-repeat:no-repeat;-webkit-background-size:cover;-moz-background-size:cover;-o-background-size:cover;background-size:cover;padding: 0px 0px 0px 0px;\"><div class=\"fusion-button-wrapper\"><style type=\"text\/css\">.fusion-button.button-1 {border-radius:0px;}<\/style><a class=\"fusion-button button-flat fusion-button-default-size button-default button-1 fusion-button-default-span fusion-button-default-type\" target=\"_blank\" rel=\"noopener noreferrer\" href=\"https:\/\/abayanalistas.net\/es\/wp-content\/uploads\/informes\/EOI_2010.pdf\"><span class=\"fusion-button-text\">VER INFORME CASTELLANO<\/span><\/a><\/div><div class=\"fusion-clearfix\"><\/div><\/div><\/div><div class=\"fusion-layout-column fusion_builder_column fusion-builder-column-2 fusion_builder_column_1_2 1_2 fusion-one-half fusion-column-last\" style=\"width:48%;margin-top:0px;margin-bottom:20px;\"><div class=\"fusion-column-wrapper fusion-flex-column-wrapper-legacy\" style=\"background-position:left top;background-repeat:no-repeat;-webkit-background-size:cover;-moz-background-size:cover;-o-background-size:cover;background-size:cover;padding: 0px 0px 0px 0px;\"><div class=\"fusion-button-wrapper\"><style type=\"text\/css\">.fusion-button.button-2 {border-radius:0px;}<\/style><a class=\"fusion-button button-flat fusion-button-default-size button-default button-2 fusion-button-default-span fusion-button-default-type\" target=\"_blank\" rel=\"noopener noreferrer\" href=\"https:\/\/abayanalistas.net\/es\/wp-content\/uploads\/informes\/EOI_2009-cat.pdf\"><span class=\"fusion-button-text\">VER INFORME CATAL\u00c1N<\/span><\/a><\/div><div class=\"fusion-clearfix\"><\/div><\/div><\/div><\/div><\/div>\n","protected":false},"excerpt":{"rendered":"<p>La cualificaci\u00f3n de los\/as trabajadores\/as est\u00e1 considerada una de las cinco variables claves en las ganancias de productividad y est\u00e1 relacionada estrechamente con algunas de las otras cuatro (innovaci\u00f3n, iniciativa emprendedora, inversi\u00f3n y competencia).<\/p>\n","protected":false},"author":1,"featured_media":2061,"menu_order":71,"comment_status":"closed","ping_status":"closed","template":"","format":"standard","meta":{"footnotes":""},"portfolio_category":[38],"portfolio_skills":[],"portfolio_tags":[],"yoast_head":"<!-- This site is optimized with the Yoast SEO plugin v24.5 - https:\/\/yoast.com\/wordpress\/plugins\/seo\/ -->\n<title>Mapa de necesidades de cualificaci\u00f3n en la Industria, el Turismo y m\u00e1s<\/title>\n<meta name=\"description\" content=\"Descubre nuestro portfolio sobre el Mapa de necesidades de cualificaci\u00f3n en la Industria, el Turismo y el Comercio Catalanes \u00a1Da clic!\" \/>\n<meta name=\"robots\" content=\"index, follow, max-snippet:-1, max-image-preview:large, max-video-preview:-1\" \/>\n<link rel=\"canonical\" href=\"http:\/\/abayanalistas.net\/es\/portfolio\/mapa-de-necesidades-de-cualificacion-en-la-industria-el-turismo-y-el-comercio-catalanes\/\" \/>\n<meta property=\"og:locale\" content=\"es_ES\" \/>\n<meta property=\"og:type\" content=\"article\" \/>\n<meta property=\"og:title\" content=\"Mapa de necesidades de cualificaci\u00f3n en la Industria, el Turismo y m\u00e1s\" \/>\n<meta property=\"og:description\" content=\"Descubre nuestro portfolio sobre el Mapa de necesidades de cualificaci\u00f3n en la Industria, el Turismo y el Comercio Catalanes \u00a1Da clic!\" \/>\n<meta property=\"og:url\" content=\"http:\/\/abayanalistas.net\/es\/portfolio\/mapa-de-necesidades-de-cualificacion-en-la-industria-el-turismo-y-el-comercio-catalanes\/\" \/>\n<meta property=\"og:site_name\" content=\"Abay Analistas\" \/>\n<meta property=\"article:modified_time\" content=\"2024-01-10T19:52:58+00:00\" \/>\n<meta property=\"og:image\" content=\"http:\/\/abayanalistas.net\/es\/wp-content\/uploads\/EOI_2010-1.jpg\" \/>\n\t<meta property=\"og:image:width\" content=\"900\" \/>\n\t<meta property=\"og:image:height\" content=\"1273\" \/>\n\t<meta property=\"og:image:type\" content=\"image\/jpeg\" \/>\n<meta name=\"twitter:card\" content=\"summary_large_image\" \/>\n<meta name=\"twitter:site\" content=\"@abayanalistas\" \/>\n<meta name=\"twitter:label1\" content=\"Tiempo de lectura\" \/>\n\t<meta name=\"twitter:data1\" content=\"3 minutos\" \/>\n<script type=\"application\/ld+json\" class=\"yoast-schema-graph\">{\"@context\":\"https:\/\/schema.org\",\"@graph\":[{\"@type\":\"WebPage\",\"@id\":\"http:\/\/abayanalistas.net\/es\/portfolio\/mapa-de-necesidades-de-cualificacion-en-la-industria-el-turismo-y-el-comercio-catalanes\/\",\"url\":\"http:\/\/abayanalistas.net\/es\/portfolio\/mapa-de-necesidades-de-cualificacion-en-la-industria-el-turismo-y-el-comercio-catalanes\/\",\"name\":\"Mapa de necesidades de cualificaci\u00f3n en la Industria, el Turismo y m\u00e1s\",\"isPartOf\":{\"@id\":\"https:\/\/abayanalistas.net\/es\/#website\"},\"primaryImageOfPage\":{\"@id\":\"http:\/\/abayanalistas.net\/es\/portfolio\/mapa-de-necesidades-de-cualificacion-en-la-industria-el-turismo-y-el-comercio-catalanes\/#primaryimage\"},\"image\":{\"@id\":\"http:\/\/abayanalistas.net\/es\/portfolio\/mapa-de-necesidades-de-cualificacion-en-la-industria-el-turismo-y-el-comercio-catalanes\/#primaryimage\"},\"thumbnailUrl\":\"http:\/\/abayanalistas.net\/es\/wp-content\/uploads\/EOI_2010-1.jpg\",\"datePublished\":\"2007-12-04T13:17:22+00:00\",\"dateModified\":\"2024-01-10T19:52:58+00:00\",\"description\":\"Descubre nuestro portfolio sobre el Mapa de necesidades de cualificaci\u00f3n en la Industria, el Turismo y el Comercio Catalanes \u00a1Da clic!\",\"breadcrumb\":{\"@id\":\"http:\/\/abayanalistas.net\/es\/portfolio\/mapa-de-necesidades-de-cualificacion-en-la-industria-el-turismo-y-el-comercio-catalanes\/#breadcrumb\"},\"inLanguage\":\"es\",\"potentialAction\":[{\"@type\":\"ReadAction\",\"target\":[\"http:\/\/abayanalistas.net\/es\/portfolio\/mapa-de-necesidades-de-cualificacion-en-la-industria-el-turismo-y-el-comercio-catalanes\/\"]}]},{\"@type\":\"ImageObject\",\"inLanguage\":\"es\",\"@id\":\"http:\/\/abayanalistas.net\/es\/portfolio\/mapa-de-necesidades-de-cualificacion-en-la-industria-el-turismo-y-el-comercio-catalanes\/#primaryimage\",\"url\":\"http:\/\/abayanalistas.net\/es\/wp-content\/uploads\/EOI_2010-1.jpg\",\"contentUrl\":\"http:\/\/abayanalistas.net\/es\/wp-content\/uploads\/EOI_2010-1.jpg\",\"width\":900,\"height\":1273,\"caption\":\"EOI 2010 1\"},{\"@type\":\"BreadcrumbList\",\"@id\":\"http:\/\/abayanalistas.net\/es\/portfolio\/mapa-de-necesidades-de-cualificacion-en-la-industria-el-turismo-y-el-comercio-catalanes\/#breadcrumb\",\"itemListElement\":[{\"@type\":\"ListItem\",\"position\":1,\"name\":\"Portada\",\"item\":\"https:\/\/abayanalistas.net\/es\/\"},{\"@type\":\"ListItem\",\"position\":2,\"name\":\"Portfolio\",\"item\":\"http:\/\/abayanalistas.net\/es\/portfolio\/\"},{\"@type\":\"ListItem\",\"position\":3,\"name\":\"Mapa de necesidades de cualificaci\u00f3n en la Industria, el Turismo y el Comercio Catalanes\"}]},{\"@type\":\"WebSite\",\"@id\":\"https:\/\/abayanalistas.net\/es\/#website\",\"url\":\"https:\/\/abayanalistas.net\/es\/\",\"name\":\"Abay Analistas\",\"description\":\"Analistas econ\u00f3micos y sociales\",\"publisher\":{\"@id\":\"https:\/\/abayanalistas.net\/es\/#organization\"},\"potentialAction\":[{\"@type\":\"SearchAction\",\"target\":{\"@type\":\"EntryPoint\",\"urlTemplate\":\"https:\/\/abayanalistas.net\/es\/?s={search_term_string}\"},\"query-input\":{\"@type\":\"PropertyValueSpecification\",\"valueRequired\":true,\"valueName\":\"search_term_string\"}}],\"inLanguage\":\"es\"},{\"@type\":\"Organization\",\"@id\":\"https:\/\/abayanalistas.net\/es\/#organization\",\"name\":\"Abay Analistas\",\"url\":\"https:\/\/abayanalistas.net\/es\/\",\"logo\":{\"@type\":\"ImageObject\",\"inLanguage\":\"es\",\"@id\":\"https:\/\/abayanalistas.net\/es\/#\/schema\/logo\/image\/\",\"url\":\"https:\/\/i0.wp.com\/abayanalistas.net\/es\/wp-content\/uploads\/Logo_Abay_Retina.png?fit=280%2C96&ssl=1\",\"contentUrl\":\"https:\/\/i0.wp.com\/abayanalistas.net\/es\/wp-content\/uploads\/Logo_Abay_Retina.png?fit=280%2C96&ssl=1\",\"width\":280,\"height\":96,\"caption\":\"Abay Analistas\"},\"image\":{\"@id\":\"https:\/\/abayanalistas.net\/es\/#\/schema\/logo\/image\/\"},\"sameAs\":[\"https:\/\/x.com\/abayanalistas\",\"https:\/\/www.linkedin.com\/company\/abay-analistas?trk=biz-companies-cym\"]}]}<\/script>\n<!-- \/ Yoast SEO plugin. -->","yoast_head_json":{"title":"Mapa de necesidades de cualificaci\u00f3n en la Industria, el Turismo y m\u00e1s","description":"Descubre nuestro portfolio sobre el Mapa de necesidades de cualificaci\u00f3n en la Industria, el Turismo y el Comercio Catalanes \u00a1Da clic!","robots":{"index":"index","follow":"follow","max-snippet":"max-snippet:-1","max-image-preview":"max-image-preview:large","max-video-preview":"max-video-preview:-1"},"canonical":"http:\/\/abayanalistas.net\/es\/portfolio\/mapa-de-necesidades-de-cualificacion-en-la-industria-el-turismo-y-el-comercio-catalanes\/","og_locale":"es_ES","og_type":"article","og_title":"Mapa de necesidades de cualificaci\u00f3n en la Industria, el Turismo y m\u00e1s","og_description":"Descubre nuestro portfolio sobre el Mapa de necesidades de cualificaci\u00f3n en la Industria, el Turismo y el Comercio Catalanes \u00a1Da clic!","og_url":"http:\/\/abayanalistas.net\/es\/portfolio\/mapa-de-necesidades-de-cualificacion-en-la-industria-el-turismo-y-el-comercio-catalanes\/","og_site_name":"Abay Analistas","article_modified_time":"2024-01-10T19:52:58+00:00","og_image":[{"width":900,"height":1273,"url":"http:\/\/abayanalistas.net\/es\/wp-content\/uploads\/EOI_2010-1.jpg","type":"image\/jpeg"}],"twitter_card":"summary_large_image","twitter_site":"@abayanalistas","twitter_misc":{"Tiempo de lectura":"3 minutos"},"schema":{"@context":"https:\/\/schema.org","@graph":[{"@type":"WebPage","@id":"http:\/\/abayanalistas.net\/es\/portfolio\/mapa-de-necesidades-de-cualificacion-en-la-industria-el-turismo-y-el-comercio-catalanes\/","url":"http:\/\/abayanalistas.net\/es\/portfolio\/mapa-de-necesidades-de-cualificacion-en-la-industria-el-turismo-y-el-comercio-catalanes\/","name":"Mapa de necesidades de cualificaci\u00f3n en la Industria, el Turismo y m\u00e1s","isPartOf":{"@id":"https:\/\/abayanalistas.net\/es\/#website"},"primaryImageOfPage":{"@id":"http:\/\/abayanalistas.net\/es\/portfolio\/mapa-de-necesidades-de-cualificacion-en-la-industria-el-turismo-y-el-comercio-catalanes\/#primaryimage"},"image":{"@id":"http:\/\/abayanalistas.net\/es\/portfolio\/mapa-de-necesidades-de-cualificacion-en-la-industria-el-turismo-y-el-comercio-catalanes\/#primaryimage"},"thumbnailUrl":"http:\/\/abayanalistas.net\/es\/wp-content\/uploads\/EOI_2010-1.jpg","datePublished":"2007-12-04T13:17:22+00:00","dateModified":"2024-01-10T19:52:58+00:00","description":"Descubre nuestro portfolio sobre el Mapa de necesidades de cualificaci\u00f3n en la Industria, el Turismo y el Comercio Catalanes \u00a1Da clic!","breadcrumb":{"@id":"http:\/\/abayanalistas.net\/es\/portfolio\/mapa-de-necesidades-de-cualificacion-en-la-industria-el-turismo-y-el-comercio-catalanes\/#breadcrumb"},"inLanguage":"es","potentialAction":[{"@type":"ReadAction","target":["http:\/\/abayanalistas.net\/es\/portfolio\/mapa-de-necesidades-de-cualificacion-en-la-industria-el-turismo-y-el-comercio-catalanes\/"]}]},{"@type":"ImageObject","inLanguage":"es","@id":"http:\/\/abayanalistas.net\/es\/portfolio\/mapa-de-necesidades-de-cualificacion-en-la-industria-el-turismo-y-el-comercio-catalanes\/#primaryimage","url":"http:\/\/abayanalistas.net\/es\/wp-content\/uploads\/EOI_2010-1.jpg","contentUrl":"http:\/\/abayanalistas.net\/es\/wp-content\/uploads\/EOI_2010-1.jpg","width":900,"height":1273,"caption":"EOI 2010 1"},{"@type":"BreadcrumbList","@id":"http:\/\/abayanalistas.net\/es\/portfolio\/mapa-de-necesidades-de-cualificacion-en-la-industria-el-turismo-y-el-comercio-catalanes\/#breadcrumb","itemListElement":[{"@type":"ListItem","position":1,"name":"Portada","item":"https:\/\/abayanalistas.net\/es\/"},{"@type":"ListItem","position":2,"name":"Portfolio","item":"http:\/\/abayanalistas.net\/es\/portfolio\/"},{"@type":"ListItem","position":3,"name":"Mapa de necesidades de cualificaci\u00f3n en la Industria, el Turismo y el Comercio Catalanes"}]},{"@type":"WebSite","@id":"https:\/\/abayanalistas.net\/es\/#website","url":"https:\/\/abayanalistas.net\/es\/","name":"Abay Analistas","description":"Analistas econ\u00f3micos y sociales","publisher":{"@id":"https:\/\/abayanalistas.net\/es\/#organization"},"potentialAction":[{"@type":"SearchAction","target":{"@type":"EntryPoint","urlTemplate":"https:\/\/abayanalistas.net\/es\/?s={search_term_string}"},"query-input":{"@type":"PropertyValueSpecification","valueRequired":true,"valueName":"search_term_string"}}],"inLanguage":"es"},{"@type":"Organization","@id":"https:\/\/abayanalistas.net\/es\/#organization","name":"Abay Analistas","url":"https:\/\/abayanalistas.net\/es\/","logo":{"@type":"ImageObject","inLanguage":"es","@id":"https:\/\/abayanalistas.net\/es\/#\/schema\/logo\/image\/","url":"https:\/\/i0.wp.com\/abayanalistas.net\/es\/wp-content\/uploads\/Logo_Abay_Retina.png?fit=280%2C96&ssl=1","contentUrl":"https:\/\/i0.wp.com\/abayanalistas.net\/es\/wp-content\/uploads\/Logo_Abay_Retina.png?fit=280%2C96&ssl=1","width":280,"height":96,"caption":"Abay Analistas"},"image":{"@id":"https:\/\/abayanalistas.net\/es\/#\/schema\/logo\/image\/"},"sameAs":["https:\/\/x.com\/abayanalistas","https:\/\/www.linkedin.com\/company\/abay-analistas?trk=biz-companies-cym"]}]}},"_links":{"self":[{"href":"http:\/\/abayanalistas.net\/es\/wp-json\/wp\/v2\/avada_portfolio\/2059"}],"collection":[{"href":"http:\/\/abayanalistas.net\/es\/wp-json\/wp\/v2\/avada_portfolio"}],"about":[{"href":"http:\/\/abayanalistas.net\/es\/wp-json\/wp\/v2\/types\/avada_portfolio"}],"author":[{"embeddable":true,"href":"http:\/\/abayanalistas.net\/es\/wp-json\/wp\/v2\/users\/1"}],"replies":[{"embeddable":true,"href":"http:\/\/abayanalistas.net\/es\/wp-json\/wp\/v2\/comments?post=2059"}],"version-history":[{"count":9,"href":"http:\/\/abayanalistas.net\/es\/wp-json\/wp\/v2\/avada_portfolio\/2059\/revisions"}],"predecessor-version":[{"id":3957,"href":"http:\/\/abayanalistas.net\/es\/wp-json\/wp\/v2\/avada_portfolio\/2059\/revisions\/3957"}],"wp:featuredmedia":[{"embeddable":true,"href":"http:\/\/abayanalistas.net\/es\/wp-json\/wp\/v2\/media\/2061"}],"wp:attachment":[{"href":"http:\/\/abayanalistas.net\/es\/wp-json\/wp\/v2\/media?parent=2059"}],"wp:term":[{"taxonomy":"portfolio_category","embeddable":true,"href":"http:\/\/abayanalistas.net\/es\/wp-json\/wp\/v2\/portfolio_category?post=2059"},{"taxonomy":"portfolio_skills","embeddable":true,"href":"http:\/\/abayanalistas.net\/es\/wp-json\/wp\/v2\/portfolio_skills?post=2059"},{"taxonomy":"portfolio_tags","embeddable":true,"href":"http:\/\/abayanalistas.net\/es\/wp-json\/wp\/v2\/portfolio_tags?post=2059"}],"curies":[{"name":"wp","href":"https:\/\/api.w.org\/{rel}","templated":true}]}}